{"id":8877968,"date":"2026-04-30T15:36:31","date_gmt":"2026-04-30T15:36:31","guid":{"rendered":"https:\/\/villa-albertine.org\/va\/?post_type=app_professional&#038;p=8877968"},"modified":"2026-04-30T21:29:49","modified_gmt":"2026-04-30T21:29:49","slug":"albertine-cinematheque-festival-grants-2026-2027","status":"publish","type":"app_professional","link":"https:\/\/villa-albertine.org\/va\/professionals\/albertine-cinematheque-festival-grants-2026-2027\/","title":{"rendered":"Albertine Cin\u00e9math\u00e8que 2026- 2027 Festival Grantees"},"content":{"rendered":"\n<h4 class=\"wp-block-heading\"><strong>Bring French Cinema to Your Campus with Albertine Cin\u00e9math\u00e8que!<\/strong><\/h4>\n\n\n\n<p>Albertine Cin\u00e9math\u00e8que is designed to expand access to French cinema and support film programming at American colleges and universities.&nbsp;<\/p>\n\n\n\n<p>It provides&nbsp;<strong>grants for on-campus French film festivals<\/strong>&nbsp;to its members, along with&nbsp;<strong>extensive resources<\/strong>&nbsp;to enrich their events, including:&nbsp;<br>\u2014 A curated list of films selected by its programming committee&nbsp;<br>\u2014 Opportunities to bring filmmakers in conversation with students&nbsp;&nbsp;<\/p>\n\n\n\n<p><strong>Faculty from American universities and colleges can&nbsp;<a href=\"https:\/\/docs.google.com\/forms\/d\/e\/1FAIpQLScJJcGLKjW_PehTggiuG11ao-Nml4u2n4sXs-lat-3iyWdfsQ\/viewform?usp=sf_link\" target=\"_blank\" rel=\"noreferrer noopener\">become members<\/a> of Albertine Cin\u00e9math\u00e8que&nbsp;for free!<\/strong><\/p>\n\n\n\n<p><\/p>\n\n\n\n<h3 class=\"wp-block-heading\">Our 2026 \u2013 2027 Grantees<\/h3>\n\n\n\n<p><strong>We are delighted to announce the 2026-2027 Albertine Cin\u00e9math\u00e8que grantees, who will organize French film festivals on their campuses as part of our long-standing program with US colleges and universities.<\/strong>&nbsp;&nbsp;<\/p>\n\n\n\n<p>This year, our selection committee has recognized&nbsp;<strong>55 French film festivals<\/strong>&nbsp;from a highly competitive pool of applicants. These festivals stood out for their strong curatorial and artistic vision, thoughtful integration into academic curricula, and potential for significant impact within their institutions.<\/p>\n\n\n\n<p>From Puerto Rico to Hawai&#8217;i, Albertine Cin\u00e9math\u00e8que French Film Festivals will bring a bold and diverse selection of films to college students.<\/p>\n\n\n\n<p><strong>See the full list of grantees below<\/strong>.<br><\/p>\n\n\n<div class=\"accordion-member section__accordion js-accordion-member\">\n\t\t\t\t\t\t<div class=\"accordion__section\">\n\t\t\t\t<div class=\"accordion__head\">\n\t\t\t\t\t<a href=\"#\" aria-label=\"Toggle accordion\">\n\t\t\t\t\t\t<span>Atlanta Area<\/span>\n\n\t\t\t\t\t\t<div class=\"ico\"><\/div><!-- \/.ico -->\n\t\t\t\t\t<\/a>\n\t\t\t\t<\/div><!-- \/.accordion__head -->\n\n\t\t\t\t<div class=\"accordion__body richtext-entry\">\n\t\t\t\t\t<p><strong>Georgia (GA)<\/strong><\/p>\n<ul>\n<li>Georgia Southern University<\/li>\n<li>University of West Georgia<\/li>\n<li>Kennesaw State University Research and Service Foundation<\/li>\n<li>Georgia State University<\/li>\n<li>Emory University<\/li>\n<\/ul>\n<p><strong>Alabama (AL)<\/strong><\/p>\n<ul>\n<li>University of South Alabama<\/li>\n<\/ul>\n<p><strong>North Carolina (NC)<\/strong><\/p>\n<ul>\n<li>University of North Carolina at Chapel Hill<\/li>\n<\/ul>\n<p><strong>Tennessee (TN)<\/strong><\/p>\n<ul>\n<li>Middle Tennessee State University<\/li>\n<li>Rhodes College<\/li>\n<\/ul>\n<p><strong>South Carolina (SC)<\/strong><\/p>\n<ul>\n<li>Wofford College<\/li>\n<\/ul>\n\t\t\t\t<\/div><!-- \/.accordion__body richtext-entry -->\n\t\t\t<\/div><!-- \/.accordion__section -->\n\t\t\t\t\t<div class=\"accordion__section\">\n\t\t\t\t<div class=\"accordion__head\">\n\t\t\t\t\t<a href=\"#\" aria-label=\"Toggle accordion\">\n\t\t\t\t\t\t<span>Boston Area<\/span>\n\n\t\t\t\t\t\t<div class=\"ico\"><\/div><!-- \/.ico -->\n\t\t\t\t\t<\/a>\n\t\t\t\t<\/div><!-- \/.accordion__head -->\n\n\t\t\t\t<div class=\"accordion__body richtext-entry\">\n\t\t\t\t\t<p><strong>Vermont (VT)<\/strong><\/p>\n<ul>\n<li>Bennington College<\/li>\n<li>Middlebury College<\/li>\n<\/ul>\n\t\t\t\t<\/div><!-- \/.accordion__body richtext-entry -->\n\t\t\t<\/div><!-- \/.accordion__section -->\n\t\t\t\t\t<div class=\"accordion__section\">\n\t\t\t\t<div class=\"accordion__head\">\n\t\t\t\t\t<a href=\"#\" aria-label=\"Toggle accordion\">\n\t\t\t\t\t\t<span>Chicago Area<\/span>\n\n\t\t\t\t\t\t<div class=\"ico\"><\/div><!-- \/.ico -->\n\t\t\t\t\t<\/a>\n\t\t\t\t<\/div><!-- \/.accordion__head -->\n\n\t\t\t\t<div class=\"accordion__body richtext-entry\">\n\t\t\t\t\t<p><strong>Ohio (OH)<\/strong><\/p>\n<ul>\n<li>Kent State University<\/li>\n<\/ul>\n<p><strong>Kentucky (KY)<\/strong><\/p>\n<ul>\n<li>Northern Kentucky University<\/li>\n<\/ul>\n<p><strong>Indiana (IN)<\/strong><\/p>\n<ul>\n<li>Purdue University<\/li>\n<li>University of Southern Indiana<\/li>\n<li>University of Notre Dame<\/li>\n<\/ul>\n<p><strong>Wisconsin (WI)<\/strong><\/p>\n<ul>\n<li>University of Wisconsin &#8211; Milwaukee<\/li>\n<li>University of Wisconsin-Green Bay<\/li>\n<\/ul>\n<p><strong>Iowa (IA)<\/strong><\/p>\n<ul>\n<li>University of Northern Iowa \/ Dept. of Languages &amp; Literatures<\/li>\n<\/ul>\n<p><strong>Missouri (MO)<\/strong><\/p>\n<ul>\n<li>Washington University in St. Louis<\/li>\n<\/ul>\n<p><strong>Michigan (MI)<\/strong><\/p>\n<ul>\n<li>Calvin University<\/li>\n<\/ul>\n<p><strong>Minnesota (MN)<\/strong><\/p>\n<ul>\n<li>College of Saint Benedict and Saint John&#8217;s University<\/li>\n<\/ul>\n\t\t\t\t<\/div><!-- \/.accordion__body richtext-entry -->\n\t\t\t<\/div><!-- \/.accordion__section -->\n\t\t\t\t\t<div class=\"accordion__section\">\n\t\t\t\t<div class=\"accordion__head\">\n\t\t\t\t\t<a href=\"#\" aria-label=\"Toggle accordion\">\n\t\t\t\t\t\t<span>Washington, D.C. Area<\/span>\n\n\t\t\t\t\t\t<div class=\"ico\"><\/div><!-- \/.ico -->\n\t\t\t\t\t<\/a>\n\t\t\t\t<\/div><!-- \/.accordion__head -->\n\n\t\t\t\t<div class=\"accordion__body richtext-entry\">\n\t\t\t\t\t<p><strong>Pennsylvania (PA)<\/strong><\/p>\n<ul>\n<li>Lafayette College<\/li>\n<li>Drexel University<\/li>\n<li>Bucknell University<\/li>\n<\/ul>\n<p><strong>Virginia (VA)<\/strong><\/p>\n<ul>\n<li>Christopher Newport University<\/li>\n<\/ul>\n\t\t\t\t<\/div><!-- \/.accordion__body richtext-entry -->\n\t\t\t<\/div><!-- \/.accordion__section -->\n\t\t\t\t\t<div class=\"accordion__section\">\n\t\t\t\t<div class=\"accordion__head\">\n\t\t\t\t\t<a href=\"#\" aria-label=\"Toggle accordion\">\n\t\t\t\t\t\t<span>Houston Area<\/span>\n\n\t\t\t\t\t\t<div class=\"ico\"><\/div><!-- \/.ico -->\n\t\t\t\t\t<\/a>\n\t\t\t\t<\/div><!-- \/.accordion__head -->\n\n\t\t\t\t<div class=\"accordion__body richtext-entry\">\n\t\t\t\t\t<p><strong>Texas (TX)<\/strong><\/p>\n<ul>\n<li>The University of Texas at Arlington<\/li>\n<li>University of Texas at Austin<\/li>\n<\/ul>\n<p><strong>Arkansas (AR)<\/strong><\/p>\n<ul>\n<li>University of Central Arkansas<\/li>\n<\/ul>\n\t\t\t\t<\/div><!-- \/.accordion__body richtext-entry -->\n\t\t\t<\/div><!-- \/.accordion__section -->\n\t\t\t\t\t<div class=\"accordion__section\">\n\t\t\t\t<div class=\"accordion__head\">\n\t\t\t\t\t<a href=\"#\" aria-label=\"Toggle accordion\">\n\t\t\t\t\t\t<span>Los Angeles<\/span>\n\n\t\t\t\t\t\t<div class=\"ico\"><\/div><!-- \/.ico -->\n\t\t\t\t\t<\/a>\n\t\t\t\t<\/div><!-- \/.accordion__head -->\n\n\t\t\t\t<div class=\"accordion__body richtext-entry\">\n\t\t\t\t\t<p><strong>New Mexico (NM)<\/strong><\/p>\n<ul>\n<li>Central New Mexico Community College<\/li>\n<\/ul>\n<p><strong>Colorado (CO)<\/strong><\/p>\n<ul>\n<li>University of Colorado Boulder<\/li>\n<\/ul>\n<p><strong>California (CA)<\/strong><\/p>\n<ul>\n<li>San Diego State University<\/li>\n<\/ul>\n\t\t\t\t<\/div><!-- \/.accordion__body richtext-entry -->\n\t\t\t<\/div><!-- \/.accordion__section -->\n\t\t\t\t\t<div class=\"accordion__section\">\n\t\t\t\t<div class=\"accordion__head\">\n\t\t\t\t\t<a href=\"#\" aria-label=\"Toggle accordion\">\n\t\t\t\t\t\t<span>Miami Area<\/span>\n\n\t\t\t\t\t\t<div class=\"ico\"><\/div><!-- \/.ico -->\n\t\t\t\t\t<\/a>\n\t\t\t\t<\/div><!-- \/.accordion__head -->\n\n\t\t\t\t<div class=\"accordion__body richtext-entry\">\n\t\t\t\t\t<p><strong>Florida (FL)<\/strong><\/p>\n<ul>\n<li>Barry University<\/li>\n<li>University of Central Florida<\/li>\n<li>University of Tampa<\/li>\n<li>University of Florida<\/li>\n<\/ul>\n<p><strong>Puerto Rico (PR)<\/strong><\/p>\n<ul>\n<li>University of Puerto Rico at Mayag\u00fcez<\/li>\n<\/ul>\n\t\t\t\t<\/div><!-- \/.accordion__body richtext-entry -->\n\t\t\t<\/div><!-- \/.accordion__section -->\n\t\t\t\t\t<div class=\"accordion__section\">\n\t\t\t\t<div class=\"accordion__head\">\n\t\t\t\t\t<a href=\"#\" aria-label=\"Toggle accordion\">\n\t\t\t\t\t\t<span>New Orleans<\/span>\n\n\t\t\t\t\t\t<div class=\"ico\"><\/div><!-- \/.ico -->\n\t\t\t\t\t<\/a>\n\t\t\t\t<\/div><!-- \/.accordion__head -->\n\n\t\t\t\t<div class=\"accordion__body richtext-entry\">\n\t\t\t\t\t<p><strong>Louisiana (LA)<\/strong><\/p>\n<ul>\n<li>Loyola University New Orleans<\/li>\n<\/ul>\n\t\t\t\t<\/div><!-- \/.accordion__body richtext-entry -->\n\t\t\t<\/div><!-- \/.accordion__section -->\n\t\t\t\t\t<div class=\"accordion__section\">\n\t\t\t\t<div class=\"accordion__head\">\n\t\t\t\t\t<a href=\"#\" aria-label=\"Toggle accordion\">\n\t\t\t\t\t\t<span>New York Area<\/span>\n\n\t\t\t\t\t\t<div class=\"ico\"><\/div><!-- \/.ico -->\n\t\t\t\t\t<\/a>\n\t\t\t\t<\/div><!-- \/.accordion__head -->\n\n\t\t\t\t<div class=\"accordion__body richtext-entry\">\n\t\t\t\t\t<p><strong>New Jersey (NJ)<\/strong><\/p>\n<ul>\n<li>Princeton University<\/li>\n<\/ul>\n<p><strong>New York (NY)<\/strong><\/p>\n<ul>\n<li>Maison Fran\u00e7aise of Columbia University<\/li>\n<li>NYU \/ La Maison fran\u00e7aise<\/li>\n<li>Fordham University<\/li>\n<li>Skidmore College<\/li>\n<li>Bard College<\/li>\n<li>University at Albany SUNY<\/li>\n<li>Hamilton College<\/li>\n<\/ul>\n<p><strong>Connecticut (CT)<\/strong><\/p>\n<ul>\n<li>Connecticut College<\/li>\n<li>Yale University<\/li>\n<li>Southern Connecticut State University<\/li>\n<\/ul>\n<p>&nbsp;<\/p>\n\t\t\t\t<\/div><!-- \/.accordion__body richtext-entry -->\n\t\t\t<\/div><!-- \/.accordion__section -->\n\t\t\t\t\t<div class=\"accordion__section\">\n\t\t\t\t<div class=\"accordion__head\">\n\t\t\t\t\t<a href=\"#\" aria-label=\"Toggle accordion\">\n\t\t\t\t\t\t<span>San Francisco Area<\/span>\n\n\t\t\t\t\t\t<div class=\"ico\"><\/div><!-- \/.ico -->\n\t\t\t\t\t<\/a>\n\t\t\t\t<\/div><!-- \/.accordion__head -->\n\n\t\t\t\t<div class=\"accordion__body richtext-entry\">\n\t\t\t\t\t<p><strong>Montana (MT)<\/strong><\/p>\n<ul>\n<li>Carroll College<\/li>\n<\/ul>\n<p><strong>Hawa\u00ef (HI)<\/strong><\/p>\n<ul>\n<li>Hawaii Pacific University<\/li>\n<\/ul>\n<p><strong>Utah (UT)<\/strong><\/p>\n<ul>\n<li>Utah State University<\/li>\n<\/ul>\n<p><strong>Idaho (ID)<\/strong><\/p>\n<ul>\n<li>Boise State University<\/li>\n<\/ul>\n<p><strong>Washington (WA)<\/strong><\/p>\n<ul>\n<li>University of Washington Seattle<\/li>\n<\/ul>\n\t\t\t\t<\/div><!-- \/.accordion__body richtext-entry -->\n\t\t\t<\/div><!-- \/.accordion__section -->\n\t\t\t<\/div><!-- \/.accordion-member section__accordion js-accordion-member -->\n\n\n\n<p><\/p>\n\n\n\n<p><strong>Congratulations to our grantees and thank you to everyone who applied<\/strong>!<\/p>\n\n\n\n<p>A special thanks to our dedicated university committee members:&nbsp;<br>Anne Kern (SUNY Purchase College), Sam Di Iorio (CUNY Hunter College), and David Gerstner (CUNY College of Staten Island)<\/p>\n\n\n\n<p><strong>The next call for applications<\/strong>&nbsp;for the 2026\u20132027 academic year will open this fall. We strongly encourage all members to (re)apply, and we look forward to continuing to support your inspiring film festivals.<\/p>\n\n\n\n<p><\/p>\n\n\n\n<h3 class=\"wp-block-heading\">Film Selection 2026-2027<\/h3>\n\n\n\n<p>Albertine Cin\u00e9math\u00e8que is thrilled to announce its&nbsp;<strong><a href=\"https:\/\/albertinefoundation.org\/french-for-all\/albertine-cinematheque\/film-selection-2026\/\" target=\"_blank\" rel=\"noreferrer noopener\">film selection<\/a><\/strong>&nbsp;for 2026 -2027,&nbsp;showcasing the best of French Cinema in the United States!<\/p>\n\n\n\n<p>The\u00a0<strong><a href=\"https:\/\/albertinefoundation.org\/french-for-all\/albertine-cinematheque\/film-selection-2026\/\" target=\"_blank\" rel=\"noreferrer noopener\">film selection<\/a><\/strong>\u00a0is composed of four distinctive parts:<\/p>\n\n\n\n<p><strong>\u2014 Contemporary Films<\/strong><br><strong>\u2014 Young French Cinema (in collaboration with UNIFRANCE)<br>\u2014 Alternative List<br>\u2014 Classic Films<\/strong><\/p>\n\n\n\n<p>Albertine Cin\u00e9math\u00e8que provides US universities\/colleges with a great selection of 28 contemporary films and 6 classic films for French film festivals on US campuses.&nbsp;<\/p>\n\n\n\n<p>For the first time this year, we are delighted to include in the Albertine Cinematheque Film Selection, 6 films from the\u00a0<a href=\"https:\/\/nam11.safelinks.protection.outlook.com\/?url=https%3A%2F%2Fvilla-albertine.org%2Fva%2Fprofessionals%2Fyoung-french-cinema-2026%2F&amp;data=05%7C02%7Cfilmevents%40villa-albertine.org%7C176cf59659114eb33e9c08dea6312e62%7C2d6ab33a15c04d1eb0363b23ceb26830%7C0%7C0%7C639130927385342223%7CUnknown%7CTWFpbGZsb3d8eyJFbXB0eU1hcGkiOnRydWUsIlYiOiIwLjAuMDAwMCIsIlAiOiJXaW4zMiIsIkFOIjoiTWFpbCIsIldUIjoyfQ%3D%3D%7C0%7C%7C%7C&amp;sdata=JxX0acg1Pph6jpHZ%2FHD87Xve%2Fw%2BW7%2Blg%2F32pWKvRbA8%3D&amp;reserved=0\" target=\"_blank\" rel=\"noreferrer noopener\">Young French Cinema<\/a>\u00a0program dedicated to emerging talents,\u00a0in collaboration with <strong>Unifrance.<\/strong><\/p>\n\n\n\n<p>This year&#8217;s selection assembles a broad spectrum of contemporary and classic French cinema,\u00a0highlighting both bold artistic voices and pressing social perspectives. From Carine Tardieu\u2019s delicate portrait of human connection in\u00a0<em><a href=\"https:\/\/albertinefoundation.org\/the-ties-that-bind-us\/\">The Ties That Bind Us<\/a><\/em>\u00a0(C\u00e9sar Award for Best Film 2026) and Boris Lojkine\u2019s powerful\u00a0<em><a href=\"https:\/\/albertinefoundation.org\/souleymanes-story\/\">Souleymane\u2019s Story<\/a><\/em>, to the timely works of Jafar Panahi\u00a0and Villa Albertine resident Sepideh Farsi,\u00a0<em><a href=\"https:\/\/albertinefoundation.org\/it-was-just-an-accident\/\">It\u00a0Was Just an Accident<\/a><\/em>\u00a0(Palme d\u2019Or, Cannes Film Festival\u00a02026) and\u00a0<em><a href=\"https:\/\/albertinefoundation.org\/put-your-hand-on-your-soul-and-walk\/\">Put Your Soul on Your Hand and Walk<\/a>,\u00a0<\/em>the program reflects cinema\u2019s ability to illuminate both intimate lives and broader realities.<\/p>\n\n\n\n<p>The lineup also celebrates the medium itself: from its very origins in&nbsp;<a href=\"https:\/\/albertinefoundation.org\/lumiere-le-cinema-2\/\"><em>Lumi\u00e8re! Le cin\u00e9ma<\/em>&nbsp;<\/a>by Thierry Fr\u00e9maux&nbsp;to its modern reimagining in&nbsp;<em><a href=\"https:\/\/albertinefoundation.org\/nouvelle-vague\/\">Nouvelle Vague<\/a><\/em>&nbsp;by Richard Linklater, accompanied by the landmark film that inspired it,&nbsp;<em><a href=\"https:\/\/albertinefoundation.org\/breathless\/\">Breathless<\/a><\/em>&nbsp;by Jean-Luc Godard. The evolution of cinematic language continues through animation with Oscar-nominated works such as&nbsp;<em><a href=\"https:\/\/albertinefoundation.org\/arco\/\">Arco<\/a><\/em>&nbsp;by Ugo Bienvenu&nbsp;and&nbsp;<em><a href=\"https:\/\/albertinefoundation.org\/little-amelie-or-the-character-of-rain\/\">Little Am\u00e9lie or the Character of the Rain<\/a><\/em>&nbsp;by Ma\u00eflys Vallade&nbsp;and Liane-Cho Han.<\/p>\n\n\n\n<p>Bringing together established masters like Fran\u00e7ois Ozon&nbsp;with&nbsp;<em><a href=\"https:\/\/albertinefoundation.org\/the-stranger\/\">The Stranger<\/a><\/em>&nbsp;and emerging filmmakers such as Hafsia Herzi&nbsp;with&nbsp;<em><a href=\"https:\/\/albertinefoundation.org\/little-sister\/\">The Little Sister<\/a><\/em>, this program offers a rich panorama of forms and narratives, demonstrating the vitality, diversity, and enduring influence of French filmmaking today.<\/p>\n\n\n\n<p>A special thank you to our dedicated Film Selection Jury members:<br>Florence Almozini (Senior Programming Director at Film at Lincoln Center), Delphine Selles Alvarez (Independent Film Curator),\u00a0Farima Kone Kito (Founder of Petite Monsieur Agency), and\u00a0Harris Dew (Senior VP &amp; General Manager of IFC Center).<\/p>\n\n\n\n<h3 class=\"wp-block-heading\">Partners &amp; Sponsors<\/h3>\n\n\n\n<p>Albertine Cin\u00e9math\u00e8que is part of the&nbsp;<a href=\"https:\/\/albertinefoundation.org\/french-for-all\/\">French for All<\/a>&nbsp;initiative by Villa Albertine and Albertine Foundation.&nbsp;<\/p>\n\n\n\n<p>Albertine Cin\u00e9math\u00e8que is made possible by: <br><strong>Centre National du Cinema et de l\u2019Image Anim\u00e9e (CNC)<\/strong><br><strong>UNIFRANCE<\/strong><\/p>\n\n\n\n<p><\/p>\n\n\n\n<h3 class=\"wp-block-heading\">Contact<\/h3>\n\n\n\n<p><strong>Sandrine Neveux |&nbsp;<\/strong>Program Officer<br><a href=\"mailto:sandrine.neveux@villa-albertine.org\"><strong>sandrine.neveux@villa-albertine.org<\/strong><\/a><\/p>\n","protected":false},"featured_media":8881390,"menu_order":0,"template":"","app_discipline":[219],"app_city_tax":[235],"app_professional_category":[253],"app_professional_content_type":[257,254],"class_list":["post-8877968","app_professional","type-app_professional","status-publish","has-post-thumbnail","hentry","app_discipline-cinema","app_city_tax-all-cities","app_professional_category-film-tv","app_professional_content_type-grants_programs","app_professional_content_type-news"],"acf":[],"yoast_head":"<!-- This site is optimized with the Yoast SEO plugin v27.3 - https:\/\/yoast.com\/product\/yoast-seo-wordpress\/ -->\n<title>Albertine Cin\u00e9math\u00e8que 2026- 2027 Festival Grantees - Villa Albertine<\/title>\n<meta name=\"robots\" content=\"index, follow, max-snippet:-1, max-image-preview:large, max-video-preview:-1\" \/>\n<link rel=\"canonical\" href=\"https:\/\/villa-albertine.org\/va\/professionals\/albertine-cinematheque-festival-grants-2026-2027\/\" \/>\n<meta property=\"og:locale\" content=\"en_US\" \/>\n<meta property=\"og:type\" content=\"article\" \/>\n<meta property=\"og:title\" content=\"Albertine Cin\u00e9math\u00e8que 2026- 2027 Festival Grantees - Villa Albertine\" \/>\n<meta property=\"og:description\" content=\"Bring French Cinema to Your Campus with Albertine Cin\u00e9math\u00e8que! Albertine Cin\u00e9math\u00e8que is designed to expand access to French cinema and support film programming at American colleges and universities.&nbsp; It provides&nbsp;grants for on-campus French film festivals&nbsp;to its members, along with&nbsp;extensive resources&nbsp;to enrich their events, including:&nbsp;\u2014 A curated list of films selected by its programming committee&nbsp;\u2014 Opportunities...\" \/>\n<meta property=\"og:url\" content=\"https:\/\/villa-albertine.org\/va\/professionals\/albertine-cinematheque-festival-grants-2026-2027\/\" \/>\n<meta property=\"og:site_name\" content=\"Villa Albertine\" \/>\n<meta property=\"article:modified_time\" content=\"2026-04-30T21:29:49+00:00\" \/>\n<meta property=\"og:image\" content=\"https:\/\/villa-albertine.org\/wp-content\/uploads\/2026\/04\/telechargement-scaled.jpg\" \/>\n\t<meta property=\"og:image:width\" content=\"2560\" \/>\n\t<meta property=\"og:image:height\" content=\"1440\" \/>\n\t<meta property=\"og:image:type\" content=\"image\/jpeg\" \/>\n<meta name=\"twitter:card\" content=\"summary_large_image\" \/>\n<meta name=\"twitter:label1\" content=\"Est. reading time\" \/>\n\t<meta name=\"twitter:data1\" content=\"4 minutes\" \/>\n<script type=\"application\/ld+json\" class=\"yoast-schema-graph\">{\"@context\":\"https:\\\/\\\/schema.org\",\"@graph\":[{\"@type\":\"WebPage\",\"@id\":\"https:\\\/\\\/villa-albertine.org\\\/va\\\/professionals\\\/albertine-cinematheque-festival-grants-2026-2027\\\/\",\"url\":\"https:\\\/\\\/villa-albertine.org\\\/va\\\/professionals\\\/albertine-cinematheque-festival-grants-2026-2027\\\/\",\"name\":\"Albertine Cin\u00e9math\u00e8que 2026- 2027 Festival Grantees - Villa Albertine\",\"isPartOf\":{\"@id\":\"https:\\\/\\\/villa-albertine.org\\\/va\\\/#website\"},\"primaryImageOfPage\":{\"@id\":\"https:\\\/\\\/villa-albertine.org\\\/va\\\/professionals\\\/albertine-cinematheque-festival-grants-2026-2027\\\/#primaryimage\"},\"image\":{\"@id\":\"https:\\\/\\\/villa-albertine.org\\\/va\\\/professionals\\\/albertine-cinematheque-festival-grants-2026-2027\\\/#primaryimage\"},\"thumbnailUrl\":\"https:\\\/\\\/villa-albertine.org\\\/wp-content\\\/uploads\\\/2026\\\/04\\\/telechargement-scaled.jpg\",\"datePublished\":\"2026-04-30T15:36:31+00:00\",\"dateModified\":\"2026-04-30T21:29:49+00:00\",\"breadcrumb\":{\"@id\":\"https:\\\/\\\/villa-albertine.org\\\/va\\\/professionals\\\/albertine-cinematheque-festival-grants-2026-2027\\\/#breadcrumb\"},\"inLanguage\":\"en-US\",\"potentialAction\":[{\"@type\":\"ReadAction\",\"target\":[\"https:\\\/\\\/villa-albertine.org\\\/va\\\/professionals\\\/albertine-cinematheque-festival-grants-2026-2027\\\/\"]}]},{\"@type\":\"ImageObject\",\"inLanguage\":\"en-US\",\"@id\":\"https:\\\/\\\/villa-albertine.org\\\/va\\\/professionals\\\/albertine-cinematheque-festival-grants-2026-2027\\\/#primaryimage\",\"url\":\"https:\\\/\\\/villa-albertine.org\\\/wp-content\\\/uploads\\\/2026\\\/04\\\/telechargement-scaled.jpg\",\"contentUrl\":\"https:\\\/\\\/villa-albertine.org\\\/wp-content\\\/uploads\\\/2026\\\/04\\\/telechargement-scaled.jpg\",\"width\":2560,\"height\":1440,\"caption\":\"It was just an accident by Jafar Panahi (2025)\"},{\"@type\":\"BreadcrumbList\",\"@id\":\"https:\\\/\\\/villa-albertine.org\\\/va\\\/professionals\\\/albertine-cinematheque-festival-grants-2026-2027\\\/#breadcrumb\",\"itemListElement\":[{\"@type\":\"ListItem\",\"position\":1,\"name\":\"Home\",\"item\":\"https:\\\/\\\/villa-albertine.org\\\/va\\\/\"},{\"@type\":\"ListItem\",\"position\":2,\"name\":\"Albertine Cin\u00e9math\u00e8que 2026- 2027 Festival Grantees\"}]},{\"@type\":\"WebSite\",\"@id\":\"https:\\\/\\\/villa-albertine.org\\\/va\\\/#website\",\"url\":\"https:\\\/\\\/villa-albertine.org\\\/va\\\/\",\"name\":\"Villa Albertine\",\"description\":\"\",\"potentialAction\":[{\"@type\":\"SearchAction\",\"target\":{\"@type\":\"EntryPoint\",\"urlTemplate\":\"https:\\\/\\\/villa-albertine.org\\\/va\\\/?s={search_term_string}\"},\"query-input\":{\"@type\":\"PropertyValueSpecification\",\"valueRequired\":true,\"valueName\":\"search_term_string\"}}],\"inLanguage\":\"en-US\"}]}<\/script>\n<!-- \/ Yoast SEO plugin. -->","yoast_head_json":{"title":"Albertine Cin\u00e9math\u00e8que 2026- 2027 Festival Grantees - Villa Albertine","robots":{"index":"index","follow":"follow","max-snippet":"max-snippet:-1","max-image-preview":"max-image-preview:large","max-video-preview":"max-video-preview:-1"},"canonical":"https:\/\/villa-albertine.org\/va\/professionals\/albertine-cinematheque-festival-grants-2026-2027\/","og_locale":"en_US","og_type":"article","og_title":"Albertine Cin\u00e9math\u00e8que 2026- 2027 Festival Grantees - Villa Albertine","og_description":"Bring French Cinema to Your Campus with Albertine Cin\u00e9math\u00e8que! Albertine Cin\u00e9math\u00e8que is designed to expand access to French cinema and support film programming at American colleges and universities.&nbsp; It provides&nbsp;grants for on-campus French film festivals&nbsp;to its members, along with&nbsp;extensive resources&nbsp;to enrich their events, including:&nbsp;\u2014 A curated list of films selected by its programming committee&nbsp;\u2014 Opportunities...","og_url":"https:\/\/villa-albertine.org\/va\/professionals\/albertine-cinematheque-festival-grants-2026-2027\/","og_site_name":"Villa Albertine","article_modified_time":"2026-04-30T21:29:49+00:00","og_image":[{"width":2560,"height":1440,"url":"https:\/\/villa-albertine.org\/wp-content\/uploads\/2026\/04\/telechargement-scaled.jpg","type":"image\/jpeg"}],"twitter_card":"summary_large_image","twitter_misc":{"Est. reading time":"4 minutes"},"schema":{"@context":"https:\/\/schema.org","@graph":[{"@type":"WebPage","@id":"https:\/\/villa-albertine.org\/va\/professionals\/albertine-cinematheque-festival-grants-2026-2027\/","url":"https:\/\/villa-albertine.org\/va\/professionals\/albertine-cinematheque-festival-grants-2026-2027\/","name":"Albertine Cin\u00e9math\u00e8que 2026- 2027 Festival Grantees - Villa Albertine","isPartOf":{"@id":"https:\/\/villa-albertine.org\/va\/#website"},"primaryImageOfPage":{"@id":"https:\/\/villa-albertine.org\/va\/professionals\/albertine-cinematheque-festival-grants-2026-2027\/#primaryimage"},"image":{"@id":"https:\/\/villa-albertine.org\/va\/professionals\/albertine-cinematheque-festival-grants-2026-2027\/#primaryimage"},"thumbnailUrl":"https:\/\/villa-albertine.org\/wp-content\/uploads\/2026\/04\/telechargement-scaled.jpg","datePublished":"2026-04-30T15:36:31+00:00","dateModified":"2026-04-30T21:29:49+00:00","breadcrumb":{"@id":"https:\/\/villa-albertine.org\/va\/professionals\/albertine-cinematheque-festival-grants-2026-2027\/#breadcrumb"},"inLanguage":"en-US","potentialAction":[{"@type":"ReadAction","target":["https:\/\/villa-albertine.org\/va\/professionals\/albertine-cinematheque-festival-grants-2026-2027\/"]}]},{"@type":"ImageObject","inLanguage":"en-US","@id":"https:\/\/villa-albertine.org\/va\/professionals\/albertine-cinematheque-festival-grants-2026-2027\/#primaryimage","url":"https:\/\/villa-albertine.org\/wp-content\/uploads\/2026\/04\/telechargement-scaled.jpg","contentUrl":"https:\/\/villa-albertine.org\/wp-content\/uploads\/2026\/04\/telechargement-scaled.jpg","width":2560,"height":1440,"caption":"It was just an accident by Jafar Panahi (2025)"},{"@type":"BreadcrumbList","@id":"https:\/\/villa-albertine.org\/va\/professionals\/albertine-cinematheque-festival-grants-2026-2027\/#breadcrumb","itemListElement":[{"@type":"ListItem","position":1,"name":"Home","item":"https:\/\/villa-albertine.org\/va\/"},{"@type":"ListItem","position":2,"name":"Albertine Cin\u00e9math\u00e8que 2026- 2027 Festival Grantees"}]},{"@type":"WebSite","@id":"https:\/\/villa-albertine.org\/va\/#website","url":"https:\/\/villa-albertine.org\/va\/","name":"Villa Albertine","description":"","potentialAction":[{"@type":"SearchAction","target":{"@type":"EntryPoint","urlTemplate":"https:\/\/villa-albertine.org\/va\/?s={search_term_string}"},"query-input":{"@type":"PropertyValueSpecification","valueRequired":true,"valueName":"search_term_string"}}],"inLanguage":"en-US"}]}},"_links":{"self":[{"href":"https:\/\/villa-albertine.org\/va\/wp-json\/wp\/v2\/app_professional\/8877968","targetHints":{"allow":["GET"]}}],"collection":[{"href":"https:\/\/villa-albertine.org\/va\/wp-json\/wp\/v2\/app_professional"}],"about":[{"href":"https:\/\/villa-albertine.org\/va\/wp-json\/wp\/v2\/types\/app_professional"}],"wp:featuredmedia":[{"embeddable":true,"href":"https:\/\/villa-albertine.org\/va\/wp-json\/wp\/v2\/media\/8881390"}],"wp:attachment":[{"href":"https:\/\/villa-albertine.org\/va\/wp-json\/wp\/v2\/media?parent=8877968"}],"wp:term":[{"taxonomy":"app_discipline","embeddable":true,"href":"https:\/\/villa-albertine.org\/va\/wp-json\/wp\/v2\/app_discipline?post=8877968"},{"taxonomy":"app_city_tax","embeddable":true,"href":"https:\/\/villa-albertine.org\/va\/wp-json\/wp\/v2\/app_city_tax?post=8877968"},{"taxonomy":"app_professional_category","embeddable":true,"href":"https:\/\/villa-albertine.org\/va\/wp-json\/wp\/v2\/app_professional_category?post=8877968"},{"taxonomy":"app_professional_content_type","embeddable":true,"href":"https:\/\/villa-albertine.org\/va\/wp-json\/wp\/v2\/app_professional_content_type?post=8877968"}],"curies":[{"name":"wp","href":"https:\/\/api.w.org\/{rel}","templated":true}]}}