{"id":7598835,"date":"2026-01-09T22:01:12","date_gmt":"2026-01-09T22:01:12","guid":{"rendered":"https:\/\/villa-albertine.org\/va\/?post_type=app_professional&#038;p=7598835"},"modified":"2026-04-29T15:54:10","modified_gmt":"2026-04-29T15:54:10","slug":"presenting-the-2026-museums-next-generation-french-laureates","status":"publish","type":"app_professional","link":"https:\/\/villa-albertine.org\/va\/professionals\/presenting-the-2026-museums-next-generation-french-laureates\/","title":{"rendered":"Presenting the 2026 Museums Next Generation French Laureates"},"content":{"rendered":"\n<p>Launched in 2023, Museums Next Generation is a professional immersion and acceleration program designed to foster dialogue and collaboration between French and American curators. Each year, the program offers French participants a two-week immersive experience in the United States, while American curators take part in a two- week exchange in France, meeting with leading museum professionals in each country. &nbsp;<\/p>\n\n\n\n<p>For the 2026 edition, the selection jury convened on December 18. Representing six cities across France, the cohort brings together a wide range of expertise, spanning antiquity to contemporary art.<\/p>\n\n\n\n<p>The selected participants will travel to the United States from March 29 to April 11, with visits planned in New York, Williamstown, Detroit, and Chicago. Over the course of the program, they will take part in field visits to some of the country\u2019s most dynamic and innovative institutions, engage with museum leaders, and gain insight into the challenges and specificities of the American museum landscape. The journey will also include networking opportunities with U.S. professionals, fostering long-term international collaboration.<\/p>\n\n\n\n<p>The selection jury included <strong>Olivia Bourrat,<\/strong> Director of Museums and Cultural Heritage at Villa Albertine; <strong>Fran\u00e7ois Bridey<\/strong>, Curator at the Louvre Museum, Department of Near Eastern Antiquities;&nbsp; <strong>\u00c9milie Girard<\/strong>, Director of the Strasbourg Museums and President of ICOM France; <strong>Olivier Meslay<\/strong>, Director of the Clark Art Institute, Williamstown, MA; <strong>Charles Personnaz<\/strong>, Director of the National Heritage Institute; and <strong>Emilie Vanhesbrook<\/strong>, Executive Director of FRAME France.<\/p>\n\n\n\n<p><em>Museums Next Generation is organized in partnership with Albertine Foundation.<\/em><\/p>\n\n\n\n<p>Look back at the 2025 cohort\u2019s journey <a href=\"https:\/\/villa-albertine.org\/va\/professionals\/the-2025-museums-next-generation-french-laureates\/\">here,<\/a> and learn more about the 2026 Museums Next Generation laureates below.<\/p>\n\n\n\n<p><\/p>\n\n\n\n<h4 class=\"wp-block-heading\"><strong>The 2026 French Cohort<\/strong><\/h4>\n\n\n\n<figure class=\"wp-block-image size-full\">\n\t<img loading=\"lazy\" decoding=\"async\" width=\"1100\" height=\"817\" src=\"https:\/\/villa-albertine.org\/wp-content\/uploads\/2026\/01\/MNG-UPDATED-imAGE.png\" class=\"attachment-full size-full\" alt=\"\" srcset=\"https:\/\/villa-albertine.org\/wp-content\/uploads\/2026\/01\/MNG-UPDATED-imAGE.png 1100w, https:\/\/villa-albertine.org\/wp-content\/uploads\/2026\/01\/MNG-UPDATED-imAGE-300x223.png 300w, https:\/\/villa-albertine.org\/wp-content\/uploads\/2026\/01\/MNG-UPDATED-imAGE-1024x761.png 1024w, https:\/\/villa-albertine.org\/wp-content\/uploads\/2026\/01\/MNG-UPDATED-imAGE-768x570.png 768w\" sizes=\"auto, (max-width: 1100px) 100vw, 1100px\" \/>\n\t\t\t<figcaption>\n\t\t\t<p>Left to Right: Val\u00e9rie Carpentier, Romy Wyche, Nicolas Hatot, Andr\u00e9a Pares, Florent Molle, Aby Gaye-Duparc, and Claire Leboss\u00e9<\/p>\n\t\t<\/figcaption>\n\t<\/figure>\n\n\n\n<p><strong>Val\u00e9rie Carpentier, Curator of French and European 17th-Century Sculpture, Department of Sculptures, Mus\u00e9e du Louvre, Paris<\/strong><\/p>\n\n\n\n<p>Val\u00e9rie Carpentier-Vanhaverbeke is an archivist-paleographer and holds a doctorate from the \u00c9cole Pratique des Hautes \u00c9tudes. As Curator of Heritage, she has been responsible for French and European 17th-century sculpture in the Department of Sculptures at the Louvre Museum since 2015. Previously, she served as a curator at the Ch\u00e2teau de Fontainebleau.<\/p>\n\n\n\n<p><strong>Aby Gaye-Duparc, Curator at the Fondation Cartier pour l\u2019art contemporain, Paris<\/strong><\/p>\n\n\n\n<p>Aby Gaye-Duparc is a curator at the Fondation Cartier pour l\u2019art contemporain, where she is organizing Ibrahim Mahama\u2019s first exhibition in Paris (2026), following her work on the retrospective of textile artist Olga de Amaral (2024\u20132025). A PhD candidate in Art History at the \u00c9cole des Hautes \u00c9tudes en Sciences Sociales (EHESS), her research focuses on women artists in Senegal between the 1960s and 1990s, in the context of the establishment of a national art scene post-independence and the emergence of feminist and Pan-African movements.<\/p>\n\n\n\n<p><strong>Nicolas Hatot, Curator of Medieval and Renaissance Collections, Mus\u00e9e des Antiquit\u00e9s, Rouen<\/strong><\/p>\n\n\n\n<p>A graduate of Paris-Sorbonne University and INP, Nicolas Hatot is Curator of Heritage in charge of Medieval and Renaissance collections at the Mus\u00e9e des Antiquit\u00e9s de Rouen. A specialist in medieval art objects, he has published extensively on goldsmithing, enamels, glass, and ivory. In 2016, he received the ICMA Student Essay Award (New York) for his research on the Carolingian crystal of the Baptism of Christ, held in Rouen. He also teaches Medieval and Byzantine Art History at the \u00c9cole du Louvre. He has curated exhibitions such as <em>Tr\u00e9sors enlumin\u00e9s de Normandie<\/em> (in partnership with INHA and IRHT), <em>Savants et Croyants. <\/em><em>Les Juifs d\u2019Europe du Nord au Moyen \u00c2ge<\/em> (in partnership with EPHE), and <em>Normands. <\/em><em>Migrants. Conqu\u00e9rants. Innovateurs<\/em> (in partnership with the Reiss-Engelhorn-Museen, Mannheim).<\/p>\n\n\n\n<p><strong>Claire Leboss\u00e9, Director-Curator, Mus\u00e9e des Beaux-Arts de Caen, and Deputy Director of the Ch\u00e2teau site<\/strong><\/p>\n\n\n\n<p>Claire Leboss\u00e9 has been Director-Curator of the Mus\u00e9e des Beaux-Arts de Caen and Deputy Director of the Ch\u00e2teau site since November 2025. Previously, she was curator responsible for the modern art collections at the Mus\u00e9e d\u2019arts de Nantes since 2011. Over fourteen years, she played a key role in redefining the museum during its extension and renovation, developed an ambitious acquisition policy, particularly focusing on women artists associated with Surrealism, and designed and coordinated large-scale exhibitions combining scientific rigor with audience engagement.<\/p>\n\n\n\n<p><strong>Florent Molle, Chief Curator of Heritage and Director of the Mus\u00e9e de la Coutellerie, Thiers<\/strong><\/p>\n\n\n\n<p>Florent Molle is Chief Curator of Heritage and Director of the Mus\u00e9e de la Coutellerie in Thiers (Puy-de-D\u00f4me). Trained as an anthropologist, he previously worked at the Mucem (Museum of European and Mediterranean Civilizations) and the Museum of Modern and Contemporary Art of Saint-\u00c9tienne M\u00e9tropole. In 2023, he defended a thesis on community participation and the universalism of museums. Since 2025, he has been a member of the board of the Federation of Ecomuseums and Social Museums (FEMS).<\/p>\n\n\n\n<p><strong>Andr\u00e9a Pares, Director-Curator, Mus\u00e9um d\u2019Histoire Naturelle du Var, Toulon<\/strong><\/p>\n\n\n\n<p>Andr\u00e9a Pares is currently Director of the Mus\u00e9um d\u2019Histoire Naturelle du Var, in Toulon, where she oversees the renovation and expansion of the visitor route as well as the collections project. With a PhD in Archaeology and Environment from Paris 1 \/ MNHN, she specialized in the conservation of scientific heritage through INP (Sarah Bernhardt cohort). Committed to advancing conservation of natural science objects, research, and heritage, she coordinates the ICOM NATHIST network and participates in research programs led by MNHN.<\/p>\n\n\n\n<p><strong>Romy Wyche, Director, Mus\u00e9e d\u00e9partemental Arles Antique<\/strong><\/p>\n\n\n\n<p>Romy Wyche is an art historian and archaeologist specializing in Roman Antiquity. After a career as a researcher in international academic institutions, she now directs the Mus\u00e9e d\u00e9partemental Arles Antique. Her work lies at the intersection of research, museums, and knowledge transmission.<\/p>\n","protected":false},"featured_media":7653722,"menu_order":0,"template":"","app_discipline":[236],"app_city_tax":[235,221,214,223,222,220,216,224,217,225,226],"app_professional_category":[256],"app_professional_content_type":[254],"class_list":["post-7598835","app_professional","type-app_professional","status-publish","has-post-thumbnail","hentry","app_discipline-museums","app_city_tax-all-cities","app_city_tax-atl","app_city_tax-bos","app_city_tax-chi","app_city_tax-hou","app_city_tax-la","app_city_tax-mia","app_city_tax-nola","app_city_tax-nyc","app_city_tax-sf","app_city_tax-dc","app_professional_category-museums-heritage","app_professional_content_type-news"],"acf":[],"yoast_head":"<!-- This site is optimized with the Yoast SEO plugin v27.3 - https:\/\/yoast.com\/product\/yoast-seo-wordpress\/ -->\n<title>Presenting the 2026 Museums Next Generation French Laureates - Villa Albertine<\/title>\n<meta name=\"robots\" content=\"index, follow, max-snippet:-1, max-image-preview:large, max-video-preview:-1\" \/>\n<link rel=\"canonical\" href=\"https:\/\/villa-albertine.org\/va\/professionals\/presenting-the-2026-museums-next-generation-french-laureates\/\" \/>\n<meta property=\"og:locale\" content=\"en_US\" \/>\n<meta property=\"og:type\" content=\"article\" \/>\n<meta property=\"og:title\" content=\"Presenting the 2026 Museums Next Generation French Laureates - Villa Albertine\" \/>\n<meta property=\"og:description\" content=\"Launched in 2023, Museums Next Generation is a professional immersion and acceleration program designed to foster dialogue and collaboration between French and American curators. Each year, the program offers French participants a two-week immersive experience in the United States, while American curators take part in a two- week exchange in France, meeting with leading museum...\" \/>\n<meta property=\"og:url\" content=\"https:\/\/villa-albertine.org\/va\/professionals\/presenting-the-2026-museums-next-generation-french-laureates\/\" \/>\n<meta property=\"og:site_name\" content=\"Villa Albertine\" \/>\n<meta property=\"article:modified_time\" content=\"2026-04-29T15:54:10+00:00\" \/>\n<meta property=\"og:image\" content=\"https:\/\/villa-albertine.org\/wp-content\/uploads\/2026\/01\/Teemu008-WikiCommons-1.jpg\" \/>\n\t<meta property=\"og:image:width\" content=\"912\" \/>\n\t<meta property=\"og:image:height\" content=\"458\" \/>\n\t<meta property=\"og:image:type\" content=\"image\/jpeg\" \/>\n<meta name=\"twitter:card\" content=\"summary_large_image\" \/>\n<meta name=\"twitter:label1\" content=\"Est. reading time\" \/>\n\t<meta name=\"twitter:data1\" content=\"5 minutes\" \/>\n<script type=\"application\/ld+json\" class=\"yoast-schema-graph\">{\"@context\":\"https:\\\/\\\/schema.org\",\"@graph\":[{\"@type\":\"WebPage\",\"@id\":\"https:\\\/\\\/villa-albertine.org\\\/va\\\/professionals\\\/presenting-the-2026-museums-next-generation-french-laureates\\\/\",\"url\":\"https:\\\/\\\/villa-albertine.org\\\/va\\\/professionals\\\/presenting-the-2026-museums-next-generation-french-laureates\\\/\",\"name\":\"Presenting the 2026 Museums Next Generation French Laureates - Villa Albertine\",\"isPartOf\":{\"@id\":\"https:\\\/\\\/villa-albertine.org\\\/va\\\/#website\"},\"primaryImageOfPage\":{\"@id\":\"https:\\\/\\\/villa-albertine.org\\\/va\\\/professionals\\\/presenting-the-2026-museums-next-generation-french-laureates\\\/#primaryimage\"},\"image\":{\"@id\":\"https:\\\/\\\/villa-albertine.org\\\/va\\\/professionals\\\/presenting-the-2026-museums-next-generation-french-laureates\\\/#primaryimage\"},\"thumbnailUrl\":\"https:\\\/\\\/villa-albertine.org\\\/wp-content\\\/uploads\\\/2026\\\/01\\\/Teemu008-WikiCommons-1.jpg\",\"datePublished\":\"2026-01-09T22:01:12+00:00\",\"dateModified\":\"2026-04-29T15:54:10+00:00\",\"breadcrumb\":{\"@id\":\"https:\\\/\\\/villa-albertine.org\\\/va\\\/professionals\\\/presenting-the-2026-museums-next-generation-french-laureates\\\/#breadcrumb\"},\"inLanguage\":\"en-US\",\"potentialAction\":[{\"@type\":\"ReadAction\",\"target\":[\"https:\\\/\\\/villa-albertine.org\\\/va\\\/professionals\\\/presenting-the-2026-museums-next-generation-french-laureates\\\/\"]}]},{\"@type\":\"ImageObject\",\"inLanguage\":\"en-US\",\"@id\":\"https:\\\/\\\/villa-albertine.org\\\/va\\\/professionals\\\/presenting-the-2026-museums-next-generation-french-laureates\\\/#primaryimage\",\"url\":\"https:\\\/\\\/villa-albertine.org\\\/wp-content\\\/uploads\\\/2026\\\/01\\\/Teemu008-WikiCommons-1.jpg\",\"contentUrl\":\"https:\\\/\\\/villa-albertine.org\\\/wp-content\\\/uploads\\\/2026\\\/01\\\/Teemu008-WikiCommons-1.jpg\",\"width\":912,\"height\":458},{\"@type\":\"BreadcrumbList\",\"@id\":\"https:\\\/\\\/villa-albertine.org\\\/va\\\/professionals\\\/presenting-the-2026-museums-next-generation-french-laureates\\\/#breadcrumb\",\"itemListElement\":[{\"@type\":\"ListItem\",\"position\":1,\"name\":\"Home\",\"item\":\"https:\\\/\\\/villa-albertine.org\\\/va\\\/\"},{\"@type\":\"ListItem\",\"position\":2,\"name\":\"Presenting the 2026 Museums Next Generation French Laureates\"}]},{\"@type\":\"WebSite\",\"@id\":\"https:\\\/\\\/villa-albertine.org\\\/va\\\/#website\",\"url\":\"https:\\\/\\\/villa-albertine.org\\\/va\\\/\",\"name\":\"Villa Albertine\",\"description\":\"\",\"potentialAction\":[{\"@type\":\"SearchAction\",\"target\":{\"@type\":\"EntryPoint\",\"urlTemplate\":\"https:\\\/\\\/villa-albertine.org\\\/va\\\/?s={search_term_string}\"},\"query-input\":{\"@type\":\"PropertyValueSpecification\",\"valueRequired\":true,\"valueName\":\"search_term_string\"}}],\"inLanguage\":\"en-US\"}]}<\/script>\n<!-- \/ Yoast SEO plugin. -->","yoast_head_json":{"title":"Presenting the 2026 Museums Next Generation French Laureates - Villa Albertine","robots":{"index":"index","follow":"follow","max-snippet":"max-snippet:-1","max-image-preview":"max-image-preview:large","max-video-preview":"max-video-preview:-1"},"canonical":"https:\/\/villa-albertine.org\/va\/professionals\/presenting-the-2026-museums-next-generation-french-laureates\/","og_locale":"en_US","og_type":"article","og_title":"Presenting the 2026 Museums Next Generation French Laureates - Villa Albertine","og_description":"Launched in 2023, Museums Next Generation is a professional immersion and acceleration program designed to foster dialogue and collaboration between French and American curators. Each year, the program offers French participants a two-week immersive experience in the United States, while American curators take part in a two- week exchange in France, meeting with leading museum...","og_url":"https:\/\/villa-albertine.org\/va\/professionals\/presenting-the-2026-museums-next-generation-french-laureates\/","og_site_name":"Villa Albertine","article_modified_time":"2026-04-29T15:54:10+00:00","og_image":[{"width":912,"height":458,"url":"https:\/\/villa-albertine.org\/wp-content\/uploads\/2026\/01\/Teemu008-WikiCommons-1.jpg","type":"image\/jpeg"}],"twitter_card":"summary_large_image","twitter_misc":{"Est. reading time":"5 minutes"},"schema":{"@context":"https:\/\/schema.org","@graph":[{"@type":"WebPage","@id":"https:\/\/villa-albertine.org\/va\/professionals\/presenting-the-2026-museums-next-generation-french-laureates\/","url":"https:\/\/villa-albertine.org\/va\/professionals\/presenting-the-2026-museums-next-generation-french-laureates\/","name":"Presenting the 2026 Museums Next Generation French Laureates - Villa Albertine","isPartOf":{"@id":"https:\/\/villa-albertine.org\/va\/#website"},"primaryImageOfPage":{"@id":"https:\/\/villa-albertine.org\/va\/professionals\/presenting-the-2026-museums-next-generation-french-laureates\/#primaryimage"},"image":{"@id":"https:\/\/villa-albertine.org\/va\/professionals\/presenting-the-2026-museums-next-generation-french-laureates\/#primaryimage"},"thumbnailUrl":"https:\/\/villa-albertine.org\/wp-content\/uploads\/2026\/01\/Teemu008-WikiCommons-1.jpg","datePublished":"2026-01-09T22:01:12+00:00","dateModified":"2026-04-29T15:54:10+00:00","breadcrumb":{"@id":"https:\/\/villa-albertine.org\/va\/professionals\/presenting-the-2026-museums-next-generation-french-laureates\/#breadcrumb"},"inLanguage":"en-US","potentialAction":[{"@type":"ReadAction","target":["https:\/\/villa-albertine.org\/va\/professionals\/presenting-the-2026-museums-next-generation-french-laureates\/"]}]},{"@type":"ImageObject","inLanguage":"en-US","@id":"https:\/\/villa-albertine.org\/va\/professionals\/presenting-the-2026-museums-next-generation-french-laureates\/#primaryimage","url":"https:\/\/villa-albertine.org\/wp-content\/uploads\/2026\/01\/Teemu008-WikiCommons-1.jpg","contentUrl":"https:\/\/villa-albertine.org\/wp-content\/uploads\/2026\/01\/Teemu008-WikiCommons-1.jpg","width":912,"height":458},{"@type":"BreadcrumbList","@id":"https:\/\/villa-albertine.org\/va\/professionals\/presenting-the-2026-museums-next-generation-french-laureates\/#breadcrumb","itemListElement":[{"@type":"ListItem","position":1,"name":"Home","item":"https:\/\/villa-albertine.org\/va\/"},{"@type":"ListItem","position":2,"name":"Presenting the 2026 Museums Next Generation French Laureates"}]},{"@type":"WebSite","@id":"https:\/\/villa-albertine.org\/va\/#website","url":"https:\/\/villa-albertine.org\/va\/","name":"Villa Albertine","description":"","potentialAction":[{"@type":"SearchAction","target":{"@type":"EntryPoint","urlTemplate":"https:\/\/villa-albertine.org\/va\/?s={search_term_string}"},"query-input":{"@type":"PropertyValueSpecification","valueRequired":true,"valueName":"search_term_string"}}],"inLanguage":"en-US"}]}},"_links":{"self":[{"href":"https:\/\/villa-albertine.org\/va\/wp-json\/wp\/v2\/app_professional\/7598835","targetHints":{"allow":["GET"]}}],"collection":[{"href":"https:\/\/villa-albertine.org\/va\/wp-json\/wp\/v2\/app_professional"}],"about":[{"href":"https:\/\/villa-albertine.org\/va\/wp-json\/wp\/v2\/types\/app_professional"}],"wp:featuredmedia":[{"embeddable":true,"href":"https:\/\/villa-albertine.org\/va\/wp-json\/wp\/v2\/media\/7653722"}],"wp:attachment":[{"href":"https:\/\/villa-albertine.org\/va\/wp-json\/wp\/v2\/media?parent=7598835"}],"wp:term":[{"taxonomy":"app_discipline","embeddable":true,"href":"https:\/\/villa-albertine.org\/va\/wp-json\/wp\/v2\/app_discipline?post=7598835"},{"taxonomy":"app_city_tax","embeddable":true,"href":"https:\/\/villa-albertine.org\/va\/wp-json\/wp\/v2\/app_city_tax?post=7598835"},{"taxonomy":"app_professional_category","embeddable":true,"href":"https:\/\/villa-albertine.org\/va\/wp-json\/wp\/v2\/app_professional_category?post=7598835"},{"taxonomy":"app_professional_content_type","embeddable":true,"href":"https:\/\/villa-albertine.org\/va\/wp-json\/wp\/v2\/app_professional_content_type?post=7598835"}],"curies":[{"name":"wp","href":"https:\/\/api.w.org\/{rel}","templated":true}]}}