{"id":7168093,"date":"2025-12-15T17:55:51","date_gmt":"2025-12-15T17:55:51","guid":{"rendered":"https:\/\/villa-albertine.org\/va\/?post_type=app_professional&#038;p=7168093"},"modified":"2025-12-15T18:02:03","modified_gmt":"2025-12-15T18:02:03","slug":"a-journey-through-french-museums-highlights-from-the-fall-2025-museums-next-generation-program-for-american-curators","status":"publish","type":"app_professional","link":"https:\/\/villa-albertine.org\/va\/professionals\/a-journey-through-french-museums-highlights-from-the-fall-2025-museums-next-generation-program-for-american-curators\/","title":{"rendered":"A Journey Through French Museums: Highlights from the Fall 2025 Museums Next Generation Program for American Curators"},"content":{"rendered":"\n<p>The program was designed to accelerate professional development for museum leaders and strengthen collaboration between French and American curators.<\/p>\n\n\n\n<p>Launched in 2023, Villa Albertine\u2019s <a href=\"https:\/\/villa-albertine.org\/va\/professionals\/call-for-applications-museums-next-generation-2025-us-candidates\/\"><strong>Museums Next Generation<\/strong><\/a> is an exchange and immersion program for French and American curators.&nbsp;&nbsp;<\/p>\n\n\n\n<p>For its third edition, seven curators explored leading cultural institutions in Paris, Marseilles, and Aix-en-Provence (in the context of \u201cAnn\u00e9e C\u00e9zanne&#8221;), engaging in rich conversations with their French counterparts. These exchanges offered the cohort a unique 360-degree perspective on how French institutions operate, innovate, and connect with their audiences.<\/p>\n\n\n\n<p>The insights gathered during Museums Next Generation highlight both similarities and cultural contrasts between French and American museum models. All the discussions led to meaningful transatlantic dialogues and discussions on collaborative innovation in shaping the museums of tomorrow.<\/p>\n\n\n\n<p>Take a look at key highlights from this year\u2019s Museums Next Generation program below!<\/p>\n\n\n\n<p><strong>Overview<\/strong><\/p>\n\n\n\n<p>After landing, the group enjoyed their <strong>first visits to the Mus\u00e9e des Arts D\u00e9coratifs and the Mus\u00e9e Rodin in Paris<\/strong>.<\/p>\n\n\n\n<p>At the Mus\u00e9e des Arts D\u00e9coratifs, the cohort took part in an engaging conversation with the Director focused on leadership, the articulation of an institutional vision, and the dynamics of guiding teams toward new directions. The visit also included a rare behind-the-scenes look at the museum\u2019s advanced fashion conservation studios, followed by a tour of its outstanding Art Deco exhibition marking the centennial of the movement.<\/p>\n\n\n\n<p>The day continued at the Mus\u00e9e Rodin, where the team shared a transparent overview of their fundraising strategy, their approach to venue rentals, and several new initiatives designed for children and families.<\/p>\n\n\n\n<p>Altogether, it was a highly inspiring first day, offering the cohort valuable insights into institutional strategy, innovation, and museum practice.<\/p>\n\n\n\n<figure class=\"wp-block-image size-full is-resized\"><img loading=\"lazy\" decoding=\"async\" width=\"738\" height=\"554\" src=\"https:\/\/villa-albertine.org\/wp-content\/uploads\/2025\/12\/image-3.png\" alt=\"\" class=\"wp-image-7168347\" style=\"width:483px;height:auto\" srcset=\"https:\/\/villa-albertine.org\/wp-content\/uploads\/2025\/12\/image-3.png 738w, https:\/\/villa-albertine.org\/wp-content\/uploads\/2025\/12\/image-3-300x225.png 300w\" sizes=\"auto, (max-width: 738px) 100vw, 738px\" \/><\/figure>\n\n\n\n<p><em>Visiting the exhibition on Art Deco at MAD Paris \u00a9OliviaBourrat<\/em><\/p>\n\n\n\n<p>An inspiring <strong>second day of exchanges<\/strong> and discoveries for our delegation of American curators in Paris.<\/p>\n\n\n\n<p>From illuminating conversations at the <strong>Louvre with Laurence des Cars and Olivier Gabet<\/strong>\u2014and the rare privilege of visiting the galleries on a closing day\u2014to in-depth discussions at the Institut national du patrimoine and the <strong>Fondation Cartier with Chris Dercon, Juliette Lecorne, and B\u00e9atrice Grenier<\/strong>, the day offered powerful reflections on museum strategy, professional training, and curatorial identity.<\/p>\n\n\n\n<figure class=\"wp-block-gallery has-nested-images columns-default is-cropped wp-block-gallery-1 is-layout-flex wp-block-gallery-is-layout-flex\">\n<figure class=\"wp-block-image size-full\"><img loading=\"lazy\" decoding=\"async\" width=\"398\" height=\"398\" data-id=\"7168421\" src=\"https:\/\/villa-albertine.org\/wp-content\/uploads\/2025\/12\/image-4.png\" alt=\"\" class=\"wp-image-7168421\" srcset=\"https:\/\/villa-albertine.org\/wp-content\/uploads\/2025\/12\/image-4.png 398w, https:\/\/villa-albertine.org\/wp-content\/uploads\/2025\/12\/image-4-300x300.png 300w, https:\/\/villa-albertine.org\/wp-content\/uploads\/2025\/12\/image-4-150x150.png 150w\" sizes=\"auto, (max-width: 398px) 100vw, 398px\" \/><\/figure>\n\n\n\n<figure class=\"wp-block-image size-full\"><img loading=\"lazy\" decoding=\"async\" width=\"818\" height=\"614\" data-id=\"7168488\" src=\"https:\/\/villa-albertine.org\/wp-content\/uploads\/2025\/12\/Picture-2-expo.jpg\" alt=\"\" class=\"wp-image-7168488\" srcset=\"https:\/\/villa-albertine.org\/wp-content\/uploads\/2025\/12\/Picture-2-expo.jpg 818w, https:\/\/villa-albertine.org\/wp-content\/uploads\/2025\/12\/Picture-2-expo-300x225.jpg 300w, https:\/\/villa-albertine.org\/wp-content\/uploads\/2025\/12\/Picture-2-expo-768x576.jpg 768w\" sizes=\"auto, (max-width: 818px) 100vw, 818px\" \/><\/figure>\n<\/figure>\n\n\n\n<p><em>The group visited the Mona Lisa alone when the Louvre was closed for the day, followed by a visit to the &#8220;Exposition Generale&#8221; at the Fondation Cartier. <\/em><\/p>\n\n\n\n<p>On <strong>day three,<\/strong> an unexpected discovery: the wonderful <strong>Mus\u00e9e de la Marine at the Trocad\u00e9ro, explored with Louise Contant, Director of Collections<\/strong>. A true hidden gem, the museum reopened last year and stands as a model in terms of accessibility and diversity policy.<\/p>\n\n\n\n<p>The day continued with inspiring discussions with <strong>Guillaume Desanges and Daria de Beauvais<\/strong>, who shared their vision of embedding ecological awareness and collective well-being into every aspect of the museum\u2014from supporting teams and artists to reimagining \u201cthird spaces\u201d beyond exhibition halls, opening them up for creation, mediation, and residencies.<\/p>\n\n\n\n<figure class=\"wp-block-gallery alignwide has-nested-images columns-default is-cropped wp-block-gallery-2 is-layout-flex wp-block-gallery-is-layout-flex\">\n<figure class=\"wp-block-image size-full\"><img loading=\"lazy\" decoding=\"async\" width=\"699\" height=\"525\" data-id=\"7168588\" src=\"https:\/\/villa-albertine.org\/wp-content\/uploads\/2025\/12\/Museum-3-apresmidi.jpg\" alt=\"\" class=\"wp-image-7168588\" srcset=\"https:\/\/villa-albertine.org\/wp-content\/uploads\/2025\/12\/Museum-3-apresmidi.jpg 699w, https:\/\/villa-albertine.org\/wp-content\/uploads\/2025\/12\/Museum-3-apresmidi-300x225.jpg 300w\" sizes=\"auto, (max-width: 699px) 100vw, 699px\" \/><\/figure>\n\n\n\n<figure class=\"wp-block-image size-full\"><img loading=\"lazy\" decoding=\"async\" width=\"705\" height=\"528\" data-id=\"7168607\" src=\"https:\/\/villa-albertine.org\/wp-content\/uploads\/2025\/12\/MNG-Apres-midi-22.jpg\" alt=\"\" class=\"wp-image-7168607\" srcset=\"https:\/\/villa-albertine.org\/wp-content\/uploads\/2025\/12\/MNG-Apres-midi-22.jpg 705w, https:\/\/villa-albertine.org\/wp-content\/uploads\/2025\/12\/MNG-Apres-midi-22-300x225.jpg 300w\" sizes=\"auto, (max-width: 705px) 100vw, 705px\" \/><\/figure>\n<\/figure>\n\n\n\n<p><em>Visit and discussion at Mus\u00e9e de la Marine in Paris and Palais de Tokyo with Guillaume Desanges and Daria de Beauvais. <\/em><\/p>\n\n\n\n<p>In the afternoon, the delegation visited the Mus\u00e9e national des arts asiatiques \u2013<strong> Guimet<\/strong>. The discussions focused on several key topics, including the use of artificial intelligence in museum practice, ongoing provenance research, and the museum\u2019s ambitious initiatives to develop exhibitions and public programs across different regions of France, enhancing the visibility and understanding of Asian art.<\/p>\n\n\n\n<figure class=\"wp-block-image size-full is-resized\"><img loading=\"lazy\" decoding=\"async\" width=\"684\" height=\"512\" src=\"https:\/\/villa-albertine.org\/wp-content\/uploads\/2025\/12\/image-5.png\" alt=\"\" class=\"wp-image-7168636\" style=\"width:436px;height:auto\" srcset=\"https:\/\/villa-albertine.org\/wp-content\/uploads\/2025\/12\/image-5.png 684w, https:\/\/villa-albertine.org\/wp-content\/uploads\/2025\/12\/image-5-300x225.png 300w\" sizes=\"auto, (max-width: 684px) 100vw, 684px\" \/><\/figure>\n\n\n\n<p><em>On the rooftop of the Mus\u00e9e Guimet with Lise Mesz, Director of the Gimet&#8217;s Villa, and Pierre Baptiste, Director of Collections. <\/em><\/p>\n\n\n\n<p><strong>Day four <\/strong>began with a visit to the <strong>Biblioth\u00e8que nationale de France<\/strong>, where the delegation explored the recently renovated museum (reopened in 2022) and its remarkable encyclopedic collections.<\/p>\n\n\n\n<p>The group then proceeded to the <strong>Institut national d\u2019histoire de l\u2019art <\/strong>(INHA) to learn about its research programs, professional grants, and key digital resources, including the Aghora database, an essential tool for provenance research.<\/p>\n\n\n\n<p>At the Ministry of Culture, discussions were held with the Directorate for Legal and International Affairs, the Department of French Museums, and representatives of the Ministry for Europe and Foreign Affairs, led by <strong>Aur\u00e9lien Chaquin-Torres<\/strong>, focusing on shared priorities in artistic and museum cooperation.<\/p>\n\n\n\n<p>The day concluded with a presentation by <strong>\u00c9milie Vanhesbroeck and Caite Pantzer <\/strong>on the <strong>FRAME <\/strong>association and its dynamic transatlantic network linking French and North American museums.<\/p>\n\n\n\n<p>A full day dedicated to dialogue, collaboration, and cultural exchange.<\/p>\n\n\n\n<figure class=\"wp-block-image size-full is-resized\"><img loading=\"lazy\" decoding=\"async\" width=\"684\" height=\"512\" src=\"https:\/\/villa-albertine.org\/wp-content\/uploads\/2025\/12\/image-6.png\" alt=\"\" class=\"wp-image-7168725\" style=\"width:475px;height:auto\" srcset=\"https:\/\/villa-albertine.org\/wp-content\/uploads\/2025\/12\/image-6.png 684w, https:\/\/villa-albertine.org\/wp-content\/uploads\/2025\/12\/image-6-300x225.png 300w\" sizes=\"auto, (max-width: 684px) 100vw, 684px\" \/><\/figure>\n\n\n\n<p><em>A visit to the Mus\u00e9e at the Biblioth\u00e8que Nationale de France with C\u00e9cile Colonna and Emmanuel Coquery. <\/em><\/p>\n\n\n\n<p>The delegation <strong>spent day five in Paris <\/strong>exploring key institutions dedicated to cultural heritage and museum practice.<\/p>\n\n\n\n<p>In the morning, the group was received at the <strong>Mus\u00e9e du Quai Branly \u2013 Jacques Chirac<\/strong> for a visit of the permanent galleries and in-depth discussions with <strong>Ang\u00e9lique Delorme and Magali Melandri<\/strong>. The delegation also had the opportunity to learn more about the museum\u2019s evolution as it approaches its 20th anniversary, and to visit the restoration workshops and the \u201cmuseoth\u00e8que\u201d with <strong>\u00c9l\u00e9onore Kissel<\/strong>.<\/p>\n\n\n\n<p>In the afternoon, the delegation was welcomed at the <strong>Mus\u00e9e de l\u2019Homme by Aur\u00e9lie Cl\u00e9ment-Ruiz<\/strong>, where they discovered the museum\u2019s renewed identity and redesigned exhibitions, marking ten years since its reopening. The visit offered valuable insights into how museums continue to evolve in their presentation of the history of humanity.<\/p>\n\n\n\n<figure class=\"wp-block-gallery alignwide has-nested-images columns-default is-cropped wp-block-gallery-3 is-layout-flex wp-block-gallery-is-layout-flex\">\n<figure class=\"wp-block-image size-full\"><img loading=\"lazy\" decoding=\"async\" width=\"490\" height=\"406\" data-id=\"7168887\" src=\"https:\/\/villa-albertine.org\/wp-content\/uploads\/2025\/12\/Musee-du-Quai-Branly-1.png\" alt=\"\" class=\"wp-image-7168887\" srcset=\"https:\/\/villa-albertine.org\/wp-content\/uploads\/2025\/12\/Musee-du-Quai-Branly-1.png 490w, https:\/\/villa-albertine.org\/wp-content\/uploads\/2025\/12\/Musee-du-Quai-Branly-1-300x249.png 300w\" sizes=\"auto, (max-width: 490px) 100vw, 490px\" \/><\/figure>\n\n\n\n<figure class=\"wp-block-image size-full\"><img loading=\"lazy\" decoding=\"async\" width=\"601\" height=\"626\" data-id=\"7168898\" src=\"https:\/\/villa-albertine.org\/wp-content\/uploads\/2025\/12\/Musee-de-lhomme-2.jpg\" alt=\"\" class=\"wp-image-7168898\" srcset=\"https:\/\/villa-albertine.org\/wp-content\/uploads\/2025\/12\/Musee-de-lhomme-2.jpg 601w, https:\/\/villa-albertine.org\/wp-content\/uploads\/2025\/12\/Musee-de-lhomme-2-288x300.jpg 288w\" sizes=\"auto, (max-width: 601px) 100vw, 601px\" \/><\/figure>\n<\/figure>\n\n\n\n<p><em>Discussions inside the restauration workshop of the Mus\u00e9e du quai Branly with El\u00e9nore Kissel; Discovering the &#8220;Wall of Mother Tongs&#8221; at Mus\u00e9e de l&#8217;Homme. <\/em><\/p>\n\n\n\n<p>After an intensive weekend of visits and meetings in Paris, the Museums Next Generation delegation continued its program in <strong>Marseille<\/strong>.<br><br>The visit began at the <strong>Mus\u00e9e Cantini, where Director Am\u00e9lie Lavin and Deputy Director Louise Madinier <\/strong>presented their vision for developing a more inclusive and diverse modern art collection, reflecting the multiple modernities of the Mediterranean and beyond.<\/p>\n\n\n\n<p>In the afternoon, the delegation explored the <strong>Museum of African, Oceanian, and Native American Art and La Vieille Charit\u00e9. Nicolas Misery,<\/strong> recent Villa Albertine resident and Director of the Museums of Marseille, outlined his ambitions to renew museum narratives across the city\u2019s network.<\/p>\n\n\n\n<p>A day rich in perspectives and inspiration for the museums of tomorrow.<\/p>\n\n\n\n<figure class=\"wp-block-gallery alignwide has-nested-images columns-default is-cropped wp-block-gallery-4 is-layout-flex wp-block-gallery-is-layout-flex\">\n<figure class=\"wp-block-image size-full\"><img loading=\"lazy\" decoding=\"async\" width=\"702\" height=\"519\" data-id=\"7168983\" src=\"https:\/\/villa-albertine.org\/wp-content\/uploads\/2025\/12\/Musee-Cantini.jpg\" alt=\"\" class=\"wp-image-7168983\" srcset=\"https:\/\/villa-albertine.org\/wp-content\/uploads\/2025\/12\/Musee-Cantini.jpg 702w, https:\/\/villa-albertine.org\/wp-content\/uploads\/2025\/12\/Musee-Cantini-300x222.jpg 300w\" sizes=\"auto, (max-width: 702px) 100vw, 702px\" \/><\/figure>\n\n\n\n<figure class=\"wp-block-image size-full\"><img loading=\"lazy\" decoding=\"async\" width=\"690\" height=\"519\" data-id=\"7169000\" src=\"https:\/\/villa-albertine.org\/wp-content\/uploads\/2025\/12\/Vieille-Charite-in-Marseille-2.jpg\" alt=\"\" class=\"wp-image-7169000\" srcset=\"https:\/\/villa-albertine.org\/wp-content\/uploads\/2025\/12\/Vieille-Charite-in-Marseille-2.jpg 690w, https:\/\/villa-albertine.org\/wp-content\/uploads\/2025\/12\/Vieille-Charite-in-Marseille-2-300x226.jpg 300w\" sizes=\"auto, (max-width: 690px) 100vw, 690px\" \/><\/figure>\n<\/figure>\n\n\n\n<p><em>Visit of the Mus\u00e9e Cantini and the Vieille Charit\u00e9 in Marseille<\/em><\/p>\n\n\n\n<p>On <strong>day nine<\/strong> of the journey, the delegation continued its program in Marseille with a visit to the <strong>American Gallery<\/strong>, a dynamic venue dedicated to artistic residencies, performances, and installations that has been active for more than sixteen years under the leadership of its founder, <strong>Pamela King<\/strong>.<\/p>\n\n\n\n<p>The group was then received by <strong>Marc and Jos\u00e9e Gensollen at La Fabrique<\/strong>, their exceptional home designed as a space for conceptual art. The hosts shared their longstanding commitment to contemporary creation and offered valuable insights informed by their experience as major private collectors.<\/p>\n\n\n\n<p>The day was marked by enriching encounters and discussions highlighting creativity, engagement, and the role of art in fostering connections and new perspectives.<\/p>\n\n\n\n<figure class=\"wp-block-gallery alignwide has-nested-images columns-default is-cropped wp-block-gallery-5 is-layout-flex wp-block-gallery-is-layout-flex\">\n<figure class=\"wp-block-image size-full\"><img loading=\"lazy\" decoding=\"async\" width=\"708\" height=\"534\" data-id=\"7169082\" src=\"https:\/\/villa-albertine.org\/wp-content\/uploads\/2025\/12\/Pamela-King-Gallery-2.jpg\" alt=\"\" class=\"wp-image-7169082\" srcset=\"https:\/\/villa-albertine.org\/wp-content\/uploads\/2025\/12\/Pamela-King-Gallery-2.jpg 708w, https:\/\/villa-albertine.org\/wp-content\/uploads\/2025\/12\/Pamela-King-Gallery-2-300x226.jpg 300w\" sizes=\"auto, (max-width: 708px) 100vw, 708px\" \/><\/figure>\n\n\n\n<figure class=\"wp-block-image size-full\"><img loading=\"lazy\" decoding=\"async\" width=\"708\" height=\"534\" data-id=\"7169101\" src=\"https:\/\/villa-albertine.org\/wp-content\/uploads\/2025\/12\/Gensollen-2.jpg\" alt=\"\" class=\"wp-image-7169101\" srcset=\"https:\/\/villa-albertine.org\/wp-content\/uploads\/2025\/12\/Gensollen-2.jpg 708w, https:\/\/villa-albertine.org\/wp-content\/uploads\/2025\/12\/Gensollen-2-300x226.jpg 300w\" sizes=\"auto, (max-width: 708px) 100vw, 708px\" \/><\/figure>\n<\/figure>\n\n\n\n<p><em>Meeting with artists at Pamela King&#8217;s Gallery and afternoon immersed in Gensollen&#8217;s amazing private collection. <\/em><\/p>\n\n\n\n<p>The delegation continued its program in Marseille with a full day dedicated to discovery and exchange.<\/p>\n\n\n\n<p>The morning began at the <strong>Mucem<\/strong>, where <strong>Enguerrand Lascols<\/strong>, a former participant in the Museums Next Generation program, provided a guided tour of the site. The delegation also met with members of the museum team \u2014 <strong>Marie-Charlotte Calafat, Aude Fanlot, and Maxime Bergerot<\/strong> \u2014 for an in-depth discussion. The visit included an exploration of the galleries and the exhibition <em>Lire le ciel<\/em>, whose curatorial approach and interpretive framework resonated strongly with the American participants. The delegation also visited the museum\u2019s off-site collections&#8217; storage facility, considered a model in the sector.<\/p>\n\n\n\n<p>In the afternoon, the group visited the <strong>Friche la Belle de Mai<\/strong>, a major cultural and creative hub in Marseille, where they were welcomed by <strong>Alban Corbier-Labasse, C\u00e9line Emas-Jarousseau, and Victorine Grataloup<\/strong>. Following a tour of the exhibition spaces and shared facilities, the delegation met with several resident artists in their studios, offering a fitting conclusion to a day rich in dialogue, creativity, and exchange.<\/p>\n\n\n\n<figure class=\"wp-block-gallery alignwide has-nested-images columns-default is-cropped wp-block-gallery-6 is-layout-flex wp-block-gallery-is-layout-flex\">\n<figure class=\"wp-block-image size-full\"><img loading=\"lazy\" decoding=\"async\" width=\"605\" height=\"583\" data-id=\"7169192\" src=\"https:\/\/villa-albertine.org\/wp-content\/uploads\/2025\/12\/Mediterannes.jpg\" alt=\"\" class=\"wp-image-7169192\" srcset=\"https:\/\/villa-albertine.org\/wp-content\/uploads\/2025\/12\/Mediterannes.jpg 605w, https:\/\/villa-albertine.org\/wp-content\/uploads\/2025\/12\/Mediterannes-300x289.jpg 300w\" sizes=\"auto, (max-width: 605px) 100vw, 605px\" \/><\/figure>\n\n\n\n<figure class=\"wp-block-image size-full\"><img loading=\"lazy\" decoding=\"async\" width=\"770\" height=\"577\" data-id=\"7169219\" src=\"https:\/\/villa-albertine.org\/wp-content\/uploads\/2025\/12\/Friche-Belle-de-Mai.jpg\" alt=\"\" class=\"wp-image-7169219\" srcset=\"https:\/\/villa-albertine.org\/wp-content\/uploads\/2025\/12\/Friche-Belle-de-Mai.jpg 770w, https:\/\/villa-albertine.org\/wp-content\/uploads\/2025\/12\/Friche-Belle-de-Mai-300x225.jpg 300w, https:\/\/villa-albertine.org\/wp-content\/uploads\/2025\/12\/Friche-Belle-de-Mai-768x576.jpg 768w\" sizes=\"auto, (max-width: 770px) 100vw, 770px\" \/><\/figure>\n<\/figure>\n\n\n\n<p><em>Fascinating discussions at MUCEM and beautiful visits at the Friche Belle de Mai<\/em><\/p>\n\n\n\n<p>On <strong>day 11<\/strong>, the delegation continued its program in Aix-en-Provence with a day dedicated to exploring sites associated with Paul C\u00e9zanne.<\/p>\n\n\n\n<p>The morning began at the <strong>Mus\u00e9e Granet<\/strong>, where the group was welcomed by <strong>Director Bruno Ely<\/strong>, who presented the museum\u2019s strategic priorities, including its international objectives. The visit then continued at the Mus\u00e9e du Vieil Aix, guided by its director, <strong>Mil\u00e8ne Cuvillier<\/strong>.<\/p>\n\n\n\n<p>In the afternoon, the delegation visited <strong>C\u00e9zanne\u2019s studio at Les Lauves<\/strong>, followed by his family home at Jas de Bouffan, hosted by <strong>Pierre Laforest<\/strong>. These visits provided valuable insights into the artist\u2019s creative environment and the ongoing efforts to preserve and interpret his legacy.<\/p>\n\n\n\n<p>The day offered a rich opportunity for reflection and exchange in places that remain profoundly marked by C\u00e9zanne\u2019s presence and artistic spirit.<\/p>\n\n\n\n<figure class=\"wp-block-gallery alignwide has-nested-images columns-default is-cropped wp-block-gallery-7 is-layout-flex wp-block-gallery-is-layout-flex\">\n<figure class=\"wp-block-image size-full\"><img loading=\"lazy\" decoding=\"async\" width=\"711\" height=\"534\" data-id=\"7169296\" src=\"https:\/\/villa-albertine.org\/wp-content\/uploads\/2025\/12\/Musee-Granet-2.jpg\" alt=\"\" class=\"wp-image-7169296\" srcset=\"https:\/\/villa-albertine.org\/wp-content\/uploads\/2025\/12\/Musee-Granet-2.jpg 711w, https:\/\/villa-albertine.org\/wp-content\/uploads\/2025\/12\/Musee-Granet-2-300x225.jpg 300w\" sizes=\"auto, (max-width: 711px) 100vw, 711px\" \/><\/figure>\n\n\n\n<figure class=\"wp-block-image size-full\"><img loading=\"lazy\" decoding=\"async\" width=\"711\" height=\"534\" data-id=\"7169319\" src=\"https:\/\/villa-albertine.org\/wp-content\/uploads\/2025\/12\/Cezanne-Studio-2.jpg\" alt=\"\" class=\"wp-image-7169319\" srcset=\"https:\/\/villa-albertine.org\/wp-content\/uploads\/2025\/12\/Cezanne-Studio-2.jpg 711w, https:\/\/villa-albertine.org\/wp-content\/uploads\/2025\/12\/Cezanne-Studio-2-300x225.jpg 300w\" sizes=\"auto, (max-width: 711px) 100vw, 711px\" \/><\/figure>\n<\/figure>\n\n\n\n<p><em>Discussions at the Mus\u00e9e Granet and timeless moments at Cezanne&#8217;s studio Les Lauves. <\/em><\/p>\n\n\n\n<p>On the final day of Museums Next Generation, the delegation explored the landscapes that inspired C\u00e9zanne during a walk through the beautiful <strong>Bibemus quarries<\/strong>, before heading home. <\/p>\n\n\n\n<p>Learn more about this year\u2019s participants&nbsp;<a href=\"https:\/\/villa-albertine.org\/va\/professionals\/the-2025-museums-next-generation-french-laureates\/#:~:text=Meet%20the%20seven%20French%20museum,the%20Museums%20Next%20Generation%20program\"><strong>here<\/strong><\/a>.<\/p>\n","protected":false},"featured_media":7170256,"menu_order":0,"template":"","app_discipline":[236],"app_city_tax":[235],"app_professional_category":[256],"app_professional_content_type":[254],"class_list":["post-7168093","app_professional","type-app_professional","status-publish","has-post-thumbnail","hentry","app_discipline-museums","app_city_tax-all-cities","app_professional_category-museums-heritage","app_professional_content_type-news"],"acf":[],"yoast_head":"<!-- This site is optimized with the Yoast SEO plugin v27.3 - https:\/\/yoast.com\/product\/yoast-seo-wordpress\/ -->\n<title>A Journey Through French Museums: Highlights from the Fall 2025 Museums Next Generation Program for American Curators - Villa Albertine<\/title>\n<meta name=\"robots\" content=\"index, follow, max-snippet:-1, max-image-preview:large, max-video-preview:-1\" \/>\n<link rel=\"canonical\" href=\"https:\/\/villa-albertine.org\/va\/professionals\/a-journey-through-french-museums-highlights-from-the-fall-2025-museums-next-generation-program-for-american-curators\/\" \/>\n<meta property=\"og:locale\" content=\"en_US\" \/>\n<meta property=\"og:type\" content=\"article\" \/>\n<meta property=\"og:title\" content=\"A Journey Through French Museums: Highlights from the Fall 2025 Museums Next Generation Program for American Curators - Villa Albertine\" \/>\n<meta property=\"og:description\" content=\"The program was designed to accelerate professional development for museum leaders and strengthen collaboration between French and American curators. Launched in 2023, Villa Albertine\u2019s Museums Next Generation is an exchange and immersion program for French and American curators.&nbsp;&nbsp; For its third edition, seven curators explored leading cultural institutions in Paris, Marseilles, and Aix-en-Provence (in the...\" \/>\n<meta property=\"og:url\" content=\"https:\/\/villa-albertine.org\/va\/professionals\/a-journey-through-french-museums-highlights-from-the-fall-2025-museums-next-generation-program-for-american-curators\/\" \/>\n<meta property=\"og:site_name\" content=\"Villa Albertine\" \/>\n<meta property=\"article:modified_time\" content=\"2025-12-15T18:02:03+00:00\" \/>\n<meta property=\"og:image\" content=\"https:\/\/villa-albertine.org\/wp-content\/uploads\/2025\/12\/Bubemus-Quarries.jpg\" \/>\n\t<meta property=\"og:image:width\" content=\"1390\" \/>\n\t<meta property=\"og:image:height\" content=\"1045\" \/>\n\t<meta property=\"og:image:type\" content=\"image\/jpeg\" \/>\n<meta name=\"twitter:card\" content=\"summary_large_image\" \/>\n<meta name=\"twitter:label1\" content=\"Est. reading time\" \/>\n\t<meta name=\"twitter:data1\" content=\"11 minutes\" \/>\n<script type=\"application\/ld+json\" class=\"yoast-schema-graph\">{\"@context\":\"https:\\\/\\\/schema.org\",\"@graph\":[{\"@type\":\"WebPage\",\"@id\":\"https:\\\/\\\/villa-albertine.org\\\/va\\\/professionals\\\/a-journey-through-french-museums-highlights-from-the-fall-2025-museums-next-generation-program-for-american-curators\\\/\",\"url\":\"https:\\\/\\\/villa-albertine.org\\\/va\\\/professionals\\\/a-journey-through-french-museums-highlights-from-the-fall-2025-museums-next-generation-program-for-american-curators\\\/\",\"name\":\"A Journey Through French Museums: Highlights from the Fall 2025 Museums Next Generation Program for American Curators - Villa Albertine\",\"isPartOf\":{\"@id\":\"https:\\\/\\\/villa-albertine.org\\\/va\\\/#website\"},\"primaryImageOfPage\":{\"@id\":\"https:\\\/\\\/villa-albertine.org\\\/va\\\/professionals\\\/a-journey-through-french-museums-highlights-from-the-fall-2025-museums-next-generation-program-for-american-curators\\\/#primaryimage\"},\"image\":{\"@id\":\"https:\\\/\\\/villa-albertine.org\\\/va\\\/professionals\\\/a-journey-through-french-museums-highlights-from-the-fall-2025-museums-next-generation-program-for-american-curators\\\/#primaryimage\"},\"thumbnailUrl\":\"https:\\\/\\\/villa-albertine.org\\\/wp-content\\\/uploads\\\/2025\\\/12\\\/Bubemus-Quarries.jpg\",\"datePublished\":\"2025-12-15T17:55:51+00:00\",\"dateModified\":\"2025-12-15T18:02:03+00:00\",\"breadcrumb\":{\"@id\":\"https:\\\/\\\/villa-albertine.org\\\/va\\\/professionals\\\/a-journey-through-french-museums-highlights-from-the-fall-2025-museums-next-generation-program-for-american-curators\\\/#breadcrumb\"},\"inLanguage\":\"en-US\",\"potentialAction\":[{\"@type\":\"ReadAction\",\"target\":[\"https:\\\/\\\/villa-albertine.org\\\/va\\\/professionals\\\/a-journey-through-french-museums-highlights-from-the-fall-2025-museums-next-generation-program-for-american-curators\\\/\"]}]},{\"@type\":\"ImageObject\",\"inLanguage\":\"en-US\",\"@id\":\"https:\\\/\\\/villa-albertine.org\\\/va\\\/professionals\\\/a-journey-through-french-museums-highlights-from-the-fall-2025-museums-next-generation-program-for-american-curators\\\/#primaryimage\",\"url\":\"https:\\\/\\\/villa-albertine.org\\\/wp-content\\\/uploads\\\/2025\\\/12\\\/Bubemus-Quarries.jpg\",\"contentUrl\":\"https:\\\/\\\/villa-albertine.org\\\/wp-content\\\/uploads\\\/2025\\\/12\\\/Bubemus-Quarries.jpg\",\"width\":1390,\"height\":1045},{\"@type\":\"BreadcrumbList\",\"@id\":\"https:\\\/\\\/villa-albertine.org\\\/va\\\/professionals\\\/a-journey-through-french-museums-highlights-from-the-fall-2025-museums-next-generation-program-for-american-curators\\\/#breadcrumb\",\"itemListElement\":[{\"@type\":\"ListItem\",\"position\":1,\"name\":\"Home\",\"item\":\"https:\\\/\\\/villa-albertine.org\\\/va\\\/\"},{\"@type\":\"ListItem\",\"position\":2,\"name\":\"A Journey Through French Museums: Highlights from the Fall 2025 Museums Next Generation Program for American Curators\"}]},{\"@type\":\"WebSite\",\"@id\":\"https:\\\/\\\/villa-albertine.org\\\/va\\\/#website\",\"url\":\"https:\\\/\\\/villa-albertine.org\\\/va\\\/\",\"name\":\"Villa Albertine\",\"description\":\"\",\"potentialAction\":[{\"@type\":\"SearchAction\",\"target\":{\"@type\":\"EntryPoint\",\"urlTemplate\":\"https:\\\/\\\/villa-albertine.org\\\/va\\\/?s={search_term_string}\"},\"query-input\":{\"@type\":\"PropertyValueSpecification\",\"valueRequired\":true,\"valueName\":\"search_term_string\"}}],\"inLanguage\":\"en-US\"}]}<\/script>\n<!-- \/ Yoast SEO plugin. -->","yoast_head_json":{"title":"A Journey Through French Museums: Highlights from the Fall 2025 Museums Next Generation Program for American Curators - Villa Albertine","robots":{"index":"index","follow":"follow","max-snippet":"max-snippet:-1","max-image-preview":"max-image-preview:large","max-video-preview":"max-video-preview:-1"},"canonical":"https:\/\/villa-albertine.org\/va\/professionals\/a-journey-through-french-museums-highlights-from-the-fall-2025-museums-next-generation-program-for-american-curators\/","og_locale":"en_US","og_type":"article","og_title":"A Journey Through French Museums: Highlights from the Fall 2025 Museums Next Generation Program for American Curators - Villa Albertine","og_description":"The program was designed to accelerate professional development for museum leaders and strengthen collaboration between French and American curators. Launched in 2023, Villa Albertine\u2019s Museums Next Generation is an exchange and immersion program for French and American curators.&nbsp;&nbsp; For its third edition, seven curators explored leading cultural institutions in Paris, Marseilles, and Aix-en-Provence (in the...","og_url":"https:\/\/villa-albertine.org\/va\/professionals\/a-journey-through-french-museums-highlights-from-the-fall-2025-museums-next-generation-program-for-american-curators\/","og_site_name":"Villa Albertine","article_modified_time":"2025-12-15T18:02:03+00:00","og_image":[{"width":1390,"height":1045,"url":"https:\/\/villa-albertine.org\/wp-content\/uploads\/2025\/12\/Bubemus-Quarries.jpg","type":"image\/jpeg"}],"twitter_card":"summary_large_image","twitter_misc":{"Est. reading time":"11 minutes"},"schema":{"@context":"https:\/\/schema.org","@graph":[{"@type":"WebPage","@id":"https:\/\/villa-albertine.org\/va\/professionals\/a-journey-through-french-museums-highlights-from-the-fall-2025-museums-next-generation-program-for-american-curators\/","url":"https:\/\/villa-albertine.org\/va\/professionals\/a-journey-through-french-museums-highlights-from-the-fall-2025-museums-next-generation-program-for-american-curators\/","name":"A Journey Through French Museums: Highlights from the Fall 2025 Museums Next Generation Program for American Curators - Villa Albertine","isPartOf":{"@id":"https:\/\/villa-albertine.org\/va\/#website"},"primaryImageOfPage":{"@id":"https:\/\/villa-albertine.org\/va\/professionals\/a-journey-through-french-museums-highlights-from-the-fall-2025-museums-next-generation-program-for-american-curators\/#primaryimage"},"image":{"@id":"https:\/\/villa-albertine.org\/va\/professionals\/a-journey-through-french-museums-highlights-from-the-fall-2025-museums-next-generation-program-for-american-curators\/#primaryimage"},"thumbnailUrl":"https:\/\/villa-albertine.org\/wp-content\/uploads\/2025\/12\/Bubemus-Quarries.jpg","datePublished":"2025-12-15T17:55:51+00:00","dateModified":"2025-12-15T18:02:03+00:00","breadcrumb":{"@id":"https:\/\/villa-albertine.org\/va\/professionals\/a-journey-through-french-museums-highlights-from-the-fall-2025-museums-next-generation-program-for-american-curators\/#breadcrumb"},"inLanguage":"en-US","potentialAction":[{"@type":"ReadAction","target":["https:\/\/villa-albertine.org\/va\/professionals\/a-journey-through-french-museums-highlights-from-the-fall-2025-museums-next-generation-program-for-american-curators\/"]}]},{"@type":"ImageObject","inLanguage":"en-US","@id":"https:\/\/villa-albertine.org\/va\/professionals\/a-journey-through-french-museums-highlights-from-the-fall-2025-museums-next-generation-program-for-american-curators\/#primaryimage","url":"https:\/\/villa-albertine.org\/wp-content\/uploads\/2025\/12\/Bubemus-Quarries.jpg","contentUrl":"https:\/\/villa-albertine.org\/wp-content\/uploads\/2025\/12\/Bubemus-Quarries.jpg","width":1390,"height":1045},{"@type":"BreadcrumbList","@id":"https:\/\/villa-albertine.org\/va\/professionals\/a-journey-through-french-museums-highlights-from-the-fall-2025-museums-next-generation-program-for-american-curators\/#breadcrumb","itemListElement":[{"@type":"ListItem","position":1,"name":"Home","item":"https:\/\/villa-albertine.org\/va\/"},{"@type":"ListItem","position":2,"name":"A Journey Through French Museums: Highlights from the Fall 2025 Museums Next Generation Program for American Curators"}]},{"@type":"WebSite","@id":"https:\/\/villa-albertine.org\/va\/#website","url":"https:\/\/villa-albertine.org\/va\/","name":"Villa Albertine","description":"","potentialAction":[{"@type":"SearchAction","target":{"@type":"EntryPoint","urlTemplate":"https:\/\/villa-albertine.org\/va\/?s={search_term_string}"},"query-input":{"@type":"PropertyValueSpecification","valueRequired":true,"valueName":"search_term_string"}}],"inLanguage":"en-US"}]}},"_links":{"self":[{"href":"https:\/\/villa-albertine.org\/va\/wp-json\/wp\/v2\/app_professional\/7168093","targetHints":{"allow":["GET"]}}],"collection":[{"href":"https:\/\/villa-albertine.org\/va\/wp-json\/wp\/v2\/app_professional"}],"about":[{"href":"https:\/\/villa-albertine.org\/va\/wp-json\/wp\/v2\/types\/app_professional"}],"wp:featuredmedia":[{"embeddable":true,"href":"https:\/\/villa-albertine.org\/va\/wp-json\/wp\/v2\/media\/7170256"}],"wp:attachment":[{"href":"https:\/\/villa-albertine.org\/va\/wp-json\/wp\/v2\/media?parent=7168093"}],"wp:term":[{"taxonomy":"app_discipline","embeddable":true,"href":"https:\/\/villa-albertine.org\/va\/wp-json\/wp\/v2\/app_discipline?post=7168093"},{"taxonomy":"app_city_tax","embeddable":true,"href":"https:\/\/villa-albertine.org\/va\/wp-json\/wp\/v2\/app_city_tax?post=7168093"},{"taxonomy":"app_professional_category","embeddable":true,"href":"https:\/\/villa-albertine.org\/va\/wp-json\/wp\/v2\/app_professional_category?post=7168093"},{"taxonomy":"app_professional_content_type","embeddable":true,"href":"https:\/\/villa-albertine.org\/va\/wp-json\/wp\/v2\/app_professional_content_type?post=7168093"}],"curies":[{"name":"wp","href":"https:\/\/api.w.org\/{rel}","templated":true}]}}