{"id":697067,"date":"2024-07-03T16:42:46","date_gmt":"2024-07-03T16:42:46","guid":{"rendered":"https:\/\/villa-albertine.org\/?post_type=app_professional&#038;p=697067"},"modified":"2024-07-24T15:57:28","modified_gmt":"2024-07-24T15:57:28","slug":"the-palace","status":"publish","type":"app_professional","link":"https:\/\/villa-albertine.org\/va\/professionals\/the-palace\/","title":{"rendered":"The Palace"},"content":{"rendered":"\n<p><a href=\"http:\/\/le-palais-animaviva.squarespace.com\/\" data-type=\"link\" data-id=\"http:\/\/le-palais-animaviva.squarespace.com\/\">&#8220;Le Palais&#8221;<\/a> is a documentary in virtual reality about the ambition of one man, an industrialist Jean-Baptiste Andr\u00e9 Godin, who revolutionized housing and living together. Through the years and spaces of the Familist\u00e8re, Le Palais takes you on a journey through the history of this architectural and social utopia. <\/p>\n\n\n\n<p>It all takes place in Guise, between the town and the Familist\u00e8re , the site of this exploration. The experience should raise participants&#8217; awareness of the importance of a better distribution of the wealth produced by work, and the urgency of everyone&#8217;s commitment to a better future.<\/p>\n\n\n\n<h3 class=\"wp-block-heading\">The Directors <\/h3>\n\n\n\n<p><strong>Gilles Boustani <\/strong><\/p>\n\n\n\n<p>After a career as a visual photographer, with exhibitions in Paris, Brussels, London and Florence, Gilles Boustani turned his hand to photography, creative video and then cinema. Since 1998, he has devoted himself exclusively to writing and directing. He alternates between audiovisual installations, films and museum installations. Since 2000, when he co-directed an immersive multimedia show for the Pont du Gard, combining 360\u00b0 film, optical theaters and robotic puppets, he has designed and produced numerous immersive and spectacular audiovisual documentary and fiction projects for museums and exhibitions. The Familist\u00e8re de Guise and the Institut du Monde Arabe regularly call on him to create innovative and\/or interactive installations. In 2012, he designed the film-show for the Mus\u00e9oParc Al\u00e9sia. In 2015, he created the audiovisual installations for the ACTE Memorial in Pointe-\u00e0-Pitre. For the Mobile\/Immobile touring exhibition (Paris, Lille, Geneva&#8230;), he is designing and producing an interactive multi-projection installation in 2019, and is currently developing several 360\u00b0 VR project. Gilles Boustani teaches writing and directing in the Licence de Cin\u00e9ma program at the Universit\u00e9 Paris I Panth\u00e9on Sorbonne and at the \u00c9cole Sup\u00e9rieure d&#8217;Arts Graphiques et d&#8217;Architecture de la Ville de Paris (EPSAA).<\/p>\n\n\n\n<h3 class=\"wp-block-heading\">General Informations <\/h3>\n\n\n\n<p class=\"has-text-align-left\">Directors : Gilles Boustani <\/p>\n\n\n\n<p class=\"has-text-align-left\">Production Company : AnimaViva productions (France)<\/p>\n\n\n\n<p>Coproduction Company : INVR.SPACE (Germany)<\/p>\n\n\n\n<p class=\"has-text-align-left\">Year of creation : 2024<\/p>\n\n\n\n<p class=\"has-text-align-left\">Minimum Age : 8<\/p>\n\n\n\n<p>English Dubbing <\/p>\n\n\n\n<h3 class=\"wp-block-heading\">Technical Informations <\/h3>\n\n\n\n<p>Format : VR 360 3 DOF<\/p>\n\n\n\n<p>Duration : 40 min<\/p>\n\n\n\n<p>Number of participants per session : 1 <\/p>\n\n\n\n<p>Equipment required : Meta Quest 2 or 3 headset<\/p>\n\n\n\n<h3 class=\"wp-block-heading\">Contact <\/h3>\n\n\n\n<p>Sylvie Carlier (Producer) : sylvie@animaviva-prod.com<\/p>\n\n\n\n<p><\/p>\n\n\n\n<h3 class=\"wp-block-heading\">Teaser<\/h3>\n\n\n\n<figure class=\"wp-block-embed is-type-video is-provider-vimeo wp-block-embed-vimeo wp-embed-aspect-1-1 wp-has-aspect-ratio\"><div class=\"wp-block-embed__wrapper\">\n<iframe loading=\"lazy\" title=\"LE PALAIS (teaser)\" src=\"https:\/\/player.vimeo.com\/video\/968849696?h=c49d198342&amp;dnt=1&amp;app_id=122963\" width=\"500\" height=\"500\" frameborder=\"0\" allow=\"autoplay; fullscreen; picture-in-picture; clipboard-write\"><\/iframe>\n<\/div><\/figure>\n\n\n\n<p><\/p>\n\n\n\n<figure class=\"wp-block-image size-full is-resized\"><img loading=\"lazy\" decoding=\"async\" width=\"1348\" height=\"629\" src=\"https:\/\/villa-albertine.org\/wp-content\/uploads\/2024\/07\/Godin_fonderie01-copie-sylvie-CARLIER.png\" alt=\"\" class=\"wp-image-697077\" style=\"width:451px;height:auto\" srcset=\"https:\/\/villa-albertine.org\/wp-content\/uploads\/2024\/07\/Godin_fonderie01-copie-sylvie-CARLIER.png 1348w, https:\/\/villa-albertine.org\/wp-content\/uploads\/2024\/07\/Godin_fonderie01-copie-sylvie-CARLIER-300x140.png 300w, https:\/\/villa-albertine.org\/wp-content\/uploads\/2024\/07\/Godin_fonderie01-copie-sylvie-CARLIER-1024x478.png 1024w, https:\/\/villa-albertine.org\/wp-content\/uploads\/2024\/07\/Godin_fonderie01-copie-sylvie-CARLIER-768x358.png 768w\" sizes=\"auto, (max-width: 1348px) 100vw, 1348px\" \/><\/figure>\n\n\n\n<figure class=\"wp-block-image size-full is-resized\"><img loading=\"lazy\" decoding=\"async\" width=\"1306\" height=\"621\" src=\"https:\/\/villa-albertine.org\/wp-content\/uploads\/2024\/07\/abeilles01-copie-sylvie-CARLIER.png\" alt=\"\" class=\"wp-image-697079\" style=\"width:450px;height:auto\" srcset=\"https:\/\/villa-albertine.org\/wp-content\/uploads\/2024\/07\/abeilles01-copie-sylvie-CARLIER.png 1306w, https:\/\/villa-albertine.org\/wp-content\/uploads\/2024\/07\/abeilles01-copie-sylvie-CARLIER-300x143.png 300w, https:\/\/villa-albertine.org\/wp-content\/uploads\/2024\/07\/abeilles01-copie-sylvie-CARLIER-1024x487.png 1024w, https:\/\/villa-albertine.org\/wp-content\/uploads\/2024\/07\/abeilles01-copie-sylvie-CARLIER-768x365.png 768w\" sizes=\"auto, (max-width: 1306px) 100vw, 1306px\" \/><\/figure>\n\n\n\n<figure class=\"wp-block-image size-large is-resized\"><img loading=\"lazy\" decoding=\"async\" width=\"1024\" height=\"978\" src=\"https:\/\/villa-albertine.org\/wp-content\/uploads\/2024\/07\/Radio-sylvie-CARLIER-1024x978.png\" alt=\"\" class=\"wp-image-697083\" style=\"width:450px;height:auto\" srcset=\"https:\/\/villa-albertine.org\/wp-content\/uploads\/2024\/07\/Radio-sylvie-CARLIER-1024x978.png 1024w, https:\/\/villa-albertine.org\/wp-content\/uploads\/2024\/07\/Radio-sylvie-CARLIER-300x287.png 300w, https:\/\/villa-albertine.org\/wp-content\/uploads\/2024\/07\/Radio-sylvie-CARLIER-768x734.png 768w, https:\/\/villa-albertine.org\/wp-content\/uploads\/2024\/07\/Radio-sylvie-CARLIER-1536x1468.png 1536w, https:\/\/villa-albertine.org\/wp-content\/uploads\/2024\/07\/Radio-sylvie-CARLIER.png 2002w\" sizes=\"auto, (max-width: 1024px) 100vw, 1024px\" \/><\/figure>\n\n\n\n<figure class=\"wp-block-image size-large is-resized\"><img loading=\"lazy\" decoding=\"async\" width=\"1020\" height=\"1024\" src=\"https:\/\/villa-albertine.org\/wp-content\/uploads\/2024\/07\/60s-sylvie-CARLIER-1020x1024.png\" alt=\"\" class=\"wp-image-697085\" style=\"width:450px;height:auto\" srcset=\"https:\/\/villa-albertine.org\/wp-content\/uploads\/2024\/07\/60s-sylvie-CARLIER-1020x1024.png 1020w, https:\/\/villa-albertine.org\/wp-content\/uploads\/2024\/07\/60s-sylvie-CARLIER-300x300.png 300w, https:\/\/villa-albertine.org\/wp-content\/uploads\/2024\/07\/60s-sylvie-CARLIER-150x150.png 150w, https:\/\/villa-albertine.org\/wp-content\/uploads\/2024\/07\/60s-sylvie-CARLIER-768x771.png 768w, https:\/\/villa-albertine.org\/wp-content\/uploads\/2024\/07\/60s-sylvie-CARLIER-1531x1536.png 1531w, https:\/\/villa-albertine.org\/wp-content\/uploads\/2024\/07\/60s-sylvie-CARLIER.png 2005w\" sizes=\"auto, (max-width: 1020px) 100vw, 1020px\" \/><\/figure>\n\n\n\n<figure class=\"wp-block-image size-large is-resized\"><img loading=\"lazy\" decoding=\"async\" width=\"1024\" height=\"1024\" src=\"https:\/\/villa-albertine.org\/wp-content\/uploads\/2024\/07\/50s-sylvie-CARLIER-1024x1024.png\" alt=\"\" class=\"wp-image-697087\" style=\"width:450px;height:auto\" srcset=\"https:\/\/villa-albertine.org\/wp-content\/uploads\/2024\/07\/50s-sylvie-CARLIER-1024x1024.png 1024w, https:\/\/villa-albertine.org\/wp-content\/uploads\/2024\/07\/50s-sylvie-CARLIER-300x300.png 300w, https:\/\/villa-albertine.org\/wp-content\/uploads\/2024\/07\/50s-sylvie-CARLIER-150x150.png 150w, https:\/\/villa-albertine.org\/wp-content\/uploads\/2024\/07\/50s-sylvie-CARLIER-768x768.png 768w, https:\/\/villa-albertine.org\/wp-content\/uploads\/2024\/07\/50s-sylvie-CARLIER-1536x1536.png 1536w, https:\/\/villa-albertine.org\/wp-content\/uploads\/2024\/07\/50s-sylvie-CARLIER.png 2025w\" sizes=\"auto, (max-width: 1024px) 100vw, 1024px\" \/><\/figure>\n","protected":false},"featured_media":697077,"menu_order":0,"template":"","app_discipline":[],"app_city_tax":[],"app_professional_category":[],"app_professional_content_type":[],"class_list":["post-697067","app_professional","type-app_professional","status-publish","has-post-thumbnail","hentry"],"acf":[],"yoast_head":"<!-- This site is optimized with the Yoast SEO plugin v27.3 - https:\/\/yoast.com\/product\/yoast-seo-wordpress\/ -->\n<title>The Palace - Villa Albertine<\/title>\n<meta name=\"robots\" content=\"index, follow, max-snippet:-1, max-image-preview:large, max-video-preview:-1\" \/>\n<link rel=\"canonical\" href=\"https:\/\/villa-albertine.org\/va\/professionals\/the-palace\/\" \/>\n<meta property=\"og:locale\" content=\"en_US\" \/>\n<meta property=\"og:type\" content=\"article\" \/>\n<meta property=\"og:title\" content=\"The Palace - Villa Albertine\" \/>\n<meta property=\"og:description\" content=\"&#8220;Le Palais&#8221; is a documentary in virtual reality about the ambition of one man, an industrialist Jean-Baptiste Andr\u00e9 Godin, who revolutionized housing and living together. Through the years and spaces of the Familist\u00e8re, Le Palais takes you on a journey through the history of this architectural and social utopia. It all takes place in Guise,...\" \/>\n<meta property=\"og:url\" content=\"https:\/\/villa-albertine.org\/va\/professionals\/the-palace\/\" \/>\n<meta property=\"og:site_name\" content=\"Villa Albertine\" \/>\n<meta property=\"article:modified_time\" content=\"2024-07-24T15:57:28+00:00\" \/>\n<meta property=\"og:image\" content=\"https:\/\/villa-albertine.org\/wp-content\/uploads\/2024\/07\/Godin_fonderie01-copie-sylvie-CARLIER.png\" \/>\n\t<meta property=\"og:image:width\" content=\"1348\" \/>\n\t<meta property=\"og:image:height\" content=\"629\" \/>\n\t<meta property=\"og:image:type\" content=\"image\/png\" \/>\n<meta name=\"twitter:card\" content=\"summary_large_image\" \/>\n<meta name=\"twitter:label1\" content=\"Est. reading time\" \/>\n\t<meta name=\"twitter:data1\" content=\"2 minutes\" \/>\n<script type=\"application\/ld+json\" class=\"yoast-schema-graph\">{\"@context\":\"https:\\\/\\\/schema.org\",\"@graph\":[{\"@type\":\"WebPage\",\"@id\":\"https:\\\/\\\/villa-albertine.org\\\/va\\\/professionals\\\/the-palace\\\/\",\"url\":\"https:\\\/\\\/villa-albertine.org\\\/va\\\/professionals\\\/the-palace\\\/\",\"name\":\"The Palace - Villa Albertine\",\"isPartOf\":{\"@id\":\"https:\\\/\\\/villa-albertine.org\\\/va\\\/#website\"},\"primaryImageOfPage\":{\"@id\":\"https:\\\/\\\/villa-albertine.org\\\/va\\\/professionals\\\/the-palace\\\/#primaryimage\"},\"image\":{\"@id\":\"https:\\\/\\\/villa-albertine.org\\\/va\\\/professionals\\\/the-palace\\\/#primaryimage\"},\"thumbnailUrl\":\"https:\\\/\\\/villa-albertine.org\\\/wp-content\\\/uploads\\\/2024\\\/07\\\/Godin_fonderie01-copie-sylvie-CARLIER.png\",\"datePublished\":\"2024-07-03T16:42:46+00:00\",\"dateModified\":\"2024-07-24T15:57:28+00:00\",\"breadcrumb\":{\"@id\":\"https:\\\/\\\/villa-albertine.org\\\/va\\\/professionals\\\/the-palace\\\/#breadcrumb\"},\"inLanguage\":\"en-US\",\"potentialAction\":[{\"@type\":\"ReadAction\",\"target\":[\"https:\\\/\\\/villa-albertine.org\\\/va\\\/professionals\\\/the-palace\\\/\"]}]},{\"@type\":\"ImageObject\",\"inLanguage\":\"en-US\",\"@id\":\"https:\\\/\\\/villa-albertine.org\\\/va\\\/professionals\\\/the-palace\\\/#primaryimage\",\"url\":\"https:\\\/\\\/villa-albertine.org\\\/wp-content\\\/uploads\\\/2024\\\/07\\\/Godin_fonderie01-copie-sylvie-CARLIER.png\",\"contentUrl\":\"https:\\\/\\\/villa-albertine.org\\\/wp-content\\\/uploads\\\/2024\\\/07\\\/Godin_fonderie01-copie-sylvie-CARLIER.png\",\"width\":1348,\"height\":629},{\"@type\":\"BreadcrumbList\",\"@id\":\"https:\\\/\\\/villa-albertine.org\\\/va\\\/professionals\\\/the-palace\\\/#breadcrumb\",\"itemListElement\":[{\"@type\":\"ListItem\",\"position\":1,\"name\":\"Home\",\"item\":\"https:\\\/\\\/villa-albertine.org\\\/va\\\/\"},{\"@type\":\"ListItem\",\"position\":2,\"name\":\"The Palace\"}]},{\"@type\":\"WebSite\",\"@id\":\"https:\\\/\\\/villa-albertine.org\\\/va\\\/#website\",\"url\":\"https:\\\/\\\/villa-albertine.org\\\/va\\\/\",\"name\":\"Villa Albertine\",\"description\":\"\",\"potentialAction\":[{\"@type\":\"SearchAction\",\"target\":{\"@type\":\"EntryPoint\",\"urlTemplate\":\"https:\\\/\\\/villa-albertine.org\\\/va\\\/?s={search_term_string}\"},\"query-input\":{\"@type\":\"PropertyValueSpecification\",\"valueRequired\":true,\"valueName\":\"search_term_string\"}}],\"inLanguage\":\"en-US\"}]}<\/script>\n<!-- \/ Yoast SEO plugin. -->","yoast_head_json":{"title":"The Palace - Villa Albertine","robots":{"index":"index","follow":"follow","max-snippet":"max-snippet:-1","max-image-preview":"max-image-preview:large","max-video-preview":"max-video-preview:-1"},"canonical":"https:\/\/villa-albertine.org\/va\/professionals\/the-palace\/","og_locale":"en_US","og_type":"article","og_title":"The Palace - Villa Albertine","og_description":"&#8220;Le Palais&#8221; is a documentary in virtual reality about the ambition of one man, an industrialist Jean-Baptiste Andr\u00e9 Godin, who revolutionized housing and living together. Through the years and spaces of the Familist\u00e8re, Le Palais takes you on a journey through the history of this architectural and social utopia. It all takes place in Guise,...","og_url":"https:\/\/villa-albertine.org\/va\/professionals\/the-palace\/","og_site_name":"Villa Albertine","article_modified_time":"2024-07-24T15:57:28+00:00","og_image":[{"width":1348,"height":629,"url":"https:\/\/villa-albertine.org\/wp-content\/uploads\/2024\/07\/Godin_fonderie01-copie-sylvie-CARLIER.png","type":"image\/png"}],"twitter_card":"summary_large_image","twitter_misc":{"Est. reading time":"2 minutes"},"schema":{"@context":"https:\/\/schema.org","@graph":[{"@type":"WebPage","@id":"https:\/\/villa-albertine.org\/va\/professionals\/the-palace\/","url":"https:\/\/villa-albertine.org\/va\/professionals\/the-palace\/","name":"The Palace - Villa Albertine","isPartOf":{"@id":"https:\/\/villa-albertine.org\/va\/#website"},"primaryImageOfPage":{"@id":"https:\/\/villa-albertine.org\/va\/professionals\/the-palace\/#primaryimage"},"image":{"@id":"https:\/\/villa-albertine.org\/va\/professionals\/the-palace\/#primaryimage"},"thumbnailUrl":"https:\/\/villa-albertine.org\/wp-content\/uploads\/2024\/07\/Godin_fonderie01-copie-sylvie-CARLIER.png","datePublished":"2024-07-03T16:42:46+00:00","dateModified":"2024-07-24T15:57:28+00:00","breadcrumb":{"@id":"https:\/\/villa-albertine.org\/va\/professionals\/the-palace\/#breadcrumb"},"inLanguage":"en-US","potentialAction":[{"@type":"ReadAction","target":["https:\/\/villa-albertine.org\/va\/professionals\/the-palace\/"]}]},{"@type":"ImageObject","inLanguage":"en-US","@id":"https:\/\/villa-albertine.org\/va\/professionals\/the-palace\/#primaryimage","url":"https:\/\/villa-albertine.org\/wp-content\/uploads\/2024\/07\/Godin_fonderie01-copie-sylvie-CARLIER.png","contentUrl":"https:\/\/villa-albertine.org\/wp-content\/uploads\/2024\/07\/Godin_fonderie01-copie-sylvie-CARLIER.png","width":1348,"height":629},{"@type":"BreadcrumbList","@id":"https:\/\/villa-albertine.org\/va\/professionals\/the-palace\/#breadcrumb","itemListElement":[{"@type":"ListItem","position":1,"name":"Home","item":"https:\/\/villa-albertine.org\/va\/"},{"@type":"ListItem","position":2,"name":"The Palace"}]},{"@type":"WebSite","@id":"https:\/\/villa-albertine.org\/va\/#website","url":"https:\/\/villa-albertine.org\/va\/","name":"Villa Albertine","description":"","potentialAction":[{"@type":"SearchAction","target":{"@type":"EntryPoint","urlTemplate":"https:\/\/villa-albertine.org\/va\/?s={search_term_string}"},"query-input":{"@type":"PropertyValueSpecification","valueRequired":true,"valueName":"search_term_string"}}],"inLanguage":"en-US"}]}},"_links":{"self":[{"href":"https:\/\/villa-albertine.org\/va\/wp-json\/wp\/v2\/app_professional\/697067","targetHints":{"allow":["GET"]}}],"collection":[{"href":"https:\/\/villa-albertine.org\/va\/wp-json\/wp\/v2\/app_professional"}],"about":[{"href":"https:\/\/villa-albertine.org\/va\/wp-json\/wp\/v2\/types\/app_professional"}],"wp:featuredmedia":[{"embeddable":true,"href":"https:\/\/villa-albertine.org\/va\/wp-json\/wp\/v2\/media\/697077"}],"wp:attachment":[{"href":"https:\/\/villa-albertine.org\/va\/wp-json\/wp\/v2\/media?parent=697067"}],"wp:term":[{"taxonomy":"app_discipline","embeddable":true,"href":"https:\/\/villa-albertine.org\/va\/wp-json\/wp\/v2\/app_discipline?post=697067"},{"taxonomy":"app_city_tax","embeddable":true,"href":"https:\/\/villa-albertine.org\/va\/wp-json\/wp\/v2\/app_city_tax?post=697067"},{"taxonomy":"app_professional_category","embeddable":true,"href":"https:\/\/villa-albertine.org\/va\/wp-json\/wp\/v2\/app_professional_category?post=697067"},{"taxonomy":"app_professional_content_type","embeddable":true,"href":"https:\/\/villa-albertine.org\/va\/wp-json\/wp\/v2\/app_professional_content_type?post=697067"}],"curies":[{"name":"wp","href":"https:\/\/api.w.org\/{rel}","templated":true}]}}