{"id":679023,"date":"2024-06-23T06:44:10","date_gmt":"2024-06-23T06:44:10","guid":{"rendered":"https:\/\/villa-albertine.org\/?post_type=app_professional&#038;p=679023"},"modified":"2024-06-23T20:27:54","modified_gmt":"2024-06-23T20:27:54","slug":"city-cite-oakland-x-saint-denis-2024","status":"publish","type":"app_professional","link":"https:\/\/villa-albertine.org\/va\/professionals\/city-cite-oakland-x-saint-denis-2024\/","title":{"rendered":"City\/Cit\u00e9 Oakland x Saint Denis 2024"},"content":{"rendered":"\n<p>Whether they are suburbs, outskirts, or banlieues, the program aims at centering the margins. Artistic movements, social struggles, urban innovations: Oakland, California and Saint-Denis, France are now asserting their cultural and artistic influence and inventing solutions to the challenges of inequity and accelerated urban development that metropolises are facing. We are willing to share these innovative practices to start a dialogue around the margins.<\/p>\n\n\n\n<p>This project is co-produced by <a href=\"https:\/\/villa-albertine.org\/?city=SF\" target=\"_blank\" rel=\"noreferrer noopener\">Villa Albertine San Francisco<\/a> and <a href=\"https:\/\/calhum.org\/\" target=\"_blank\" rel=\"noreferrer noopener\">California Humanities<\/a>, and presented by the <a href=\"https:\/\/www.pavillon-arsenal.com\/\" target=\"_blank\" rel=\"noreferrer noopener\">Pavillon de l\u2019Arsenal<\/a>, Paris, <a href=\"https:\/\/www.mshparisnord.fr\/\" target=\"_blank\" rel=\"noreferrer noopener\">Maison des Sciences de l\u2019Homme Paris Nord<\/a>, Saint-Denis, <a href=\"https:\/\/www.spur.org\/\" target=\"_blank\" rel=\"noreferrer noopener\">SPUR<\/a>, San Francisco, and <a href=\"https:\/\/oakstop.com\/\" target=\"_blank\" rel=\"noreferrer noopener\">Oakstop<\/a>, Oakland with the support of <a href=\"https:\/\/836m.org\/\" target=\"_blank\" rel=\"noreferrer noopener\">836M Foundation<\/a>, <a href=\"https:\/\/www.artexplora.org\/\" target=\"_blank\" rel=\"noreferrer noopener\">Art Explora<\/a>, the <a href=\"https:\/\/www.institutfrancais.com\/en\" target=\"_blank\" rel=\"noreferrer noopener\">Institut Fran\u00e7ais<\/a>, <a href=\"https:\/\/perifeeries2028.eu\/\" target=\"_blank\" rel=\"noreferrer noopener\">P\u00e9rif\u00e9eries<\/a>, <a href=\"https:\/\/www.arte.tv\/en\/\" target=\"_blank\" rel=\"noreferrer noopener\">Arte<\/a> and the cities of Oakland and Saint-Denis.<\/p>\n\n\n\n<p><strong>Contact<\/strong><\/p>\n\n\n\n<p><strong><a href=\"mailto:sabine.demaussion@frenchculture.org\" data-type=\"mailto\" data-id=\"mailto:sabine.demaussion@frenchculture.org\">Sabine de Maussion<\/a><\/strong> <\/p>\n\n\n\n<p><\/p>\n\n\n\n<h2 class=\"wp-block-heading\">News and Events:<\/h2>\n\n\n\n\n\n<div class=\"articles-small articles-small--richtext section__articles\">\n\t\t\t<header class=\"articles__head\">\n\t\t\t<h2>Past Events &amp; Projects<\/h2>\n\t\t<\/header><!-- \/.articles__head -->\n\t\n\t<div class=\"articles__items\">\n\t\t\t\t\t<div class=\"articles__item\">\n\t\t\t\t\n<a href=\"https:\/\/villa-albertine.org\/va\/professionals\/__trashed-8\/\"\n   class=\"article-small article-small--reverse article-small--limit-title-3\">\n\t<div class=\"article__inner\">\n\t\t\t\t\t<div class=\"article__image\">\n\t\t\t\t<img loading=\"lazy\" decoding=\"async\" width=\"300\" height=\"168\" src=\"https:\/\/villa-albertine.org\/wp-content\/uploads\/2024\/06\/La-Maison-Jaune_Oct-2019-300x232-1-e1719126294335.jpg\" class=\"attachment-medium size-medium wp-post-image\" alt=\"\" \/>\t\t\t<\/div><!-- \/.article__image -->\n\t\t\n\t\t<div class=\"article__content\">\n\t\t\t<div class=\"article__head\">\n\t\t\t\t<h3>City\/Cit\u00e9 : Oakland x Saint-Denis \u2013 Empowering Cultures in Our Cities\u00a0<\/h3>\n\t\t\t<\/div><!-- \/.article__head -->\n\n\t\t\t\t\t<\/div><!-- \/.article__content -->\n\t<\/div><!-- \/.article__inner -->\n<\/a><!-- \/.article-small article-small--reverse -->\n\t\t\t<\/div><!-- \/.articles__item -->\n\t\t\t\t\t<div class=\"articles__item\">\n\t\t\t\t\n<a href=\"https:\/\/villa-albertine.org\/va\/events\/city-cite-oakland-x-saint-denis-a-conversation-with-laure-gayet-and-june-grant\/\"\n   class=\"article-small article-small--reverse article-small--limit-title-3\">\n\t<div class=\"article__inner\">\n\t\t\t\t\t<div class=\"article__image\">\n\t\t\t\t<img loading=\"lazy\" decoding=\"async\" width=\"300\" height=\"145\" src=\"https:\/\/villa-albertine.org\/wp-content\/uploads\/2024\/06\/Capturedecran2020-05-29a14.27.24-300x145.png\" class=\"attachment-medium size-medium wp-post-image\" alt=\"\" srcset=\"https:\/\/villa-albertine.org\/wp-content\/uploads\/2024\/06\/Capturedecran2020-05-29a14.27.24-300x145.png 300w, https:\/\/villa-albertine.org\/wp-content\/uploads\/2024\/06\/Capturedecran2020-05-29a14.27.24.png 750w\" sizes=\"auto, (max-width: 300px) 100vw, 300px\" \/>\t\t\t<\/div><!-- \/.article__image -->\n\t\t\n\t\t<div class=\"article__content\">\n\t\t\t<div class=\"article__head\">\n\t\t\t\t<h3>City\/Cit\u00e9 : Oakland x Saint-Denis &#8211; A Conversation with Laure Gayet and June Grant<\/h3>\n\t\t\t<\/div><!-- \/.article__head -->\n\n\t\t\t\t\t\t\t<div class=\"article__excerpt\">\n\t\t\t\t\t<p>October 18, 2022<\/p>\n\t\t\t\t<\/div><!-- \/.article__excerpt -->\n\t\t\t\t\t<\/div><!-- \/.article__content -->\n\t<\/div><!-- \/.article__inner -->\n<\/a><!-- \/.article-small article-small--reverse -->\n\t\t\t<\/div><!-- \/.articles__item -->\n\t\t\t\t\t<div class=\"articles__item\">\n\t\t\t\t\n<a href=\"https:\/\/villa-albertine.org\/va\/events\/city-cite-oakland-x-saint-denis-lessons-from-oakland-saint-denis\/\"\n   class=\"article-small article-small--reverse article-small--limit-title-3\">\n\t<div class=\"article__inner\">\n\t\t\t\t\t<div class=\"article__image\">\n\t\t\t\t<img loading=\"lazy\" decoding=\"async\" width=\"300\" height=\"200\" src=\"https:\/\/villa-albertine.org\/wp-content\/uploads\/2024\/06\/Oakland-x-Saint-Denis-Gallery-300x200.jpeg\" class=\"attachment-medium size-medium wp-post-image\" alt=\"\" srcset=\"https:\/\/villa-albertine.org\/wp-content\/uploads\/2024\/06\/Oakland-x-Saint-Denis-Gallery-300x200.jpeg 300w, https:\/\/villa-albertine.org\/wp-content\/uploads\/2024\/06\/Oakland-x-Saint-Denis-Gallery-1024x683.jpeg 1024w, https:\/\/villa-albertine.org\/wp-content\/uploads\/2024\/06\/Oakland-x-Saint-Denis-Gallery-768x513.jpeg 768w, https:\/\/villa-albertine.org\/wp-content\/uploads\/2024\/06\/Oakland-x-Saint-Denis-Gallery.jpeg 1500w\" sizes=\"auto, (max-width: 300px) 100vw, 300px\" \/>\t\t\t<\/div><!-- \/.article__image -->\n\t\t\n\t\t<div class=\"article__content\">\n\t\t\t<div class=\"article__head\">\n\t\t\t\t<h3>City\/Cit\u00e9 : Oakland x Saint-Denis &#8211; Lessons from Oakland\/Saint-Denis\u00a0<\/h3>\n\t\t\t<\/div><!-- \/.article__head -->\n\n\t\t\t\t\t\t\t<div class=\"article__excerpt\">\n\t\t\t\t\t<p>May 24, 2021<\/p>\n\t\t\t\t<\/div><!-- \/.article__excerpt -->\n\t\t\t\t\t<\/div><!-- \/.article__content -->\n\t<\/div><!-- \/.article__inner -->\n<\/a><!-- \/.article-small article-small--reverse -->\n\t\t\t<\/div><!-- \/.articles__item -->\n\t\t\t\t\t<div class=\"articles__item\">\n\t\t\t\t\n<a href=\"https:\/\/villa-albertine.org\/va\/events\/city-cite-oakland-x-saint-denis-translating-cities-and-cultures\/\"\n   class=\"article-small article-small--reverse article-small--limit-title-3\">\n\t<div class=\"article__inner\">\n\t\t\t\t\t<div class=\"article__image\">\n\t\t\t\t<img loading=\"lazy\" decoding=\"async\" width=\"300\" height=\"200\" src=\"https:\/\/villa-albertine.org\/wp-content\/uploads\/2024\/06\/4-300x200.jpeg\" class=\"attachment-medium size-medium wp-post-image\" alt=\"\" srcset=\"https:\/\/villa-albertine.org\/wp-content\/uploads\/2024\/06\/4-300x200.jpeg 300w, https:\/\/villa-albertine.org\/wp-content\/uploads\/2024\/06\/4-1024x683.jpeg 1024w, https:\/\/villa-albertine.org\/wp-content\/uploads\/2024\/06\/4-768x512.jpeg 768w, https:\/\/villa-albertine.org\/wp-content\/uploads\/2024\/06\/4.jpeg 1200w\" sizes=\"auto, (max-width: 300px) 100vw, 300px\" \/>\t\t\t<\/div><!-- \/.article__image -->\n\t\t\n\t\t<div class=\"article__content\">\n\t\t\t<div class=\"article__head\">\n\t\t\t\t<h3>City\/Cit\u00e9 : Oakland x Saint-Denis &#8211; Translating Cities and Cultures<\/h3>\n\t\t\t<\/div><!-- \/.article__head -->\n\n\t\t\t\t\t\t\t<div class=\"article__excerpt\">\n\t\t\t\t\t<p>April 1, 2021<\/p>\n\t\t\t\t<\/div><!-- \/.article__excerpt -->\n\t\t\t\t\t<\/div><!-- \/.article__content -->\n\t<\/div><!-- \/.article__inner -->\n<\/a><!-- \/.article-small article-small--reverse -->\n\t\t\t<\/div><!-- \/.articles__item -->\n\t\t\t\t\t<div class=\"articles__item\">\n\t\t\t\t\n<a href=\"https:\/\/villa-albertine.org\/va\/events\/city-cite-oakland-x-saint-denis-two-cities-two-mayors-one-goal-discussion-between-mayors-libby-schaaf-and-mathieu-hanotin\/\"\n   class=\"article-small article-small--reverse article-small--limit-title-3\">\n\t<div class=\"article__inner\">\n\t\t\t\t\t<div class=\"article__image\">\n\t\t\t\t<img loading=\"lazy\" decoding=\"async\" width=\"300\" height=\"200\" src=\"https:\/\/villa-albertine.org\/wp-content\/uploads\/2024\/06\/5-300x200.png\" class=\"attachment-medium size-medium wp-post-image\" alt=\"\" srcset=\"https:\/\/villa-albertine.org\/wp-content\/uploads\/2024\/06\/5-300x200.png 300w, https:\/\/villa-albertine.org\/wp-content\/uploads\/2024\/06\/5-768x512.png 768w, https:\/\/villa-albertine.org\/wp-content\/uploads\/2024\/06\/5.png 800w\" sizes=\"auto, (max-width: 300px) 100vw, 300px\" \/>\t\t\t<\/div><!-- \/.article__image -->\n\t\t\n\t\t<div class=\"article__content\">\n\t\t\t<div class=\"article__head\">\n\t\t\t\t<h3>City\/Cit\u00e9 : Oakland x Saint-Denis &#8211; Two Cities, Two Mayors, One Goal: Discussion Between Mayors Libby Schaaf and Mathieu Hanotin<\/h3>\n\t\t\t<\/div><!-- \/.article__head -->\n\n\t\t\t\t\t\t\t<div class=\"article__excerpt\">\n\t\t\t\t\t<p>January 14, 2021<\/p>\n\t\t\t\t<\/div><!-- \/.article__excerpt -->\n\t\t\t\t\t<\/div><!-- \/.article__content -->\n\t<\/div><!-- \/.article__inner -->\n<\/a><!-- \/.article-small article-small--reverse -->\n\t\t\t<\/div><!-- \/.articles__item -->\n\t\t\t\t\t<div class=\"articles__item\">\n\t\t\t\t\n<a href=\"https:\/\/villa-albertine.org\/va\/events\/city-cite-oakland-x-saint-denis-how-culture-makes-the-city\/\"\n   class=\"article-small article-small--reverse article-small--limit-title-3\">\n\t<div class=\"article__inner\">\n\t\t\t\t\t<div class=\"article__image\">\n\t\t\t\t<img loading=\"lazy\" decoding=\"async\" width=\"300\" height=\"225\" src=\"https:\/\/villa-albertine.org\/wp-content\/uploads\/2024\/06\/6-300x225.jpg\" class=\"attachment-medium size-medium wp-post-image\" alt=\"\" srcset=\"https:\/\/villa-albertine.org\/wp-content\/uploads\/2024\/06\/6-300x225.jpg 300w, https:\/\/villa-albertine.org\/wp-content\/uploads\/2024\/06\/6-1024x768.jpg 1024w, https:\/\/villa-albertine.org\/wp-content\/uploads\/2024\/06\/6-768x576.jpg 768w, https:\/\/villa-albertine.org\/wp-content\/uploads\/2024\/06\/6-1536x1152.jpg 1536w, https:\/\/villa-albertine.org\/wp-content\/uploads\/2024\/06\/6.jpg 1600w\" sizes=\"auto, (max-width: 300px) 100vw, 300px\" \/>\t\t\t<\/div><!-- \/.article__image -->\n\t\t\n\t\t<div class=\"article__content\">\n\t\t\t<div class=\"article__head\">\n\t\t\t\t<h3>City\/Cit\u00e9 : Oakland x Saint Denis &#8211; How Culture Makes the City<\/h3>\n\t\t\t<\/div><!-- \/.article__head -->\n\n\t\t\t\t\t\t\t<div class=\"article__excerpt\">\n\t\t\t\t\t<p>December 4, 2020<\/p>\n\t\t\t\t<\/div><!-- \/.article__excerpt -->\n\t\t\t\t\t<\/div><!-- \/.article__content -->\n\t<\/div><!-- \/.article__inner -->\n<\/a><!-- \/.article-small article-small--reverse -->\n\t\t\t<\/div><!-- \/.articles__item -->\n\t\t\t\t\t<div class=\"articles__item\">\n\t\t\t\t\n<a href=\"https:\/\/villa-albertine.org\/va\/events\/city-cite-oakland-x-saint-denis-translating-cities-and-culture\/\"\n   class=\"article-small article-small--reverse article-small--limit-title-3\">\n\t<div class=\"article__inner\">\n\t\t\t\t\t<div class=\"article__image\">\n\t\t\t\t<img loading=\"lazy\" decoding=\"async\" width=\"300\" height=\"175\" src=\"https:\/\/villa-albertine.org\/wp-content\/uploads\/2024\/06\/7-300x175.jpg\" class=\"attachment-medium size-medium wp-post-image\" alt=\"\" \/>\t\t\t<\/div><!-- \/.article__image -->\n\t\t\n\t\t<div class=\"article__content\">\n\t\t\t<div class=\"article__head\">\n\t\t\t\t<h3>City\/Cit\u00e9: Oakland x Saint-Denis : Translating Cities and Culture<\/h3>\n\t\t\t<\/div><!-- \/.article__head -->\n\n\t\t\t\t\t\t\t<div class=\"article__excerpt\">\n\t\t\t\t\t<p>October 13, 2020<\/p>\n\t\t\t\t<\/div><!-- \/.article__excerpt -->\n\t\t\t\t\t<\/div><!-- \/.article__content -->\n\t<\/div><!-- \/.article__inner -->\n<\/a><!-- \/.article-small article-small--reverse -->\n\t\t\t<\/div><!-- \/.articles__item -->\n\t\t\t\t\t<div class=\"articles__item\">\n\t\t\t\t\n<a href=\"https:\/\/villa-albertine.org\/va\/events\/city-cite-translating-cities-culture-conversation-between-two-curators-of-the-international-exhibition\/\"\n   class=\"article-small article-small--reverse article-small--limit-title-3\">\n\t<div class=\"article__inner\">\n\t\t\t\t\t<div class=\"article__image\">\n\t\t\t\t<img loading=\"lazy\" decoding=\"async\" width=\"300\" height=\"200\" src=\"https:\/\/villa-albertine.org\/wp-content\/uploads\/2024\/06\/Oakland-x-Saint-Denis-Gallery-1-300x200.jpeg\" class=\"attachment-medium size-medium wp-post-image\" alt=\"\" srcset=\"https:\/\/villa-albertine.org\/wp-content\/uploads\/2024\/06\/Oakland-x-Saint-Denis-Gallery-1-300x200.jpeg 300w, https:\/\/villa-albertine.org\/wp-content\/uploads\/2024\/06\/Oakland-x-Saint-Denis-Gallery-1-1024x683.jpeg 1024w, https:\/\/villa-albertine.org\/wp-content\/uploads\/2024\/06\/Oakland-x-Saint-Denis-Gallery-1-768x513.jpeg 768w, https:\/\/villa-albertine.org\/wp-content\/uploads\/2024\/06\/Oakland-x-Saint-Denis-Gallery-1.jpeg 1500w\" sizes=\"auto, (max-width: 300px) 100vw, 300px\" \/>\t\t\t<\/div><!-- \/.article__image -->\n\t\t\n\t\t<div class=\"article__content\">\n\t\t\t<div class=\"article__head\">\n\t\t\t\t<h3>City \/ Cit\u00e9 &#8211; Translating Cities &amp; Culture &#8211; Conversation Between Two Curators of the International Exhibition\u00a0<\/h3>\n\t\t\t<\/div><!-- \/.article__head -->\n\n\t\t\t\t\t\t\t<div class=\"article__excerpt\">\n\t\t\t\t\t<p>October 12, 2022<\/p>\n\t\t\t\t<\/div><!-- \/.article__excerpt -->\n\t\t\t\t\t<\/div><!-- \/.article__content -->\n\t<\/div><!-- \/.article__inner -->\n<\/a><!-- \/.article-small article-small--reverse -->\n\t\t\t<\/div><!-- \/.articles__item -->\n\t\t\t\t\t<div class=\"articles__item\">\n\t\t\t\t\n<a href=\"https:\/\/villa-albertine.org\/va\/events\/opening-of-the-exhibition-at-maison-des-sciences-de-lhomme-saint-denis\/\"\n   class=\"article-small article-small--reverse article-small--limit-title-3\">\n\t<div class=\"article__inner\">\n\t\t\t\t\t<div class=\"article__image\">\n\t\t\t\t<img loading=\"lazy\" decoding=\"async\" width=\"300\" height=\"200\" src=\"https:\/\/villa-albertine.org\/wp-content\/uploads\/2024\/06\/exhibitionmaisondessciencesdelhomme-300x200.jpeg\" class=\"attachment-medium size-medium wp-post-image\" alt=\"\" srcset=\"https:\/\/villa-albertine.org\/wp-content\/uploads\/2024\/06\/exhibitionmaisondessciencesdelhomme-300x200.jpeg 300w, https:\/\/villa-albertine.org\/wp-content\/uploads\/2024\/06\/exhibitionmaisondessciencesdelhomme.jpeg 750w\" sizes=\"auto, (max-width: 300px) 100vw, 300px\" \/>\t\t\t<\/div><!-- \/.article__image -->\n\t\t\n\t\t<div class=\"article__content\">\n\t\t\t<div class=\"article__head\">\n\t\t\t\t<h3>Opening of the Exhibition at Maison des Sciences de l&#8217;Homme, Saint-Denis\u00a0<\/h3>\n\t\t\t<\/div><!-- \/.article__head -->\n\n\t\t\t\t\t\t\t<div class=\"article__excerpt\">\n\t\t\t\t\t<p>September 17, 2022<\/p>\n\t\t\t\t<\/div><!-- \/.article__excerpt -->\n\t\t\t\t\t<\/div><!-- \/.article__content -->\n\t<\/div><!-- \/.article__inner -->\n<\/a><!-- \/.article-small article-small--reverse -->\n\t\t\t<\/div><!-- \/.articles__item -->\n\t\t\t\t\t<div class=\"articles__item\">\n\t\t\t\t\n<a href=\"https:\/\/villa-albertine.org\/va\/events\/exhibition-at-the-maison-des-sciences-de-lhomme-paris-nord-saint-denis\/\"\n   class=\"article-small article-small--reverse article-small--limit-title-3\">\n\t<div class=\"article__inner\">\n\t\t\t\t\t<div class=\"article__image\">\n\t\t\t\t<img loading=\"lazy\" decoding=\"async\" width=\"300\" height=\"225\" src=\"https:\/\/villa-albertine.org\/wp-content\/uploads\/2024\/06\/WillyVainqueurBattleFestivalAubervilliers-300x225.jpg\" class=\"attachment-medium size-medium wp-post-image\" alt=\"\" srcset=\"https:\/\/villa-albertine.org\/wp-content\/uploads\/2024\/06\/WillyVainqueurBattleFestivalAubervilliers-300x225.jpg 300w, https:\/\/villa-albertine.org\/wp-content\/uploads\/2024\/06\/WillyVainqueurBattleFestivalAubervilliers.jpg 750w\" sizes=\"auto, (max-width: 300px) 100vw, 300px\" \/>\t\t\t<\/div><!-- \/.article__image -->\n\t\t\n\t\t<div class=\"article__content\">\n\t\t\t<div class=\"article__head\">\n\t\t\t\t<h3>Exhibition at the Maison des Sciences de l&#8217;Homme Paris Nord, Saint-Denis\u00a0<\/h3>\n\t\t\t<\/div><!-- \/.article__head -->\n\n\t\t\t\t\t\t\t<div class=\"article__excerpt\">\n\t\t\t\t\t<p>September 17, 2022<\/p>\n\t\t\t\t<\/div><!-- \/.article__excerpt -->\n\t\t\t\t\t<\/div><!-- \/.article__content -->\n\t<\/div><!-- \/.article__inner -->\n<\/a><!-- \/.article-small article-small--reverse -->\n\t\t\t<\/div><!-- \/.articles__item -->\n\t\t\t\t\t<div class=\"articles__item\">\n\t\t\t\t\n<a href=\"https:\/\/villa-albertine.org\/va\/events\/opening-of-the-exhibition-at-oakstop-oakland\/\"\n   class=\"article-small article-small--reverse article-small--limit-title-3\">\n\t<div class=\"article__inner\">\n\t\t\t\t\t<div class=\"article__image\">\n\t\t\t\t<img loading=\"lazy\" decoding=\"async\" width=\"300\" height=\"200\" src=\"https:\/\/villa-albertine.org\/wp-content\/uploads\/2024\/06\/Oakstopoakland-300x200.jpeg\" class=\"attachment-medium size-medium wp-post-image\" alt=\"\" srcset=\"https:\/\/villa-albertine.org\/wp-content\/uploads\/2024\/06\/Oakstopoakland-300x200.jpeg 300w, https:\/\/villa-albertine.org\/wp-content\/uploads\/2024\/06\/Oakstopoakland.jpeg 750w\" sizes=\"auto, (max-width: 300px) 100vw, 300px\" \/>\t\t\t<\/div><!-- \/.article__image -->\n\t\t\n\t\t<div class=\"article__content\">\n\t\t\t<div class=\"article__head\">\n\t\t\t\t<h3>Opening of the Exhibition at Oakstop, Oakland\u00a0<\/h3>\n\t\t\t<\/div><!-- \/.article__head -->\n\n\t\t\t\t\t\t\t<div class=\"article__excerpt\">\n\t\t\t\t\t<p>August 25, 2022<\/p>\n\t\t\t\t<\/div><!-- \/.article__excerpt -->\n\t\t\t\t\t<\/div><!-- \/.article__content -->\n\t<\/div><!-- \/.article__inner -->\n<\/a><!-- \/.article-small article-small--reverse -->\n\t\t\t<\/div><!-- \/.articles__item -->\n\t\t\t\t\t<div class=\"articles__item\">\n\t\t\t\t\n<a href=\"https:\/\/villa-albertine.org\/va\/events\/spaces-saint-denis\/\"\n   class=\"article-small article-small--reverse article-small--limit-title-3\">\n\t<div class=\"article__inner\">\n\t\t\t\t\t<div class=\"article__image\">\n\t\t\t\t<img loading=\"lazy\" decoding=\"async\" width=\"300\" height=\"200\" src=\"https:\/\/villa-albertine.org\/wp-content\/uploads\/2024\/06\/spacessaintdenis-300x200.jpg\" class=\"attachment-medium size-medium wp-post-image\" alt=\"\" srcset=\"https:\/\/villa-albertine.org\/wp-content\/uploads\/2024\/06\/spacessaintdenis-300x200.jpg 300w, https:\/\/villa-albertine.org\/wp-content\/uploads\/2024\/06\/spacessaintdenis.jpg 750w\" sizes=\"auto, (max-width: 300px) 100vw, 300px\" \/>\t\t\t<\/div><!-- \/.article__image -->\n\t\t\n\t\t<div class=\"article__content\">\n\t\t\t<div class=\"article__head\">\n\t\t\t\t<h3>SPACES: Saint-Denis\u00a0<\/h3>\n\t\t\t<\/div><!-- \/.article__head -->\n\n\t\t\t\t\t\t\t<div class=\"article__excerpt\">\n\t\t\t\t\t<p>June 25, 2024<\/p>\n\t\t\t\t<\/div><!-- \/.article__excerpt -->\n\t\t\t\t\t<\/div><!-- \/.article__content -->\n\t<\/div><!-- \/.article__inner -->\n<\/a><!-- \/.article-small article-small--reverse -->\n\t\t\t<\/div><!-- \/.articles__item -->\n\t\t\t\t\t<div class=\"articles__item\">\n\t\t\t\t\n<a href=\"https:\/\/villa-albertine.org\/va\/events\/opening-of-the-exhibition-at-pavillon-de-larsenal-paris\/\"\n   class=\"article-small article-small--reverse article-small--limit-title-3\">\n\t<div class=\"article__inner\">\n\t\t\t\t\t<div class=\"article__image\">\n\t\t\t\t<img loading=\"lazy\" decoding=\"async\" width=\"300\" height=\"200\" src=\"https:\/\/villa-albertine.org\/wp-content\/uploads\/2024\/06\/4-300x200.jpeg\" class=\"attachment-medium size-medium wp-post-image\" alt=\"\" srcset=\"https:\/\/villa-albertine.org\/wp-content\/uploads\/2024\/06\/4-300x200.jpeg 300w, https:\/\/villa-albertine.org\/wp-content\/uploads\/2024\/06\/4-1024x683.jpeg 1024w, https:\/\/villa-albertine.org\/wp-content\/uploads\/2024\/06\/4-768x512.jpeg 768w, https:\/\/villa-albertine.org\/wp-content\/uploads\/2024\/06\/4.jpeg 1200w\" sizes=\"auto, (max-width: 300px) 100vw, 300px\" \/>\t\t\t<\/div><!-- \/.article__image -->\n\t\t\n\t\t<div class=\"article__content\">\n\t\t\t<div class=\"article__head\">\n\t\t\t\t<h3>Opening of the Exhibition at Pavillon de l&#8217;Arsenal, Paris\u00a0<\/h3>\n\t\t\t<\/div><!-- \/.article__head -->\n\n\t\t\t\t\t\t\t<div class=\"article__excerpt\">\n\t\t\t\t\t<p>June 15, 2022<\/p>\n\t\t\t\t<\/div><!-- \/.article__excerpt -->\n\t\t\t\t\t<\/div><!-- \/.article__content -->\n\t<\/div><!-- \/.article__inner -->\n<\/a><!-- \/.article-small article-small--reverse -->\n\t\t\t<\/div><!-- \/.articles__item -->\n\t\t\t\t\t<div class=\"articles__item\">\n\t\t\t\t\n<a href=\"https:\/\/villa-albertine.org\/va\/events\/exhibition-at-pavillon-de-larsenal-paris\/\"\n   class=\"article-small article-small--reverse article-small--limit-title-3\">\n\t<div class=\"article__inner\">\n\t\t\t\t\t<div class=\"article__image\">\n\t\t\t\t<img loading=\"lazy\" decoding=\"async\" width=\"300\" height=\"200\" src=\"https:\/\/villa-albertine.org\/wp-content\/uploads\/2024\/06\/4-300x200.jpeg\" class=\"attachment-medium size-medium wp-post-image\" alt=\"\" srcset=\"https:\/\/villa-albertine.org\/wp-content\/uploads\/2024\/06\/4-300x200.jpeg 300w, https:\/\/villa-albertine.org\/wp-content\/uploads\/2024\/06\/4-1024x683.jpeg 1024w, https:\/\/villa-albertine.org\/wp-content\/uploads\/2024\/06\/4-768x512.jpeg 768w, https:\/\/villa-albertine.org\/wp-content\/uploads\/2024\/06\/4.jpeg 1200w\" sizes=\"auto, (max-width: 300px) 100vw, 300px\" \/>\t\t\t<\/div><!-- \/.article__image -->\n\t\t\n\t\t<div class=\"article__content\">\n\t\t\t<div class=\"article__head\">\n\t\t\t\t<h3>Exhibition at Pavillon de l&#8217;Arsenal, Paris\u00a0<\/h3>\n\t\t\t<\/div><!-- \/.article__head -->\n\n\t\t\t\t\t\t\t<div class=\"article__excerpt\">\n\t\t\t\t\t<p>August 28, 2022<\/p>\n\t\t\t\t<\/div><!-- \/.article__excerpt -->\n\t\t\t\t\t<\/div><!-- \/.article__content -->\n\t<\/div><!-- \/.article__inner -->\n<\/a><!-- \/.article-small article-small--reverse -->\n\t\t\t<\/div><!-- \/.articles__item -->\n\t\t\t\t\t<div class=\"articles__item\">\n\t\t\t\t\n<a href=\"https:\/\/villa-albertine.org\/va\/events\/city-cite-translating-arts-and-urban-development\/\"\n   class=\"article-small article-small--reverse article-small--limit-title-3\">\n\t<div class=\"article__inner\">\n\t\t\t\t\t<div class=\"article__image\">\n\t\t\t\t<img loading=\"lazy\" decoding=\"async\" width=\"300\" height=\"150\" src=\"https:\/\/villa-albertine.org\/wp-content\/uploads\/2024\/06\/urbandevelopment-300x150.jpg\" class=\"attachment-medium size-medium wp-post-image\" alt=\"\" srcset=\"https:\/\/villa-albertine.org\/wp-content\/uploads\/2024\/06\/urbandevelopment-300x150.jpg 300w, https:\/\/villa-albertine.org\/wp-content\/uploads\/2024\/06\/urbandevelopment.jpg 750w\" sizes=\"auto, (max-width: 300px) 100vw, 300px\" \/>\t\t\t<\/div><!-- \/.article__image -->\n\t\t\n\t\t<div class=\"article__content\">\n\t\t\t<div class=\"article__head\">\n\t\t\t\t<h3>City\/Cit\u00e9: Translating Arts and Urban Development\u00a0<\/h3>\n\t\t\t<\/div><!-- \/.article__head -->\n\n\t\t\t\t\t\t\t<div class=\"article__excerpt\">\n\t\t\t\t\t<p>June 2, 2021<\/p>\n\t\t\t\t<\/div><!-- \/.article__excerpt -->\n\t\t\t\t\t<\/div><!-- \/.article__content -->\n\t<\/div><!-- \/.article__inner -->\n<\/a><!-- \/.article-small article-small--reverse -->\n\t\t\t<\/div><!-- \/.articles__item -->\n\t\t\t\t\t<div class=\"articles__item\">\n\t\t\t\t\n<a href=\"https:\/\/villa-albertine.org\/va\/events\/spaces-oakland\/\"\n   class=\"article-small article-small--reverse article-small--limit-title-3\">\n\t<div class=\"article__inner\">\n\t\t\t\t\t<div class=\"article__image\">\n\t\t\t\t<img loading=\"lazy\" decoding=\"async\" width=\"300\" height=\"169\" src=\"https:\/\/villa-albertine.org\/wp-content\/uploads\/2024\/06\/SPACESOakland-300x169.png\" class=\"attachment-medium size-medium wp-post-image\" alt=\"\" srcset=\"https:\/\/villa-albertine.org\/wp-content\/uploads\/2024\/06\/SPACESOakland-300x169.png 300w, https:\/\/villa-albertine.org\/wp-content\/uploads\/2024\/06\/SPACESOakland.png 624w\" sizes=\"auto, (max-width: 300px) 100vw, 300px\" \/>\t\t\t<\/div><!-- \/.article__image -->\n\t\t\n\t\t<div class=\"article__content\">\n\t\t\t<div class=\"article__head\">\n\t\t\t\t<h3>SPACES: Oakland\u00a0<\/h3>\n\t\t\t<\/div><!-- \/.article__head -->\n\n\t\t\t\t\t\t\t<div class=\"article__excerpt\">\n\t\t\t\t\t<p>May 27, 2021<\/p>\n\t\t\t\t<\/div><!-- \/.article__excerpt -->\n\t\t\t\t\t<\/div><!-- \/.article__content -->\n\t<\/div><!-- \/.article__inner -->\n<\/a><!-- \/.article-small article-small--reverse -->\n\t\t\t<\/div><!-- \/.articles__item -->\n\t\t\t\t\t<div class=\"articles__item\">\n\t\t\t\t\n<a href=\"https:\/\/villa-albertine.org\/va\/events\/city-cite-reframing-sacramento-looking-ahead-lessons-from-oakland-saint-denis\/\"\n   class=\"article-small article-small--reverse article-small--limit-title-3\">\n\t<div class=\"article__inner\">\n\t\t\t\t\t<div class=\"article__image\">\n\t\t\t\t<img loading=\"lazy\" decoding=\"async\" width=\"300\" height=\"289\" src=\"https:\/\/villa-albertine.org\/wp-content\/uploads\/2024\/06\/sacramentolookingahead-300x289.png\" class=\"attachment-medium size-medium wp-post-image\" alt=\"\" srcset=\"https:\/\/villa-albertine.org\/wp-content\/uploads\/2024\/06\/sacramentolookingahead-300x289.png 300w, https:\/\/villa-albertine.org\/wp-content\/uploads\/2024\/06\/sacramentolookingahead.png 596w\" sizes=\"auto, (max-width: 300px) 100vw, 300px\" \/>\t\t\t<\/div><!-- \/.article__image -->\n\t\t\n\t\t<div class=\"article__content\">\n\t\t\t<div class=\"article__head\">\n\t\t\t\t<h3>City\/Cit\u00e9: Reframing Sacramento &#8211; Looking Ahead: Lessons from Oakland\/Saint-Denis\u00a0<\/h3>\n\t\t\t<\/div><!-- \/.article__head -->\n\n\t\t\t\t\t\t\t<div class=\"article__excerpt\">\n\t\t\t\t\t<p>May 20, 2021<\/p>\n\t\t\t\t<\/div><!-- \/.article__excerpt -->\n\t\t\t\t\t<\/div><!-- \/.article__content -->\n\t<\/div><!-- \/.article__inner -->\n<\/a><!-- \/.article-small article-small--reverse -->\n\t\t\t<\/div><!-- \/.articles__item -->\n\t\t\t\t\t<div class=\"articles__item\">\n\t\t\t\t\n<a href=\"https:\/\/villa-albertine.org\/va\/events\/city-cite-participation-in-a-uc-berkeley-class\/\"\n   class=\"article-small article-small--reverse article-small--limit-title-3\">\n\t<div class=\"article__inner\">\n\t\t\t\t\t<div class=\"article__image\">\n\t\t\t\t<img loading=\"lazy\" decoding=\"async\" width=\"300\" height=\"87\" src=\"https:\/\/villa-albertine.org\/wp-content\/uploads\/2024\/06\/UC-Berkeley-class-e1719167719711-300x87.png\" class=\"attachment-medium size-medium wp-post-image\" alt=\"\" srcset=\"https:\/\/villa-albertine.org\/wp-content\/uploads\/2024\/06\/UC-Berkeley-class-e1719167719711-300x87.png 300w, https:\/\/villa-albertine.org\/wp-content\/uploads\/2024\/06\/UC-Berkeley-class-e1719167719711.png 750w\" sizes=\"auto, (max-width: 300px) 100vw, 300px\" \/>\t\t\t<\/div><!-- \/.article__image -->\n\t\t\n\t\t<div class=\"article__content\">\n\t\t\t<div class=\"article__head\">\n\t\t\t\t<h3>City\/Cit\u00e9: Participation in a UC Berkeley Class\u00a0<\/h3>\n\t\t\t<\/div><!-- \/.article__head -->\n\n\t\t\t\t\t\t\t<div class=\"article__excerpt\">\n\t\t\t\t\t<p>April 27, 2021<\/p>\n\t\t\t\t<\/div><!-- \/.article__excerpt -->\n\t\t\t\t\t<\/div><!-- \/.article__content -->\n\t<\/div><!-- \/.article__inner -->\n<\/a><!-- \/.article-small article-small--reverse -->\n\t\t\t<\/div><!-- \/.articles__item -->\n\t\t\t\t\t<div class=\"articles__item\">\n\t\t\t\t\n<a href=\"https:\/\/villa-albertine.org\/va\/events\/how-culture-makes-the-city-brooklyn-rail\/\"\n   class=\"article-small article-small--reverse article-small--limit-title-3\">\n\t<div class=\"article__inner\">\n\t\t\t\t\t<div class=\"article__image\">\n\t\t\t\t<img loading=\"lazy\" decoding=\"async\" width=\"300\" height=\"180\" src=\"https:\/\/villa-albertine.org\/wp-content\/uploads\/2024\/06\/Capturedecran2020-12-15a16.53.55-300x180.png\" class=\"attachment-medium size-medium wp-post-image\" alt=\"\" srcset=\"https:\/\/villa-albertine.org\/wp-content\/uploads\/2024\/06\/Capturedecran2020-12-15a16.53.55-300x180.png 300w, https:\/\/villa-albertine.org\/wp-content\/uploads\/2024\/06\/Capturedecran2020-12-15a16.53.55.png 734w\" sizes=\"auto, (max-width: 300px) 100vw, 300px\" \/>\t\t\t<\/div><!-- \/.article__image -->\n\t\t\n\t\t<div class=\"article__content\">\n\t\t\t<div class=\"article__head\">\n\t\t\t\t<h3>How Culture Makes the City (Brooklyn Rail)\u00a0<\/h3>\n\t\t\t<\/div><!-- \/.article__head -->\n\n\t\t\t\t\t\t\t<div class=\"article__excerpt\">\n\t\t\t\t\t<p>December 3, 2020<\/p>\n\t\t\t\t<\/div><!-- \/.article__excerpt -->\n\t\t\t\t\t<\/div><!-- \/.article__content -->\n\t<\/div><!-- \/.article__inner -->\n<\/a><!-- \/.article-small article-small--reverse -->\n\t\t\t<\/div><!-- \/.articles__item -->\n\t\t\t\t\t<div class=\"articles__item\">\n\t\t\t\t\n<a href=\"https:\/\/villa-albertine.org\/va\/professionals\/city-cite-oakland-chicago-detroit\/\"\n   class=\"article-small article-small--reverse article-small--limit-title-3\">\n\t<div class=\"article__inner\">\n\t\t\t\t\t<div class=\"article__image\">\n\t\t\t\t<img loading=\"lazy\" decoding=\"async\" width=\"287\" height=\"300\" src=\"https:\/\/villa-albertine.org\/wp-content\/uploads\/2024\/06\/CityCitegraphicwithImagecredit-UCBerkeley-1-e1719125906656-287x300.png\" class=\"attachment-medium size-medium wp-post-image\" alt=\"\" srcset=\"https:\/\/villa-albertine.org\/wp-content\/uploads\/2024\/06\/CityCitegraphicwithImagecredit-UCBerkeley-1-e1719125906656-287x300.png 287w, https:\/\/villa-albertine.org\/wp-content\/uploads\/2024\/06\/CityCitegraphicwithImagecredit-UCBerkeley-1-e1719125906656.png 403w\" sizes=\"auto, (max-width: 287px) 100vw, 287px\" \/>\t\t\t<\/div><!-- \/.article__image -->\n\t\t\n\t\t<div class=\"article__content\">\n\t\t\t<div class=\"article__head\">\n\t\t\t\t<h3>City\/Cit\u00e9: Oakland\/Chicago\/Detroit\u00a0<\/h3>\n\t\t\t<\/div><!-- \/.article__head -->\n\n\t\t\t\t\t<\/div><!-- \/.article__content -->\n\t<\/div><!-- \/.article__inner -->\n<\/a><!-- \/.article-small article-small--reverse -->\n\t\t\t<\/div><!-- \/.articles__item -->\n\t\t\t\t\t<div class=\"articles__item\">\n\t\t\t\t\n<a href=\"https:\/\/villa-albertine.org\/va\/events\/national-humanities-conference\/\"\n   class=\"article-small article-small--reverse article-small--limit-title-3\">\n\t<div class=\"article__inner\">\n\t\t\t\t\t<div class=\"article__image\">\n\t\t\t\t<img loading=\"lazy\" decoding=\"async\" width=\"300\" height=\"159\" src=\"https:\/\/villa-albertine.org\/wp-content\/uploads\/2024\/06\/Capturedecran2020-12-15a16.52.26-300x159.png\" class=\"attachment-medium size-medium wp-post-image\" alt=\"\" srcset=\"https:\/\/villa-albertine.org\/wp-content\/uploads\/2024\/06\/Capturedecran2020-12-15a16.52.26-300x159.png 300w, https:\/\/villa-albertine.org\/wp-content\/uploads\/2024\/06\/Capturedecran2020-12-15a16.52.26.png 730w\" sizes=\"auto, (max-width: 300px) 100vw, 300px\" \/>\t\t\t<\/div><!-- \/.article__image -->\n\t\t\n\t\t<div class=\"article__content\">\n\t\t\t<div class=\"article__head\">\n\t\t\t\t<h3>National Humanities Conference\u00a0<\/h3>\n\t\t\t<\/div><!-- \/.article__head -->\n\n\t\t\t\t\t\t\t<div class=\"article__excerpt\">\n\t\t\t\t\t<p>November 12, 2020<\/p>\n\t\t\t\t<\/div><!-- \/.article__excerpt -->\n\t\t\t\t\t<\/div><!-- \/.article__content -->\n\t<\/div><!-- \/.article__inner -->\n<\/a><!-- \/.article-small article-small--reverse -->\n\t\t\t<\/div><!-- \/.articles__item -->\n\t\t\t\t\t<div class=\"articles__item\">\n\t\t\t\t\n<a href=\"https:\/\/villa-albertine.org\/va\/events\/kick-off-of-the-city-cite-conversation-series\/\"\n   class=\"article-small article-small--reverse article-small--limit-title-3\">\n\t<div class=\"article__inner\">\n\t\t\t\t\t<div class=\"article__image\">\n\t\t\t\t<img loading=\"lazy\" decoding=\"async\" width=\"300\" height=\"157\" src=\"https:\/\/villa-albertine.org\/wp-content\/uploads\/2024\/06\/kickoffoctobre2020-300x157.png\" class=\"attachment-medium size-medium wp-post-image\" alt=\"\" srcset=\"https:\/\/villa-albertine.org\/wp-content\/uploads\/2024\/06\/kickoffoctobre2020-300x157.png 300w, https:\/\/villa-albertine.org\/wp-content\/uploads\/2024\/06\/kickoffoctobre2020.png 728w\" sizes=\"auto, (max-width: 300px) 100vw, 300px\" \/>\t\t\t<\/div><!-- \/.article__image -->\n\t\t\n\t\t<div class=\"article__content\">\n\t\t\t<div class=\"article__head\">\n\t\t\t\t<h3>Kick-Off of the City\/Cit\u00e9 Conversation Series\u00a0<\/h3>\n\t\t\t<\/div><!-- \/.article__head -->\n\n\t\t\t\t\t\t\t<div class=\"article__excerpt\">\n\t\t\t\t\t<p>October 13, 2020<\/p>\n\t\t\t\t<\/div><!-- \/.article__excerpt -->\n\t\t\t\t\t<\/div><!-- \/.article__content -->\n\t<\/div><!-- \/.article__inner -->\n<\/a><!-- \/.article-small article-small--reverse -->\n\t\t\t<\/div><!-- \/.articles__item -->\n\t\t\t\t\t<div class=\"articles__item\">\n\t\t\t\t\n<a href=\"https:\/\/villa-albertine.org\/va\/events\/presentation-of-the-publication-at-le-6b\/\"\n   class=\"article-small article-small--reverse article-small--limit-title-3\">\n\t<div class=\"article__inner\">\n\t\t\t\t\t<div class=\"article__image\">\n\t\t\t\t<img loading=\"lazy\" decoding=\"async\" width=\"300\" height=\"152\" src=\"https:\/\/villa-albertine.org\/wp-content\/uploads\/2024\/06\/le6b-300x152.png\" class=\"attachment-medium size-medium wp-post-image\" alt=\"\" srcset=\"https:\/\/villa-albertine.org\/wp-content\/uploads\/2024\/06\/le6b-300x152.png 300w, https:\/\/villa-albertine.org\/wp-content\/uploads\/2024\/06\/le6b.png 740w\" sizes=\"auto, (max-width: 300px) 100vw, 300px\" \/>\t\t\t<\/div><!-- \/.article__image -->\n\t\t\n\t\t<div class=\"article__content\">\n\t\t\t<div class=\"article__head\">\n\t\t\t\t<h3>Presentation of the Publication at Le 6b\u00a0<\/h3>\n\t\t\t<\/div><!-- \/.article__head -->\n\n\t\t\t\t\t\t\t<div class=\"article__excerpt\">\n\t\t\t\t\t<p>October 10, 2020<\/p>\n\t\t\t\t<\/div><!-- \/.article__excerpt -->\n\t\t\t\t\t<\/div><!-- \/.article__content -->\n\t<\/div><!-- \/.article__inner -->\n<\/a><!-- \/.article-small article-small--reverse -->\n\t\t\t<\/div><!-- \/.articles__item -->\n\t\t\t<\/div><!-- \/.articles__items -->\n<\/div><!-- \/.articles-small section__articles -->\n\n\n\n\n<div class=\"accordion-member section__accordion js-accordion-member\">\n\t\t\t\t\t\t<div class=\"accordion__section\">\n\t\t\t\t<div class=\"accordion__head\">\n\t\t\t\t\t<a href=\"#\" aria-label=\"Toggle accordion\">\n\t\t\t\t\t\t<span>Articles About the Exhibition<\/span>\n\n\t\t\t\t\t\t<div class=\"ico\"><\/div><!-- \/.ico -->\n\t\t\t\t\t<\/a>\n\t\t\t\t<\/div><!-- \/.accordion__head -->\n\n\t\t\t\t<div class=\"accordion__body richtext-entry\">\n\t\t\t\t\t<p><span data-contrast=\"none\">The Oaklandside 11\/18\/2022 : <\/span><a href=\"https:\/\/oaklandside.org\/2022\/10\/18\/oakland-events-things-to-do-october-20-to-25\/\"><span data-contrast=\"none\">5 Oakland events this week (oaklandside.org)<\/span><\/a><span data-ccp-props=\"{&quot;134233117&quot;:false,&quot;134233118&quot;:false,&quot;134245417&quot;:true,&quot;134245418&quot;:false,&quot;134245529&quot;:false,&quot;201341983&quot;:0,&quot;335551550&quot;:1,&quot;335551620&quot;:1,&quot;335557856&quot;:4278190080,&quot;335559685&quot;:0,&quot;335559731&quot;:0,&quot;335559737&quot;:0,&quot;335559738&quot;:20,&quot;335559739&quot;:20,&quot;335559740&quot;:279}\">\u00a0<\/span><\/p>\n<p><span data-contrast=\"none\">Les Echos : <\/span><a href=\"https:\/\/static1.squarespace.com\/static\/5ec5d999509f0e0bb206c111\/t\/6334d562795aae47e0d46469\/1664406882543\/expos_les-echos_26-09-22.pdf\"><span data-contrast=\"none\">expos_les-echos_26-09-22.pdf (squarespace.com)<\/span><\/a><span data-ccp-props=\"{&quot;134233117&quot;:false,&quot;134233118&quot;:false,&quot;134245417&quot;:true,&quot;134245418&quot;:false,&quot;134245529&quot;:false,&quot;201341983&quot;:0,&quot;335551550&quot;:1,&quot;335551620&quot;:1,&quot;335557856&quot;:4278190080,&quot;335559685&quot;:0,&quot;335559731&quot;:0,&quot;335559737&quot;:0,&quot;335559738&quot;:20,&quot;335559739&quot;:20,&quot;335559740&quot;:279}\">\u00a0<\/span><\/p>\n<p><span data-contrast=\"none\">East Bay Express : <\/span><a href=\"https:\/\/eastbayexpress.com\/events-calendar\/#\/details\/SAN-FRANCISCOEXHIBITION-OPENING-IN-THE-BANLIEUESCENTERING-THE-MARGIN-OAKLANDSAINTDENIS\/10695059\/2022-08-23T18\"><span data-contrast=\"none\">SAN FRANCISCO\u2013Exhibition Opening: In the Banlieues\/Centering the Margin: Oakland\/Saint-Denis &#8211; East Bay Express Calendar<\/span><\/a><span data-ccp-props=\"{&quot;134233117&quot;:false,&quot;134233118&quot;:false,&quot;134245417&quot;:true,&quot;134245418&quot;:false,&quot;134245529&quot;:false,&quot;201341983&quot;:0,&quot;335551550&quot;:1,&quot;335551620&quot;:1,&quot;335557856&quot;:4278190080,&quot;335559685&quot;:0,&quot;335559731&quot;:0,&quot;335559737&quot;:0,&quot;335559738&quot;:20,&quot;335559739&quot;:20,&quot;335559740&quot;:279}\">\u00a0<\/span><\/p>\n<p><span data-contrast=\"none\">T\u00e9l\u00e9rama 08\/01\/2022 : <\/span><a href=\"https:\/\/www.telerama.fr\/sortir\/saint-denis-la-oakland-du-9-3-la-banlieue-loin-des-cliches-au-pavillon-de-l-arsenal-7011603.php\"><span data-contrast=\"none\">Saint-Denis, la Oakland du 9-3&#8230; La banlieue loin des clich\u00e9s au Pavillon de l\u2019Arsenal (telerama.fr)<\/span><\/a><span data-ccp-props=\"{&quot;134233117&quot;:false,&quot;134233118&quot;:false,&quot;134245417&quot;:true,&quot;134245418&quot;:false,&quot;134245529&quot;:false,&quot;201341983&quot;:0,&quot;335551550&quot;:1,&quot;335551620&quot;:1,&quot;335557856&quot;:4278190080,&quot;335559685&quot;:0,&quot;335559731&quot;:0,&quot;335559737&quot;:0,&quot;335559738&quot;:20,&quot;335559739&quot;:20,&quot;335559740&quot;:279}\">\u00a0<\/span><\/p>\n<p><span data-contrast=\"none\">Frenchly : <\/span><a href=\"https:\/\/frenchly.us\/find-the-cool-with-this-months-french-cultural-happenings-around-the-us\/\"><span data-contrast=\"none\">Find the Cool with This Month&#8217;s French Cultural Happenings Around the US &#8211; Frenchly<\/span><\/a><span data-ccp-props=\"{&quot;134233117&quot;:false,&quot;134233118&quot;:false,&quot;134245417&quot;:true,&quot;134245418&quot;:false,&quot;134245529&quot;:false,&quot;201341983&quot;:0,&quot;335551550&quot;:1,&quot;335551620&quot;:1,&quot;335557856&quot;:16777215,&quot;335559685&quot;:0,&quot;335559731&quot;:0,&quot;335559737&quot;:405,&quot;335559738&quot;:20,&quot;335559739&quot;:20,&quot;335559740&quot;:279}\">\u00a0<\/span><\/p>\n<p><span data-contrast=\"none\">T\u00e9l\u00e9rama 07\/14\/22 : <\/span><a href=\"https:\/\/static1.squarespace.com\/static\/5ec5d999509f0e0bb206c111\/t\/62d51cff322b06056fc55a77\/1658133760581\/2022-07-13-TELERAMA+SORTIR-Du+13+au+19+juillet+2022-10000000063398562.pdf\"><span data-contrast=\"none\">2022-07-13-TELERAMA+SORTIR-Du+13+au+19+juillet+2022-10000000063398562.pdf (squarespace.com)<\/span><\/a><span data-ccp-props=\"{&quot;134233117&quot;:false,&quot;134233118&quot;:false,&quot;134245417&quot;:true,&quot;134245418&quot;:false,&quot;134245529&quot;:false,&quot;201341983&quot;:0,&quot;335551550&quot;:1,&quot;335551620&quot;:1,&quot;335557856&quot;:16777215,&quot;335559685&quot;:0,&quot;335559731&quot;:0,&quot;335559737&quot;:405,&quot;335559738&quot;:20,&quot;335559739&quot;:20,&quot;335559740&quot;:279}\">\u00a0<\/span><\/p>\n<p><span data-contrast=\"none\">SF Chronicles : <\/span><a href=\"https:\/\/static1.squarespace.com\/static\/5ec5d999509f0e0bb206c111\/t\/62d51af1d1a76a4afc1b864d\/1658133241233\/SFChroniclesArticle.pdf\"><span data-contrast=\"none\">SFChroniclesArticle.pdf (squarespace.com)<\/span><\/a><span data-ccp-props=\"{&quot;134233117&quot;:false,&quot;134233118&quot;:false,&quot;134245417&quot;:true,&quot;134245418&quot;:false,&quot;134245529&quot;:false,&quot;201341983&quot;:0,&quot;335551550&quot;:1,&quot;335551620&quot;:1,&quot;335557856&quot;:16777215,&quot;335559685&quot;:0,&quot;335559731&quot;:0,&quot;335559737&quot;:405,&quot;335559738&quot;:20,&quot;335559739&quot;:20,&quot;335559740&quot;:279}\">\u00a0<\/span><\/p>\n<p><span data-contrast=\"none\">French Morning 07\/14\/2022 : <\/span><a href=\"https:\/\/frenchmorning.com\/in-the-banlieues-une-exposition-sur-oakland-et-saint-denis\/\"><span data-contrast=\"none\">\u00ab In the Banlieues \u00bb, une exposition sur Oakland et Saint-Denis &#8211; French Morning US<\/span><\/a><span data-ccp-props=\"{&quot;134233117&quot;:false,&quot;134233118&quot;:false,&quot;134245417&quot;:true,&quot;134245418&quot;:false,&quot;134245529&quot;:false,&quot;201341983&quot;:0,&quot;335551550&quot;:1,&quot;335551620&quot;:1,&quot;335557856&quot;:16777215,&quot;335559685&quot;:0,&quot;335559731&quot;:0,&quot;335559737&quot;:405,&quot;335559738&quot;:20,&quot;335559739&quot;:20,&quot;335559740&quot;:279}\">\u00a0<\/span><\/p>\n<p><span data-contrast=\"none\">The Oaklandside : <\/span><a href=\"https:\/\/oaklandside.org\/2022\/07\/11\/what-do-oakland-and-a-suburb-of-paris-have-in-common-new-art-exhibit-draws-comparisons\/\"><span data-contrast=\"none\">&#8216;In the Banlieues: Oakland\/Saint-Denis&#8217; features Amir Aziz&#8217;s photos (oaklandside.org)<\/span><\/a><span data-ccp-props=\"{&quot;134233117&quot;:false,&quot;134233118&quot;:false,&quot;134245417&quot;:true,&quot;134245418&quot;:false,&quot;134245529&quot;:false,&quot;201341983&quot;:0,&quot;335551550&quot;:1,&quot;335551620&quot;:1,&quot;335557856&quot;:16777215,&quot;335559685&quot;:0,&quot;335559731&quot;:0,&quot;335559737&quot;:405,&quot;335559738&quot;:20,&quot;335559739&quot;:20,&quot;335559740&quot;:279}\">\u00a0<\/span><\/p>\n<p><span data-contrast=\"none\">Le Courrier de l&#8217;Atlas : <\/span><a href=\"https:\/\/www.lecourrierdelatlas.com\/in-the-banlieues-oakland-saint-denis-ecrire-la-ville-collectivement-exposition-presentee-jusquau-28-aout-2022\/\"><span data-contrast=\"none\">In the banlieues : Oakland Saint-Denis \u00e9crire la ville collectivement 28 ao\u00fbt (lecourrierdelatlas.com)<\/span><\/a><span data-ccp-props=\"{&quot;134233117&quot;:false,&quot;134233118&quot;:false,&quot;134245417&quot;:true,&quot;134245418&quot;:false,&quot;134245529&quot;:false,&quot;201341983&quot;:0,&quot;335551550&quot;:1,&quot;335551620&quot;:1,&quot;335557856&quot;:16777215,&quot;335559685&quot;:0,&quot;335559731&quot;:0,&quot;335559737&quot;:405,&quot;335559738&quot;:20,&quot;335559739&quot;:20,&quot;335559740&quot;:279}\">\u00a0<\/span><\/p>\n<p><span data-contrast=\"none\">Chroniques d&#8217;Architecture : <\/span><a href=\"https:\/\/chroniques-architecture.com\/in-the-banlieues-au-pavillon-de-larsenal\/\"><span data-contrast=\"none\">Page non trouv\u00e9e | Chroniques d\u2018architecture % (chroniques-architecture.com)<\/span><\/a><span data-ccp-props=\"{&quot;134233117&quot;:false,&quot;134233118&quot;:false,&quot;134245417&quot;:true,&quot;134245418&quot;:false,&quot;134245529&quot;:false,&quot;201341983&quot;:0,&quot;335551550&quot;:1,&quot;335551620&quot;:1,&quot;335557856&quot;:16777215,&quot;335559685&quot;:0,&quot;335559731&quot;:0,&quot;335559737&quot;:405,&quot;335559738&quot;:20,&quot;335559739&quot;:20,&quot;335559740&quot;:279}\">\u00a0<\/span><\/p>\n<p><span data-contrast=\"none\">Batiactu : <\/span><a href=\"https:\/\/www.batiactu.com\/edito\/urbanisme-exposition-fait-part-belle-aux-solutions-64406.php\"><span data-contrast=\"none\">Urbanisme : une exposition fait la part belle aux solutions alternatives en banlieues (batiactu.com)<\/span><\/a><span data-ccp-props=\"{&quot;134233117&quot;:false,&quot;134233118&quot;:false,&quot;134245417&quot;:true,&quot;134245418&quot;:false,&quot;134245529&quot;:false,&quot;201341983&quot;:0,&quot;335551550&quot;:1,&quot;335551620&quot;:1,&quot;335557856&quot;:16777215,&quot;335559685&quot;:0,&quot;335559731&quot;:0,&quot;335559737&quot;:405,&quot;335559738&quot;:20,&quot;335559739&quot;:20,&quot;335559740&quot;:279}\">\u00a0<\/span><\/p>\n<p><span data-contrast=\"none\">9 lives magazine : <\/span><a href=\"https:\/\/www.9lives-magazine.com\/events\/in-the-banlieues-oakland-saint-denis\/?cn-reloaded=1\"><span data-contrast=\"none\">In the banlieues Oakland\/Saint-Denis &#8211; 9 Lives Magazine (9lives-magazine.com)<\/span><\/a><span data-ccp-props=\"{&quot;134233117&quot;:false,&quot;134233118&quot;:false,&quot;134245417&quot;:true,&quot;134245418&quot;:false,&quot;134245529&quot;:false,&quot;201341983&quot;:0,&quot;335551550&quot;:1,&quot;335551620&quot;:1,&quot;335557856&quot;:16777215,&quot;335559685&quot;:0,&quot;335559731&quot;:0,&quot;335559737&quot;:405,&quot;335559738&quot;:20,&quot;335559739&quot;:20,&quot;335559740&quot;:279}\">\u00a0<\/span><\/p>\n<p><span data-contrast=\"none\">D\u00e9tails d&#8217;Architecture : <\/span><a href=\"https:\/\/www.enlargeyourparis.fr\/culture\/le-pavillon-de-larsenal-tisse-un-parallele-entre-saint-denis-et-la-banlieue-de-san-francisco\"><span data-contrast=\"none\">Le Pavillon de l\u2019Arsenal tisse un parall\u00e8le entre Saint-Denis et la banlieue de San Francisco (enlargeyourparis.fr)<\/span><\/a><span data-ccp-props=\"{&quot;134233117&quot;:false,&quot;134233118&quot;:false,&quot;134245417&quot;:true,&quot;134245418&quot;:false,&quot;134245529&quot;:false,&quot;201341983&quot;:0,&quot;335551550&quot;:1,&quot;335551620&quot;:1,&quot;335557856&quot;:16777215,&quot;335559685&quot;:0,&quot;335559731&quot;:0,&quot;335559737&quot;:405,&quot;335559738&quot;:20,&quot;335559739&quot;:20,&quot;335559740&quot;:279}\">\u00a0<\/span><\/p>\n<p><span data-contrast=\"none\">Enlarge Your Paris : <\/span><a href=\"https:\/\/www.enlargeyourparis.fr\/culture\/le-pavillon-de-larsenal-tisse-un-parallele-entre-saint-denis-et-la-banlieue-de-san-francisco#google_vignette\"><span data-contrast=\"none\">Le Pavillon de l\u2019Arsenal tisse un parall\u00e8le entre Saint-Denis et la banlieue de San Francisco (enlargeyourparis.fr)<\/span><\/a><span data-ccp-props=\"{&quot;134233117&quot;:false,&quot;134233118&quot;:false,&quot;134245417&quot;:true,&quot;134245418&quot;:false,&quot;134245529&quot;:false,&quot;201341983&quot;:0,&quot;335551550&quot;:1,&quot;335551620&quot;:1,&quot;335557856&quot;:16777215,&quot;335559685&quot;:0,&quot;335559731&quot;:0,&quot;335559737&quot;:405,&quot;335559738&quot;:20,&quot;335559739&quot;:20,&quot;335559740&quot;:279}\">\u00a0<\/span><\/p>\n<p><span data-contrast=\"none\">Art Cena : <\/span><a href=\"https:\/\/www.artcena.fr\/fil-vie-pro\/une-cooperation-franco-americaine-autour-de-la-fabrique-urbaine\"><span data-contrast=\"none\">Une coop\u00e9ration franco-am\u00e9ricaine autour de la fabrique urbaine | ARTCENA<\/span><\/a><span data-ccp-props=\"{&quot;134233117&quot;:false,&quot;134233118&quot;:false,&quot;134245417&quot;:true,&quot;134245418&quot;:false,&quot;134245529&quot;:false,&quot;201341983&quot;:0,&quot;335551550&quot;:1,&quot;335551620&quot;:1,&quot;335557856&quot;:16777215,&quot;335559685&quot;:0,&quot;335559731&quot;:0,&quot;335559737&quot;:405,&quot;335559738&quot;:20,&quot;335559739&quot;:20,&quot;335559740&quot;:279}\">\u00a0<\/span><\/p>\n<p><span data-contrast=\"none\">Le Monde : <\/span><a href=\"https:\/\/www.lemonde.fr\/smart-cities\/article\/2022\/06\/20\/photo-mystere-105-le-village-creatif-d-art-et-d-artisanat-du-quartier-gare-confluence-a-saint-denis_6131227_4811534.html\"><span data-contrast=\"none\">Photo Myst\u00e8re #105 : le village cr\u00e9atif d\u2019art et d\u2019artisanat du quartier Gare-Confluence \u00e0 Saint-Denis (lemonde.fr)<\/span><\/a><span data-ccp-props=\"{&quot;134233117&quot;:false,&quot;134233118&quot;:false,&quot;134245417&quot;:true,&quot;134245418&quot;:false,&quot;134245529&quot;:false,&quot;201341983&quot;:0,&quot;335551550&quot;:1,&quot;335551620&quot;:1,&quot;335557856&quot;:16777215,&quot;335559685&quot;:0,&quot;335559731&quot;:0,&quot;335559737&quot;:405,&quot;335559738&quot;:20,&quot;335559739&quot;:20,&quot;335559740&quot;:279}\">\u00a0<\/span><\/p>\n<p><span data-contrast=\"none\">Up Magazine : <\/span><a href=\"https:\/\/up-magazine.info\/arts-3\/103392-in-the-banlieues-oakland-saint-denis\/\"><span data-contrast=\"none\">In the banlieues : Oakland Saint-Denis &#8211; UP&#8217; Magazine (up-magazine.info)<\/span><\/a><span data-ccp-props=\"{&quot;134233117&quot;:false,&quot;134233118&quot;:false,&quot;134245417&quot;:true,&quot;134245418&quot;:false,&quot;134245529&quot;:false,&quot;201341983&quot;:0,&quot;335551550&quot;:1,&quot;335551620&quot;:1,&quot;335557856&quot;:16777215,&quot;335559685&quot;:0,&quot;335559731&quot;:0,&quot;335559737&quot;:405,&quot;335559738&quot;:20,&quot;335559739&quot;:20,&quot;335559740&quot;:279}\">\u00a0<\/span><\/p>\n<p><span data-contrast=\"none\">L&#8217;Officiel des Spectacles : <\/span><a href=\"https:\/\/www.offi.fr\/expositions-musees\/pavillon-de-larsenal-2974\/in-the-banlieues-oakland-saint-denis-87167.html\"><span data-contrast=\"none\">Exposition In The Banlieues : Oakland \u2014 Saint-Denis &#8211; Pavillon de l&#8217;Arsenal | L&#8217;Officiel des spectacles<\/span><\/a><span data-ccp-props=\"{&quot;134233117&quot;:false,&quot;134233118&quot;:false,&quot;134245417&quot;:true,&quot;134245418&quot;:false,&quot;134245529&quot;:false,&quot;201341983&quot;:0,&quot;335551550&quot;:1,&quot;335551620&quot;:1,&quot;335557856&quot;:16777215,&quot;335559685&quot;:0,&quot;335559731&quot;:0,&quot;335559737&quot;:405,&quot;335559738&quot;:20,&quot;335559739&quot;:20,&quot;335559740&quot;:279}\">\u00a0<\/span><\/p>\n<p><span data-contrast=\"none\">Stay Happening : <\/span><a href=\"https:\/\/stayhappening.com\/e\/inauguration-exposition-in-the-banlieues-oakland-saint-denis-E3LUVBWBV80R\"><span data-contrast=\"none\">Inauguration Exposition In the Banlieues : Oakland\/Saint-Denis, Pavillon de l&#8217;Arsenal, Paris, 15 June 2022 (stayhappening.com)<\/span><\/a><span data-ccp-props=\"{&quot;134233117&quot;:false,&quot;134233118&quot;:false,&quot;134245417&quot;:true,&quot;134245418&quot;:false,&quot;134245529&quot;:false,&quot;201341983&quot;:0,&quot;335551550&quot;:1,&quot;335551620&quot;:1,&quot;335557856&quot;:16777215,&quot;335559685&quot;:0,&quot;335559731&quot;:0,&quot;335559737&quot;:405,&quot;335559738&quot;:20,&quot;335559739&quot;:20,&quot;335559740&quot;:279}\">\u00a0<\/span><\/p>\n<p><span data-contrast=\"none\">Happening Next : <\/span><a href=\"https:\/\/happeningnext.com\/event\/inauguration-exposition-in-the-banlieues-oakland-saint-denis-eid4snw1hpi571\"><span data-contrast=\"none\">Inauguration Exposition In the Banlieues : Oakland\/Saint-Denis | Pavillon de l&#8217;Arsenal, Paris, IL | June 15, 2022 (happeningnext.com)<\/span><\/a><span data-ccp-props=\"{&quot;134233117&quot;:false,&quot;134233118&quot;:false,&quot;134245417&quot;:true,&quot;134245418&quot;:false,&quot;134245529&quot;:false,&quot;201341983&quot;:0,&quot;335551550&quot;:1,&quot;335551620&quot;:1,&quot;335557856&quot;:16777215,&quot;335559685&quot;:0,&quot;335559731&quot;:0,&quot;335559737&quot;:405,&quot;335559738&quot;:20,&quot;335559739&quot;:20,&quot;335559740&quot;:279}\">\u00a0<\/span><\/p>\n<p><span data-contrast=\"none\">Paris Lights Up : <\/span><a href=\"https:\/\/parislightsup.com\/2022\/06\/03\/june-2022-a-selection-of-art-exhibitions-to-view-in-eastern-paris-this-month\/\"><span data-contrast=\"none\">June 2022: A selection of art exhibitions to view in Eastern Paris this month \u2013 Paris Lights Up<\/span><\/a><span data-ccp-props=\"{&quot;134233117&quot;:false,&quot;134233118&quot;:false,&quot;134245417&quot;:true,&quot;134245418&quot;:false,&quot;134245529&quot;:false,&quot;201341983&quot;:0,&quot;335551550&quot;:1,&quot;335551620&quot;:1,&quot;335557856&quot;:16777215,&quot;335559685&quot;:0,&quot;335559731&quot;:0,&quot;335559737&quot;:405,&quot;335559738&quot;:20,&quot;335559739&quot;:20,&quot;335559740&quot;:279}\">\u00a0<\/span><\/p>\n<p><span data-contrast=\"none\">Exposition Paris Info : <\/span><a href=\"https:\/\/www.exposition-paris.info\/expo-gratuite-paris-in-the-banlieues-oakland-saint-denis-pavillon-de-l-arsenal\/\"><span data-contrast=\"none\">In the banlieues : Oakland Saint-Denis au Pavillon de l\u2019Arsenal (exposition-paris.info)<\/span><\/a><span data-ccp-props=\"{&quot;134233117&quot;:false,&quot;134233118&quot;:false,&quot;134245417&quot;:true,&quot;134245418&quot;:false,&quot;134245529&quot;:false,&quot;201341983&quot;:0,&quot;335551550&quot;:1,&quot;335551620&quot;:1,&quot;335557856&quot;:16777215,&quot;335559685&quot;:0,&quot;335559731&quot;:0,&quot;335559737&quot;:405,&quot;335559738&quot;:20,&quot;335559739&quot;:20,&quot;335559740&quot;:279}\">\u00a0<\/span><\/p>\n<p><span data-contrast=\"none\">Ville Data : <\/span><a href=\"https:\/\/ville-data.com\/que-faire\/agenda\/Exposition-In-the-banlieues-Oakland-Saint-Denis-ecrire-la-ville-collectivement\/Paris-4e-Arrondissement\/75-222445-75104\"><span data-contrast=\"none\">Exposition In the banlieues\u00a0 Oakland Saint Denis. \u00c9crire la ville collectivement Paris 4e Arrondissement (ville-data.com)<\/span><\/a><span data-ccp-props=\"{&quot;134233117&quot;:false,&quot;134233118&quot;:false,&quot;134245417&quot;:true,&quot;134245418&quot;:false,&quot;134245529&quot;:false,&quot;201341983&quot;:0,&quot;335551550&quot;:1,&quot;335551620&quot;:1,&quot;335557856&quot;:16777215,&quot;335559685&quot;:0,&quot;335559731&quot;:0,&quot;335559737&quot;:405,&quot;335559738&quot;:20,&quot;335559739&quot;:20,&quot;335559740&quot;:279}\">\u00a0<\/span><\/p>\n<p><span data-contrast=\"none\">Grand Paris M\u00e9tropole : <\/span><a href=\"https:\/\/www.gpmetropole-infos.fr\/%25C3%25A9v%25C3%25A8nement\/exposition-in-the-banlieues-oakland-saint-denis\/\"><span data-contrast=\"none\">Exposition In the banlieues : Oakland Saint-Denis &#8211; Grand Paris M\u00e9tropole (gpmetropole-infos.fr)<\/span><\/a><span data-ccp-props=\"{&quot;134233117&quot;:false,&quot;134233118&quot;:false,&quot;134245417&quot;:true,&quot;134245418&quot;:false,&quot;134245529&quot;:false,&quot;201341983&quot;:0,&quot;335551550&quot;:1,&quot;335551620&quot;:1,&quot;335557856&quot;:16777215,&quot;335559685&quot;:0,&quot;335559731&quot;:0,&quot;335559737&quot;:405,&quot;335559738&quot;:20,&quot;335559739&quot;:20,&quot;335559740&quot;:279}\">\u00a0<\/span><\/p>\n<p><span data-contrast=\"none\">Maison des Sciences de l&#8217;Homme : <\/span><a href=\"https:\/\/www.mshparisnord.fr\/event\/exposition-in-the-banlieues-oakland-saint-denis\/\"><span data-contrast=\"none\">Exposition, In the Banlieues: Oakland\/Saint-Denis &#8211; Maison des Sciences de l&#8217;Homme Paris Nord (mshparisnord.fr)<\/span><\/a><span data-ccp-props=\"{&quot;134233117&quot;:false,&quot;134233118&quot;:false,&quot;134245417&quot;:true,&quot;134245418&quot;:false,&quot;134245529&quot;:false,&quot;201341983&quot;:0,&quot;335551550&quot;:1,&quot;335551620&quot;:1,&quot;335557856&quot;:16777215,&quot;335559685&quot;:0,&quot;335559731&quot;:0,&quot;335559737&quot;:405,&quot;335559738&quot;:20,&quot;335559739&quot;:20,&quot;335559740&quot;:279}\">\u00a0<\/span><\/p>\n\t\t\t\t<\/div><!-- \/.accordion__body richtext-entry -->\n\t\t\t<\/div><!-- \/.accordion__section -->\n\t\t\t<\/div><!-- \/.accordion-member section__accordion js-accordion-member -->\n\n\n\n<p><a href=\"https:\/\/www.oaklandsaintdenis.org\/s\/DP_OaklandSaintDenis_v2_light-9s86.pdf\" target=\"_blank\" rel=\"noreferrer noopener\">DOWNLOAD PRESS RELEASE IN FRENCH<\/a>\u00a0<br><a href=\"https:\/\/www.oaklandsaintdenis.org\/s\/July2022_PressRelease.pdf\" target=\"_blank\" rel=\"noreferrer noopener\">DOWNLOAD PRESS RELEASE IN ENGLISH<\/a>\u00a0<\/p>\n\n\n\n<p><\/p>\n\n\n\n<h2 class=\"wp-block-heading\"><strong>Partners<\/strong><\/h2>\n\n\n\n<p><strong>A Co-Production of <\/strong><\/p>\n\n\n\n<figure class=\"wp-block-image size-large is-resized\"><img loading=\"lazy\" decoding=\"async\" width=\"1024\" height=\"261\" src=\"https:\/\/villa-albertine.org\/wp-content\/uploads\/2024\/06\/image-1-1024x261.png\" alt=\"\" class=\"wp-image-687706\" style=\"width:414px;height:auto\" srcset=\"https:\/\/villa-albertine.org\/wp-content\/uploads\/2024\/06\/image-1-1024x261.png 1024w, https:\/\/villa-albertine.org\/wp-content\/uploads\/2024\/06\/image-1-300x76.png 300w, https:\/\/villa-albertine.org\/wp-content\/uploads\/2024\/06\/image-1-768x196.png 768w, https:\/\/villa-albertine.org\/wp-content\/uploads\/2024\/06\/image-1.png 1197w\" sizes=\"auto, (max-width: 1024px) 100vw, 1024px\" \/><\/figure>\n\n\n\n<p><strong>Exhibit Co-Producers: <\/strong><\/p>\n\n\n\n<figure class=\"wp-block-image size-large is-resized\"><img loading=\"lazy\" decoding=\"async\" width=\"1024\" height=\"361\" src=\"https:\/\/villa-albertine.org\/wp-content\/uploads\/2024\/06\/image-2-1024x361.png\" alt=\"\" class=\"wp-image-687709\" style=\"width:385px;height:auto\" srcset=\"https:\/\/villa-albertine.org\/wp-content\/uploads\/2024\/06\/image-2-1024x361.png 1024w, https:\/\/villa-albertine.org\/wp-content\/uploads\/2024\/06\/image-2-300x106.png 300w, https:\/\/villa-albertine.org\/wp-content\/uploads\/2024\/06\/image-2-768x271.png 768w, https:\/\/villa-albertine.org\/wp-content\/uploads\/2024\/06\/image-2.png 1057w\" sizes=\"auto, (max-width: 1024px) 100vw, 1024px\" \/><\/figure>\n\n\n\n<p><strong>In Partnership With:<\/strong><\/p>\n\n\n\n<figure class=\"wp-block-image size-large is-resized\"><img loading=\"lazy\" decoding=\"async\" width=\"1024\" height=\"651\" src=\"https:\/\/villa-albertine.org\/wp-content\/uploads\/2024\/06\/image-3-1024x651.png\" alt=\"\" class=\"wp-image-687713\" style=\"width:473px;height:auto\" srcset=\"https:\/\/villa-albertine.org\/wp-content\/uploads\/2024\/06\/image-3-1024x651.png 1024w, https:\/\/villa-albertine.org\/wp-content\/uploads\/2024\/06\/image-3-300x191.png 300w, https:\/\/villa-albertine.org\/wp-content\/uploads\/2024\/06\/image-3-768x489.png 768w, https:\/\/villa-albertine.org\/wp-content\/uploads\/2024\/06\/image-3-1536x977.png 1536w, https:\/\/villa-albertine.org\/wp-content\/uploads\/2024\/06\/image-3.png 1583w\" sizes=\"auto, (max-width: 1024px) 100vw, 1024px\" \/><\/figure>\n\n\n\n<p><strong>Advisory Committee<\/strong>:<\/p>\n\n\n\n<p><strong>Julie Fry<\/strong>, president and CEO, <a href=\"https:\/\/calhum.org\/\" target=\"_blank\" rel=\"noreferrer noopener\">California Humanities<\/a>\u00a0\u00a0<br><strong>Sabine de Maussion<\/strong>, Cultural Attach\u00e9, Cultural Services of the French Embassy in San Francisco &#8211; <a href=\"https:\/\/villa-albertine.org\/?city=SF\" target=\"_blank\" rel=\"noreferrer noopener\">Villa Albertine San Francisco<\/a>\u00a0\u00a0<br><strong>Juliette Donadieu<\/strong>, Head of Public and Community Engagement, <a href=\"https:\/\/www.artexplora.org\/en\/home\" target=\"_blank\" rel=\"noreferrer noopener\">Art Explora<\/a>\u00a0<br><strong>Laure Gayet<\/strong>, Founder, <a href=\"https:\/\/legendes-urbaines.com\/\" target=\"_blank\" rel=\"noreferrer noopener\">L\u00e9gendes Urbaines<\/a> and co-curator\u00a0<br><strong>June Grant<\/strong>, Founder, <a href=\"http:\/\/www.blink-lab.com\/\" target=\"_blank\" rel=\"noreferrer noopener\">blinkLAB<\/a> and co-curator<br><strong>Hannah Angely<\/strong>, Production Manager of In the Banlieues, <a href=\"https:\/\/www.echoslibres.com\/\" target=\"_blank\" rel=\"noreferrer noopener\">Echos Libres<\/a>\u00a0\u00a0<br><strong>Agn\u00e8s Faure<\/strong>, Co-Founder and Curator, <a href=\"https:\/\/836m.org\/\" target=\"_blank\" rel=\"noreferrer noopener\">836M<\/a>\u00a0\u00a0<br><strong>Alexandre Labasse<\/strong>, Director of <a href=\"https:\/\/www.pavillon-arsenal.com\/\" target=\"_blank\" rel=\"noreferrer noopener\">Pavillon de l\u2019Arsenal<\/a>\u00a0\u00a0<br><strong>Ashara Ekundayo<\/strong>, Artist and Founder of <a href=\"https:\/\/www.artistasfirstresponder.com\/\" target=\"_blank\" rel=\"noreferrer noopener\">Artists as First Responders<\/a>\u00a0\u00a0<br><strong>Brandi Summers<\/strong>, Scholar at University of California, Berkeley\u00a0\u00a0<br><strong>Cece Carpio<\/strong>, Oakland artist,\u00a0\u00a0<br><strong>Christine Lelevrier<\/strong>, Scholar at Universit\u00e9 Paris-Cr\u00e9teil, Lab&#8217;urba\u00a0<br><strong>Didier Coirint<\/strong>, Head of Culture Culture, Ville de Saint-Denis\u00a0\u00a0<br><strong>Elisse Douglass<\/strong>, Director and Founder, Oakland Black Business Fund\u00a0\u00a0<br><strong>Emilie Moreau<\/strong>, Head of Studies at l\u2019<a href=\"https:\/\/www.apur.org\/en\" target=\"_blank\" rel=\"noreferrer noopener\">Atelier Parisien d\u2019Urbanisme (APUR)<\/a>\u00a0\u00a0<br><strong>Joshua Simon<\/strong>, Senior Advisor, <a href=\"https:\/\/cast-sf.org\/\" target=\"_blank\" rel=\"noreferrer noopener\">CAST<\/a>\u00a0\u00a0<br><strong>Julien Beller<\/strong>, Founder and Directeur, 6b\u00a0\u00a0<br><strong>Juliette Bompoint<\/strong>, Director, <a href=\"https:\/\/perifeeries2028.eu\/\" target=\"_blank\" rel=\"noreferrer noopener\">P\u00e9rif\u00e9eries 2028, European Capital of Culture 2028<\/a>\u00a0<br><strong>Justinien Tribillon<\/strong>, Scholar at University College of London\u00a0\u00a0<br><strong>Lamyne M<\/strong>, Saint-Denis artist\u00a0\u00a0<br><strong>Matthew Passmore<\/strong>, Oakland Artist and <a href=\"https:\/\/morelab.com\/\" target=\"_blank\" rel=\"noreferrer noopener\">MoreLab<\/a> Founder\u00a0\u00a0<br><strong>Monica Lebrao Sendra<\/strong>, Head of Architecture, urbanism and landscape,<a href=\"https:\/\/www.institutfrancais.com\/\" target=\"_blank\" rel=\"noreferrer noopener\"> Institut Fran\u00e7ais<\/a>\u00a0<br><strong>Nicolas Douay<\/strong>, Education and High Education Attach\u00e9 at Cultural Services of French Embassy in Chicago<br><strong>Robert Ogilvie<\/strong>, Consultant\u00a0\u00a0<br><strong>Roberto Bedoya<\/strong>, Cultural Affairs Manager for the City of Oakland\u00a0<br><strong>Shannon Jackson<\/strong>, the Cyrus and Michelle Hadidi Professor of Rhetoric and of Theater, Dance and Performance Studies at the University of California, Berkeley\u00a0<br><strong>Sim\u00f3n Adinia Hanukai<\/strong>, Saint-Denis artist and <a href=\"https:\/\/www.kaimeraproductions.com\/\" target=\"_blank\" rel=\"noreferrer noopener\">Kaimera Productions<\/a> Co-Founder\u00a0\u00a0<br><strong>Steven Raspa<\/strong>, Associate Director of Community Events, <a href=\"https:\/\/burningman.org\/about\/history\/brc-history\/afterburn\/2013-2\/related\/burning-man-project\/\" target=\"_blank\" rel=\"noreferrer noopener\">Burning Man Project<\/a><\/p>\n\n\n\n<p><strong>A very big thank you to\u00a0Maryse Camelan, M\u00e9lanie Desliens Flint, Emmanuel Lebrun-Damiens, Isaure Hurstel, Estella Zhou, and Lucas Chateau. <\/strong><\/p>\n","protected":false},"featured_media":679039,"menu_order":0,"template":"","app_discipline":[382],"app_city_tax":[225],"app_professional_category":[258],"app_professional_content_type":[257],"class_list":["post-679023","app_professional","type-app_professional","status-publish","has-post-thumbnail","hentry","app_discipline-city-cite","app_city_tax-sf","app_professional_category-art-design","app_professional_content_type-grants_programs"],"acf":[],"yoast_head":"<!-- This site is optimized with the Yoast SEO plugin v27.3 - https:\/\/yoast.com\/product\/yoast-seo-wordpress\/ -->\n<title>City\/Cit\u00e9 Oakland x Saint Denis 2024 - Villa Albertine<\/title>\n<meta name=\"robots\" content=\"index, follow, max-snippet:-1, max-image-preview:large, max-video-preview:-1\" \/>\n<link rel=\"canonical\" href=\"https:\/\/villa-albertine.org\/va\/professionals\/city-cite-oakland-x-saint-denis-2024\/\" \/>\n<meta property=\"og:locale\" content=\"en_US\" \/>\n<meta property=\"og:type\" content=\"article\" \/>\n<meta property=\"og:title\" content=\"City\/Cit\u00e9 Oakland x Saint Denis 2024 - Villa Albertine\" \/>\n<meta property=\"og:description\" content=\"Whether they are suburbs, outskirts, or banlieues, the program aims at centering the margins. Artistic movements, social struggles, urban innovations: Oakland, California and Saint-Denis, France are now asserting their cultural and artistic influence and inventing solutions to the challenges of inequity and accelerated urban development that metropolises are facing. We are willing to share these...\" \/>\n<meta property=\"og:url\" content=\"https:\/\/villa-albertine.org\/va\/professionals\/city-cite-oakland-x-saint-denis-2024\/\" \/>\n<meta property=\"og:site_name\" content=\"Villa Albertine\" \/>\n<meta property=\"article:modified_time\" content=\"2024-06-23T20:27:54+00:00\" \/>\n<meta property=\"og:image\" content=\"https:\/\/villa-albertine.org\/wp-content\/uploads\/2024\/06\/Oakland-x-Paris-300x169-1.jpeg\" \/>\n\t<meta property=\"og:image:width\" content=\"300\" \/>\n\t<meta property=\"og:image:height\" content=\"169\" \/>\n\t<meta property=\"og:image:type\" content=\"image\/jpeg\" \/>\n<meta name=\"twitter:card\" content=\"summary_large_image\" \/>\n<meta name=\"twitter:label1\" content=\"Est. reading time\" \/>\n\t<meta name=\"twitter:data1\" content=\"2 minutes\" \/>\n<script type=\"application\/ld+json\" class=\"yoast-schema-graph\">{\"@context\":\"https:\\\/\\\/schema.org\",\"@graph\":[{\"@type\":\"WebPage\",\"@id\":\"https:\\\/\\\/villa-albertine.org\\\/va\\\/professionals\\\/city-cite-oakland-x-saint-denis-2024\\\/\",\"url\":\"https:\\\/\\\/villa-albertine.org\\\/va\\\/professionals\\\/city-cite-oakland-x-saint-denis-2024\\\/\",\"name\":\"City\\\/Cit\u00e9 Oakland x Saint Denis 2024 - Villa Albertine\",\"isPartOf\":{\"@id\":\"https:\\\/\\\/villa-albertine.org\\\/va\\\/#website\"},\"primaryImageOfPage\":{\"@id\":\"https:\\\/\\\/villa-albertine.org\\\/va\\\/professionals\\\/city-cite-oakland-x-saint-denis-2024\\\/#primaryimage\"},\"image\":{\"@id\":\"https:\\\/\\\/villa-albertine.org\\\/va\\\/professionals\\\/city-cite-oakland-x-saint-denis-2024\\\/#primaryimage\"},\"thumbnailUrl\":\"https:\\\/\\\/villa-albertine.org\\\/wp-content\\\/uploads\\\/2024\\\/06\\\/Oakland-x-Paris-300x169-1.jpeg\",\"datePublished\":\"2024-06-23T06:44:10+00:00\",\"dateModified\":\"2024-06-23T20:27:54+00:00\",\"breadcrumb\":{\"@id\":\"https:\\\/\\\/villa-albertine.org\\\/va\\\/professionals\\\/city-cite-oakland-x-saint-denis-2024\\\/#breadcrumb\"},\"inLanguage\":\"en-US\",\"potentialAction\":[{\"@type\":\"ReadAction\",\"target\":[\"https:\\\/\\\/villa-albertine.org\\\/va\\\/professionals\\\/city-cite-oakland-x-saint-denis-2024\\\/\"]}]},{\"@type\":\"ImageObject\",\"inLanguage\":\"en-US\",\"@id\":\"https:\\\/\\\/villa-albertine.org\\\/va\\\/professionals\\\/city-cite-oakland-x-saint-denis-2024\\\/#primaryimage\",\"url\":\"https:\\\/\\\/villa-albertine.org\\\/wp-content\\\/uploads\\\/2024\\\/06\\\/Oakland-x-Paris-300x169-1.jpeg\",\"contentUrl\":\"https:\\\/\\\/villa-albertine.org\\\/wp-content\\\/uploads\\\/2024\\\/06\\\/Oakland-x-Paris-300x169-1.jpeg\",\"width\":300,\"height\":169,\"caption\":\"\u00a9L\u00e0, l\u00e0 ou l\u00e0 \\\/ Alice Caron - illustrations cartographiques\"},{\"@type\":\"BreadcrumbList\",\"@id\":\"https:\\\/\\\/villa-albertine.org\\\/va\\\/professionals\\\/city-cite-oakland-x-saint-denis-2024\\\/#breadcrumb\",\"itemListElement\":[{\"@type\":\"ListItem\",\"position\":1,\"name\":\"Home\",\"item\":\"https:\\\/\\\/villa-albertine.org\\\/va\\\/\"},{\"@type\":\"ListItem\",\"position\":2,\"name\":\"City\\\/Cit\u00e9 Oakland x Saint Denis 2024\"}]},{\"@type\":\"WebSite\",\"@id\":\"https:\\\/\\\/villa-albertine.org\\\/va\\\/#website\",\"url\":\"https:\\\/\\\/villa-albertine.org\\\/va\\\/\",\"name\":\"Villa Albertine\",\"description\":\"\",\"potentialAction\":[{\"@type\":\"SearchAction\",\"target\":{\"@type\":\"EntryPoint\",\"urlTemplate\":\"https:\\\/\\\/villa-albertine.org\\\/va\\\/?s={search_term_string}\"},\"query-input\":{\"@type\":\"PropertyValueSpecification\",\"valueRequired\":true,\"valueName\":\"search_term_string\"}}],\"inLanguage\":\"en-US\"}]}<\/script>\n<!-- \/ Yoast SEO plugin. -->","yoast_head_json":{"title":"City\/Cit\u00e9 Oakland x Saint Denis 2024 - Villa Albertine","robots":{"index":"index","follow":"follow","max-snippet":"max-snippet:-1","max-image-preview":"max-image-preview:large","max-video-preview":"max-video-preview:-1"},"canonical":"https:\/\/villa-albertine.org\/va\/professionals\/city-cite-oakland-x-saint-denis-2024\/","og_locale":"en_US","og_type":"article","og_title":"City\/Cit\u00e9 Oakland x Saint Denis 2024 - Villa Albertine","og_description":"Whether they are suburbs, outskirts, or banlieues, the program aims at centering the margins. Artistic movements, social struggles, urban innovations: Oakland, California and Saint-Denis, France are now asserting their cultural and artistic influence and inventing solutions to the challenges of inequity and accelerated urban development that metropolises are facing. We are willing to share these...","og_url":"https:\/\/villa-albertine.org\/va\/professionals\/city-cite-oakland-x-saint-denis-2024\/","og_site_name":"Villa Albertine","article_modified_time":"2024-06-23T20:27:54+00:00","og_image":[{"width":300,"height":169,"url":"https:\/\/villa-albertine.org\/wp-content\/uploads\/2024\/06\/Oakland-x-Paris-300x169-1.jpeg","type":"image\/jpeg"}],"twitter_card":"summary_large_image","twitter_misc":{"Est. reading time":"2 minutes"},"schema":{"@context":"https:\/\/schema.org","@graph":[{"@type":"WebPage","@id":"https:\/\/villa-albertine.org\/va\/professionals\/city-cite-oakland-x-saint-denis-2024\/","url":"https:\/\/villa-albertine.org\/va\/professionals\/city-cite-oakland-x-saint-denis-2024\/","name":"City\/Cit\u00e9 Oakland x Saint Denis 2024 - Villa Albertine","isPartOf":{"@id":"https:\/\/villa-albertine.org\/va\/#website"},"primaryImageOfPage":{"@id":"https:\/\/villa-albertine.org\/va\/professionals\/city-cite-oakland-x-saint-denis-2024\/#primaryimage"},"image":{"@id":"https:\/\/villa-albertine.org\/va\/professionals\/city-cite-oakland-x-saint-denis-2024\/#primaryimage"},"thumbnailUrl":"https:\/\/villa-albertine.org\/wp-content\/uploads\/2024\/06\/Oakland-x-Paris-300x169-1.jpeg","datePublished":"2024-06-23T06:44:10+00:00","dateModified":"2024-06-23T20:27:54+00:00","breadcrumb":{"@id":"https:\/\/villa-albertine.org\/va\/professionals\/city-cite-oakland-x-saint-denis-2024\/#breadcrumb"},"inLanguage":"en-US","potentialAction":[{"@type":"ReadAction","target":["https:\/\/villa-albertine.org\/va\/professionals\/city-cite-oakland-x-saint-denis-2024\/"]}]},{"@type":"ImageObject","inLanguage":"en-US","@id":"https:\/\/villa-albertine.org\/va\/professionals\/city-cite-oakland-x-saint-denis-2024\/#primaryimage","url":"https:\/\/villa-albertine.org\/wp-content\/uploads\/2024\/06\/Oakland-x-Paris-300x169-1.jpeg","contentUrl":"https:\/\/villa-albertine.org\/wp-content\/uploads\/2024\/06\/Oakland-x-Paris-300x169-1.jpeg","width":300,"height":169,"caption":"\u00a9L\u00e0, l\u00e0 ou l\u00e0 \/ Alice Caron - illustrations cartographiques"},{"@type":"BreadcrumbList","@id":"https:\/\/villa-albertine.org\/va\/professionals\/city-cite-oakland-x-saint-denis-2024\/#breadcrumb","itemListElement":[{"@type":"ListItem","position":1,"name":"Home","item":"https:\/\/villa-albertine.org\/va\/"},{"@type":"ListItem","position":2,"name":"City\/Cit\u00e9 Oakland x Saint Denis 2024"}]},{"@type":"WebSite","@id":"https:\/\/villa-albertine.org\/va\/#website","url":"https:\/\/villa-albertine.org\/va\/","name":"Villa Albertine","description":"","potentialAction":[{"@type":"SearchAction","target":{"@type":"EntryPoint","urlTemplate":"https:\/\/villa-albertine.org\/va\/?s={search_term_string}"},"query-input":{"@type":"PropertyValueSpecification","valueRequired":true,"valueName":"search_term_string"}}],"inLanguage":"en-US"}]}},"_links":{"self":[{"href":"https:\/\/villa-albertine.org\/va\/wp-json\/wp\/v2\/app_professional\/679023","targetHints":{"allow":["GET"]}}],"collection":[{"href":"https:\/\/villa-albertine.org\/va\/wp-json\/wp\/v2\/app_professional"}],"about":[{"href":"https:\/\/villa-albertine.org\/va\/wp-json\/wp\/v2\/types\/app_professional"}],"wp:featuredmedia":[{"embeddable":true,"href":"https:\/\/villa-albertine.org\/va\/wp-json\/wp\/v2\/media\/679039"}],"wp:attachment":[{"href":"https:\/\/villa-albertine.org\/va\/wp-json\/wp\/v2\/media?parent=679023"}],"wp:term":[{"taxonomy":"app_discipline","embeddable":true,"href":"https:\/\/villa-albertine.org\/va\/wp-json\/wp\/v2\/app_discipline?post=679023"},{"taxonomy":"app_city_tax","embeddable":true,"href":"https:\/\/villa-albertine.org\/va\/wp-json\/wp\/v2\/app_city_tax?post=679023"},{"taxonomy":"app_professional_category","embeddable":true,"href":"https:\/\/villa-albertine.org\/va\/wp-json\/wp\/v2\/app_professional_category?post=679023"},{"taxonomy":"app_professional_content_type","embeddable":true,"href":"https:\/\/villa-albertine.org\/va\/wp-json\/wp\/v2\/app_professional_content_type?post=679023"}],"curies":[{"name":"wp","href":"https:\/\/api.w.org\/{rel}","templated":true}]}}