{"id":61833,"date":"2022-11-18T16:19:28","date_gmt":"2022-11-18T16:19:28","guid":{"rendered":"https:\/\/villa-albertine.org\/professionals\/villa-albertine-2023-dance-season\/"},"modified":"2024-01-27T21:56:11","modified_gmt":"2024-01-27T21:56:11","slug":"villa-albertine-2023-dance-season","status":"publish","type":"app_professional","link":"https:\/\/villa-albertine.org\/va\/professionals\/villa-albertine-2023-dance-season\/","title":{"rendered":"Albertine Dance Season 2023"},"content":{"rendered":"<p>For many years, international dance exchange between France and the United States has been thriving. The ability to cultivate new relationships and reinforce dynamic cooperation among individuals and institutions across the Atlantic has nurture and given rise to a new generation of artists and choreographers. Mutual artistic influences have created a more inclusive and diverse dance scene.<\/p>\n<p>To continue the momentum, Villa Albertine, the new French institution for arts and ideas in the United States organizes a <strong>Dance Season<\/strong> in 2023 to reflect on the evolution of dance in a post pandemic world and to encourage a new generation of dance makers.<\/p>\n<p>Developed with the support of major French institutions such as Institut fran\u00e7ais, <a href=\"https:\/\/www.cnd.fr\/fr\/\">Centre National de la Danse <\/a>(CN D), the French Ministry of Culture, <a href=\"https:\/\/face-foundation.org\/artistic-funds\/\">Albertine Foundation<\/a>, and several U.S. presenting partners, the Albertine Dance Season features several programs all along the year 2023 as follows:<\/p>\n<p>See the\u00a0<a href=\"https:\/\/villa-albertine.org\/events\/albertine-dance-season\">Schedule of Events<\/a>\u00a0page for performance dates and other events such as talks.<\/p>\n<p><strong><u>Choreographers, Artists, and Scholars in Residence<\/u>\u00a0<\/strong><\/p>\n<p>A program of residencies in the United States with research themes as different as new trends of urban dances, the body as an archive, among others, in dialogue with professionals and communities to develop future collaboration.<\/p>\n<p>Read more about their projects here:<\/p>\n<p><a href=\"https:\/\/villa-albertine.org\/residents\/wanjiru-kamuyu-dirk-korell\">Wanjiru Kamuyu &amp; Dirk Korell<\/a>\u00a0(Feb-March)\u00a0 \/\u00a0\u00a0<a href=\"https:\/\/villa-albertine.org\/residents\/smail-kanoute\">Sma\u00efl Kanout\u00e9<\/a>\u00a0(March)\u00a0\/\u00a0 <a href=\"https:\/\/villa-albertine.org\/residents\/lena-blou\">L\u00e9na Blou<\/a>\u00a0(March-April) \/\u00a0 <a href=\"https:\/\/villa-albertine.org\/residents\/et-peter-steven-ashley-chen\">Ashley Chen &amp;\u00a0Peter Steven<\/a>\u00a0(Feb-March) \/\u00a0<a href=\"https:\/\/villa-albertine.org\/residents\/jonathan-drillet-marlene-saldana\">Jonathan Drillet &amp; Marl\u00e8ne Saldana<\/a>\u00a0(March) \/\u00a0\u00a0<a href=\"https:\/\/villa-albertine.org\/residents\/noel-soulier\">No\u00e9 Soulier<\/a>\u00a0 (April) \/ \u00a0\u00a0<a href=\"https:\/\/villa-albertine.org\/residents\/amala-dianor-gregoire-korganow\">Amala Dianor &amp; Gr\u00e9goire Korganow<\/a>\u00a0(April)\u00a0 \/\u00a0<a href=\"https:\/\/villa-albertine.org\/residents\/nelisiwe-xaba\">Nelisiwe Xaba<\/a>\u00a0 (April) \/ <a href=\"https:\/\/villa-albertine.org\/residents\/flora-detraz\">Flora Detraz<\/a>\u00a0(May) \/\u00a0\u00a0<a href=\"https:\/\/villa-albertine.org\/residents\/hamid-ben-mahi-christophe-hutin\">Hamid Ben Mahi &amp; Christophe Hutin<\/a>\u00a0(June) \/ <a href=\"https:\/\/villa-albertine.org\/residents\/sarah-fila-bakabadio\">Sarah Fila-Bakabadio<\/a>\u00a0(May-June)<\/p>\n<p><u><strong>Companies on Tour<\/strong><\/u><\/p>\n<p>Several emerging and established companies will tour the United States featuring recent creations, many with multidisciplinary practices:<strong> Doroth\u00e9e Munyaneza<\/strong>, <strong>Nacera Belaza<\/strong>, <strong>Sma\u00efl Kanout\u00e9,\u00a0Calixto Neto, Dimitri Chamblas<\/strong>, to name just a few.<\/p>\n<p>French-American collaborations are also part of the Dance Season such as <em>Cela nous concerne tous \/\u00a0<\/em>This Concerns All of Us,\u00a0 a commission from<strong>\u00a0CCN Ballet de Lorraine<\/strong> to the American choreographer-performer <strong>Miguel Gutierrez <\/strong>and<strong>\u00a0<\/strong><em>For Four Walls<\/em>, choreographed by\u00a0<strong>Petter Jacobsson<\/strong>\u00a0and\u00a0<strong>Thomas Caley\u00a0<\/strong>(April 21-22, at <a href=\"https:\/\/nyuskirball.org\/events\/this-concerns-all-of-us\/\">NYU Skirball<\/a>)<\/p>\n<p><u><strong>A Fall Dance Festival in New York<\/strong><\/u><\/p>\n<p>Over the course of two weeks from October 19 to November 3rd,<strong> Dance Reflections\u00a0by Van Cleef &amp; Arpels Festival<\/strong> will present up to 10 companies, It includes American premieres by artists and companies such as (LA)HORDE-Ballet de National de Marseille, Gis\u00e8le Vienne, Rachid Ouramdane, Doroth\u00e9e Munyaneza, Lyon Opera Ballet and Lucinda Childs, Ola Maciejewska, Boris Charmatz&#8230; See the full program and details <a href=\"https:\/\/www.dancereflections-vancleefarpels.com\/en\/new-york\">here<\/a><\/p>\n<p><u><strong>Dialogues and Discussions<\/strong><\/u><\/p>\n<p>Programs of discussions will be developed across disciplines with dance makers, scholars and curators to nurture dialogues as well as a robust presence on campuses to reinforce educational and exchange programs. Dates are announced on the <a href=\"https:\/\/villa-albertine.org\/events\/albertine-dance-season\">Schedule of Events<\/a> page<\/p>\n<p><u><strong>A Professional Symposium<\/strong><\/u><\/p>\n<p>A <strong>professional symposium<\/strong> (in person\/online) will reflect on future partnerships based upon history and present time. It will gather key actors in the dance and performance field in the U.S. and bring partners from across the Atlantic to elaborate a series of best practices and tools to support future partnerships on dance making and curating. The dates are announced: October 26-27, 10am-5pm, in New York<\/p>\n<p><u><strong>The Dance Films Catalogue<\/strong><\/u><\/p>\n<p>The\u00a0<a href=\"https:\/\/villa-albertine.org\/professionals\/dance-films-catalogue\"><strong>Dance Films Catalogue<\/strong><\/a>\u00a0conceived in 2021 features films and documentaries by and with artists of various backgrounds. While most of the films are recent releases, the catalogue also includes titles from the past decade and earlier. The online catalogue is updated regularly with new features.<br \/>\nThe aim is\u00a0to promote the work of choreographers, dancers and directors including a new generation of dance makers such as <strong>Sma\u00efl Kanout\u00e9, Flora D\u00e9traz, (LA)HORDE<\/strong>. It is a resource for contemporary and performing arts centers, dance film festivals, and universities to discover new works, new artists, and present them.<\/p>\n<p><em><strong><a href=\"https:\/\/mission-culturelle-production-cdn.s3.us-west-1.amazonaws.com\/2023-04\/Dance%20Films%20Catalogue%203.pdf\">Download the\u00a0<\/a><a href=\"https:\/\/mission-culturelle-production-cdn.s3.us-west-1.amazonaws.com\/2023-04\/Dance%20Films%20Catalogue%203.pdf\">Catalogue<\/a><\/strong><\/em><\/p>\n<p><u><strong>Films on the Green<\/strong><\/u><\/p>\n<p>Get ready to experience the beauty and passion of dance on the big screen with Films on the Green 2023, New York City&#8217;s free outdoor French film festival. Produced in partnership with NYC Parks and the FACE Foundation, this annual festival returns to Manhattan and Brooklyn&#8217;s parks from June 2 to September 8, showcasing 12 features that will transport you into a world of rhythm and emotion.<\/p>\n<p><em><strong><a href=\"https:\/\/villa-albertine.org\/events\/FilmsontheGreen2023\">2023 Film Schedule<\/a><\/strong><\/em><\/p>\n<p><u><strong>Resources<\/strong><\/u><\/p>\n<p><strong><a href=\"https:\/\/acrobat.adobe.com\/link\/track?uri=urn:aaid:scds:US:a35e314d-7a17-4775-8648-2b7da687b70d\">Reading List : <em>Black Archives Dancing<\/em><\/a><\/strong><\/p>\n<p><a href=\"https:\/\/acrobat.adobe.com\/link\/review?uri=urn:aaid:scds:US:f9f8b29f-ea61-4946-9bce-b2186ef146a5\"><strong>Reading List : <em>Transformations, a partial history of Hip Hop Dance across France and the US<\/em><\/strong><\/a><\/p>\n<p><strong>For more information, contact:<\/strong><\/p>\n<p>Diane Josse, Cultural Attach\u00e9, Visual and Performing Arts | E-mail:\u00a0<a href=\"mailto:diane.josse@villa-albertine.org\">diane.josse@villa-albertine.org<\/a><\/p>\n<p>Nicole Birmann Bloom, Program Officer, Performing Arts | E-mail: <a href=\"mailto:nicole.birmann-bloom@villa-albertine.org\">nicole.birmann-bloom@villa-albertine.org<\/a><\/p>\n<p>Louise Dodet, Coordinator | E-mail: <a href=\"mailto:louise.dodet@villa-albertine.org\">louise.dodet@villa-albertine.org<\/a><\/p>\n<p>No\u00e9mie Solomon, Advisor, Curator of <a href=\"https:\/\/villa-albertine.org\/events\/dance-assembly-conversation-series\"><em>Dance Assembly: Conversation Series<\/em><\/a> for the Albertine Dance Season including the Professional Symposium in 2023<\/p>\n<p>Photo: <em>Cela nous concerne tous (This\u00a0Concerns All of Us) &#8211; <\/em>Choreography by Miguel Gutierrez for the dancers of CCN Ballet de Lorraine &#8211; \u00a9 Laurent Philippe<\/p>\n","protected":false},"featured_media":61831,"menu_order":0,"template":"","app_discipline":[234,227],"app_city_tax":[235,221,214,223,222,220,216,224,217,225,226],"app_professional_category":[255],"app_professional_content_type":[257,254],"class_list":["post-61833","app_professional","type-app_professional","status-publish","has-post-thumbnail","hentry","app_discipline-all-disciplines","app_discipline-performing-arts","app_city_tax-all-cities","app_city_tax-atl","app_city_tax-bos","app_city_tax-chi","app_city_tax-hou","app_city_tax-la","app_city_tax-mia","app_city_tax-nola","app_city_tax-nyc","app_city_tax-sf","app_city_tax-dc","app_professional_category-performing-arts","app_professional_content_type-grants_programs","app_professional_content_type-news"],"acf":[],"yoast_head":"<!-- This site is optimized with the Yoast SEO plugin v27.3 - https:\/\/yoast.com\/product\/yoast-seo-wordpress\/ -->\n<title>Albertine Dance Season 2023 - Villa Albertine<\/title>\n<meta name=\"robots\" content=\"index, follow, max-snippet:-1, max-image-preview:large, max-video-preview:-1\" \/>\n<link rel=\"canonical\" href=\"https:\/\/villa-albertine.org\/va\/professionals\/villa-albertine-2023-dance-season\/\" \/>\n<meta property=\"og:locale\" content=\"en_US\" \/>\n<meta property=\"og:type\" content=\"article\" \/>\n<meta property=\"og:title\" content=\"Albertine Dance Season 2023 - Villa Albertine\" \/>\n<meta property=\"og:description\" content=\"For many years, international dance exchange between France and the United States has been thriving. The ability to cultivate new relationships and reinforce dynamic cooperation among individuals and institutions across the Atlantic has nurture and given rise to a new generation of artists and choreographers. Mutual artistic influences have created a more inclusive and diverse...\" \/>\n<meta property=\"og:url\" content=\"https:\/\/villa-albertine.org\/va\/professionals\/villa-albertine-2023-dance-season\/\" \/>\n<meta property=\"og:site_name\" content=\"Villa Albertine\" \/>\n<meta property=\"article:modified_time\" content=\"2024-01-27T21:56:11+00:00\" \/>\n<meta property=\"og:image\" content=\"https:\/\/villa-albertine.org\/wp-content\/uploads\/2023\/08\/CELANOUSCONCERNETOUS-1C2A9LaurentPhilippe.jpg\" \/>\n\t<meta property=\"og:image:width\" content=\"1392\" \/>\n\t<meta property=\"og:image:height\" content=\"928\" \/>\n\t<meta property=\"og:image:type\" content=\"image\/jpeg\" \/>\n<meta name=\"twitter:card\" content=\"summary_large_image\" \/>\n<meta name=\"twitter:label1\" content=\"Est. reading time\" \/>\n\t<meta name=\"twitter:data1\" content=\"4 minutes\" \/>\n<script type=\"application\/ld+json\" class=\"yoast-schema-graph\">{\"@context\":\"https:\\\/\\\/schema.org\",\"@graph\":[{\"@type\":\"WebPage\",\"@id\":\"https:\\\/\\\/villa-albertine.org\\\/va\\\/professionals\\\/villa-albertine-2023-dance-season\\\/\",\"url\":\"https:\\\/\\\/villa-albertine.org\\\/va\\\/professionals\\\/villa-albertine-2023-dance-season\\\/\",\"name\":\"Albertine Dance Season 2023 - Villa Albertine\",\"isPartOf\":{\"@id\":\"https:\\\/\\\/villa-albertine.org\\\/va\\\/#website\"},\"primaryImageOfPage\":{\"@id\":\"https:\\\/\\\/villa-albertine.org\\\/va\\\/professionals\\\/villa-albertine-2023-dance-season\\\/#primaryimage\"},\"image\":{\"@id\":\"https:\\\/\\\/villa-albertine.org\\\/va\\\/professionals\\\/villa-albertine-2023-dance-season\\\/#primaryimage\"},\"thumbnailUrl\":\"https:\\\/\\\/villa-albertine.org\\\/wp-content\\\/uploads\\\/2023\\\/08\\\/CELANOUSCONCERNETOUS-1C2A9LaurentPhilippe.jpg\",\"datePublished\":\"2022-11-18T16:19:28+00:00\",\"dateModified\":\"2024-01-27T21:56:11+00:00\",\"breadcrumb\":{\"@id\":\"https:\\\/\\\/villa-albertine.org\\\/va\\\/professionals\\\/villa-albertine-2023-dance-season\\\/#breadcrumb\"},\"inLanguage\":\"en-US\",\"potentialAction\":[{\"@type\":\"ReadAction\",\"target\":[\"https:\\\/\\\/villa-albertine.org\\\/va\\\/professionals\\\/villa-albertine-2023-dance-season\\\/\"]}]},{\"@type\":\"ImageObject\",\"inLanguage\":\"en-US\",\"@id\":\"https:\\\/\\\/villa-albertine.org\\\/va\\\/professionals\\\/villa-albertine-2023-dance-season\\\/#primaryimage\",\"url\":\"https:\\\/\\\/villa-albertine.org\\\/wp-content\\\/uploads\\\/2023\\\/08\\\/CELANOUSCONCERNETOUS-1C2A9LaurentPhilippe.jpg\",\"contentUrl\":\"https:\\\/\\\/villa-albertine.org\\\/wp-content\\\/uploads\\\/2023\\\/08\\\/CELANOUSCONCERNETOUS-1C2A9LaurentPhilippe.jpg\",\"width\":1392,\"height\":928},{\"@type\":\"BreadcrumbList\",\"@id\":\"https:\\\/\\\/villa-albertine.org\\\/va\\\/professionals\\\/villa-albertine-2023-dance-season\\\/#breadcrumb\",\"itemListElement\":[{\"@type\":\"ListItem\",\"position\":1,\"name\":\"Home\",\"item\":\"https:\\\/\\\/villa-albertine.org\\\/va\\\/\"},{\"@type\":\"ListItem\",\"position\":2,\"name\":\"Albertine Dance Season 2023\"}]},{\"@type\":\"WebSite\",\"@id\":\"https:\\\/\\\/villa-albertine.org\\\/va\\\/#website\",\"url\":\"https:\\\/\\\/villa-albertine.org\\\/va\\\/\",\"name\":\"Villa Albertine\",\"description\":\"\",\"potentialAction\":[{\"@type\":\"SearchAction\",\"target\":{\"@type\":\"EntryPoint\",\"urlTemplate\":\"https:\\\/\\\/villa-albertine.org\\\/va\\\/?s={search_term_string}\"},\"query-input\":{\"@type\":\"PropertyValueSpecification\",\"valueRequired\":true,\"valueName\":\"search_term_string\"}}],\"inLanguage\":\"en-US\"}]}<\/script>\n<!-- \/ Yoast SEO plugin. -->","yoast_head_json":{"title":"Albertine Dance Season 2023 - Villa Albertine","robots":{"index":"index","follow":"follow","max-snippet":"max-snippet:-1","max-image-preview":"max-image-preview:large","max-video-preview":"max-video-preview:-1"},"canonical":"https:\/\/villa-albertine.org\/va\/professionals\/villa-albertine-2023-dance-season\/","og_locale":"en_US","og_type":"article","og_title":"Albertine Dance Season 2023 - Villa Albertine","og_description":"For many years, international dance exchange between France and the United States has been thriving. The ability to cultivate new relationships and reinforce dynamic cooperation among individuals and institutions across the Atlantic has nurture and given rise to a new generation of artists and choreographers. Mutual artistic influences have created a more inclusive and diverse...","og_url":"https:\/\/villa-albertine.org\/va\/professionals\/villa-albertine-2023-dance-season\/","og_site_name":"Villa Albertine","article_modified_time":"2024-01-27T21:56:11+00:00","og_image":[{"width":1392,"height":928,"url":"https:\/\/villa-albertine.org\/wp-content\/uploads\/2023\/08\/CELANOUSCONCERNETOUS-1C2A9LaurentPhilippe.jpg","type":"image\/jpeg"}],"twitter_card":"summary_large_image","twitter_misc":{"Est. reading time":"4 minutes"},"schema":{"@context":"https:\/\/schema.org","@graph":[{"@type":"WebPage","@id":"https:\/\/villa-albertine.org\/va\/professionals\/villa-albertine-2023-dance-season\/","url":"https:\/\/villa-albertine.org\/va\/professionals\/villa-albertine-2023-dance-season\/","name":"Albertine Dance Season 2023 - Villa Albertine","isPartOf":{"@id":"https:\/\/villa-albertine.org\/va\/#website"},"primaryImageOfPage":{"@id":"https:\/\/villa-albertine.org\/va\/professionals\/villa-albertine-2023-dance-season\/#primaryimage"},"image":{"@id":"https:\/\/villa-albertine.org\/va\/professionals\/villa-albertine-2023-dance-season\/#primaryimage"},"thumbnailUrl":"https:\/\/villa-albertine.org\/wp-content\/uploads\/2023\/08\/CELANOUSCONCERNETOUS-1C2A9LaurentPhilippe.jpg","datePublished":"2022-11-18T16:19:28+00:00","dateModified":"2024-01-27T21:56:11+00:00","breadcrumb":{"@id":"https:\/\/villa-albertine.org\/va\/professionals\/villa-albertine-2023-dance-season\/#breadcrumb"},"inLanguage":"en-US","potentialAction":[{"@type":"ReadAction","target":["https:\/\/villa-albertine.org\/va\/professionals\/villa-albertine-2023-dance-season\/"]}]},{"@type":"ImageObject","inLanguage":"en-US","@id":"https:\/\/villa-albertine.org\/va\/professionals\/villa-albertine-2023-dance-season\/#primaryimage","url":"https:\/\/villa-albertine.org\/wp-content\/uploads\/2023\/08\/CELANOUSCONCERNETOUS-1C2A9LaurentPhilippe.jpg","contentUrl":"https:\/\/villa-albertine.org\/wp-content\/uploads\/2023\/08\/CELANOUSCONCERNETOUS-1C2A9LaurentPhilippe.jpg","width":1392,"height":928},{"@type":"BreadcrumbList","@id":"https:\/\/villa-albertine.org\/va\/professionals\/villa-albertine-2023-dance-season\/#breadcrumb","itemListElement":[{"@type":"ListItem","position":1,"name":"Home","item":"https:\/\/villa-albertine.org\/va\/"},{"@type":"ListItem","position":2,"name":"Albertine Dance Season 2023"}]},{"@type":"WebSite","@id":"https:\/\/villa-albertine.org\/va\/#website","url":"https:\/\/villa-albertine.org\/va\/","name":"Villa Albertine","description":"","potentialAction":[{"@type":"SearchAction","target":{"@type":"EntryPoint","urlTemplate":"https:\/\/villa-albertine.org\/va\/?s={search_term_string}"},"query-input":{"@type":"PropertyValueSpecification","valueRequired":true,"valueName":"search_term_string"}}],"inLanguage":"en-US"}]}},"_links":{"self":[{"href":"https:\/\/villa-albertine.org\/va\/wp-json\/wp\/v2\/app_professional\/61833","targetHints":{"allow":["GET"]}}],"collection":[{"href":"https:\/\/villa-albertine.org\/va\/wp-json\/wp\/v2\/app_professional"}],"about":[{"href":"https:\/\/villa-albertine.org\/va\/wp-json\/wp\/v2\/types\/app_professional"}],"wp:featuredmedia":[{"embeddable":true,"href":"https:\/\/villa-albertine.org\/va\/wp-json\/wp\/v2\/media\/61831"}],"wp:attachment":[{"href":"https:\/\/villa-albertine.org\/va\/wp-json\/wp\/v2\/media?parent=61833"}],"wp:term":[{"taxonomy":"app_discipline","embeddable":true,"href":"https:\/\/villa-albertine.org\/va\/wp-json\/wp\/v2\/app_discipline?post=61833"},{"taxonomy":"app_city_tax","embeddable":true,"href":"https:\/\/villa-albertine.org\/va\/wp-json\/wp\/v2\/app_city_tax?post=61833"},{"taxonomy":"app_professional_category","embeddable":true,"href":"https:\/\/villa-albertine.org\/va\/wp-json\/wp\/v2\/app_professional_category?post=61833"},{"taxonomy":"app_professional_content_type","embeddable":true,"href":"https:\/\/villa-albertine.org\/va\/wp-json\/wp\/v2\/app_professional_content_type?post=61833"}],"curies":[{"name":"wp","href":"https:\/\/api.w.org\/{rel}","templated":true}]}}