{"id":61817,"date":"2023-05-30T14:18:05","date_gmt":"2023-05-30T14:18:05","guid":{"rendered":"https:\/\/villa-albertine.org\/professionals\/performing-arts-festivals-in-france-summer-2023\/"},"modified":"2023-08-23T07:59:13","modified_gmt":"2023-08-23T07:59:13","slug":"performing-arts-festivals-in-france-summer-2023","status":"publish","type":"app_professional","link":"https:\/\/villa-albertine.org\/va\/professionals\/performing-arts-festivals-in-france-summer-2023\/","title":{"rendered":"Performing Arts Festivals in France Summer 2023"},"content":{"rendered":"<p>Here is a selection of the festivals in France that present the most innovative works from across the contemporary performance world:<\/p>\n<p><strong>Paris<\/strong><\/p>\n<ul>\n<li><strong><a href=\"http:\/\/lemouffetard.com\/content\/festival\">Biennale des arts de la marionnette<\/a> \/\/ May 10th \u2013 June 4th<\/strong><\/li>\n<\/ul>\n<p>The BIAM showcases performances by leading contemporary puppet artists from Europe and beyond.<\/p>\n<ul>\n<li><strong><a href=\"https:\/\/www.rencontreschoregraphiques.com\/\">Rencontres chor\u00e9graphiques internationales de Seine Saint-Denis<\/a> \/\/ May 12th &#8211; June 17th<\/strong><\/li>\n<\/ul>\n<p>Les Rencontres Chor\u00e9graphiques aims to reveal a new generation of contemporary choreographers, and to place this project at the heart of communities in Seine-Saint-Denis, generating dialogue around a contemporary art scene.<\/p>\n<ul>\n<li><strong><a href=\"https:\/\/www.atelierdeparis.org\/\">June Events- L&#8217;atelier de Paris<\/a> \/\/ May 30th \u2013 June 17th<\/strong><\/li>\n<\/ul>\n<p>L&#8217;Atelier de Paris showcases the latest in French and international choreographic creation with the JUNE EVENTS festival.<\/p>\n<ul>\n<li><strong><a href=\"https:\/\/www.parislete.fr\/en\">Paris l\u2019\u00e9t\u00e9<\/a> \/\/ July 10th \u2013 July 30th\u00a0<\/strong><\/li>\n<\/ul>\n<p>The Paris Summer Festival offers major artistic and cultural events throughout Paris and its region. Theater, dance, circus, music, performances and plastic installations take over many well-known and unusual places in the capital, most often in the open air and outside traditional performance venues.<\/p>\n<ul>\n<li><strong><a href=\"https:\/\/www.festival-automne.com\/en\/program\">Festival d&#8217;Automne \u00e0 Paris<\/a> \/\/ Fall<\/strong><\/li>\n<\/ul>\n<p>Theatre, music, dance, visual arts and cinema. The Festival d\u2019Automne \u00e0 Paris is dedicated to the contemporary arts and convergence of different disciplines. Each year, from September to December, it hosts almost 50 events and welcomes 250 000 spectators.<\/p>\n<p>\u00a0<\/p>\n<p><strong>South of France<\/strong><\/p>\n<ul>\n<li><strong><a href=\"https:\/\/www.festivaldemarseille.com\/en\">Festival de Marseille<\/a> \/\/ June 17th &#8211; July 9th<\/strong><\/li>\n<\/ul>\n<p>Diverse, festive and international, the Festival de Marseille reflects the energy and vibrancy of the City of Marseille. Dance, theater, concerts, installations, performances, cinema, talks and parties are part of the programme.<\/p>\n<ul>\n<li><strong><a href=\"https:\/\/www.montpellierdanse.com\/\">Montpellier Danse Festival<\/a> \/\/ June 20th &#8211; July 4th<\/strong><\/li>\n<\/ul>\n<p>Launched as an initiative by the City of Montpellier and the national choreographic center, Montpellier Danse Festival is open to a broad audience and aims to be a meeting point for all forms of dance and all world cultures.<\/p>\n<ul>\n<li><strong><a href=\"https:\/\/printempsdescomediens.com\/\">Printemps des Com\u00e9diens\u00a0Montpellier<\/a> \/\/ June 1st &#8211; June 21th<\/strong><\/li>\n<\/ul>\n<p>This major cultural event in Montpellier offers performances where all forms of expression &#8211; music, dance, theater, visual arts, circus &#8211; merge and interact.<\/p>\n<ul>\n<li><strong><a href=\"https:\/\/cratere-surfaces.com\/\">Crateres Surfaces, Al\u00e8s international outdoor festival<\/a> \/\/ July 6th, 7th, 8th<\/strong><\/li>\n<\/ul>\n<p>Dedicated to all the forms of street performance (theater, circus, dance, music&#8230;), Crat\u00e8re Surfaces\u00a0opens up to the world by highlighting international proposals, with this year the Catalan companies in the spotlight.<\/p>\n<ul>\n<li><strong><a href=\"https:\/\/festival-aix.com\/en\">Festival international d\u2019Art Lyrique d\u2019Aix-en-Provence<\/a>\u00a0 \/\/ July 4th &#8211; July 24th<\/strong><\/li>\n<\/ul>\n<p>Created in 1948, the Festival d\u2019Aix-en-Provence quickly emerged as one of the leading events of the opera season.<\/p>\n<ul>\n<li><strong><a href=\"https:\/\/festival-avignon.com\/en\">Festival d&#8217;Avignon IN<\/a> \/\/ July 5th &#8211; July 25th<\/strong><\/li>\n<\/ul>\n<p>Founded in 1947 by Jean Vilar, the Festival d\u2019Avignon is one of the world&#8217;s most important contemporary performing arts events. Every year in July, Avignon becomes a\u00a0<em>city-theater<\/em>, transforming its architectural heritage into various majestic and surprising performance venues.<\/p>\n<ul>\n<li><strong><a href=\"https:\/\/www.festivaloffavignon.com\/\">Festival d\u2019Avignon OFF<\/a> \/\/ July 7th &#8211; July 29th<\/strong><\/li>\n<\/ul>\n<p>A space for spontaneous creation, created around the Festival d&#8217;Avignon IN, the Festival d&#8217;Avignon OFF is built around the independence of the participating structures and welcomes the richness and diversity of national and international artistic creation.<\/p>\n<ul>\n<li><strong><a href=\"https:\/\/www.aurillac.net\/index.php\/en\/\">Festival d&#8217;Aurillac<\/a> \/\/ August 23rd &#8211; August 26th<\/strong><\/li>\n<\/ul>\n<p>\u00c9CLAT, National Centre for Street Arts and Arts in Public Space\u00a0has been leading the organization of the Festival d&#8217;Aurillac, an international street theater festival, since 1986.<\/p>\n<ul>\n<li><strong><a href=\"https:\/\/www.actoral.org\/\">Actoral Marseille<\/a>\u00a0\/\/ September 21st &#8211; October 14th<\/strong><\/li>\n<\/ul>\n<p>With a multi-disciplinary program that combines theater, dance, visual arts, performance, music, film and literature, the international festival Actoral showcases the diversity and vitality of contemporary creation.<\/p>\n<p>\u00a0<\/p>\n<p><strong>North of France<\/strong><\/p>\n<ul>\n<li><strong><a href=\"https:\/\/latitudescontemporaines.com\/en\/festival-presentation\/\">Latitudes contemporaines Lille<\/a>\u00a0\/\/ June 6th &#8211; June 28th<\/strong><\/li>\n<\/ul>\n<p>In Lille and surroundings, this edition will focus on transmissions and intimate and political revolutions. Pluridisciplinary in its DNA, the festival will be mixing again this year shows, concerts, parties and areas of exchange and crossings.<\/p>\n<ul>\n<li><strong><a href=\"https:\/\/festival-marionnette.com\/en\/\">Festival Mondial des Th\u00e9\u00e2tres de Marionnettes Charleville-M\u00e9zi\u00e8res<\/a>\u00a0\/\/ September 16th &#8211; September 24th<\/strong><\/li>\n<\/ul>\n<p>The FMTM is the largest puppet theatre festival in the world since 1961\u00a0and takes place in Charleville-M\u00e9zi\u00e8res in the Ardennes.<\/p>\n<p>\u00a0<\/p>\n<p><strong>West of France<\/strong><\/p>\n<ul>\n<li><strong><a href=\"https:\/\/fab.festivalbordeaux.com\/\">Festival International des Arts de Bordeaux M\u00e9tropole (FAB)<\/a> \/\/ September 30th &#8211; October 15th<\/strong><\/li>\n<\/ul>\n<p>Created in 2016\u00a0, the FAB is a multidisciplinary festival defending contemporary writing in all its forms of expression \u2013 performance, dance, theatre, music, visual arts, giving pride of place to hybrid and unclassifiable approaches.<\/p>\n<p>\u00a0<\/p>\n<p><strong>East of France<\/strong><\/p>\n<ul>\n<li><strong><a href=\"https:\/\/www.chalondanslarue.com\/fr\/le-festival\/presentation\">Chalon dans la Rue<\/a> \/\/ July 19th &#8211; July 23rd<\/strong><\/li>\n<\/ul>\n<p>Chalon dans la rue festival is an essential reference for creation in public spaces, a festive and intense moment of shared culture. Every year for more than 30 years, 130 to 150 french and international companies take over Chalon-sur-Sa\u00f4ne and turn the city into a monumental urban stage.<\/p>\n","protected":false},"featured_media":61815,"menu_order":0,"template":"","app_discipline":[227],"app_city_tax":[235,217],"app_professional_category":[255],"app_professional_content_type":[254],"class_list":["post-61817","app_professional","type-app_professional","status-publish","has-post-thumbnail","hentry","app_discipline-performing-arts","app_city_tax-all-cities","app_city_tax-nyc","app_professional_category-performing-arts","app_professional_content_type-news"],"acf":[],"yoast_head":"<!-- This site is optimized with the Yoast SEO plugin v27.3 - https:\/\/yoast.com\/product\/yoast-seo-wordpress\/ -->\n<title>Performing Arts Festivals in France Summer 2023 - Villa Albertine<\/title>\n<meta name=\"robots\" content=\"index, follow, max-snippet:-1, max-image-preview:large, max-video-preview:-1\" \/>\n<link rel=\"canonical\" href=\"https:\/\/villa-albertine.org\/va\/professionals\/performing-arts-festivals-in-france-summer-2023\/\" \/>\n<meta property=\"og:locale\" content=\"en_US\" \/>\n<meta property=\"og:type\" content=\"article\" \/>\n<meta property=\"og:title\" content=\"Performing Arts Festivals in France Summer 2023 - Villa Albertine\" \/>\n<meta property=\"og:description\" content=\"Here is a selection of the festivals in France that present the most innovative works from across the contemporary performance world: Paris Biennale des arts de la marionnette \/\/ May 10th \u2013 June 4th The BIAM showcases performances by leading contemporary puppet artists from Europe and beyond. Rencontres chor\u00e9graphiques internationales de Seine Saint-Denis \/\/ May...\" \/>\n<meta property=\"og:url\" content=\"https:\/\/villa-albertine.org\/va\/professionals\/performing-arts-festivals-in-france-summer-2023\/\" \/>\n<meta property=\"og:site_name\" content=\"Villa Albertine\" \/>\n<meta property=\"article:modified_time\" content=\"2023-08-23T07:59:13+00:00\" \/>\n<meta property=\"og:image\" content=\"https:\/\/villa-albertine.org\/wp-content\/uploads\/2023\/08\/03-juillet-2022c_Luca-ianelli-pour-Montpellier-Danse-2_0.jpg\" \/>\n\t<meta property=\"og:image:width\" content=\"1392\" \/>\n\t<meta property=\"og:image:height\" content=\"777\" \/>\n\t<meta property=\"og:image:type\" content=\"image\/jpeg\" \/>\n<meta name=\"twitter:card\" content=\"summary_large_image\" \/>\n<meta name=\"twitter:label1\" content=\"Est. reading time\" \/>\n\t<meta name=\"twitter:data1\" content=\"4 minutes\" \/>\n<script type=\"application\/ld+json\" class=\"yoast-schema-graph\">{\"@context\":\"https:\\\/\\\/schema.org\",\"@graph\":[{\"@type\":\"WebPage\",\"@id\":\"https:\\\/\\\/villa-albertine.org\\\/va\\\/professionals\\\/performing-arts-festivals-in-france-summer-2023\\\/\",\"url\":\"https:\\\/\\\/villa-albertine.org\\\/va\\\/professionals\\\/performing-arts-festivals-in-france-summer-2023\\\/\",\"name\":\"Performing Arts Festivals in France Summer 2023 - Villa Albertine\",\"isPartOf\":{\"@id\":\"https:\\\/\\\/villa-albertine.org\\\/va\\\/#website\"},\"primaryImageOfPage\":{\"@id\":\"https:\\\/\\\/villa-albertine.org\\\/va\\\/professionals\\\/performing-arts-festivals-in-france-summer-2023\\\/#primaryimage\"},\"image\":{\"@id\":\"https:\\\/\\\/villa-albertine.org\\\/va\\\/professionals\\\/performing-arts-festivals-in-france-summer-2023\\\/#primaryimage\"},\"thumbnailUrl\":\"https:\\\/\\\/villa-albertine.org\\\/wp-content\\\/uploads\\\/2023\\\/08\\\/03-juillet-2022c_Luca-ianelli-pour-Montpellier-Danse-2_0.jpg\",\"datePublished\":\"2023-05-30T14:18:05+00:00\",\"dateModified\":\"2023-08-23T07:59:13+00:00\",\"breadcrumb\":{\"@id\":\"https:\\\/\\\/villa-albertine.org\\\/va\\\/professionals\\\/performing-arts-festivals-in-france-summer-2023\\\/#breadcrumb\"},\"inLanguage\":\"en-US\",\"potentialAction\":[{\"@type\":\"ReadAction\",\"target\":[\"https:\\\/\\\/villa-albertine.org\\\/va\\\/professionals\\\/performing-arts-festivals-in-france-summer-2023\\\/\"]}]},{\"@type\":\"ImageObject\",\"inLanguage\":\"en-US\",\"@id\":\"https:\\\/\\\/villa-albertine.org\\\/va\\\/professionals\\\/performing-arts-festivals-in-france-summer-2023\\\/#primaryimage\",\"url\":\"https:\\\/\\\/villa-albertine.org\\\/wp-content\\\/uploads\\\/2023\\\/08\\\/03-juillet-2022c_Luca-ianelli-pour-Montpellier-Danse-2_0.jpg\",\"contentUrl\":\"https:\\\/\\\/villa-albertine.org\\\/wp-content\\\/uploads\\\/2023\\\/08\\\/03-juillet-2022c_Luca-ianelli-pour-Montpellier-Danse-2_0.jpg\",\"width\":1392,\"height\":777},{\"@type\":\"BreadcrumbList\",\"@id\":\"https:\\\/\\\/villa-albertine.org\\\/va\\\/professionals\\\/performing-arts-festivals-in-france-summer-2023\\\/#breadcrumb\",\"itemListElement\":[{\"@type\":\"ListItem\",\"position\":1,\"name\":\"Home\",\"item\":\"https:\\\/\\\/villa-albertine.org\\\/va\\\/\"},{\"@type\":\"ListItem\",\"position\":2,\"name\":\"Performing Arts Festivals in France Summer 2023\"}]},{\"@type\":\"WebSite\",\"@id\":\"https:\\\/\\\/villa-albertine.org\\\/va\\\/#website\",\"url\":\"https:\\\/\\\/villa-albertine.org\\\/va\\\/\",\"name\":\"Villa Albertine\",\"description\":\"\",\"potentialAction\":[{\"@type\":\"SearchAction\",\"target\":{\"@type\":\"EntryPoint\",\"urlTemplate\":\"https:\\\/\\\/villa-albertine.org\\\/va\\\/?s={search_term_string}\"},\"query-input\":{\"@type\":\"PropertyValueSpecification\",\"valueRequired\":true,\"valueName\":\"search_term_string\"}}],\"inLanguage\":\"en-US\"}]}<\/script>\n<!-- \/ Yoast SEO plugin. -->","yoast_head_json":{"title":"Performing Arts Festivals in France Summer 2023 - Villa Albertine","robots":{"index":"index","follow":"follow","max-snippet":"max-snippet:-1","max-image-preview":"max-image-preview:large","max-video-preview":"max-video-preview:-1"},"canonical":"https:\/\/villa-albertine.org\/va\/professionals\/performing-arts-festivals-in-france-summer-2023\/","og_locale":"en_US","og_type":"article","og_title":"Performing Arts Festivals in France Summer 2023 - Villa Albertine","og_description":"Here is a selection of the festivals in France that present the most innovative works from across the contemporary performance world: Paris Biennale des arts de la marionnette \/\/ May 10th \u2013 June 4th The BIAM showcases performances by leading contemporary puppet artists from Europe and beyond. Rencontres chor\u00e9graphiques internationales de Seine Saint-Denis \/\/ May...","og_url":"https:\/\/villa-albertine.org\/va\/professionals\/performing-arts-festivals-in-france-summer-2023\/","og_site_name":"Villa Albertine","article_modified_time":"2023-08-23T07:59:13+00:00","og_image":[{"width":1392,"height":777,"url":"https:\/\/villa-albertine.org\/wp-content\/uploads\/2023\/08\/03-juillet-2022c_Luca-ianelli-pour-Montpellier-Danse-2_0.jpg","type":"image\/jpeg"}],"twitter_card":"summary_large_image","twitter_misc":{"Est. reading time":"4 minutes"},"schema":{"@context":"https:\/\/schema.org","@graph":[{"@type":"WebPage","@id":"https:\/\/villa-albertine.org\/va\/professionals\/performing-arts-festivals-in-france-summer-2023\/","url":"https:\/\/villa-albertine.org\/va\/professionals\/performing-arts-festivals-in-france-summer-2023\/","name":"Performing Arts Festivals in France Summer 2023 - Villa Albertine","isPartOf":{"@id":"https:\/\/villa-albertine.org\/va\/#website"},"primaryImageOfPage":{"@id":"https:\/\/villa-albertine.org\/va\/professionals\/performing-arts-festivals-in-france-summer-2023\/#primaryimage"},"image":{"@id":"https:\/\/villa-albertine.org\/va\/professionals\/performing-arts-festivals-in-france-summer-2023\/#primaryimage"},"thumbnailUrl":"https:\/\/villa-albertine.org\/wp-content\/uploads\/2023\/08\/03-juillet-2022c_Luca-ianelli-pour-Montpellier-Danse-2_0.jpg","datePublished":"2023-05-30T14:18:05+00:00","dateModified":"2023-08-23T07:59:13+00:00","breadcrumb":{"@id":"https:\/\/villa-albertine.org\/va\/professionals\/performing-arts-festivals-in-france-summer-2023\/#breadcrumb"},"inLanguage":"en-US","potentialAction":[{"@type":"ReadAction","target":["https:\/\/villa-albertine.org\/va\/professionals\/performing-arts-festivals-in-france-summer-2023\/"]}]},{"@type":"ImageObject","inLanguage":"en-US","@id":"https:\/\/villa-albertine.org\/va\/professionals\/performing-arts-festivals-in-france-summer-2023\/#primaryimage","url":"https:\/\/villa-albertine.org\/wp-content\/uploads\/2023\/08\/03-juillet-2022c_Luca-ianelli-pour-Montpellier-Danse-2_0.jpg","contentUrl":"https:\/\/villa-albertine.org\/wp-content\/uploads\/2023\/08\/03-juillet-2022c_Luca-ianelli-pour-Montpellier-Danse-2_0.jpg","width":1392,"height":777},{"@type":"BreadcrumbList","@id":"https:\/\/villa-albertine.org\/va\/professionals\/performing-arts-festivals-in-france-summer-2023\/#breadcrumb","itemListElement":[{"@type":"ListItem","position":1,"name":"Home","item":"https:\/\/villa-albertine.org\/va\/"},{"@type":"ListItem","position":2,"name":"Performing Arts Festivals in France Summer 2023"}]},{"@type":"WebSite","@id":"https:\/\/villa-albertine.org\/va\/#website","url":"https:\/\/villa-albertine.org\/va\/","name":"Villa Albertine","description":"","potentialAction":[{"@type":"SearchAction","target":{"@type":"EntryPoint","urlTemplate":"https:\/\/villa-albertine.org\/va\/?s={search_term_string}"},"query-input":{"@type":"PropertyValueSpecification","valueRequired":true,"valueName":"search_term_string"}}],"inLanguage":"en-US"}]}},"_links":{"self":[{"href":"https:\/\/villa-albertine.org\/va\/wp-json\/wp\/v2\/app_professional\/61817","targetHints":{"allow":["GET"]}}],"collection":[{"href":"https:\/\/villa-albertine.org\/va\/wp-json\/wp\/v2\/app_professional"}],"about":[{"href":"https:\/\/villa-albertine.org\/va\/wp-json\/wp\/v2\/types\/app_professional"}],"wp:featuredmedia":[{"embeddable":true,"href":"https:\/\/villa-albertine.org\/va\/wp-json\/wp\/v2\/media\/61815"}],"wp:attachment":[{"href":"https:\/\/villa-albertine.org\/va\/wp-json\/wp\/v2\/media?parent=61817"}],"wp:term":[{"taxonomy":"app_discipline","embeddable":true,"href":"https:\/\/villa-albertine.org\/va\/wp-json\/wp\/v2\/app_discipline?post=61817"},{"taxonomy":"app_city_tax","embeddable":true,"href":"https:\/\/villa-albertine.org\/va\/wp-json\/wp\/v2\/app_city_tax?post=61817"},{"taxonomy":"app_professional_category","embeddable":true,"href":"https:\/\/villa-albertine.org\/va\/wp-json\/wp\/v2\/app_professional_category?post=61817"},{"taxonomy":"app_professional_content_type","embeddable":true,"href":"https:\/\/villa-albertine.org\/va\/wp-json\/wp\/v2\/app_professional_content_type?post=61817"}],"curies":[{"name":"wp","href":"https:\/\/api.w.org\/{rel}","templated":true}]}}