{"id":61783,"date":"2022-06-08T15:07:12","date_gmt":"2022-06-08T15:07:12","guid":{"rendered":"https:\/\/villa-albertine.org\/professionals\/grantees-2022-face-contemporary-theater\/"},"modified":"2024-01-27T21:59:16","modified_gmt":"2024-01-27T21:59:16","slug":"grantees-2022-face-contemporary-theater","status":"publish","type":"app_professional","link":"https:\/\/villa-albertine.org\/va\/professionals\/grantees-2022-face-contemporary-theater\/","title":{"rendered":"2022 Grantees: FACE Contemporary Theater"},"content":{"rendered":"<h3>Selected projects<\/h3>\n<p><strong>\u2022 Th\u00e9\u00e2tre de l\u2019Entrouvert &#8211; Elise Vigneron<\/strong><\/p>\n<p><em>Anywhere<\/em><\/p>\n<p>French-American co-production at Chicago International Puppet Theater Festival, Chicago, IL<\/p>\n<p>June 2022 \u2013 February 2023<\/p>\n<p><strong>\u2022 Compagnie Galmae<\/strong><\/p>\n<p><em>C\u2019est pas l\u00e0, C\u2019est par l\u00e0<\/em><\/p>\n<p>Presented at Flynn Center for the Performing Arts, Burlington, VT, as part of a larger tour in New England<\/p>\n<p>September 2022<\/p>\n<p><strong>\u2022 Compagnie les Hommes approximatifs &#8211; Caroline Guiela Nguyen<\/strong><\/p>\n<p><em>Fraternit\u00e9, conte fantastique<\/em><\/p>\n<p>Presented at NYU Skirball Center for the Performing Arts, New York, NY<\/p>\n<p>September 2022<\/p>\n<p><strong>\u2022 Marion Si\u00e9fert <\/strong><\/p>\n<p><em>_jeanne_dark_<\/em><\/p>\n<p>Presented at French Institute Alliance Fran\u00e7aise (FIAF), New York, NY<\/p>\n<p>September 2022<\/p>\n<p><strong>\u2022 Felwine Sarr <\/strong><\/p>\n<p><em>Traces <\/em>and<em> Libert\u00e9, j\u2019aurai habit\u00e9 ton r\u00eave jusqu\u2019au soir<\/em><\/p>\n<p>Presented at French Institute Alliance Fran\u00e7aise (FIAF), New York, NY; Duke University, Durham, NC; Georgia State University-Rialto Theater, Atlanta, GA. The tour also includes Princeton University, Seuls en sc\u00e8ne Festival (Grantee 2021)<\/p>\n<p>September 2022<\/p>\n<p><strong>\u2022 Compagnie l\u2019H\u00e9liotrope &#8211; Paul Desveaux, Faustine Nogu\u00e8s, Astrid Bahiya<\/strong><\/p>\n<p><em>Angela Davis, a History of the United States<\/em><\/p>\n<p>Presented at Princeton University &#8211; Seuls en Sc\u00e8ne Festival, Princeton, NJ and Massachusetts International Festival of the Arts, Holyoke, MA<\/p>\n<p>September \u2013 October 2022<\/p>\n<p><strong>\u2022 Compagnie La Part du pauvre &#8211; Eva Doumbia<\/strong><\/p>\n<p><em>Autophagies<\/em><\/p>\n<p>French-American co-production presented at Ash\u00e9 Cultural Art Center, New Orleans, LA,\u00a0 and Invisible Dog Art Center, New York, NY<\/p>\n<p>March 2023<\/p>\n<p><strong>\u2022 Compagnie L\u2019Oubli\u00e9e &#8211; Rapha\u00eblle Boitel<\/strong><\/p>\n<p><em>Shadows Cast (Ombres Port\u00e9es)<\/em><\/p>\n<p>Presented at PEAK Performances at Montclair State University, NJ; ArtsEmerson, Boston, MA; Williams Centre for the Arts, Easton, PA<\/p>\n<p>Spring 2023<\/p>\n<p><strong>\u2022 The Camargo Foundation <\/strong><\/p>\n<p><em>The Cultural Diaspora #2<\/em><\/p>\n<p>Developed in Cassis, France and presented at Playwrights\u2019 Center, Minneapolis, MN, and more venues to be announced<\/p>\n<p>November 2022 \u2013 August 2023<\/p>\n<p><strong>\u2022 Th\u00e9\u00e2tre G\u00e9rard Philipe &#8211; Julie Deliquet, Frederick Wiseman<\/strong><\/p>\n<p><em>WELFARE<\/em><\/p>\n<p>Development support<\/p>\n<p>October 2022 \u2013 Summer 2023<\/p>\n<p>\u00a0<\/p>\n<p>To learn more about the selected projects and FACE Contemporary Theater, <a href=\"https:\/\/face-foundation.org\/artistic-funds\/contemporary-theater\/current-grantees\/\">click here.<\/a><\/p>\n","protected":false},"featured_media":61781,"menu_order":0,"template":"","app_discipline":[227],"app_city_tax":[235,221,214,223,222,220,216,224,217,225,226],"app_professional_category":[255],"app_professional_content_type":[254],"class_list":["post-61783","app_professional","type-app_professional","status-publish","has-post-thumbnail","hentry","app_discipline-performing-arts","app_city_tax-all-cities","app_city_tax-atl","app_city_tax-bos","app_city_tax-chi","app_city_tax-hou","app_city_tax-la","app_city_tax-mia","app_city_tax-nola","app_city_tax-nyc","app_city_tax-sf","app_city_tax-dc","app_professional_category-performing-arts","app_professional_content_type-news"],"acf":[],"yoast_head":"<!-- This site is optimized with the Yoast SEO plugin v27.3 - https:\/\/yoast.com\/product\/yoast-seo-wordpress\/ -->\n<title>2022 Grantees: FACE Contemporary Theater - Villa Albertine<\/title>\n<meta name=\"robots\" content=\"index, follow, max-snippet:-1, max-image-preview:large, max-video-preview:-1\" \/>\n<link rel=\"canonical\" href=\"https:\/\/villa-albertine.org\/va\/professionals\/grantees-2022-face-contemporary-theater\/\" \/>\n<meta property=\"og:locale\" content=\"en_US\" \/>\n<meta property=\"og:type\" content=\"article\" \/>\n<meta property=\"og:title\" content=\"2022 Grantees: FACE Contemporary Theater - Villa Albertine\" \/>\n<meta property=\"og:description\" content=\"Selected projects \u2022 Th\u00e9\u00e2tre de l\u2019Entrouvert &#8211; Elise Vigneron Anywhere French-American co-production at Chicago International Puppet Theater Festival, Chicago, IL June 2022 \u2013 February 2023 \u2022 Compagnie Galmae C\u2019est pas l\u00e0, C\u2019est par l\u00e0 Presented at Flynn Center for the Performing Arts, Burlington, VT, as part of a larger tour in New England September 2022...\" \/>\n<meta property=\"og:url\" content=\"https:\/\/villa-albertine.org\/va\/professionals\/grantees-2022-face-contemporary-theater\/\" \/>\n<meta property=\"og:site_name\" content=\"Villa Albertine\" \/>\n<meta property=\"article:modified_time\" content=\"2024-01-27T21:59:16+00:00\" \/>\n<meta property=\"og:image\" content=\"https:\/\/villa-albertine.org\/wp-content\/uploads\/2023\/08\/FraterniteC2A9JeanLouisFernandez20006.jpg\" \/>\n\t<meta property=\"og:image:width\" content=\"1392\" \/>\n\t<meta property=\"og:image:height\" content=\"928\" \/>\n\t<meta property=\"og:image:type\" content=\"image\/jpeg\" \/>\n<meta name=\"twitter:card\" content=\"summary_large_image\" \/>\n<meta name=\"twitter:label1\" content=\"Est. reading time\" \/>\n\t<meta name=\"twitter:data1\" content=\"2 minutes\" \/>\n<script type=\"application\/ld+json\" class=\"yoast-schema-graph\">{\"@context\":\"https:\\\/\\\/schema.org\",\"@graph\":[{\"@type\":\"WebPage\",\"@id\":\"https:\\\/\\\/villa-albertine.org\\\/va\\\/professionals\\\/grantees-2022-face-contemporary-theater\\\/\",\"url\":\"https:\\\/\\\/villa-albertine.org\\\/va\\\/professionals\\\/grantees-2022-face-contemporary-theater\\\/\",\"name\":\"2022 Grantees: FACE Contemporary Theater - Villa Albertine\",\"isPartOf\":{\"@id\":\"https:\\\/\\\/villa-albertine.org\\\/va\\\/#website\"},\"primaryImageOfPage\":{\"@id\":\"https:\\\/\\\/villa-albertine.org\\\/va\\\/professionals\\\/grantees-2022-face-contemporary-theater\\\/#primaryimage\"},\"image\":{\"@id\":\"https:\\\/\\\/villa-albertine.org\\\/va\\\/professionals\\\/grantees-2022-face-contemporary-theater\\\/#primaryimage\"},\"thumbnailUrl\":\"https:\\\/\\\/villa-albertine.org\\\/wp-content\\\/uploads\\\/2023\\\/08\\\/FraterniteC2A9JeanLouisFernandez20006.jpg\",\"datePublished\":\"2022-06-08T15:07:12+00:00\",\"dateModified\":\"2024-01-27T21:59:16+00:00\",\"breadcrumb\":{\"@id\":\"https:\\\/\\\/villa-albertine.org\\\/va\\\/professionals\\\/grantees-2022-face-contemporary-theater\\\/#breadcrumb\"},\"inLanguage\":\"en-US\",\"potentialAction\":[{\"@type\":\"ReadAction\",\"target\":[\"https:\\\/\\\/villa-albertine.org\\\/va\\\/professionals\\\/grantees-2022-face-contemporary-theater\\\/\"]}]},{\"@type\":\"ImageObject\",\"inLanguage\":\"en-US\",\"@id\":\"https:\\\/\\\/villa-albertine.org\\\/va\\\/professionals\\\/grantees-2022-face-contemporary-theater\\\/#primaryimage\",\"url\":\"https:\\\/\\\/villa-albertine.org\\\/wp-content\\\/uploads\\\/2023\\\/08\\\/FraterniteC2A9JeanLouisFernandez20006.jpg\",\"contentUrl\":\"https:\\\/\\\/villa-albertine.org\\\/wp-content\\\/uploads\\\/2023\\\/08\\\/FraterniteC2A9JeanLouisFernandez20006.jpg\",\"width\":1392,\"height\":928},{\"@type\":\"BreadcrumbList\",\"@id\":\"https:\\\/\\\/villa-albertine.org\\\/va\\\/professionals\\\/grantees-2022-face-contemporary-theater\\\/#breadcrumb\",\"itemListElement\":[{\"@type\":\"ListItem\",\"position\":1,\"name\":\"Home\",\"item\":\"https:\\\/\\\/villa-albertine.org\\\/va\\\/\"},{\"@type\":\"ListItem\",\"position\":2,\"name\":\"2022 Grantees: FACE Contemporary Theater\"}]},{\"@type\":\"WebSite\",\"@id\":\"https:\\\/\\\/villa-albertine.org\\\/va\\\/#website\",\"url\":\"https:\\\/\\\/villa-albertine.org\\\/va\\\/\",\"name\":\"Villa Albertine\",\"description\":\"\",\"potentialAction\":[{\"@type\":\"SearchAction\",\"target\":{\"@type\":\"EntryPoint\",\"urlTemplate\":\"https:\\\/\\\/villa-albertine.org\\\/va\\\/?s={search_term_string}\"},\"query-input\":{\"@type\":\"PropertyValueSpecification\",\"valueRequired\":true,\"valueName\":\"search_term_string\"}}],\"inLanguage\":\"en-US\"}]}<\/script>\n<!-- \/ Yoast SEO plugin. -->","yoast_head_json":{"title":"2022 Grantees: FACE Contemporary Theater - Villa Albertine","robots":{"index":"index","follow":"follow","max-snippet":"max-snippet:-1","max-image-preview":"max-image-preview:large","max-video-preview":"max-video-preview:-1"},"canonical":"https:\/\/villa-albertine.org\/va\/professionals\/grantees-2022-face-contemporary-theater\/","og_locale":"en_US","og_type":"article","og_title":"2022 Grantees: FACE Contemporary Theater - Villa Albertine","og_description":"Selected projects \u2022 Th\u00e9\u00e2tre de l\u2019Entrouvert &#8211; Elise Vigneron Anywhere French-American co-production at Chicago International Puppet Theater Festival, Chicago, IL June 2022 \u2013 February 2023 \u2022 Compagnie Galmae C\u2019est pas l\u00e0, C\u2019est par l\u00e0 Presented at Flynn Center for the Performing Arts, Burlington, VT, as part of a larger tour in New England September 2022...","og_url":"https:\/\/villa-albertine.org\/va\/professionals\/grantees-2022-face-contemporary-theater\/","og_site_name":"Villa Albertine","article_modified_time":"2024-01-27T21:59:16+00:00","og_image":[{"width":1392,"height":928,"url":"https:\/\/villa-albertine.org\/wp-content\/uploads\/2023\/08\/FraterniteC2A9JeanLouisFernandez20006.jpg","type":"image\/jpeg"}],"twitter_card":"summary_large_image","twitter_misc":{"Est. reading time":"2 minutes"},"schema":{"@context":"https:\/\/schema.org","@graph":[{"@type":"WebPage","@id":"https:\/\/villa-albertine.org\/va\/professionals\/grantees-2022-face-contemporary-theater\/","url":"https:\/\/villa-albertine.org\/va\/professionals\/grantees-2022-face-contemporary-theater\/","name":"2022 Grantees: FACE Contemporary Theater - Villa Albertine","isPartOf":{"@id":"https:\/\/villa-albertine.org\/va\/#website"},"primaryImageOfPage":{"@id":"https:\/\/villa-albertine.org\/va\/professionals\/grantees-2022-face-contemporary-theater\/#primaryimage"},"image":{"@id":"https:\/\/villa-albertine.org\/va\/professionals\/grantees-2022-face-contemporary-theater\/#primaryimage"},"thumbnailUrl":"https:\/\/villa-albertine.org\/wp-content\/uploads\/2023\/08\/FraterniteC2A9JeanLouisFernandez20006.jpg","datePublished":"2022-06-08T15:07:12+00:00","dateModified":"2024-01-27T21:59:16+00:00","breadcrumb":{"@id":"https:\/\/villa-albertine.org\/va\/professionals\/grantees-2022-face-contemporary-theater\/#breadcrumb"},"inLanguage":"en-US","potentialAction":[{"@type":"ReadAction","target":["https:\/\/villa-albertine.org\/va\/professionals\/grantees-2022-face-contemporary-theater\/"]}]},{"@type":"ImageObject","inLanguage":"en-US","@id":"https:\/\/villa-albertine.org\/va\/professionals\/grantees-2022-face-contemporary-theater\/#primaryimage","url":"https:\/\/villa-albertine.org\/wp-content\/uploads\/2023\/08\/FraterniteC2A9JeanLouisFernandez20006.jpg","contentUrl":"https:\/\/villa-albertine.org\/wp-content\/uploads\/2023\/08\/FraterniteC2A9JeanLouisFernandez20006.jpg","width":1392,"height":928},{"@type":"BreadcrumbList","@id":"https:\/\/villa-albertine.org\/va\/professionals\/grantees-2022-face-contemporary-theater\/#breadcrumb","itemListElement":[{"@type":"ListItem","position":1,"name":"Home","item":"https:\/\/villa-albertine.org\/va\/"},{"@type":"ListItem","position":2,"name":"2022 Grantees: FACE Contemporary Theater"}]},{"@type":"WebSite","@id":"https:\/\/villa-albertine.org\/va\/#website","url":"https:\/\/villa-albertine.org\/va\/","name":"Villa Albertine","description":"","potentialAction":[{"@type":"SearchAction","target":{"@type":"EntryPoint","urlTemplate":"https:\/\/villa-albertine.org\/va\/?s={search_term_string}"},"query-input":{"@type":"PropertyValueSpecification","valueRequired":true,"valueName":"search_term_string"}}],"inLanguage":"en-US"}]}},"_links":{"self":[{"href":"https:\/\/villa-albertine.org\/va\/wp-json\/wp\/v2\/app_professional\/61783","targetHints":{"allow":["GET"]}}],"collection":[{"href":"https:\/\/villa-albertine.org\/va\/wp-json\/wp\/v2\/app_professional"}],"about":[{"href":"https:\/\/villa-albertine.org\/va\/wp-json\/wp\/v2\/types\/app_professional"}],"wp:featuredmedia":[{"embeddable":true,"href":"https:\/\/villa-albertine.org\/va\/wp-json\/wp\/v2\/media\/61781"}],"wp:attachment":[{"href":"https:\/\/villa-albertine.org\/va\/wp-json\/wp\/v2\/media?parent=61783"}],"wp:term":[{"taxonomy":"app_discipline","embeddable":true,"href":"https:\/\/villa-albertine.org\/va\/wp-json\/wp\/v2\/app_discipline?post=61783"},{"taxonomy":"app_city_tax","embeddable":true,"href":"https:\/\/villa-albertine.org\/va\/wp-json\/wp\/v2\/app_city_tax?post=61783"},{"taxonomy":"app_professional_category","embeddable":true,"href":"https:\/\/villa-albertine.org\/va\/wp-json\/wp\/v2\/app_professional_category?post=61783"},{"taxonomy":"app_professional_content_type","embeddable":true,"href":"https:\/\/villa-albertine.org\/va\/wp-json\/wp\/v2\/app_professional_content_type?post=61783"}],"curies":[{"name":"wp","href":"https:\/\/api.w.org\/{rel}","templated":true}]}}