{"id":61749,"date":"2023-02-10T21:22:48","date_gmt":"2023-02-10T21:22:48","guid":{"rendered":"https:\/\/villa-albertine.org\/professionals\/digital-cities-lyon\/"},"modified":"2024-01-27T20:54:00","modified_gmt":"2024-01-27T20:54:00","slug":"digital-cities-lyon","status":"publish","type":"app_professional","link":"https:\/\/villa-albertine.org\/va\/professionals\/digital-cities-lyon\/","title":{"rendered":"Digital Cities #Lyon"},"content":{"rendered":"<p>Known for being the cradle of cinema, where the Lumi\u00e8re Brothers shot their first short film (<em lang=\"EN-US\" xml:lang=\"EN-US\" xml:lang=\"EN-US\">Workers Leaving the Lumi\u00e8re Factory<\/em>,<em lang=\"EN-US\" xml:lang=\"EN-US\" xml:lang=\"EN-US\"> <\/em>1895), Lyon is also the third largest city in France, featuring many top research centers and schools in biotech, chemistry, new technologies and fashion. Each year, a flow of young students and creators settle in its artsy and modern neighborhoods (La Croix Rousse, Confluences), confirming that Lyon has now become one of the hubs for the development of new media in France. Both private and public colleges offer educational trainings in the digital field, from the creation of video games (Lyon 1 University, Game Sup Lyon) to the experimentation of new technologies in performing arts (ENSATT).\u00a0<\/p>\n<p>Lyon is also one of the \u201c<a href=\"https:\/\/lafrenchtech.com\/en\/\">French Tech Capitals<\/a>\u201d, a label that acknowledges the dynamism of its local startups. In the region of Lyon, Auvergne-Rh\u00f4ne-Alpes, the AI field now gathers more than 176 companies.\u00a0\u00a0\u00a0<\/p>\n<p><strong>STUDIOS<\/strong><\/p>\n\n\n<figure class=\"wp-block-image size-full\">\n\t<img loading=\"lazy\" decoding=\"async\" width=\"1392\" height=\"909\" src=\"https:\/\/villa-albertine.org\/wp-content\/uploads\/2023\/08\/Albyon20Glimpse_0.png\" class=\"attachment-full size-full\" alt=\"\" srcset=\"https:\/\/villa-albertine.org\/wp-content\/uploads\/2023\/08\/Albyon20Glimpse_0.png 1392w, https:\/\/villa-albertine.org\/wp-content\/uploads\/2023\/08\/Albyon20Glimpse_0-300x196.png 300w, https:\/\/villa-albertine.org\/wp-content\/uploads\/2023\/08\/Albyon20Glimpse_0-1024x669.png 1024w, https:\/\/villa-albertine.org\/wp-content\/uploads\/2023\/08\/Albyon20Glimpse_0-768x502.png 768w\" sizes=\"auto, (max-width: 1392px) 100vw, 1392px\" \/>\n\t\t\t<figcaption>\n\t\t\t<p>Albyon<\/p>\n\t\t<\/figcaption>\n\t<\/figure>\n\n\n<p>Several studios have chosen to set their activities in Lyon, following its hundred-year-old history of audiovisual creation.\u00a0<\/p>\n<p>\u00a0One of them, <a href=\"https:\/\/albyon.io\/\">Albyon<\/a> &#8211; created by media company <a href=\"https:\/\/atlasv.io\/\">Atlas V<\/a> in 2020 &#8211; specializes in the creation of VR experiences and video games. Its most famous projects include VR experiences Battlescar and Madrid noir as well as Glimpse, which won the VeeR Award &#8211; Best VR Interactive Experience &#8211; at Cannes XR 2022. The studio recently announced that a new VR game \u201cWallace and Gromit\u201d, based on the eponymous cartoon, will be released in 2023.\u00a0<\/p>\n<p>The lesser known studio <a href=\"https:\/\/ryseupstudios.com\/\">Ryseup<\/a> &#8211; launched in 2014 \u2013 creates both traditional and VR video games, such as Roboquest \u2013 playable on Xbox &#8211; and the arcade Burning Descent, available on Springboard VR.\u00a0\u00a0<\/p>\n<p><strong>VILLEURBANNE<\/strong><\/p>\n<p>The second largest metropolitan area of the country, Lyon offers opportunities in its greater area. <a href=\"https:\/\/polepixel.fr\/\">Pole Pixel <\/a>&#8211; a space dedicated to audiovisual and digital creation based in Villeurbanne &#8211; will welcome the <a href=\"https:\/\/european-creators-lab.com\/\">European Creators&#8217; Lab (EUCL<\/a>) in June for a 5-day workshop. Gathering participants from all over Europe and worldwide, the EUC&#8217;s Lab aimsat creating new spaces to learn, share and develop the European ecosystem of immersive storytelling&#8221;.<\/p>\n<p><strong>DIGITAL DANCE, DIGITAL ART<\/strong><\/p>\n\n\n<figure class=\"wp-block-image size-full\">\n\t<img loading=\"lazy\" decoding=\"async\" width=\"956\" height=\"640\" src=\"https:\/\/villa-albertine.org\/wp-content\/uploads\/2023\/08\/Jesper20Just.jpg\" class=\"attachment-full size-full\" alt=\"\" srcset=\"https:\/\/villa-albertine.org\/wp-content\/uploads\/2023\/08\/Jesper20Just.jpg 956w, https:\/\/villa-albertine.org\/wp-content\/uploads\/2023\/08\/Jesper20Just-300x201.jpg 300w, https:\/\/villa-albertine.org\/wp-content\/uploads\/2023\/08\/Jesper20Just-768x514.jpg 768w\" sizes=\"auto, (max-width: 956px) 100vw, 956px\" \/>\n\t\t\t<figcaption>\n\t\t\t<p>Corporealit\u00e9s by Jesper Just (Perrotin New York, 2020) <\/p>\n\t\t<\/figcaption>\n\t<\/figure>\n\n\n<p>\u00a0\u00a0\u00a0\u00a0\u00a0\u00a0\u00a0\u00a0\u00a0 In the early 1980s, the French government started decentralizing its activities, thus encouraging the development of cultural institutions outside of Paris. Though already quite dynamic, Lyon, with its many vacant factories, became a haven for theaters, museums and art centers.\u00a0\u00a0<\/p>\n<p>One of them, the <a href=\"https:\/\/www.museedesconfluences.fr\/fr\">Mus\u00e9e des Confluences<\/a>, which opened nearly 10 years ago, often displays its natural history and sciences collections through immersive installations. The current exhibition, entitled \u201c<a href=\"https:\/\/www.museedesconfluences.fr\/fr\/expositions\/expositions-temporaires\/nous-les-fleuves\">Nous les fleuves<\/a>\u201d (Us, Rivers) revolves around an immersive scenography that narrates the history of rivers across the world.<\/p>\n<p>The <a href=\"https:\/\/www.mac-lyon.com\/fr\">MAC \u2013 Museum of Contemporary Art<\/a> \u2013 that hosts the <a href=\"https:\/\/www.labiennaledelyon.com\/\">Contemporary Art Biennale<\/a>, often puts the spotlight on new technologies in the art field. The upcoming exhibitions <a href=\"https:\/\/www.mac-lyon.com\/fr\/programmation\/incarnations-le-corps-dans-la-collection\"><em lang=\"EN-US\" xml:lang=\"EN-US\" xml:lang=\"EN-US\">Incarnations<\/em><\/a>, opening from Feb 24th to July 9th, will explore the role of bodies in contemporary art. In the meantime, video installation <a href=\"https:\/\/en.lyon-france.com\/what-s-on\/exhibitions\/jesper-just-interfears\"><em lang=\"EN-US\" xml:lang=\"EN-US\" xml:lang=\"EN-US\">Interfears<\/em><\/a>, by Danish artist Jesper Just, will present the emotional topography of actor Matt Dillon, captured by an MRI scanner during a soliloquy.\u00a0\u00a0<\/p>\n\n\n<figure class=\"wp-block-image size-full\">\n\t<img loading=\"lazy\" decoding=\"async\" width=\"1000\" height=\"1000\" src=\"https:\/\/villa-albertine.org\/wp-content\/uploads\/2023\/08\/Gilles20Jobin.jpg\" class=\"attachment-full size-full\" alt=\"\" srcset=\"https:\/\/villa-albertine.org\/wp-content\/uploads\/2023\/08\/Gilles20Jobin.jpg 1000w, https:\/\/villa-albertine.org\/wp-content\/uploads\/2023\/08\/Gilles20Jobin-300x300.jpg 300w, https:\/\/villa-albertine.org\/wp-content\/uploads\/2023\/08\/Gilles20Jobin-150x150.jpg 150w, https:\/\/villa-albertine.org\/wp-content\/uploads\/2023\/08\/Gilles20Jobin-768x768.jpg 768w\" sizes=\"auto, (max-width: 1000px) 100vw, 1000px\" \/>\n\t\t\t<figcaption>\n\t\t\t<p>VR-1 (Gilles Jobin, Lyon Dance Biennale 2018) <\/p>\n\t\t<\/figcaption>\n\t<\/figure>\n\n\n<p lang=\"FR-FR\" xml:lang=\"FR-FR\" xml:lang=\"FR-FR\">In 2022, several digital creators presented their artworks at the <a href=\"https:\/\/www.labiennaledelyon.com\/\">Contemporary Art Biennale<\/a>. One of them, the COLLECTIF CAPSULE (Antonin Dony, Eve Martin, Ars\u00e8ne Prat and Valentin Vennesson) created an immersive installation \u201c<a href=\"https:\/\/www.labiennaledelyon.com\/fr\/biennale\/16e-biennale-dart-contemporain-2022\/resonance\/presences-futures\">Pr\u00e9sences futures<\/a>\u201d, exploring the construction of time and space.\u00a0\u00a0<\/p>\n<p>For the first time in 2018, the renowned <a href=\"https:\/\/www.labiennaledelyon.com\/\">Lyon Dance Biennale<\/a> put the spotlight on VR in performing arts (<a href=\"https:\/\/crisblanco.net\/el-agitador-vortex\/\">Cris Blanco\u2019s El Agitador Vortex<\/a>, <a href=\"https:\/\/www.gillesjobin.com\/\">Gilles Jobin\u2019s VR_1<\/a>). The 2023 edition will feature several performance artists that explore the many possibilities of digital creation, including <a href=\"https:\/\/www.collectifar.com\/collectif-ar\">dance group A\/R<\/a>, scenographer and digital artist <a href=\"https:\/\/www.pierreginer.com\/\">Pierre Giner <\/a>as well as video maker<a href=\"https:\/\/irvinanneix.com\/\"> Irvin Anneix<\/a>.\u00a0<\/p>\n<\/p>\n\n\n<figure class=\"wp-block-image size-full\">\n\t<img loading=\"lazy\" decoding=\"async\" width=\"1392\" height=\"992\" src=\"https:\/\/villa-albertine.org\/wp-content\/uploads\/2023\/08\/bigtimestudio_cher-futur-moi_irvin-anneix_4-1500x1069-1.jpg\" class=\"attachment-full size-full\" alt=\"\" srcset=\"https:\/\/villa-albertine.org\/wp-content\/uploads\/2023\/08\/bigtimestudio_cher-futur-moi_irvin-anneix_4-1500x1069-1.jpg 1392w, https:\/\/villa-albertine.org\/wp-content\/uploads\/2023\/08\/bigtimestudio_cher-futur-moi_irvin-anneix_4-1500x1069-1-300x214.jpg 300w, https:\/\/villa-albertine.org\/wp-content\/uploads\/2023\/08\/bigtimestudio_cher-futur-moi_irvin-anneix_4-1500x1069-1-1024x730.jpg 1024w, https:\/\/villa-albertine.org\/wp-content\/uploads\/2023\/08\/bigtimestudio_cher-futur-moi_irvin-anneix_4-1500x1069-1-768x547.jpg 768w\" sizes=\"auto, (max-width: 1392px) 100vw, 1392px\" \/>\n\t\t\t<figcaption>\n\t\t\t<p>Cher Futur Moi, Irvin Anneix (2021)<\/p>\n\t\t<\/figcaption>\n\t<\/figure>\n\n\n<p><strong>THE THEATRE NOUVELLE GENERATION: PROMOTING DIGITAL CREATION ON STAGE<\/strong><\/p>\n<p>Home of the antique Lugdunum theater, Lyon is also an ideal stage for the creation of challenging performances. The renowned <a href=\"https:\/\/www.tng-lyon.fr\/\">Th\u00e9\u00e2tre Nouvelle G\u00e9n\u00e9ration<\/a>, created in 2004, has launched several Research and Creation programs, among which \u201cChim\u00e8res\u201d, created in 2018. This program aims at supporting artistic projects that explore the possibilities of digital creation in performing arts. In 2023, \u201cNo reality now\u201d a dance performance mixed with a VR device created by Charles Ayat and Vincent Dupont, will be presented at the Dance Biennale: \u201cWe came to the idea that VR headsets weren\u2019t glued to the spectators\u2019 heads and could be used as opera glasses\u201d (Vincent Dupont explaining <a href=\"https:\/\/youtu.be\/abZ46aynDqc\">No reality now<\/a>).\u00a0<\/p>\n\n\n<figure class=\"wp-block-image size-full\">\n\t<img loading=\"lazy\" decoding=\"async\" width=\"1280\" height=\"608\" src=\"https:\/\/villa-albertine.org\/wp-content\/uploads\/2023\/08\/fdl2022_the20shape20of20things20to20come_petits20labos_antonin20poncetC2A9muriel20chaulet202812928129.jpg\" class=\"attachment-full size-full\" alt=\"\" srcset=\"https:\/\/villa-albertine.org\/wp-content\/uploads\/2023\/08\/fdl2022_the20shape20of20things20to20come_petits20labos_antonin20poncetC2A9muriel20chaulet202812928129.jpg 1280w, https:\/\/villa-albertine.org\/wp-content\/uploads\/2023\/08\/fdl2022_the20shape20of20things20to20come_petits20labos_antonin20poncetC2A9muriel20chaulet202812928129-300x143.jpg 300w, https:\/\/villa-albertine.org\/wp-content\/uploads\/2023\/08\/fdl2022_the20shape20of20things20to20come_petits20labos_antonin20poncetC2A9muriel20chaulet202812928129-1024x486.jpg 1024w, https:\/\/villa-albertine.org\/wp-content\/uploads\/2023\/08\/fdl2022_the20shape20of20things20to20come_petits20labos_antonin20poncetC2A9muriel20chaulet202812928129-768x365.jpg 768w\" sizes=\"auto, (max-width: 1280px) 100vw, 1280px\" \/>\n\t\t\t<figcaption>\n\t\t\t<p>The Shape of Things to Come (F\u00eate des Lumi\u00e8res 2022) by Muriel Chaulet<\/p>\n\t\t<\/figcaption>\n\t<\/figure>\n\n\n<p><strong>THE FETE DES LUMIERES: ILLUMINATING WITH DIGITAL ART<\/strong><\/p>\n<p>Each year, Lyon also welcomes more than two million visitors for the F\u00eate des Lumi\u00e8res, a series of performances and installations based on light. By connecting tradition \u2013 the F\u00eate originally pays tribute to the Virgin Mary \u2013 with contemporary art projects, the F\u00eate des Lumi\u00e8res is an ideal stage for the experimentation of new techs in arts. In 2022, it gathered connected installations (<a href=\"https:\/\/www.fetedeslumieres.lyon.fr\/en\/oeuvre\/eikosis\">Eikosis<\/a>), immersive experiences (<a href=\"https:\/\/www.fetedeslumieres.lyon.fr\/index.php\/en\/oeuvre\/unicodeguang3d\">Unicode \u5149 3D<\/a>, <a href=\"https:\/\/www.fetedeslumieres.lyon.fr\/en\/oeuvre\/shape-things-come\">The Shape of Things to Come<\/a>) as well as data-based projections of light (<a href=\"https:\/\/www.fetedeslumieres.lyon.fr\/en\/oeuvre\/agorythm\">Agorythm<\/a>, created by VR studio <a href=\"https:\/\/www.onionlab.com\/\">Onionlab<\/a>).\u00a0<\/p>\n<p>Located at the confluence of the rivers Rh\u00f4ne and Sa\u00f4ne, a gate to both the North and South of the country, Lyon offers opportunities for whoever wants to create. The digital and artistic fields surely have a bright future ahead in this &#8220;Capital of the Gauls&#8221;!<\/p>\n<p>\u00a0<\/p>","protected":false},"featured_media":61747,"menu_order":0,"template":"","app_discipline":[215],"app_city_tax":[217],"app_professional_category":[251],"app_professional_content_type":[252],"class_list":["post-61749","app_professional","type-app_professional","status-publish","has-post-thumbnail","hentry","app_discipline-new-media","app_city_tax-nyc","app_professional_category-new-media","app_professional_content_type-resources"],"acf":[],"yoast_head":"<!-- This site is optimized with the Yoast SEO plugin v27.3 - https:\/\/yoast.com\/product\/yoast-seo-wordpress\/ -->\n<title>Digital Cities #Lyon - Villa Albertine<\/title>\n<meta name=\"robots\" content=\"index, follow, max-snippet:-1, max-image-preview:large, max-video-preview:-1\" \/>\n<link rel=\"canonical\" href=\"https:\/\/villa-albertine.org\/va\/professionals\/digital-cities-lyon\/\" \/>\n<meta property=\"og:locale\" content=\"en_US\" \/>\n<meta property=\"og:type\" content=\"article\" \/>\n<meta property=\"og:title\" content=\"Digital Cities #Lyon - Villa Albertine\" \/>\n<meta property=\"og:description\" content=\"Known for being the cradle of cinema, where the Lumi\u00e8re Brothers shot their first short film (Workers Leaving the Lumi\u00e8re Factory, 1895), Lyon is also the third largest city in France, featuring many top research centers and schools in biotech, chemistry, new technologies and fashion. Each year, a flow of young students and creators settle...\" \/>\n<meta property=\"og:url\" content=\"https:\/\/villa-albertine.org\/va\/professionals\/digital-cities-lyon\/\" \/>\n<meta property=\"og:site_name\" content=\"Villa Albertine\" \/>\n<meta property=\"article:modified_time\" content=\"2024-01-27T20:54:00+00:00\" \/>\n<meta property=\"og:image\" content=\"https:\/\/villa-albertine.org\/wp-content\/uploads\/2023\/08\/musee20confluences.jpg\" \/>\n\t<meta property=\"og:image:width\" content=\"1392\" \/>\n\t<meta property=\"og:image:height\" content=\"597\" \/>\n\t<meta property=\"og:image:type\" content=\"image\/jpeg\" \/>\n<meta name=\"twitter:card\" content=\"summary_large_image\" \/>\n<meta name=\"twitter:label1\" content=\"Est. reading time\" \/>\n\t<meta name=\"twitter:data1\" content=\"4 minutes\" \/>\n<script type=\"application\/ld+json\" class=\"yoast-schema-graph\">{\"@context\":\"https:\\\/\\\/schema.org\",\"@graph\":[{\"@type\":\"WebPage\",\"@id\":\"https:\\\/\\\/villa-albertine.org\\\/va\\\/professionals\\\/digital-cities-lyon\\\/\",\"url\":\"https:\\\/\\\/villa-albertine.org\\\/va\\\/professionals\\\/digital-cities-lyon\\\/\",\"name\":\"Digital Cities #Lyon - Villa Albertine\",\"isPartOf\":{\"@id\":\"https:\\\/\\\/villa-albertine.org\\\/va\\\/#website\"},\"primaryImageOfPage\":{\"@id\":\"https:\\\/\\\/villa-albertine.org\\\/va\\\/professionals\\\/digital-cities-lyon\\\/#primaryimage\"},\"image\":{\"@id\":\"https:\\\/\\\/villa-albertine.org\\\/va\\\/professionals\\\/digital-cities-lyon\\\/#primaryimage\"},\"thumbnailUrl\":\"https:\\\/\\\/villa-albertine.org\\\/wp-content\\\/uploads\\\/2023\\\/08\\\/musee20confluences.jpg\",\"datePublished\":\"2023-02-10T21:22:48+00:00\",\"dateModified\":\"2024-01-27T20:54:00+00:00\",\"breadcrumb\":{\"@id\":\"https:\\\/\\\/villa-albertine.org\\\/va\\\/professionals\\\/digital-cities-lyon\\\/#breadcrumb\"},\"inLanguage\":\"en-US\",\"potentialAction\":[{\"@type\":\"ReadAction\",\"target\":[\"https:\\\/\\\/villa-albertine.org\\\/va\\\/professionals\\\/digital-cities-lyon\\\/\"]}]},{\"@type\":\"ImageObject\",\"inLanguage\":\"en-US\",\"@id\":\"https:\\\/\\\/villa-albertine.org\\\/va\\\/professionals\\\/digital-cities-lyon\\\/#primaryimage\",\"url\":\"https:\\\/\\\/villa-albertine.org\\\/wp-content\\\/uploads\\\/2023\\\/08\\\/musee20confluences.jpg\",\"contentUrl\":\"https:\\\/\\\/villa-albertine.org\\\/wp-content\\\/uploads\\\/2023\\\/08\\\/musee20confluences.jpg\",\"width\":1392,\"height\":597},{\"@type\":\"BreadcrumbList\",\"@id\":\"https:\\\/\\\/villa-albertine.org\\\/va\\\/professionals\\\/digital-cities-lyon\\\/#breadcrumb\",\"itemListElement\":[{\"@type\":\"ListItem\",\"position\":1,\"name\":\"Home\",\"item\":\"https:\\\/\\\/villa-albertine.org\\\/va\\\/\"},{\"@type\":\"ListItem\",\"position\":2,\"name\":\"Digital Cities #Lyon\"}]},{\"@type\":\"WebSite\",\"@id\":\"https:\\\/\\\/villa-albertine.org\\\/va\\\/#website\",\"url\":\"https:\\\/\\\/villa-albertine.org\\\/va\\\/\",\"name\":\"Villa Albertine\",\"description\":\"\",\"potentialAction\":[{\"@type\":\"SearchAction\",\"target\":{\"@type\":\"EntryPoint\",\"urlTemplate\":\"https:\\\/\\\/villa-albertine.org\\\/va\\\/?s={search_term_string}\"},\"query-input\":{\"@type\":\"PropertyValueSpecification\",\"valueRequired\":true,\"valueName\":\"search_term_string\"}}],\"inLanguage\":\"en-US\"}]}<\/script>\n<!-- \/ Yoast SEO plugin. -->","yoast_head_json":{"title":"Digital Cities #Lyon - Villa Albertine","robots":{"index":"index","follow":"follow","max-snippet":"max-snippet:-1","max-image-preview":"max-image-preview:large","max-video-preview":"max-video-preview:-1"},"canonical":"https:\/\/villa-albertine.org\/va\/professionals\/digital-cities-lyon\/","og_locale":"en_US","og_type":"article","og_title":"Digital Cities #Lyon - Villa Albertine","og_description":"Known for being the cradle of cinema, where the Lumi\u00e8re Brothers shot their first short film (Workers Leaving the Lumi\u00e8re Factory, 1895), Lyon is also the third largest city in France, featuring many top research centers and schools in biotech, chemistry, new technologies and fashion. Each year, a flow of young students and creators settle...","og_url":"https:\/\/villa-albertine.org\/va\/professionals\/digital-cities-lyon\/","og_site_name":"Villa Albertine","article_modified_time":"2024-01-27T20:54:00+00:00","og_image":[{"width":1392,"height":597,"url":"https:\/\/villa-albertine.org\/wp-content\/uploads\/2023\/08\/musee20confluences.jpg","type":"image\/jpeg"}],"twitter_card":"summary_large_image","twitter_misc":{"Est. reading time":"4 minutes"},"schema":{"@context":"https:\/\/schema.org","@graph":[{"@type":"WebPage","@id":"https:\/\/villa-albertine.org\/va\/professionals\/digital-cities-lyon\/","url":"https:\/\/villa-albertine.org\/va\/professionals\/digital-cities-lyon\/","name":"Digital Cities #Lyon - Villa Albertine","isPartOf":{"@id":"https:\/\/villa-albertine.org\/va\/#website"},"primaryImageOfPage":{"@id":"https:\/\/villa-albertine.org\/va\/professionals\/digital-cities-lyon\/#primaryimage"},"image":{"@id":"https:\/\/villa-albertine.org\/va\/professionals\/digital-cities-lyon\/#primaryimage"},"thumbnailUrl":"https:\/\/villa-albertine.org\/wp-content\/uploads\/2023\/08\/musee20confluences.jpg","datePublished":"2023-02-10T21:22:48+00:00","dateModified":"2024-01-27T20:54:00+00:00","breadcrumb":{"@id":"https:\/\/villa-albertine.org\/va\/professionals\/digital-cities-lyon\/#breadcrumb"},"inLanguage":"en-US","potentialAction":[{"@type":"ReadAction","target":["https:\/\/villa-albertine.org\/va\/professionals\/digital-cities-lyon\/"]}]},{"@type":"ImageObject","inLanguage":"en-US","@id":"https:\/\/villa-albertine.org\/va\/professionals\/digital-cities-lyon\/#primaryimage","url":"https:\/\/villa-albertine.org\/wp-content\/uploads\/2023\/08\/musee20confluences.jpg","contentUrl":"https:\/\/villa-albertine.org\/wp-content\/uploads\/2023\/08\/musee20confluences.jpg","width":1392,"height":597},{"@type":"BreadcrumbList","@id":"https:\/\/villa-albertine.org\/va\/professionals\/digital-cities-lyon\/#breadcrumb","itemListElement":[{"@type":"ListItem","position":1,"name":"Home","item":"https:\/\/villa-albertine.org\/va\/"},{"@type":"ListItem","position":2,"name":"Digital Cities #Lyon"}]},{"@type":"WebSite","@id":"https:\/\/villa-albertine.org\/va\/#website","url":"https:\/\/villa-albertine.org\/va\/","name":"Villa Albertine","description":"","potentialAction":[{"@type":"SearchAction","target":{"@type":"EntryPoint","urlTemplate":"https:\/\/villa-albertine.org\/va\/?s={search_term_string}"},"query-input":{"@type":"PropertyValueSpecification","valueRequired":true,"valueName":"search_term_string"}}],"inLanguage":"en-US"}]}},"_links":{"self":[{"href":"https:\/\/villa-albertine.org\/va\/wp-json\/wp\/v2\/app_professional\/61749","targetHints":{"allow":["GET"]}}],"collection":[{"href":"https:\/\/villa-albertine.org\/va\/wp-json\/wp\/v2\/app_professional"}],"about":[{"href":"https:\/\/villa-albertine.org\/va\/wp-json\/wp\/v2\/types\/app_professional"}],"wp:featuredmedia":[{"embeddable":true,"href":"https:\/\/villa-albertine.org\/va\/wp-json\/wp\/v2\/media\/61747"}],"wp:attachment":[{"href":"https:\/\/villa-albertine.org\/va\/wp-json\/wp\/v2\/media?parent=61749"}],"wp:term":[{"taxonomy":"app_discipline","embeddable":true,"href":"https:\/\/villa-albertine.org\/va\/wp-json\/wp\/v2\/app_discipline?post=61749"},{"taxonomy":"app_city_tax","embeddable":true,"href":"https:\/\/villa-albertine.org\/va\/wp-json\/wp\/v2\/app_city_tax?post=61749"},{"taxonomy":"app_professional_category","embeddable":true,"href":"https:\/\/villa-albertine.org\/va\/wp-json\/wp\/v2\/app_professional_category?post=61749"},{"taxonomy":"app_professional_content_type","embeddable":true,"href":"https:\/\/villa-albertine.org\/va\/wp-json\/wp\/v2\/app_professional_content_type?post=61749"}],"curies":[{"name":"wp","href":"https:\/\/api.w.org\/{rel}","templated":true}]}}