{"id":1031353,"date":"2024-11-20T20:16:05","date_gmt":"2024-11-20T20:16:05","guid":{"rendered":"https:\/\/villa-albertine.org\/va\/?post_type=app_professional&#038;p=1031353"},"modified":"2024-11-25T19:59:11","modified_gmt":"2024-11-25T19:59:11","slug":"a-journey-through-france-reflecting-on-the-2024-museums-next-generation-program","status":"publish","type":"app_professional","link":"https:\/\/villa-albertine.org\/va\/professionals\/a-journey-through-france-reflecting-on-the-2024-museums-next-generation-program\/","title":{"rendered":"A Journey Through France: Reflecting on the 2024 Museums Next Generation Program"},"content":{"rendered":"\n<p>Launched in 2023 by the French Embassy in the U.S. and Villa Albertine, <a href=\"https:\/\/villa-albertine.org\/va\/professionals\/call-for-applications-museums-next-generation-2024-2\/\" target=\"_blank\" rel=\"noreferrer noopener\"><em>Museums Next Generation<\/em><\/a> is an exchange and immersion program for the next generation of French and American curators.&nbsp;&nbsp;&nbsp;<\/p>\n\n\n\n<p>For its second edition, seven American curators were selected in summer 2024 for a 10-day immersion trip to explore France&#8217;s museum ecosystem and meet with French professionals.&nbsp;&nbsp;<\/p>\n\n\n\n<p>Explore the exciting lineup of visits and meetings, ranging from historic institutions in Paris to an in-depth exploration of both modern and medieval fine arts in Strasbourg and Nancy.&nbsp;<\/p>\n\n\n\n<h4 class=\"wp-block-heading\"><strong>Schedule: &nbsp;<\/strong><\/h4>\n\n\n\n<p><strong>Day 1: A Grand Opening in Paris<\/strong>&nbsp;<\/p>\n\n\n\n<figure class=\"wp-block-image size-large is-resized\"><img loading=\"lazy\" decoding=\"async\" width=\"1024\" height=\"768\" src=\"https:\/\/villa-albertine.org\/wp-content\/uploads\/2024\/11\/image-1-1024x768.png\" alt=\"\" class=\"wp-image-1031405\" style=\"width:595px;height:auto\" srcset=\"https:\/\/villa-albertine.org\/wp-content\/uploads\/2024\/11\/image-1-1024x768.png 1024w, https:\/\/villa-albertine.org\/wp-content\/uploads\/2024\/11\/image-1-300x225.png 300w, https:\/\/villa-albertine.org\/wp-content\/uploads\/2024\/11\/image-1-768x576.png 768w, https:\/\/villa-albertine.org\/wp-content\/uploads\/2024\/11\/image-1-1536x1152.png 1536w, https:\/\/villa-albertine.org\/wp-content\/uploads\/2024\/11\/image-1.png 1600w\" sizes=\"auto, (max-width: 1024px) 100vw, 1024px\" \/><\/figure>\n\n\n\n<p>The ten-day journey began at the <strong>French Ministry of Culture&#8217;s Museum Department<\/strong> with insightful discussions on the French museum ecosystem and policy and the French American Museum Exchange program (FRAME), giving American participants a better understanding of the centralized management of French museums.&nbsp;&nbsp;<\/p>\n\n\n\n<p>At noon, participants were invited for lunch with the team of the I<strong>nstitut National du Patrimoine<\/strong>,&nbsp;<em> a higher education institute that selects and provides foundational training to curators and conservators.&nbsp;<\/em> This meeting produced insightful discussions on new professions and training needs of museum curators with its the institution\u2019s director <strong>Charles Personnaz<\/strong> and <strong>S\u00e9verine Blenner-Michel<\/strong>, Head of Curator Studies.&nbsp;&nbsp;<\/p>\n\n\n\n<p>In the afternoon, participants had a private discussion with <strong>Laurence des Cars<\/strong>, Director of the <strong>Louvre<\/strong>. She shared her vision for the Louvre for the 21<sup>st<\/sup> Century and the challenges and priorities for the years to come.\u00a0\u00a0<\/p>\n\n\n\n<p>At the Louvre, participants additionally attended the opening of the highly anticipated exhibitions <em>Figure du fou<\/em> and <em>Revoir Watteau: Un com\u00e9dien sans r\u00e9plique.&nbsp;<\/em>&nbsp;<\/p>\n\n\n\n<p><\/p>\n\n\n\n<p><strong>Day 2: Mus\u00e9e du Quai Branly, the Centre Pompidou, and the Mus\u00e9e Carnavalet&nbsp;<\/strong><\/p>\n\n\n\n<figure class=\"wp-block-image size-large is-resized\"><img loading=\"lazy\" decoding=\"async\" width=\"1024\" height=\"768\" src=\"https:\/\/villa-albertine.org\/wp-content\/uploads\/2024\/11\/image-2-1024x768.png\" alt=\"\" class=\"wp-image-1031433\" style=\"width:599px;height:auto\" srcset=\"https:\/\/villa-albertine.org\/wp-content\/uploads\/2024\/11\/image-2-1024x768.png 1024w, https:\/\/villa-albertine.org\/wp-content\/uploads\/2024\/11\/image-2-300x225.png 300w, https:\/\/villa-albertine.org\/wp-content\/uploads\/2024\/11\/image-2-768x576.png 768w, https:\/\/villa-albertine.org\/wp-content\/uploads\/2024\/11\/image-2-1536x1152.png 1536w, https:\/\/villa-albertine.org\/wp-content\/uploads\/2024\/11\/image-2.png 1600w\" sizes=\"auto, (max-width: 1024px) 100vw, 1024px\" \/><\/figure>\n\n\n\n<p>On the second day, participants visited the <strong>Mus\u00e9e du Quai Branly <\/strong>to meet with <strong>Anne-Solene Rolland, <\/strong>Director of Collections and Heritage, <strong>Ga\u00eblle Beaujean-Baltzer, <\/strong>Curator of African Art, and <strong>El\u00e9onore Kissel<\/strong>,<strong> <\/strong>Head of the Restauration and Conservation Department.<strong> I<\/strong>t was an opportunity to discuss the issues related to provenances and restitutions and learn about the many collaborative projects that the museum is developing with the countries of origin of their collections.&nbsp;<\/p>\n\n\n\n<p>The afternoon featured a visit to the<em> Olga do Amaral<\/em> exhibition at Fondation Cartier with the exhibition\u2019s coordinator <strong>Aby Gaye<\/strong>. <strong>Philippe L\u00ea<\/strong>, Director of Architectural and Technical Affairs, also shared with the delegation information on the construction of a new building designed to host the Fondation Cartier starting in 2025, located next to the Louvre, which some of the participants had the chance to visit the following Saturday.<\/p>\n\n\n\n<p><\/p>\n\n\n\n<p><strong>Day 3: The US Embassy in Paris, Musee d\u2019Orsay, and the MNG Alumni Reunion <\/strong>&nbsp;<\/p>\n\n\n\n<p>The day began with a warm welcome at the <strong>U.S. Embassy<\/strong> and a tour of the historic <strong>Talleyrand Hotel<\/strong>, renowned for its elegant diplomatic salons. At the <strong>Mus\u00e9e d\u2019Orsay<\/strong>, participants engaged in enriching discussions with <strong>Paul Perrin<\/strong>, Director of Collections and his team, on their current projects and the challenge of adopting a more ecological approach while renewing visitor experiences. They also shared their plan to create a study center to strengthen their work in provenance research. Finally, the team discussed the place of AI and new technologies in the museum, with feedback on the immersive exhibitions recently developed and their reception by visitors.&nbsp;<\/p>\n\n\n\n<p>The evening concluded with a gathering of past laureates and Museum Next Generation program supporters at the splendid <strong>Palais Galliera \u2013 Fashion Museum of Paris,<\/strong> a private venue, which generously opened its doors for the occasion.\u00a0 The evening offered American participants the opportunity to meet with former French participants of the program from past years.\u00a0\u00a0<\/p>\n\n\n\n<p><\/p>\n\n\n\n<p><strong>Day 4: POUSH and Art Basel Paris<\/strong>\u00a0<\/p>\n\n\n\n<figure class=\"wp-block-image size-full is-resized\"><img loading=\"lazy\" decoding=\"async\" width=\"905\" height=\"679\" src=\"https:\/\/villa-albertine.org\/wp-content\/uploads\/2024\/11\/image-5.png\" alt=\"\" class=\"wp-image-1112764\" style=\"width:608px;height:auto\" srcset=\"https:\/\/villa-albertine.org\/wp-content\/uploads\/2024\/11\/image-5.png 905w, https:\/\/villa-albertine.org\/wp-content\/uploads\/2024\/11\/image-5-300x225.png 300w, https:\/\/villa-albertine.org\/wp-content\/uploads\/2024\/11\/image-5-768x576.png 768w\" sizes=\"auto, (max-width: 905px) 100vw, 905px\" \/><\/figure>\n\n\n\n<p><br>Participants began the day at <strong>POUSH<\/strong> in Aubervilliers, where Co-Founder and Director <strong>Herv\u00e9 Digne and Alexandre Colliex from Manifesto<\/strong> provided a tour of their dynamic artist hub and insights into its innovative support model. The participants met many of the artists that are currently in residence in this original institution, followed by lunch at the Poush caf\u00e9.&nbsp;&nbsp;<\/p>\n\n\n\n<p>In the afternoon, they visited the <strong>Mus\u00e9e Rodin<\/strong> for a meeting with Director<strong> Am\u00e9lie Simier<\/strong> and Marketing Director<strong> Catherine Duch\u00eane<\/strong>, exploring the museum\u2019s history, economic strategies, and global initiatives. They also toured the original <em>Corps In.visibles<\/em> exhibition with curator Marine Kisiel.&nbsp;&nbsp;<\/p>\n\n\n\n<p>The evening concluded in style with VIP access to the opening of <strong>Art Basel Paris<\/strong>, showcasing cutting-edge contemporary art.&nbsp;&nbsp;<\/p>\n\n\n\n<p><\/p>\n\n\n\n<p><strong>Day 5: Palais Galliera, Mus\u00e9e Carnavalet, and <em>Viva Villa <\/em>at<em> <\/em>Ga\u00eet\u00e9 Lyrique<\/strong><\/p>\n\n\n\n<p>The day began at the <strong>Palais Galliera \u2013 Fashion Museum of Paris,<\/strong> where participants attended a presentation on Paris Mus\u00e9es by <strong>Celine Marchand<\/strong> and discussed&nbsp;the challenges of operating a fashion museum with its director <strong>Miren Arzalluz<\/strong>. Additionally, they addressed the challenge of bringing more diversity to museums.&nbsp;<\/p>\n\n\n\n<p>In the afternoon, the group explored Parisian history at <strong>Mus\u00e9e Carnavalet<\/strong>, meeting curators <strong>H\u00e9l\u00e8ne Ducat\u00e9<\/strong>, <strong>Anne de Mondenard<\/strong>, and <strong>Anne-Laure Sol<\/strong>, and <strong>Susanna Muston<\/strong>, Deputy Head of Public Programs. They shared their experiences of introducing new narratives and more diversity in their galleries while rethinking historical collections. They also discussed strategies to better engage local audiences, with a strong focus on schools. &nbsp;<\/p>\n\n\n\n<p>The evening wrapped up with the vibrant <em>Viva Villa<\/em> party at<strong> Ga\u00eet\u00e9 Lyrique<\/strong>, celebrating four French Villas\u2019 global cultural initiatives, and featuring a multi-cultural concert in the iconic venue. &nbsp;<\/p>\n\n\n\n<p><\/p>\n\n\n\n<p><strong>Day 6 \u2013 8: An Exploration of Paris and Strasbourg&nbsp;<\/strong><\/p>\n\n\n\n<figure class=\"wp-block-image size-large is-resized\"><img loading=\"lazy\" decoding=\"async\" width=\"1024\" height=\"768\" src=\"https:\/\/villa-albertine.org\/wp-content\/uploads\/2024\/11\/image-1024x768.jpeg\" alt=\"\" class=\"wp-image-1112800\" style=\"width:605px;height:auto\" srcset=\"https:\/\/villa-albertine.org\/wp-content\/uploads\/2024\/11\/image-1024x768.jpeg 1024w, https:\/\/villa-albertine.org\/wp-content\/uploads\/2024\/11\/image-300x225.jpeg 300w, https:\/\/villa-albertine.org\/wp-content\/uploads\/2024\/11\/image-768x576.jpeg 768w, https:\/\/villa-albertine.org\/wp-content\/uploads\/2024\/11\/image-1536x1152.jpeg 1536w, https:\/\/villa-albertine.org\/wp-content\/uploads\/2024\/11\/image.jpeg 1600w\" sizes=\"auto, (max-width: 1024px) 100vw, 1024px\" \/><\/figure>\n\n\n\n<p>After taking time to explore Paris, participants journeyed east to the enchanting city of Strasbourg. Thanks to <strong>Emilie Girard<\/strong>, the Director of the Museums of Strasbourg, they visited the <strong>Mus\u00e9e d\u2019Art Moderne et Contemporain<\/strong> and the <strong>Mus\u00e9e de l\u2019\u0152uvre Notre-Dame<\/strong>, engaging in discussions with museum teams about their collections and curatorial practices. The day also included a visit to the<strong> Palais Rohan<\/strong>, where they explored its Decorative Arts and Fine Arts galleries, and discussed acquisition strategies and museography.\u00a0<\/p>\n\n\n\n<p><\/p>\n\n\n\n<p><strong>Day 9: A Day in Nancy &nbsp;<\/strong><\/p>\n\n\n\n<p>Marking the third and final stop of their tour, the group travelled to another gem of the East, Nancy. Participants began the day at the <strong>Palais des Ducs de Lorraine \u2013 Mus\u00e9e Lorrain<\/strong>, where <strong>Fr\u00e9d\u00e9rique Gaujacq<\/strong>, responsible for museum collections, presented the shared reserve of museums on the city\u2019s outskirts. They then heard from <strong>Richard Dargone<\/strong>, Director of the <strong>Museums of Nancy<\/strong>, who shared insights on the ongoing renovation project at the <strong>Lorraine Museum at the Ducal Palace<\/strong>.&nbsp;&nbsp;<\/p>\n\n\n\n<p>In the afternoon, the group visited the <strong>Museum of Fine Arts in Nancy<\/strong>, where curators <strong>Sophie Laroche<\/strong> and <strong>Kenza-Marie Safraoui<\/strong> presented the thought-provoking exhibition <em>Should We Burn the Museums?<\/em> They also met with <strong>Lucie Chapp\u00e9<\/strong>, head of the public department, who provided an overview of the museum\u2019s public programming.&nbsp;&nbsp;<\/p>\n\n\n\n<p><\/p>\n\n\n\n<p><strong>Day 10 &#8211; FRAME Congress&nbsp;<\/strong><\/p>\n\n\n\n<p>To round off the trip, participants began the day with a visit to <strong>Villa Majorelle<\/strong>, guided by <strong>Val\u00e9rie Thomas<\/strong>, Director of the <strong>\u00c9cole de Nancy Museum<\/strong>, followed by a tour of the \u00c9cole de Nancy Museum. The discussions centered around the intersection of art, architecture, and regional heritage, highlighting the museum&#8217;s significance in preserving the Art Nouveau movement.&nbsp;&nbsp;<\/p>\n\n\n\n<p>In the afternoon, the group arrived at the <strong>Museum of Fine Arts<\/strong> for an impactful conference on the theme <em>Research from, Issues and Practices in France and the United States.<\/em> <strong>Catherine Chevillot<\/strong>, General Curator at the Ministry of Culture, and <strong>Lucian Simmons<\/strong>, Head of Provenance at the Metropolitan Museum of Art, led discussions on provenance research and its challenges. The day concluded with the opening of <em>Visions<\/em>, a photography exhibition showcasing three innovative projects, followed by an evening cocktail reception at the <strong>Foyer de l\u2019Op\u00e9ra<\/strong>, hosted by FRAME, bringing together cultural professionals for further networking and reflection&nbsp;&nbsp;<\/p>\n\n\n\n<p><strong>See the full list of participants <a href=\"https:\/\/villa-albertine.org\/va\/professionals\/announcing-the-2024-museums-next-generation-us-laureates\/\" target=\"_blank\" rel=\"noreferrer noopener\">here<\/a>. &nbsp;&nbsp;<\/strong><\/p>\n\n\n\n<p>Interested in taking part in this once-in-a-lifetime adventure? Stay tuned for more information about our 2025 call for US candidates <a href=\"https:\/\/villa-albertine.org\/va\/news\/2024-2025-calls-for-applications\/\">here<\/a>.&nbsp;<\/p>\n\n\n\n<p><\/p>\n","protected":false},"featured_media":1031845,"menu_order":0,"template":"","app_discipline":[236],"app_city_tax":[235],"app_professional_category":[256],"app_professional_content_type":[254],"class_list":["post-1031353","app_professional","type-app_professional","status-publish","has-post-thumbnail","hentry","app_discipline-museums","app_city_tax-all-cities","app_professional_category-museums-heritage","app_professional_content_type-news"],"acf":[],"yoast_head":"<!-- This site is optimized with the Yoast SEO plugin v27.3 - https:\/\/yoast.com\/product\/yoast-seo-wordpress\/ -->\n<title>A Journey Through France: Reflecting on the 2024 Museums Next Generation Program - Villa Albertine<\/title>\n<meta name=\"robots\" content=\"index, follow, max-snippet:-1, max-image-preview:large, max-video-preview:-1\" \/>\n<link rel=\"canonical\" href=\"https:\/\/villa-albertine.org\/va\/professionals\/a-journey-through-france-reflecting-on-the-2024-museums-next-generation-program\/\" \/>\n<meta property=\"og:locale\" content=\"en_US\" \/>\n<meta property=\"og:type\" content=\"article\" \/>\n<meta property=\"og:title\" content=\"A Journey Through France: Reflecting on the 2024 Museums Next Generation Program - Villa Albertine\" \/>\n<meta property=\"og:description\" content=\"Launched in 2023 by the French Embassy in the U.S. and Villa Albertine, Museums Next Generation is an exchange and immersion program for the next generation of French and American curators.&nbsp;&nbsp;&nbsp; For its second edition, seven American curators were selected in summer 2024 for a 10-day immersion trip to explore France&#8217;s museum ecosystem and meet...\" \/>\n<meta property=\"og:url\" content=\"https:\/\/villa-albertine.org\/va\/professionals\/a-journey-through-france-reflecting-on-the-2024-museums-next-generation-program\/\" \/>\n<meta property=\"og:site_name\" content=\"Villa Albertine\" \/>\n<meta property=\"article:modified_time\" content=\"2024-11-25T19:59:11+00:00\" \/>\n<meta property=\"og:image\" content=\"https:\/\/villa-albertine.org\/wp-content\/uploads\/2024\/11\/Image-2.jpeg\" \/>\n\t<meta property=\"og:image:width\" content=\"1744\" \/>\n\t<meta property=\"og:image:height\" content=\"1308\" \/>\n\t<meta property=\"og:image:type\" content=\"image\/jpeg\" \/>\n<meta name=\"twitter:card\" content=\"summary_large_image\" \/>\n<meta name=\"twitter:label1\" content=\"Est. reading time\" \/>\n\t<meta name=\"twitter:data1\" content=\"7 minutes\" \/>\n<script type=\"application\/ld+json\" class=\"yoast-schema-graph\">{\"@context\":\"https:\\\/\\\/schema.org\",\"@graph\":[{\"@type\":\"WebPage\",\"@id\":\"https:\\\/\\\/villa-albertine.org\\\/va\\\/professionals\\\/a-journey-through-france-reflecting-on-the-2024-museums-next-generation-program\\\/\",\"url\":\"https:\\\/\\\/villa-albertine.org\\\/va\\\/professionals\\\/a-journey-through-france-reflecting-on-the-2024-museums-next-generation-program\\\/\",\"name\":\"A Journey Through France: Reflecting on the 2024 Museums Next Generation Program - Villa Albertine\",\"isPartOf\":{\"@id\":\"https:\\\/\\\/villa-albertine.org\\\/va\\\/#website\"},\"primaryImageOfPage\":{\"@id\":\"https:\\\/\\\/villa-albertine.org\\\/va\\\/professionals\\\/a-journey-through-france-reflecting-on-the-2024-museums-next-generation-program\\\/#primaryimage\"},\"image\":{\"@id\":\"https:\\\/\\\/villa-albertine.org\\\/va\\\/professionals\\\/a-journey-through-france-reflecting-on-the-2024-museums-next-generation-program\\\/#primaryimage\"},\"thumbnailUrl\":\"https:\\\/\\\/villa-albertine.org\\\/wp-content\\\/uploads\\\/2024\\\/11\\\/Image-2.jpeg\",\"datePublished\":\"2024-11-20T20:16:05+00:00\",\"dateModified\":\"2024-11-25T19:59:11+00:00\",\"breadcrumb\":{\"@id\":\"https:\\\/\\\/villa-albertine.org\\\/va\\\/professionals\\\/a-journey-through-france-reflecting-on-the-2024-museums-next-generation-program\\\/#breadcrumb\"},\"inLanguage\":\"en-US\",\"potentialAction\":[{\"@type\":\"ReadAction\",\"target\":[\"https:\\\/\\\/villa-albertine.org\\\/va\\\/professionals\\\/a-journey-through-france-reflecting-on-the-2024-museums-next-generation-program\\\/\"]}]},{\"@type\":\"ImageObject\",\"inLanguage\":\"en-US\",\"@id\":\"https:\\\/\\\/villa-albertine.org\\\/va\\\/professionals\\\/a-journey-through-france-reflecting-on-the-2024-museums-next-generation-program\\\/#primaryimage\",\"url\":\"https:\\\/\\\/villa-albertine.org\\\/wp-content\\\/uploads\\\/2024\\\/11\\\/Image-2.jpeg\",\"contentUrl\":\"https:\\\/\\\/villa-albertine.org\\\/wp-content\\\/uploads\\\/2024\\\/11\\\/Image-2.jpeg\",\"width\":1744,\"height\":1308},{\"@type\":\"BreadcrumbList\",\"@id\":\"https:\\\/\\\/villa-albertine.org\\\/va\\\/professionals\\\/a-journey-through-france-reflecting-on-the-2024-museums-next-generation-program\\\/#breadcrumb\",\"itemListElement\":[{\"@type\":\"ListItem\",\"position\":1,\"name\":\"Home\",\"item\":\"https:\\\/\\\/villa-albertine.org\\\/va\\\/\"},{\"@type\":\"ListItem\",\"position\":2,\"name\":\"A Journey Through France: Reflecting on the 2024 Museums Next Generation Program\"}]},{\"@type\":\"WebSite\",\"@id\":\"https:\\\/\\\/villa-albertine.org\\\/va\\\/#website\",\"url\":\"https:\\\/\\\/villa-albertine.org\\\/va\\\/\",\"name\":\"Villa Albertine\",\"description\":\"\",\"potentialAction\":[{\"@type\":\"SearchAction\",\"target\":{\"@type\":\"EntryPoint\",\"urlTemplate\":\"https:\\\/\\\/villa-albertine.org\\\/va\\\/?s={search_term_string}\"},\"query-input\":{\"@type\":\"PropertyValueSpecification\",\"valueRequired\":true,\"valueName\":\"search_term_string\"}}],\"inLanguage\":\"en-US\"}]}<\/script>\n<!-- \/ Yoast SEO plugin. -->","yoast_head_json":{"title":"A Journey Through France: Reflecting on the 2024 Museums Next Generation Program - Villa Albertine","robots":{"index":"index","follow":"follow","max-snippet":"max-snippet:-1","max-image-preview":"max-image-preview:large","max-video-preview":"max-video-preview:-1"},"canonical":"https:\/\/villa-albertine.org\/va\/professionals\/a-journey-through-france-reflecting-on-the-2024-museums-next-generation-program\/","og_locale":"en_US","og_type":"article","og_title":"A Journey Through France: Reflecting on the 2024 Museums Next Generation Program - Villa Albertine","og_description":"Launched in 2023 by the French Embassy in the U.S. and Villa Albertine, Museums Next Generation is an exchange and immersion program for the next generation of French and American curators.&nbsp;&nbsp;&nbsp; For its second edition, seven American curators were selected in summer 2024 for a 10-day immersion trip to explore France&#8217;s museum ecosystem and meet...","og_url":"https:\/\/villa-albertine.org\/va\/professionals\/a-journey-through-france-reflecting-on-the-2024-museums-next-generation-program\/","og_site_name":"Villa Albertine","article_modified_time":"2024-11-25T19:59:11+00:00","og_image":[{"width":1744,"height":1308,"url":"https:\/\/villa-albertine.org\/wp-content\/uploads\/2024\/11\/Image-2.jpeg","type":"image\/jpeg"}],"twitter_card":"summary_large_image","twitter_misc":{"Est. reading time":"7 minutes"},"schema":{"@context":"https:\/\/schema.org","@graph":[{"@type":"WebPage","@id":"https:\/\/villa-albertine.org\/va\/professionals\/a-journey-through-france-reflecting-on-the-2024-museums-next-generation-program\/","url":"https:\/\/villa-albertine.org\/va\/professionals\/a-journey-through-france-reflecting-on-the-2024-museums-next-generation-program\/","name":"A Journey Through France: Reflecting on the 2024 Museums Next Generation Program - Villa Albertine","isPartOf":{"@id":"https:\/\/villa-albertine.org\/va\/#website"},"primaryImageOfPage":{"@id":"https:\/\/villa-albertine.org\/va\/professionals\/a-journey-through-france-reflecting-on-the-2024-museums-next-generation-program\/#primaryimage"},"image":{"@id":"https:\/\/villa-albertine.org\/va\/professionals\/a-journey-through-france-reflecting-on-the-2024-museums-next-generation-program\/#primaryimage"},"thumbnailUrl":"https:\/\/villa-albertine.org\/wp-content\/uploads\/2024\/11\/Image-2.jpeg","datePublished":"2024-11-20T20:16:05+00:00","dateModified":"2024-11-25T19:59:11+00:00","breadcrumb":{"@id":"https:\/\/villa-albertine.org\/va\/professionals\/a-journey-through-france-reflecting-on-the-2024-museums-next-generation-program\/#breadcrumb"},"inLanguage":"en-US","potentialAction":[{"@type":"ReadAction","target":["https:\/\/villa-albertine.org\/va\/professionals\/a-journey-through-france-reflecting-on-the-2024-museums-next-generation-program\/"]}]},{"@type":"ImageObject","inLanguage":"en-US","@id":"https:\/\/villa-albertine.org\/va\/professionals\/a-journey-through-france-reflecting-on-the-2024-museums-next-generation-program\/#primaryimage","url":"https:\/\/villa-albertine.org\/wp-content\/uploads\/2024\/11\/Image-2.jpeg","contentUrl":"https:\/\/villa-albertine.org\/wp-content\/uploads\/2024\/11\/Image-2.jpeg","width":1744,"height":1308},{"@type":"BreadcrumbList","@id":"https:\/\/villa-albertine.org\/va\/professionals\/a-journey-through-france-reflecting-on-the-2024-museums-next-generation-program\/#breadcrumb","itemListElement":[{"@type":"ListItem","position":1,"name":"Home","item":"https:\/\/villa-albertine.org\/va\/"},{"@type":"ListItem","position":2,"name":"A Journey Through France: Reflecting on the 2024 Museums Next Generation Program"}]},{"@type":"WebSite","@id":"https:\/\/villa-albertine.org\/va\/#website","url":"https:\/\/villa-albertine.org\/va\/","name":"Villa Albertine","description":"","potentialAction":[{"@type":"SearchAction","target":{"@type":"EntryPoint","urlTemplate":"https:\/\/villa-albertine.org\/va\/?s={search_term_string}"},"query-input":{"@type":"PropertyValueSpecification","valueRequired":true,"valueName":"search_term_string"}}],"inLanguage":"en-US"}]}},"_links":{"self":[{"href":"https:\/\/villa-albertine.org\/va\/wp-json\/wp\/v2\/app_professional\/1031353","targetHints":{"allow":["GET"]}}],"collection":[{"href":"https:\/\/villa-albertine.org\/va\/wp-json\/wp\/v2\/app_professional"}],"about":[{"href":"https:\/\/villa-albertine.org\/va\/wp-json\/wp\/v2\/types\/app_professional"}],"wp:featuredmedia":[{"embeddable":true,"href":"https:\/\/villa-albertine.org\/va\/wp-json\/wp\/v2\/media\/1031845"}],"wp:attachment":[{"href":"https:\/\/villa-albertine.org\/va\/wp-json\/wp\/v2\/media?parent=1031353"}],"wp:term":[{"taxonomy":"app_discipline","embeddable":true,"href":"https:\/\/villa-albertine.org\/va\/wp-json\/wp\/v2\/app_discipline?post=1031353"},{"taxonomy":"app_city_tax","embeddable":true,"href":"https:\/\/villa-albertine.org\/va\/wp-json\/wp\/v2\/app_city_tax?post=1031353"},{"taxonomy":"app_professional_category","embeddable":true,"href":"https:\/\/villa-albertine.org\/va\/wp-json\/wp\/v2\/app_professional_category?post=1031353"},{"taxonomy":"app_professional_content_type","embeddable":true,"href":"https:\/\/villa-albertine.org\/va\/wp-json\/wp\/v2\/app_professional_content_type?post=1031353"}],"curies":[{"name":"wp","href":"https:\/\/api.w.org\/{rel}","templated":true}]}}