{"id":8882226,"date":"2026-04-30T15:46:03","date_gmt":"2026-04-30T15:46:03","guid":{"rendered":"https:\/\/villa-albertine.org\/va\/?post_type=app_job&#038;p=8882226"},"modified":"2026-04-30T15:56:21","modified_gmt":"2026-04-30T15:56:21","slug":"stagiaire-h-f-evenement-et-communication-a-washington-dc","status":"publish","type":"app_job","link":"https:\/\/villa-albertine.org\/va\/careers\/stagiaire-h-f-evenement-et-communication-a-washington-dc\/","title":{"rendered":"Stagiaire (H\/F) \u00e9v\u00e9nement et communication \u00e0 Washington, DC"},"content":{"rendered":"\n<p><strong>Le\/a stagiaire de l\u2019Institut Fran\u00e7ais des Etats-Unis -Villa Albertine accompagnera la mise en place de la programmation des projets culturels (arts visuels, livre, spectacle vivant, litt\u00e9rature, cin\u00e9ma, musique, num\u00e9rique), notamment en lien avec la Villa Albertine, et des projets universitaires et \u00e9ducatifs \u00e0 Washington DC.<\/strong><\/p>\n\n\n\n<ul class=\"wp-block-list\">\n<li><strong>Dur\u00e9e du stage<\/strong>\u00a0:\u00a06\u00a0mois \u00e0 temps plein\u00a0\u2013 Stage \u00e9v\u00e9nement et communication au sein du service culturel\u00a0\u00a0<\/li>\n\n\n\n<li><strong>Dates du stage<\/strong>\u00a0:\u00a01<sup>er<\/sup>\u00a0juin\u00a02026\u00a0\u2013 27 novembre 2026\u00a0<\/li>\n\n\n\n<li><strong>Dur\u00e9e hebdomadaire<\/strong>\u00a0: 35 heures Institution\u202f: Villa\u00a0Albertine,\u00a0l\u2019Institut fran\u00e7ais pour la culture et l\u2019\u00e9ducation \u00e0 l\u2019Ambassade de France aux Etats-Unis\u00a0\u00a0<\/li>\n\n\n\n<li><strong>Lieu du stage<\/strong>\u00a0: Ambassade de France aux Etats-Unis, 4101\u00a0Reservoir\u00a0Rd NW, Washington, DC 20007\u00a0<\/li>\n<\/ul>\n\n\n\n<p><strong>Description de l\u2019institution\u202f<\/strong>&nbsp;<\/p>\n\n\n\n<p>L\u2019Institut fran\u00e7ais des Etats-Unis \u2013 Villa Albertine, service culturel de l\u2019Ambassade des Etats-Unis fait la promotion de la culture contemporaine aupr\u00e8s d\u2019institutions culturelles et acad\u00e9miques. Des antennes sont pr\u00e9sentes \u00e0 Atlanta, Boston, Chicago, Houston, Miami, Los Angeles, Nouvelle-Orl\u00e9ans, Washington et San Francisco.&nbsp;<\/p>\n\n\n\n<p>La Villa Albertine \u00e0 Washington, DC&nbsp;a pour mission de mettre en r\u00e9seau des partenaires institutionnels priv\u00e9s et publiques, fondations et mus\u00e9es, universit\u00e9s et \u00e9coles, artistes, collectionneurs, biblioth\u00e8ques, th\u00e9\u00e2tres\u2026 tout lieu de culture et de promotion culturelle sur l\u2019ensemble de sa circonscription. La gestion de&nbsp;projets&nbsp;culturels France (et pays&nbsp;francophones)\/USA&nbsp;est&nbsp;\u00e9galement au c\u0153ur de nos activit\u00e9s.&nbsp;&nbsp;<\/p>\n\n\n\n<p>Dans une logique de promotion de temps forts afin de valoriser ces partenariats, une programmation sur deux ann\u00e9es est propos\u00e9e&nbsp;dans l\u2019ensemble de la circonscription.&nbsp;&nbsp;<\/p>\n\n\n\n<p><strong>Candidature<\/strong>&nbsp;<\/p>\n\n\n\n<p>Les&nbsp;candidat.e.s&nbsp;int\u00e9ress\u00e9.e.s&nbsp;doivent envoyer CV + lettre de motivation en fran\u00e7ais adress\u00e9s \u00e0 Lynda&nbsp;Frenois, Attach\u00e9e culturelle par mail \u00e0&nbsp;<a href=\"mailto:lynda.frenois@villa-albertine.org\" target=\"_blank\" rel=\"noreferrer noopener\">lynda.frenois@villa-albertine.org<\/a>&nbsp;avant le 10 mai 2026 \u00e0 minuit&nbsp;(heure US).&nbsp;<\/p>\n\n\n\n<ul class=\"wp-block-list\">\n<li>L\u2019objet du mail doit comporter l\u2019intitul\u00e9 \u00ab\u202fVilla Albertine Washington \u2013 candidature stage \u00bb\u00a0\u00a0<\/li>\n\n\n\n<li>Les\u00a0candidat.e.s\u00a0seront\u00a0inform\u00e9.e.s\u00a0de leur \u00e9ventuelle participation \u00e0 un entretien \u00e0 partir du\u00a012\u00a0mai 2026.\u00a0<\/li>\n<\/ul>\n\n\n\n<p><strong>Description des missions&nbsp;<\/strong>&nbsp;<\/p>\n\n\n\n<p>Le\/la stagiaire aura en particulier pour missions :&nbsp;&nbsp;&nbsp;<\/p>\n\n\n\n<p><strong>1. Projets culturels<\/strong>&nbsp;<\/p>\n\n\n\n<ul class=\"wp-block-list\">\n<li>recherche\u00a0et suivi de partenaires culturels et acad\u00e9miques\u00a0<\/li>\n\n\n\n<li>pr\u00e9paration\u00a0de notes de contexte et dossiers de programmation\u00a0<\/li>\n\n\n\n<li>Appui\u00a0op\u00e9rationnel avec les institutions partenaires\u00a0<\/li>\n\n\n\n<li>pr\u00e9paration\u00a0de supports de pr\u00e9sentation (notes, fiches projets, pr\u00e9sentations)\u00a0<\/li>\n<\/ul>\n\n\n\n<p><strong>2. \u00c9v\u00e9nementiel<\/strong>&nbsp;<\/p>\n\n\n\n<ul class=\"wp-block-list\">\n<li>pr\u00e9paration\u00a0logistique\u00a0des\u00a0\u00e9v\u00e9nements\u00a0<\/li>\n\n\n\n<li>Appui\u00a0avec les intervenants et partenaires\u00a0<\/li>\n\n\n\n<li>pr\u00e9paration\u00a0des dossiers intervenants et du d\u00e9roul\u00e9 des \u00e9v\u00e9nements\u00a0<\/li>\n\n\n\n<li>gestion\u00a0et mise \u00e0 jour des bases de donn\u00e9es partenaires et publics\u00a0<\/li>\n\n\n\n<li>suivi\u00a0des invitations et listes de participants\u00a0<\/li>\n\n\n\n<li>analyse\u00a0de la fr\u00e9quentation et des publics\u00a0<\/li>\n<\/ul>\n\n\n\n<p><strong>3. Communication<\/strong>&nbsp;<\/p>\n\n\n\n<ul class=\"wp-block-list\">\n<li>mise\u00a0\u00e0 jour du calendrier de communication\u00a0<\/li>\n\n\n\n<li>publication\u00a0des \u00e9v\u00e9nements sur le site web et les plateformes (Eventbrite)\u00a0<\/li>\n\n\n\n<li>r\u00e9daction\u00a0et diffusion de contenus promotionnels\u00a0<\/li>\n\n\n\n<li>gestion\u00a0et mise \u00e0 jour des bases de contacts et abonn\u00e9s\u00a0<\/li>\n\n\n\n<li>traduction\u00a0de contenus du fran\u00e7ais vers l\u2019anglais\u00a0<\/li>\n\n\n\n<li>participation\u00a0\u00e0 la r\u00e9flexion \u00e9ditoriale et aux strat\u00e9gies de communication\u00a0<\/li>\n<\/ul>\n\n\n\n<p><strong>4. Logistique et production<\/strong>&nbsp;<\/p>\n\n\n\n<ul class=\"wp-block-list\">\n<li>pr\u00e9paration\u00a0des listes de participants et accueil lors des \u00e9v\u00e9nements\u00a0<\/li>\n\n\n\n<li>accueil\u00a0et suivi des artistes et intervenants\u00a0<\/li>\n\n\n\n<li>pr\u00e9paration\u00a0des espaces et des \u00e9quipements techniques\u00a0<\/li>\n\n\n\n<li>appui\u00a0\u00e0 la production et au suivi des calendriers et \u00e9l\u00e9ments techniques\u00a0<\/li>\n<\/ul>\n\n\n\n<p><strong>5. Veille, analyse et appui administratif<\/strong>&nbsp;<\/p>\n\n\n\n<ul class=\"wp-block-list\">\n<li>veille\u00a0culturelle\u00a0et\u00a0institutionnelle\u00a0<\/li>\n\n\n\n<li>r\u00e9daction\u00a0de notes de contexte et comptes rendus\u00a0<\/li>\n\n\n\n<li>r\u00e9daction\u00a0de notes de synth\u00e8se et d\u2019\u00e9l\u00e9ments de langage\u00a0<\/li>\n\n\n\n<li>traitement\u00a0de donn\u00e9es, statistiques et analyse de la fr\u00e9quentation\u00a0<\/li>\n\n\n\n<li>recherche\u00a0sur les appels \u00e0 projets et opportunit\u00e9s de coop\u00e9ration\u00a0<\/li>\n<\/ul>\n\n\n\n<p><strong>Profil recherch\u00e9\u202f<\/strong>&nbsp;<\/p>\n\n\n\n<ul class=\"wp-block-list\">\n<li>Niveau\u00a0d\u2019\u00e9tude\u202f:\u00a0minimum\u00a0Master\u00a0<\/li>\n\n\n\n<li>Cursus : gestion de projets culturels, sciences politiques, humaines et sociales, relations internationales, communication.\u00a0<\/li>\n\n\n\n<li>Exp\u00e9rience dans l&#8217;utilisation d&#8217;outils num\u00e9riques et de communication (Microsoft 365,\u00a0Eventbrite, WordPress,\u00a0Canva,\u00a0Mailchimp) et int\u00e9r\u00eat \u00e0 en apprendre davantage\u00a0<\/li>\n\n\n\n<li>Excellentes comp\u00e9tences organisationnelles, de communication et de relationnel, avec la capacit\u00e9 de travailler \u00e0 la fois de mani\u00e8re ind\u00e9pendante et en \u00e9quipe dans un environnement multiculturel\u00a0<\/li>\n\n\n\n<li>Comp\u00e9tences linguistiques n\u00e9cessaires\u202f: niveau avanc\u00e9 (B2 &#8211;\u00a0C1) en anglais oral et \u00e9crit\u00a0<\/li>\n\n\n\n<li>Qualit\u00e9s : adaptation, curiosit\u00e9, autonomie, aisance \u00e0 l\u2019oral\u00a0et \u00e0 l\u2019\u00e9crit\u00a0\u00a0<\/li>\n<\/ul>\n\n\n\n<p><strong>Conditions<\/strong>&nbsp;<\/p>\n\n\n\n<ul class=\"wp-block-list\">\n<li>Dur\u00e9e\u00a0hebdomadaire\u00a0: 35h\u00a0<\/li>\n\n\n\n<li>Cong\u00e9s\u202f:\u00a02j\/\u00a0mois\u00a0\u00a0\u00a0<\/li>\n\n\n\n<li>Le\/la\u00a0candidat.e\u00a0devra imp\u00e9rativement \u00eatre\u00a0inscrit.e\u00a0pour l\u2019ann\u00e9e en cours dans un \u00e9tablissement conventionn\u00e9\u00a0par le MEAE\u00a0et devra pouvoir fournir une convention couvrant toute la dur\u00e9e du stage\u00a0<\/li>\n\n\n\n<li>Le\/la\u00a0candidat.e\u00a0devra obligatoirement souscrire\u00a0\u00e0\u00a0une assurance responsabilit\u00e9 civile\u00a0et\u00a0rapatriement \u00e0 sa charge\u00a0\u00a0<\/li>\n\n\n\n<li>Le\/la\u00a0candidat.e\u00a0doit \u00eatre en possession d\u2019un passeport valide jusqu\u2019au moins 6 mois apr\u00e8s la fin du stage.\u00a0\u00a0<\/li>\n\n\n\n<li>Avec notre soutien, il\/elle devra s\u2019assurer des d\u00e9marches li\u00e9es \u00e0 l\u2019obtention d\u2019un visa de stage \u00e0 l\u2019Ambassade des Etats-Unis \u00e0 Paris.\u00a0<\/li>\n\n\n\n<li>Stage gratifi\u00e9 aux conditions l\u00e9gales en vigueur en France \u00e0 laquelle s\u2019ajoute une indemnit\u00e9 forfaitaire de $120 par mois pour les frais de transports (m\u00e9tro, bus)\u00a0<\/li>\n<\/ul>\n","protected":false},"featured_media":0,"menu_order":0,"template":"","app_city_tax":[226],"app_department":[],"class_list":["post-8882226","app_job","type-app_job","status-publish","hentry","app_city_tax-dc"],"acf":[],"yoast_head":"<!-- This site is optimized with the Yoast SEO plugin v27.3 - https:\/\/yoast.com\/product\/yoast-seo-wordpress\/ -->\n<title>Stagiaire (H\/F) \u00e9v\u00e9nement et communication \u00e0 Washington, DC - Villa Albertine<\/title>\n<meta name=\"robots\" content=\"index, follow, max-snippet:-1, max-image-preview:large, max-video-preview:-1\" \/>\n<link rel=\"canonical\" href=\"https:\/\/villa-albertine.org\/va\/careers\/stagiaire-h-f-evenement-et-communication-a-washington-dc\/\" \/>\n<meta property=\"og:locale\" content=\"en_US\" \/>\n<meta property=\"og:type\" content=\"article\" \/>\n<meta property=\"og:title\" content=\"Stagiaire (H\/F) \u00e9v\u00e9nement et communication \u00e0 Washington, DC - Villa Albertine\" \/>\n<meta property=\"og:description\" content=\"Le\/a stagiaire de l\u2019Institut Fran\u00e7ais des Etats-Unis -Villa Albertine accompagnera la mise en place de la programmation des projets culturels (arts visuels, livre, spectacle vivant, litt\u00e9rature, cin\u00e9ma, musique, num\u00e9rique), notamment en lien avec la Villa Albertine, et des projets universitaires et \u00e9ducatifs \u00e0 Washington DC. Description de l\u2019institution\u202f&nbsp; L\u2019Institut fran\u00e7ais des Etats-Unis \u2013 Villa Albertine,...\" \/>\n<meta property=\"og:url\" content=\"https:\/\/villa-albertine.org\/va\/careers\/stagiaire-h-f-evenement-et-communication-a-washington-dc\/\" \/>\n<meta property=\"og:site_name\" content=\"Villa Albertine\" \/>\n<meta property=\"article:modified_time\" content=\"2026-04-30T15:56:21+00:00\" \/>\n<meta name=\"twitter:card\" content=\"summary_large_image\" \/>\n<meta name=\"twitter:label1\" content=\"Est. reading time\" \/>\n\t<meta name=\"twitter:data1\" content=\"4 minutes\" \/>\n<script type=\"application\/ld+json\" class=\"yoast-schema-graph\">{\"@context\":\"https:\\\/\\\/schema.org\",\"@graph\":[{\"@type\":\"WebPage\",\"@id\":\"https:\\\/\\\/villa-albertine.org\\\/va\\\/careers\\\/stagiaire-h-f-evenement-et-communication-a-washington-dc\\\/\",\"url\":\"https:\\\/\\\/villa-albertine.org\\\/va\\\/careers\\\/stagiaire-h-f-evenement-et-communication-a-washington-dc\\\/\",\"name\":\"Stagiaire (H\\\/F) \u00e9v\u00e9nement et communication \u00e0 Washington, DC - Villa Albertine\",\"isPartOf\":{\"@id\":\"https:\\\/\\\/villa-albertine.org\\\/va\\\/#website\"},\"datePublished\":\"2026-04-30T15:46:03+00:00\",\"dateModified\":\"2026-04-30T15:56:21+00:00\",\"breadcrumb\":{\"@id\":\"https:\\\/\\\/villa-albertine.org\\\/va\\\/careers\\\/stagiaire-h-f-evenement-et-communication-a-washington-dc\\\/#breadcrumb\"},\"inLanguage\":\"en-US\",\"potentialAction\":[{\"@type\":\"ReadAction\",\"target\":[\"https:\\\/\\\/villa-albertine.org\\\/va\\\/careers\\\/stagiaire-h-f-evenement-et-communication-a-washington-dc\\\/\"]}]},{\"@type\":\"BreadcrumbList\",\"@id\":\"https:\\\/\\\/villa-albertine.org\\\/va\\\/careers\\\/stagiaire-h-f-evenement-et-communication-a-washington-dc\\\/#breadcrumb\",\"itemListElement\":[{\"@type\":\"ListItem\",\"position\":1,\"name\":\"Home\",\"item\":\"https:\\\/\\\/villa-albertine.org\\\/va\\\/\"},{\"@type\":\"ListItem\",\"position\":2,\"name\":\"Stagiaire (H\\\/F) \u00e9v\u00e9nement et communication \u00e0 Washington, DC\"}]},{\"@type\":\"WebSite\",\"@id\":\"https:\\\/\\\/villa-albertine.org\\\/va\\\/#website\",\"url\":\"https:\\\/\\\/villa-albertine.org\\\/va\\\/\",\"name\":\"Villa Albertine\",\"description\":\"\",\"potentialAction\":[{\"@type\":\"SearchAction\",\"target\":{\"@type\":\"EntryPoint\",\"urlTemplate\":\"https:\\\/\\\/villa-albertine.org\\\/va\\\/?s={search_term_string}\"},\"query-input\":{\"@type\":\"PropertyValueSpecification\",\"valueRequired\":true,\"valueName\":\"search_term_string\"}}],\"inLanguage\":\"en-US\"}]}<\/script>\n<!-- \/ Yoast SEO plugin. -->","yoast_head_json":{"title":"Stagiaire (H\/F) \u00e9v\u00e9nement et communication \u00e0 Washington, DC - Villa Albertine","robots":{"index":"index","follow":"follow","max-snippet":"max-snippet:-1","max-image-preview":"max-image-preview:large","max-video-preview":"max-video-preview:-1"},"canonical":"https:\/\/villa-albertine.org\/va\/careers\/stagiaire-h-f-evenement-et-communication-a-washington-dc\/","og_locale":"en_US","og_type":"article","og_title":"Stagiaire (H\/F) \u00e9v\u00e9nement et communication \u00e0 Washington, DC - Villa Albertine","og_description":"Le\/a stagiaire de l\u2019Institut Fran\u00e7ais des Etats-Unis -Villa Albertine accompagnera la mise en place de la programmation des projets culturels (arts visuels, livre, spectacle vivant, litt\u00e9rature, cin\u00e9ma, musique, num\u00e9rique), notamment en lien avec la Villa Albertine, et des projets universitaires et \u00e9ducatifs \u00e0 Washington DC. Description de l\u2019institution\u202f&nbsp; L\u2019Institut fran\u00e7ais des Etats-Unis \u2013 Villa Albertine,...","og_url":"https:\/\/villa-albertine.org\/va\/careers\/stagiaire-h-f-evenement-et-communication-a-washington-dc\/","og_site_name":"Villa Albertine","article_modified_time":"2026-04-30T15:56:21+00:00","twitter_card":"summary_large_image","twitter_misc":{"Est. reading time":"4 minutes"},"schema":{"@context":"https:\/\/schema.org","@graph":[{"@type":"WebPage","@id":"https:\/\/villa-albertine.org\/va\/careers\/stagiaire-h-f-evenement-et-communication-a-washington-dc\/","url":"https:\/\/villa-albertine.org\/va\/careers\/stagiaire-h-f-evenement-et-communication-a-washington-dc\/","name":"Stagiaire (H\/F) \u00e9v\u00e9nement et communication \u00e0 Washington, DC - Villa Albertine","isPartOf":{"@id":"https:\/\/villa-albertine.org\/va\/#website"},"datePublished":"2026-04-30T15:46:03+00:00","dateModified":"2026-04-30T15:56:21+00:00","breadcrumb":{"@id":"https:\/\/villa-albertine.org\/va\/careers\/stagiaire-h-f-evenement-et-communication-a-washington-dc\/#breadcrumb"},"inLanguage":"en-US","potentialAction":[{"@type":"ReadAction","target":["https:\/\/villa-albertine.org\/va\/careers\/stagiaire-h-f-evenement-et-communication-a-washington-dc\/"]}]},{"@type":"BreadcrumbList","@id":"https:\/\/villa-albertine.org\/va\/careers\/stagiaire-h-f-evenement-et-communication-a-washington-dc\/#breadcrumb","itemListElement":[{"@type":"ListItem","position":1,"name":"Home","item":"https:\/\/villa-albertine.org\/va\/"},{"@type":"ListItem","position":2,"name":"Stagiaire (H\/F) \u00e9v\u00e9nement et communication \u00e0 Washington, DC"}]},{"@type":"WebSite","@id":"https:\/\/villa-albertine.org\/va\/#website","url":"https:\/\/villa-albertine.org\/va\/","name":"Villa Albertine","description":"","potentialAction":[{"@type":"SearchAction","target":{"@type":"EntryPoint","urlTemplate":"https:\/\/villa-albertine.org\/va\/?s={search_term_string}"},"query-input":{"@type":"PropertyValueSpecification","valueRequired":true,"valueName":"search_term_string"}}],"inLanguage":"en-US"}]}},"_links":{"self":[{"href":"https:\/\/villa-albertine.org\/va\/wp-json\/wp\/v2\/app_job\/8882226","targetHints":{"allow":["GET"]}}],"collection":[{"href":"https:\/\/villa-albertine.org\/va\/wp-json\/wp\/v2\/app_job"}],"about":[{"href":"https:\/\/villa-albertine.org\/va\/wp-json\/wp\/v2\/types\/app_job"}],"wp:attachment":[{"href":"https:\/\/villa-albertine.org\/va\/wp-json\/wp\/v2\/media?parent=8882226"}],"wp:term":[{"taxonomy":"app_city_tax","embeddable":true,"href":"https:\/\/villa-albertine.org\/va\/wp-json\/wp\/v2\/app_city_tax?post=8882226"},{"taxonomy":"app_department","embeddable":true,"href":"https:\/\/villa-albertine.org\/va\/wp-json\/wp\/v2\/app_department?post=8882226"}],"curies":[{"name":"wp","href":"https:\/\/api.w.org\/{rel}","templated":true}]}}