{"id":8708407,"date":"2026-03-26T21:28:37","date_gmt":"2026-03-26T21:28:37","guid":{"rendered":"https:\/\/villa-albertine.org\/va\/?post_type=app_event&#038;p=8708407"},"modified":"2026-03-26T22:30:10","modified_gmt":"2026-03-26T22:30:10","slug":"18th-annual-robert-french-film-festival","status":"publish","type":"app_event","link":"https:\/\/villa-albertine.org\/va\/events\/18th-annual-robert-french-film-festival\/","title":{"rendered":"18th Annual Robert French Film Festival"},"content":{"rendered":"\n<p>Opening night features the Midwest Premiere of <em><strong>Bienvenue en Islande<\/strong><\/em> by Andr\u00e9 Nerman, launching two dynamic weekends where painting, dance, theater, and music come vividly to life\u2014across strands devoted to artistic performance, contemporary storytelling, visually inventive cinema, and stories shaped by history, biography, and literary worlds.<\/p>\n\n\n\n<p><strong>PROGRAM<\/strong><\/p>\n\n\n\n<p><strong><a href=\"https:\/\/festivals.cinemastlouis.org\/frenchfilm2026\/special_events\/opening-night-reception\/\" type=\"link\" id=\"https:\/\/festivals.cinemastlouis.org\/frenchfilm2026\/special_events\/opening-night-reception\/\">Opening Night Reception<\/a><\/strong><br><em>Friday April 3, 2026, 6:15 pm, Par lounge<\/em><br><a href=\"https:\/\/festivals.cinemastlouis.org\/frenchfilm2026\/movies\/bienvenue-en-islande\/\" type=\"link\" id=\"https:\/\/festivals.cinemastlouis.org\/frenchfilm2026\/movies\/bienvenue-en-islande\/\"><strong>Bienvenue En Islande<\/strong><\/a><em> directed by Andr\u00e9 Nerman, 2026<br>Friday, April 3, 2026, 7:30 pm, Hi-Pointe Theatr<\/em>e<br><em>Welcome to Iceland<\/em> is a feature-length film inspired by a true story: a mother\u2019s struggle for her disabled son, set against the backdrop of the ocean and its shifting tides. An unexpected encounter with a surfer and new therapies will transform the child\u2019s destiny. Director Andr\u00e9 Nerman has performed as an actor, singer, musician, and dancer in St. Louis for over 20 years.<br><em>Introduction by Emmett Williams, Director of Festival Curation &amp; Education, Cinema St. Louis<\/em><\/p>\n\n\n\n<p><a href=\"https:\/\/festivals.cinemastlouis.org\/frenchfilm2026\/movies\/the-triplets-of-belleville\/\" type=\"link\" id=\"https:\/\/festivals.cinemastlouis.org\/frenchfilm2026\/movies\/the-triplets-of-belleville\/\"><strong>The Triplets of Belleville (Les Triplettes de Belleville)<\/strong><\/a><em> directed by Sylvain Chomet, 2003<br>Saturday, April 4, 2026, 1:00 pm, Hi-Pointe Theatre<\/em><br>When her grandson is kidnapped during the Tour de France, Madame Souza and her beloved pooch Bruno team up with the Belleville Sisters\u2014an aged song-and-dance team from the days of Fred Astaire\u2014to rescue him. <a href=\"https:\/\/www.youtube.com\/watch?v=Npro9kjyaJk&amp;embeds_referring_euri=https%3A%2F%2Ffestivals.cinemastlouis.org%2F&amp;source_ve_path=MjM4NTE\" type=\"link\" id=\"https:\/\/www.youtube.com\/watch?v=Npro9kjyaJk&amp;embeds_referring_euri=https%3A%2F%2Ffestivals.cinemastlouis.org%2F&amp;source_ve_path=MjM4NTE\"><em>Watch trailer<\/em><\/a><\/p>\n\n\n\n<p><a href=\"https:\/\/festivals.cinemastlouis.org\/frenchfilm2026\/movies\/coco-chanel-igor-stravinsky\/\" type=\"link\" id=\"https:\/\/festivals.cinemastlouis.org\/frenchfilm2026\/movies\/coco-chanel-igor-stravinsky\/\"><strong>Coco Chanel &amp; Igor Stravinsky<\/strong><\/a><em> directed by Jan Kounen, 2009<br>Saturday, April 4, 2026, 3:30 pm, Hi-Pointe Theatre<\/em><br>Paris 1913. Coco Chanel is infatuated with the rich and handsome Boy Capel, but she is also compelled by her work. Igor Stravinsky\u2019s The Rite of Spring is about to be performed. The revolutionary dissonances of Igor\u2019s work parallel Coco\u2019s radical ideas. She wants to democratize women\u2019s fashion; he wants to redefine musical taste. Coco attends the scandalous first performance of The Rite in a chic white dress. The music and ballet are criticized as too modern, too foreign. Coco is moved but Igor is inconsolable. <em><a href=\"https:\/\/www.youtube.com\/watch?v=O8yVI81zGXI\" type=\"link\" id=\"https:\/\/www.youtube.com\/watch?v=O8yVI81zGXI\">Watch trailer<\/a><\/em><br><em>Introduction by Jean-Louis Pautrot, Vice-President of the Soci\u00e9t\u00e9 Fran\u00e7aise of St. Louis, Professor of French at Saint Louis University<\/em>. <br><br><a href=\"https:\/\/festivals.cinemastlouis.org\/frenchfilm2026\/movies\/the-divine-sarah-bernhardt\/\" type=\"link\" id=\"https:\/\/festivals.cinemastlouis.org\/frenchfilm2026\/movies\/the-divine-sarah-bernhardt\/\"><strong>The Divine Sarah Bernhardt (Sarah Bernhardt, la Divine)<\/strong><\/a><em> directed by Guillaume Nicloux, 2024<br>Saturday, April 4, 2026, 7:00 pm, Hi-Pointe Theatre<\/em><br>Sarah Bernhardt is at the height of her fame. An icon of her time and the world\u2019s first star, the actress is also a passionate, free-spirited and modern woman who defies conventions. Discover the woman behind the legend. <em><a href=\"https:\/\/www.youtube.com\/watch?v=DHOhu7Z065s&amp;embeds_referring_euri=https%3A%2F%2Ffestivals.cinemastlouis.org%2F&amp;source_ve_path=MjM4NTE\" type=\"link\" id=\"https:\/\/www.youtube.com\/watch?v=DHOhu7Z065s&amp;embeds_referring_euri=https%3A%2F%2Ffestivals.cinemastlouis.org%2F&amp;source_ve_path=MjM4NTE\">Watch trailer<\/a><\/em><br><em>Introduction by Simon Kelly, Curator of Modern and Contemporary Art, St. Louis Art Museum<\/em><\/p>\n\n\n\n<p><strong><a href=\"https:\/\/festivals.cinemastlouis.org\/frenchfilm2026\/movies\/persepolis\/\" type=\"link\" id=\"https:\/\/festivals.cinemastlouis.org\/frenchfilm2026\/movies\/persepolis\/\"><span style=\"text-decoration: underline;\">Persepolis<\/span><\/a><\/strong> <em> directed by Marjane Satrapi et Vincent Paronnaud, 2007<br>Friday, April 10, 2026, 7:00 pm, Hi-Pointe Theatre<\/em><br>In 1970s Iran, Marjane \u2018Marji\u2019 Satrapi watches events through her young eyes and her idealistic family of a long dream being fulfilled of the hated Shah\u2019s defeat in the Iranian Revolution of 1979. However as Marji grows up, she witnesses first hand how the new Iran, now ruled by Islamic fundamentalists, has become a repressive tyranny on its own. <em><a href=\"https:\/\/www.youtube.com\/watch?v=NZ22VyjJ6n8&amp;embeds_referring_euri=https%3A%2F%2Ffestivals.cinemastlouis.org%2F&amp;source_ve_path=MjM4NTE\" type=\"link\" id=\"https:\/\/www.youtube.com\/watch?v=NZ22VyjJ6n8&amp;embeds_referring_euri=https%3A%2F%2Ffestivals.cinemastlouis.org%2F&amp;source_ve_path=MjM4NTE\">Watch trailer<\/a><\/em><br><em>Introduction by Kaveh Razani<\/em><\/p>\n\n\n\n<p><strong><a href=\"https:\/\/festivals.cinemastlouis.org\/frenchfilm2026\/movies\/museum-2\/\" type=\"link\" id=\"https:\/\/festivals.cinemastlouis.org\/frenchfilm2026\/movies\/museum-2\/\"><span style=\"text-decoration: underline;\">Museum<\/span><\/a><\/strong> <em>directed by Herv\u00e9 &amp; Olivier Bienaim\u00e9, 2026<br>Saturday, April 11, 2026, 12:30 pm, Hi-Pointe Theatre<\/em><br>A French school class from the provinces sets out on an excursion to the Centre Pompidou in Paris in a thought-provoking film that, with simple means and a twinkle of humor, explores what art and culture mean, and for whom.<\/p>\n\n\n\n<p><strong><a href=\"https:\/\/festivals.cinemastlouis.org\/frenchfilm2026\/movies\/moliere\/\" type=\"link\" id=\"https:\/\/festivals.cinemastlouis.org\/frenchfilm2026\/movies\/moliere\/\"><span style=\"text-decoration: underline;\">Moliere<\/span><\/a><\/strong> <em>directed by Laurent Tirard, 2007<br>Saturday, April 11, 2026, 4:00 pm, Hi-Pointe Theatre<\/em><br>Moli\u00e8re, a down-and-out actor-cum-playwright up to his ears in debt. When the wealthy Jourdain offers to cover that debt so that Moli\u00e8re\u2019s theatrical talents might help Jourdain win the heart of a certain widowed marquise, hilarity ensues. <em><a href=\"https:\/\/www.youtube.com\/watch?v=NySWrKfEa4E&amp;embeds_referring_euri=https%3A%2F%2Ffestivals.cinemastlouis.org%2F&amp;source_ve_path=MjM4NTE\" type=\"link\" id=\"https:\/\/www.youtube.com\/watch?v=NySWrKfEa4E&amp;embeds_referring_euri=https%3A%2F%2Ffestivals.cinemastlouis.org%2F&amp;source_ve_path=MjM4NTE\">Watch trailer<\/a><\/em><br><em>Introduction by Isabelle Heidbreder, Honorary Consul of France in St. Louis, and Professor at the Alliance Fran\u00e7aise de St. Louis<\/em><\/p>\n\n\n\n<p><a href=\"https:\/\/festivals.cinemastlouis.org\/frenchfilm2026\/movies\/the-artist\/\" type=\"link\" id=\"https:\/\/festivals.cinemastlouis.org\/frenchfilm2026\/movies\/the-artist\/\"><strong>The Artist<\/strong><\/a><em> directed by Michel Hazanavicius, 2011<br>Saturday, April 11, 2026, 7:30 pm, Hi-Pointe Theatre<\/em><br>Hollywood, 1927: As silent movie star George Valentin wonders if the arrival of talking pictures will cause him to fade into oblivion, he sparks with Peppy Miller, a young dancer set for a big break. <em><a href=\"https:\/\/www.youtube.com\/watch?v=qjCQmpNkBI4&amp;embeds_referring_euri=https%3A%2F%2Ffestivals.cinemastlouis.org%2F&amp;source_ve_path=MjM4NTE\" type=\"link\" id=\"https:\/\/www.youtube.com\/watch?v=qjCQmpNkBI4&amp;embeds_referring_euri=https%3A%2F%2Ffestivals.cinemastlouis.org%2F&amp;source_ve_path=MjM4NTE\">Watch trailer<\/a><\/em><\/p>\n\n\n\n<p><a href=\"https:\/\/festivals.cinemastlouis.org\/frenchfilm2026\/movies\/colours-of-time\/\" type=\"link\" id=\"https:\/\/festivals.cinemastlouis.org\/frenchfilm2026\/movies\/colours-of-time\/\"><strong>Colours of Time (La venue de l&#8217;avenir)<\/strong><\/a><em> directed by C\u00e9dric Klapisch, 2025<br>Sunday, April 12, 2026, 1:00 pm, Hi-Pointe Theatre<\/em><br>United by the unexpected inheritance of a house in Normandy, four estranged cousins discover their family history by retracing their ancestor\u2019s steps. <em><a href=\"https:\/\/www.youtube.com\/watch?v=_sTdOm2BID8&amp;embeds_referring_euri=https%3A%2F%2Ffestivals.cinemastlouis.org%2F&amp;source_ve_path=MjM4NTE\" type=\"link\" id=\"https:\/\/www.youtube.com\/watch?v=_sTdOm2BID8&amp;embeds_referring_euri=https%3A%2F%2Ffestivals.cinemastlouis.org%2F&amp;source_ve_path=MjM4NTE\">Watch trailer<\/a><\/em><\/p>\n\n\n\n<p><a href=\"https:\/\/festivals.cinemastlouis.org\/frenchfilm2026\/movies\/la-danse-the-paris-opera-ballet\/\" type=\"link\" id=\"https:\/\/festivals.cinemastlouis.org\/frenchfilm2026\/movies\/la-danse-the-paris-opera-ballet\/\"><strong>La Danse: The Paris Opera Ballet (La Danse, le ballet de l&#8217;Op\u00e9ra de Paris)<\/strong><\/a><em> directed by Frederick Wiseman, 2009 &#8211; Sunday, April 12, 2026, 4:00 pm, Hi-Pointe Theatre<\/em><br>The Paris Opera Ballet is one of the world\u2019s great ballet companies. The film follows the rehearsals and performances of seven ballets:&nbsp;<em>Genus<\/em>&nbsp;by Wayne McGregor,&nbsp;<em>Le Songe de Med\u00e9e<\/em>&nbsp;by Angelin Preljocaj,&nbsp;<em>La Maison de Bernarda<\/em>&nbsp;by Mats Ek,&nbsp;<em>Paquita<\/em>&nbsp;by Pierre Lacotte,&nbsp;<em>Casse Noisette<\/em>&nbsp;by Rudolph Nureyev,&nbsp;<em>Orph\u00e9e and Eurydice<\/em>&nbsp;by Pina Bausch, and&nbsp;<em>Romeo and Juliette<\/em>&nbsp;by Sasha Waltz. The film shows the work involved in administering the company and the coordinated and collaborative work of choreographers, ballet masters, dancers, musicians, and costume, set, and lighting designers. <em><a href=\"http:\/\/youtube.com\/watch?v=ZyxfRYkQh_g&amp;embeds_referring_euri=https%3A%2F%2Ffestivals.cinemastlouis.org%2F&amp;source_ve_path=MjM4NTE\" type=\"link\" id=\"youtube.com\/watch?v=ZyxfRYkQh_g&amp;embeds_referring_euri=https%3A%2F%2Ffestivals.cinemastlouis.org%2F&amp;source_ve_path=MjM4NTE\">Watch trailer<\/a><\/em><br><em>Introduction by&nbsp;<strong>Alex McPherson<\/strong>, Pop Life St. Louis Film Critic.<\/em><\/p>\n\n\n\n<p><strong><em>Sponsored by Jane M. &amp; Bruce P. Robert Charitable Foundation<\/em><\/strong>.<\/p>\n","protected":false},"featured_media":8708998,"menu_order":0,"template":"","app_discipline":[219],"app_city_tax":[223],"app_event_type":[504],"class_list":["post-8708407","app_event","type-app_event","status-publish","has-post-thumbnail","hentry","app_discipline-cinema","app_city_tax-chi","app_event_type-film-festival"],"acf":[],"yoast_head":"<!-- This site is optimized with the Yoast SEO plugin v27.3 - https:\/\/yoast.com\/product\/yoast-seo-wordpress\/ -->\n<title>18th Annual Robert French Film Festival - Villa Albertine<\/title>\n<meta name=\"description\" content=\"Cinema St. Louis presents a vibrant celebration of French Art on screen, exploring the rich dialogue between cinema and the arts, from iconic figures and bold contemporary voices from April 3-12, 2026.\" \/>\n<meta name=\"robots\" content=\"index, follow, max-snippet:-1, max-image-preview:large, max-video-preview:-1\" \/>\n<link rel=\"canonical\" href=\"https:\/\/villa-albertine.org\/va\/events\/18th-annual-robert-french-film-festival\/\" \/>\n<meta property=\"og:locale\" content=\"en_US\" \/>\n<meta property=\"og:type\" content=\"article\" \/>\n<meta property=\"og:title\" content=\"18th Annual Robert French Film Festival - Villa Albertine\" \/>\n<meta property=\"og:description\" content=\"Cinema St. Louis presents a vibrant celebration of French Art on screen, exploring the rich dialogue between cinema and the arts, from iconic figures and bold contemporary voices from April 3-12, 2026.\" \/>\n<meta property=\"og:url\" content=\"https:\/\/villa-albertine.org\/va\/events\/18th-annual-robert-french-film-festival\/\" \/>\n<meta property=\"og:site_name\" content=\"Villa Albertine\" \/>\n<meta property=\"article:modified_time\" content=\"2026-03-26T22:30:10+00:00\" \/>\n<meta property=\"og:image\" content=\"https:\/\/villa-albertine.org\/wp-content\/uploads\/2026\/03\/COCO-CHANEL-AND-IGOR-STRAVINSKY.jpg\" \/>\n\t<meta property=\"og:image:width\" content=\"2000\" \/>\n\t<meta property=\"og:image:height\" content=\"1275\" \/>\n\t<meta property=\"og:image:type\" content=\"image\/jpeg\" \/>\n<meta name=\"twitter:card\" content=\"summary_large_image\" \/>\n<meta name=\"twitter:label1\" content=\"Est. reading time\" \/>\n\t<meta name=\"twitter:data1\" content=\"4 minutes\" \/>\n<script type=\"application\/ld+json\" class=\"yoast-schema-graph\">{\"@context\":\"https:\\\/\\\/schema.org\",\"@graph\":[{\"@type\":\"WebPage\",\"@id\":\"https:\\\/\\\/villa-albertine.org\\\/va\\\/events\\\/18th-annual-robert-french-film-festival\\\/\",\"url\":\"https:\\\/\\\/villa-albertine.org\\\/va\\\/events\\\/18th-annual-robert-french-film-festival\\\/\",\"name\":\"18th Annual Robert French Film Festival - Villa Albertine\",\"isPartOf\":{\"@id\":\"https:\\\/\\\/villa-albertine.org\\\/va\\\/#website\"},\"primaryImageOfPage\":{\"@id\":\"https:\\\/\\\/villa-albertine.org\\\/va\\\/events\\\/18th-annual-robert-french-film-festival\\\/#primaryimage\"},\"image\":{\"@id\":\"https:\\\/\\\/villa-albertine.org\\\/va\\\/events\\\/18th-annual-robert-french-film-festival\\\/#primaryimage\"},\"thumbnailUrl\":\"https:\\\/\\\/villa-albertine.org\\\/wp-content\\\/uploads\\\/2026\\\/03\\\/COCO-CHANEL-AND-IGOR-STRAVINSKY.jpg\",\"datePublished\":\"2026-03-26T21:28:37+00:00\",\"dateModified\":\"2026-03-26T22:30:10+00:00\",\"description\":\"Cinema St. Louis presents a vibrant celebration of French Art on screen, exploring the rich dialogue between cinema and the arts, from iconic figures and bold contemporary voices from April 3-12, 2026.\",\"breadcrumb\":{\"@id\":\"https:\\\/\\\/villa-albertine.org\\\/va\\\/events\\\/18th-annual-robert-french-film-festival\\\/#breadcrumb\"},\"inLanguage\":\"en-US\",\"potentialAction\":[{\"@type\":\"ReadAction\",\"target\":[\"https:\\\/\\\/villa-albertine.org\\\/va\\\/events\\\/18th-annual-robert-french-film-festival\\\/\"]}]},{\"@type\":\"ImageObject\",\"inLanguage\":\"en-US\",\"@id\":\"https:\\\/\\\/villa-albertine.org\\\/va\\\/events\\\/18th-annual-robert-french-film-festival\\\/#primaryimage\",\"url\":\"https:\\\/\\\/villa-albertine.org\\\/wp-content\\\/uploads\\\/2026\\\/03\\\/COCO-CHANEL-AND-IGOR-STRAVINSKY.jpg\",\"contentUrl\":\"https:\\\/\\\/villa-albertine.org\\\/wp-content\\\/uploads\\\/2026\\\/03\\\/COCO-CHANEL-AND-IGOR-STRAVINSKY.jpg\",\"width\":2000,\"height\":1275},{\"@type\":\"BreadcrumbList\",\"@id\":\"https:\\\/\\\/villa-albertine.org\\\/va\\\/events\\\/18th-annual-robert-french-film-festival\\\/#breadcrumb\",\"itemListElement\":[{\"@type\":\"ListItem\",\"position\":1,\"name\":\"Home\",\"item\":\"https:\\\/\\\/villa-albertine.org\\\/va\\\/\"},{\"@type\":\"ListItem\",\"position\":2,\"name\":\"18th Annual Robert French Film Festival\"}]},{\"@type\":\"WebSite\",\"@id\":\"https:\\\/\\\/villa-albertine.org\\\/va\\\/#website\",\"url\":\"https:\\\/\\\/villa-albertine.org\\\/va\\\/\",\"name\":\"Villa Albertine\",\"description\":\"\",\"potentialAction\":[{\"@type\":\"SearchAction\",\"target\":{\"@type\":\"EntryPoint\",\"urlTemplate\":\"https:\\\/\\\/villa-albertine.org\\\/va\\\/?s={search_term_string}\"},\"query-input\":{\"@type\":\"PropertyValueSpecification\",\"valueRequired\":true,\"valueName\":\"search_term_string\"}}],\"inLanguage\":\"en-US\"}]}<\/script>\n<!-- \/ Yoast SEO plugin. -->","yoast_head_json":{"title":"18th Annual Robert French Film Festival - Villa Albertine","description":"Cinema St. Louis presents a vibrant celebration of French Art on screen, exploring the rich dialogue between cinema and the arts, from iconic figures and bold contemporary voices from April 3-12, 2026.","robots":{"index":"index","follow":"follow","max-snippet":"max-snippet:-1","max-image-preview":"max-image-preview:large","max-video-preview":"max-video-preview:-1"},"canonical":"https:\/\/villa-albertine.org\/va\/events\/18th-annual-robert-french-film-festival\/","og_locale":"en_US","og_type":"article","og_title":"18th Annual Robert French Film Festival - Villa Albertine","og_description":"Cinema St. Louis presents a vibrant celebration of French Art on screen, exploring the rich dialogue between cinema and the arts, from iconic figures and bold contemporary voices from April 3-12, 2026.","og_url":"https:\/\/villa-albertine.org\/va\/events\/18th-annual-robert-french-film-festival\/","og_site_name":"Villa Albertine","article_modified_time":"2026-03-26T22:30:10+00:00","og_image":[{"width":2000,"height":1275,"url":"https:\/\/villa-albertine.org\/wp-content\/uploads\/2026\/03\/COCO-CHANEL-AND-IGOR-STRAVINSKY.jpg","type":"image\/jpeg"}],"twitter_card":"summary_large_image","twitter_misc":{"Est. reading time":"4 minutes"},"schema":{"@context":"https:\/\/schema.org","@graph":[{"@type":"WebPage","@id":"https:\/\/villa-albertine.org\/va\/events\/18th-annual-robert-french-film-festival\/","url":"https:\/\/villa-albertine.org\/va\/events\/18th-annual-robert-french-film-festival\/","name":"18th Annual Robert French Film Festival - Villa Albertine","isPartOf":{"@id":"https:\/\/villa-albertine.org\/va\/#website"},"primaryImageOfPage":{"@id":"https:\/\/villa-albertine.org\/va\/events\/18th-annual-robert-french-film-festival\/#primaryimage"},"image":{"@id":"https:\/\/villa-albertine.org\/va\/events\/18th-annual-robert-french-film-festival\/#primaryimage"},"thumbnailUrl":"https:\/\/villa-albertine.org\/wp-content\/uploads\/2026\/03\/COCO-CHANEL-AND-IGOR-STRAVINSKY.jpg","datePublished":"2026-03-26T21:28:37+00:00","dateModified":"2026-03-26T22:30:10+00:00","description":"Cinema St. Louis presents a vibrant celebration of French Art on screen, exploring the rich dialogue between cinema and the arts, from iconic figures and bold contemporary voices from April 3-12, 2026.","breadcrumb":{"@id":"https:\/\/villa-albertine.org\/va\/events\/18th-annual-robert-french-film-festival\/#breadcrumb"},"inLanguage":"en-US","potentialAction":[{"@type":"ReadAction","target":["https:\/\/villa-albertine.org\/va\/events\/18th-annual-robert-french-film-festival\/"]}]},{"@type":"ImageObject","inLanguage":"en-US","@id":"https:\/\/villa-albertine.org\/va\/events\/18th-annual-robert-french-film-festival\/#primaryimage","url":"https:\/\/villa-albertine.org\/wp-content\/uploads\/2026\/03\/COCO-CHANEL-AND-IGOR-STRAVINSKY.jpg","contentUrl":"https:\/\/villa-albertine.org\/wp-content\/uploads\/2026\/03\/COCO-CHANEL-AND-IGOR-STRAVINSKY.jpg","width":2000,"height":1275},{"@type":"BreadcrumbList","@id":"https:\/\/villa-albertine.org\/va\/events\/18th-annual-robert-french-film-festival\/#breadcrumb","itemListElement":[{"@type":"ListItem","position":1,"name":"Home","item":"https:\/\/villa-albertine.org\/va\/"},{"@type":"ListItem","position":2,"name":"18th Annual Robert French Film Festival"}]},{"@type":"WebSite","@id":"https:\/\/villa-albertine.org\/va\/#website","url":"https:\/\/villa-albertine.org\/va\/","name":"Villa Albertine","description":"","potentialAction":[{"@type":"SearchAction","target":{"@type":"EntryPoint","urlTemplate":"https:\/\/villa-albertine.org\/va\/?s={search_term_string}"},"query-input":{"@type":"PropertyValueSpecification","valueRequired":true,"valueName":"search_term_string"}}],"inLanguage":"en-US"}]}},"_links":{"self":[{"href":"https:\/\/villa-albertine.org\/va\/wp-json\/wp\/v2\/app_event\/8708407","targetHints":{"allow":["GET"]}}],"collection":[{"href":"https:\/\/villa-albertine.org\/va\/wp-json\/wp\/v2\/app_event"}],"about":[{"href":"https:\/\/villa-albertine.org\/va\/wp-json\/wp\/v2\/types\/app_event"}],"wp:featuredmedia":[{"embeddable":true,"href":"https:\/\/villa-albertine.org\/va\/wp-json\/wp\/v2\/media\/8708998"}],"wp:attachment":[{"href":"https:\/\/villa-albertine.org\/va\/wp-json\/wp\/v2\/media?parent=8708407"}],"wp:term":[{"taxonomy":"app_discipline","embeddable":true,"href":"https:\/\/villa-albertine.org\/va\/wp-json\/wp\/v2\/app_discipline?post=8708407"},{"taxonomy":"app_city_tax","embeddable":true,"href":"https:\/\/villa-albertine.org\/va\/wp-json\/wp\/v2\/app_city_tax?post=8708407"},{"taxonomy":"app_event_type","embeddable":true,"href":"https:\/\/villa-albertine.org\/va\/wp-json\/wp\/v2\/app_event_type?post=8708407"}],"curies":[{"name":"wp","href":"https:\/\/api.w.org\/{rel}","templated":true}]}}