{"id":8604946,"date":"2026-03-06T16:58:57","date_gmt":"2026-03-06T16:58:57","guid":{"rendered":"https:\/\/villa-albertine.org\/va\/?post_type=app_event&#038;p=8604946"},"modified":"2026-04-14T18:30:23","modified_gmt":"2026-04-14T18:30:23","slug":"tv5monde-program-highlights-march-2026","status":"publish","type":"app_event","link":"https:\/\/villa-albertine.org\/va\/events\/tv5monde-program-highlights-march-2026\/","title":{"rendered":"TV5MONDE Program Highlights \u2013 March 2026"},"content":{"rendered":"\n<p>Throughout March, the international French-language network TV5 Monde offers a rich lineup of entertaining films, series, and variety shows. <\/p>\n\n\n\n<p>Discover our round-up of the must-see programs this month below. <\/p>\n\n\n\n<p><\/p>\n\n\n\n<h1 class=\"wp-block-heading\"><span style=\"text-decoration: underline;\">TV5 Monde<\/span><\/h1>\n\n\n\n<p><\/p>\n\n\n\n<h2 class=\"wp-block-heading\">Films<\/h2>\n\n\n\n<div class=\"wp-block-group is-vertical is-layout-flex wp-container-core-group-is-layout-8cf370e7 wp-block-group-is-layout-flex\">\n<p><strong><em>Agents un peu trop secrets<\/em><\/strong>\u2014&nbsp;March 1&nbsp;at&nbsp;8:30pm ET\/5:30pm PT&nbsp;<\/p>\n\n\n\n<p><em>In\u00a0celebration\u00a0of\u00a0Francophonie Month<\/em>\u00a0<br><em>Also streaming on <a href=\"https:\/\/www.tv5mondeplus.com\/en\/films\/comedie\/agents-un-peu-trop-secrets\">TV5MONDE+<\/a><\/em><br>(English ST)\u00a0<br>Because he was not promoted to director of the Cameroonian Heritage Agency, Joseph decides to set up his new boss. But nothing goes as\u00a0planned\u00a0and the country&#8217;s land title goes missing. He must then surround himself with a special team of secret agents to avoid disaster.\u00a0<\/p>\n\n\n\n<p><strong>Director:\u00a0<\/strong>Frank Thierry L\u00e9a Malle\u00a0(Cameroon, 2025)\u00a0<br><strong>Cast:<\/strong>\u00a0Rigobert\u00a0Tamwa, Joys\u00a0Sa&#8217;a,\u00a0Delpiso\u00a0Manga\u00a0<br><strong>Genre:\u00a0<\/strong>Comedy\u00a0<\/p>\n\n\n\n<p><\/p>\n<\/div>\n\n\n\n<div class=\"wp-block-group is-vertical is-layout-flex wp-container-core-group-is-layout-8cf370e7 wp-block-group-is-layout-flex\">\n<p><strong><em>Olivia<\/em><\/strong>\u2014\u00a0March 3\u00a0at\u00a08:30pm ET\/5:30pm PT\u00a0<br><em>In\u00a0celebration\u00a0of\u00a0International\u00a0Women\u2019s Day<\/em>\u00a0<br><em>Also streaming on TV5MONDE+ beginning March 3<\/em>\u00a0<br>(English ST)\u00a0<br>1890. Near Fontainebleau. Olivia starts her new school year at a wealthy girls&#8217; boarding school run by two teachers, Miss Cara and Miss Julie, who are much admired by the pupils. The ing\u00e9nue Olivia soon falls under the spell of the erudite and charismatic Julie. An all-female film, elegant and sultry.\u00a0<br><strong>Director:\u00a0<\/strong>Jacqueline Audry\u00a0(France, 1950)\u00a0<br><strong>Cast:<\/strong>\u00a0Edwige\u00a0Feuill\u00e8re, Simone Simon, Yvonne de Bray, Marie-Claire Olivia\u00a0<br><strong>Genre:\u00a0<\/strong>Dramedy\u00a0<br><strong>Awards:<\/strong>\u00a0Nominated for a BAFTA Award in 1953\u00a0<\/p>\n<\/div>\n\n\n\n<p><\/p>\n\n\n\n<div class=\"wp-block-group is-vertical is-layout-flex wp-container-core-group-is-layout-8cf370e7 wp-block-group-is-layout-flex\">\n<div class=\"wp-block-group is-vertical is-layout-flex wp-container-core-group-is-layout-8cf370e7 wp-block-group-is-layout-flex\">\n<p><strong><em>Banel et&nbsp;Adama<\/em><\/strong>\u2014&nbsp;March 8&nbsp;at&nbsp;9:30pm ET\/6:30pm PT&nbsp;<\/p>\n\n\n\n<p><em>In&nbsp;celebration&nbsp;of&nbsp;<\/em><em>Francophonie Month<\/em>&nbsp;<\/p>\n\n\n\n<p>(English ST)&nbsp;<\/p>\n\n\n\n<p>In a remote village in northern Senegal. Banel and Adama love each other deeply, passionately, carried by their dreams. But can the absolute love that binds them truly withstand the weight of traditions? A bold and poetic contemporary tragedy.&nbsp;<\/p>\n\n\n\n<p><strong>Director:\u00a0<\/strong>Ramata-Toulaye\u00a0Sy\u00a0(France, Senegal, Mali, 2023)\u00a0<br><strong>Cast:<\/strong>\u00a0Khady Mane, Mamadou Diallo, Binta Racine Sy\u00a0<br><strong>Genre:\u00a0<\/strong>Drama\u00a0<br><strong>Awards:<\/strong>\u00a0Bright Horizons Award at the Melbourne Film Festival (Australia, 2023); student jury prize and Pass Culture jury prize at the Biarritz Film Festival (France, 2023); selected at the Cannes Festival, first work,\u00a0Cam\u00e9ra\u00a0d&#8217;or, at the\u00a0Angoul\u00eame\u00a0Festival (France, 2023), at the Marrakech Film Festival (Morocco, 2023), at the FIFF\u00a0(Belgium, 2023), at FESPACO (Burkina Faso, 2025), at the G\u00f6teborg Festival (Sweden, 2024)\u00a0<\/p>\n<\/div>\n<\/div>\n\n\n\n<p><\/p>\n\n\n\n<div class=\"wp-block-group is-vertical is-layout-flex wp-container-core-group-is-layout-8cf370e7 wp-block-group-is-layout-flex\">\n<p><strong><em>Notre Dame&nbsp;de Moncton<\/em><\/strong>\u2014&nbsp;March 15&nbsp;at&nbsp;9:30pm ET\/6:30pm PT&nbsp;<\/p>\n\n\n\n<p><em>In&nbsp;celebration&nbsp;of&nbsp;<\/em><em>Francophonie Month<\/em>&nbsp;<\/p>\n\n\n\n<p><em>Also streaming on <a href=\"https:\/\/www.tv5mondeplus.com\/en\/films\/drame\/notre-dame-de-moncton\">TV5MONDE+<\/a><\/em><\/p>\n\n\n\n<p>(English ST)&nbsp;<\/p>\n\n\n\n<p>Anna wants to rebuild ties with her son Jason, who she abandoned twenty years ago. But she runs&nbsp;off at the last minute and secretly takes refuge in an elderly couple&#8217;s house. Unusual events lead to her forming a bond with the couple&#8217;s wife&#8230;&nbsp;<\/p>\n\n\n\n<p><strong>Director:\u00a0<\/strong>Denise Bouchard (New Brunswick\/Canada, 2022)\u00a0<br><strong>Cast:<\/strong>\u00a0Laurie\u00a0Gagn\u00e9, Louise Turcot, Thomas Lapointe, Fr\u00e9d\u00e9rique Cyr\u00a0<br><strong>Genre:\u00a0<\/strong>Drama\u00a0<br><strong>Awards:<\/strong>\u00a0Bright Horizons Award at the Melbourne Film Festival (Australia, 2023); student jury prize and Pass Culture jury prize at the Biarritz Film Festival (France, 2023); selected at the Cannes Festival, first work,\u00a0Cam\u00e9ra\u00a0d&#8217;or, at the\u00a0Angoul\u00eame\u00a0Festival (France, 2023), at the Marrakech Film Festival (Morocco, 2023), at the FIFF (Belgium, 2023), at FESPACO (Burkina Faso, 2025), at the G\u00f6teborg Festival (Sweden, 2024)\u00a0<\/p>\n<\/div>\n\n\n\n<p><\/p>\n\n\n\n<div class=\"wp-block-group is-vertical is-layout-flex wp-container-core-group-is-layout-8cf370e7 wp-block-group-is-layout-flex\">\n<p><strong><em>Un&nbsp;soir&#8230;&nbsp;un train<\/em><\/strong>\u2014&nbsp;March 17&nbsp;at&nbsp;9:30pm ET\/6:30pm PT&nbsp;<\/p>\n\n\n\n<p><em>Homage to Belgian director Andr\u00e9 Delvaux<\/em>&nbsp;<\/p>\n\n\n\n<p><em>Also streaming on <a href=\"https:\/\/www.tv5mondeplus.com\/en\/films\/drame\/un-soir-un-train\">TV5MONDE+<\/a><\/em><\/p>\n\n\n\n<p>(English ST)&nbsp;<\/p>\n\n\n\n<p>Mathias, a linguistics professor at a Flemish university, is having an affair with Anne. When he&nbsp;must&nbsp;travel far from home to give a lecture, Anne, to his great surprise, joins him on the train. But when he wakes up, the young woman has disappeared&#8230;&nbsp;<\/p>\n\n\n\n<p><strong>Director:\u00a0<\/strong>Andr\u00e9 Delvaux (France, 1967)\u00a0<br><strong>Cast:<\/strong>\u00a0Yves Montand, Anouk Aim\u00e9e, Fran\u00e7ois\u00a0Beukelaers\u00a0<br><strong>Genre:\u00a0<\/strong>Drama\u00a0<\/p>\n<\/div>\n\n\n\n<p><\/p>\n\n\n\n<div class=\"wp-block-group is-vertical is-layout-flex wp-container-core-group-is-layout-8cf370e7 wp-block-group-is-layout-flex\">\n<p><strong><em>Last Dance<\/em><\/strong>\u2014&nbsp;March 22&nbsp;at&nbsp;9:30pm ET\/6:30pm PT&nbsp;<\/p>\n\n\n\n<p><em>In&nbsp;celebration&nbsp;of&nbsp;<\/em><em>Francophonie Month<\/em>&nbsp;<\/p>\n\n\n\n<p><em>Also streaming on<a href=\"https:\/\/www.tv5mondeplus.com\/en\/films\/comedie-dramatique\/last-dance\"> TV5MONDE+<\/a><\/em><\/p>\n\n\n\n<p>(English ST)&nbsp;<\/p>\n\n\n\n<p>Aged 75 Germain, a contemplative homebody, finds himself widowed and having to cope with his children&#8217;s&nbsp;somewhat invasive&nbsp;concern about him. Determined to keep a promise made to his wife years earlier, he&nbsp;must&nbsp;take part in a contemporary dance creation, but without letting the family know.&nbsp;<\/p>\n\n\n\n<p><strong>Director:\u00a0<\/strong>Delphine\u00a0Lehericey\u00a0(Switzerland, Belgium, 2022)\u00a0<br><strong>Cast:<\/strong>\u00a0Fran\u00e7ois\u00a0Berl\u00e9and, Kacey Mottet Klein, La Ribot\u00a0<br><strong>Genre:\u00a0<\/strong>Dramedy\u00a0<br><strong>Awards:<\/strong>\u00a0UBS Audience Prize (Locarno 2022)\u00a0<\/p>\n<\/div>\n\n\n\n<p><\/p>\n\n\n\n<div class=\"wp-block-group is-vertical is-layout-flex wp-container-core-group-is-layout-8cf370e7 wp-block-group-is-layout-flex\">\n<p><strong><em>Le grand&nbsp;blanc&nbsp;de&nbsp;Lambar\u00e9n\u00e9<\/em><\/strong>\u2014&nbsp;March 24&nbsp;at&nbsp;9:30pm ET\/6:30pm PT&nbsp;<\/p>\n\n\n\n<p><em>In&nbsp;celebration&nbsp;of&nbsp;<\/em><em>Francophonie Month<\/em>&nbsp;<\/p>\n\n\n\n<p><em>Also streaming on <a href=\"https:\/\/www.tv5mondeplus.com\/en\/films\/comedie-dramatique\/le-grand-blanc-de-lambarene\">TV5MONDE+<\/a><\/em><\/p>\n\n\n\n<p>(English ST)&nbsp;<\/p>\n\n\n\n<p>Between World War II and Gabon&#8217;s independence, the last twenty years of Dr. Albert Schweitzer, Nobel Prize winner in 1952, seen through the eyes of Koumba, a young African villager.&nbsp;<\/p>\n\n\n\n<p><strong>Director:\u00a0<\/strong>Bassek\u00a0Ba\u00a0Kobhio\u00a0(Cameroon, Gabon, France, 1995)\u00a0<br><strong>Cast:<\/strong>\u00a0Andr\u00e9 Wilms, Alex\u00a0Descas, Marisa Berenson\u00a0<br><strong>Genre:\u00a0<\/strong>Dramedy\u00a0<\/p>\n<\/div>\n\n\n\n<p><\/p>\n\n\n\n<div class=\"wp-block-group is-vertical is-layout-flex wp-container-core-group-is-layout-8cf370e7 wp-block-group-is-layout-flex\">\n<p><strong><em>Voyage&nbsp;en&nbsp;Chine<\/em><\/strong>\u2014&nbsp;March 31&nbsp;at&nbsp;8:30pm ET\/5:30pm PT&nbsp;<\/p>\n\n\n\n<p><em>In&nbsp;celebration&nbsp;of&nbsp;<\/em><em>Francophonie Month<\/em>&nbsp;<\/p>\n\n\n\n<p>(English ST)&nbsp;<\/p>\n\n\n\n<p>Liliane has recently lost her son, who had been living in China for years. When trying to repatriate his body, she faces an administrative brick wall. She then decides to fly to this faraway land. Submerged in Chinese culture, she embarks on a genuine voyage of discovery.&nbsp;<\/p>\n\n\n\n<p><strong>Director:\u00a0<\/strong>Zoltan Mayer\u00a0(France, 2014)\u00a0<br><strong>Cast:<\/strong>\u00a0Yolande Moreau, Qu Jing\u00a0Jing, Lin Dong Fu, Liu Ling Zi\u00a0<br><strong>Genre:\u00a0<\/strong>Dramedy\u00a0<\/p>\n<\/div>\n\n\n\n<p><\/p>\n\n\n\n<h2 class=\"wp-block-heading\">Series<\/h2>\n\n\n\n<div class=\"wp-block-group is-vertical is-layout-flex wp-container-core-group-is-layout-8cf370e7 wp-block-group-is-layout-flex\">\n<p><strong><em>Trentenaires<\/em><\/strong><em>\u2014<\/em>&nbsp;Tuesdays, beginning March 17 at&nbsp;12:30am ET\/9:30pm PT&nbsp;<\/p>\n\n\n\n<p><em>Season 2 premiere<\/em>&nbsp;<\/p>\n\n\n\n<p><em>Also&nbsp;streaming on <a href=\"https:\/\/www.tv5mondeplus.com\/en\/series-et-films-tv\/comedie-dramatique\/trentenaires\">TV5MONDE+<\/a><\/em><\/p>\n\n\n\n<p>(English ST)&nbsp;<\/p>\n\n\n\n<p>In Charleroi, we follow the adventures of a group of friends, bound by a shared trauma. Each faces the challenges of their generation, trying to keep their personal lives on an even keel.&nbsp;<\/p>\n\n\n\n<p><strong>Director:\u00a0<\/strong>Sylvain Archambault\u00a0(Belgium, 2023)\u00a0<br><strong>Cast:<\/strong>\u00a0Marie Diaby, Amandine\u00a0Hinnekens, Carole\u00a0Matagne\u00a0<br><strong>Genre:<\/strong>\u00a0Dramedy\u00a0<\/p>\n<\/div>\n\n\n\n<p><\/p>\n\n\n\n<div class=\"wp-block-group is-vertical is-layout-flex wp-container-core-group-is-layout-8cf370e7 wp-block-group-is-layout-flex\">\n<p><strong><em>D\u00e9tectives&#8230; Ou&nbsp;presque<\/em><\/strong><em>\u2014<\/em>&nbsp;Sundays, beginning&nbsp;March 15&nbsp;at&nbsp;12:30am ET\/9:30pm PT&nbsp;<\/p>\n\n\n\n<p><em>Season 2&nbsp;premiere&nbsp;<\/em>&nbsp;<\/p>\n\n\n\n<p><em>Also&nbsp;streaming on <a href=\"https:\/\/www.tv5mondeplus.com\/fr\/series\/policier-et-suspense\/detectives-ou-presque-6\">TV5MONDE+<\/a><\/em><\/p>\n\n\n\n<p>(English ST)&nbsp;<\/p>\n\n\n\n<p>In financial straits, former&nbsp;policeman&nbsp;Leo Brand sets up a detective school in Basel. To help them get the best out of the course, his amateur detectives learn on the job by solving real cases. Each has their own unique character&#8230; But none really correspond to the task in hand.&nbsp;<\/p>\n\n\n\n<p><strong>Director:\u00a0<\/strong>Michael Steiner\u00a0(Switzerland, 2022)\u00a0<br><strong>Cast:<\/strong>\u00a0Roeland\u00a0Wiesnekker, Meryl Marti, Dardan Sadik, Martin\u00a0Rapold, Esther\u00a0Gemsch\u00a0<br><strong>Genre:<\/strong>\u00a0Crime and thriller\u00a0<\/p>\n<\/div>\n\n\n\n<p><\/p>\n\n\n\n<h2 class=\"wp-block-heading\">Documentaries<\/h2>\n\n\n\n<p><\/p>\n\n\n\n<div class=\"wp-block-group is-vertical is-layout-flex wp-container-core-group-is-layout-8cf370e7 wp-block-group-is-layout-flex\">\n<p><strong><em>Elles<\/em><\/strong>\u2014&nbsp;Thursdays, beginning&nbsp;March 5&nbsp;at&nbsp;11:30pm ET\/8:30pm PT&nbsp;<\/p>\n\n\n\n<p><em>In&nbsp;celebration&nbsp;of&nbsp;<\/em><em>International&nbsp;Women\u2019s Day<\/em>&nbsp;<\/p>\n\n\n\n<p><em>Also streaming on <\/em><a href=\"https:\/\/www.tv5mondeplus.com\/en\/documentaires\/societe\/elles\"><em>TV5MONDE+<\/em>&nbsp;<\/a><\/p>\n\n\n\n<p>The socially conscious rapper&nbsp;Sarahm\u00e9e&nbsp;travels around the world to discover groups of brave and determined women challenging the established order.&nbsp;<\/p>\n\n\n\n<p>Part 1: In Paris,&nbsp;Sarahm\u00e9e&nbsp;plays a football match with the members of Little Miss Soccer, seeking to make a name for themselves on the city&#8217;s football pitches. She&nbsp;participates&nbsp;in a race to combat street harassment and goes fly posting with the Merci Simone group.&nbsp;<\/p>\n\n\n\n<p>Part 2:&nbsp;In Mexico,&nbsp;Sarahm\u00e9e&nbsp;goes climbing with the&nbsp;Escaladoras&nbsp;Mexicanas group who introduce girls to the sport. She raps with the artists of I.M YONI, who campaign for women to excel in the music industry. She meets the Mujeres de la tierra, women farmers united against violence.&nbsp;<\/p>\n\n\n\n<p><strong>Director:\u00a0<\/strong>Sabrina\u00a0Hammoum\u00a0(Quebec\/Canada, 2022)\u00a0<br><strong>Genre:\u00a0<\/strong>Documentary\u00a0series\u00a0<\/p>\n<\/div>\n\n\n\n<p><\/p>\n\n\n\n<div class=\"wp-block-group is-vertical is-layout-flex wp-container-core-group-is-layout-8cf370e7 wp-block-group-is-layout-flex\">\n<p><strong><em>Ni&nbsp;juge,&nbsp;ni&nbsp;soumise<\/em><\/strong>\u2014&nbsp;March 10&nbsp;at&nbsp;9:30pm ET\/6:30pm PT&nbsp;<\/p>\n\n\n\n<p><em>In celebration of<\/em>&nbsp;<em>Les Magritte du Cin\u00e9ma<\/em>&nbsp;<\/p>\n\n\n\n<p><em>Also streaming on <a href=\"https:\/\/www.tv5mondeplus.com\/en\/films\/documentaires\/ni-juge-ni-soumise\">TV5MONDE+<\/a><\/em><\/p>\n\n\n\n<p>In Brussels, over a period of three years, Yves&nbsp;Hinant&nbsp;and Jean&nbsp;Libon, directors from the&nbsp;\u201cStrip-tease\u201d&nbsp;team, followed the instructing judge, Anne&nbsp;Gruwez, during her criminal investigations,&nbsp;hearings&nbsp;and visits to crime scenes.&nbsp;<\/p>\n\n\n\n<p><strong>Director:\u00a0<\/strong>Yves\u00a0Hinant, Jean\u00a0Libon\u00a0(Belgium, France,\u00a02017)\u00a0<br><strong>Genre:\u00a0<\/strong>Documentary\u00a0<br><strong>Awards:<\/strong>\u00a0C\u00e9sar award for best documentary film (France, 2019), Magritte award for best documentary (Belgium, 2019), best\u00a0actress\u00a0award (special mention) for Anne\u00a0Gruwez\u00a0at the San Sebasti\u00e1n International Film Festival (Spain, 2017)\u00a0<\/p>\n<\/div>\n\n\n\n<p><\/p>\n\n\n\n<div class=\"wp-block-group is-vertical is-layout-flex wp-container-core-group-is-layout-8cf370e7 wp-block-group-is-layout-flex\">\n<p><strong><em>Parler mal<\/em><\/strong>\u2014&nbsp;March 18&nbsp;at&nbsp;9:30pm ET\/6:30pm PT&nbsp;<\/p>\n\n\n\n<p><em>In&nbsp;celebration&nbsp;of&nbsp;<\/em><em>Francophonie Month<\/em>&nbsp;<\/p>\n\n\n\n<p><em>Also streaming on <\/em><a href=\"https:\/\/www.tv5mondeplus.com\/en\/documentaires\/societe\/parler-mal\"><em>TV5MONDE+<\/em>&nbsp;<\/a><\/p>\n\n\n\n<p>Could it be&nbsp;that two Acadian actors&nbsp;in the successful series &#8221;\u00c0 la&nbsp;valdrague&#8221; suffer from linguistic insecurity? Bianca Richard and Gabriel Robichaud, from New Brunswick, set themselves the challenge of deciphering this curse and examine the state of expression of the French-Canadian language and particularly Acadian.&nbsp;<\/p>\n\n\n\n<p><strong>Director:\u00a0<\/strong>\u00c9tienne Boivin (New Brunswick\/Canada, 2023)\u00a0<br><strong>Genre:\u00a0<\/strong>Documentary\u00a0<\/p>\n<\/div>\n\n\n\n<p><\/p>\n\n\n\n<div class=\"wp-block-group is-vertical is-layout-flex wp-container-core-group-is-layout-8cf370e7 wp-block-group-is-layout-flex\">\n<p><strong><em>Le mot&nbsp;je&nbsp;t&#8217;aime&nbsp;n&#8217;existe&nbsp;pas<\/em><\/strong>\u2014&nbsp;March 18&nbsp;at&nbsp;10:30pm ET\/7:30pm PT&nbsp;<\/p>\n\n\n\n<p><em>In&nbsp;celebration&nbsp;of&nbsp;<\/em><em>Francophonie Month<\/em>&nbsp;<\/p>\n\n\n\n<p>In the shadow of the Republic and the tumult of different dialects, Nadesh,&nbsp;Ch\u00e9rif&nbsp;and&nbsp;Anamiga&nbsp;are amongst the countless interpreters working daily to recount stories of exile and precarity. Their voices weave an invisible thread between here and elsewhere, the&nbsp;world of&nbsp;the living&nbsp;and the darkness of migration.&nbsp;<\/p>\n\n\n\n<p><strong>Director:\u00a0<\/strong>Rapha\u00eble\u00a0B\u00e9nisty\u00a0(France, 2023)\u00a0<br><strong>Genre:\u00a0<\/strong>Documentary\u00a0<\/p>\n<\/div>\n\n\n\n<p><\/p>\n\n\n\n<div class=\"wp-block-group is-vertical is-layout-flex wp-container-core-group-is-layout-8cf370e7 wp-block-group-is-layout-flex\">\n<p><strong><em>G\u00e9n\u00e9ration&nbsp;F<\/em><\/strong>\u2014&nbsp;Sundays, beginning&nbsp;March 22&nbsp;at&nbsp;7:00pm ET\/4:00pm PT; March 29 at 6:00pm ET\/3:00pm PT&nbsp;<\/p>\n\n\n\n<p><em>Season premiere&nbsp;<\/em>&nbsp;<\/p>\n\n\n\n<p><em>Also streaming on TV5MONDE+ beginning March 26<\/em>&nbsp;<\/p>\n\n\n\n<p>(English ST)&nbsp;<\/p>\n\n\n\n<p>Fashion, gastronomy, sports, urban cultures, lifestyle&#8230; Richard Orlinski, one of the best-selling French&nbsp;artists in the world,&nbsp;explores the&nbsp;\u201cFrench touch.\u201d&nbsp;Between Dakar,&nbsp;London&nbsp;and Montreal, he meets the new generation of French-speaking creators and highlights an uninhibited, creative, bold Francophonie.&nbsp;<\/p>\n\n\n\n<p><strong>Director:\u00a0<\/strong>Sarah\u00a0Almosnino, Matthieu\u00a0Valluet\u00a0(France, 2025)\u00a0<br><strong>Host:<\/strong>\u00a0Richard Orlinski\u00a0<br><strong>Genre:\u00a0<\/strong>Documentary\u00a0series, travel\u00a0<\/p>\n<\/div>\n\n\n\n<p><\/p>\n\n\n\n<div class=\"wp-block-group is-vertical is-layout-flex wp-container-core-group-is-layout-8cf370e7 wp-block-group-is-layout-flex\">\n<p><strong><em>Riverboom<\/em><\/strong>\u2014&nbsp;March 29&nbsp;at&nbsp;8:30pm ET\/5:30pm PT&nbsp;<\/p>\n\n\n\n<p><em>In celebration of&nbsp;Prix du cin\u00e9ma&nbsp;Suisse&nbsp;<\/em>&nbsp;<\/p>\n\n\n\n<p><em>Also streaming on <a href=\"https:\/\/www.tv5mondeplus.com\/en\/films\/documentaires\/riverboom\">TV5MONDE+<\/a><\/em><\/p>\n\n\n\n<p>(English ST)&nbsp;<\/p>\n\n\n\n<p>Afghanistan, 2002. Three young reporters decide to leave Kabul and head to the interior of the country, where Westerners are much rarer. They set off by car and film their impromptu journey.&nbsp;<\/p>\n\n\n\n<p><strong>Director:\u00a0<\/strong>Claude Baechtold\u00a0(Switzerland, France, 2023)\u00a0<br><strong>Genre:\u00a0<\/strong>Documentary\u00a0<br><strong>Awards:<\/strong>\u00a0Mitrani Prize at the\u00a0Fipadoc\u00a0in Biarritz (France, 2024); Audience Prize at the festival Premiers Plans in Angers (France, 2024); Young European Jury Prize at the Brussels International Film Festival (Belgium, 2024); Best Film Editing Prize at the Swiss Film Award in Geneva (Switzerland, 2025)\u00a0<\/p>\n<\/div>\n\n\n\n<p><\/p>\n\n\n\n<h1 class=\"wp-block-heading\">TV5Monde+<\/h1>\n\n\n\n<h2 class=\"wp-block-heading\">Films<\/h2>\n\n\n\n<div class=\"wp-block-group is-vertical is-layout-flex wp-container-core-group-is-layout-8cf370e7 wp-block-group-is-layout-flex\">\n<p><strong><em>J&#8217;adore ce que vous faites<\/em><\/strong>\u2014 Streaming beginning March 4<\/p>\n\n\n\n<p>(English ST)<\/p>\n\n\n\n<p>As G\u00e9rard Lanvin prepares to shoot one of the most important films of his career, his path crosses that of Momo Zapareto\u2026 a meeting he rapidly comes to regret! Momo may be G\u00e9rard&#8217;s greatest fan, but for the film-director it&#8217;s a nightmare that&#8217;s only just beginning\u2026<\/p>\n\n\n\n<p><strong>Director<\/strong>: Philippe Guillard (France, 2022)<br><strong>Cast<\/strong>: G\u00e9rard Lanvin, Artus, Antoine Bertrand, Laura del Sol, Natasha Andrews, Caroline Bourg<br><strong>Genre<\/strong>: Comedy<\/p>\n<\/div>\n\n\n\n<p><\/p>\n\n\n\n<h2 class=\"wp-block-heading\">Series<\/h2>\n\n\n\n<div class=\"wp-block-group is-vertical is-layout-flex wp-container-core-group-is-layout-8cf370e7 wp-block-group-is-layout-flex\">\n<p><strong><em>Home<\/em><\/strong><em>\u2014<\/em>&nbsp;Streaming beginning&nbsp;March 4&nbsp;<\/p>\n\n\n\n<p><em>Season 1 premiere<\/em>&nbsp;<\/p>\n\n\n\n<p>(English ST)&nbsp;<\/p>\n\n\n\n<p>Forget everything you thought you knew about retirement homes and dive into a vibrant adventure brimming with humanity. When life continues to unfold with&nbsp;panache!&nbsp;<\/p>\n\n\n\n<p><strong>Director:\u00a0<\/strong>Joachim Weissman (Belgium, 2024)\u00a0<br><strong>Cast:<\/strong>\u00a0Nicolas Lacroix, Laetitia\u00a0Mampaka, Zidani, Sacha Ferra, Nicole Valberg, Jean-Michel Vovk, Mathieu\u00a0Debaty\u00a0<br><strong>Genre:\u00a0<\/strong>Comedy<\/p>\n<\/div>\n\n\n\n<p><\/p>\n\n\n\n<h2 class=\"wp-block-heading\">Documentaries<\/h2>\n\n\n\n<div class=\"wp-block-group is-vertical is-layout-flex wp-container-core-group-is-layout-8cf370e7 wp-block-group-is-layout-flex\">\n<p><strong>Bouches cousues<\/strong>\u2014 Streaming beginning March 4<\/p>\n\n\n\n<p><em>In celebration of International Women\u2019s Day<\/em><\/p>\n\n\n\n<p>(English ST)<\/p>\n\n\n\n<p>Dakota Simao and Nadia Ladeiras, two young dancers, are preparing a performance on domestic violence. Amanda Caprara follows them through rehearsals and personal reflections, exploring how the body carries the memory of past suffering.<\/p>\n\n\n\n<p><strong>Director<\/strong>: Amanda Caprara (Swiss, 2024)<br><strong>Genre<\/strong>: Documentary<\/p>\n<\/div>\n\n\n\n<p><\/p>\n\n\n\n<p class=\"has-large-font-size\"><strong>TV5Monde Cin\u00e9ma<\/strong><\/p>\n\n\n\n<div class=\"wp-block-group is-vertical is-layout-flex wp-container-core-group-is-layout-8cf370e7 wp-block-group-is-layout-flex\">\n<p><strong><em>La&nbsp;derni\u00e8re&nbsp;reine<\/em><\/strong>\u2014 available beginning&nbsp;March 6&nbsp;<\/p>\n\n\n\n<p>(English ST)&nbsp;<\/p>\n\n\n\n<p>The pirate Barbarossa liberates Algiers from Spanish tyranny and takes control of the kingdom. Against all odds, one woman will rise to challenge him: Queen Zaphira.&nbsp;<\/p>\n\n\n\n<p><strong>Director:\u00a0<\/strong>Adila\u00a0Bendimerad, Damien\u00a0Ounouri\u00a0(2022)\u00a0<br><strong>Cast:\u00a0<\/strong>Adila\u00a0Bendimerad, Dali\u00a0Benssalah, Tahar Zaoui\u00a0<br><strong>Genre:\u00a0<\/strong>Drama\u00a0<\/p>\n<\/div>\n\n\n\n<p><\/p>\n\n\n\n<div class=\"wp-block-group is-vertical is-layout-flex wp-container-core-group-is-layout-8cf370e7 wp-block-group-is-layout-flex\">\n<p><strong><em>Le&nbsp;Mohican<\/em><\/strong>\u2014&nbsp;available beginning&nbsp;March 6&nbsp;<\/p>\n\n\n\n<p>(English ST)&nbsp;<\/p>\n\n\n\n<p>After severely injuring a mobster\u2019s son, one of the last shepherds on the Corsican coast becomes the target of a relentless&nbsp;manhunt.&nbsp;<\/p>\n\n\n\n<p><strong>Director:\u00a0<\/strong>Fr\u00e9d\u00e9ric\u00a0Farrucci\u00a0(2024)\u00a0<br><strong>Cast:\u00a0<\/strong>Alexis Manenti, Mara\u00a0Taquin, Th\u00e9o\u00a0Frimigacci\u00a0<br><strong>Genre:\u00a0<\/strong>Thriller\u00a0<\/p>\n<\/div>\n\n\n\n<p><\/p>\n\n\n\n<div class=\"wp-block-group is-vertical is-layout-flex wp-container-core-group-is-layout-8cf370e7 wp-block-group-is-layout-flex\">\n<p><strong><em>Kill Me Please<\/em><\/strong>\u2014 available beginning\u00a0March 6\u00a0<\/p>\n\n\n\n<p>(English ST)&nbsp;<\/p>\n\n\n\n<p>After receiving state funding, a doctor opens an assisted-suicide clinic.&nbsp;<\/p>\n\n\n\n<p><strong>Director:\u00a0<\/strong>Olias Barco\u00a0(2010)\u00a0<br><strong>Cast:\u00a0<\/strong>Aur\u00e9lien\u00a0Recoing, Virgile Bramly, Daniel Cohen\u00a0<br><strong>Genre:\u00a0<\/strong>Dark comedy\u00a0<\/p>\n<\/div>\n\n\n\n<p><\/p>\n\n\n\n<div class=\"wp-block-group is-vertical is-layout-flex wp-container-core-group-is-layout-8cf370e7 wp-block-group-is-layout-flex\">\n<p><strong><em>Borgo<\/em><\/strong>\u2014 available beginning&nbsp;March&nbsp;13&nbsp;<\/p>\n\n\n\n<p>(English ST)&nbsp;<\/p>\n\n\n\n<p>After a young&nbsp;prison guard gets transferred to a prison in Corsica, an&nbsp;inmate&nbsp;offers&nbsp;her protection&nbsp;expecting a&nbsp;favor in return.&nbsp;&nbsp;<\/p>\n\n\n\n<p><strong>Director:\u00a0<\/strong>St\u00e9phane Demoustier\u00a0(2023)\u00a0<br><strong>Cast:\u00a0<\/strong>Hafsia\u00a0Herzi, Moussa Mansaly, Florence Loiret-Caille\u00a0<br><strong>Genre:\u00a0<\/strong>Crime\u00a0<\/p>\n<\/div>\n\n\n\n<p><\/p>\n\n\n\n<div class=\"wp-block-group is-vertical is-layout-flex wp-container-core-group-is-layout-8cf370e7 wp-block-group-is-layout-flex\">\n<p><strong><em>La fin du silence<\/em><\/strong>\u2014 available beginning&nbsp;March 13&nbsp;<\/p>\n\n\n\n<p>(English ST)&nbsp;<\/p>\n\n\n\n<p>The youngest son of a family living in a remote mountain house is thrown out.&nbsp;<\/p>\n\n\n\n<p><strong>Director:\u00a0<\/strong>Roland Edzard\u00a0(2011)\u00a0<br><strong>Cast:\u00a0<\/strong>Franck Falise, Thierry Fr\u00e9mont, Maia Morgenstern\u00a0<br><strong>Genre:\u00a0<\/strong>Thriller\u00a0<\/p>\n<\/div>\n\n\n\n<p><\/p>\n\n\n\n<div class=\"wp-block-group is-vertical is-layout-flex wp-container-core-group-is-layout-8cf370e7 wp-block-group-is-layout-flex\">\n<p><strong><em>Un homme&nbsp;en&nbsp;fuite<\/em><\/strong>\u2014 available beginning&nbsp;March&nbsp;20&nbsp;<\/p>\n\n\n\n<p>(English ST)&nbsp;<\/p>\n\n\n\n<p>A&nbsp;local activist&nbsp;is wanted by the police after a robbery gone wrong.&nbsp;<\/p>\n\n\n\n<p><strong>Director:\u00a0<\/strong>Baptiste Debraux\u00a0(2024)\u00a0<br><strong>Cast:\u00a0<\/strong>Bastien Bouillon, L\u00e9a Drucker, Pierre\u00a0Lottin\u00a0<br><strong>Genre:\u00a0<\/strong>Thriller\u00a0<\/p>\n<\/div>\n\n\n\n<p><\/p>\n\n\n\n<div class=\"wp-block-group is-vertical is-layout-flex wp-container-core-group-is-layout-8cf370e7 wp-block-group-is-layout-flex\">\n<p><strong><em>Elyas<\/em><\/strong>\u2014 available beginning&nbsp;March&nbsp;20&nbsp;<\/p>\n\n\n\n<p>(English ST)&nbsp;<\/p>\n\n\n\n<p>A former&nbsp;Special Forces soldier&nbsp;becomes a bodyguard for&nbsp;a&nbsp;13-year-old&nbsp;girl&nbsp;and her mother.&nbsp;&nbsp;<\/p>\n\n\n\n<p><strong>Director:\u00a0<\/strong>Florent-Emilio Siri\u00a0(2024)\u00a0<br><strong>Cast:\u00a0<\/strong>Roschdy\u00a0Zem, La\u00ebtitia\u00a0E\u00efdo, Jeanne Michel\u00a0<br><strong>Genre:\u00a0<\/strong>Thriller\u00a0<\/p>\n<\/div>\n\n\n\n<p><\/p>\n\n\n\n<div class=\"wp-block-group is-vertical is-layout-flex wp-container-core-group-is-layout-8cf370e7 wp-block-group-is-layout-flex\">\n<p><strong><em>Trois&nbsp;huit<\/em><\/strong>\u2014 available beginning&nbsp;March 20&nbsp;<\/p>\n\n\n\n<p>(English ST)&nbsp;<\/p>\n\n\n\n<p>A glass manufacturing factory worker decides to switch to the nightshift, meeting a charismatic and violent workmate.&nbsp;&nbsp;<\/p>\n\n\n\n<p><strong>Director:\u00a0<\/strong>Philippe Le Guay\u00a0(2001)\u00a0<br><strong>Cast:\u00a0<\/strong>G\u00e9rald Laroche, Marc Barb\u00e9, Luce Mouchel\u00a0<br><strong>Genre:\u00a0<\/strong>Thriller\u00a0<\/p>\n<\/div>\n\n\n\n<p><\/p>\n\n\n\n<div class=\"wp-block-group is-vertical is-layout-flex wp-container-core-group-is-layout-8cf370e7 wp-block-group-is-layout-flex\">\n<p><strong><em>Inexorable<\/em><\/strong>\u2014 available beginning&nbsp;March&nbsp;27&nbsp;<\/p>\n\n\n\n<p>(English ST)&nbsp;<\/p>\n\n\n\n<p>The lives of a novelist and his family are forever changed after a silhouette begins lurking in their&nbsp;country&nbsp;mansion.&nbsp;&nbsp;<\/p>\n\n\n\n<p><strong>Director:\u00a0<\/strong>Fabrice\u00a0du Welz\u00a0(2021)\u00a0<br><strong>Cast:\u00a0<\/strong>Beno\u00eet\u00a0Poelvoorde, M\u00e9lanie\u00a0Doutey, Alba Ga\u00efa\u00a0Bellugi\u00a0<br><strong>Genre:\u00a0<\/strong>Thriller\u00a0<\/p>\n<\/div>\n\n\n\n<p><\/p>\n\n\n\n<div class=\"wp-block-group is-vertical is-layout-flex wp-container-core-group-is-layout-8cf370e7 wp-block-group-is-layout-flex\">\n<p><strong><em>Cavale<\/em><\/strong>\u2014 available beginning&nbsp;March&nbsp;27&nbsp;<\/p>\n\n\n\n<p>(English ST)&nbsp;<\/p>\n\n\n\n<p>After fifteen years behind bars,&nbsp;the most highly armed member&nbsp;of a&nbsp;proletarian revolution finally escapes.&nbsp;&nbsp;<\/p>\n\n\n\n<p><strong>Director:\u00a0<\/strong>Lucas\u00a0Belvaux\u00a0(2002)\u00a0<br><strong>Cast:\u00a0<\/strong>Catherine\u00a0Frot, Lucas\u00a0Belvaux, Dominique Blanc\u00a0<br><strong>Genre:\u00a0<\/strong>Thriller\u00a0\u00a0<\/p>\n<\/div>\n\n\n\n<p><em>**Please note: Programs may change due to last-minute scheduling**<\/em><\/p>\n\n\n\n<p><\/p>\n","protected":false},"featured_media":8619020,"menu_order":0,"template":"","app_discipline":[231,219],"app_city_tax":[235,221,214,223,222,220,216,224,217,225,226],"app_event_type":[239,313],"class_list":["post-8604946","app_event","type-app_event","status-publish","has-post-thumbnail","hentry","app_discipline-audiovisual","app_discipline-cinema","app_city_tax-all-cities","app_city_tax-atl","app_city_tax-bos","app_city_tax-chi","app_city_tax-hou","app_city_tax-la","app_city_tax-mia","app_city_tax-nola","app_city_tax-nyc","app_city_tax-sf","app_city_tax-dc","app_event_type-film","app_event_type-film-series"],"acf":[],"yoast_head":"<!-- This site is optimized with the Yoast SEO plugin v27.3 - https:\/\/yoast.com\/product\/yoast-seo-wordpress\/ -->\n<title>TV5MONDE Program Highlights \u2013 March 2026 - Villa Albertine<\/title>\n<meta name=\"robots\" content=\"index, follow, max-snippet:-1, max-image-preview:large, max-video-preview:-1\" \/>\n<link rel=\"canonical\" href=\"https:\/\/villa-albertine.org\/va\/events\/tv5monde-program-highlights-march-2026\/\" \/>\n<meta property=\"og:locale\" content=\"en_US\" \/>\n<meta property=\"og:type\" content=\"article\" \/>\n<meta property=\"og:title\" content=\"TV5MONDE Program Highlights \u2013 March 2026 - Villa Albertine\" \/>\n<meta property=\"og:description\" content=\"Throughout March, the international French-language network TV5 Monde offers a rich lineup of entertaining films, series, and variety shows. Discover our round-up of the must-see programs this month below. TV5 Monde Films Agents un peu trop secrets\u2014&nbsp;March 1&nbsp;at&nbsp;8:30pm ET\/5:30pm PT&nbsp; In\u00a0celebration\u00a0of\u00a0Francophonie Month\u00a0Also streaming on TV5MONDE+(English ST)\u00a0Because he was not promoted to director of the Cameroonian...\" \/>\n<meta property=\"og:url\" content=\"https:\/\/villa-albertine.org\/va\/events\/tv5monde-program-highlights-march-2026\/\" \/>\n<meta property=\"og:site_name\" content=\"Villa Albertine\" \/>\n<meta property=\"article:modified_time\" content=\"2026-04-14T18:30:23+00:00\" \/>\n<meta property=\"og:image\" content=\"https:\/\/villa-albertine.org\/wp-content\/uploads\/2026\/03\/BANEL-E-ADAMA-copy.webp\" \/>\n\t<meta property=\"og:image:width\" content=\"1200\" \/>\n\t<meta property=\"og:image:height\" content=\"1200\" \/>\n\t<meta property=\"og:image:type\" content=\"image\/webp\" \/>\n<meta name=\"twitter:card\" content=\"summary_large_image\" \/>\n<meta name=\"twitter:label1\" content=\"Est. reading time\" \/>\n\t<meta name=\"twitter:data1\" content=\"10 minutes\" \/>\n<script type=\"application\/ld+json\" class=\"yoast-schema-graph\">{\"@context\":\"https:\\\/\\\/schema.org\",\"@graph\":[{\"@type\":\"WebPage\",\"@id\":\"https:\\\/\\\/villa-albertine.org\\\/va\\\/events\\\/tv5monde-program-highlights-march-2026\\\/\",\"url\":\"https:\\\/\\\/villa-albertine.org\\\/va\\\/events\\\/tv5monde-program-highlights-march-2026\\\/\",\"name\":\"TV5MONDE Program Highlights \u2013 March 2026 - Villa Albertine\",\"isPartOf\":{\"@id\":\"https:\\\/\\\/villa-albertine.org\\\/va\\\/#website\"},\"primaryImageOfPage\":{\"@id\":\"https:\\\/\\\/villa-albertine.org\\\/va\\\/events\\\/tv5monde-program-highlights-march-2026\\\/#primaryimage\"},\"image\":{\"@id\":\"https:\\\/\\\/villa-albertine.org\\\/va\\\/events\\\/tv5monde-program-highlights-march-2026\\\/#primaryimage\"},\"thumbnailUrl\":\"https:\\\/\\\/villa-albertine.org\\\/wp-content\\\/uploads\\\/2026\\\/03\\\/BANEL-E-ADAMA-copy.webp\",\"datePublished\":\"2026-03-06T16:58:57+00:00\",\"dateModified\":\"2026-04-14T18:30:23+00:00\",\"breadcrumb\":{\"@id\":\"https:\\\/\\\/villa-albertine.org\\\/va\\\/events\\\/tv5monde-program-highlights-march-2026\\\/#breadcrumb\"},\"inLanguage\":\"en-US\",\"potentialAction\":[{\"@type\":\"ReadAction\",\"target\":[\"https:\\\/\\\/villa-albertine.org\\\/va\\\/events\\\/tv5monde-program-highlights-march-2026\\\/\"]}]},{\"@type\":\"ImageObject\",\"inLanguage\":\"en-US\",\"@id\":\"https:\\\/\\\/villa-albertine.org\\\/va\\\/events\\\/tv5monde-program-highlights-march-2026\\\/#primaryimage\",\"url\":\"https:\\\/\\\/villa-albertine.org\\\/wp-content\\\/uploads\\\/2026\\\/03\\\/BANEL-E-ADAMA-copy.webp\",\"contentUrl\":\"https:\\\/\\\/villa-albertine.org\\\/wp-content\\\/uploads\\\/2026\\\/03\\\/BANEL-E-ADAMA-copy.webp\",\"width\":1200,\"height\":1200},{\"@type\":\"BreadcrumbList\",\"@id\":\"https:\\\/\\\/villa-albertine.org\\\/va\\\/events\\\/tv5monde-program-highlights-march-2026\\\/#breadcrumb\",\"itemListElement\":[{\"@type\":\"ListItem\",\"position\":1,\"name\":\"Home\",\"item\":\"https:\\\/\\\/villa-albertine.org\\\/va\\\/\"},{\"@type\":\"ListItem\",\"position\":2,\"name\":\"TV5MONDE Program Highlights \u2013 March 2026\"}]},{\"@type\":\"WebSite\",\"@id\":\"https:\\\/\\\/villa-albertine.org\\\/va\\\/#website\",\"url\":\"https:\\\/\\\/villa-albertine.org\\\/va\\\/\",\"name\":\"Villa Albertine\",\"description\":\"\",\"potentialAction\":[{\"@type\":\"SearchAction\",\"target\":{\"@type\":\"EntryPoint\",\"urlTemplate\":\"https:\\\/\\\/villa-albertine.org\\\/va\\\/?s={search_term_string}\"},\"query-input\":{\"@type\":\"PropertyValueSpecification\",\"valueRequired\":true,\"valueName\":\"search_term_string\"}}],\"inLanguage\":\"en-US\"}]}<\/script>\n<!-- \/ Yoast SEO plugin. -->","yoast_head_json":{"title":"TV5MONDE Program Highlights \u2013 March 2026 - Villa Albertine","robots":{"index":"index","follow":"follow","max-snippet":"max-snippet:-1","max-image-preview":"max-image-preview:large","max-video-preview":"max-video-preview:-1"},"canonical":"https:\/\/villa-albertine.org\/va\/events\/tv5monde-program-highlights-march-2026\/","og_locale":"en_US","og_type":"article","og_title":"TV5MONDE Program Highlights \u2013 March 2026 - Villa Albertine","og_description":"Throughout March, the international French-language network TV5 Monde offers a rich lineup of entertaining films, series, and variety shows. Discover our round-up of the must-see programs this month below. TV5 Monde Films Agents un peu trop secrets\u2014&nbsp;March 1&nbsp;at&nbsp;8:30pm ET\/5:30pm PT&nbsp; In\u00a0celebration\u00a0of\u00a0Francophonie Month\u00a0Also streaming on TV5MONDE+(English ST)\u00a0Because he was not promoted to director of the Cameroonian...","og_url":"https:\/\/villa-albertine.org\/va\/events\/tv5monde-program-highlights-march-2026\/","og_site_name":"Villa Albertine","article_modified_time":"2026-04-14T18:30:23+00:00","og_image":[{"width":1200,"height":1200,"url":"https:\/\/villa-albertine.org\/wp-content\/uploads\/2026\/03\/BANEL-E-ADAMA-copy.webp","type":"image\/webp"}],"twitter_card":"summary_large_image","twitter_misc":{"Est. reading time":"10 minutes"},"schema":{"@context":"https:\/\/schema.org","@graph":[{"@type":"WebPage","@id":"https:\/\/villa-albertine.org\/va\/events\/tv5monde-program-highlights-march-2026\/","url":"https:\/\/villa-albertine.org\/va\/events\/tv5monde-program-highlights-march-2026\/","name":"TV5MONDE Program Highlights \u2013 March 2026 - Villa Albertine","isPartOf":{"@id":"https:\/\/villa-albertine.org\/va\/#website"},"primaryImageOfPage":{"@id":"https:\/\/villa-albertine.org\/va\/events\/tv5monde-program-highlights-march-2026\/#primaryimage"},"image":{"@id":"https:\/\/villa-albertine.org\/va\/events\/tv5monde-program-highlights-march-2026\/#primaryimage"},"thumbnailUrl":"https:\/\/villa-albertine.org\/wp-content\/uploads\/2026\/03\/BANEL-E-ADAMA-copy.webp","datePublished":"2026-03-06T16:58:57+00:00","dateModified":"2026-04-14T18:30:23+00:00","breadcrumb":{"@id":"https:\/\/villa-albertine.org\/va\/events\/tv5monde-program-highlights-march-2026\/#breadcrumb"},"inLanguage":"en-US","potentialAction":[{"@type":"ReadAction","target":["https:\/\/villa-albertine.org\/va\/events\/tv5monde-program-highlights-march-2026\/"]}]},{"@type":"ImageObject","inLanguage":"en-US","@id":"https:\/\/villa-albertine.org\/va\/events\/tv5monde-program-highlights-march-2026\/#primaryimage","url":"https:\/\/villa-albertine.org\/wp-content\/uploads\/2026\/03\/BANEL-E-ADAMA-copy.webp","contentUrl":"https:\/\/villa-albertine.org\/wp-content\/uploads\/2026\/03\/BANEL-E-ADAMA-copy.webp","width":1200,"height":1200},{"@type":"BreadcrumbList","@id":"https:\/\/villa-albertine.org\/va\/events\/tv5monde-program-highlights-march-2026\/#breadcrumb","itemListElement":[{"@type":"ListItem","position":1,"name":"Home","item":"https:\/\/villa-albertine.org\/va\/"},{"@type":"ListItem","position":2,"name":"TV5MONDE Program Highlights \u2013 March 2026"}]},{"@type":"WebSite","@id":"https:\/\/villa-albertine.org\/va\/#website","url":"https:\/\/villa-albertine.org\/va\/","name":"Villa Albertine","description":"","potentialAction":[{"@type":"SearchAction","target":{"@type":"EntryPoint","urlTemplate":"https:\/\/villa-albertine.org\/va\/?s={search_term_string}"},"query-input":{"@type":"PropertyValueSpecification","valueRequired":true,"valueName":"search_term_string"}}],"inLanguage":"en-US"}]}},"_links":{"self":[{"href":"https:\/\/villa-albertine.org\/va\/wp-json\/wp\/v2\/app_event\/8604946","targetHints":{"allow":["GET"]}}],"collection":[{"href":"https:\/\/villa-albertine.org\/va\/wp-json\/wp\/v2\/app_event"}],"about":[{"href":"https:\/\/villa-albertine.org\/va\/wp-json\/wp\/v2\/types\/app_event"}],"wp:featuredmedia":[{"embeddable":true,"href":"https:\/\/villa-albertine.org\/va\/wp-json\/wp\/v2\/media\/8619020"}],"wp:attachment":[{"href":"https:\/\/villa-albertine.org\/va\/wp-json\/wp\/v2\/media?parent=8604946"}],"wp:term":[{"taxonomy":"app_discipline","embeddable":true,"href":"https:\/\/villa-albertine.org\/va\/wp-json\/wp\/v2\/app_discipline?post=8604946"},{"taxonomy":"app_city_tax","embeddable":true,"href":"https:\/\/villa-albertine.org\/va\/wp-json\/wp\/v2\/app_city_tax?post=8604946"},{"taxonomy":"app_event_type","embeddable":true,"href":"https:\/\/villa-albertine.org\/va\/wp-json\/wp\/v2\/app_event_type?post=8604946"}],"curies":[{"name":"wp","href":"https:\/\/api.w.org\/{rel}","templated":true}]}}