{"id":840433,"date":"2024-10-21T15:26:14","date_gmt":"2024-10-21T15:26:14","guid":{"rendered":"https:\/\/villa-albertine.org\/va\/?post_type=app_event&#038;p=840433"},"modified":"2024-11-16T23:07:06","modified_gmt":"2024-11-16T23:07:06","slug":"visions-de-france-at-scad-savannah-film-festival","status":"publish","type":"app_event","link":"https:\/\/villa-albertine.org\/va\/events\/visions-de-france-at-scad-savannah-film-festival\/","title":{"rendered":"French Film in the Spotlight at SCAD Savannah Film Festival"},"content":{"rendered":"\n<h3 class=\"wp-block-heading has-large-font-size\">A collaboration between SCAD Savannah Film Festival and Villa Albertine,\u00a0the &#8220;Visions de France&#8221; series spotlights the groundbreaking talents and visionary filmmakers from France who are redefining the global cinematic landscape. This curated selection screening on Oct. 28 and Nov. 1, 2024 brings together Emilia P\u00e9rez, the award-winning film set to represent France as the Best International Feature Film at the Oscars; a fascinating documentary about artist and filmmaker Jean Cocteau; and a French short film series.<\/h3>\n\n\n\n<p>The &#8220;Visions de France&#8221; series begins Oct. 28 with a documentary on Jean Cocteau from American filmmaker,\u00a0Lisa Immordino Vreeland, followed by a series of contemporary French short films on Nov. 1.\u00a0<br><br>The series will culminate on Nov. 1 at 8pm in a screening of Jacques Audiard&#8217;s latest film, <em>Emilia P\u00e9rez<\/em>, with actresses\u00a0Karla Sof\u00eda Gasc\u00f3n and Zoe Salda\u00f1a joining for a Q&amp;A after the screening.\u00a0After winning two awards at the Cannes Film Festival 2024, <em>Emilia P\u00e9rez<\/em> will represent France at the Oscars 2025.<\/p>\n\n\n\n<p><\/p>\n\n\n<div class=\"articles-small articles-small--richtext section__articles\">\n\t\t<div class=\"articles__items\" id=\"items_2799\">\n\t\t\t\t\t\t\t\t\t<div class=\"articles__item\" id=\"item_1506\">\n\t\t\t\t\t<div class=\"article-small article-small--reverse article-small--limit-title-3\">\n\t\t\t\t\t\t<div class=\"article__inner\">\n\t\t\t\t\t\t\t<div class=\"article__image\">\n\t\t\t\t\t\t\t\t<img loading=\"lazy\" decoding=\"async\" sizes=\"auto, (max-width: 300px) 100vw, 300px\" width=\"300\" height=\"169\" src=\"https:\/\/villa-albertine.org\/wp-content\/uploads\/2024\/10\/gala-screening-emilia-perez.jpg\"\n\t\t\t\t\t\t\t\t\t  class=\"attachment-medium size-medium wp-post-image\">\n\t\t\t\t\t\t\t<\/div>\n\t\t\t\t\t\t\t<div class=\"article__content\">\n\t\t\t\t\t\t\t\t<div class=\"article__head\">\n\t\t\t\t\t\t\t\t\t<h3 style=\"margin-bottom: 0px\">Emilia P\u00e9rez<\/h3>\n\t\t\t\t\t\t\t\t<\/div><!-- \/.article__head -->\n\t\t\t\t\t\t\t\t<div class=\"article__excerpt\" style=\"display: block\">\n\t\t\t\t\t\t\t\t\t<p>\n\t\t\t\t\t\t\t\t\t\t\t\t\t\t\t\t\t\t\t\t\tDate: Friday 1st November 2024<br>\n\t\t\t\t\t\t\t\t\t\t\t\t\t\t\t\t\t\t\t\tDirected by Jacques Audiard\t\t\t\t\t\t\t\t\t\t\t\t\t\t\t\t\t\t\t\t\t<br><a href=\"https:\/\/filmfest.scad.edu\/schedule\/emilia-perez\" target=\"_blank\"\n\t\t\t\t\t\t\t\t\t\t\t\t\t title=\"Get tickets\">Get tickets<\/a>\n\t\t\t\t\t\t\t\t\t\t\t\t\t\t\t\t\t\t\t\t<br>\t\t\t\t\t\t\t\t\t<\/p>\n\n\t\t\t\t\t\t\t\t<\/div><!-- \/.article__excerpt -->\n\t\t\t\t\t\t\t\t<a class=\"seemore\" id=\"more1506\" onclick=\"toggleDescs(1506);\">See more<\/a>\n\t\t\t\t\t\t\t\t<div class=\"description\" style=\"display: none;\">\n\t\t\t\t\t\t\t\t\t<p>\n\t\t\t\t\t\t\t\t\t\t<p>From renegade auteur Jacques Audiard comes\u00a0<em>Emilia P\u00e9rez<\/em>, an audacious fever dream that defies genres and expectations. Through liberating song and dance and bold visuals, this odyssey follows the journey of four remarkable women in Mexico, each pursuing their own happiness. The fearsome cartel leader Emilia (Karla Sof\u00eda Gasc\u00f3n) enlists Rita (Zoe Salda\u00f1a), an unappreciated lawyer stuck in a dead-end job, to help fake her death so that Emilia can finally live authentically as her true self.<\/p>\n<p>Actor\u00a0Karla Sof\u00eda Gasc\u00f3n will be presented with the Distinguished Performance Award and actor Zoe Salda\u00f1a will be presented with the Vanguard Award.\u00a0A\u00a0Q&amp;A with Gasc\u00f3n and Salda\u00f1a immediately follows the screening.<\/p>\n<p><em>Presented in Spanish with English subtitles.\u00a0<\/em><\/p>\n\t\t\t\t\t\t\t\t\t<\/p>\n\t\t\t\t\t\t\t\t<\/div>\n\t\t\t\t\t\t\t<\/div><!-- \/.article__content -->\n\t\t\t\t\t\t<\/div>\n\t\t\t\t\t<\/div>\n\t\t\t\t<\/div>\n\t\t\t\t\t\t\t<div class=\"articles__item\" id=\"item_1312\">\n\t\t\t\t\t<div class=\"article-small article-small--reverse article-small--limit-title-3\">\n\t\t\t\t\t\t<div class=\"article__inner\">\n\t\t\t\t\t\t\t<div class=\"article__image\">\n\t\t\t\t\t\t\t\t<img loading=\"lazy\" decoding=\"async\" sizes=\"auto, (max-width: 300px) 100vw, 300px\" width=\"300\" height=\"169\" src=\"https:\/\/villa-albertine.org\/wp-content\/uploads\/2024\/10\/visions-de-france-jean-cocteau.jpg\"\n\t\t\t\t\t\t\t\t\t  class=\"attachment-medium size-medium wp-post-image\">\n\t\t\t\t\t\t\t<\/div>\n\t\t\t\t\t\t\t<div class=\"article__content\">\n\t\t\t\t\t\t\t\t<div class=\"article__head\">\n\t\t\t\t\t\t\t\t\t<h3 style=\"margin-bottom: 0px\">Jean Cocteau<\/h3>\n\t\t\t\t\t\t\t\t<\/div><!-- \/.article__head -->\n\t\t\t\t\t\t\t\t<div class=\"article__excerpt\" style=\"display: block\">\n\t\t\t\t\t\t\t\t\t<p>\n\t\t\t\t\t\t\t\t\t\t\t\t\t\t\t\t\t\t\t\t\tDate: Monday 28th October 2024<br>\n\t\t\t\t\t\t\t\t\t\t\t\t\t\t\t\t\t\t\t\tDirected by Lisa Immordino Vreeland\t\t\t\t\t\t\t\t\t\t\t\t\t\t\t\t\t\t\t\t\t<br><a href=\"https:\/\/filmfest.scad.edu\/schedule\/jean-cocteau\" target=\"_blank\"\n\t\t\t\t\t\t\t\t\t\t\t\t\t title=\"Get tickets\">Get tickets<\/a>\n\t\t\t\t\t\t\t\t\t\t\t\t\t\t\t\t\t\t\t\t<br>\t\t\t\t\t\t\t\t\t<\/p>\n\n\t\t\t\t\t\t\t\t<\/div><!-- \/.article__excerpt -->\n\t\t\t\t\t\t\t\t<a class=\"seemore\" id=\"more1312\" onclick=\"toggleDescs(1312);\">See more<\/a>\n\t\t\t\t\t\t\t\t<div class=\"description\" style=\"display: none;\">\n\t\t\t\t\t\t\t\t\t<p>\n\t\t\t\t\t\t\t\t\t\t<p>In the years before fame alone would be accepted as an art form, multifaceted poet, playwright, visual artist, and filmmaker Jean Cocteau considered his artistic lot in life one of obscurity and celebrity. Responsible for some of the most gorgeous and evocative images ever committed to screen \u2014 in films like\u00a0<em>La Belle et la B\u00eate<\/em>\u00a0and\u00a0<em>Orph\u00e9e<\/em>\u00a0\u2014 Cocteau also left behind a rich archive of recorded interviews and writings. Director Lisa Immordino Vreeland tells his fascinating story by compassionately bringing into view a life freed by an artistic style deeply entwined with his ecstasies and struggles.<\/p>\n<p>A Q&amp;A with director and producer Lisa Immordino Vreeland immediately follows the screening.<\/p>\n<p><em>Presented in French and English with English subtitles.<\/em><\/p>\n\t\t\t\t\t\t\t\t\t<\/p>\n\t\t\t\t\t\t\t\t<\/div>\n\t\t\t\t\t\t\t<\/div><!-- \/.article__content -->\n\t\t\t\t\t\t<\/div>\n\t\t\t\t\t<\/div>\n\t\t\t\t<\/div>\n\t\t\t\t\t\t\t<div class=\"articles__item\" id=\"item_1730\">\n\t\t\t\t\t<div class=\"article-small article-small--reverse article-small--limit-title-3\">\n\t\t\t\t\t\t<div class=\"article__inner\">\n\t\t\t\t\t\t\t<div class=\"article__image\">\n\t\t\t\t\t\t\t\t<img loading=\"lazy\" decoding=\"async\" sizes=\"auto, (max-width: 300px) 100vw, 300px\" width=\"300\" height=\"169\" src=\"https:\/\/villa-albertine.org\/wp-content\/uploads\/2024\/10\/Global-Shorts-forum-Visions-de-France.jpg\"\n\t\t\t\t\t\t\t\t\t  class=\"attachment-medium size-medium wp-post-image\">\n\t\t\t\t\t\t\t<\/div>\n\t\t\t\t\t\t\t<div class=\"article__content\">\n\t\t\t\t\t\t\t\t<div class=\"article__head\">\n\t\t\t\t\t\t\t\t\t<h3 style=\"margin-bottom: 0px\">Global Shorts Forum: Visions de France<\/h3>\n\t\t\t\t\t\t\t\t<\/div><!-- \/.article__head -->\n\t\t\t\t\t\t\t\t<div class=\"article__excerpt\" style=\"display: block\">\n\t\t\t\t\t\t\t\t\t<p>\n\t\t\t\t\t\t\t\t\t\t\t\t\t\t\t\t\t\t\t\t\tDate: Friday 1st November 2024<br>\n\t\t\t\t\t\t\t\t\t\t\t\t\t\t\t\t\t\t\t\tFrench short film series\t\t\t\t\t\t\t\t\t\t\t\t\t\t\t\t\t\t\t\t\t<br><a href=\"https:\/\/filmfest.scad.edu\/schedule\/global-shorts-forum-visions-de-france\" target=\"_blank\"\n\t\t\t\t\t\t\t\t\t\t\t\t\t title=\"See the full line-up &amp; get tickets\">See the full line-up &amp; get tickets<\/a>\n\t\t\t\t\t\t\t\t\t\t\t\t\t\t\t\t\t\t\t\t<br>\t\t\t\t\t\t\t\t\t<\/p>\n\n\t\t\t\t\t\t\t\t<\/div><!-- \/.article__excerpt -->\n\t\t\t\t\t\t\t\t<a class=\"seemore\" id=\"more1730\" onclick=\"toggleDescs(1730);\">See more<\/a>\n\t\t\t\t\t\t\t\t<div class=\"description\" style=\"display: none;\">\n\t\t\t\t\t\t\t\t\t<p>\n\t\t\t\t\t\t\t\t\t\t<p>A collection of short films spotlighting the groundbreaking talents and visionary filmmakers from France who are redefining the global cinematic landscape.<\/p>\n\t\t\t\t\t\t\t\t\t<\/p>\n\t\t\t\t\t\t\t\t<\/div>\n\t\t\t\t\t\t\t<\/div><!-- \/.article__content -->\n\t\t\t\t\t\t<\/div>\n\t\t\t\t\t<\/div>\n\t\t\t\t<\/div>\n\t\t\t\t\t\t<\/div>\n<\/div>\n<script>\n   function toggleDescs(rand) {\n\t  if (jQuery('#item_' + rand + ' .description').attr(\"style\") == \"display: none;\") {\n\t\t jQuery('#items_2799 .articles__item .description').each(function () {\n\t\t\tjQuery(this).hide(\"slow\");\n\t\t });\n\t\t jQuery('#items_2799 .articles__item a.seemore').each(function () {\n\t\t\tjQuery(this).html(\"See more\");\n\t\t });\n\t\t jQuery('#items_2799 .articles__item').each(function () {\n\t\t\tjQuery(this).removeClass('on');\n\t\t });\n\t\t jQuery('#item_' + rand).addClass(\"on\");\n\t\t jQuery('#item_' + rand + ' .description').show(\"slow\");\n\t\t jQuery('#more' + rand).html(\"See less\");\n\t  } else {\n\t\t jQuery('#item_' + rand + ' .articles__item').removeClass(\"off\");\n\t\t jQuery('#item_' + rand + ' .description').hide(\"slow\");\n\t\t jQuery('#more' + rand).html(\"See more\");\n\t  }\n   }\n<\/script>\n<style>\n   div.articles__item.on .article-small .article__image,\n   .article-small .article__image:hover,\n   .article-small .article__image > img:hover {\n\t  filter: grayscale(0%);\n   }\n\n<\/style>\n\n\n\n<p><\/p>\n\n\n\n<p><em>In addition to the &#8220;Visions de France&#8221; series, SCAD Savannah Film Festival returns Oct. 26-Nov. 2, 2024. Check out <a href=\"https:\/\/filmfest.scad.edu\/\" target=\"_blank\" rel=\"noreferrer noopener\">filmfest.scad.edu<\/a> for the full line-up and more information.<\/em><\/p>\n","protected":false},"featured_media":840451,"menu_order":0,"template":"","app_discipline":[219],"app_city_tax":[221],"app_event_type":[239],"class_list":["post-840433","app_event","type-app_event","status-publish","has-post-thumbnail","hentry","app_discipline-cinema","app_city_tax-atl","app_event_type-film"],"acf":[],"yoast_head":"<!-- This site is optimized with the Yoast SEO plugin v27.3 - https:\/\/yoast.com\/product\/yoast-seo-wordpress\/ -->\n<title>French Film in the Spotlight at SCAD Savannah Film Festival - Villa Albertine<\/title>\n<meta name=\"robots\" content=\"index, follow, max-snippet:-1, max-image-preview:large, max-video-preview:-1\" \/>\n<link rel=\"canonical\" href=\"https:\/\/villa-albertine.org\/va\/events\/visions-de-france-at-scad-savannah-film-festival\/\" \/>\n<meta property=\"og:locale\" content=\"en_US\" \/>\n<meta property=\"og:type\" content=\"article\" \/>\n<meta property=\"og:title\" content=\"French Film in the Spotlight at SCAD Savannah Film Festival - Villa Albertine\" \/>\n<meta property=\"og:description\" content=\"A collaboration between SCAD Savannah Film Festival and Villa Albertine,\u00a0the &#8220;Visions de France&#8221; series spotlights the groundbreaking talents and visionary filmmakers from France who are redefining the global cinematic landscape. This curated selection screening on Oct. 28 and Nov. 1, 2024 brings together Emilia P\u00e9rez, the award-winning film set to represent France as the Best...\" \/>\n<meta property=\"og:url\" content=\"https:\/\/villa-albertine.org\/va\/events\/visions-de-france-at-scad-savannah-film-festival\/\" \/>\n<meta property=\"og:site_name\" content=\"Villa Albertine\" \/>\n<meta property=\"article:modified_time\" content=\"2024-11-16T23:07:06+00:00\" \/>\n<meta property=\"og:image\" content=\"https:\/\/villa-albertine.org\/wp-content\/uploads\/2024\/10\/gala-screening-emilia-perez.jpg\" \/>\n\t<meta property=\"og:image:width\" content=\"878\" \/>\n\t<meta property=\"og:image:height\" content=\"492\" \/>\n\t<meta property=\"og:image:type\" content=\"image\/jpeg\" \/>\n<meta name=\"twitter:card\" content=\"summary_large_image\" \/>\n<meta name=\"twitter:label1\" content=\"Est. reading time\" \/>\n\t<meta name=\"twitter:data1\" content=\"2 minutes\" \/>\n<script type=\"application\/ld+json\" class=\"yoast-schema-graph\">{\"@context\":\"https:\\\/\\\/schema.org\",\"@graph\":[{\"@type\":\"WebPage\",\"@id\":\"https:\\\/\\\/villa-albertine.org\\\/va\\\/events\\\/visions-de-france-at-scad-savannah-film-festival\\\/\",\"url\":\"https:\\\/\\\/villa-albertine.org\\\/va\\\/events\\\/visions-de-france-at-scad-savannah-film-festival\\\/\",\"name\":\"French Film in the Spotlight at SCAD Savannah Film Festival - Villa Albertine\",\"isPartOf\":{\"@id\":\"https:\\\/\\\/villa-albertine.org\\\/va\\\/#website\"},\"primaryImageOfPage\":{\"@id\":\"https:\\\/\\\/villa-albertine.org\\\/va\\\/events\\\/visions-de-france-at-scad-savannah-film-festival\\\/#primaryimage\"},\"image\":{\"@id\":\"https:\\\/\\\/villa-albertine.org\\\/va\\\/events\\\/visions-de-france-at-scad-savannah-film-festival\\\/#primaryimage\"},\"thumbnailUrl\":\"https:\\\/\\\/villa-albertine.org\\\/wp-content\\\/uploads\\\/2024\\\/10\\\/gala-screening-emilia-perez.jpg\",\"datePublished\":\"2024-10-21T15:26:14+00:00\",\"dateModified\":\"2024-11-16T23:07:06+00:00\",\"breadcrumb\":{\"@id\":\"https:\\\/\\\/villa-albertine.org\\\/va\\\/events\\\/visions-de-france-at-scad-savannah-film-festival\\\/#breadcrumb\"},\"inLanguage\":\"en-US\",\"potentialAction\":[{\"@type\":\"ReadAction\",\"target\":[\"https:\\\/\\\/villa-albertine.org\\\/va\\\/events\\\/visions-de-france-at-scad-savannah-film-festival\\\/\"]}]},{\"@type\":\"ImageObject\",\"inLanguage\":\"en-US\",\"@id\":\"https:\\\/\\\/villa-albertine.org\\\/va\\\/events\\\/visions-de-france-at-scad-savannah-film-festival\\\/#primaryimage\",\"url\":\"https:\\\/\\\/villa-albertine.org\\\/wp-content\\\/uploads\\\/2024\\\/10\\\/gala-screening-emilia-perez.jpg\",\"contentUrl\":\"https:\\\/\\\/villa-albertine.org\\\/wp-content\\\/uploads\\\/2024\\\/10\\\/gala-screening-emilia-perez.jpg\",\"width\":878,\"height\":492},{\"@type\":\"BreadcrumbList\",\"@id\":\"https:\\\/\\\/villa-albertine.org\\\/va\\\/events\\\/visions-de-france-at-scad-savannah-film-festival\\\/#breadcrumb\",\"itemListElement\":[{\"@type\":\"ListItem\",\"position\":1,\"name\":\"Home\",\"item\":\"https:\\\/\\\/villa-albertine.org\\\/va\\\/\"},{\"@type\":\"ListItem\",\"position\":2,\"name\":\"French Film in the Spotlight at SCAD Savannah Film Festival\"}]},{\"@type\":\"WebSite\",\"@id\":\"https:\\\/\\\/villa-albertine.org\\\/va\\\/#website\",\"url\":\"https:\\\/\\\/villa-albertine.org\\\/va\\\/\",\"name\":\"Villa Albertine\",\"description\":\"\",\"potentialAction\":[{\"@type\":\"SearchAction\",\"target\":{\"@type\":\"EntryPoint\",\"urlTemplate\":\"https:\\\/\\\/villa-albertine.org\\\/va\\\/?s={search_term_string}\"},\"query-input\":{\"@type\":\"PropertyValueSpecification\",\"valueRequired\":true,\"valueName\":\"search_term_string\"}}],\"inLanguage\":\"en-US\"}]}<\/script>\n<!-- \/ Yoast SEO plugin. -->","yoast_head_json":{"title":"French Film in the Spotlight at SCAD Savannah Film Festival - Villa Albertine","robots":{"index":"index","follow":"follow","max-snippet":"max-snippet:-1","max-image-preview":"max-image-preview:large","max-video-preview":"max-video-preview:-1"},"canonical":"https:\/\/villa-albertine.org\/va\/events\/visions-de-france-at-scad-savannah-film-festival\/","og_locale":"en_US","og_type":"article","og_title":"French Film in the Spotlight at SCAD Savannah Film Festival - Villa Albertine","og_description":"A collaboration between SCAD Savannah Film Festival and Villa Albertine,\u00a0the &#8220;Visions de France&#8221; series spotlights the groundbreaking talents and visionary filmmakers from France who are redefining the global cinematic landscape. This curated selection screening on Oct. 28 and Nov. 1, 2024 brings together Emilia P\u00e9rez, the award-winning film set to represent France as the Best...","og_url":"https:\/\/villa-albertine.org\/va\/events\/visions-de-france-at-scad-savannah-film-festival\/","og_site_name":"Villa Albertine","article_modified_time":"2024-11-16T23:07:06+00:00","og_image":[{"width":878,"height":492,"url":"https:\/\/villa-albertine.org\/wp-content\/uploads\/2024\/10\/gala-screening-emilia-perez.jpg","type":"image\/jpeg"}],"twitter_card":"summary_large_image","twitter_misc":{"Est. reading time":"2 minutes"},"schema":{"@context":"https:\/\/schema.org","@graph":[{"@type":"WebPage","@id":"https:\/\/villa-albertine.org\/va\/events\/visions-de-france-at-scad-savannah-film-festival\/","url":"https:\/\/villa-albertine.org\/va\/events\/visions-de-france-at-scad-savannah-film-festival\/","name":"French Film in the Spotlight at SCAD Savannah Film Festival - Villa Albertine","isPartOf":{"@id":"https:\/\/villa-albertine.org\/va\/#website"},"primaryImageOfPage":{"@id":"https:\/\/villa-albertine.org\/va\/events\/visions-de-france-at-scad-savannah-film-festival\/#primaryimage"},"image":{"@id":"https:\/\/villa-albertine.org\/va\/events\/visions-de-france-at-scad-savannah-film-festival\/#primaryimage"},"thumbnailUrl":"https:\/\/villa-albertine.org\/wp-content\/uploads\/2024\/10\/gala-screening-emilia-perez.jpg","datePublished":"2024-10-21T15:26:14+00:00","dateModified":"2024-11-16T23:07:06+00:00","breadcrumb":{"@id":"https:\/\/villa-albertine.org\/va\/events\/visions-de-france-at-scad-savannah-film-festival\/#breadcrumb"},"inLanguage":"en-US","potentialAction":[{"@type":"ReadAction","target":["https:\/\/villa-albertine.org\/va\/events\/visions-de-france-at-scad-savannah-film-festival\/"]}]},{"@type":"ImageObject","inLanguage":"en-US","@id":"https:\/\/villa-albertine.org\/va\/events\/visions-de-france-at-scad-savannah-film-festival\/#primaryimage","url":"https:\/\/villa-albertine.org\/wp-content\/uploads\/2024\/10\/gala-screening-emilia-perez.jpg","contentUrl":"https:\/\/villa-albertine.org\/wp-content\/uploads\/2024\/10\/gala-screening-emilia-perez.jpg","width":878,"height":492},{"@type":"BreadcrumbList","@id":"https:\/\/villa-albertine.org\/va\/events\/visions-de-france-at-scad-savannah-film-festival\/#breadcrumb","itemListElement":[{"@type":"ListItem","position":1,"name":"Home","item":"https:\/\/villa-albertine.org\/va\/"},{"@type":"ListItem","position":2,"name":"French Film in the Spotlight at SCAD Savannah Film Festival"}]},{"@type":"WebSite","@id":"https:\/\/villa-albertine.org\/va\/#website","url":"https:\/\/villa-albertine.org\/va\/","name":"Villa Albertine","description":"","potentialAction":[{"@type":"SearchAction","target":{"@type":"EntryPoint","urlTemplate":"https:\/\/villa-albertine.org\/va\/?s={search_term_string}"},"query-input":{"@type":"PropertyValueSpecification","valueRequired":true,"valueName":"search_term_string"}}],"inLanguage":"en-US"}]}},"_links":{"self":[{"href":"https:\/\/villa-albertine.org\/va\/wp-json\/wp\/v2\/app_event\/840433","targetHints":{"allow":["GET"]}}],"collection":[{"href":"https:\/\/villa-albertine.org\/va\/wp-json\/wp\/v2\/app_event"}],"about":[{"href":"https:\/\/villa-albertine.org\/va\/wp-json\/wp\/v2\/types\/app_event"}],"wp:featuredmedia":[{"embeddable":true,"href":"https:\/\/villa-albertine.org\/va\/wp-json\/wp\/v2\/media\/840451"}],"wp:attachment":[{"href":"https:\/\/villa-albertine.org\/va\/wp-json\/wp\/v2\/media?parent=840433"}],"wp:term":[{"taxonomy":"app_discipline","embeddable":true,"href":"https:\/\/villa-albertine.org\/va\/wp-json\/wp\/v2\/app_discipline?post=840433"},{"taxonomy":"app_city_tax","embeddable":true,"href":"https:\/\/villa-albertine.org\/va\/wp-json\/wp\/v2\/app_city_tax?post=840433"},{"taxonomy":"app_event_type","embeddable":true,"href":"https:\/\/villa-albertine.org\/va\/wp-json\/wp\/v2\/app_event_type?post=840433"}],"curies":[{"name":"wp","href":"https:\/\/api.w.org\/{rel}","templated":true}]}}