{"id":8206745,"date":"2026-02-03T20:46:11","date_gmt":"2026-02-03T20:46:11","guid":{"rendered":"https:\/\/villa-albertine.org\/va\/?post_type=app_event&#038;p=8206745"},"modified":"2026-02-03T20:56:32","modified_gmt":"2026-02-03T20:56:32","slug":"tv5monde-program-highlights-february-2026","status":"publish","type":"app_event","link":"https:\/\/villa-albertine.org\/va\/events\/tv5monde-program-highlights-february-2026\/","title":{"rendered":"TV5MONDE Program Highlights \u2013 February 2026"},"content":{"rendered":"\n<p>Throughout February, the international French-language network TV5 Monde offers a rich lineup of entertaining films, series, and variety shows.<\/p>\n\n\n\n<p>Discover our round-up of the must-see programs this month below. <\/p>\n\n\n\n<p><\/p>\n\n\n\n<h1 class=\"wp-block-heading\"><span style=\"text-decoration: underline;\">TV5 Monde<\/span><\/h1>\n\n\n\n<p class=\"has-large-font-size\"><strong><strong><u>Special<\/u><\/strong><\/strong><\/p>\n\n\n\n<p><strong>C\u00e9sar Awards\u00a0Ceremony 2026<\/strong>\u2014\u00a0February 27\u00a0at\u00a08:30pm ET\/5:30pm PT\u00a0<br>The 51st edition of the C\u00e9sar Awards is scheduled for February 27, 2026, at the Olympia in Paris. The ceremony will be presided over by\u00a0actress\u00a0Camille Cottin and hosted by actor Benjamin\u00a0Lavernhe. An Honorary C\u00e9sar will be presented to Jim Carrey in recognition of his career.\u00a0Delayed broadcast.\u00a0\u00a0<br><strong>Host:\u00a0<\/strong>Benjamin\u00a0Lavernhe\u00a0(France, 2021)\u00a0<br><strong>Genre:\u00a0<\/strong>Awards show\u00a0<\/p>\n\n\n\n<p><\/p>\n\n\n\n<h2 class=\"wp-block-heading\"><strong><u>Films<\/u><\/strong><\/h2>\n\n\n\n<div class=\"wp-block-group is-vertical is-layout-flex wp-container-core-group-is-layout-8cf370e7 wp-block-group-is-layout-flex\">\n<p><strong>Le monde apr\u00e8s nous<\/strong>\u2014\u00a0February 1\u00a0at\u00a08:30pm ET\/5:30pm PT<br><em>In celebration of the\u00a0Berlin International Film Festival<\/em><br>(English ST)\u00a0<br>In Paris, Labidi shares a small single-room apartment and survives thanks to scamming and part-time jobs. He dreams of being a writer, but when he meets\u00a0\u00c9lisa\u00a0he is forced to reconsider his lifestyle.\u00a0<br><strong>Director:\u00a0<\/strong>Louda\u00a0Ben Salah-Cazanas\u00a0(France, 2021)\u00a0<br><strong>Cast:<\/strong>\u00a0Aur\u00e9lien Gabrielli, Louise\u00a0Chevillotte, Saadia\u00a0Benta\u00efeb\u00a0<br><strong>Genre:\u00a0<\/strong>Drama\u00a0<br><strong>Awards:<\/strong>\u00a0Nominations (Berlinale 2021, Premiers Plans\u00a0d&#8217;Angers\u00a02022)\u00a0<\/p>\n\n\n\n<p><\/p>\n<\/div>\n\n\n\n<div class=\"wp-block-group is-vertical is-layout-flex wp-container-core-group-is-layout-8cf370e7 wp-block-group-is-layout-flex\">\n<div class=\"wp-block-group is-vertical is-layout-flex wp-container-core-group-is-layout-8cf370e7 wp-block-group-is-layout-flex\">\n<p><strong>Victoria<\/strong>\u2014\u00a0February 3\u00a0at\u00a08:30pm ET\/5:30pm PT\u00a0<br><em>In celebration of the\u00a0C\u00e9sar Awards<\/em>\u00a0<br>(English ST)\u00a0<br>Victoria Spick is a lawyer and stressed-out single mum whose love life is a disaster. At a wedding she bumps into Vincent, a friend, and Sam, an ex-dealer she once defended. The next day, she agrees to defend Vincent, accused of attempted murder, and hires Sam as\u00a0au\u00a0pair.\u00a0<br><strong>Director:\u00a0<\/strong>Justine Triet\u00a0(France, 2016)\u00a0<br><strong>Cast:<\/strong>\u00a0Virginie\u00a0Efira, Vincent Lacoste, Melvil\u00a0Poupaud, Laurent\u00a0Poitrenaux\u00a0<br><strong>Genre:\u00a0<\/strong>Romantic Comedy-Drama\u00a0<br><strong>Awards:<\/strong>\u00a0Magritte for Best Actress (Virginie\u00a0Efira) (Belgium, 2017); C\u00e9sar nominations &#8211; Best Film, Best Original Screenplay, Best Actress (Virginie\u00a0Efira), Best Supporting Actor (Vincent Lacoste, Melvil\u00a0Poupaud) (France, 2017); Prix Lumi\u00e8res nomination for Best Actress (Virginie\u00a0Efira) (France, 2017); Opening film of Critics&#8217; Week at the Cannes Film Festival (France, 2016)\u00a0<\/p>\n<\/div>\n<\/div>\n\n\n\n<p><\/p>\n\n\n\n<div class=\"wp-block-group is-vertical is-layout-flex wp-container-core-group-is-layout-8cf370e7 wp-block-group-is-layout-flex\">\n<p><strong>Les\u00a0amants\u00a0de\u00a0Brasmort<\/strong>\u2014\u00a0February 10\u00a0at 8:30pm ET\/5:30pm PT\u00a0<br><em>In celebration of Valentine\u2019s Day<\/em>\u00a0 <br><em>Also\u00a0streaming on <a href=\"https:\/\/www.tv5mondeplus.com\/en\/films\/drame\/les-amants-de-brasmort\">TV5MONDE+<\/a><\/em><br>(English ST)\u00a0<br>Brasmort\u00a0is a barge cemetery. This is where Jean, a down-and-out sailor, and Monique, the daughter of\u00a0a very rich\u00a0shipowner, declare their love for each other. But they will need courage to face up to all that separates them.\u00a0<br><strong>Director:\u00a0<\/strong>Marcello\u00a0Pagliero\u00a0(France,\u00a01950)\u00a0<br><strong>Cast:\u00a0<\/strong>Nicole Courcel, Franck Villard, Henri\u00a0G\u00e9n\u00e8s, Margo Lion\u00a0<br><strong>Genre:\u00a0<\/strong>Drama\u00a0<\/p>\n<\/div>\n\n\n\n<div class=\"wp-block-group is-vertical is-layout-flex wp-container-core-group-is-layout-8cf370e7 wp-block-group-is-layout-flex\">\n<p><\/p>\n\n\n\n<p><strong>Le\u00a0premier\u00a0venu<\/strong>\u2014\u00a0February 13\u00a0at 8:30pm ET\/5:30pm PT<br><em>In celebration of Valentine\u2019s Day<\/em>\u00a0<br>(English ST)\u00a0<br>Gina and her fianc\u00e9 have been engaged for ages, but just before their wedding he breaks off without warning, leaving her inconsolable. Her best friend\u00a0advises her to\u00a0turn the page with the first man she meets. Will F\u00e9licien, the opposite of Gina in every respect, manage to surprise her?\u00a0<\/p>\n\n\n\n<p><strong>Director:\u00a0<\/strong>Michel Leclerc\u00a0(France, 2023)\u00a0<br><strong>Cast:\u00a0<\/strong>Claire Keim, Makita Samba, Pierre Arditi, Laurent\u00a0Capelluto\u00a0<br><strong>Genre:\u00a0<\/strong>Drama, TV-Movie\u00a0<\/p>\n<\/div>\n\n\n\n<p><\/p>\n\n\n\n<div class=\"wp-block-group is-vertical is-layout-flex wp-container-core-group-is-layout-8cf370e7 wp-block-group-is-layout-flex\">\n<p><strong>La menace<\/strong>\u2014\u00a0February 17\u00a0at\u00a08:30pm ET\/5:30pm PT\u00a0<br><em>In celebration of the\u00a0C\u00e9sar Awards<\/em>\u00a0<br><em>Also streaming on <a href=\"https:\/\/www.tv5mondeplus.com\/en\/films\/policier-et-suspense\/la-menace\">TV5MONDE+<\/a><\/em><br>(English ST)\u00a0<br>With his mistress, Dominique, Henry runs a transport company which she owns. In love with the beautiful Julie, Henry is about to leave her. Furious, Dominique violently confronts her rival then commits suicide. The police conclude that\u00a0it&#8217;s\u00a0murder. Julie, accused by everyone, is arrested&#8230;\u00a0<\/p>\n\n\n\n<p><strong>Director:&nbsp;<\/strong>Alain Corneau&nbsp;(France,&nbsp;Canada,&nbsp;1977)&nbsp;<br><strong>Cast:<\/strong>&nbsp;Yves Montand, Carole Laure, Marie Dubois, Jean-Fran\u00e7ois Balmer&nbsp;<br><strong>Genre:&nbsp;<\/strong>Thriller&nbsp;<br><strong>Awards:<\/strong>&nbsp;1978 C\u00e9sar Award for Best Supporting&nbsp;Actress&nbsp;(Marie Dubois)&nbsp;<\/p>\n<\/div>\n\n\n\n<p><\/p>\n\n\n\n<div class=\"wp-block-group is-vertical is-layout-flex wp-container-core-group-is-layout-8cf370e7 wp-block-group-is-layout-flex\">\n<p><strong>Chien de la\u00a0casse<\/strong>\u2014\u00a0February 22\u00a0at\u00a08:30pm ET\/5:30pm PT <br><em>In celebration of the\u00a0C\u00e9sar Awards<\/em>\u00a0<br>(English ST)\u00a0<br>Childhood friends Dog, the quiet one, and Mirales, the flamboyant one, ward off boredom by roaming the streets in their little village in the south of France. One day, Elsa moves into the village.\u00a0Dog\u00a0falls\u00a0in love and Mirales\u00a0can&#8217;t\u00a0stand it.\u00a0<\/p>\n\n\n\n<p><strong>Director:&nbsp;<\/strong>Jean-Baptiste Durand&nbsp;(France, 2023)&nbsp;<br><strong>Cast:<\/strong>&nbsp;Anthony Bajon, Rapha\u00ebl&nbsp;Quenard,&nbsp;Galat\u00e9a&nbsp;Bellugi&nbsp;<br><strong>Genre:&nbsp;<\/strong>Dramedy&nbsp;<br><strong>Awards:<\/strong>&nbsp;C\u00e9sar for Best First Film, C\u00e9sar for Best New Actor (Rapha\u00ebl&nbsp;Quenard) (France, 2024), Lumi\u00e8re for Best New Actor (Rapha\u00ebl&nbsp;Quenard) at the Foreign Press Lumi\u00e8res (France, 2024)&nbsp;<\/p>\n<\/div>\n\n\n\n<p><\/p>\n\n\n\n<div class=\"wp-block-group is-vertical is-layout-flex wp-container-core-group-is-layout-8cf370e7 wp-block-group-is-layout-flex\">\n<p><strong>En\u00a0avoir\u00a0(ou\u00a0pas)<\/strong>\u2014\u00a0February 24\u00a0at\u00a08:30pm ET\/5:30pm PT<br><em>In celebration of the\u00a0C\u00e9sar Awards<\/em>\u00a0\u00a0<\/p>\n\n\n\n<p>(English ST)\u00a0<br>With his mistress, Dominique, Henry runs a transport company which she owns. In love with the beautiful Julie, Henry is about to leave her. Furious, Dominique violently confronts her rival then commits suicide. The police conclude that\u00a0it&#8217;s\u00a0murder. Julie, accused by everyone, is arrested&#8230;\u00a0<\/p>\n\n\n\n<p><strong>Director:&nbsp;<\/strong>Alain Corneau&nbsp;(France, Canada 1977)&nbsp;<br><strong>Cast:<\/strong>&nbsp;Yves Montand, Carole Laure, Marie Dubois, Jean-Fran\u00e7ois Balmer&nbsp;<br><strong>Genre:&nbsp;<\/strong>Dramedy&nbsp;<br><strong>Awards:<\/strong>&nbsp;1978 C\u00e9sar Award for Best Supporting&nbsp;Actress&nbsp;(Marie Dubois)&nbsp;<\/p>\n<\/div>\n\n\n\n<p><\/p>\n\n\n\n<h2 class=\"wp-block-heading\">Series<\/h2>\n\n\n\n<div class=\"wp-block-group is-vertical is-layout-flex wp-container-core-group-is-layout-8cf370e7 wp-block-group-is-layout-flex\">\n<p><strong>Invisible<\/strong>\u2014 Sundays starting\u00a0February 15\u00a0at 11:30pm ET\/8:30pm PT\u00a0<br><em>Season\u00a01\u00a0premiere<\/em>\u00a0<br><em>Also streaming on <a href=\"https:\/\/www.tv5mondeplus.com\/en\/series\/policier-et-suspense\/invisible\">TV5MONDE+<\/a><\/em><br>(English ST)\u00a0<br>During a cataract operation, Victor, renowned ophthalmologist in Creux, mysteriously becomes blind. His daughter Laurence led the operation. Already consumed by guilt, she also must bear the accusations of those around her, both professional and personal. Laurence knows that something strange happened during the operation, but\u00a0no-one\u00a0believes her&#8230;\u00a0<br><strong>Director:\u00a0<\/strong>Geoffrey Enthoven\u00a0(Belgium, 2020)\u00a0<br><strong>Cast:\u00a0<\/strong>Myriem\u00a0Akheddiou, Fabio Zenoni, Luc Van\u00a0Grunderbeeck, Roda Fawaz, Jacqueline Bollen, Elisa Echevarria&#8230;\u00a0<br><strong>Genre:<\/strong>\u00a0Thriller\u00a0<\/p>\n<\/div>\n\n\n\n<div class=\"wp-block-group is-vertical is-layout-flex wp-container-core-group-is-layout-8cf370e7 wp-block-group-is-layout-flex\">\n<p><\/p>\n\n\n\n<p><strong>\u00c0\u00a0propos\u00a0d\u2019Antoine<\/strong>\u2014 Sundays starting February 6\u00a0at 11:30pm ET\/8:30pm PT\u00a0<br><em>Season 1 premiere<\/em>\u00a0<br><em>Also streaming on <a href=\"https:\/\/www.tv5mondeplus.com\/en\/series\/comedie-dramatique\/a-propos-d-antoine\">TV5MONDE+<\/a><\/em><br>(English ST)\u00a0<br>Julie arrives at Marc&#8217;s, the new love of her life, to meet his family. The young woman has just ended an easy-going relationship to find herself thrown into a joyous chaos\u00a0centered\u00a0on Antoine, a child with multiple disabilities.\u00a0<br><strong>Director:\u00a0<\/strong>Podz\u00a0(Canada, 2022)\u00a0<br><strong>Cast:\u00a0<\/strong>Cathleen Rouleau, Claude Legault, Antoine Parent-B\u00e9dard\u00a0<br><strong>Genre:<\/strong>\u00a0Dramedy\u00a0<\/p>\n<\/div>\n\n\n\n<p><\/p>\n\n\n\n<h2 class=\"wp-block-heading\">Documentaries<\/h2>\n\n\n\n<div class=\"wp-block-group is-vertical is-layout-flex wp-container-core-group-is-layout-8cf370e7 wp-block-group-is-layout-flex\">\n<p><strong>Or de vie<\/strong>\u2014\u00a0February 8\u00a0at\u00a08:30pm ET\/5:30pm PT\u00a0<br><em>In celebration of the\u00a0Berlin International Film Festival<\/em>\u00a0<br>In Burkina Faso, at the\u00a0Bantara\u00a0gold mining site and risking his life, 16-year-old\u00a0Rasman\u00e9\u00a0descends to a depth of over 100\u00a0metres\u00a0to extract gold. Worried about accidents and torn by his parents&#8217; doubts, he is driven by the hope of a better life.\u00a0<br><strong>Director:\u00a0<\/strong>Boubacar\u00a0Sangar\u00e9\u00a0(France,\u00a0Burkina Faso,\u00a02022)\u00a0<br><strong>Genre:\u00a0<\/strong>Documentary\u00a0<br><strong>Awards:<\/strong>\u00a0Forum &#8211; World premiere at the Berlinale (Germany, 2023), selected for FESPACO (Burkina Faso, 2023), Festival\u00a0Cin\u00e9mas\u00a0d&#8217;Afrique\u00a0&#8211; Panorama (Switzerland, 2023), Montreal International Documentary Festival (Canada, 2023)\u00a0<\/p>\n\n\n\n<p><\/p>\n<\/div>\n\n\n\n<div class=\"wp-block-group is-vertical is-layout-flex wp-container-core-group-is-layout-8cf370e7 wp-block-group-is-layout-flex\">\n<p><strong>Amour et\u00a0diff\u00e9rence<\/strong>\u2014\u00a0February 11\u00a0at\u00a09:30pm ET\/6:30pm PT\u00a0<br><em>In celebration of Valentine\u2019s Day<\/em>\u00a0<br><em>(English ST)<\/em>\u00a0<br>Director Helgi\u00a0Piccinin\u00a0explores love and sexuality with inspiring individuals living with disabilities. He meets Marie Lee,\u00a0\u00c9lisanne,\u00a0and Fran\u00e7ois, who speak candidly about their unconventional intimacy. A chance for them to spark social reflection and challenge a taboo subject.\u00a0<br><strong>Director:\u00a0<\/strong>Helgi\u00a0Piccinin\u00a0(Canada, 2023)\u00a0<br><strong>Genre:\u00a0<\/strong>Documentary\u00a0<\/p>\n<\/div>\n\n\n\n<div class=\"wp-block-group\"><div class=\"wp-block-group__inner-container is-layout-constrained wp-block-group-is-layout-constrained\">\n<p><\/p>\n\n\n\n<p><strong>Une famille<\/strong>\u2014&nbsp;February 15&nbsp;at&nbsp;8:30pm ET\/5:30pm PT<br><em>In celebration of the&nbsp;Berlin International Film Festival<\/em>&nbsp;<br><em>Also streaming on <a href=\"https:\/\/www.tv5mondeplus.com\/en\/films\/documentaires\/une-famille\">TV5MONDE+<\/a><\/em> <br><em>(English ST)<\/em>&nbsp;<br>The author Christine&nbsp;Angot&nbsp;returns to Strasbourg, the city where she met her father at the age of 13 and where he raped her for the first time. Interviewing family and friends, she reopens wounds, forces open doors, and examines the mechanisms of incest. A powerful,&nbsp;urgent,&nbsp;and important film.&nbsp;<br><strong>Director:&nbsp;<\/strong>Christine&nbsp;Angot&nbsp;(France, 2023)&nbsp;<br><strong>Genre:&nbsp;<\/strong>Documentary<br><strong>Awards:<\/strong>&nbsp;&#8221;Tagesspiegel&#8221; Readers&#8217; Jury Prize at the Berlinale (Germany, 2024)&nbsp;<strong><br><\/strong><\/p>\n<\/div><\/div>\n\n\n\n<h1 class=\"wp-block-heading\">TV5Monde+<\/h1>\n\n\n\n<h2 class=\"wp-block-heading\">Films<\/h2>\n\n\n\n<div class=\"wp-block-group is-vertical is-layout-flex wp-container-core-group-is-layout-8cf370e7 wp-block-group-is-layout-flex\">\n<p><strong>Panique\u00a0au village<\/strong>\u2014\u00a0Streaming beginning February 4\u00a0<br><em>In celebration of the\u00a0C\u00e9sar Awards<\/em>\u00a0<br>(English ST)\u00a0<br>The very likeable Cowboy and\u00a0Native American\u00a0are professionals of disaster. To celebrate their friend Horse&#8217;s birthday, they buy a few bricks on the internet to build him a barbecue. Unfortunately, they make a mistake and receive an order for a billion bricks.\u00a0<br><strong>Director:\u00a0<\/strong>Vincent Patar, St\u00e9phane\u00a0Aubier\u00a0(Belgium\/Luxembourg\/France, 2007)\u00a0<br><strong>Cast:<\/strong>\u00a0Voices of Beno\u00eet\u00a0Poelvoorde,\u00a0Bouli\u00a0Lanners, Jeanne\u00a0Balibar, Fr\u00e9d\u00e9ric\u00a0Jannin, Vincent Patar, St\u00e9phane\u00a0Aubier, Bruce Ellison<br><strong>Genre:\u00a0<\/strong>Comedy, Stop-Motion Animation\u00a0<br><strong>Awards:<\/strong>\u00a0Selected at the Helvetia French Film Festival (Switzerland, 2009), at the C\u00e9sar Awards for Best Foreign Film (France, 2010), at the Vienna Francophone Film Festival (Austria, 2010), and at the Stockholm French Film Festival (Sweden, 2011)\u00a0<\/p>\n<\/div>\n\n\n\n<div class=\"wp-block-group is-vertical is-layout-flex wp-container-core-group-is-layout-8cf370e7 wp-block-group-is-layout-flex\">\n<p><\/p>\n\n\n\n<p><strong>Enorme<\/strong>\u2014\u00a0Streaming beginning February 4<br><em>In celebration of the\u00a0C\u00e9sar Awards<\/em>\u00a0\u00a0<br>(English ST)\u00a0<br>Married to Claire, a world-renowned pianist, Fr\u00e9d\u00e9ric is his wife&#8217;s lover, coach, and personal assistant all rolled into one. But if there is one thing both agree\u00a0on\u00a0it&#8217;s\u00a0that neither wants a child, under any circumstances! But at 40, Fr\u00e9d\u00e9ric suddenly finds he really wants to become a father&#8230;\u00a0<\/p>\n\n\n\n<p><strong>Director:\u00a0<\/strong>Sophie\u00a0Letourneur\u00a0(France, 2020)\u00a0<br><strong>Cast:<\/strong>\u00a0Marina\u00a0Fo\u00efs, Jonathan Cohen, Jacqueline Kakou, Ayala Cousteau\u00a0<br><strong>Genre:\u00a0<\/strong>Comedy\u00a0<br><strong>Awards:<\/strong>\u00a0C\u00e9sar Awards\u00a0nomination\u00a0for Best\u00a0Actor\u00a0(France, 2021)\u00a0<\/p>\n<\/div>\n\n\n\n<p><\/p>\n\n\n\n<h2 class=\"wp-block-heading\">Series<\/h2>\n\n\n\n<div class=\"wp-block-group is-vertical is-layout-flex wp-container-core-group-is-layout-8cf370e7 wp-block-group-is-layout-flex\">\n<p><strong>Ils\u00a0v\u00e9curent\u00a0heureux<\/strong><em>\u2014<\/em>\u00a0Streaming beginning February 12\u00a0<br>TV5MONDE original series\u00a0\u00a0<br>(English ST)\u00a0<br>What if Tarzan and Jane,\u00a0Ulysses\u00a0and Penelope, or even Romeo and Juliet went into therapy to save their relationship?\u00a0For\u00a0Valentine\u2019s Day, TV5MONDE offers an offbeat look at the great love stories that have shaped our collective imagination. In\u00a0Ils\u00a0v\u00e9curent\u00a0heureux, eight iconic couples\u2014Tarzan and Jane; Arthur, Guinevere, and Lancelot; Emma and Charles Bovary; Adam and Eve; Carmen and Don Jos\u00e9; Romeo and Juliet; Ulysses and Penelope; and Snow White and the Prince\u2014take a seat on a therapist\u2019s couch to explore, with humor and irreverence, what it means to love today.\u00a0<br><strong>Director:\u00a0<\/strong>Juliette\u00a0Fayet\u00a0(France,\u00a02026)\u00a0<br><strong>Cast:<\/strong>\u00a0Roxane Bret, Johann Cuny, Juliette\u00a0Fayet, Bertrand Goncalves, Sidi\u00a0Mejai, In\u00e8s\u00a0Melab, Fanny Ruwet, Noam\u00a0Sinseau, and voice of\u00a0Anne-Clotilde\u00a0Rampon\u00a0<br><strong>Genre:<\/strong>\u00a0Comedy,\u00a0Webseries\u00a0\u00a0<\/p>\n<\/div>\n\n\n\n<p><\/p>\n\n\n\n<h2 class=\"wp-block-heading\">Documentaries<\/h2>\n\n\n\n<div class=\"wp-block-group is-vertical is-layout-flex wp-container-core-group-is-layout-8cf370e7 wp-block-group-is-layout-flex\">\n<p><strong>H\u00f4tel du Cap Eden Roc, un\u00a0paradis\u00a0sur terre\u2014\u00a0<\/strong><a href=\"https:\/\/www.tv5mondeplus.com\/en\/documentaires\/evasion\/hotel-du-cap-eden-roc-un-paradis-sur-terre\">Now streaming<\/a>\u00a0<br><em>TV5MONDE original\u00a0<\/em>\u00a0<br>(English ST)\u00a0<br>At the tip of Cap\u00a0d&#8217;Antibes, perched on the rocks, stands one of the world&#8217;s most sought-after palaces and one of the most luxurious on the French Riviera. For 150 years, the prestigious Eden Roc has attracted actors,\u00a0artists,\u00a0and politicians in search of privacy. Watch stunning views, a magnificent park, and a guided tour.\u00a0<br><strong>Director:\u00a0<\/strong>Mei-Chen\u00a0Chalais\u00a0(France, 2025)\u00a0<br><strong>Genre:<\/strong>\u00a0Documentary\u00a0<\/p>\n<\/div>\n\n\n\n<p><\/p>\n\n\n\n<p class=\"has-large-font-size\"><strong>TV5Monde Cin\u00e9ma<\/strong><\/p>\n\n\n\n<div class=\"wp-block-group is-vertical is-layout-flex wp-container-core-group-is-layout-8cf370e7 wp-block-group-is-layout-flex\">\n<p><strong>Theme:&nbsp;<\/strong>Love<\/p>\n\n\n\n<p><\/p>\n\n\n\n<p><strong>Les&nbsp;toits&nbsp;de Paris<\/strong>\u2014 available beginning&nbsp;February 6&nbsp;<br>(English ST)&nbsp;<br>Under the rooftops of Paris, an elderly lonely man struggles with solitude and illness.&nbsp;&nbsp;&nbsp;<br><strong>Director:&nbsp;<\/strong>Hiner Saleem&nbsp;(2007)&nbsp;<br><strong>Cast:&nbsp;<\/strong>Michel Piccoli, Myl\u00e8ne Demongeot, Maurice&nbsp;B\u00e9nichou&nbsp;<br><strong>Genre:&nbsp;<\/strong>Drama&nbsp;<\/p>\n<\/div>\n\n\n\n<p><\/p>\n\n\n\n<div class=\"wp-block-group is-vertical is-layout-flex wp-container-core-group-is-layout-8cf370e7 wp-block-group-is-layout-flex\">\n<p><strong>Paris la blanche<\/strong>\u2014 available beginning&nbsp;February 6&nbsp;<br>(English ST)&nbsp;<br>A 70-year-old woman travels from her Algerian village to Paris to bring her husband home.&nbsp;&nbsp;<br><strong>Director:&nbsp;<\/strong>Lidia Terki&nbsp;(2017)&nbsp;<br><strong>Cast:&nbsp;<\/strong>Tassadit Mandi, Zahir&nbsp;Bouzerar, Karole Rocher&nbsp;<br><strong>Genre:&nbsp;<\/strong>Drama&nbsp;<\/p>\n<\/div>\n\n\n\n<p><\/p>\n\n\n\n<div class=\"wp-block-group is-vertical is-layout-flex wp-container-core-group-is-layout-8cf370e7 wp-block-group-is-layout-flex\">\n<p><strong>Guermantes<\/strong>\u2014 available beginning&nbsp;February 6&nbsp;<br>(English ST)&nbsp;<br>In Paris, in the summer&nbsp;of&nbsp;2020, actors from&nbsp;the&nbsp;Com\u00e9die-Fran\u00e7aise,&nbsp;France&#8217;s most prestigious theater, rehearse a new play, an adaptation of Marcel Proust&#8217;s&nbsp;<em>The Guermantes Way<\/em>.&nbsp;&nbsp;<br><strong>Director:&nbsp;<\/strong>Christophe Honor\u00e9&nbsp;(2021)&nbsp;<br><strong>Cast:&nbsp;<\/strong>Claude Mathieu, Anne Kessler,&nbsp;\u00c9ric&nbsp;G\u00e9nov\u00e8se&nbsp;<br><strong>Genre:&nbsp;<\/strong>Dramedy&nbsp;<\/p>\n<\/div>\n\n\n\n<p><\/p>\n\n\n\n<div class=\"wp-block-group is-vertical is-layout-flex wp-container-core-group-is-layout-8cf370e7 wp-block-group-is-layout-flex\">\n<p><strong>Ami-ami<\/strong>\u2014 available beginning&nbsp;February&nbsp;13&nbsp;<br>(English ST)&nbsp;<br>A heartbroken man vows to never fall in love again.&nbsp;&nbsp;<br><strong>Director:&nbsp;<\/strong>Victor Saint Macary&nbsp;(2018)&nbsp;<br><strong>Cast:&nbsp;<\/strong>William&nbsp;Lebghil, Margot&nbsp;Bancilhon, Camille&nbsp;Razat&nbsp;&nbsp;<br><strong>Genre:&nbsp;<\/strong>Rom-com&nbsp;<\/p>\n<\/div>\n\n\n\n<p><\/p>\n\n\n\n<div class=\"wp-block-group is-vertical is-layout-flex wp-container-core-group-is-layout-8cf370e7 wp-block-group-is-layout-flex\">\n<p><strong>Les&nbsp;fausses&nbsp;confidences<\/strong>\u2014 available beginning&nbsp;February 13&nbsp;<br>(English ST)&nbsp;<br>In his final film,&nbsp;director&nbsp;Luc Bondy brings a Marivaux classic into present-day Paris.&nbsp;<br><strong>Director:&nbsp;<\/strong>Luc Bondy&nbsp;(2017)&nbsp;<br><strong>Cast:&nbsp;<\/strong>Isabelle Huppert, Louis Garrel, Bulle Ogier&nbsp;<br><strong>Genre:&nbsp;<\/strong>Dramedy&nbsp;<\/p>\n<\/div>\n\n\n\n<p><\/p>\n\n\n\n<div class=\"wp-block-group is-vertical is-layout-flex wp-container-core-group-is-layout-8cf370e7 wp-block-group-is-layout-flex\">\n<p><strong>Romantique<\/strong>\u2014 available beginning&nbsp;February 20&nbsp;<br>(English ST)&nbsp;<br>A&nbsp;notorious liar&nbsp;and failing artist&nbsp;discovers&nbsp;he is the father&nbsp;of&nbsp;a little girl.&nbsp;<br><strong>Director:&nbsp;<\/strong>Thibault&nbsp;Segouin&nbsp;(2022)&nbsp;<br><strong>Cast:&nbsp;<\/strong>Alex Lutz, Golshifteh Farahani, Olivier&nbsp;Chantreau&nbsp;<br><strong>Genre:&nbsp;<\/strong>Dramedy&nbsp;<\/p>\n<\/div>\n\n\n\n<p><\/p>\n\n\n\n<div class=\"wp-block-group is-vertical is-layout-flex wp-container-core-group-is-layout-8cf370e7 wp-block-group-is-layout-flex\">\n<p><strong>Des plans sur la&nbsp;com\u00e8te<\/strong>\u2014 available beginning&nbsp;February 20&nbsp;<br>(English ST)&nbsp;<br>Two small-time crook brothers land a renovation job, quickly leading to comedic chaos.&nbsp;<br><strong>Director:&nbsp;<\/strong>Guilhem&nbsp;Amesland&nbsp;(2017)&nbsp;<br><strong>Cast:&nbsp;<\/strong>Vincent&nbsp;Macaigne, Philippe&nbsp;Rebbot,&nbsp;Hafsia&nbsp;Herzi&nbsp;<br><strong>Genre:&nbsp;<\/strong>Comedy&nbsp;<\/p>\n<\/div>\n\n\n\n<p><\/p>\n\n\n\n<div class=\"wp-block-group is-vertical is-layout-flex wp-container-core-group-is-layout-8cf370e7 wp-block-group-is-layout-flex\">\n<p><strong>L&#8217;amour&nbsp;c&#8217;est&nbsp;surcot\u00e9<\/strong>\u2014 available beginning&nbsp;February 27&nbsp;<br>(English ST)&nbsp;<br>Three years after the loss of his best friend and mentor, a single man finally decides to get out and meet people again.&nbsp;<br><strong>Director:&nbsp;<\/strong>Mourad Winter&nbsp;(2025)&nbsp;<br><strong>Cast:&nbsp;<\/strong>Hakim&nbsp;Jemili, Laura&nbsp;Felpin, Benjamin&nbsp;Trani\u00e9&nbsp;<br><strong>Genre:&nbsp;<\/strong>Romantic comedy&nbsp;<\/p>\n<\/div>\n\n\n\n<p><\/p>\n\n\n\n<div class=\"wp-block-group is-vertical is-layout-flex wp-container-core-group-is-layout-8cf370e7 wp-block-group-is-layout-flex\">\n<p><strong>Un hiver&nbsp;en&nbsp;\u00e9t\u00e9<\/strong>\u2014 available beginning&nbsp;February 27&nbsp;<br>(English ST)&nbsp;<br>France is hit by polar cold in the middle of summer, and ten lonely, lost souls find one another.&nbsp;<br><strong>Director:&nbsp;<\/strong>Laetitia Masson&nbsp;(2022)&nbsp;<br><strong>Cast:&nbsp;<\/strong>Benjamin&nbsp;Biolay,&nbsp;\u00c9lodie Bouchez, Judith&nbsp;Chemla&nbsp;<br><strong>Genre:&nbsp;<\/strong>Drama&nbsp;<\/p>\n<\/div>\n\n\n\n<p><\/p>\n\n\n\n<div class=\"wp-block-group is-vertical is-layout-flex wp-container-core-group-is-layout-8cf370e7 wp-block-group-is-layout-flex\">\n<p><strong>Marche&nbsp;ou&nbsp;cr\u00e8ve<\/strong>\u2014 available beginning&nbsp;February 27&nbsp;<br>(English ST)&nbsp;<br>An enthusiastic and hotheaded teenager hopes to enjoy her last summer at home before moving away and striking out on her own.&nbsp;<br><strong>Director:&nbsp;<\/strong>Margaux Bonhomme&nbsp;(2018)&nbsp;<br><strong>Cast:&nbsp;<\/strong>Diane Rouxel, C\u00e9dric Kahn, Jeanne&nbsp;Cohendy&nbsp;<br><strong>Genre:&nbsp;<\/strong>Drama&nbsp;<\/p>\n<\/div>\n\n\n\n<p><em>**Please note: Programs may change due to last-minute scheduling**<\/em><\/p>\n\n\n\n<p><\/p>\n","protected":false},"featured_media":8206787,"menu_order":0,"template":"","app_discipline":[231,219],"app_city_tax":[235,221,214,223,222,220,216,224,217,225,226],"app_event_type":[239,313],"class_list":["post-8206745","app_event","type-app_event","status-publish","has-post-thumbnail","hentry","app_discipline-audiovisual","app_discipline-cinema","app_city_tax-all-cities","app_city_tax-atl","app_city_tax-bos","app_city_tax-chi","app_city_tax-hou","app_city_tax-la","app_city_tax-mia","app_city_tax-nola","app_city_tax-nyc","app_city_tax-sf","app_city_tax-dc","app_event_type-film","app_event_type-film-series"],"acf":[],"yoast_head":"<!-- This site is optimized with the Yoast SEO plugin v27.3 - https:\/\/yoast.com\/product\/yoast-seo-wordpress\/ -->\n<title>TV5MONDE Program Highlights \u2013 February 2026 - Villa Albertine<\/title>\n<meta name=\"robots\" content=\"index, follow, max-snippet:-1, max-image-preview:large, max-video-preview:-1\" \/>\n<link rel=\"canonical\" href=\"https:\/\/villa-albertine.org\/va\/events\/tv5monde-program-highlights-february-2026\/\" \/>\n<meta property=\"og:locale\" content=\"en_US\" \/>\n<meta property=\"og:type\" content=\"article\" \/>\n<meta property=\"og:title\" content=\"TV5MONDE Program Highlights \u2013 February 2026 - Villa Albertine\" \/>\n<meta property=\"og:description\" content=\"Throughout February, the international French-language network TV5 Monde offers a rich lineup of entertaining films, series, and variety shows. Discover our round-up of the must-see programs this month below. TV5 Monde Special C\u00e9sar Awards\u00a0Ceremony 2026\u2014\u00a0February 27\u00a0at\u00a08:30pm ET\/5:30pm PT\u00a0The 51st edition of the C\u00e9sar Awards is scheduled for February 27, 2026, at the Olympia in Paris....\" \/>\n<meta property=\"og:url\" content=\"https:\/\/villa-albertine.org\/va\/events\/tv5monde-program-highlights-february-2026\/\" \/>\n<meta property=\"og:site_name\" content=\"Villa Albertine\" \/>\n<meta property=\"article:modified_time\" content=\"2026-02-03T20:56:32+00:00\" \/>\n<meta property=\"og:image\" content=\"https:\/\/villa-albertine.org\/wp-content\/uploads\/2026\/02\/chien-de-la-casse-1.jpg\" \/>\n\t<meta property=\"og:image:width\" content=\"1920\" \/>\n\t<meta property=\"og:image:height\" content=\"1080\" \/>\n\t<meta property=\"og:image:type\" content=\"image\/jpeg\" \/>\n<meta name=\"twitter:card\" content=\"summary_large_image\" \/>\n<meta name=\"twitter:label1\" content=\"Est. reading time\" \/>\n\t<meta name=\"twitter:data1\" content=\"9 minutes\" \/>\n<script type=\"application\/ld+json\" class=\"yoast-schema-graph\">{\"@context\":\"https:\\\/\\\/schema.org\",\"@graph\":[{\"@type\":\"WebPage\",\"@id\":\"https:\\\/\\\/villa-albertine.org\\\/va\\\/events\\\/tv5monde-program-highlights-february-2026\\\/\",\"url\":\"https:\\\/\\\/villa-albertine.org\\\/va\\\/events\\\/tv5monde-program-highlights-february-2026\\\/\",\"name\":\"TV5MONDE Program Highlights \u2013 February 2026 - Villa Albertine\",\"isPartOf\":{\"@id\":\"https:\\\/\\\/villa-albertine.org\\\/va\\\/#website\"},\"primaryImageOfPage\":{\"@id\":\"https:\\\/\\\/villa-albertine.org\\\/va\\\/events\\\/tv5monde-program-highlights-february-2026\\\/#primaryimage\"},\"image\":{\"@id\":\"https:\\\/\\\/villa-albertine.org\\\/va\\\/events\\\/tv5monde-program-highlights-february-2026\\\/#primaryimage\"},\"thumbnailUrl\":\"https:\\\/\\\/villa-albertine.org\\\/wp-content\\\/uploads\\\/2026\\\/02\\\/chien-de-la-casse-1.jpg\",\"datePublished\":\"2026-02-03T20:46:11+00:00\",\"dateModified\":\"2026-02-03T20:56:32+00:00\",\"breadcrumb\":{\"@id\":\"https:\\\/\\\/villa-albertine.org\\\/va\\\/events\\\/tv5monde-program-highlights-february-2026\\\/#breadcrumb\"},\"inLanguage\":\"en-US\",\"potentialAction\":[{\"@type\":\"ReadAction\",\"target\":[\"https:\\\/\\\/villa-albertine.org\\\/va\\\/events\\\/tv5monde-program-highlights-february-2026\\\/\"]}]},{\"@type\":\"ImageObject\",\"inLanguage\":\"en-US\",\"@id\":\"https:\\\/\\\/villa-albertine.org\\\/va\\\/events\\\/tv5monde-program-highlights-february-2026\\\/#primaryimage\",\"url\":\"https:\\\/\\\/villa-albertine.org\\\/wp-content\\\/uploads\\\/2026\\\/02\\\/chien-de-la-casse-1.jpg\",\"contentUrl\":\"https:\\\/\\\/villa-albertine.org\\\/wp-content\\\/uploads\\\/2026\\\/02\\\/chien-de-la-casse-1.jpg\",\"width\":1920,\"height\":1080},{\"@type\":\"BreadcrumbList\",\"@id\":\"https:\\\/\\\/villa-albertine.org\\\/va\\\/events\\\/tv5monde-program-highlights-february-2026\\\/#breadcrumb\",\"itemListElement\":[{\"@type\":\"ListItem\",\"position\":1,\"name\":\"Home\",\"item\":\"https:\\\/\\\/villa-albertine.org\\\/va\\\/\"},{\"@type\":\"ListItem\",\"position\":2,\"name\":\"TV5MONDE Program Highlights \u2013 February 2026\"}]},{\"@type\":\"WebSite\",\"@id\":\"https:\\\/\\\/villa-albertine.org\\\/va\\\/#website\",\"url\":\"https:\\\/\\\/villa-albertine.org\\\/va\\\/\",\"name\":\"Villa Albertine\",\"description\":\"\",\"potentialAction\":[{\"@type\":\"SearchAction\",\"target\":{\"@type\":\"EntryPoint\",\"urlTemplate\":\"https:\\\/\\\/villa-albertine.org\\\/va\\\/?s={search_term_string}\"},\"query-input\":{\"@type\":\"PropertyValueSpecification\",\"valueRequired\":true,\"valueName\":\"search_term_string\"}}],\"inLanguage\":\"en-US\"}]}<\/script>\n<!-- \/ Yoast SEO plugin. -->","yoast_head_json":{"title":"TV5MONDE Program Highlights \u2013 February 2026 - Villa Albertine","robots":{"index":"index","follow":"follow","max-snippet":"max-snippet:-1","max-image-preview":"max-image-preview:large","max-video-preview":"max-video-preview:-1"},"canonical":"https:\/\/villa-albertine.org\/va\/events\/tv5monde-program-highlights-february-2026\/","og_locale":"en_US","og_type":"article","og_title":"TV5MONDE Program Highlights \u2013 February 2026 - Villa Albertine","og_description":"Throughout February, the international French-language network TV5 Monde offers a rich lineup of entertaining films, series, and variety shows. Discover our round-up of the must-see programs this month below. TV5 Monde Special C\u00e9sar Awards\u00a0Ceremony 2026\u2014\u00a0February 27\u00a0at\u00a08:30pm ET\/5:30pm PT\u00a0The 51st edition of the C\u00e9sar Awards is scheduled for February 27, 2026, at the Olympia in Paris....","og_url":"https:\/\/villa-albertine.org\/va\/events\/tv5monde-program-highlights-february-2026\/","og_site_name":"Villa Albertine","article_modified_time":"2026-02-03T20:56:32+00:00","og_image":[{"width":1920,"height":1080,"url":"https:\/\/villa-albertine.org\/wp-content\/uploads\/2026\/02\/chien-de-la-casse-1.jpg","type":"image\/jpeg"}],"twitter_card":"summary_large_image","twitter_misc":{"Est. reading time":"9 minutes"},"schema":{"@context":"https:\/\/schema.org","@graph":[{"@type":"WebPage","@id":"https:\/\/villa-albertine.org\/va\/events\/tv5monde-program-highlights-february-2026\/","url":"https:\/\/villa-albertine.org\/va\/events\/tv5monde-program-highlights-february-2026\/","name":"TV5MONDE Program Highlights \u2013 February 2026 - Villa Albertine","isPartOf":{"@id":"https:\/\/villa-albertine.org\/va\/#website"},"primaryImageOfPage":{"@id":"https:\/\/villa-albertine.org\/va\/events\/tv5monde-program-highlights-february-2026\/#primaryimage"},"image":{"@id":"https:\/\/villa-albertine.org\/va\/events\/tv5monde-program-highlights-february-2026\/#primaryimage"},"thumbnailUrl":"https:\/\/villa-albertine.org\/wp-content\/uploads\/2026\/02\/chien-de-la-casse-1.jpg","datePublished":"2026-02-03T20:46:11+00:00","dateModified":"2026-02-03T20:56:32+00:00","breadcrumb":{"@id":"https:\/\/villa-albertine.org\/va\/events\/tv5monde-program-highlights-february-2026\/#breadcrumb"},"inLanguage":"en-US","potentialAction":[{"@type":"ReadAction","target":["https:\/\/villa-albertine.org\/va\/events\/tv5monde-program-highlights-february-2026\/"]}]},{"@type":"ImageObject","inLanguage":"en-US","@id":"https:\/\/villa-albertine.org\/va\/events\/tv5monde-program-highlights-february-2026\/#primaryimage","url":"https:\/\/villa-albertine.org\/wp-content\/uploads\/2026\/02\/chien-de-la-casse-1.jpg","contentUrl":"https:\/\/villa-albertine.org\/wp-content\/uploads\/2026\/02\/chien-de-la-casse-1.jpg","width":1920,"height":1080},{"@type":"BreadcrumbList","@id":"https:\/\/villa-albertine.org\/va\/events\/tv5monde-program-highlights-february-2026\/#breadcrumb","itemListElement":[{"@type":"ListItem","position":1,"name":"Home","item":"https:\/\/villa-albertine.org\/va\/"},{"@type":"ListItem","position":2,"name":"TV5MONDE Program Highlights \u2013 February 2026"}]},{"@type":"WebSite","@id":"https:\/\/villa-albertine.org\/va\/#website","url":"https:\/\/villa-albertine.org\/va\/","name":"Villa Albertine","description":"","potentialAction":[{"@type":"SearchAction","target":{"@type":"EntryPoint","urlTemplate":"https:\/\/villa-albertine.org\/va\/?s={search_term_string}"},"query-input":{"@type":"PropertyValueSpecification","valueRequired":true,"valueName":"search_term_string"}}],"inLanguage":"en-US"}]}},"_links":{"self":[{"href":"https:\/\/villa-albertine.org\/va\/wp-json\/wp\/v2\/app_event\/8206745","targetHints":{"allow":["GET"]}}],"collection":[{"href":"https:\/\/villa-albertine.org\/va\/wp-json\/wp\/v2\/app_event"}],"about":[{"href":"https:\/\/villa-albertine.org\/va\/wp-json\/wp\/v2\/types\/app_event"}],"wp:featuredmedia":[{"embeddable":true,"href":"https:\/\/villa-albertine.org\/va\/wp-json\/wp\/v2\/media\/8206787"}],"wp:attachment":[{"href":"https:\/\/villa-albertine.org\/va\/wp-json\/wp\/v2\/media?parent=8206745"}],"wp:term":[{"taxonomy":"app_discipline","embeddable":true,"href":"https:\/\/villa-albertine.org\/va\/wp-json\/wp\/v2\/app_discipline?post=8206745"},{"taxonomy":"app_city_tax","embeddable":true,"href":"https:\/\/villa-albertine.org\/va\/wp-json\/wp\/v2\/app_city_tax?post=8206745"},{"taxonomy":"app_event_type","embeddable":true,"href":"https:\/\/villa-albertine.org\/va\/wp-json\/wp\/v2\/app_event_type?post=8206745"}],"curies":[{"name":"wp","href":"https:\/\/api.w.org\/{rel}","templated":true}]}}