{"id":798078,"date":"2024-10-03T21:34:41","date_gmt":"2024-10-03T21:34:41","guid":{"rendered":"https:\/\/villa-albertine.org\/va\/?post_type=app_event&#038;p=798078"},"modified":"2025-02-18T18:29:28","modified_gmt":"2025-02-18T18:29:28","slug":"meet-best-selling-french-authors-at-the-french-book-festival","status":"publish","type":"app_event","link":"https:\/\/villa-albertine.org\/va\/events\/meet-best-selling-french-authors-at-the-french-book-festival\/","title":{"rendered":"Celebrating Best-Selling French Authors at the French Book Festival"},"content":{"rendered":"\n<p>In partnership with the Consulat General of France in Boston, the French Library, and the Boston Book Festival, with the support of Institut fran\u00e7ais of Paris.<\/p>\n\n\n\n<p>At the French Book Festival, six prominent French authors brought their diverse talents and perspectives to the stage, engaging audiences with a variety of discussions, workshops, and book presentations.<\/p>\n\n\n\n<p><strong>\u00c9ric-Emmanuel Schmitt<\/strong>, the internationally acclaimed playwright and novelist, captivated the crowd with a reading from his latest book <em>Paradises Lost<\/em>, discussing his vast research into humanity\u2019s history and its philosophical underpinnings. <\/p>\n\n\n\n<p>Meanwhile, <strong>Marc Levy,<\/strong> the world\u2019s most widely read French author, shared the secrets behind his bestselling novels, including <em>The Symphony of Monsters<\/em>, in a lively discussion on the political dimensions of young adult fantasy.<\/p>\n\n\n\n<p><strong>Victor Dixen<\/strong>, a master of speculative fiction, delved into the political context of fantasy literature, discussing his <em>Vampyria<\/em> series with fellow author <strong>Kass Morgan<\/strong>. <\/p>\n\n\n\n<p><strong>Mohamed Amer Meziane<\/strong>, a philosopher and author of <em>The States of the Earth<\/em>, presented a thought-provoking analysis of Western modernity\u2019s colonial and environmental impact. <\/p>\n\n\n\n<p>Lastly, <strong>Elisa G\u00e9hin<\/strong>, a celebrated children\u2019s book illustrator, led creative workshops for young audiences, using vibrant colors and water to explore the transformative power of art. Together, these authors enriched the festival with a wide-ranging exploration of fiction, philosophy, and creative expression.<\/p>\n\n\n\n<figure class=\"wp-block-gallery has-nested-images columns-default is-cropped wp-block-gallery-1 is-layout-flex wp-block-gallery-is-layout-flex\">\n<figure class=\"wp-block-image size-large\"><img loading=\"lazy\" decoding=\"async\" width=\"1024\" height=\"658\" data-id=\"1398463\" src=\"https:\/\/villa-albertine.org\/wp-content\/uploads\/2024\/10\/Image-4-1-1024x658.jpeg\" alt=\"\" class=\"wp-image-1398463\" srcset=\"https:\/\/villa-albertine.org\/wp-content\/uploads\/2024\/10\/Image-4-1-1024x658.jpeg 1024w, https:\/\/villa-albertine.org\/wp-content\/uploads\/2024\/10\/Image-4-1-300x193.jpeg 300w, https:\/\/villa-albertine.org\/wp-content\/uploads\/2024\/10\/Image-4-1-768x494.jpeg 768w, https:\/\/villa-albertine.org\/wp-content\/uploads\/2024\/10\/Image-4-1.jpeg 1170w\" sizes=\"auto, (max-width: 1024px) 100vw, 1024px\" \/><\/figure>\n\n\n\n<figure class=\"wp-block-image size-large\"><img loading=\"lazy\" decoding=\"async\" width=\"1024\" height=\"670\" data-id=\"1398467\" src=\"https:\/\/villa-albertine.org\/wp-content\/uploads\/2024\/10\/Image-3-1-1024x670.jpeg\" alt=\"\" class=\"wp-image-1398467\" srcset=\"https:\/\/villa-albertine.org\/wp-content\/uploads\/2024\/10\/Image-3-1-1024x670.jpeg 1024w, https:\/\/villa-albertine.org\/wp-content\/uploads\/2024\/10\/Image-3-1-300x196.jpeg 300w, https:\/\/villa-albertine.org\/wp-content\/uploads\/2024\/10\/Image-3-1-768x502.jpeg 768w, https:\/\/villa-albertine.org\/wp-content\/uploads\/2024\/10\/Image-3-1.jpeg 1170w\" sizes=\"auto, (max-width: 1024px) 100vw, 1024px\" \/><\/figure>\n<\/figure>\n\n\n\n<p><\/p>\n\n\n\n<p><strong>Learn more about the participating authors below!<\/strong><\/p>\n\n\n\n<p><\/p>\n\n\n<div class=\"articles-small articles-small--richtext section__articles\">\n\t\t<div class=\"articles__items\" id=\"items_2809\">\n\t\t\t\t\t\t\t\t\t<div class=\"articles__item\" id=\"item_1558\">\n\t\t\t\t\t<div class=\"article-small article-small--reverse article-small--limit-title-3\">\n\t\t\t\t\t\t<div class=\"article__inner\">\n\t\t\t\t\t\t\t<div class=\"article__image\">\n\t\t\t\t\t\t\t\t<img loading=\"lazy\" decoding=\"async\" sizes=\"auto, (max-width: 300px) 100vw, 300px\" width=\"300\" height=\"169\" src=\"https:\/\/villa-albertine.org\/wp-content\/uploads\/2024\/10\/eric_emmanuel_schmitt_1595595959_-e1729537277134.jpeg\"\n\t\t\t\t\t\t\t\t\t  class=\"attachment-medium size-medium wp-post-image\">\n\t\t\t\t\t\t\t<\/div>\n\t\t\t\t\t\t\t<div class=\"article__content\">\n\t\t\t\t\t\t\t\t<div class=\"article__head\">\n\t\t\t\t\t\t\t\t\t<h3 style=\"margin-bottom: 0px\">Eric-Emmanuel Schmitt<\/h3>\n\t\t\t\t\t\t\t\t<\/div><!-- \/.article__head -->\n\t\t\t\t\t\t\t\t<div class=\"article__excerpt\" style=\"display: block\">\n\t\t\t\t\t\t\t\t\t<p>\n\t\t\t\t\t\t\t\t\t\t\t\t\t\t\t\t\t\t\t\tWith appearances at universities, bookstores, and more!\t\t\t\t\t\t\t\t\t\t\t\t\t\t\t\t\t\t\t\t<br>October 24 to October 26\t\t\t\t\t\t\t\t\t<\/p>\n\n\t\t\t\t\t\t\t\t<\/div><!-- \/.article__excerpt -->\n\t\t\t\t\t\t\t\t<a class=\"seemore\" id=\"more1558\" onclick=\"toggleDescs(1558);\">See more<\/a>\n\t\t\t\t\t\t\t\t<div class=\"description\" style=\"display: none;\">\n\t\t\t\t\t\t\t\t\t<p>\n\t\t\t\t\t\t\t\t\t\t<p>A member of the Goncourt Academy, Eric-Emmanuel Schmitt has become in two decades one of the most widely read and performed French-language authors in the world. Acclaimed by audiences and critics alike, his plays have won several Molie\u0300res and the French Academy\u2019s Grand Prix du The\u0301a\u0302tre. His books have been translated into 48 languages, and more than 50 countries regularly perform his plays. According to recent statistics, he is today the most studied author in secondary schools. His plays, which constantly enjoy new productions and revivals in state and private theaters across the world, now belong to the contemporary repertory.<\/p>\n<p>&nbsp;<\/p>\n<p><strong><em>Creative Writing Workshop.<\/em><\/strong><br \/>\n<strong>October 24, at Brown University, Providence RI<\/strong><\/p>\n<p>Not open to the public.<\/p>\n<p><strong><em>Reading, Discussion and Signing Session<\/em><\/strong><br \/>\n<strong>October 24, 5:00 \u2013 5:45 pm at Brown Bookstore, Providence RI.<\/strong><\/p>\n<p><strong>Open to the public.<\/strong><\/p>\n<p>\u00c9ric-Emmanuel Schmitt presented and read from his latest translated book, <em>Paradises Lost, <\/em>followed by a discussion, Q&amp;A session, and a book signing for the public.<\/p>\n<p><strong><em>Paradises Lost<\/em><\/strong><br \/>\n<strong>October 26, 1:30 \u2013 3:00 pm at the First Lutheran Church, Boston MA.<\/strong><\/p>\n<p><strong>Open to the public.<\/strong><\/p>\n<p>Eric-Emmanuel Schmitt presented his latest book published in the United States, <em>Paradises Lost<\/em>, where he combined his religious, scientific, and philosophical research to propel readers from one world to another, and from pre-history to today. This publication is the first installment of Schmitt\u2019s monumental project of recounting the history of humanity, the fruits of more than thirty years of research. Moderated by St\u00e9phanie Ravillon, Senior Lecturer in French and Francophone Studies at Brown University.<\/p>\n<p>The discussion was followed by a Q&amp;A and signing sessions.<\/p>\n\t\t\t\t\t\t\t\t\t<\/p>\n\t\t\t\t\t\t\t\t<\/div>\n\t\t\t\t\t\t\t<\/div><!-- \/.article__content -->\n\t\t\t\t\t\t<\/div>\n\t\t\t\t\t<\/div>\n\t\t\t\t<\/div>\n\t\t\t\t\t\t<\/div>\n<\/div>\n<script>\n   function toggleDescs(rand) {\n\t  if (jQuery('#item_' + rand + ' .description').attr(\"style\") == \"display: none;\") {\n\t\t jQuery('#items_2809 .articles__item .description').each(function () {\n\t\t\tjQuery(this).hide(\"slow\");\n\t\t });\n\t\t jQuery('#items_2809 .articles__item a.seemore').each(function () {\n\t\t\tjQuery(this).html(\"See more\");\n\t\t });\n\t\t jQuery('#items_2809 .articles__item').each(function () {\n\t\t\tjQuery(this).removeClass('on');\n\t\t });\n\t\t jQuery('#item_' + rand).addClass(\"on\");\n\t\t jQuery('#item_' + rand + ' .description').show(\"slow\");\n\t\t jQuery('#more' + rand).html(\"See less\");\n\t  } else {\n\t\t jQuery('#item_' + rand + ' .articles__item').removeClass(\"off\");\n\t\t jQuery('#item_' + rand + ' .description').hide(\"slow\");\n\t\t jQuery('#more' + rand).html(\"See more\");\n\t  }\n   }\n<\/script>\n<style>\n   div.articles__item.on .article-small .article__image,\n   .article-small .article__image:hover,\n   .article-small .article__image > img:hover {\n\t  filter: grayscale(0%);\n   }\n\n<\/style>\n\n\n<div class=\"articles-small articles-small--richtext section__articles\">\n\t\t<div class=\"articles__items\" id=\"items_2278\">\n\t\t\t\t\t\t\t\t\t<div class=\"articles__item\" id=\"item_1288\">\n\t\t\t\t\t<div class=\"article-small article-small--reverse article-small--limit-title-3\">\n\t\t\t\t\t\t<div class=\"article__inner\">\n\t\t\t\t\t\t\t<div class=\"article__image\">\n\t\t\t\t\t\t\t\t<img loading=\"lazy\" decoding=\"async\" sizes=\"auto, (max-width: 300px) 100vw, 300px\" width=\"300\" height=\"169\" src=\"https:\/\/villa-albertine.org\/wp-content\/uploads\/2024\/10\/marc-levy-1.jpg\"\n\t\t\t\t\t\t\t\t\t  class=\"attachment-medium size-medium wp-post-image\">\n\t\t\t\t\t\t\t<\/div>\n\t\t\t\t\t\t\t<div class=\"article__content\">\n\t\t\t\t\t\t\t\t<div class=\"article__head\">\n\t\t\t\t\t\t\t\t\t<h3 style=\"margin-bottom: 0px\">Marc Levy<\/h3>\n\t\t\t\t\t\t\t\t<\/div><!-- \/.article__head -->\n\t\t\t\t\t\t\t\t<div class=\"article__excerpt\" style=\"display: block\">\n\t\t\t\t\t\t\t\t\t<p>\n\t\t\t\t\t\t\t\t\t\t\t\t\t\t\t\t\t\t\t\tWith appearances at universities and at the French Library\t\t\t\t\t\t\t\t\t\t\t\t\t\t\t\t\t\t\t\t<br>October 25 to October 26\t\t\t\t\t\t\t\t\t<\/p>\n\n\t\t\t\t\t\t\t\t<\/div><!-- \/.article__excerpt -->\n\t\t\t\t\t\t\t\t<a class=\"seemore\" id=\"more1288\" onclick=\"toggleDescs(1288);\">See more<\/a>\n\t\t\t\t\t\t\t\t<div class=\"description\" style=\"display: none;\">\n\t\t\t\t\t\t\t\t\t<p>\n\t\t\t\t\t\t\t\t\t\t<p>Author of 25 novels translated into 50 languages, Levy is the most widely read French writer in the world, with over 50 million copies sold, all of them bestsellers in France from the moment they were published.<\/p>\n<p>At the age of 18, Marc Levy joined the Red Cross for six years, then set up a company specializing in computer-generated images in France and the United States, before running an architecture firm. At the age of 37, he wrote <em>Et si c&#8217;\u00e9tait vrai<\/em>, published in 2000, which met with immediate success and was adapted for the screen by Steven Spielberg under the title <em>Just Like Heaven<\/em> in 2005.<\/p>\n<p>&nbsp;<\/p>\n<p><strong><em>Writing Masterclass<\/em><\/strong><br \/>\n<strong>October 25, at Tufts University, Boston MA.<\/strong><\/p>\n<p>Not open to the public.<\/p>\n<p><strong><em>Marc Levy: Writing Secrets<\/em><\/strong><br \/>\n<strong>October 26, 11:00 \u2013 12:30 pm at the French Library, Boston MA.<\/strong><\/p>\n<p><strong>Open to the public.<\/strong><\/p>\n<p>Marc Levy explained the secret of his unique ability to tell compelling stories. His latest book translated in English, <em>The Symphony of Monsters<\/em>, is an unforgettable story of courage, resilience, and love. He discussed his work with internationally renowned media expert and journalist Jean Christian Agid for a horizon-expanding debate on novel writing and more.<br \/>\nThe intervention was followed by a Q&amp;A and signing sessions.<\/p>\n\t\t\t\t\t\t\t\t\t<\/p>\n\t\t\t\t\t\t\t\t<\/div>\n\t\t\t\t\t\t\t<\/div><!-- \/.article__content -->\n\t\t\t\t\t\t<\/div>\n\t\t\t\t\t<\/div>\n\t\t\t\t<\/div>\n\t\t\t\t\t\t<\/div>\n<\/div>\n<script>\n   function toggleDescs(rand) {\n\t  if (jQuery('#item_' + rand + ' .description').attr(\"style\") == \"display: none;\") {\n\t\t jQuery('#items_2278 .articles__item .description').each(function () {\n\t\t\tjQuery(this).hide(\"slow\");\n\t\t });\n\t\t jQuery('#items_2278 .articles__item a.seemore').each(function () {\n\t\t\tjQuery(this).html(\"See more\");\n\t\t });\n\t\t jQuery('#items_2278 .articles__item').each(function () {\n\t\t\tjQuery(this).removeClass('on');\n\t\t });\n\t\t jQuery('#item_' + rand).addClass(\"on\");\n\t\t jQuery('#item_' + rand + ' .description').show(\"slow\");\n\t\t jQuery('#more' + rand).html(\"See less\");\n\t  } else {\n\t\t jQuery('#item_' + rand + ' .articles__item').removeClass(\"off\");\n\t\t jQuery('#item_' + rand + ' .description').hide(\"slow\");\n\t\t jQuery('#more' + rand).html(\"See more\");\n\t  }\n   }\n<\/script>\n<style>\n   div.articles__item.on .article-small .article__image,\n   .article-small .article__image:hover,\n   .article-small .article__image > img:hover {\n\t  filter: grayscale(0%);\n   }\n\n<\/style>\n\n\n<div class=\"articles-small articles-small--richtext section__articles\">\n\t\t<div class=\"articles__items\" id=\"items_2947\">\n\t\t\t\t\t\t\t\t\t<div class=\"articles__item\" id=\"item_1039\">\n\t\t\t\t\t<div class=\"article-small article-small--reverse article-small--limit-title-3\">\n\t\t\t\t\t\t<div class=\"article__inner\">\n\t\t\t\t\t\t\t<div class=\"article__image\">\n\t\t\t\t\t\t\t\t<img loading=\"lazy\" decoding=\"async\" sizes=\"auto, (max-width: 300px) 100vw, 300px\" width=\"300\" height=\"169\" src=\"https:\/\/villa-albertine.org\/wp-content\/uploads\/2024\/10\/Schneck-\u00a9-Jean-Francois-PAGA-min-scaled-e1713984942455.jpg\"\n\t\t\t\t\t\t\t\t\t  class=\"attachment-medium size-medium wp-post-image\">\n\t\t\t\t\t\t\t<\/div>\n\t\t\t\t\t\t\t<div class=\"article__content\">\n\t\t\t\t\t\t\t\t<div class=\"article__head\">\n\t\t\t\t\t\t\t\t\t<h3 style=\"margin-bottom: 0px\">Colombe Schneck<\/h3>\n\t\t\t\t\t\t\t\t<\/div><!-- \/.article__head -->\n\t\t\t\t\t\t\t\t<div class=\"article__excerpt\" style=\"display: block\">\n\t\t\t\t\t\t\t\t\t<p>\n\t\t\t\t\t\t\t\t\t\t\t\t\t\t\t\t\t\t\t\tWith appearances at universities, bookstores, and at the French Library\t\t\t\t\t\t\t\t\t\t\t\t\t\t\t\t\t\t\t\t<br>October 24 to October 26\t\t\t\t\t\t\t\t\t<\/p>\n\n\t\t\t\t\t\t\t\t<\/div><!-- \/.article__excerpt -->\n\t\t\t\t\t\t\t\t<a class=\"seemore\" id=\"more1039\" onclick=\"toggleDescs(1039);\">See more<\/a>\n\t\t\t\t\t\t\t\t<div class=\"description\" style=\"display: none;\">\n\t\t\t\t\t\t\t\t\t<p>\n\t\t\t\t\t\t\t\t\t\t<p>A documentary film director, journalist, and the author of twelve books of fiction and nonfiction, Colombe Schneck has received prizes from the Acad\u00e9mie fran\u00e7aise, Madame Figaro, and the Soci\u00e9t\u00e9 des gens de Lettres. The recipient of a scholarship from the Villa Medici in Rome as well as a Stendhal grant from the Institut fran\u00e7ais, she was born and educated in Paris, where she still lives.<\/p>\n<p>She is also part of Villa Albertine&#8217;s <a href=\"https:\/\/villa-albertine.org\/va\/professionals\/author-on-tour-colombe-schneck\/\">Author on Tour<\/a> program.<\/p>\n<p>&nbsp;<\/p>\n<p><strong><em>Creative Writing Masterclass<\/em><\/strong><br \/>\n<strong>October 24, at Boston College, Chestnut Hill MA.<\/strong><\/p>\n<p>Not open to the public.<\/p>\n<p><strong><em>Creative Writing Masterclass<\/em><\/strong><br \/>\n<strong>October 25, at Bunker Hill Community College, Chelsea MA.<\/strong><\/p>\n<p>Not open to the public.<\/p>\n<p><strong><em>In conversation with Alysia Abbott.<\/em><\/strong><br \/>\n<strong>October 25, 7:00 \u2013 8:00 pm at Newtonville Books, Newton MA.<\/strong><\/p>\n<p><strong>Open to the public.<\/strong><\/p>\n<p>Colombe Schneck was in conversation with Alysia Abbott, writer, teacher, speaker, and author of the acclaimed memoir <em>FAIRYLAND: A Memoir of My Father<\/em>.<br \/>\nThe intervention was followed by a Q&amp;A and signing sessions.<\/p>\n<p><strong><em>Swimming in Paris: Sexuality, Abortion, Friendship, and Femininity<\/em><\/strong><br \/>\n<strong>October 26, 12:30 \u2013 2:00 pm at the French Library, Boston MA.<\/strong><\/p>\n<p><strong>Open to the public.<\/strong><\/p>\n<p>Written in a style that evokes Annie Ernaux\u2019s precise and intimate work on social milieu and sexuality, <em>Swimming in Paris<\/em> is a decades-long exploration of the complicated relationships that women so often have with their own bodies. Whether depicting a teenage abortion in the midst of a privileged Parisian upbringing, or unexpected romances, Schneck\u2019s prose exudes an unwavering elegance and intimacy. In Pamela Druckerman\u2019s words, \u201cSchneck offers a periscopic view into bourgeois Paris and captures the terror and truth of love like only a Frenchwoman can.\u201d<\/p>\n<p>During the discussion, Schneck spoke about this powerful meditation on a lifelong journey to reclaim the female body. She was interviewed by Shuchi Sarawsat, writer, journalist and founder of the Transnational Literature Series at Brookline Booksmith, a reading series focused on stories of migration, the intersection of politics &amp; literature. Moderated by writer and editor Shuchi Sarawsat.<\/p>\n<p>The discussion was followed by a Q&amp;A and signing sessions.<\/p>\n\t\t\t\t\t\t\t\t\t<\/p>\n\t\t\t\t\t\t\t\t<\/div>\n\t\t\t\t\t\t\t<\/div><!-- \/.article__content -->\n\t\t\t\t\t\t<\/div>\n\t\t\t\t\t<\/div>\n\t\t\t\t<\/div>\n\t\t\t\t\t\t<\/div>\n<\/div>\n<script>\n   function toggleDescs(rand) {\n\t  if (jQuery('#item_' + rand + ' .description').attr(\"style\") == \"display: none;\") {\n\t\t jQuery('#items_2947 .articles__item .description').each(function () {\n\t\t\tjQuery(this).hide(\"slow\");\n\t\t });\n\t\t jQuery('#items_2947 .articles__item a.seemore').each(function () {\n\t\t\tjQuery(this).html(\"See more\");\n\t\t });\n\t\t jQuery('#items_2947 .articles__item').each(function () {\n\t\t\tjQuery(this).removeClass('on');\n\t\t });\n\t\t jQuery('#item_' + rand).addClass(\"on\");\n\t\t jQuery('#item_' + rand + ' .description').show(\"slow\");\n\t\t jQuery('#more' + rand).html(\"See less\");\n\t  } else {\n\t\t jQuery('#item_' + rand + ' .articles__item').removeClass(\"off\");\n\t\t jQuery('#item_' + rand + ' .description').hide(\"slow\");\n\t\t jQuery('#more' + rand).html(\"See more\");\n\t  }\n   }\n<\/script>\n<style>\n   div.articles__item.on .article-small .article__image,\n   .article-small .article__image:hover,\n   .article-small .article__image > img:hover {\n\t  filter: grayscale(0%);\n   }\n\n<\/style>\n\n\n<div class=\"articles-small articles-small--richtext section__articles\">\n\t\t<div class=\"articles__items\" id=\"items_2025\">\n\t\t\t\t\t\t\t\t\t<div class=\"articles__item\" id=\"item_1176\">\n\t\t\t\t\t<div class=\"article-small article-small--reverse article-small--limit-title-3\">\n\t\t\t\t\t\t<div class=\"article__inner\">\n\t\t\t\t\t\t\t<div class=\"article__image\">\n\t\t\t\t\t\t\t\t<img loading=\"lazy\" decoding=\"async\" sizes=\"auto, (max-width: 300px) 100vw, 300px\" width=\"300\" height=\"169\" src=\"https:\/\/villa-albertine.org\/wp-content\/uploads\/2024\/10\/victor-dixen.jpeg\"\n\t\t\t\t\t\t\t\t\t  class=\"attachment-medium size-medium wp-post-image\">\n\t\t\t\t\t\t\t<\/div>\n\t\t\t\t\t\t\t<div class=\"article__content\">\n\t\t\t\t\t\t\t\t<div class=\"article__head\">\n\t\t\t\t\t\t\t\t\t<h3 style=\"margin-bottom: 0px\">Victor Dixen<\/h3>\n\t\t\t\t\t\t\t\t<\/div><!-- \/.article__head -->\n\t\t\t\t\t\t\t\t<div class=\"article__excerpt\" style=\"display: block\">\n\t\t\t\t\t\t\t\t\t<p>\n\t\t\t\t\t\t\t\t\t\t\t\t\t\t\t\t\t\t\t\tWith appearances at universities, high-schools, and at the French Library\t\t\t\t\t\t\t\t\t\t\t\t\t\t\t\t\t\t\t\t<br>October 24 to October 26\t\t\t\t\t\t\t\t\t<\/p>\n\n\t\t\t\t\t\t\t\t<\/div><!-- \/.article__excerpt -->\n\t\t\t\t\t\t\t\t<a class=\"seemore\" id=\"more1176\" onclick=\"toggleDescs(1176);\">See more<\/a>\n\t\t\t\t\t\t\t\t<div class=\"description\" style=\"display: none;\">\n\t\t\t\t\t\t\t\t\t<p>\n\t\t\t\t\t\t\t\t\t\t<p>Two-time winner of the Grand Prix de l\u2019Imaginaire, the most prestigious French literary award for speculative fiction, Victor Dixen stands at the forefront of French fantasy and science fiction. He is the author of 19 novels, 6 graphic novels and numerous short stories. His acclaimed series include <em>Animale<\/em>, <em>Phobos<\/em>, <em>Cogito<\/em>, <em>Extincta<\/em>, and <em>Vampyria<\/em>. A nomadic writer, he has lived in Paris, Dublin, Singapore, New York, and now Washington, DC, drawing inspiration from the promises of the future as much as the ghosts of the past. Victor Dixen\u2019s books have been translated into 12 languages, with major international publishers.<\/p>\n<p>&nbsp;<\/p>\n<p><strong><em>Guest lecturer in the French department at Boston University.<\/em><\/strong><br \/>\n<strong>October 24, at Boston University, Boston MA.<\/strong><\/p>\n<p>Not open to the public.<\/p>\n<p><strong><em>Le R\u00e8gne Animal: Screening &amp; Discussion.<\/em><\/strong><br \/>\n<strong>October 24, 7:00 \u2013 9:00 pm at Boston University, Boston MA.<\/strong><\/p>\n<p><strong>Open to the public.<\/strong><\/p>\n<p>The public could join students from Boston University&#8217;s French department to attend a screening of the acclaimed French film <em>Le R\u00e8gne Animal<\/em>, as part of the <a href=\"https:\/\/villa-albertine.org\/va\/fr\/professionals\/albertine-cinematheque\/\">Albertine Cin\u00e9math\u00e8que festival<\/a>. After the screening, the author discussed the film in conversation with one of the department&#8217;s professors.<\/p>\n<p>&nbsp;<\/p>\n<p>Victor Dixen with Kass Morgan:<br \/>\n<strong><em>Vampires, Witches, and Revolutions: Writing Fantasy in the Age of Polarized Politics.<\/em><\/strong><br \/>\n<strong>October 26, 2:00 \u2013 3:30 pm at the French Library, Boston MA.<\/strong><\/p>\n<p><strong>Open to the public.<\/strong><\/p>\n<p>Bestselling authors Victor Dixen and Kass Morgan discussed young adult fantasy novels in\u00a0 light of the political context and significance. With this in mind, Dixen presented the second volume of his Vampyria America saga, <em>The Court of Miracles<\/em>, telling the story of the vampire King Louis XIV, determined to protect his empire at any cost in spite of a mysterious renegade vampire. Kass Morgan, author of <em>The 100<\/em>, joined him for a lively dialogue, bringing an in-depth perspective on the political dimension of vampire figures.<\/p>\n<p>Moderated by Jenai Engelhard, Lecturer, Rhetoric at Boston University.<\/p>\n<p>The discussion was followed by a Q&amp;A and signing sessions.<\/p>\n\t\t\t\t\t\t\t\t\t<\/p>\n\t\t\t\t\t\t\t\t<\/div>\n\t\t\t\t\t\t\t<\/div><!-- \/.article__content -->\n\t\t\t\t\t\t<\/div>\n\t\t\t\t\t<\/div>\n\t\t\t\t<\/div>\n\t\t\t\t\t\t<\/div>\n<\/div>\n<script>\n   function toggleDescs(rand) {\n\t  if (jQuery('#item_' + rand + ' .description').attr(\"style\") == \"display: none;\") {\n\t\t jQuery('#items_2025 .articles__item .description').each(function () {\n\t\t\tjQuery(this).hide(\"slow\");\n\t\t });\n\t\t jQuery('#items_2025 .articles__item a.seemore').each(function () {\n\t\t\tjQuery(this).html(\"See more\");\n\t\t });\n\t\t jQuery('#items_2025 .articles__item').each(function () {\n\t\t\tjQuery(this).removeClass('on');\n\t\t });\n\t\t jQuery('#item_' + rand).addClass(\"on\");\n\t\t jQuery('#item_' + rand + ' .description').show(\"slow\");\n\t\t jQuery('#more' + rand).html(\"See less\");\n\t  } else {\n\t\t jQuery('#item_' + rand + ' .articles__item').removeClass(\"off\");\n\t\t jQuery('#item_' + rand + ' .description').hide(\"slow\");\n\t\t jQuery('#more' + rand).html(\"See more\");\n\t  }\n   }\n<\/script>\n<style>\n   div.articles__item.on .article-small .article__image,\n   .article-small .article__image:hover,\n   .article-small .article__image > img:hover {\n\t  filter: grayscale(0%);\n   }\n\n<\/style>\n\n\n<div class=\"articles-small articles-small--richtext section__articles\">\n\t\t<div class=\"articles__items\" id=\"items_2500\">\n\t\t\t\t\t\t\t\t\t<div class=\"articles__item\" id=\"item_1533\">\n\t\t\t\t\t<div class=\"article-small article-small--reverse article-small--limit-title-3\">\n\t\t\t\t\t\t<div class=\"article__inner\">\n\t\t\t\t\t\t\t<div class=\"article__image\">\n\t\t\t\t\t\t\t\t<img loading=\"lazy\" decoding=\"async\" sizes=\"auto, (max-width: 300px) 100vw, 300px\" width=\"300\" height=\"169\" src=\"https:\/\/villa-albertine.org\/wp-content\/uploads\/2024\/10\/mam.jpg\"\n\t\t\t\t\t\t\t\t\t  class=\"attachment-medium size-medium wp-post-image\">\n\t\t\t\t\t\t\t<\/div>\n\t\t\t\t\t\t\t<div class=\"article__content\">\n\t\t\t\t\t\t\t\t<div class=\"article__head\">\n\t\t\t\t\t\t\t\t\t<h3 style=\"margin-bottom: 0px\">Mohamed Amer Meziane<\/h3>\n\t\t\t\t\t\t\t\t<\/div><!-- \/.article__head -->\n\t\t\t\t\t\t\t\t<div class=\"article__excerpt\" style=\"display: block\">\n\t\t\t\t\t\t\t\t\t<p>\n\t\t\t\t\t\t\t\t\t\t\t\t\t\t\t\t\t\t\t\tAppearing at the French Library\t\t\t\t\t\t\t\t\t\t\t\t\t\t\t\t\t\t\t\t<br>October 26\t\t\t\t\t\t\t\t\t<\/p>\n\n\t\t\t\t\t\t\t\t<\/div><!-- \/.article__excerpt -->\n\t\t\t\t\t\t\t\t<a class=\"seemore\" id=\"more1533\" onclick=\"toggleDescs(1533);\">See more<\/a>\n\t\t\t\t\t\t\t\t<div class=\"description\" style=\"display: none;\">\n\t\t\t\t\t\t\t\t\t<p>\n\t\t\t\t\t\t\t\t\t\t<p>Mohamed Amer Meziane\u202fis a philosopher, performer, and professor at Brown University, who taught at Columbia University for four years. He is the author of\u202f<em>The States of the Earth: An Ecological and Racial History of Secularization<\/em>\u202f which won the Albertine Prize for non-fiction in 2023. His second book is entitled, <em>At the Edge of the Worlds: Towards a Metaphysical Anthropology<\/em>.<\/p>\n<p>&nbsp;<\/p>\n<p><strong><em>Why Are We disenchanted?<\/em><\/strong><br \/>\n<strong>October 26, 10:00 \u2013 11:30 am at the French Library, Boston MA.<\/strong><\/p>\n<p><strong>Open to the public.<\/strong><\/p>\n<p>Mohamed Amer Meziane presented his book <em>The States of the Earth<\/em>, offering a rereading of the history of Western modernity during the 19th century through the lenses of both its colonial matrix and its environmental consequences. In a world where material technology was considered divine, religious and secular forces both tried to achieve Heaven on Earth by destroying Earth itself. He was interviewed by Marisa Katz, a <em>New York Times<\/em> journalist, and there was an opportunity for an audience Q&amp;A.<\/p>\n<p><em>\u201cYoung philosopher and historian Mohamed Amer Meziane argues that Europe, and France specifically, give themselves credit for having modernized during the 19th century. But this was the period of France&#8217;s imperial adventures in the Muslim world, which &#8211; not coincidentally, he powerfully argues \u2014 racialized the concept of \u2018religiosity,\u2019 rendering it \u2018uncivilized.\u201d <\/em><br \/>\n\u2014 New York Times<\/p>\n\t\t\t\t\t\t\t\t\t<\/p>\n\t\t\t\t\t\t\t\t<\/div>\n\t\t\t\t\t\t\t<\/div><!-- \/.article__content -->\n\t\t\t\t\t\t<\/div>\n\t\t\t\t\t<\/div>\n\t\t\t\t<\/div>\n\t\t\t\t\t\t<\/div>\n<\/div>\n<script>\n   function toggleDescs(rand) {\n\t  if (jQuery('#item_' + rand + ' .description').attr(\"style\") == \"display: none;\") {\n\t\t jQuery('#items_2500 .articles__item .description').each(function () {\n\t\t\tjQuery(this).hide(\"slow\");\n\t\t });\n\t\t jQuery('#items_2500 .articles__item a.seemore').each(function () {\n\t\t\tjQuery(this).html(\"See more\");\n\t\t });\n\t\t jQuery('#items_2500 .articles__item').each(function () {\n\t\t\tjQuery(this).removeClass('on');\n\t\t });\n\t\t jQuery('#item_' + rand).addClass(\"on\");\n\t\t jQuery('#item_' + rand + ' .description').show(\"slow\");\n\t\t jQuery('#more' + rand).html(\"See less\");\n\t  } else {\n\t\t jQuery('#item_' + rand + ' .articles__item').removeClass(\"off\");\n\t\t jQuery('#item_' + rand + ' .description').hide(\"slow\");\n\t\t jQuery('#more' + rand).html(\"See more\");\n\t  }\n   }\n<\/script>\n<style>\n   div.articles__item.on .article-small .article__image,\n   .article-small .article__image:hover,\n   .article-small .article__image > img:hover {\n\t  filter: grayscale(0%);\n   }\n\n<\/style>\n\n\n<div class=\"articles-small articles-small--richtext section__articles\">\n\t\t<div class=\"articles__items\" id=\"items_2524\">\n\t\t\t\t\t\t\t\t\t<div class=\"articles__item\" id=\"item_1997\">\n\t\t\t\t\t<div class=\"article-small article-small--reverse article-small--limit-title-3\">\n\t\t\t\t\t\t<div class=\"article__inner\">\n\t\t\t\t\t\t\t<div class=\"article__image\">\n\t\t\t\t\t\t\t\t<img loading=\"lazy\" decoding=\"async\" sizes=\"auto, (max-width: 300px) 100vw, 300px\" width=\"300\" height=\"169\" src=\"https:\/\/villa-albertine.org\/wp-content\/uploads\/2024\/10\/elisa-gehin.webp\"\n\t\t\t\t\t\t\t\t\t  class=\"attachment-medium size-medium wp-post-image\">\n\t\t\t\t\t\t\t<\/div>\n\t\t\t\t\t\t\t<div class=\"article__content\">\n\t\t\t\t\t\t\t\t<div class=\"article__head\">\n\t\t\t\t\t\t\t\t\t<h3 style=\"margin-bottom: 0px\">Elisa G\u00e9hin<\/h3>\n\t\t\t\t\t\t\t\t<\/div><!-- \/.article__head -->\n\t\t\t\t\t\t\t\t<div class=\"article__excerpt\" style=\"display: block\">\n\t\t\t\t\t\t\t\t\t<p>\n\t\t\t\t\t\t\t\t\t\t\t\t\t\t\t\t\t\t\t\tWith appearances at schools and the Museum of Science, Boston\t\t\t\t\t\t\t\t\t\t\t\t\t\t\t\t\t\t\t\t<br>October 31 to November 2\t\t\t\t\t\t\t\t\t<\/p>\n\n\t\t\t\t\t\t\t\t<\/div><!-- \/.article__excerpt -->\n\t\t\t\t\t\t\t\t<a class=\"seemore\" id=\"more1997\" onclick=\"toggleDescs(1997);\">See more<\/a>\n\t\t\t\t\t\t\t\t<div class=\"description\" style=\"display: none;\">\n\t\t\t\t\t\t\t\t\t<p>\n\t\t\t\t\t\t\t\t\t\t<p>A renowned illustrator of children&#8217;s books, Elisa G\u00e9hin works in full color, playing with shapes, gravity, and ordinary objects. In addition to her many published books, she has extensive experience in hosting workshops on themes ranging from the environment to architecture. Silk-screen printing, collages, paintings, and stamp engravings are just some of the mediums she uses to pass on her art to youngsters.<\/p>\n<p>&nbsp;<\/p>\n<p><strong><em>Children&#8217;s Workshops.<\/em><\/strong><br \/>\n<strong>October 31, at an American Public School, MA.<\/strong><\/p>\n<p>Not open to the public.<\/p>\n<p><strong><em>Children&#8217;s Workshops.<\/em><\/strong><br \/>\n<strong>November 1, at Ecole Fran\u00e7aise de Boston, Watertown MA.<\/strong><\/p>\n<p>Not open to the public.<\/p>\n<p><strong><em>Children&#8217;s Workshops<\/em><\/strong><br \/>\n<strong>November 2, 1:30 \u2013 3:30 pm at the Museum of Science, Boston MA.<\/strong><\/p>\n<p><strong>Open to the public.<\/strong><\/p>\n<p>On a roll of paper unrolled like a tapestry, children tried out pencils and their bright colors. They were then invited to test the plasticity of the tool by adding water. Puddles and drips followed the drawing. The vividness of the colors was put to the test of water and its transparency.<\/p>\n<p>This workshop was aimed at children aged 4 to 7, and was part of the <a href=\"https:\/\/villa-albertine.org\/va\/events\/powers-of-water\/\">Power(s) of Water festival<\/a>.<\/p>\n\t\t\t\t\t\t\t\t\t<\/p>\n\t\t\t\t\t\t\t\t<\/div>\n\t\t\t\t\t\t\t<\/div><!-- \/.article__content -->\n\t\t\t\t\t\t<\/div>\n\t\t\t\t\t<\/div>\n\t\t\t\t<\/div>\n\t\t\t\t\t\t<\/div>\n<\/div>\n<script>\n   function toggleDescs(rand) {\n\t  if (jQuery('#item_' + rand + ' .description').attr(\"style\") == \"display: none;\") {\n\t\t jQuery('#items_2524 .articles__item .description').each(function () {\n\t\t\tjQuery(this).hide(\"slow\");\n\t\t });\n\t\t jQuery('#items_2524 .articles__item a.seemore').each(function () {\n\t\t\tjQuery(this).html(\"See more\");\n\t\t });\n\t\t jQuery('#items_2524 .articles__item').each(function () {\n\t\t\tjQuery(this).removeClass('on');\n\t\t });\n\t\t jQuery('#item_' + rand).addClass(\"on\");\n\t\t jQuery('#item_' + rand + ' .description').show(\"slow\");\n\t\t jQuery('#more' + rand).html(\"See less\");\n\t  } else {\n\t\t jQuery('#item_' + rand + ' .articles__item').removeClass(\"off\");\n\t\t jQuery('#item_' + rand + ' .description').hide(\"slow\");\n\t\t jQuery('#more' + rand).html(\"See more\");\n\t  }\n   }\n<\/script>\n<style>\n   div.articles__item.on .article-small .article__image,\n   .article-small .article__image:hover,\n   .article-small .article__image > img:hover {\n\t  filter: grayscale(0%);\n   }\n\n<\/style>\n","protected":false},"featured_media":818784,"menu_order":0,"template":"","app_discipline":[213],"app_city_tax":[214],"app_event_type":[237],"class_list":["post-798078","app_event","type-app_event","status-publish","has-post-thumbnail","hentry","app_discipline-literature","app_city_tax-bos","app_event_type-festival"],"acf":[],"yoast_head":"<!-- This site is optimized with the Yoast SEO plugin v27.3 - https:\/\/yoast.com\/product\/yoast-seo-wordpress\/ -->\n<title>Celebrating Best-Selling French Authors at the French Book Festival - Villa Albertine<\/title>\n<meta name=\"robots\" content=\"index, follow, max-snippet:-1, max-image-preview:large, max-video-preview:-1\" \/>\n<link rel=\"canonical\" href=\"https:\/\/villa-albertine.org\/va\/events\/meet-best-selling-french-authors-at-the-french-book-festival\/\" \/>\n<meta property=\"og:locale\" content=\"en_US\" \/>\n<meta property=\"og:type\" content=\"article\" \/>\n<meta property=\"og:title\" content=\"Celebrating Best-Selling French Authors at the French Book Festival - Villa Albertine\" \/>\n<meta property=\"og:description\" content=\"In partnership with the Consulat General of France in Boston, the French Library, and the Boston Book Festival, with the support of Institut fran\u00e7ais of Paris. At the French Book Festival, six prominent French authors brought their diverse talents and perspectives to the stage, engaging audiences with a variety of discussions, workshops, and book presentations....\" \/>\n<meta property=\"og:url\" content=\"https:\/\/villa-albertine.org\/va\/events\/meet-best-selling-french-authors-at-the-french-book-festival\/\" \/>\n<meta property=\"og:site_name\" content=\"Villa Albertine\" \/>\n<meta property=\"article:modified_time\" content=\"2025-02-18T18:29:28+00:00\" \/>\n<meta property=\"og:image\" content=\"https:\/\/villa-albertine.org\/wp-content\/uploads\/2024\/10\/Illustration-auteurs-FBF-1_page-0001.jpg\" \/>\n\t<meta property=\"og:image:width\" content=\"1650\" \/>\n\t<meta property=\"og:image:height\" content=\"1102\" \/>\n\t<meta property=\"og:image:type\" content=\"image\/jpeg\" \/>\n<meta name=\"twitter:card\" content=\"summary_large_image\" \/>\n<meta name=\"twitter:label1\" content=\"Est. reading time\" \/>\n\t<meta name=\"twitter:data1\" content=\"2 minutes\" \/>\n<script type=\"application\/ld+json\" class=\"yoast-schema-graph\">{\"@context\":\"https:\\\/\\\/schema.org\",\"@graph\":[{\"@type\":\"WebPage\",\"@id\":\"https:\\\/\\\/villa-albertine.org\\\/va\\\/events\\\/meet-best-selling-french-authors-at-the-french-book-festival\\\/\",\"url\":\"https:\\\/\\\/villa-albertine.org\\\/va\\\/events\\\/meet-best-selling-french-authors-at-the-french-book-festival\\\/\",\"name\":\"Celebrating Best-Selling French Authors at the French Book Festival - Villa Albertine\",\"isPartOf\":{\"@id\":\"https:\\\/\\\/villa-albertine.org\\\/va\\\/#website\"},\"primaryImageOfPage\":{\"@id\":\"https:\\\/\\\/villa-albertine.org\\\/va\\\/events\\\/meet-best-selling-french-authors-at-the-french-book-festival\\\/#primaryimage\"},\"image\":{\"@id\":\"https:\\\/\\\/villa-albertine.org\\\/va\\\/events\\\/meet-best-selling-french-authors-at-the-french-book-festival\\\/#primaryimage\"},\"thumbnailUrl\":\"https:\\\/\\\/villa-albertine.org\\\/wp-content\\\/uploads\\\/2024\\\/10\\\/Illustration-auteurs-FBF-1_page-0001.jpg\",\"datePublished\":\"2024-10-03T21:34:41+00:00\",\"dateModified\":\"2025-02-18T18:29:28+00:00\",\"breadcrumb\":{\"@id\":\"https:\\\/\\\/villa-albertine.org\\\/va\\\/events\\\/meet-best-selling-french-authors-at-the-french-book-festival\\\/#breadcrumb\"},\"inLanguage\":\"en-US\",\"potentialAction\":[{\"@type\":\"ReadAction\",\"target\":[\"https:\\\/\\\/villa-albertine.org\\\/va\\\/events\\\/meet-best-selling-french-authors-at-the-french-book-festival\\\/\"]}]},{\"@type\":\"ImageObject\",\"inLanguage\":\"en-US\",\"@id\":\"https:\\\/\\\/villa-albertine.org\\\/va\\\/events\\\/meet-best-selling-french-authors-at-the-french-book-festival\\\/#primaryimage\",\"url\":\"https:\\\/\\\/villa-albertine.org\\\/wp-content\\\/uploads\\\/2024\\\/10\\\/Illustration-auteurs-FBF-1_page-0001.jpg\",\"contentUrl\":\"https:\\\/\\\/villa-albertine.org\\\/wp-content\\\/uploads\\\/2024\\\/10\\\/Illustration-auteurs-FBF-1_page-0001.jpg\",\"width\":1650,\"height\":1102},{\"@type\":\"BreadcrumbList\",\"@id\":\"https:\\\/\\\/villa-albertine.org\\\/va\\\/events\\\/meet-best-selling-french-authors-at-the-french-book-festival\\\/#breadcrumb\",\"itemListElement\":[{\"@type\":\"ListItem\",\"position\":1,\"name\":\"Home\",\"item\":\"https:\\\/\\\/villa-albertine.org\\\/va\\\/\"},{\"@type\":\"ListItem\",\"position\":2,\"name\":\"Celebrating Best-Selling French Authors at the French Book Festival\"}]},{\"@type\":\"WebSite\",\"@id\":\"https:\\\/\\\/villa-albertine.org\\\/va\\\/#website\",\"url\":\"https:\\\/\\\/villa-albertine.org\\\/va\\\/\",\"name\":\"Villa Albertine\",\"description\":\"\",\"potentialAction\":[{\"@type\":\"SearchAction\",\"target\":{\"@type\":\"EntryPoint\",\"urlTemplate\":\"https:\\\/\\\/villa-albertine.org\\\/va\\\/?s={search_term_string}\"},\"query-input\":{\"@type\":\"PropertyValueSpecification\",\"valueRequired\":true,\"valueName\":\"search_term_string\"}}],\"inLanguage\":\"en-US\"}]}<\/script>\n<!-- \/ Yoast SEO plugin. -->","yoast_head_json":{"title":"Celebrating Best-Selling French Authors at the French Book Festival - Villa Albertine","robots":{"index":"index","follow":"follow","max-snippet":"max-snippet:-1","max-image-preview":"max-image-preview:large","max-video-preview":"max-video-preview:-1"},"canonical":"https:\/\/villa-albertine.org\/va\/events\/meet-best-selling-french-authors-at-the-french-book-festival\/","og_locale":"en_US","og_type":"article","og_title":"Celebrating Best-Selling French Authors at the French Book Festival - Villa Albertine","og_description":"In partnership with the Consulat General of France in Boston, the French Library, and the Boston Book Festival, with the support of Institut fran\u00e7ais of Paris. At the French Book Festival, six prominent French authors brought their diverse talents and perspectives to the stage, engaging audiences with a variety of discussions, workshops, and book presentations....","og_url":"https:\/\/villa-albertine.org\/va\/events\/meet-best-selling-french-authors-at-the-french-book-festival\/","og_site_name":"Villa Albertine","article_modified_time":"2025-02-18T18:29:28+00:00","og_image":[{"width":1650,"height":1102,"url":"https:\/\/villa-albertine.org\/wp-content\/uploads\/2024\/10\/Illustration-auteurs-FBF-1_page-0001.jpg","type":"image\/jpeg"}],"twitter_card":"summary_large_image","twitter_misc":{"Est. reading time":"2 minutes"},"schema":{"@context":"https:\/\/schema.org","@graph":[{"@type":"WebPage","@id":"https:\/\/villa-albertine.org\/va\/events\/meet-best-selling-french-authors-at-the-french-book-festival\/","url":"https:\/\/villa-albertine.org\/va\/events\/meet-best-selling-french-authors-at-the-french-book-festival\/","name":"Celebrating Best-Selling French Authors at the French Book Festival - Villa Albertine","isPartOf":{"@id":"https:\/\/villa-albertine.org\/va\/#website"},"primaryImageOfPage":{"@id":"https:\/\/villa-albertine.org\/va\/events\/meet-best-selling-french-authors-at-the-french-book-festival\/#primaryimage"},"image":{"@id":"https:\/\/villa-albertine.org\/va\/events\/meet-best-selling-french-authors-at-the-french-book-festival\/#primaryimage"},"thumbnailUrl":"https:\/\/villa-albertine.org\/wp-content\/uploads\/2024\/10\/Illustration-auteurs-FBF-1_page-0001.jpg","datePublished":"2024-10-03T21:34:41+00:00","dateModified":"2025-02-18T18:29:28+00:00","breadcrumb":{"@id":"https:\/\/villa-albertine.org\/va\/events\/meet-best-selling-french-authors-at-the-french-book-festival\/#breadcrumb"},"inLanguage":"en-US","potentialAction":[{"@type":"ReadAction","target":["https:\/\/villa-albertine.org\/va\/events\/meet-best-selling-french-authors-at-the-french-book-festival\/"]}]},{"@type":"ImageObject","inLanguage":"en-US","@id":"https:\/\/villa-albertine.org\/va\/events\/meet-best-selling-french-authors-at-the-french-book-festival\/#primaryimage","url":"https:\/\/villa-albertine.org\/wp-content\/uploads\/2024\/10\/Illustration-auteurs-FBF-1_page-0001.jpg","contentUrl":"https:\/\/villa-albertine.org\/wp-content\/uploads\/2024\/10\/Illustration-auteurs-FBF-1_page-0001.jpg","width":1650,"height":1102},{"@type":"BreadcrumbList","@id":"https:\/\/villa-albertine.org\/va\/events\/meet-best-selling-french-authors-at-the-french-book-festival\/#breadcrumb","itemListElement":[{"@type":"ListItem","position":1,"name":"Home","item":"https:\/\/villa-albertine.org\/va\/"},{"@type":"ListItem","position":2,"name":"Celebrating Best-Selling French Authors at the French Book Festival"}]},{"@type":"WebSite","@id":"https:\/\/villa-albertine.org\/va\/#website","url":"https:\/\/villa-albertine.org\/va\/","name":"Villa Albertine","description":"","potentialAction":[{"@type":"SearchAction","target":{"@type":"EntryPoint","urlTemplate":"https:\/\/villa-albertine.org\/va\/?s={search_term_string}"},"query-input":{"@type":"PropertyValueSpecification","valueRequired":true,"valueName":"search_term_string"}}],"inLanguage":"en-US"}]}},"_links":{"self":[{"href":"https:\/\/villa-albertine.org\/va\/wp-json\/wp\/v2\/app_event\/798078","targetHints":{"allow":["GET"]}}],"collection":[{"href":"https:\/\/villa-albertine.org\/va\/wp-json\/wp\/v2\/app_event"}],"about":[{"href":"https:\/\/villa-albertine.org\/va\/wp-json\/wp\/v2\/types\/app_event"}],"wp:featuredmedia":[{"embeddable":true,"href":"https:\/\/villa-albertine.org\/va\/wp-json\/wp\/v2\/media\/818784"}],"wp:attachment":[{"href":"https:\/\/villa-albertine.org\/va\/wp-json\/wp\/v2\/media?parent=798078"}],"wp:term":[{"taxonomy":"app_discipline","embeddable":true,"href":"https:\/\/villa-albertine.org\/va\/wp-json\/wp\/v2\/app_discipline?post=798078"},{"taxonomy":"app_city_tax","embeddable":true,"href":"https:\/\/villa-albertine.org\/va\/wp-json\/wp\/v2\/app_city_tax?post=798078"},{"taxonomy":"app_event_type","embeddable":true,"href":"https:\/\/villa-albertine.org\/va\/wp-json\/wp\/v2\/app_event_type?post=798078"}],"curies":[{"name":"wp","href":"https:\/\/api.w.org\/{rel}","templated":true}]}}