{"id":758794,"date":"2024-09-09T19:17:29","date_gmt":"2024-09-09T19:17:29","guid":{"rendered":"https:\/\/villa-albertine.org\/?post_type=app_event&#038;p=758794"},"modified":"2024-10-22T18:43:44","modified_gmt":"2024-10-22T18:43:44","slug":"tv5monde-program-highlights-september-2024","status":"publish","type":"app_event","link":"https:\/\/villa-albertine.org\/va\/events\/tv5monde-program-highlights-september-2024\/","title":{"rendered":"TV5MONDE Program Highlights \u2013 September 2024"},"content":{"rendered":"\n<p>Throughout August, the international French-language network TV5 Monde offers a rich lineup of entertaining films, series, and variety shows.<\/p>\n\n\n\n<p>Discover our round-up of the must-see programs this month below. <\/p>\n\n\n\n<p><\/p>\n\n\n\n<h1 class=\"wp-block-heading\"><span style=\"text-decoration: underline;\">TV5 Monde<\/span><\/h1>\n\n\n\n<p><strong>Special event:<\/strong><\/p>\n\n\n\n<p><strong>Festival du film francophone d\u2019Angoul\u00eame \u2013 C\u00e9r\u00e9monie de cl\u00f4ture\u2014September 5 at 11:30pm ET\/8:30pm PT<\/strong><\/p>\n\n\n\n<p>In celebration of the 19th Francophonie Summit, the closing ceremony for the Festival du Film Francophone d&#8217;Angoul\u00eame. Under the presidency of actress and director Kristin Scott Thomas this 17th festival, held from 27 August to 1st September 2024, offered an opportunity to pay tribute to the Moroccan film industry.<\/p>\n\n\n\n<p><strong>Genre<\/strong>: Awards Ceremony (France, 2024)<\/p>\n\n\n\n<p><\/p>\n\n\n\n<h2 class=\"wp-block-heading\"><span style=\"text-decoration: underline;\">Films<\/span><\/h2>\n\n\n\n<p><strong>La ligne droite<\/strong>\u2014September 5 at 8:30pm ET\/5:30pm PT<\/p>\n\n\n\n<p>(English ST)<\/p>\n\n\n\n<p>In celebration of the Paralympics <\/p>\n\n\n\n<p>When Le\u00efla leaves prison, she meets Yannick, an athlete who has just lost his sight. Running is the only discipline that he can still practice, with someone to guide him during training. Le\u00efla, a former, top-level athlete, decides to help him.<\/p>\n\n\n\n<p><strong>Director<\/strong>: R\u00e9gis Wargnier (France, 2010)<br><strong>Cast<\/strong>: Rachida Brakni, Cyril Descours, Cl\u00e9mentine C\u00e9lari\u00e9<br><strong>Genre<\/strong>: Drama<\/p>\n\n\n\n<p><\/p>\n\n\n\n<p><strong>La voie royale<\/strong>\u2014 September 8 at 8:30pm ET\/5:30pm PT (English ST)<\/p>\n\n\n\n<p>Encouraged by her math teacher, a brilliant student leaves the family farm to attend a preparatory science class.<\/p>\n\n\n\n<p><strong>Director<\/strong>: Fr\u00e9d\u00e9ric Mermoud (France, Switzerland, 2023)<br><strong>Cast<\/strong>: Suzanne Jouannet, Marie Colomb, Maud Wyler<br><strong>Genre<\/strong>: Drama<br><strong>Awards<\/strong>: 2024 C\u00e9sar Awards Most Promising Actress Nominee<\/p>\n\n\n\n<p><\/p>\n\n\n\n<p><strong>Harragas<\/strong>\u2014September 26 at 8:30pm ET\/5:30pm PT (English ST)<\/p>\n\n\n\n<p>In celebration of the 19th Francophonie Summit<\/p>\n\n\n\n<p>Also streaming on TV5MONDEplus beginning September 4<\/p>\n\n\n\n<p>The scene is Mostaganem, on the Algerian coast. This is the story of a group preparing to illegally cross the Mediterranean to try and reach Spain, which they see as an open door to the European Eldorado. Hassan, a people smuggler, sets about training ten &#8221;illegals&#8221; from southern Algeria.<\/p>\n\n\n\n<p><strong>Director<\/strong>: Merzak Allouache (France, Algeria, 2009)<br><strong>Cast:<\/strong> Nabil Asli, Seddik Benyagoub, Mohamed Takerret<br><strong>Genre:<\/strong> Drama<br><strong>Awards<\/strong>: 2009 Dubai Film Festival FIPRESCI Prize, Muhr Arab Special Jury Prize, and Human Rights Film Network Award; 2009 Valencia Mostra Golden Palm Tree Winner<\/p>\n\n\n\n<p><strong>Perdrix<\/strong>\u2014September 29 at 8:30pm ET\/5:30pm PT (English ST)<\/p>\n\n\n\n<p>In celebration of the 19th Francophonie Summit Also streaming on <a href=\"https:\/\/www.tv5mondeplus.com\/en\/cinema\/comedie\/perdrix\" data-type=\"link\" data-id=\"https:\/\/www.tv5mondeplus.com\/en\/cinema\/comedie\/perdrix\">TV5MONDEplus<\/a>: <\/p>\n\n\n\n<p>Pierre Perdrix has been enjoying an enchanted though restless existence since the enigmatic Juliette Webb burst into his life. A stranger who landed in his family&#8217;s unique world like a meteorite, and who by her presence alone will force this tight-knit microcosm to redefine their boundaries and, finally begin to fully live their lives.<\/p>\n\n\n\n<p><strong>Director<\/strong>: Erwan Le Duc (France, 2019)<br><strong>Cast<\/strong>: Swann Arlaud, Maud Wyler, Fanny Ardant, Nicolas Maury<br><strong>Genre<\/strong>: Comedy<br><strong>Awards<\/strong>: 2019 Bayard d\u2019Or for Best First Work, The Festival International du Film Francophone de Namur<\/p>\n\n\n\n<p><\/p>\n\n\n\n<h2 class=\"wp-block-heading\"><span style=\"text-decoration: underline;\"><span style=\"text-decoration: underline;\">Series<\/span><\/span><\/h2>\n\n\n\n<p><strong>Tout pour Agn\u00e8s<\/strong>\u2014September 10 &amp; 17 at 11:30pm ET\/8:30pm PT (French ST)<\/p>\n\n\n\n<p>Season 1 premiere<\/p>\n\n\n\n<p>Ren\u00e9e Le Roux runs the Palais de la M\u00e9dit\u00e9rran\u00e9e, one of France&#8217;s leading casinos, with an iron fist. It may be an institution but it is in trouble, ruined by poor management and under attack from the competition.<\/p>\n\n\n\n<p>Ren\u00e9e Le Roux has taken over as manager of the Palais. But when she refuses to appoint him general director, Maurice Agnelet vows revenge. He then sets out to win the heart of her daughter Agn\u00e8s, she&#8217;s already in love with him and he knows it!<\/p>\n\n\n\n<p>\u00b7Agn\u00e8s Le Roux is missing, and no-one has seen her for four months. When Ren\u00e9e Le Roux raises the alarm, the police find a mysterious farewell note in the young woman&#8217;s flat that gives the impression she&#8217;s committed suicide. But her mother refuses to believe it.<\/p>\n\n\n\n<p>The years pass and the investigation stagnates. Only Ren\u00e9e Le Roux continues the fight to discover the truth about Agn\u00e8s&#8217;s death. Found guilty in the financial chapter of the case, Maurice Agnelet finds himself in prison.<\/p>\n\n\n\n<p>Director: Vincent Garenq (France, 2023)<br>Cast: Mich\u00e8le Laroque, Marie Zabukovec, Yannick Choirat, Christophe Favre<br>Genre: Drama<\/p>\n\n\n\n<p><\/p>\n\n\n\n<h2 class=\"wp-block-heading\"><span style=\"text-decoration: underline;\"><span style=\"text-decoration: underline;\">Documentaries<\/span><\/span><\/h2>\n\n\n\n<p><strong>Jean de la Fontaine, l\u2019homme qui aimait les fables<\/strong>\u2014September 9 at 3:00pm ET\/12:00pm PT (English ST)<\/p>\n\n\n\n<p>In celebration of the 19th Francophonie Summit<\/p>\n\n\n\n<p>Readers seemingly never tire of the gaiety and modernity of the &#8221;Fables&#8221; by Jean de La Fontaine (1621-1695). Updated in 1668, these texts have always been illustrated by artists, with striking images which help reveal the fable writer\u2019s personality.<\/p>\n\n\n\n<p>Director: Pascale Bouh\u00e9nic (France, 2021)<br>Genre: Documentary, culture<\/p>\n\n\n\n<p><\/p>\n\n\n\n<p><strong>Demain l&#8217;Afrique<\/strong>\u2014September 11 at 3:00pm ET\/12:00pm PT (English ST)<\/p>\n\n\n\n<p>In celebration of the 19th Francophonie Summit<\/p>\n\n\n\n<p>Raed Hammoud explores Dakar, Senegal, a city that combines elegance and hospitality. An opportunity to meet circus trainers and surfers, working to help the youngsters living on the streets. He also enjoys an opportunity to chat to artists, a rapper, and a designer, fascinated by Senegalese culture.<\/p>\n\n\n\n<p>Director: Guillaume Beaudoin (Canada, 2023)<br>Host: Raed Hammoud<br>Genre: Documentary, travel<\/p>\n\n\n\n<p><\/p>\n\n\n\n<p><strong>Azzedine Ala\u00efa, un couturier fran\u00e7ais<\/strong>\u2014September 24 at 3:00pm ET\/12:00pm PT (English ST)<\/p>\n\n\n\n<p>In celebration of 50 years of Paris Fashion Week<\/p>\n\n\n\n<p>From his birthplace of Tunisia to the Parisian Marais, where he set up his fashion house and workshops, the exceptional career of Azzedine Ala\u00efa (1935-2017), a farmer&#8217;s son who became a great French couturier. A look back at his formative years and triumph, in the 1980s, thanks to figure-hugging outfits.<\/p>\n\n\n\n<p>Director: Olivier Nicklaus (France, 2021)<br>Genre: Documentary, fashion<\/p>\n\n\n\n<p><\/p>\n\n\n\n<p><strong>Paris, Capitale de la mode ! 50 ans de fashion week !<\/strong>\u2014September 25 at 8:30pm ET\/5:30pm PT (English ST)<\/p>\n\n\n\n<p>In celebration of 50 years of Paris Fashion Week<\/p>\n\n\n\n<p>Also streaming on TV5MONDEplus beginning September 4<\/p>\n\n\n\n<p>2024 marks the fiftieth anniversary of Paris Fashion Week. We look back at half a century of creativity since Kenzo and Rykiel&#8217;s arrival in the 1970s, including the rise of Gaultier, Lacroix, Mugler, and Lagerfeld in the 1980s&#8230; An event now accessible to everyone thanks to social networks. Directed and narrated by renowned fashion documentary filmmaker and journalist, Lo\u00efc Prigent.<\/p>\n\n\n\n<p>Director: Lo\u00efc Prigent (France, 2024)<br>Genre: Documentary, fashion<\/p>\n\n\n\n<p><\/p>\n\n\n\n<h1 class=\"wp-block-heading\"><span style=\"text-decoration: underline;\">TV5 Monde Plus<\/span><\/h1>\n\n\n\n<h2 class=\"wp-block-heading\"><span style=\"text-decoration: underline;\">Films<\/span><\/h2>\n\n\n\n<p><strong>Les Cyclades<\/strong>\u2014Streaming beginning September 4 (English ST)<\/p>\n\n\n\n<p>As teenagers, Blandine and Magalie were inseparable. When they meet again, several years later, they decide to finally take the trip they&#8217;d always dreamed of: to Greece! The only problem is that the two former friends now have very different approaches to life&#8230; and holidays!<\/p>\n\n\n\n<p>Director: Marc Fitoussi (France, 2022)<br>Cast: Laure Calamy, Olivia C\u00f4te, Kristin Scott Thomas<br>Genre: Comedy<\/p>\n\n\n\n<p><\/p>\n\n\n\n<p><strong>Les algues vertes<\/strong>\u2014Streaming beginning September 4 (English ST)<\/p>\n\n\n\n<p>Following the recent deaths of locals on beaches in Brittany, a reporter investigates the mystery surrounding algae that may have caused these tragic deaths.<\/p>\n\n\n\n<p>Director: Pierre Jolivet (France, 2023)<br>Cast: C\u00e9line Sallette, Nina Meurisse, Julie Ferrier<br>Genre: Drama, thriller<\/p>\n\n\n\n<p><\/p>\n\n\n\n<h2 class=\"wp-block-heading\"><span style=\"text-decoration: underline;\">Series<\/span><\/h2>\n\n\n\n<p><strong>D\u00e9lits mineurs<\/strong>\u2014 Streaming beginning September 4 (English ST)<\/p>\n\n\n\n<p>In celebration of the 19th Francophonie Summit<\/p>\n\n\n\n<p>Juvenile Court, Geneva. Three women, a judge, an educator and an inspector with contrasted methods try to help young people being pursued by the law. Everyone will have to take risks and make choices.<\/p>\n\n\n\n<p>Director: Nicole Borgeat (Switzerland, 2023)<br>Cast: No\u00e9mie Schmidt, Marie Gillain, Assa Sylla<br>Genre: Drama<\/p>\n\n\n\n<p><\/p>\n\n\n\n<p><strong>Chez Maupassant<\/strong>\u2014 Streaming Season 1 beginning September 4 (English ST)<\/p>\n\n\n\n<p>In celebration of the 19th Francophonie Summit<\/p>\n\n\n\n<p>A television anthology based on the short stories written by Guy de Maupassant.<\/p>\n\n\n\n<p>Director: Laurent Heynemann, G\u00e9rard Jourd&#8217;hui, Denis Malleval (France, 2007)<br>Cast: Marie-Anne Chazel, Fran\u00e7oise Gillard, Thomas Chabrol<br>Genre: Dramedy<\/p>\n\n\n\n<p><\/p>\n\n\n\n<p><strong>Les Pays d&#8217;en haut<\/strong>\u2014 <a href=\"https:\/\/www.tv5mondeplus.com\/en\/series-et-films-tv\/historique\/les-pays-d-en-haut\" data-type=\"link\" data-id=\"https:\/\/www.tv5mondeplus.com\/en\/series-et-films-tv\/historique\/les-pays-d-en-haut\">Now streaming<\/a> (English ST)<\/p>\n\n\n\n<p>In celebration of the 19th Francophonie Summit<\/p>\n\n\n\n<p>A journey to rural Quebec in the late 19th century against a backdrop of challenges posed by the colonisation of this faraway land, collusion between the church and politicians and the difficult living conditions of the day.<\/p>\n\n\n\n<p>Director: Sylvain Archambault (Canada, 2015)<br>Cast: Vincent Leclerc, Sarah-Jeanne Labrosse, Maxime Le Flaguais, Antoine Bertrand<br>Genre: Drama<\/p>\n\n\n\n<p><\/p>\n\n\n\n<p><strong>Trentenaires<\/strong>\u2014 <a href=\"https:\/\/www.tv5mondeplus.com\/en\/series-et-films-tv\/comedie-dramatique\/trentenaires\" data-type=\"link\" data-id=\"https:\/\/www.tv5mondeplus.com\/en\/series-et-films-tv\/comedie-dramatique\/trentenaires\">Now streaming<\/a> (English ST)<\/p>\n\n\n\n<p>In celebration of the 19th Francophonie Summit<\/p>\n\n\n\n<p>In Charleroi, we follow the adventures of a group of friends, bound by a shared trauma. Each faces the challenges of their generation, trying to keep their personal lives on an even keel.<\/p>\n\n\n\n<p>Director: Sylvain Archambault (Belgium, 2022)<br>Cast: Marie Diaby, Amandine Hinnekens, Carole Matagne<br>Genre: Dramedy<\/p>\n\n\n\n<p><\/p>\n\n\n\n<p><strong>La librairie francophone<\/strong>\u2014 <a href=\"https:\/\/www.tv5mondeplus.com\/en\/langue-francaise\/litterature\/la-librairie-francophone\" data-type=\"link\" data-id=\"https:\/\/www.tv5mondeplus.com\/en\/langue-francaise\/litterature\/la-librairie-francophone\">Now streaming<\/a><\/p>\n\n\n\n<p>In celebration of the 19th Francophonie Summit<\/p>\n\n\n\n<p>\u00b7 Authors and booksellers from France, Switzerland, Canada and Belgium discuss their top picks and the books making the news in their respective countries.<\/p>\n\n\n\n<p>Host: Emmanuel Kh\u00e9rad (France, 2022)<br>Genre: Literary series<\/p>\n\n\n\n<p><\/p>\n\n\n\n<p><strong>La\u00ebtitia<\/strong>\u2014 Streaming beginning September 4 (English ST)<\/p>\n\n\n\n<p>Two years after becoming the world Thai boxing champion, 28-year-old La\u00ebtitia Lambert prepares for her next fight, however, she\u2019s 12 kilos overweight. Filled with doubts, the single mother spends her life chasing her dreams.<\/p>\n\n\n\n<p>Director: Julie Talon (France, 2015)<br>Genre: Documentary, sport<\/p>\n\n\n\n<p><\/p>\n\n\n\n<p><strong>Destination francophonie<\/strong>\u2014 <a href=\"https:\/\/www.tv5mondeplus.com\/en\/category\/subcategory\/destination-francophonie\" data-type=\"link\" data-id=\"https:\/\/www.tv5mondeplus.com\/en\/category\/subcategory\/destination-francophonie\">Now streaming<\/a><\/p>\n\n\n\n<p>In celebration of the 19th Francophonie Summit<\/p>\n\n\n\n<p>\u00b7 A journey throughout the French-speaking world to explore every corner of the globe! In each country we meet francophones who present, in French, their culture, way of life and commitments. The programme also shines a spotlight on local projects that keep the French language alive, dynamic and constantly evolving.<\/p>\n\n\n\n<p>Host: Ivan Kabacoff (France, 2023)<br>Genre: Docuseries, travel<\/p>\n\n\n\n<p><\/p>\n\n\n\n<h2 class=\"wp-block-heading\"><span style=\"text-decoration: underline;\">TV5 Monde Cinema<\/span><\/h2>\n\n\n\n<p><strong>Theme: Female directors<\/strong><\/p>\n\n\n\n<p><strong>Merveilles \u00e0 Montfermeil<\/strong>\u2014 available beginning September 6 (English ST)<\/p>\n\n\n\n<p>After a long separation, a couple finally divorces, but both are on the staff of the newly elected mayor of Montfermeil, an underprivileged town on the outskirts of Paris.<\/p>\n\n\n\n<p>Director: Jeanne Balibar (2019)<br>Cast: Emmanuelle B\u00e9art, Ramzy Bedia, Jeanne Balibar<br>Genre: Comedy<\/p>\n\n\n\n<p><\/p>\n\n\n\n<p><strong>C&#8217;est \u00e7a l&#8217;amour<\/strong>\u2014 available beginning September 6 (English ST)<\/p>\n\n\n\n<p>A father must raise his two teenage daughters alone after his wife walks out.<\/p>\n\n\n\n<p>Director: Claire Burger (2019)<br>Cast: Bouli Lanners, Justine Lacroix, Sarah Henochsberg<br>Genre: Drama<\/p>\n\n\n\n<p><\/p>\n\n\n\n<p><strong>Robuste<\/strong>\u2014 available beginning September 6 (English ST)<\/p>\n\n\n\n<p>When his right-hand man and only mate goes away for a few weeks, an aging film star is given a substitute. The disillusioned actor and the young female security guard forge a special connection.<\/p>\n\n\n\n<p>Director: Constance Meyer (2022)<br>Cast: G\u00e9rard Depardieu, D\u00e9borah Lukumuena, Lucas Mortier<br>Genre: Dramedy<\/p>\n\n\n\n<p><\/p>\n\n\n\n<p><strong>Temps mort<\/strong>\u2014 available beginning September 13 (English ST)<\/p>\n\n\n\n<p>Three inmates are finally granted a weekend leave.<\/p>\n\n\n\n<p>Director: Eve Duchemin (2023)<br>Cast: Karim Leklou, Issaka Sawadogo, Jarod Cousyns<br>Genre: Drama<\/p>\n\n\n\n<p><\/p>\n\n\n\n<p><strong>\u00c7a ira mieux demain<\/strong>\u2014 available beginning September 13 (English ST)<\/p>\n\n\n\n<p>The unfortunate purchase of plastic wrap reveals the character and behavior of a small group of individuals caught up in the chaos of today&#8217;s society.<\/p>\n\n\n\n<p>Director: Jeanne Labrune (2000)<br>Cast: Nathalie Baye, Jeanne Balibar, Isabelle Carr\u00e9<br>Genre: Comedy<\/p>\n\n\n\n<p><\/p>\n\n\n\n<p><strong>Sages Femmes<\/strong>\u2014 available beginning September 20 (English ST)<\/p>\n\n\n\n<p>Two newly trained midwives are thrown into the challenges of everyday hospital life.<\/p>\n\n\n\n<p>Director: L\u00e9a Fehner (2023)<br>Cast: H\u00e9lo\u00efse Janjaud, Khadija Kouyat\u00e9, Myriem Akheddiou<br>Genre: Drama<\/p>\n\n\n\n<p><\/p>\n\n\n\n<p><strong>Victoria<\/strong>\u2014 available beginning September 20 (English ST)<\/p>\n\n\n\n<p>A criminal defense attorney on the verge of an emotional breakdown goes to a wedding where she runs into an old friend Vincent and her ex-husband.<\/p>\n\n\n\n<p>Director: Justine Triet (2016)<br>Cast: Virginie Efira, Vincent Lacoste, Melvil Poupaud<br>Genre: Dramedy<\/p>\n\n\n\n<p><\/p>\n\n\n\n<p><strong>Sur la branche<\/strong>\u2014 available beginning September 20 (English ST)<\/p>\n\n\n\n<p>A bipolar woman helps a lawyer threatened with disbarment by persuading him to represent a small-time crook.<\/p>\n\n\n\n<p>Director: Marie Garel-Weiss (2023)<br>Cast: Daphn\u00e9 Patakia, Beno\u00eet Poelvoorde, Agn\u00e8s Jaoui<br>Genre: Comedy<\/p>\n\n\n\n<p><\/p>\n\n\n\n<p><strong>Fragile<\/strong>\u2014 available beginning September 27 (English ST)<\/p>\n\n\n\n<p>An oyster farmer proposes to his girlfriend who says no and breaks up with him.<\/p>\n\n\n\n<p>Director: Emma Benestan (2021)<br>Cast: Yasin Houicha, Oulaya Amamra, Rapha\u00ebl Quenard<br>Genre: Romance<\/p>\n\n\n\n<p><\/p>\n\n\n\n<p><strong>Annie col\u00e8re<\/strong>\u2014 available beginning September 27 (English ST)<\/p>\n\n\n\n<p>A working mother of two teenagers becomes pregnant in the 1970s and decides to meet with a movement that performs illegal abortions.<\/p>\n\n\n\n<p>Director: Blandine Lenoir (2022)<br>Cast: Laure Calamy, Zita Hanrot, India Hair<br>Genre: Drama<\/p>\n","protected":false},"featured_media":758911,"menu_order":0,"template":"","app_discipline":[231,219],"app_city_tax":[235,221,214,223,222,216,224,217,225],"app_event_type":[239,313],"class_list":["post-758794","app_event","type-app_event","status-publish","has-post-thumbnail","hentry","app_discipline-audiovisual","app_discipline-cinema","app_city_tax-all-cities","app_city_tax-atl","app_city_tax-bos","app_city_tax-chi","app_city_tax-hou","app_city_tax-mia","app_city_tax-nola","app_city_tax-nyc","app_city_tax-sf","app_event_type-film","app_event_type-film-series"],"acf":[],"yoast_head":"<!-- This site is optimized with the Yoast SEO plugin v27.3 - https:\/\/yoast.com\/product\/yoast-seo-wordpress\/ -->\n<title>TV5MONDE Program Highlights \u2013 September 2024 - Villa Albertine<\/title>\n<meta name=\"robots\" content=\"index, follow, max-snippet:-1, max-image-preview:large, max-video-preview:-1\" \/>\n<link rel=\"canonical\" href=\"https:\/\/villa-albertine.org\/va\/events\/tv5monde-program-highlights-september-2024\/\" \/>\n<meta property=\"og:locale\" content=\"en_US\" \/>\n<meta property=\"og:type\" content=\"article\" \/>\n<meta property=\"og:title\" content=\"TV5MONDE Program Highlights \u2013 September 2024 - Villa Albertine\" \/>\n<meta property=\"og:description\" content=\"Throughout August, the international French-language network TV5 Monde offers a rich lineup of entertaining films, series, and variety shows. Discover our round-up of the must-see programs this month below. TV5 Monde Special event: Festival du film francophone d\u2019Angoul\u00eame \u2013 C\u00e9r\u00e9monie de cl\u00f4ture\u2014September 5 at 11:30pm ET\/8:30pm PT In celebration of the 19th Francophonie Summit, the...\" \/>\n<meta property=\"og:url\" content=\"https:\/\/villa-albertine.org\/va\/events\/tv5monde-program-highlights-september-2024\/\" \/>\n<meta property=\"og:site_name\" content=\"Villa Albertine\" \/>\n<meta property=\"article:modified_time\" content=\"2024-10-22T18:43:44+00:00\" \/>\n<meta property=\"og:image\" content=\"https:\/\/villa-albertine.org\/wp-content\/uploads\/2024\/09\/Victoria-Justine-Triet2.webp\" \/>\n\t<meta property=\"og:image:width\" content=\"1296\" \/>\n\t<meta property=\"og:image:height\" content=\"730\" \/>\n\t<meta property=\"og:image:type\" content=\"image\/webp\" \/>\n<meta name=\"twitter:card\" content=\"summary_large_image\" \/>\n<meta name=\"twitter:label1\" content=\"Est. reading time\" \/>\n\t<meta name=\"twitter:data1\" content=\"9 minutes\" \/>\n<script type=\"application\/ld+json\" class=\"yoast-schema-graph\">{\"@context\":\"https:\\\/\\\/schema.org\",\"@graph\":[{\"@type\":\"WebPage\",\"@id\":\"https:\\\/\\\/villa-albertine.org\\\/va\\\/events\\\/tv5monde-program-highlights-september-2024\\\/\",\"url\":\"https:\\\/\\\/villa-albertine.org\\\/va\\\/events\\\/tv5monde-program-highlights-september-2024\\\/\",\"name\":\"TV5MONDE Program Highlights \u2013 September 2024 - Villa Albertine\",\"isPartOf\":{\"@id\":\"https:\\\/\\\/villa-albertine.org\\\/va\\\/#website\"},\"primaryImageOfPage\":{\"@id\":\"https:\\\/\\\/villa-albertine.org\\\/va\\\/events\\\/tv5monde-program-highlights-september-2024\\\/#primaryimage\"},\"image\":{\"@id\":\"https:\\\/\\\/villa-albertine.org\\\/va\\\/events\\\/tv5monde-program-highlights-september-2024\\\/#primaryimage\"},\"thumbnailUrl\":\"https:\\\/\\\/villa-albertine.org\\\/wp-content\\\/uploads\\\/2024\\\/09\\\/Victoria-Justine-Triet2.webp\",\"datePublished\":\"2024-09-09T19:17:29+00:00\",\"dateModified\":\"2024-10-22T18:43:44+00:00\",\"breadcrumb\":{\"@id\":\"https:\\\/\\\/villa-albertine.org\\\/va\\\/events\\\/tv5monde-program-highlights-september-2024\\\/#breadcrumb\"},\"inLanguage\":\"en-US\",\"potentialAction\":[{\"@type\":\"ReadAction\",\"target\":[\"https:\\\/\\\/villa-albertine.org\\\/va\\\/events\\\/tv5monde-program-highlights-september-2024\\\/\"]}]},{\"@type\":\"ImageObject\",\"inLanguage\":\"en-US\",\"@id\":\"https:\\\/\\\/villa-albertine.org\\\/va\\\/events\\\/tv5monde-program-highlights-september-2024\\\/#primaryimage\",\"url\":\"https:\\\/\\\/villa-albertine.org\\\/wp-content\\\/uploads\\\/2024\\\/09\\\/Victoria-Justine-Triet2.webp\",\"contentUrl\":\"https:\\\/\\\/villa-albertine.org\\\/wp-content\\\/uploads\\\/2024\\\/09\\\/Victoria-Justine-Triet2.webp\",\"width\":1296,\"height\":730,\"caption\":\"Victoria by Justine Triet\"},{\"@type\":\"BreadcrumbList\",\"@id\":\"https:\\\/\\\/villa-albertine.org\\\/va\\\/events\\\/tv5monde-program-highlights-september-2024\\\/#breadcrumb\",\"itemListElement\":[{\"@type\":\"ListItem\",\"position\":1,\"name\":\"Home\",\"item\":\"https:\\\/\\\/villa-albertine.org\\\/va\\\/\"},{\"@type\":\"ListItem\",\"position\":2,\"name\":\"TV5MONDE Program Highlights \u2013 September 2024\"}]},{\"@type\":\"WebSite\",\"@id\":\"https:\\\/\\\/villa-albertine.org\\\/va\\\/#website\",\"url\":\"https:\\\/\\\/villa-albertine.org\\\/va\\\/\",\"name\":\"Villa Albertine\",\"description\":\"\",\"potentialAction\":[{\"@type\":\"SearchAction\",\"target\":{\"@type\":\"EntryPoint\",\"urlTemplate\":\"https:\\\/\\\/villa-albertine.org\\\/va\\\/?s={search_term_string}\"},\"query-input\":{\"@type\":\"PropertyValueSpecification\",\"valueRequired\":true,\"valueName\":\"search_term_string\"}}],\"inLanguage\":\"en-US\"}]}<\/script>\n<!-- \/ Yoast SEO plugin. -->","yoast_head_json":{"title":"TV5MONDE Program Highlights \u2013 September 2024 - Villa Albertine","robots":{"index":"index","follow":"follow","max-snippet":"max-snippet:-1","max-image-preview":"max-image-preview:large","max-video-preview":"max-video-preview:-1"},"canonical":"https:\/\/villa-albertine.org\/va\/events\/tv5monde-program-highlights-september-2024\/","og_locale":"en_US","og_type":"article","og_title":"TV5MONDE Program Highlights \u2013 September 2024 - Villa Albertine","og_description":"Throughout August, the international French-language network TV5 Monde offers a rich lineup of entertaining films, series, and variety shows. Discover our round-up of the must-see programs this month below. TV5 Monde Special event: Festival du film francophone d\u2019Angoul\u00eame \u2013 C\u00e9r\u00e9monie de cl\u00f4ture\u2014September 5 at 11:30pm ET\/8:30pm PT In celebration of the 19th Francophonie Summit, the...","og_url":"https:\/\/villa-albertine.org\/va\/events\/tv5monde-program-highlights-september-2024\/","og_site_name":"Villa Albertine","article_modified_time":"2024-10-22T18:43:44+00:00","og_image":[{"width":1296,"height":730,"url":"https:\/\/villa-albertine.org\/wp-content\/uploads\/2024\/09\/Victoria-Justine-Triet2.webp","type":"image\/webp"}],"twitter_card":"summary_large_image","twitter_misc":{"Est. reading time":"9 minutes"},"schema":{"@context":"https:\/\/schema.org","@graph":[{"@type":"WebPage","@id":"https:\/\/villa-albertine.org\/va\/events\/tv5monde-program-highlights-september-2024\/","url":"https:\/\/villa-albertine.org\/va\/events\/tv5monde-program-highlights-september-2024\/","name":"TV5MONDE Program Highlights \u2013 September 2024 - Villa Albertine","isPartOf":{"@id":"https:\/\/villa-albertine.org\/va\/#website"},"primaryImageOfPage":{"@id":"https:\/\/villa-albertine.org\/va\/events\/tv5monde-program-highlights-september-2024\/#primaryimage"},"image":{"@id":"https:\/\/villa-albertine.org\/va\/events\/tv5monde-program-highlights-september-2024\/#primaryimage"},"thumbnailUrl":"https:\/\/villa-albertine.org\/wp-content\/uploads\/2024\/09\/Victoria-Justine-Triet2.webp","datePublished":"2024-09-09T19:17:29+00:00","dateModified":"2024-10-22T18:43:44+00:00","breadcrumb":{"@id":"https:\/\/villa-albertine.org\/va\/events\/tv5monde-program-highlights-september-2024\/#breadcrumb"},"inLanguage":"en-US","potentialAction":[{"@type":"ReadAction","target":["https:\/\/villa-albertine.org\/va\/events\/tv5monde-program-highlights-september-2024\/"]}]},{"@type":"ImageObject","inLanguage":"en-US","@id":"https:\/\/villa-albertine.org\/va\/events\/tv5monde-program-highlights-september-2024\/#primaryimage","url":"https:\/\/villa-albertine.org\/wp-content\/uploads\/2024\/09\/Victoria-Justine-Triet2.webp","contentUrl":"https:\/\/villa-albertine.org\/wp-content\/uploads\/2024\/09\/Victoria-Justine-Triet2.webp","width":1296,"height":730,"caption":"Victoria by Justine Triet"},{"@type":"BreadcrumbList","@id":"https:\/\/villa-albertine.org\/va\/events\/tv5monde-program-highlights-september-2024\/#breadcrumb","itemListElement":[{"@type":"ListItem","position":1,"name":"Home","item":"https:\/\/villa-albertine.org\/va\/"},{"@type":"ListItem","position":2,"name":"TV5MONDE Program Highlights \u2013 September 2024"}]},{"@type":"WebSite","@id":"https:\/\/villa-albertine.org\/va\/#website","url":"https:\/\/villa-albertine.org\/va\/","name":"Villa Albertine","description":"","potentialAction":[{"@type":"SearchAction","target":{"@type":"EntryPoint","urlTemplate":"https:\/\/villa-albertine.org\/va\/?s={search_term_string}"},"query-input":{"@type":"PropertyValueSpecification","valueRequired":true,"valueName":"search_term_string"}}],"inLanguage":"en-US"}]}},"_links":{"self":[{"href":"https:\/\/villa-albertine.org\/va\/wp-json\/wp\/v2\/app_event\/758794","targetHints":{"allow":["GET"]}}],"collection":[{"href":"https:\/\/villa-albertine.org\/va\/wp-json\/wp\/v2\/app_event"}],"about":[{"href":"https:\/\/villa-albertine.org\/va\/wp-json\/wp\/v2\/types\/app_event"}],"wp:featuredmedia":[{"embeddable":true,"href":"https:\/\/villa-albertine.org\/va\/wp-json\/wp\/v2\/media\/758911"}],"wp:attachment":[{"href":"https:\/\/villa-albertine.org\/va\/wp-json\/wp\/v2\/media?parent=758794"}],"wp:term":[{"taxonomy":"app_discipline","embeddable":true,"href":"https:\/\/villa-albertine.org\/va\/wp-json\/wp\/v2\/app_discipline?post=758794"},{"taxonomy":"app_city_tax","embeddable":true,"href":"https:\/\/villa-albertine.org\/va\/wp-json\/wp\/v2\/app_city_tax?post=758794"},{"taxonomy":"app_event_type","embeddable":true,"href":"https:\/\/villa-albertine.org\/va\/wp-json\/wp\/v2\/app_event_type?post=758794"}],"curies":[{"name":"wp","href":"https:\/\/api.w.org\/{rel}","templated":true}]}}