{"id":7429304,"date":"2026-01-09T19:05:04","date_gmt":"2026-01-09T19:05:04","guid":{"rendered":"https:\/\/villa-albertine.org\/va\/?post_type=app_event&#038;p=7429304"},"modified":"2026-01-29T23:15:15","modified_gmt":"2026-01-29T23:15:15","slug":"tv5monde-program-highlights-january-2026","status":"publish","type":"app_event","link":"https:\/\/villa-albertine.org\/va\/events\/tv5monde-program-highlights-january-2026\/","title":{"rendered":"TV5MONDE Program Highlights \u2013 January 2026"},"content":{"rendered":"\n<p>Throughout January, the international French-language network TV5 Monde offers a rich lineup of entertaining films, series, and variety shows.<\/p>\n\n\n\n<p>Discover our round-up of the must-see programs this month below. <\/p>\n\n\n\n<p><\/p>\n\n\n\n<h1 class=\"wp-block-heading\"><span style=\"text-decoration: underline;\">TV5 Monde<\/span><\/h1>\n\n\n\n<h2 class=\"wp-block-heading\"><strong><u>Films<\/u><\/strong><\/h2>\n\n\n\n<p><strong>Le poulain<\/strong>\u2014 January 4 at 8:30pm ET\/5:30pm PT<br>In celebration of Swiss film director Alain Tanner, born December 6, 1929<br>Also streaming on <a href=\"https:\/\/www.tv5mondeplus.com\/en\/films\/comedie\/le-poulain\">TV5MONDE+<\/a> <br>(English ST)<\/p>\n\n\n\n<p>Twenty-five-year-old Arnaud Jaur\u00e8s knows nothing about politics. By chance, he joins the election campaign of a presidential candidate, working as assistant to Agn\u00e8s Karadzic, the Director of Communications. A woman of power and experience, she both attracts and fascinates him\u2026 Sparing him nothing, Agn\u00e8s teaches him all about campaign tactics.<\/p>\n\n\n\n<p><strong>Director<\/strong>: Mathieu Sapin (France, 2018)<br><strong>Cast<\/strong>: Alexandra Lamy, Finnegan Oldfield, Val\u00e9rie Karsenti, Philippe Katerine<br><strong>Genre<\/strong>: Comedy<\/p>\n\n\n\n<p><\/p>\n\n\n\n<p><strong>Viva Maria !<\/strong>\u2014 January 6 at 8:30pm ET\/5:30pm PT<br>Also streaming on <a href=\"https:\/\/www.tv5mondeplus.com\/en\/films\/comedie\/viva-maria\">TV5MONDE+<\/a><\/p>\n\n\n\n<p>In a fictional South American country in 1907, after the death of her father, an Irish terrorist, Maria joins a travelling music-hall show which offers her a place as a Parisian duettist. Her partner has the same first name as her. Together, they find themselves embroiled in a peasants&#8217; revolt.<\/p>\n\n\n\n<div class=\"wp-block-group\"><div class=\"wp-block-group__inner-container is-layout-constrained wp-block-group-is-layout-constrained\">\n<div class=\"wp-block-group is-vertical is-layout-flex wp-container-core-group-is-layout-8cf370e7 wp-block-group-is-layout-flex\">\n<p><strong>Director<\/strong>: Louis Malle (France, Italy, 1965) <br><strong>Cast<\/strong>: Jeanne Moreau, Brigitte Bardot, George Hamilton, Gregor von Rezzori<br><strong>Genre<\/strong>: Comedy<\/p>\n<\/div>\n\n\n\n<p><\/p>\n\n\n\n<p><strong>Un m\u00e9tier s\u00e9rieux<\/strong>\u2014 January 11 at 8:30pm ET\/5:30pm PT<br>(English ST)<\/p>\n<\/div><\/div>\n\n\n\n<p>Summer is over. A new school year dawns at the middle school and Pierre, Meriem, Fouad, Sophie, Sandrine, Alix, and Sofiane, a dedicated and close-knit group of teachers, are reunited. They are joined by Benjamin, a young, inexperienced substitute teacher who is quickly confronted with the trials and tribulations of his job. Through their interactions, he comes to find that the passion for teaching is still alive and well within this fragile institution.<\/p>\n\n\n\n<div class=\"wp-block-group is-vertical is-layout-flex wp-container-core-group-is-layout-8cf370e7 wp-block-group-is-layout-flex\">\n<div class=\"wp-block-group is-vertical is-layout-flex wp-container-core-group-is-layout-8cf370e7 wp-block-group-is-layout-flex\">\n<p><strong>Director<\/strong>: Thomas Lilti (2023)<br><strong>Cast<\/strong>: Vincent Lacoste, Fran\u00e7ois Cluzet, Ad\u00e8le Exarchopoulos, Louise Bourgoin, William Lebghil<br><strong>Genre<\/strong>: Dramedy<br><strong>Awards<\/strong>: Selected for the Vienna Francophone Film Festival (Austria, 2024), Tiantan Award at the BJIFF (China, 2024), selected out-of-competition at the San Sebastian International Film Festival (Spain, 2023)<\/p>\n<\/div>\n<\/div>\n\n\n\n<div class=\"wp-block-group is-vertical is-layout-flex wp-container-core-group-is-layout-8cf370e7 wp-block-group-is-layout-flex\">\n<p><\/p>\n\n\n\n<p><strong>Taj Mahal<\/strong>\u2014 January 13 at 8:30pm ET\/5:30pm PT<br>(English ST)<\/p>\n<\/div>\n\n\n\n<p>November 2008. Louise&#8217;s father has been transferred to India. The family is staying at the Taj Mahal, a palace in Bombay. One evening, Louise is alone in her room: her parents are out for dinner. Strange noises echo through the corridors. She quickly realizes that it is a terrorist attack.<\/p>\n\n\n\n<div class=\"wp-block-group is-vertical is-layout-flex wp-container-core-group-is-layout-8cf370e7 wp-block-group-is-layout-flex\">\n<div class=\"wp-block-group is-vertical is-layout-flex wp-container-core-group-is-layout-8cf370e7 wp-block-group-is-layout-flex\">\n<p><strong>Director<\/strong>: Nicolas Saada (France, 2014)<br><strong>Cast<\/strong>: Stacy Martin, Louis-Do de Lencquesaing, Gina McKee, Alba Rohrwacher<br><strong>Genre<\/strong>: Drama<br><strong>Awards<\/strong>: Selected for the Venice International Film Festival (Italy, 2015), the Ghent Film Festival (Belgium, 2015) and the Telluride Film Festival (USA, 2015)<\/p>\n<\/div>\n<\/div>\n\n\n\n<div class=\"wp-block-group is-vertical is-layout-flex wp-container-core-group-is-layout-8cf370e7 wp-block-group-is-layout-flex\">\n<p><\/p>\n\n\n\n<p><strong>Pas de vagues<\/strong>\u2014 January 18 at 8:30pm ET\/5:30pm PT<br>Also streaming on TV5MONDE+ beginning January 7<br>(English ST)<\/p>\n<\/div>\n\n\n\n<p>As a secondary school teacher, Julien pays particular attention to his pupils who are experiencing difficulties. Because he tries to make Leslie, a self-effacing teenager, feel good about herself, a handful of schoolchildren suspect Julien of other intentions and accuse him of harassment. Very quickly, the rumour spreads.<\/p>\n\n\n\n<div class=\"wp-block-group is-vertical is-layout-flex wp-container-core-group-is-layout-8cf370e7 wp-block-group-is-layout-flex\">\n<p><strong>Director<\/strong>: Teddy Lussi-Modeste (France, 2023)<br><strong>Cast<\/strong>: Fran\u00e7ois Civil, Sha\u00efn Boumedine, Toscane Duquesne, Bakary Kebe<br><strong>Genre<\/strong>: Drama<\/p>\n<\/div>\n\n\n\n<div class=\"wp-block-group is-vertical is-layout-flex wp-container-core-group-is-layout-8cf370e7 wp-block-group-is-layout-flex\">\n<p><\/p>\n\n\n\n<p><strong>Les intrigantes<\/strong>\u2014 January 20 at 8:30pm ET\/5:30pm PT<br>Also streaming on <a href=\"https:\/\/www.tv5mondeplus.com\/en\/films\/drame\/les-intrigantes\">TV5MONDE+<\/a><br>(English ST)<\/p>\n<\/div>\n\n\n\n<p>The renowned theatre manager, Paul R\u00e9my, is accused by his general secretary Andrieux of having killed his partner. On the advice of his wife Mona, Paul goes into hiding in a psychiatric hospital to escape from the police. But Andrieux seduces Mona who then turns against her husband.<\/p>\n\n\n\n<div class=\"wp-block-group is-vertical is-layout-flex wp-container-core-group-is-layout-8cf370e7 wp-block-group-is-layout-flex\">\n<p><strong>Director<\/strong>: Henri Decoin (France, 1954)<br><strong>Cast<\/strong>: Jeanne Moreau, Raymond Rouleau, Etchika Choureau, Raymond Pellegrin<br><strong>Genre<\/strong>: Drama<\/p>\n<\/div>\n\n\n\n<div class=\"wp-block-group is-vertical is-layout-flex wp-container-core-group-is-layout-8cf370e7 wp-block-group-is-layout-flex\">\n<p><\/p>\n\n\n\n<p><strong>Notre Dame de Moncton<\/strong>\u2014 January 25 at 8:30pm ET\/5:30pm PT<br>Also streaming on <a href=\"https:\/\/www.tv5mondeplus.com\/en\/films\/drame\/notre-dame-de-moncton\">TV5MONDE+<\/a><br>(English ST)<\/p>\n<\/div>\n\n\n\n<p>Anna wants to rebuild ties with her son Jason, who she abandoned twenty years ago. But she runs off at the last minute and secretly takes refuge in an elderly couple&#8217;s house. Unusual events lead to her forming a bond with the couple&#8217;s wife\u2026<\/p>\n\n\n\n<div class=\"wp-block-group is-vertical is-layout-flex wp-container-core-group-is-layout-8cf370e7 wp-block-group-is-layout-flex\">\n<p><strong>Director<\/strong>: Denise Bouchard (Canada, 2022)<br><strong>Cast<\/strong>: Laurie Gagn\u00e9, Louise Turcot, Thomas Lapointe, Fr\u00e9d\u00e9rique Cyr<br><strong>Genre<\/strong>: Drama<\/p>\n<\/div>\n\n\n\n<div class=\"wp-block-group is-vertical is-layout-flex wp-container-core-group-is-layout-8cf370e7 wp-block-group-is-layout-flex\">\n<p><\/p>\n\n\n\n<p><strong>Cessez-le-feu<\/strong>\u2014 January 27 at 8:30pm ET\/5:30pm PT<br>(English ST)<\/p>\n\n\n\n<p><\/p>\n\n\n\n<p>After four years spent in Africa trying to forget the horror of the trenches, Georges returns France, to his mother and brother, Marcel, who is mute after being wounded in the war. Georges then meets H\u00e9l\u00e8ne, with whom he has an uneasy relationship.<\/p>\n<\/div>\n\n\n\n<div class=\"wp-block-group is-vertical is-layout-flex wp-container-core-group-is-layout-8cf370e7 wp-block-group-is-layout-flex\">\n<p><strong>Director<\/strong>: Emmanuel Courcol (France, Belgium, 2015)<br><strong>Cast<\/strong>: Romain Duris, C\u00e9line Sallette, Gr\u00e9gory Gadebois, Julie-Marie Parmentier<br><strong>Genre<\/strong>: Drama<br><strong>Awards<\/strong>: Nominations (Angoul\u00eame 2016, Locarno 2016<\/p>\n<\/div>\n\n\n\n<h2 class=\"wp-block-heading\">Series<\/h2>\n\n\n\n<div class=\"wp-block-group is-vertical is-layout-flex wp-container-core-group-is-layout-8cf370e7 wp-block-group-is-layout-flex\">\n<p><strong>OPJ<\/strong>\u2014 Sundays starting January 4 at 11:30pm ET\/8:30pm PT<br>From France T\u00e9l\u00e9visions\u2019 Outre-Mer initiative, highlighting overseas programs<br>Season 6 premiere<br>(English ST)<\/p>\n<\/div>\n\n\n\n<p>A police captain from R\u00e9union Island serves as a squad commander in a working-class neighborhood of Noum\u00e9a, New Caledonia. Intelligent, determined, and an indispensable leader, she\u2019s also a widow, raising two teenagers alone.<\/p>\n\n\n\n<div class=\"wp-block-group is-vertical is-layout-flex wp-container-core-group-is-layout-8cf370e7 wp-block-group-is-layout-flex\">\n<p><strong>Director<\/strong>: Marine Herv\u00e9, Florian Thomas (France, 2024)<br><strong>Cast<\/strong>: Ya\u00eblle Trul\u00e8s, Antoine Stip, Nathan Dellemme, Marielle Karabeu, Laurent Robert<br><strong>Genre<\/strong>: Political Thriller, Crime<\/p>\n<\/div>\n\n\n\n<div class=\"wp-block-group is-vertical is-layout-flex wp-container-core-group-is-layout-8cf370e7 wp-block-group-is-layout-flex\">\n<p><\/p>\n\n\n\n<p><strong>Les perles<\/strong>\u2014Fridays beginning January 9 at 11:30pm ET\/8:30pm PT<br>Season 1 premiere<br>Also streaming on <a href=\"https:\/\/www.tv5mondeplus.com\/en\/series\/drame\/les-perles\">TV5MONDE+<\/a><br>(French ST)<\/p>\n<\/div>\n\n\n\n<p>Having taken a short break to cure her depression, St\u00e9phanie returns to her home village. Her best friend Cynthia, who was supposed to hide the truth about her trip, told a lie that then got totally out of control. St\u00e9phanie now must repair the damage, notably with her daughters.<\/p>\n\n\n\n<div class=\"wp-block-group is-vertical is-layout-flex wp-container-core-group-is-layout-8cf370e7 wp-block-group-is-layout-flex\">\n<p><strong>Director<\/strong>: Herv\u00e9 Baillargeon (Canada\/Quebec, 2023)<br><strong>Cast<\/strong>: Bianca Gervais, Cassandra Latreille, Anouk Tanguay, Sharon Fontaine-Ishpatao<br><strong>Genre<\/strong>: Drama<\/p>\n<\/div>\n\n\n\n<h2 class=\"wp-block-heading\">Documentaries<\/h2>\n\n\n\n<div class=\"wp-block-group is-vertical is-layout-flex wp-container-core-group-is-layout-8cf370e7 wp-block-group-is-layout-flex\">\n<p><strong>Les nouveaux boss<\/strong>\u2014 Saturdays continuing January 3 at 11:30pm ET\/8:30pm PT<br>TV5MONDE co-production with WeMake Productions<br>Series Premiere, final 4 episodes<br>Also streaming on <a href=\"https:\/\/www.tv5mondeplus.com\/en\/divertissement\/jeux\/les-nouveaux-boss\">TV5MONDE+<\/a><br>(English ST)<\/p>\n<\/div>\n\n\n\n<p>TV5MONDE is partnering with WeMake Productions to create the very first pan-African TV competition for entrepreneurs seeking support to launch a new project. Over eight weeks, sixteen candidates from across Africa will be guided by four exceptional mentors: Claude Borna, A&#8217;Salfo, Nicole Sulu, and Yassine Laghzioui. Several celebrities will also share their experiences, including heavyweight champion Teddy Riner. The ten finalists will have the chance to present their projects to a panel of international investors, including \u00c9lisabeth Moreno, Hasnae Taleb, and Ali Mnif. Contestants can win up to 500,000 euros to fund their project.<\/p>\n\n\n\n<div class=\"wp-block-group is-vertical is-layout-flex wp-container-core-group-is-layout-8cf370e7 wp-block-group-is-layout-flex\">\n<p><strong>Host<\/strong>: \u00c9ric Mboua (France, 2025)<br><strong>Genre<\/strong>: Talent\/Game Show<\/p>\n<\/div>\n\n\n\n<div class=\"wp-block-group is-vertical is-layout-flex wp-container-core-group-is-layout-8cf370e7 wp-block-group-is-layout-flex\">\n<p><\/p>\n\n\n\n<p><strong>Guadeloupe, le carnaval en h\u00e9ritage<\/strong>\u2014 January 5 at 6:30pm ET\/3:30pm PT<br>From France T\u00e9l\u00e9visions\u2019 Outre-Mer initiative, highlighting overseas programs<br>(English ST)<\/p>\n<\/div>\n\n\n\n<p>For more than a month, from Epiphany to Ash Wednesday, carnival fever takes hold of Guadeloupe. A true outlet that brings together social classes, abolishes differences, and breaks taboos, this festive event holds major heritage value for Guadeloupeans.<\/p>\n\n\n\n<div class=\"wp-block-group is-vertical is-layout-flex wp-container-core-group-is-layout-8cf370e7 wp-block-group-is-layout-flex\">\n<p><strong>Director:<\/strong> Pierre Belet (France, 2024)<br><strong>Genre<\/strong>: Documentary, Society<\/p>\n<\/div>\n\n\n\n<div class=\"wp-block-group is-vertical is-layout-flex wp-container-core-group-is-layout-8cf370e7 wp-block-group-is-layout-flex\">\n<p><\/p>\n\n\n\n<p><strong>Ura, sauver l&#8217;oiseau sacr\u00e9 des Australes<\/strong>\u2014 January 12 at 6:30pm ET\/3:30pm PT<br>From France T\u00e9l\u00e9visions\u2019 Outre-Mer initiative, highlighting overseas programs<br>(English ST)<\/p>\n<\/div>\n\n\n\n<p>Rimatara, French Polynesia. This island of the Austral archipelago is the scene of a battle to conserve a small colorful parakeet: the Ura. Scientists, farmers, and ordinary citizens are mobilized to prevent its disappearance: a success. But today, new threats weigh on this endemic species.<\/p>\n\n\n\n<div class=\"wp-block-group is-vertical is-layout-flex wp-container-core-group-is-layout-8cf370e7 wp-block-group-is-layout-flex\">\n<p><strong>Director<\/strong>: Thomas Delorme, Virginie Tetoofa, Samuel Ravatua-Smith (France, 2024)<br><strong>Genre<\/strong>: Documentary, Environment<\/p>\n<\/div>\n\n\n\n<div class=\"wp-block-group is-vertical is-layout-flex wp-container-core-group-is-layout-8cf370e7 wp-block-group-is-layout-flex\">\n<p><\/p>\n\n\n\n<p><strong>Outre-mer Street art &#8211; De la Martinique \u00e0 Mayotte<\/strong>\u2014 January 19 at 6:30pm ET\/3:30pm PT<br>From France T\u00e9l\u00e9visions\u2019 Outre-Mer initiative, highlighting overseas programs<br>(English ST)<\/p>\n<\/div>\n\n\n\n<p>Art has never been so present in the Overseas Territories. A meeting with seven artists who draw on their roots to give a unique color to their creations: Bahbou Floro in Martinique, Enos in Polynesia, Marvin in French Guiana, Virginie in New Caledonia, M\u00e9o in R\u00e9union, B.Bird in Guadeloupe, and Papajan in Mayotte.<\/p>\n\n\n\n<div class=\"wp-block-group is-vertical is-layout-flex wp-container-core-group-is-layout-8cf370e7 wp-block-group-is-layout-flex\">\n<p><strong>Director<\/strong>: Sarah Almosnino (France, 2024)<br><strong>Genre<\/strong>: Documentary, Culture<\/p>\n<\/div>\n\n\n\n<div class=\"wp-block-group is-vertical is-layout-flex wp-container-core-group-is-layout-8cf370e7 wp-block-group-is-layout-flex\">\n<p><\/p>\n\n\n\n<p><strong>Auschwitz, des survivants racontent<\/strong>\u2014 January 29 at 11:30pm ET\/8:30pm PT<br>(English ST)<\/p>\n<\/div>\n\n\n\n<p>Ep.1: They were born in Poland, Germany, Belgium, Romania, Hungary, and France, and are all Jewish. How did young people and their families find themselves excluded from one day to the next, hunted down and arrested throughout occupied Europe, before being deported to Auschwitz?<\/p>\n\n\n\n<p>Ep. 2: The deportees arrive at Auschwitz. In the middle of the tracks, families are separated. Those entering the camp undergo shearing and tattooing. The discovery of the chimneys from which flames are escaping raises questions for the new inmates. Where have the elderly and the children gone?<\/p>\n\n\n\n<p><strong>Director<\/strong>: Catherine Bernstein (France, 2024)<br><strong>Genre<\/strong>: Documentary Series, History<\/p>\n\n\n\n<p><strong><br><\/strong><\/p>\n\n\n\n<h1 class=\"wp-block-heading\">TV5Monde+<\/h1>\n\n\n\n<h2 class=\"wp-block-heading\">Films<\/h2>\n\n\n\n<div class=\"wp-block-group is-vertical is-layout-flex wp-container-core-group-is-layout-8cf370e7 wp-block-group-is-layout-flex\">\n<p><strong>Normale<\/strong>\u2014 Streaming beginning January 7<\/p>\n\n\n\n<p>(English ST)<\/p>\n<\/div>\n\n\n\n<p>Lucie, a 15-year-old schoolgirl, lives alone with her father. Because he has multiple sclerosis, she takes care of all the day-to-day tasks. A visit from a social worker threatens their equilibrium, and they have to step up their efforts to give the illusion of a normal life.<\/p>\n\n\n\n<div class=\"wp-block-group is-vertical is-layout-flex wp-container-core-group-is-layout-8cf370e7 wp-block-group-is-layout-flex\">\n<div class=\"wp-block-group is-vertical is-layout-flex wp-container-core-group-is-layout-8cf370e7 wp-block-group-is-layout-flex\">\n<p><strong>Director<\/strong>: Olivier Babinet (Belgium,France, 2022)<br><strong>Cast<\/strong>: Beno\u00eet Peolvoorde, Justine Lacroix, Joseph Roz\u00e9, Sofian Khammes, Steve Tientcheu, Djeneba Bortin, Mayline Dubois<br><strong>Genre<\/strong>: Dramedy<br><strong>Awards<\/strong>: Europa Cin\u00e9ma Label at the Directors&#8217; Fortnight at Cannes Film Festival Cannes (France, 2016); Best Screenplay at Angoul\u00eame French Film Festival (France, 2016)<\/p>\n<\/div>\n<\/div>\n\n\n\n<div class=\"wp-block-group is-vertical is-layout-flex wp-container-core-group-is-layout-8cf370e7 wp-block-group-is-layout-flex\">\n<p><\/p>\n\n\n\n<p><strong>Mercenaire<\/strong>\u2014 <a href=\"https:\/\/www.tv5mondeplus.com\/en\/films\/drame\/mercenaire\">Now streaming<\/a><br>From France T\u00e9l\u00e9visions\u2019 Outre-Mer initiative, highlighting overseas programs<br>(English ST)<\/p>\n<\/div>\n\n\n\n<p>Soane leaves Wallis and Futuna and an authoritative father to join a rugby team in France. Although he is French, he is treated as an outsider in France. His greatest challenge is the other players&#8217; hostility who, like him, want to rise the ranks in a very popular sport.<\/p>\n\n\n\n<div class=\"wp-block-group is-vertical is-layout-flex wp-container-core-group-is-layout-8cf370e7 wp-block-group-is-layout-flex\">\n<div class=\"wp-block-group is-vertical is-layout-flex wp-container-core-group-is-layout-8cf370e7 wp-block-group-is-layout-flex\">\n<p><strong>Director<\/strong>: Sacha Wolff (France, 2016)<br><strong>Cast<\/strong>: Toki Pilioko, Iliana Zabeth, Mikaele Tuugahala, Laurent Pakihivatau, Petelo Sealeu, Maoni Talalua, Teotola Maka, Omar Hasan, Mathias Dufaud<br><strong>Genre<\/strong>: Drama<br><strong>Awards<\/strong>: Europa Cin\u00e9ma Label at the Directors&#8217; Fortnight at Cannes Film Festival Cannes (France, 2016); Best Screenplay at Angoul\u00eame French Film Festival (France, 2016)<\/p>\n<\/div>\n<\/div>\n\n\n\n<h2 class=\"wp-block-heading\">Series<\/h2>\n\n\n\n<div class=\"wp-block-group is-vertical is-layout-flex wp-container-core-group-is-layout-8cf370e7 wp-block-group-is-layout-flex\">\n<p><strong>El\u2019Sardines<\/strong>\u2014 Now streaming <a href=\"https:\/\/www.tv5mondeplus.com\/en\/series\/comedie-dramatique\/el-sardines\">Season 1<\/a><br>(English ST)<\/p>\n<\/div>\n\n\n\n<p>In Oran, Zouzou, a 30-year-old bioengineer, is dreaming of an adventure: following Algeria&#8217;s disappearing sardines. But between marriage, secrets, and family, will she have the courage to leave?<\/p>\n\n\n\n<div class=\"wp-block-group is-vertical is-layout-flex wp-container-core-group-is-layout-8cf370e7 wp-block-group-is-layout-flex\">\n<p><strong>Director<\/strong>: Zoulikha Tahar (Algeria, France, 2025)<br><strong>Cast<\/strong>: Meriem Amiar, Lina Boumedine, Dalila Nouar, Rabie Ouadjaout, Marwa Bakir, Meriem Medjkane, Souliha Fares, Lina Tlem\u00e7ani, Meggy Pyaneeandee<br><strong>Genre<\/strong>: Dramedy<br><strong>Awards<\/strong>: Special mention from the jury in the short format competition at the S\u00e9ries Mania 2025 festival in Lille (France)<\/p>\n<\/div>\n\n\n\n<div class=\"wp-block-group is-vertical is-layout-flex wp-container-core-group-is-layout-8cf370e7 wp-block-group-is-layout-flex\">\n<p><\/p>\n\n\n\n<p><strong>La maison bleue\u2014<\/strong> Now streaming <a href=\"https:\/\/www.tv5mondeplus.com\/en\/series\/comedie\/la-maison-bleue\">Seasons 1-3<\/a><br>(English ST)<\/p>\n<\/div>\n\n\n\n<p>In an alternative reality, Quebec has now become a republic. Jacques Hamelin, the president, has a lot on his hands. With his popularity rankings in free fall and Canada constantly putting a spanner in the works, the USA, in search of space and natural resources, wants to negotiate an alliance.<\/p>\n\n\n\n<div class=\"wp-block-group is-vertical is-layout-flex wp-container-core-group-is-layout-8cf370e7 wp-block-group-is-layout-flex\">\n<p><strong>Director<\/strong>: Ricardo Trogi (Canada\/Quebec, 2021)<br><strong>Cast<\/strong>: Guy Nadon, Anne-Marie Cadieux, Anyjeanne Savaria, Roger L\u00e9ger, Genevi\u00e8ve Schmidt<br><strong>Genre<\/strong>: Comedy<\/p>\n<\/div>\n\n\n\n<div class=\"wp-block-group is-vertical is-layout-flex wp-container-core-group-is-layout-8cf370e7 wp-block-group-is-layout-flex\">\n<p><\/p>\n\n\n\n<p><strong>La candidate<\/strong>\u2014 Now streaming <a href=\"https:\/\/www.tv5mondeplus.com\/en\/series\/comedie\/la-candidate\">Season 1<\/a><br>(English ST)<\/p>\n<\/div>\n\n\n\n<p>Alix, a slightly lost single mother, is asked to be a &#8220;dummy candidate&#8221;, i.e. to stand in an election with no chance of winning, in order to fill a party&#8217;s quotas. Intrigued, she accepts, unaware that this decision will change her life\u2026<\/p>\n\n\n\n<div class=\"wp-block-group is-vertical is-layout-flex wp-container-core-group-is-layout-8cf370e7 wp-block-group-is-layout-flex\">\n<p><strong>Director<\/strong>: S\u00e9bastien Gagn\u00e9 (Canada\/Quebec, 2023)<br><strong>Cast<\/strong>: Catherine Chabot, Val\u00e9rie Tellos, Ines Talbi, No\u00e9 Lira, Olivier Gervais-Courchesne, Louis Champagne, Mireille M\u00e9t\u00e9llus, Maka Kotto, Roger L\u00e9ger, Lily-Rose Loyer, Genevi\u00e8ve Alarie, Patrick Emmanuel Abellard, Hugo Dub\u00e9<br><strong>Genre<\/strong>: Comedy<\/p>\n<\/div>\n\n\n\n<p><\/p>\n\n\n\n<h2 class=\"wp-block-heading\">Documentaries<\/h2>\n\n\n\n<div class=\"wp-block-group is-vertical is-layout-flex wp-container-core-group-is-layout-8cf370e7 wp-block-group-is-layout-flex\">\n<p><strong>Terra\u00a0artistika\u2014\u00a0<\/strong>Now streaming <a href=\"https:\/\/www.tv5mondeplus.com\/en\/documentaires\/portraits\/terra-artistika\">Seasons 2-4<\/a><br>(English ST)\u00a0<\/p>\n<\/div>\n\n\n\n<p>A spotlight on a contemporary artist to explore their personal world, the source of&nbsp;their inspiration,&nbsp;and their creative process.&nbsp;<\/p>\n\n\n\n<div class=\"wp-block-group is-vertical is-layout-flex wp-container-core-group-is-layout-8cf370e7 wp-block-group-is-layout-flex\">\n<p><strong>Director:\u00a0<\/strong>R\u00e9gine de\u00a0Lapize, Christophe\u00a0Soupirot\u00a0(Belgium\/France, 2022)\u00a0<br><strong>Genre:<\/strong>\u00a0Documentary\u00a0Series, Art\u00a0<\/p>\n<\/div>\n\n\n\n<p><\/p>\n\n\n\n<p class=\"has-large-font-size\"><strong>TV5Monde Cin\u00e9ma<\/strong><\/p>\n\n\n\n<p><strong>Theme:&nbsp;<\/strong>Films rarely shown on TV&nbsp;<\/p>\n\n\n\n<div class=\"wp-block-group is-vertical is-layout-flex wp-container-core-group-is-layout-8cf370e7 wp-block-group-is-layout-flex\">\n<p><strong>La&nbsp;Loi<\/strong>\u2014 available beginning&nbsp;January 2&nbsp;<\/p>\n\n\n\n<p>(English ST)&nbsp;<\/p>\n<\/div>\n\n\n\n<p>In the fall of 1974, Health Minister Simone Veil stands behind a bill that would legalize abortion.&nbsp;<\/p>\n\n\n\n<div class=\"wp-block-group is-vertical is-layout-flex wp-container-core-group-is-layout-8cf370e7 wp-block-group-is-layout-flex\">\n<p><strong>Director:\u00a0<\/strong>Christian Faure\u00a0(2014)\u00a0<br><strong>Cast:\u00a0<\/strong>Emmanuelle Devos, Eric Naggar, Micha\u00ebl Cohen\u00a0<br><strong>Genre:\u00a0<\/strong>Biopic\u00a0<\/p>\n<\/div>\n\n\n\n<div class=\"wp-block-group is-vertical is-layout-flex wp-container-core-group-is-layout-8cf370e7 wp-block-group-is-layout-flex\">\n<p><\/p>\n\n\n\n<p><strong>La femme&nbsp;d\u00e9fendue<\/strong>\u2014 available beginning&nbsp;January 2&nbsp;<\/p>\n\n\n\n<p>(English ST)&nbsp;<\/p>\n<\/div>\n\n\n\n<p>A&nbsp;39-year-old man and a&nbsp;22-year-old woman meet by chance and agree to meet again on a specific day in an unconventional way.&nbsp;&nbsp;<\/p>\n\n\n\n<div class=\"wp-block-group is-vertical is-layout-flex wp-container-core-group-is-layout-8cf370e7 wp-block-group-is-layout-flex\">\n<p><strong>Director:\u00a0<\/strong>Philippe Harel\u00a0(1997)\u00a0<br><strong>Cast:\u00a0<\/strong>Isabelle Carr\u00e9,\u00a0Philippe Harel,\u00a0Nathalie\u00a0Conio\u00a0<br><strong>Genre:\u00a0<\/strong>Drama\u00a0<\/p>\n<\/div>\n\n\n\n<div class=\"wp-block-group is-vertical is-layout-flex wp-container-core-group-is-layout-8cf370e7 wp-block-group-is-layout-flex\">\n<p><\/p>\n\n\n\n<p><strong>Club de rencontres<\/strong>\u2014 available beginning\u00a0January 9\u00a0<br>(English ST)\u00a0<\/p>\n<\/div>\n\n\n\n<p>Newly divorced, a shy man is convinced by his friend to join his dating club.&nbsp;&nbsp;<\/p>\n\n\n\n<div class=\"wp-block-group is-vertical is-layout-flex wp-container-core-group-is-layout-8cf370e7 wp-block-group-is-layout-flex\">\n<p><strong>Director:\u00a0<\/strong>Michel Lang\u00a0(1987)\u00a0<br><strong>Cast:\u00a0<\/strong>Francis Perrin, Jean-Paul\u00a0Comart, Val\u00e9rie Allain\u00a0<br><strong>Genre:\u00a0<\/strong>Comedy\u00a0<\/p>\n<\/div>\n\n\n\n<div class=\"wp-block-group is-vertical is-layout-flex wp-container-core-group-is-layout-8cf370e7 wp-block-group-is-layout-flex\">\n<p><\/p>\n\n\n\n<p><strong>Roulez&nbsp;jeunesse<\/strong>\u2014 available beginning&nbsp;January 9&nbsp;<\/p>\n\n\n\n<p>(English ST)&nbsp;<\/p>\n<\/div>\n\n\n\n<p>After a one-night fling goes wrong, a mechanic finds himself suddenly responsible for three children.&nbsp;<\/p>\n\n\n\n<div class=\"wp-block-group is-vertical is-layout-flex wp-container-core-group-is-layout-8cf370e7 wp-block-group-is-layout-flex\">\n<p><strong>Director:\u00a0<\/strong>Julien Guetta\u00a0(2017)\u00a0<br><strong>Cast:\u00a0<\/strong>Eric\u00a0Judor, Laure Calamy, Brigitte Ro\u00fcan\u00a0<br><strong>Genre:\u00a0<\/strong>Drama\u00a0<\/p>\n<\/div>\n\n\n\n<div class=\"wp-block-group is-vertical is-layout-flex wp-container-core-group-is-layout-8cf370e7 wp-block-group-is-layout-flex\">\n<p><\/p>\n\n\n\n<p><strong>Cassandre<\/strong>\u2014 available beginning&nbsp;January 16&nbsp;<\/p>\n\n\n\n<p>(English ST)&nbsp;<\/p>\n<\/div>\n\n\n\n<p>Summer 1998.&nbsp;An adolescent girl discovers her sexuality during the summer of 1998 at the family\u2019s rural estate.&nbsp;&nbsp;<\/p>\n\n\n\n<div class=\"wp-block-group is-vertical is-layout-flex wp-container-core-group-is-layout-8cf370e7 wp-block-group-is-layout-flex\">\n<p><strong>Director:\u00a0<\/strong>H\u00e9l\u00e8ne Merlin\u00a0(2025)\u00a0<br><strong>Cast:\u00a0<\/strong>Billie Blain, Zabou Breitman, Eric Ruf\u00a0<br><strong>Genre:\u00a0<\/strong>Drama\u00a0<\/p>\n<\/div>\n\n\n\n<div class=\"wp-block-group is-vertical is-layout-flex wp-container-core-group-is-layout-8cf370e7 wp-block-group-is-layout-flex\">\n<p><\/p>\n\n\n\n<p><strong>La java des ombres<\/strong>\u2014 available beginning&nbsp;January 16&nbsp;<\/p>\n\n\n\n<p>(English ST)&nbsp;<\/p>\n<\/div>\n\n\n\n<p>The French intelligence agency plants a former leftist&nbsp;militant&nbsp;into a fascist&nbsp;organization.&nbsp;<\/p>\n\n\n\n<div class=\"wp-block-group is-vertical is-layout-flex wp-container-core-group-is-layout-8cf370e7 wp-block-group-is-layout-flex\">\n<p><strong>Director:\u00a0<\/strong>Romain Goupil\u00a0(1983)\u00a0<br><strong>Cast:\u00a0<\/strong>Tch\u00e9ky\u00a0Karyo, Franci Camus, Anne Alvaro\u00a0<br><strong>Genre:\u00a0<\/strong>Thriller\u00a0<\/p>\n<\/div>\n\n\n\n<div class=\"wp-block-group is-vertical is-layout-flex wp-container-core-group-is-layout-8cf370e7 wp-block-group-is-layout-flex\">\n<p><\/p>\n\n\n\n<p><strong>L&#8217;oeuvre&nbsp;au noir<\/strong>\u2014 available beginning&nbsp;January 23&nbsp;<\/p>\n\n\n\n<p>(English ST)&nbsp;<\/p>\n<\/div>\n\n\n\n<p>In 16<sup>th<\/sup>&nbsp;century Flanders, during the Inquisition and the religious wars, a&nbsp;physician and alchemist&nbsp;returns in&nbsp;secret to his native city.&nbsp;<\/p>\n\n\n\n<div class=\"wp-block-group is-vertical is-layout-flex wp-container-core-group-is-layout-8cf370e7 wp-block-group-is-layout-flex\">\n<p><strong>Director:\u00a0<\/strong>Andr\u00e9 Delvaux\u00a0(1988)\u00a0<br><strong>Cast:\u00a0<\/strong>Sami Frey, Gian Maria\u00a0Volont\u00e8, Anna Karina\u00a0\u00a0<br><strong>Genre:\u00a0<\/strong>Drama\u00a0<\/p>\n<\/div>\n\n\n\n<div class=\"wp-block-group is-vertical is-layout-flex wp-container-core-group-is-layout-8cf370e7 wp-block-group-is-layout-flex\">\n<p><\/p>\n\n\n\n<p><strong>Le soleil de trop pr\u00e8s<\/strong>\u2014 available beginning&nbsp;January 23&nbsp;<\/p>\n\n\n\n<p>(English ST)&nbsp;<\/p>\n<\/div>\n\n\n\n<p>Treated for schizophrenia, a man in his thirties leaves the hospital to live with his sister, his only family and greatest support.&nbsp;<\/p>\n\n\n\n<div class=\"wp-block-group is-vertical is-layout-flex wp-container-core-group-is-layout-8cf370e7 wp-block-group-is-layout-flex\">\n<p><strong>Director:\u00a0<\/strong>Brieuc\u00a0Carnaille\u00a0(2022)\u00a0<br><strong>Cast:\u00a0<\/strong>Cl\u00e9ment\u00a0Roussier, Marine\u00a0Vacth, Diane Rouxel\u00a0<\/p>\n\n\n\n<p><strong>Genre:&nbsp;<\/strong>Drama&nbsp;<\/p>\n<\/div>\n\n\n\n<div class=\"wp-block-group is-vertical is-layout-flex wp-container-core-group-is-layout-8cf370e7 wp-block-group-is-layout-flex\">\n<p><\/p>\n\n\n\n<p><strong>Ouvert&nbsp;la nuit<\/strong>\u2014 available beginning&nbsp;January 30&nbsp;<\/p>\n\n\n\n<p>(English ST)&nbsp;<\/p>\n<\/div>\n\n\n\n<p>A theatre owner has one night to save his playhouse from financial ruin.&nbsp;&nbsp;<\/p>\n\n\n\n<div class=\"wp-block-group is-vertical is-layout-flex wp-container-core-group-is-layout-8cf370e7 wp-block-group-is-layout-flex\">\n<p><strong>Director:\u00a0<\/strong>Edouard Baer\u00a0(2016)\u00a0<br><strong>Cast:\u00a0<\/strong>Edouard Baer, Sabrina\u00a0Ouazani, Audrey Tautou\u00a0<br><strong>Genre:\u00a0<\/strong>Dramedy\u00a0<\/p>\n<\/div>\n\n\n\n<div class=\"wp-block-group is-vertical is-layout-flex wp-container-core-group-is-layout-8cf370e7 wp-block-group-is-layout-flex\">\n<p><\/p>\n\n\n\n<p><strong>La grande vie<\/strong>\u2014 available beginning&nbsp;January 30&nbsp;<\/p>\n\n\n\n<p>(English ST)&nbsp;<\/p>\n<\/div>\n\n\n\n<p>A man\u2019s guardian angel, watching over him in a coma, tries to persuade another angel to extend his watch.&nbsp;&nbsp;<\/p>\n\n\n\n<div class=\"wp-block-group is-vertical is-layout-flex wp-container-core-group-is-layout-8cf370e7 wp-block-group-is-layout-flex\">\n<p><strong>Director:\u00a0<\/strong>Philippe\u00a0Dajoux\u00a0(2001)\u00a0<br><strong>Cast:\u00a0<\/strong>Sacha Bourdo, Patrick Bosso, Christian\u00a0Charmetant\u00a0<br><strong>Genre:\u00a0<\/strong>Comedy\u00a0<\/p>\n<\/div>\n\n\n\n<p><em>**Please note: Programs may change due to last-minute scheduling**<\/em><\/p>\n","protected":false},"featured_media":7429600,"menu_order":0,"template":"","app_discipline":[231,219],"app_city_tax":[235,221,214,223,222,220,216,224,217,225,226],"app_event_type":[239,313],"class_list":["post-7429304","app_event","type-app_event","status-publish","has-post-thumbnail","hentry","app_discipline-audiovisual","app_discipline-cinema","app_city_tax-all-cities","app_city_tax-atl","app_city_tax-bos","app_city_tax-chi","app_city_tax-hou","app_city_tax-la","app_city_tax-mia","app_city_tax-nola","app_city_tax-nyc","app_city_tax-sf","app_city_tax-dc","app_event_type-film","app_event_type-film-series"],"acf":[],"yoast_head":"<!-- This site is optimized with the Yoast SEO plugin v27.3 - https:\/\/yoast.com\/product\/yoast-seo-wordpress\/ -->\n<title>TV5MONDE Program Highlights \u2013 January 2026 - Villa Albertine<\/title>\n<meta name=\"robots\" content=\"index, follow, max-snippet:-1, max-image-preview:large, max-video-preview:-1\" \/>\n<link rel=\"canonical\" href=\"https:\/\/villa-albertine.org\/va\/events\/tv5monde-program-highlights-january-2026\/\" \/>\n<meta property=\"og:locale\" content=\"en_US\" \/>\n<meta property=\"og:type\" content=\"article\" \/>\n<meta property=\"og:title\" content=\"TV5MONDE Program Highlights \u2013 January 2026 - Villa Albertine\" \/>\n<meta property=\"og:description\" content=\"Throughout January, the international French-language network TV5 Monde offers a rich lineup of entertaining films, series, and variety shows. Discover our round-up of the must-see programs this month below. TV5 Monde Films Le poulain\u2014 January 4 at 8:30pm ET\/5:30pm PTIn celebration of Swiss film director Alain Tanner, born December 6, 1929Also streaming on TV5MONDE+ (English...\" \/>\n<meta property=\"og:url\" content=\"https:\/\/villa-albertine.org\/va\/events\/tv5monde-program-highlights-january-2026\/\" \/>\n<meta property=\"og:site_name\" content=\"Villa Albertine\" \/>\n<meta property=\"article:modified_time\" content=\"2026-01-29T23:15:15+00:00\" \/>\n<meta name=\"twitter:card\" content=\"summary_large_image\" \/>\n<meta name=\"twitter:label1\" content=\"Est. reading time\" \/>\n\t<meta name=\"twitter:data1\" content=\"11 minutes\" \/>\n<script type=\"application\/ld+json\" class=\"yoast-schema-graph\">{\"@context\":\"https:\\\/\\\/schema.org\",\"@graph\":[{\"@type\":\"WebPage\",\"@id\":\"https:\\\/\\\/villa-albertine.org\\\/va\\\/events\\\/tv5monde-program-highlights-january-2026\\\/\",\"url\":\"https:\\\/\\\/villa-albertine.org\\\/va\\\/events\\\/tv5monde-program-highlights-january-2026\\\/\",\"name\":\"TV5MONDE Program Highlights \u2013 January 2026 - Villa Albertine\",\"isPartOf\":{\"@id\":\"https:\\\/\\\/villa-albertine.org\\\/va\\\/#website\"},\"primaryImageOfPage\":{\"@id\":\"https:\\\/\\\/villa-albertine.org\\\/va\\\/events\\\/tv5monde-program-highlights-january-2026\\\/#primaryimage\"},\"image\":{\"@id\":\"https:\\\/\\\/villa-albertine.org\\\/va\\\/events\\\/tv5monde-program-highlights-january-2026\\\/#primaryimage\"},\"thumbnailUrl\":\"https:\\\/\\\/villa-albertine.org\\\/wp-content\\\/uploads\\\/2026\\\/01\\\/un-metier-serieux-1.avif\",\"datePublished\":\"2026-01-09T19:05:04+00:00\",\"dateModified\":\"2026-01-29T23:15:15+00:00\",\"breadcrumb\":{\"@id\":\"https:\\\/\\\/villa-albertine.org\\\/va\\\/events\\\/tv5monde-program-highlights-january-2026\\\/#breadcrumb\"},\"inLanguage\":\"en-US\",\"potentialAction\":[{\"@type\":\"ReadAction\",\"target\":[\"https:\\\/\\\/villa-albertine.org\\\/va\\\/events\\\/tv5monde-program-highlights-january-2026\\\/\"]}]},{\"@type\":\"ImageObject\",\"inLanguage\":\"en-US\",\"@id\":\"https:\\\/\\\/villa-albertine.org\\\/va\\\/events\\\/tv5monde-program-highlights-january-2026\\\/#primaryimage\",\"url\":\"https:\\\/\\\/villa-albertine.org\\\/wp-content\\\/uploads\\\/2026\\\/01\\\/un-metier-serieux-1.avif\",\"contentUrl\":\"https:\\\/\\\/villa-albertine.org\\\/wp-content\\\/uploads\\\/2026\\\/01\\\/un-metier-serieux-1.avif\",\"width\":1200,\"height\":800},{\"@type\":\"BreadcrumbList\",\"@id\":\"https:\\\/\\\/villa-albertine.org\\\/va\\\/events\\\/tv5monde-program-highlights-january-2026\\\/#breadcrumb\",\"itemListElement\":[{\"@type\":\"ListItem\",\"position\":1,\"name\":\"Home\",\"item\":\"https:\\\/\\\/villa-albertine.org\\\/va\\\/\"},{\"@type\":\"ListItem\",\"position\":2,\"name\":\"TV5MONDE Program Highlights \u2013 January 2026\"}]},{\"@type\":\"WebSite\",\"@id\":\"https:\\\/\\\/villa-albertine.org\\\/va\\\/#website\",\"url\":\"https:\\\/\\\/villa-albertine.org\\\/va\\\/\",\"name\":\"Villa Albertine\",\"description\":\"\",\"potentialAction\":[{\"@type\":\"SearchAction\",\"target\":{\"@type\":\"EntryPoint\",\"urlTemplate\":\"https:\\\/\\\/villa-albertine.org\\\/va\\\/?s={search_term_string}\"},\"query-input\":{\"@type\":\"PropertyValueSpecification\",\"valueRequired\":true,\"valueName\":\"search_term_string\"}}],\"inLanguage\":\"en-US\"}]}<\/script>\n<!-- \/ Yoast SEO plugin. -->","yoast_head_json":{"title":"TV5MONDE Program Highlights \u2013 January 2026 - Villa Albertine","robots":{"index":"index","follow":"follow","max-snippet":"max-snippet:-1","max-image-preview":"max-image-preview:large","max-video-preview":"max-video-preview:-1"},"canonical":"https:\/\/villa-albertine.org\/va\/events\/tv5monde-program-highlights-january-2026\/","og_locale":"en_US","og_type":"article","og_title":"TV5MONDE Program Highlights \u2013 January 2026 - Villa Albertine","og_description":"Throughout January, the international French-language network TV5 Monde offers a rich lineup of entertaining films, series, and variety shows. Discover our round-up of the must-see programs this month below. TV5 Monde Films Le poulain\u2014 January 4 at 8:30pm ET\/5:30pm PTIn celebration of Swiss film director Alain Tanner, born December 6, 1929Also streaming on TV5MONDE+ (English...","og_url":"https:\/\/villa-albertine.org\/va\/events\/tv5monde-program-highlights-january-2026\/","og_site_name":"Villa Albertine","article_modified_time":"2026-01-29T23:15:15+00:00","twitter_card":"summary_large_image","twitter_misc":{"Est. reading time":"11 minutes"},"schema":{"@context":"https:\/\/schema.org","@graph":[{"@type":"WebPage","@id":"https:\/\/villa-albertine.org\/va\/events\/tv5monde-program-highlights-january-2026\/","url":"https:\/\/villa-albertine.org\/va\/events\/tv5monde-program-highlights-january-2026\/","name":"TV5MONDE Program Highlights \u2013 January 2026 - Villa Albertine","isPartOf":{"@id":"https:\/\/villa-albertine.org\/va\/#website"},"primaryImageOfPage":{"@id":"https:\/\/villa-albertine.org\/va\/events\/tv5monde-program-highlights-january-2026\/#primaryimage"},"image":{"@id":"https:\/\/villa-albertine.org\/va\/events\/tv5monde-program-highlights-january-2026\/#primaryimage"},"thumbnailUrl":"https:\/\/villa-albertine.org\/wp-content\/uploads\/2026\/01\/un-metier-serieux-1.avif","datePublished":"2026-01-09T19:05:04+00:00","dateModified":"2026-01-29T23:15:15+00:00","breadcrumb":{"@id":"https:\/\/villa-albertine.org\/va\/events\/tv5monde-program-highlights-january-2026\/#breadcrumb"},"inLanguage":"en-US","potentialAction":[{"@type":"ReadAction","target":["https:\/\/villa-albertine.org\/va\/events\/tv5monde-program-highlights-january-2026\/"]}]},{"@type":"ImageObject","inLanguage":"en-US","@id":"https:\/\/villa-albertine.org\/va\/events\/tv5monde-program-highlights-january-2026\/#primaryimage","url":"https:\/\/villa-albertine.org\/wp-content\/uploads\/2026\/01\/un-metier-serieux-1.avif","contentUrl":"https:\/\/villa-albertine.org\/wp-content\/uploads\/2026\/01\/un-metier-serieux-1.avif","width":1200,"height":800},{"@type":"BreadcrumbList","@id":"https:\/\/villa-albertine.org\/va\/events\/tv5monde-program-highlights-january-2026\/#breadcrumb","itemListElement":[{"@type":"ListItem","position":1,"name":"Home","item":"https:\/\/villa-albertine.org\/va\/"},{"@type":"ListItem","position":2,"name":"TV5MONDE Program Highlights \u2013 January 2026"}]},{"@type":"WebSite","@id":"https:\/\/villa-albertine.org\/va\/#website","url":"https:\/\/villa-albertine.org\/va\/","name":"Villa Albertine","description":"","potentialAction":[{"@type":"SearchAction","target":{"@type":"EntryPoint","urlTemplate":"https:\/\/villa-albertine.org\/va\/?s={search_term_string}"},"query-input":{"@type":"PropertyValueSpecification","valueRequired":true,"valueName":"search_term_string"}}],"inLanguage":"en-US"}]}},"_links":{"self":[{"href":"https:\/\/villa-albertine.org\/va\/wp-json\/wp\/v2\/app_event\/7429304","targetHints":{"allow":["GET"]}}],"collection":[{"href":"https:\/\/villa-albertine.org\/va\/wp-json\/wp\/v2\/app_event"}],"about":[{"href":"https:\/\/villa-albertine.org\/va\/wp-json\/wp\/v2\/types\/app_event"}],"wp:featuredmedia":[{"embeddable":true,"href":"https:\/\/villa-albertine.org\/va\/wp-json\/wp\/v2\/media\/7429600"}],"wp:attachment":[{"href":"https:\/\/villa-albertine.org\/va\/wp-json\/wp\/v2\/media?parent=7429304"}],"wp:term":[{"taxonomy":"app_discipline","embeddable":true,"href":"https:\/\/villa-albertine.org\/va\/wp-json\/wp\/v2\/app_discipline?post=7429304"},{"taxonomy":"app_city_tax","embeddable":true,"href":"https:\/\/villa-albertine.org\/va\/wp-json\/wp\/v2\/app_city_tax?post=7429304"},{"taxonomy":"app_event_type","embeddable":true,"href":"https:\/\/villa-albertine.org\/va\/wp-json\/wp\/v2\/app_event_type?post=7429304"}],"curies":[{"name":"wp","href":"https:\/\/api.w.org\/{rel}","templated":true}]}}