{"id":7242011,"date":"2025-12-18T19:13:13","date_gmt":"2025-12-18T19:13:13","guid":{"rendered":"https:\/\/villa-albertine.org\/va\/?post_type=app_event&#038;p=7242011"},"modified":"2026-01-26T17:49:52","modified_gmt":"2026-01-26T17:49:52","slug":"corine-pelluchon-and-cyrille-barnerias-at-duke-university-mending-the-living-world","status":"publish","type":"app_event","link":"https:\/\/villa-albertine.org\/va\/events\/corine-pelluchon-and-cyrille-barnerias-at-duke-university-mending-the-living-world\/","title":{"rendered":"Cancelled &#8211; Corine Pelluchon and Cyrille Barnerias at Duke University\u00a0: Mending the Living World"},"content":{"rendered":"\n<p class=\"has-large-font-size\"><strong><em>01\/26\/2026 &#8211;<\/em><\/strong> <strong><em>This talk has been cancelled due to inclement weather. <\/em><\/strong><\/p>\n\n\n\n<p class=\"has-large-font-size\"><br>Monday, Jan. 26, 2026 | 5:00pm &#8211; 6:30pm<\/p>\n\n\n\n<p>Rubenstein Library Holsti-Anderson Family Assembly Room 153, <strong>Duke University<\/strong><\/p>\n\n\n\n<p>On January 26, Corine Pelluchon, Professor of Philosophy at Gustave Eiffel University, and Cyrille Barnerias, Director of European and International Relations at the French Biodiversity Agency (OFB), will be hosted at <a href=\"https:\/\/calendar.duke.edu\/show?fq=id%3ACAL-8a00eca5-9af98aae-019b-b9369853-00003012demobedework%40mysite.edu\">Duke University for a conference <\/a>addressing today\u2019s pressing ecological challenges.<\/p>\n\n\n\n<p>Together, with Professor Felwine Sarr, Distinguished Professor of Romance Studies, and Professor Lori Snyder Bennear, Dean of the Nicholas School of the Environment, who will be in dialogue with them, they will reflect on the idea of a \u201cNew Enlightenment\u201d for the Anthropocene, exploring emerging forms of interdependence among human, animal, and plant life in the face of biodiversity loss.<\/p>\n\n\n\n<p>The discussion will consider how earlier societies and ecosystems co-adapted to climate pressures, and whether a new social contract could foster a more equitable coexistence between human and nonhuman worlds. It will also examine how these philosophical and ethical reflections can be translated into public policy and meaningful forms of public engagement.<\/p>\n\n\n\n<p>This panel is organized with the support of Villa Albertine to launch the new flagship program <a href=\"https:\/\/villa-albertine.org\/va\/events\/albertine-conversations-2\/\">Albertine Conversations.<\/a><\/p>\n\n\n\n<p>The conference will also be accessible remotely via videoconference. <a href=\"https:\/\/duke.zoom.us\/meeting\/register\/_6YTFnYmT9ivixHBJPSoQw#\/registration\">Register here to access the link.<\/a><\/p>\n\n\n\n<div class=\"wp-block-group is-vertical is-layout-flex wp-container-core-group-is-layout-8cf370e7 wp-block-group-is-layout-flex\">\n<div class=\"wp-block-columns is-layout-flex wp-container-core-columns-is-layout-9d6595d7 wp-block-columns-is-layout-flex\">\n<div class=\"wp-block-column is-layout-flow wp-block-column-is-layout-flow\" style=\"flex-basis:100%\">\n<div class=\"wp-block-group\"><div class=\"wp-block-group__inner-container is-layout-constrained wp-block-group-is-layout-constrained\">\n<div class=\"wp-block-columns is-layout-flex wp-container-core-columns-is-layout-9d6595d7 wp-block-columns-is-layout-flex\">\n<div class=\"wp-block-column is-layout-flow wp-block-column-is-layout-flow\" style=\"flex-basis:100%\"><div class=\"articles-small articles-small--richtext section__articles\">\n\t\t<div class=\"articles__items\" id=\"items_2939\">\n\t\t\t\t\t\t\t\t\t<div class=\"articles__item\" id=\"item_1484\">\n\t\t\t\t\t<div class=\"article-small article-small--reverse article-small--limit-title-3\">\n\t\t\t\t\t\t<div class=\"article__inner\">\n\t\t\t\t\t\t\t<div class=\"article__image\">\n\t\t\t\t\t\t\t\t<img loading=\"lazy\" decoding=\"async\" sizes=\"auto, (max-width: 300px) 100vw, 300px\" width=\"300\" height=\"169\" src=\"https:\/\/villa-albertine.org\/wp-content\/uploads\/2025\/12\/coco.jpg\"\n\t\t\t\t\t\t\t\t\t  class=\"attachment-medium size-medium wp-post-image\">\n\t\t\t\t\t\t\t<\/div>\n\t\t\t\t\t\t\t<div class=\"article__content\">\n\t\t\t\t\t\t\t\t<div class=\"article__head\">\n\t\t\t\t\t\t\t\t\t<h3 style=\"margin-bottom: 0px\">Corine Pelluchon<\/h3>\n\t\t\t\t\t\t\t\t<\/div><!-- \/.article__head -->\n\t\t\t\t\t\t\t\t<div class=\"article__excerpt\" style=\"display: block\">\n\t\t\t\t\t\t\t\t\t<p>\n\t\t\t\t\t\t\t\t\t\t\t\t\t\t\t\t\t\t\t\t\t\t\t\t\t\t\t\t\t\t\t\t\t\t\t\t\t\t\t\t<br>\t\t\t\t\t\t\t\t\t<\/p>\n\n\t\t\t\t\t\t\t\t<\/div><!-- \/.article__excerpt -->\n\t\t\t\t\t\t\t\t<a class=\"seemore\" id=\"more1484\" onclick=\"toggleDescs(1484);\">See more<\/a>\n\t\t\t\t\t\t\t\t<div class=\"description\" style=\"display: none;\">\n\t\t\t\t\t\t\t\t\t<p>\n\t\t\t\t\t\t\t\t\t\t<p>Corine Pelluchon is a Professor of Philosophy at Gustave Eiffel University. She specializes in moral and political philosophy, and in medical, environmental and animal ethics, addressing themes such as ecology and our relationship to nature, eco-anxiety, vulnerability and democracy. She received the G\u00fcnther Anders Prize for Critical Thinking and the prestigious Leopold Lucas Preis in recognition of her work. Major publications include Nourishment: A Philosophy of the Political Body (trans. J.E. Smith, Bloomsbury, 2019), which explores our corporeality and dependence on nature and other living beings; Enlightenment in the Ecological Age (Ethics International Press, 2025), which examines the relevance of the Enlightenment heritage in the current technological, political and ecological context, and continues the work begun in \u00c9thique de la consid\u00e9ration (Seuil, 2018 \u2013 rights available) which focuses on the moral dispositions required to achieve ecological transition; L\u2019\u00eatre et la mer. Pour un existentialisme \u00e9cologique (PUF, 2024 \u2013 rights available), where she examines our reliance on the ocean and the submersible dimensions of both the Earth and the human psyche.<\/p>\n\t\t\t\t\t\t\t\t\t<\/p>\n\t\t\t\t\t\t\t\t<\/div>\n\t\t\t\t\t\t\t<\/div><!-- \/.article__content -->\n\t\t\t\t\t\t<\/div>\n\t\t\t\t\t<\/div>\n\t\t\t\t<\/div>\n\t\t\t\t\t\t\t<div class=\"articles__item\" id=\"item_1981\">\n\t\t\t\t\t<div class=\"article-small article-small--reverse article-small--limit-title-3\">\n\t\t\t\t\t\t<div class=\"article__inner\">\n\t\t\t\t\t\t\t<div class=\"article__image\">\n\t\t\t\t\t\t\t\t<img loading=\"lazy\" decoding=\"async\" sizes=\"auto, (max-width: 300px) 100vw, 300px\" width=\"300\" height=\"169\" src=\"https:\/\/villa-albertine.org\/wp-content\/uploads\/2025\/12\/Cyrille-Barnerias.jpg\"\n\t\t\t\t\t\t\t\t\t  class=\"attachment-medium size-medium wp-post-image\">\n\t\t\t\t\t\t\t<\/div>\n\t\t\t\t\t\t\t<div class=\"article__content\">\n\t\t\t\t\t\t\t\t<div class=\"article__head\">\n\t\t\t\t\t\t\t\t\t<h3 style=\"margin-bottom: 0px\">Cyrille Barnerias<\/h3>\n\t\t\t\t\t\t\t\t<\/div><!-- \/.article__head -->\n\t\t\t\t\t\t\t\t<div class=\"article__excerpt\" style=\"display: block\">\n\t\t\t\t\t\t\t\t\t<p>\n\t\t\t\t\t\t\t\t\t\t\t\t\t\t\t\t\t\t\t\t\t\t\t\t\t\t\t\t\t\t\t\t\t\t\t\t\t\t\t\t<br>\t\t\t\t\t\t\t\t\t<\/p>\n\n\t\t\t\t\t\t\t\t<\/div><!-- \/.article__excerpt -->\n\t\t\t\t\t\t\t\t<a class=\"seemore\" id=\"more1981\" onclick=\"toggleDescs(1981);\">See more<\/a>\n\t\t\t\t\t\t\t\t<div class=\"description\" style=\"display: none;\">\n\t\t\t\t\t\t\t\t\t<p>\n\t\t\t\t\t\t\t\t\t\t<p>Cyrille Barnerias is the Director of European and International Relations at the French Biodiversity Agency (OFB). Prior to joining OFB, he worked with the Global Environment Facility (GEF) in Washington, D.C., where he contributed to marine and terrestrial biodiversity projects, and in Martinique, where he focused on biodiversity and the conservation of protected species and areas. He began his career at the French Forest Inventory, on methods, protocols, and management. Across these diverse roles, he has built a career dedicated to biodiversity, spanning the full spectrum from inventory and conservation to international cooperation. He is a member of the IUCN World Commission on Protected Areas.<\/p>\n\t\t\t\t\t\t\t\t\t<\/p>\n\t\t\t\t\t\t\t\t<\/div>\n\t\t\t\t\t\t\t<\/div><!-- \/.article__content -->\n\t\t\t\t\t\t<\/div>\n\t\t\t\t\t<\/div>\n\t\t\t\t<\/div>\n\t\t\t\t\t\t\t<div class=\"articles__item\" id=\"item_1057\">\n\t\t\t\t\t<div class=\"article-small article-small--reverse article-small--limit-title-3\">\n\t\t\t\t\t\t<div class=\"article__inner\">\n\t\t\t\t\t\t\t<div class=\"article__image\">\n\t\t\t\t\t\t\t\t<img loading=\"lazy\" decoding=\"async\" sizes=\"auto, (max-width: 300px) 100vw, 300px\" width=\"300\" height=\"169\" src=\"https:\/\/villa-albertine.org\/wp-content\/uploads\/2025\/12\/Felwine-Sarr-C-P.Normand-opale.photo-laif-2000x2000-1-e1725985722615.jpg\"\n\t\t\t\t\t\t\t\t\t  class=\"attachment-medium size-medium wp-post-image\">\n\t\t\t\t\t\t\t<\/div>\n\t\t\t\t\t\t\t<div class=\"article__content\">\n\t\t\t\t\t\t\t\t<div class=\"article__head\">\n\t\t\t\t\t\t\t\t\t<h3 style=\"margin-bottom: 0px\">Felwine Sarr<\/h3>\n\t\t\t\t\t\t\t\t<\/div><!-- \/.article__head -->\n\t\t\t\t\t\t\t\t<div class=\"article__excerpt\" style=\"display: block\">\n\t\t\t\t\t\t\t\t\t<p>\n\t\t\t\t\t\t\t\t\t\t\t\t\t\t\t\t\t\t\t\t\t\t\t\t\t\t\t\t\t\t\t\t\t\t\t\t\t\t\t\t<br>\t\t\t\t\t\t\t\t\t<\/p>\n\n\t\t\t\t\t\t\t\t<\/div><!-- \/.article__excerpt -->\n\t\t\t\t\t\t\t\t<a class=\"seemore\" id=\"more1057\" onclick=\"toggleDescs(1057);\">See more<\/a>\n\t\t\t\t\t\t\t\t<div class=\"description\" style=\"display: none;\">\n\t\t\t\t\t\t\t\t\t<p>\n\t\t\t\t\t\t\t\t\t\t<p>Felwine Sarr is a Senegalese academic and writer. He is Anne-Marie Bryan Distinguished Professor of Romance Studies at Duke University in North Carolina, after teaching at the Universit\u00e9 Gaston Berger in Saint-Louis, Senegal, where he is Professeur Titulaire des Universit\u00e9s and agr\u00e9g\u00e9 in economics. His academic work focuses on economics, the ecology of knowledge, contemporary African philosophy, economic policy, epistemology, economic anthropology, and the history of religious ideas.<\/p>\n<p>He has published Dahij (Gallimard 2009), 105 Rue Carnot (M\u00e9moire d\u2019Encrier 2011), M\u00e9ditations Africaines (M\u00e9moire d\u2019Encrier 2012), Afrotopia (Philippe Rey, 2016), Ishindenshin (M\u00e9moire d\u2019Encrier, 2017), Habiter le Monde (M\u00e9moire d\u2019Encrier, 2017), Ecrire l\u2019Afrique-monde (collective work co-edited with Achille Mbembe, Philippe Rey\/Jimsaan, 2017), Restituer le patrimoine Africain (Philippe Rey\/Seuil, 2018) with B\u00e9n\u00e9dicte Savoy, Politique des Temps (co-edited with Achille Mbembe, Philippe Rey\/Jimsaan 2019), La Saveur des derniers m\u00e8tres (Philippe Rey, 2021), Traces (Actes Sud, 2021, translation into Wolof Watit, 2023, \u00e9ditions EJO), l\u2019\u00c9conomie \u00e0 venir (Les liens qui Lib\u00e8rent, 2021) with Ga\u00ebl Giraud, Les Lieux qu\u2019habitent mes R\u00eaves (Gallimard, 2022) and Le Bouddhisme est n\u00e9 \u00e1 Colobane (Philippe Rey \/Jimsaan, 2024).<\/p>\n\t\t\t\t\t\t\t\t\t<\/p>\n\t\t\t\t\t\t\t\t<\/div>\n\t\t\t\t\t\t\t<\/div><!-- \/.article__content -->\n\t\t\t\t\t\t<\/div>\n\t\t\t\t\t<\/div>\n\t\t\t\t<\/div>\n\t\t\t\t\t\t\t<div class=\"articles__item\" id=\"item_1689\">\n\t\t\t\t\t<div class=\"article-small article-small--reverse article-small--limit-title-3\">\n\t\t\t\t\t\t<div class=\"article__inner\">\n\t\t\t\t\t\t\t<div class=\"article__image\">\n\t\t\t\t\t\t\t\t<img loading=\"lazy\" decoding=\"async\" sizes=\"auto, (max-width: 300px) 100vw, 300px\" width=\"300\" height=\"169\" src=\"https:\/\/villa-albertine.org\/wp-content\/uploads\/2025\/12\/Lori-Bennear.jpg\"\n\t\t\t\t\t\t\t\t\t  class=\"attachment-medium size-medium wp-post-image\">\n\t\t\t\t\t\t\t<\/div>\n\t\t\t\t\t\t\t<div class=\"article__content\">\n\t\t\t\t\t\t\t\t<div class=\"article__head\">\n\t\t\t\t\t\t\t\t\t<h3 style=\"margin-bottom: 0px\">Lori Snyder Bennear<\/h3>\n\t\t\t\t\t\t\t\t<\/div><!-- \/.article__head -->\n\t\t\t\t\t\t\t\t<div class=\"article__excerpt\" style=\"display: block\">\n\t\t\t\t\t\t\t\t\t<p>\n\t\t\t\t\t\t\t\t\t\t\t\t\t\t\t\t\t\t\t\t\t\t\t\t\t\t\t\t\t\t\t\t\t\t\t\t\t\t\t\t<br>\t\t\t\t\t\t\t\t\t<\/p>\n\n\t\t\t\t\t\t\t\t<\/div><!-- \/.article__excerpt -->\n\t\t\t\t\t\t\t\t<a class=\"seemore\" id=\"more1689\" onclick=\"toggleDescs(1689);\">See more<\/a>\n\t\t\t\t\t\t\t\t<div class=\"description\" style=\"display: none;\">\n\t\t\t\t\t\t\t\t\t<p>\n\t\t\t\t\t\t\t\t\t\t<p>Lori Snyder Bennear is the Stanback Dean of the Nicholas School of the Environment at Duke University and Professor of Environmental Economics and Policy, with joint appointments at the Sanford School of Public Policy and the Department of Economics. Her research focuses on the rigorous quantitative evaluation of environmental policies, including their effectiveness, behavioral impacts, and distributional consequences.<\/p>\n\t\t\t\t\t\t\t\t\t<\/p>\n\t\t\t\t\t\t\t\t<\/div>\n\t\t\t\t\t\t\t<\/div><!-- \/.article__content -->\n\t\t\t\t\t\t<\/div>\n\t\t\t\t\t<\/div>\n\t\t\t\t<\/div>\n\t\t\t\t\t\t<\/div>\n<\/div>\n<script>\n   function toggleDescs(rand) {\n\t  if (jQuery('#item_' + rand + ' .description').attr(\"style\") == \"display: none;\") {\n\t\t jQuery('#items_2939 .articles__item .description').each(function () {\n\t\t\tjQuery(this).hide(\"slow\");\n\t\t });\n\t\t jQuery('#items_2939 .articles__item a.seemore').each(function () {\n\t\t\tjQuery(this).html(\"See more\");\n\t\t });\n\t\t jQuery('#items_2939 .articles__item').each(function () {\n\t\t\tjQuery(this).removeClass('on');\n\t\t });\n\t\t jQuery('#item_' + rand).addClass(\"on\");\n\t\t jQuery('#item_' + rand + ' .description').show(\"slow\");\n\t\t jQuery('#more' + rand).html(\"See less\");\n\t  } else {\n\t\t jQuery('#item_' + rand + ' .articles__item').removeClass(\"off\");\n\t\t jQuery('#item_' + rand + ' .description').hide(\"slow\");\n\t\t jQuery('#more' + rand).html(\"See more\");\n\t  }\n   }\n<\/script>\n<style>\n   div.articles__item.on .article-small .article__image,\n   .article-small .article__image:hover,\n   .article-small .article__image > img:hover {\n\t  filter: grayscale(0%);\n   }\n\n<\/style>\n<\/div>\n<\/div>\n<\/div><\/div>\n<\/div>\n<\/div>\n<\/div>\n\n\n\n<figure class=\"wp-block-image size-large\"><img loading=\"lazy\" decoding=\"async\" width=\"791\" height=\"1024\" src=\"https:\/\/villa-albertine.org\/wp-content\/uploads\/2025\/12\/image-13-791x1024.png\" alt=\"\" class=\"wp-image-7761661\" srcset=\"https:\/\/villa-albertine.org\/wp-content\/uploads\/2025\/12\/image-13-791x1024.png 791w, https:\/\/villa-albertine.org\/wp-content\/uploads\/2025\/12\/image-13-232x300.png 232w, https:\/\/villa-albertine.org\/wp-content\/uploads\/2025\/12\/image-13-768x994.png 768w, https:\/\/villa-albertine.org\/wp-content\/uploads\/2025\/12\/image-13-1187x1536.png 1187w, https:\/\/villa-albertine.org\/wp-content\/uploads\/2025\/12\/image-13.png 1545w\" sizes=\"auto, (max-width: 791px) 100vw, 791px\" \/><\/figure>\n","protected":false},"featured_media":7761704,"menu_order":0,"template":"","app_discipline":[233],"app_city_tax":[221],"app_event_type":[477],"class_list":["post-7242011","app_event","type-app_event","status-publish","has-post-thumbnail","hentry","app_discipline-social-sciences-and-humanities","app_city_tax-atl","app_event_type-conference"],"acf":[],"yoast_head":"<!-- This site is optimized with the Yoast SEO plugin v27.3 - https:\/\/yoast.com\/product\/yoast-seo-wordpress\/ -->\n<title>Cancelled - Corine Pelluchon and Cyrille Barnerias at Duke University\u00a0: Mending the Living World - Villa Albertine<\/title>\n<meta name=\"robots\" content=\"index, follow, max-snippet:-1, max-image-preview:large, max-video-preview:-1\" \/>\n<link rel=\"canonical\" href=\"https:\/\/villa-albertine.org\/va\/events\/corine-pelluchon-and-cyrille-barnerias-at-duke-university-mending-the-living-world\/\" \/>\n<meta property=\"og:locale\" content=\"en_US\" \/>\n<meta property=\"og:type\" content=\"article\" \/>\n<meta property=\"og:title\" content=\"Cancelled - Corine Pelluchon and Cyrille Barnerias at Duke University\u00a0: Mending the Living World - Villa Albertine\" \/>\n<meta property=\"og:description\" content=\"01\/26\/2026 &#8211; This talk has been cancelled due to inclement weather. Monday, Jan. 26, 2026 | 5:00pm &#8211; 6:30pm Rubenstein Library Holsti-Anderson Family Assembly Room 153, Duke University On January 26, Corine Pelluchon, Professor of Philosophy at Gustave Eiffel University, and Cyrille Barnerias, Director of European and International Relations at the French Biodiversity Agency (OFB),...\" \/>\n<meta property=\"og:url\" content=\"https:\/\/villa-albertine.org\/va\/events\/corine-pelluchon-and-cyrille-barnerias-at-duke-university-mending-the-living-world\/\" \/>\n<meta property=\"og:site_name\" content=\"Villa Albertine\" \/>\n<meta property=\"article:modified_time\" content=\"2026-01-26T17:49:52+00:00\" \/>\n<meta property=\"og:image\" content=\"https:\/\/villa-albertine.org\/wp-content\/uploads\/2025\/12\/anthropo-2.jpg\" \/>\n\t<meta property=\"og:image:width\" content=\"1545\" \/>\n\t<meta property=\"og:image:height\" content=\"848\" \/>\n\t<meta property=\"og:image:type\" content=\"image\/jpeg\" \/>\n<meta name=\"twitter:card\" content=\"summary_large_image\" \/>\n<meta name=\"twitter:label1\" content=\"Est. reading time\" \/>\n\t<meta name=\"twitter:data1\" content=\"2 minutes\" \/>\n<script type=\"application\/ld+json\" class=\"yoast-schema-graph\">{\"@context\":\"https:\\\/\\\/schema.org\",\"@graph\":[{\"@type\":\"WebPage\",\"@id\":\"https:\\\/\\\/villa-albertine.org\\\/va\\\/events\\\/corine-pelluchon-and-cyrille-barnerias-at-duke-university-mending-the-living-world\\\/\",\"url\":\"https:\\\/\\\/villa-albertine.org\\\/va\\\/events\\\/corine-pelluchon-and-cyrille-barnerias-at-duke-university-mending-the-living-world\\\/\",\"name\":\"Cancelled - Corine Pelluchon and Cyrille Barnerias at Duke University\u00a0: Mending the Living World - Villa Albertine\",\"isPartOf\":{\"@id\":\"https:\\\/\\\/villa-albertine.org\\\/va\\\/#website\"},\"primaryImageOfPage\":{\"@id\":\"https:\\\/\\\/villa-albertine.org\\\/va\\\/events\\\/corine-pelluchon-and-cyrille-barnerias-at-duke-university-mending-the-living-world\\\/#primaryimage\"},\"image\":{\"@id\":\"https:\\\/\\\/villa-albertine.org\\\/va\\\/events\\\/corine-pelluchon-and-cyrille-barnerias-at-duke-university-mending-the-living-world\\\/#primaryimage\"},\"thumbnailUrl\":\"https:\\\/\\\/villa-albertine.org\\\/wp-content\\\/uploads\\\/2025\\\/12\\\/anthropo-2.jpg\",\"datePublished\":\"2025-12-18T19:13:13+00:00\",\"dateModified\":\"2026-01-26T17:49:52+00:00\",\"breadcrumb\":{\"@id\":\"https:\\\/\\\/villa-albertine.org\\\/va\\\/events\\\/corine-pelluchon-and-cyrille-barnerias-at-duke-university-mending-the-living-world\\\/#breadcrumb\"},\"inLanguage\":\"en-US\",\"potentialAction\":[{\"@type\":\"ReadAction\",\"target\":[\"https:\\\/\\\/villa-albertine.org\\\/va\\\/events\\\/corine-pelluchon-and-cyrille-barnerias-at-duke-university-mending-the-living-world\\\/\"]}]},{\"@type\":\"ImageObject\",\"inLanguage\":\"en-US\",\"@id\":\"https:\\\/\\\/villa-albertine.org\\\/va\\\/events\\\/corine-pelluchon-and-cyrille-barnerias-at-duke-university-mending-the-living-world\\\/#primaryimage\",\"url\":\"https:\\\/\\\/villa-albertine.org\\\/wp-content\\\/uploads\\\/2025\\\/12\\\/anthropo-2.jpg\",\"contentUrl\":\"https:\\\/\\\/villa-albertine.org\\\/wp-content\\\/uploads\\\/2025\\\/12\\\/anthropo-2.jpg\",\"width\":1545,\"height\":848,\"caption\":\"Pelluchon - 10\"},{\"@type\":\"BreadcrumbList\",\"@id\":\"https:\\\/\\\/villa-albertine.org\\\/va\\\/events\\\/corine-pelluchon-and-cyrille-barnerias-at-duke-university-mending-the-living-world\\\/#breadcrumb\",\"itemListElement\":[{\"@type\":\"ListItem\",\"position\":1,\"name\":\"Home\",\"item\":\"https:\\\/\\\/villa-albertine.org\\\/va\\\/\"},{\"@type\":\"ListItem\",\"position\":2,\"name\":\"Cancelled &#8211; Corine Pelluchon and Cyrille Barnerias at Duke University\u00a0: Mending the Living World\"}]},{\"@type\":\"WebSite\",\"@id\":\"https:\\\/\\\/villa-albertine.org\\\/va\\\/#website\",\"url\":\"https:\\\/\\\/villa-albertine.org\\\/va\\\/\",\"name\":\"Villa Albertine\",\"description\":\"\",\"potentialAction\":[{\"@type\":\"SearchAction\",\"target\":{\"@type\":\"EntryPoint\",\"urlTemplate\":\"https:\\\/\\\/villa-albertine.org\\\/va\\\/?s={search_term_string}\"},\"query-input\":{\"@type\":\"PropertyValueSpecification\",\"valueRequired\":true,\"valueName\":\"search_term_string\"}}],\"inLanguage\":\"en-US\"}]}<\/script>\n<!-- \/ Yoast SEO plugin. -->","yoast_head_json":{"title":"Cancelled - Corine Pelluchon and Cyrille Barnerias at Duke University\u00a0: Mending the Living World - Villa Albertine","robots":{"index":"index","follow":"follow","max-snippet":"max-snippet:-1","max-image-preview":"max-image-preview:large","max-video-preview":"max-video-preview:-1"},"canonical":"https:\/\/villa-albertine.org\/va\/events\/corine-pelluchon-and-cyrille-barnerias-at-duke-university-mending-the-living-world\/","og_locale":"en_US","og_type":"article","og_title":"Cancelled - Corine Pelluchon and Cyrille Barnerias at Duke University\u00a0: Mending the Living World - Villa Albertine","og_description":"01\/26\/2026 &#8211; This talk has been cancelled due to inclement weather. Monday, Jan. 26, 2026 | 5:00pm &#8211; 6:30pm Rubenstein Library Holsti-Anderson Family Assembly Room 153, Duke University On January 26, Corine Pelluchon, Professor of Philosophy at Gustave Eiffel University, and Cyrille Barnerias, Director of European and International Relations at the French Biodiversity Agency (OFB),...","og_url":"https:\/\/villa-albertine.org\/va\/events\/corine-pelluchon-and-cyrille-barnerias-at-duke-university-mending-the-living-world\/","og_site_name":"Villa Albertine","article_modified_time":"2026-01-26T17:49:52+00:00","og_image":[{"width":1545,"height":848,"url":"https:\/\/villa-albertine.org\/wp-content\/uploads\/2025\/12\/anthropo-2.jpg","type":"image\/jpeg"}],"twitter_card":"summary_large_image","twitter_misc":{"Est. reading time":"2 minutes"},"schema":{"@context":"https:\/\/schema.org","@graph":[{"@type":"WebPage","@id":"https:\/\/villa-albertine.org\/va\/events\/corine-pelluchon-and-cyrille-barnerias-at-duke-university-mending-the-living-world\/","url":"https:\/\/villa-albertine.org\/va\/events\/corine-pelluchon-and-cyrille-barnerias-at-duke-university-mending-the-living-world\/","name":"Cancelled - Corine Pelluchon and Cyrille Barnerias at Duke University\u00a0: Mending the Living World - Villa Albertine","isPartOf":{"@id":"https:\/\/villa-albertine.org\/va\/#website"},"primaryImageOfPage":{"@id":"https:\/\/villa-albertine.org\/va\/events\/corine-pelluchon-and-cyrille-barnerias-at-duke-university-mending-the-living-world\/#primaryimage"},"image":{"@id":"https:\/\/villa-albertine.org\/va\/events\/corine-pelluchon-and-cyrille-barnerias-at-duke-university-mending-the-living-world\/#primaryimage"},"thumbnailUrl":"https:\/\/villa-albertine.org\/wp-content\/uploads\/2025\/12\/anthropo-2.jpg","datePublished":"2025-12-18T19:13:13+00:00","dateModified":"2026-01-26T17:49:52+00:00","breadcrumb":{"@id":"https:\/\/villa-albertine.org\/va\/events\/corine-pelluchon-and-cyrille-barnerias-at-duke-university-mending-the-living-world\/#breadcrumb"},"inLanguage":"en-US","potentialAction":[{"@type":"ReadAction","target":["https:\/\/villa-albertine.org\/va\/events\/corine-pelluchon-and-cyrille-barnerias-at-duke-university-mending-the-living-world\/"]}]},{"@type":"ImageObject","inLanguage":"en-US","@id":"https:\/\/villa-albertine.org\/va\/events\/corine-pelluchon-and-cyrille-barnerias-at-duke-university-mending-the-living-world\/#primaryimage","url":"https:\/\/villa-albertine.org\/wp-content\/uploads\/2025\/12\/anthropo-2.jpg","contentUrl":"https:\/\/villa-albertine.org\/wp-content\/uploads\/2025\/12\/anthropo-2.jpg","width":1545,"height":848,"caption":"Pelluchon - 10"},{"@type":"BreadcrumbList","@id":"https:\/\/villa-albertine.org\/va\/events\/corine-pelluchon-and-cyrille-barnerias-at-duke-university-mending-the-living-world\/#breadcrumb","itemListElement":[{"@type":"ListItem","position":1,"name":"Home","item":"https:\/\/villa-albertine.org\/va\/"},{"@type":"ListItem","position":2,"name":"Cancelled &#8211; Corine Pelluchon and Cyrille Barnerias at Duke University\u00a0: Mending the Living World"}]},{"@type":"WebSite","@id":"https:\/\/villa-albertine.org\/va\/#website","url":"https:\/\/villa-albertine.org\/va\/","name":"Villa Albertine","description":"","potentialAction":[{"@type":"SearchAction","target":{"@type":"EntryPoint","urlTemplate":"https:\/\/villa-albertine.org\/va\/?s={search_term_string}"},"query-input":{"@type":"PropertyValueSpecification","valueRequired":true,"valueName":"search_term_string"}}],"inLanguage":"en-US"}]}},"_links":{"self":[{"href":"https:\/\/villa-albertine.org\/va\/wp-json\/wp\/v2\/app_event\/7242011","targetHints":{"allow":["GET"]}}],"collection":[{"href":"https:\/\/villa-albertine.org\/va\/wp-json\/wp\/v2\/app_event"}],"about":[{"href":"https:\/\/villa-albertine.org\/va\/wp-json\/wp\/v2\/types\/app_event"}],"wp:featuredmedia":[{"embeddable":true,"href":"https:\/\/villa-albertine.org\/va\/wp-json\/wp\/v2\/media\/7761704"}],"wp:attachment":[{"href":"https:\/\/villa-albertine.org\/va\/wp-json\/wp\/v2\/media?parent=7242011"}],"wp:term":[{"taxonomy":"app_discipline","embeddable":true,"href":"https:\/\/villa-albertine.org\/va\/wp-json\/wp\/v2\/app_discipline?post=7242011"},{"taxonomy":"app_city_tax","embeddable":true,"href":"https:\/\/villa-albertine.org\/va\/wp-json\/wp\/v2\/app_city_tax?post=7242011"},{"taxonomy":"app_event_type","embeddable":true,"href":"https:\/\/villa-albertine.org\/va\/wp-json\/wp\/v2\/app_event_type?post=7242011"}],"curies":[{"name":"wp","href":"https:\/\/api.w.org\/{rel}","templated":true}]}}