{"id":708050,"date":"2024-07-16T19:16:41","date_gmt":"2024-07-16T19:16:41","guid":{"rendered":"https:\/\/villa-albertine.org\/?post_type=app_event&#038;p=708050"},"modified":"2024-09-06T01:25:01","modified_gmt":"2024-09-06T01:25:01","slug":"celebrate-the-30th-anniversary-of-etant-donnes-in-new-york","status":"publish","type":"app_event","link":"https:\/\/villa-albertine.org\/va\/events\/celebrate-the-30th-anniversary-of-etant-donnes-in-new-york\/","title":{"rendered":"Celebrate the 30th Anniversary of \u00c9tant donn\u00e9s in New York"},"content":{"rendered":"\n<p>Presented in partnership with The Armory Show, a cornerstone of New York City\u2019s cultural scene since 1994, the \u00c9tant donn\u00e9s 30th anniversary celebration is crafted for an audience of art world professionals, from curators to gallerists, critics, and collectors.&nbsp;<\/p>\n\n\n\n<p>The <strong>\u00c9tant donn\u00e9s <\/strong>program&nbsp;strengthens ties between France and the US in the field of visual arts by fostering active collaboration and encouraging long-lasting partnerships between French artists, curators, and collectives, and American curators and cultural institutions.<\/p>\n\n\n\n<p>The first 100 guests to register for the free events below will receive a coupon code applicable to Multi-Day Passes and General Admission tickets for the Public Days at The Armory Show 2024 (September 6-8).<\/p>\n\n\n\n<p>Since its inception,\u202f\u00c9tant\u202fdonn\u00e9s\u202fhas allocated over $4 million to fund 400 projects and the work of 50 curators.\u202f&nbsp;\u00c9tant donn\u00e9s is organized by Villa Albertine and Albertine Foundation with the exclusive sponsorship of AXA, in partnership with Institut Fran\u00e7ais, French Ministry of Culture and ADAGP.<\/p>\n\n\n\n<p><\/p>\n\n\n\n<h2 class=\"wp-block-heading\"><span style=\"text-decoration: underline;\">Thursday 9\/5<\/span><\/h2>\n\n\n<div class=\"articles-small articles-small--richtext section__articles\">\n\t\t<div class=\"articles__items\" id=\"items_2589\">\n\t\t\t\t\t\t\t\t\t<div class=\"articles__item\" id=\"item_1533\">\n\t\t\t\t\t<div class=\"article-small article-small--reverse article-small--limit-title-3\">\n\t\t\t\t\t\t<div class=\"article__inner\">\n\t\t\t\t\t\t\t<div class=\"article__image\">\n\t\t\t\t\t\t\t\t<img loading=\"lazy\" decoding=\"async\" sizes=\"auto, (max-width: 300px) 100vw, 300px\" width=\"300\" height=\"169\" src=\"https:\/\/villa-albertine.org\/wp-content\/uploads\/2024\/07\/The-Armory-Show-2024_Logo_Dates-Venue_BLACK-1.png\"\n\t\t\t\t\t\t\t\t\t  class=\"attachment-medium size-medium wp-post-image\">\n\t\t\t\t\t\t\t<\/div>\n\t\t\t\t\t\t\t<div class=\"article__content\">\n\t\t\t\t\t\t\t\t<div class=\"article__head\">\n\t\t\t\t\t\t\t\t\t<h3 style=\"margin-bottom: 0px\">The Armory Show VIP Preview Day<\/h3>\n\t\t\t\t\t\t\t\t<\/div><!-- \/.article__head -->\n\t\t\t\t\t\t\t\t<div class=\"article__excerpt\" style=\"display: block\">\n\t\t\t\t\t\t\t\t\t<p>\n\t\t\t\t\t\t\t\t\t\t\t\t\t\t\t\t\t\t\t\t9\/5\/24 | 11am | Javits Center, 429 11th Ave, Manhattan \t\t\t\t\t\t\t\t\t\t\t\t\t\t\t\t\t\t\t\t<br>Exhibiting galleries and artists from the French art scene \t\t\t\t\t\t\t\t\t<\/p>\n\n\t\t\t\t\t\t\t\t<\/div><!-- \/.article__excerpt -->\n\t\t\t\t\t\t\t\t<a class=\"seemore\" id=\"more1533\" onclick=\"toggleDescs(1533);\">See more<\/a>\n\t\t\t\t\t\t\t\t<div class=\"description\" style=\"display: none;\">\n\t\t\t\t\t\t\t\t\t<p>\n\t\t\t\t\t\t\t\t\t\t<p>Don\u2019t miss galleries and artists from the French art scene at The Armory Show, with highlights in the Galleries and Solo sections.<\/p>\n<ul>\n<li><strong>Galleries:\u00a0<\/strong><a href=\"https:\/\/marianeibrahim.com\/\">Mariane Ibrahim Gallery<\/a>, <a href=\"https:\/\/www.alminerech.com\/\">Almine Rech<\/a>, <a href=\"https:\/\/www.templon.com\/\">Templon<\/a>, <a href=\"https:\/\/zidoun-bossuyt.com\/\">Zidoun-Bossuyt Gallery<\/a><\/li>\n<li><strong>Solo:\u00a0<\/strong><a href=\"https:\/\/www.marguo.com\/\">Galerie Marguo<\/a>, <a href=\"https:\/\/www.slaggallery.com\/\">RX&amp;SLAG<\/a>, <a href=\"https:\/\/semiose.com\/\">Semiose<\/a><\/li>\n<\/ul>\n<p>To learn more about The Armory Show, click <a href=\"https:\/\/www.thearmoryshow.com\/\">here<\/a>.<\/p>\n\t\t\t\t\t\t\t\t\t<\/p>\n\t\t\t\t\t\t\t\t<\/div>\n\t\t\t\t\t\t\t<\/div><!-- \/.article__content -->\n\t\t\t\t\t\t<\/div>\n\t\t\t\t\t<\/div>\n\t\t\t\t<\/div>\n\t\t\t\t\t\t<\/div>\n<\/div>\n<script>\n   function toggleDescs(rand) {\n\t  if (jQuery('#item_' + rand + ' .description').attr(\"style\") == \"display: none;\") {\n\t\t jQuery('#items_2589 .articles__item .description').each(function () {\n\t\t\tjQuery(this).hide(\"slow\");\n\t\t });\n\t\t jQuery('#items_2589 .articles__item a.seemore').each(function () {\n\t\t\tjQuery(this).html(\"See more\");\n\t\t });\n\t\t jQuery('#items_2589 .articles__item').each(function () {\n\t\t\tjQuery(this).removeClass('on');\n\t\t });\n\t\t jQuery('#item_' + rand).addClass(\"on\");\n\t\t jQuery('#item_' + rand + ' .description').show(\"slow\");\n\t\t jQuery('#more' + rand).html(\"See less\");\n\t  } else {\n\t\t jQuery('#item_' + rand + ' .articles__item').removeClass(\"off\");\n\t\t jQuery('#item_' + rand + ' .description').hide(\"slow\");\n\t\t jQuery('#more' + rand).html(\"See more\");\n\t  }\n   }\n<\/script>\n<style>\n   div.articles__item.on .article-small .article__image,\n   .article-small .article__image:hover,\n   .article-small .article__image > img:hover {\n\t  filter: grayscale(0%);\n   }\n\n<\/style>\n\n\n\n<p><\/p>\n\n\n\n<h2 class=\"wp-block-heading\"><span style=\"text-decoration: underline;\">Friday 9\/6<\/span><\/h2>\n\n\n<div class=\"articles-small articles-small--richtext section__articles\">\n\t\t<div class=\"articles__items\" id=\"items_2864\">\n\t\t\t\t\t\t\t\t\t<div class=\"articles__item\" id=\"item_1757\">\n\t\t\t\t\t<div class=\"article-small article-small--reverse article-small--limit-title-3\">\n\t\t\t\t\t\t<div class=\"article__inner\">\n\t\t\t\t\t\t\t<div class=\"article__image\">\n\t\t\t\t\t\t\t\t<img loading=\"lazy\" decoding=\"async\" sizes=\"auto, (max-width: 300px) 100vw, 300px\" width=\"300\" height=\"169\" src=\"https:\/\/villa-albertine.org\/wp-content\/uploads\/2024\/07\/Screenshot-2024-07-16-120512.png\"\n\t\t\t\t\t\t\t\t\t  class=\"attachment-medium size-medium wp-post-image\">\n\t\t\t\t\t\t\t<\/div>\n\t\t\t\t\t\t\t<div class=\"article__content\">\n\t\t\t\t\t\t\t\t<div class=\"article__head\">\n\t\t\t\t\t\t\t\t\t<h3 style=\"margin-bottom: 0px\">Loup Sarion<\/h3>\n\t\t\t\t\t\t\t\t<\/div><!-- \/.article__head -->\n\t\t\t\t\t\t\t\t<div class=\"article__excerpt\" style=\"display: block\">\n\t\t\t\t\t\t\t\t\t<p>\n\t\t\t\t\t\t\t\t\t\t\t\t\t\t\t\t\t\t\t\t9\/6\/24 | 10am-2pm | 150 1st Ave, Manhattan\t\t\t\t\t\t\t\t\t\t\t\t\t\t\t\t\t\t\t\t\t<br><a href=\"https:\/\/vip.villa-albertine.org\/_vkwjm\" target=\"\"\n\t\t\t\t\t\t\t\t\t\t\t\t\t title=\"Register\">Register<\/a>\n\t\t\t\t\t\t\t\t\t\t\t\t\t\t\t\t\t\t\t\t<br>Studio Visit \t\t\t\t\t\t\t\t\t<\/p>\n\n\t\t\t\t\t\t\t\t<\/div><!-- \/.article__excerpt -->\n\t\t\t\t\t\t\t\t<a class=\"seemore\" id=\"more1757\" onclick=\"toggleDescs(1757);\">See more<\/a>\n\t\t\t\t\t\t\t\t<div class=\"description\" style=\"display: none;\">\n\t\t\t\t\t\t\t\t\t<p>\n\t\t\t\t\t\t\t\t\t\t<p>Artist Loup Sarion is pleased to welcome you to his East Village studio for a coffee meet-and-greet.<\/p>\n<p>Loup Sarion\u2019s sculptures tell stories through forms that blur the line between objects and bodies. They sometimes flirt with abstraction or create unusual scale relationships. There&#8217;s a subtle sensuality that invites touch and stirs longing. Sarion explores the idea of sweaty, textured skin and the &#8220;mechanics of desire.&#8221;<\/p>\n<p>Discover his work <a href=\"http:\/\/www.loupsarion.com\">here,<\/a> or on his Instagram page\u00a0<a href=\"https:\/\/www.instagram.com\/iciloup\/\">here<\/a>.<\/p>\n<p>For more information about Loup Sarion&#8217;s gallery, Berthold Pott, click <a href=\"http:\/\/www.bertholdpott.com\">here<\/a>.<\/p>\n<p><strong>Please enter through Performance Space NY.\u00a0 The studio, No. 3-11, is located on the third floor of the building.<\/strong><\/p>\n\t\t\t\t\t\t\t\t\t<\/p>\n\t\t\t\t\t\t\t\t<\/div>\n\t\t\t\t\t\t\t<\/div><!-- \/.article__content -->\n\t\t\t\t\t\t<\/div>\n\t\t\t\t\t<\/div>\n\t\t\t\t<\/div>\n\t\t\t\t\t\t\t<div class=\"articles__item\" id=\"item_1988\">\n\t\t\t\t\t<div class=\"article-small article-small--reverse article-small--limit-title-3\">\n\t\t\t\t\t\t<div class=\"article__inner\">\n\t\t\t\t\t\t\t<div class=\"article__image\">\n\t\t\t\t\t\t\t\t<img loading=\"lazy\" decoding=\"async\" sizes=\"auto, (max-width: 300px) 100vw, 300px\" width=\"300\" height=\"169\" src=\"https:\/\/villa-albertine.org\/wp-content\/uploads\/2024\/07\/Screenshot-2024-07-19-110527.png\"\n\t\t\t\t\t\t\t\t\t  class=\"attachment-medium size-medium wp-post-image\">\n\t\t\t\t\t\t\t<\/div>\n\t\t\t\t\t\t\t<div class=\"article__content\">\n\t\t\t\t\t\t\t\t<div class=\"article__head\">\n\t\t\t\t\t\t\t\t\t<h3 style=\"margin-bottom: 0px\">Camille de Galbert x Roxane Revon x Z\u00fcrcher Gallery <\/h3>\n\t\t\t\t\t\t\t\t<\/div><!-- \/.article__head -->\n\t\t\t\t\t\t\t\t<div class=\"article__excerpt\" style=\"display: block\">\n\t\t\t\t\t\t\t\t\t<p>\n\t\t\t\t\t\t\t\t\t\t\t\t\t\t\t\t\t\t\t\t9\/6\/24 | 2pm |\u202fZ\u00fcrcher Gallery, 33 Bleecker St, Manhattan\t\t\t\t\t\t\t\t\t\t\t\t\t\t\t\t\t\t\t\t\t<br><a href=\"https:\/\/vip.villa-albertine.org\/_pe3w0\" target=\"\"\n\t\t\t\t\t\t\t\t\t\t\t\t\t title=\"Register\">Register<\/a>\n\t\t\t\t\t\t\t\t\t\t\t\t\t\t\t\t\t\t\t\t<br>Private Exhibition Tour\t\t\t\t\t\t\t\t\t<\/p>\n\n\t\t\t\t\t\t\t\t<\/div><!-- \/.article__excerpt -->\n\t\t\t\t\t\t\t\t<a class=\"seemore\" id=\"more1988\" onclick=\"toggleDescs(1988);\">See more<\/a>\n\t\t\t\t\t\t\t\t<div class=\"description\" style=\"display: none;\">\n\t\t\t\t\t\t\t\t\t<p>\n\t\t\t\t\t\t\t\t\t\t<p>Z\u00fcrcher Gallery, Camille de Galbert, and Roxane Revon are pleased to invite you to an exclusive tour of <em>100 Women of Spirit +, <\/em>curated by Gwenolee Z\u00fcrcher. This tour will highlight Camille de Galbert and Roxane Revon&#8217;s participation in this exceptional group show.<\/p>\n<p>The 31st Edition of SALON Z\u00dcRCHER, a satellite fair of The Armory Show, invites a distinguished group of 11 women artists to show their work in the Z\u00fcrcher Gallery space on Bleecker Street in Manhattan. Femmes d\u2019esprit was an 18th-century French term that referred to independently-minded female painters, writers, and intellectuals, routinely under-recognized by their male contemporaries and publics. As a continuation of the project 11 Women of Spirit, which had 9 editions from 2020-2024, 100 Women of Spirit + involves the presence of the 11 participating artists. Salon Z\u00fcrcher offers collectors an intimate alternative to the large-scale, superstore style art fairs. Here, visitors have the rare chance to speak directly with the artists.<\/p>\n<p>Z\u00fcrcher Gallery is located in the East Village, within walking distance of the New Museum, the Lower East Side, and TriBeCa gallery districts.<\/p>\n<p>For more information, click <a href=\"https:\/\/www.galeriezurcher.com\/salon-zrcher-31st-edition-100-women-of-spirit-part-1-september-28-2024\">here<\/a>.<\/p>\n\t\t\t\t\t\t\t\t\t<\/p>\n\t\t\t\t\t\t\t\t<\/div>\n\t\t\t\t\t\t\t<\/div><!-- \/.article__content -->\n\t\t\t\t\t\t<\/div>\n\t\t\t\t\t<\/div>\n\t\t\t\t<\/div>\n\t\t\t\t\t\t\t<div class=\"articles__item\" id=\"item_1857\">\n\t\t\t\t\t<div class=\"article-small article-small--reverse article-small--limit-title-3\">\n\t\t\t\t\t\t<div class=\"article__inner\">\n\t\t\t\t\t\t\t<div class=\"article__image\">\n\t\t\t\t\t\t\t\t<img loading=\"lazy\" decoding=\"async\" sizes=\"auto, (max-width: 300px) 100vw, 300px\" width=\"300\" height=\"169\" src=\"https:\/\/villa-albertine.org\/wp-content\/uploads\/2024\/07\/edouard-nardon.jpg\"\n\t\t\t\t\t\t\t\t\t  class=\"attachment-medium size-medium wp-post-image\">\n\t\t\t\t\t\t\t<\/div>\n\t\t\t\t\t\t\t<div class=\"article__content\">\n\t\t\t\t\t\t\t\t<div class=\"article__head\">\n\t\t\t\t\t\t\t\t\t<h3 style=\"margin-bottom: 0px\">\u00c9douard Nardon <\/h3>\n\t\t\t\t\t\t\t\t<\/div><!-- \/.article__head -->\n\t\t\t\t\t\t\t\t<div class=\"article__excerpt\" style=\"display: block\">\n\t\t\t\t\t\t\t\t\t<p>\n\t\t\t\t\t\t\t\t\t\t\t\t\t\t\t\t\t\t\t\t9\/6\/24 | 2pm-6pm |\u202f 264 Canal St, Manhattan\t\t\t\t\t\t\t\t\t\t\t\t\t\t\t\t\t\t\t\t\t<br><a href=\"https:\/\/vip.villa-albertine.org\/_8x048\" target=\"\"\n\t\t\t\t\t\t\t\t\t\t\t\t\t title=\"Register\">Register<\/a>\n\t\t\t\t\t\t\t\t\t\t\t\t\t\t\t\t\t\t\t\t<br>Studio Visit\t\t\t\t\t\t\t\t\t<\/p>\n\n\t\t\t\t\t\t\t\t<\/div><!-- \/.article__excerpt -->\n\t\t\t\t\t\t\t\t<a class=\"seemore\" id=\"more1857\" onclick=\"toggleDescs(1857);\">See more<\/a>\n\t\t\t\t\t\t\t\t<div class=\"description\" style=\"display: none;\">\n\t\t\t\t\t\t\t\t\t<p>\n\t\t\t\t\t\t\t\t\t\t<p>Join \u00c9douard Nardon for an exclusive visit of his New York studio.<\/p>\n<p>\u00c9douard Nardon (b. 1978) is a French visual artist currently living and working in New York City. His paintings explore notions of esoteric symbolism, physical development, and subconscious materializations.<\/p>\n<p>Discover \u00c9douard Nardon&#8217;s work <a href=\"http:\/\/edouardnardon.com\">here<\/a> and <a href=\"https:\/\/theaddressgallery.com\/edouard-nardon\/#NardonBio\">here<\/a> or on Instagram <a href=\"https:\/\/www.instagram.com\/ed.nardon\/\">here<\/a>.<\/p>\n<p><strong>The studio is located at Unit 501 W, accessible through Elevator 5W.<\/strong><\/p>\n\t\t\t\t\t\t\t\t\t<\/p>\n\t\t\t\t\t\t\t\t<\/div>\n\t\t\t\t\t\t\t<\/div><!-- \/.article__content -->\n\t\t\t\t\t\t<\/div>\n\t\t\t\t\t<\/div>\n\t\t\t\t<\/div>\n\t\t\t\t\t\t\t<div class=\"articles__item\" id=\"item_1811\">\n\t\t\t\t\t<div class=\"article-small article-small--reverse article-small--limit-title-3\">\n\t\t\t\t\t\t<div class=\"article__inner\">\n\t\t\t\t\t\t\t<div class=\"article__image\">\n\t\t\t\t\t\t\t\t<img loading=\"lazy\" decoding=\"async\" sizes=\"auto, (max-width: 300px) 100vw, 300px\" width=\"300\" height=\"169\" src=\"https:\/\/villa-albertine.org\/wp-content\/uploads\/2024\/07\/KIRILI-6-Totem-Palais-Royal-2005-\u00a9Lecat-scaled.jpg\"\n\t\t\t\t\t\t\t\t\t  class=\"attachment-medium size-medium wp-post-image\">\n\t\t\t\t\t\t\t<\/div>\n\t\t\t\t\t\t\t<div class=\"article__content\">\n\t\t\t\t\t\t\t\t<div class=\"article__head\">\n\t\t\t\t\t\t\t\t\t<h3 style=\"margin-bottom: 0px\">Alain Kirili x SLAG&amp;RX<\/h3>\n\t\t\t\t\t\t\t\t<\/div><!-- \/.article__head -->\n\t\t\t\t\t\t\t\t<div class=\"article__excerpt\" style=\"display: block\">\n\t\t\t\t\t\t\t\t\t<p>\n\t\t\t\t\t\t\t\t\t\t\t\t\t\t\t\t\t\t\t\t9\/6\/24 | 5pm |\u202f 522 W 19th St, Manhattan \t\t\t\t\t\t\t\t\t\t\t\t\t\t\t\t\t\t\t\t\t<br><a href=\"https:\/\/vip.villa-albertine.org\/_5n433\" target=\"\"\n\t\t\t\t\t\t\t\t\t\t\t\t\t title=\"Register\">Register<\/a>\n\t\t\t\t\t\t\t\t\t\t\t\t\t\t\t\t\t\t\t\t<br>Private Exhibition Tour \t\t\t\t\t\t\t\t\t<\/p>\n\n\t\t\t\t\t\t\t\t<\/div><!-- \/.article__excerpt -->\n\t\t\t\t\t\t\t\t<a class=\"seemore\" id=\"more1811\" onclick=\"toggleDescs(1811);\">See more<\/a>\n\t\t\t\t\t\t\t\t<div class=\"description\" style=\"display: none;\">\n\t\t\t\t\t\t\t\t\t<p>\n\t\t\t\t\t\t\t\t\t\t<p>SLAG&amp;RX, New York is delighted to invite you to a preview guided tour of the new Alain Kirili exhibition, curated by Eric Dereumaux, before its official opening.<\/p>\n<p>Alain Kirili (1946, Paris &#8211; 2021, New York) was a French-American sculptor known for his exploration of verticality and modeling. His work highlights an \u201caesthetics of spontaneity\u201d and strives for formal unity through a diverse range of materials, all in pursuit of \u201corganic simplicity.\u201d Kirili made significant contributions to public art, including monumental sculptures at the University of Bourgogne in Dijon, as well as in Paris and Grenoble. Notably, he was commissioned by the Minist\u00e8re de la Culture to install a prominent 20th-century sculpture in the Tuileries Gardens in Paris.<\/p>\n<p>This exhibition will feature a sculpture from Kirili\u2019s Totem series, displayed in the gallery patio, alongside another piece from the same series recently acquired by the Princeton University Art Museum through the generous donation of renowned collector Agnes Gund.<\/p>\n<p><a href=\"https:\/\/www.slaggallery.com\/\">SLAG&amp;RX, Paris &#8211; New York<\/a>, represents the Alain Kirili estate.<\/p>\n\t\t\t\t\t\t\t\t\t<\/p>\n\t\t\t\t\t\t\t\t<\/div>\n\t\t\t\t\t\t\t<\/div><!-- \/.article__content -->\n\t\t\t\t\t\t<\/div>\n\t\t\t\t\t<\/div>\n\t\t\t\t<\/div>\n\t\t\t\t\t\t\t<div class=\"articles__item\" id=\"item_1394\">\n\t\t\t\t\t<div class=\"article-small article-small--reverse article-small--limit-title-3\">\n\t\t\t\t\t\t<div class=\"article__inner\">\n\t\t\t\t\t\t\t<div class=\"article__image\">\n\t\t\t\t\t\t\t\t<img loading=\"lazy\" decoding=\"async\" sizes=\"auto, (max-width: 300px) 100vw, 300px\" width=\"300\" height=\"169\" src=\"https:\/\/villa-albertine.org\/wp-content\/uploads\/2024\/07\/Screenshot-2024-07-17-110506.png\"\n\t\t\t\t\t\t\t\t\t  class=\"attachment-medium size-medium wp-post-image\">\n\t\t\t\t\t\t\t<\/div>\n\t\t\t\t\t\t\t<div class=\"article__content\">\n\t\t\t\t\t\t\t\t<div class=\"article__head\">\n\t\t\t\t\t\t\t\t\t<h3 style=\"margin-bottom: 0px\">Robin Kid x Templon x \u00c9tant donn\u00e9s Reception <\/h3>\n\t\t\t\t\t\t\t\t<\/div><!-- \/.article__head -->\n\t\t\t\t\t\t\t\t<div class=\"article__excerpt\" style=\"display: block\">\n\t\t\t\t\t\t\t\t\t<p>\n\t\t\t\t\t\t\t\t\t\t\t\t\t\t\t\t\t\t\t\t9\/6\/24 | 6pm-8pm |\u202fTemplon, 293 10th Ave, Manhattan\t\t\t\t\t\t\t\t\t\t\t\t\t\t\t\t\t\t\t\t\t<br><a href=\"https:\/\/vip.villa-albertine.org\/_xxr1p\" target=\"\"\n\t\t\t\t\t\t\t\t\t\t\t\t\t title=\"Register\">Register<\/a>\n\t\t\t\t\t\t\t\t\t\t\t\t\t\t\t\t\t\t\t\t<br>Special Reception &amp; Private Exhibition Tour\t\t\t\t\t\t\t\t\t<\/p>\n\n\t\t\t\t\t\t\t\t<\/div><!-- \/.article__excerpt -->\n\t\t\t\t\t\t\t\t<a class=\"seemore\" id=\"more1394\" onclick=\"toggleDescs(1394);\">See more<\/a>\n\t\t\t\t\t\t\t\t<div class=\"description\" style=\"display: none;\">\n\t\t\t\t\t\t\t\t\t<p>\n\t\t\t\t\t\t\t\t\t\t<p>Villa Albertine, in partnership with Templon, is delighted to invite you to a tour of Robin Kid&#8217;s exhibition led by the artist.<\/p>\n<p>This private tour will be followed by a cocktail reception to announce the 2024 laureates of the \u00c9tant donn\u00e9s fund w<span class=\"ui-provider a b c d e f g h i j k l m n o p q r s t u v w x y z ab ac ae af ag ah ai aj ak\" dir=\"ltr\">ith the exclusive sponsorship of AXA. <\/span><\/p>\n<p><span class=\"ui-provider a b c d e f g h i j k l m n o p q r s t u v w x y z ab ac ae af ag ah ai aj ak\" dir=\"ltr\">In celebration of the 30th anniversary of \u00c9tant donn\u00e9s in New York, this event offers a unique opportunity to meet laureate curators, artists, and esteemed jury members as well as <\/span>Mohamed Bouabdallah, Cultural Counselor of France in the US and Director of Villa Albertine, along with partners of Villa Albertine.<\/p>\n<p>More information about <em>Searching For America <\/em>by Robin Kid can be found\u00a0<a href=\"https:\/\/www.templon.com\/exhibitions\/searching-for-america\/\">here<\/a>. For further details on the 2024 \u00c9tant donn\u00e9s grants, click <a href=\"#\" rel=\"noreferrer\">here<\/a>.<\/p>\n<p>Image caption :<\/p>\n<p><em>It Is New Venom<\/em>, 2023-2024. Oil on canvas, stainless steel, aluminum. Courtesy of the artist and Templon, Paris \u2013 Brussels &#8211; New York Photo<\/p>\n<p>\u00a9 2024 ROBIN KID &#8211; All rights reserved.<\/p>\n\t\t\t\t\t\t\t\t\t<\/p>\n\t\t\t\t\t\t\t\t<\/div>\n\t\t\t\t\t\t\t<\/div><!-- \/.article__content -->\n\t\t\t\t\t\t<\/div>\n\t\t\t\t\t<\/div>\n\t\t\t\t<\/div>\n\t\t\t\t\t\t<\/div>\n<\/div>\n<script>\n   function toggleDescs(rand) {\n\t  if (jQuery('#item_' + rand + ' .description').attr(\"style\") == \"display: none;\") {\n\t\t jQuery('#items_2864 .articles__item .description').each(function () {\n\t\t\tjQuery(this).hide(\"slow\");\n\t\t });\n\t\t jQuery('#items_2864 .articles__item a.seemore').each(function () {\n\t\t\tjQuery(this).html(\"See more\");\n\t\t });\n\t\t jQuery('#items_2864 .articles__item').each(function () {\n\t\t\tjQuery(this).removeClass('on');\n\t\t });\n\t\t jQuery('#item_' + rand).addClass(\"on\");\n\t\t jQuery('#item_' + rand + ' .description').show(\"slow\");\n\t\t jQuery('#more' + rand).html(\"See less\");\n\t  } else {\n\t\t jQuery('#item_' + rand + ' .articles__item').removeClass(\"off\");\n\t\t jQuery('#item_' + rand + ' .description').hide(\"slow\");\n\t\t jQuery('#more' + rand).html(\"See more\");\n\t  }\n   }\n<\/script>\n<style>\n   div.articles__item.on .article-small .article__image,\n   .article-small .article__image:hover,\n   .article-small .article__image > img:hover {\n\t  filter: grayscale(0%);\n   }\n\n<\/style>\n\n\n\n<p><\/p>\n\n\n\n<h2 class=\"wp-block-heading\"><span style=\"text-decoration: underline;\">Saturday 9\/7<\/span><\/h2>\n\n\n<div class=\"articles-small articles-small--richtext section__articles\">\n\t\t<div class=\"articles__items\" id=\"items_2403\">\n\t\t\t\t\t\t\t\t\t<div class=\"articles__item\" id=\"item_1458\">\n\t\t\t\t\t<div class=\"article-small article-small--reverse article-small--limit-title-3\">\n\t\t\t\t\t\t<div class=\"article__inner\">\n\t\t\t\t\t\t\t<div class=\"article__image\">\n\t\t\t\t\t\t\t\t<img loading=\"lazy\" decoding=\"async\" sizes=\"auto, (max-width: 300px) 100vw, 300px\" width=\"300\" height=\"169\" src=\"https:\/\/villa-albertine.org\/wp-content\/uploads\/2024\/07\/Screenshot-2024-08-21-120836.png\"\n\t\t\t\t\t\t\t\t\t  class=\"attachment-medium size-medium wp-post-image\">\n\t\t\t\t\t\t\t<\/div>\n\t\t\t\t\t\t\t<div class=\"article__content\">\n\t\t\t\t\t\t\t\t<div class=\"article__head\">\n\t\t\t\t\t\t\t\t\t<h3 style=\"margin-bottom: 0px\">S\u00e9bastien L\u00e9on Agneessens<\/h3>\n\t\t\t\t\t\t\t\t<\/div><!-- \/.article__head -->\n\t\t\t\t\t\t\t\t<div class=\"article__excerpt\" style=\"display: block\">\n\t\t\t\t\t\t\t\t\t<p>\n\t\t\t\t\t\t\t\t\t\t\t\t\t\t\t\t\t\t\t\t9\/7\/24 | 9am \u2013 11am | The Steinway Tower, 111 W 57th St., Manhattan\t\t\t\t\t\t\t\t\t\t\t\t\t\t\t\t\t\t\t\t\t<br><a href=\"https:\/\/vip.villa-albertine.org\/_l1pl8\" target=\"\"\n\t\t\t\t\t\t\t\t\t\t\t\t\t title=\"Register\">Register<\/a>\n\t\t\t\t\t\t\t\t\t\t\t\t\t\t\t\t\t\t\t\t<br>Breakfast &amp; Book Signing\t\t\t\t\t\t\t\t\t<\/p>\n\n\t\t\t\t\t\t\t\t<\/div><!-- \/.article__excerpt -->\n\t\t\t\t\t\t\t\t<a class=\"seemore\" id=\"more1458\" onclick=\"toggleDescs(1458);\">See more<\/a>\n\t\t\t\t\t\t\t\t<div class=\"description\" style=\"display: none;\">\n\t\t\t\t\t\t\t\t\t<p>\n\t\t\t\t\t\t\t\t\t\t<p>Join S\u00e9bastien L\u00e9on Agneessens and Bienvenu Steinberg &amp; C, in collaboration with Galerie Gabriel, for an exclusive breakfast event with stunning views over Central Park, at the iconic Steinway Tower. This intimate gathering will feature a conversation between contemporary art and collectible design curated by Valerie Cueto.<\/p>\n<p>This event celebrates S\u00e9bastien L\u00e9on Agneessens\u2019 presentation and sonic performance at NADA House on Governors Island, on view through October 1, 2024.<\/p>\n<p>French-born, Los Angeles-based artist S\u00e9bastien L\u00e9on Agneessens psychodessins channel the automatic drawing process popularized by Andr\u00e9 Masson and other Paris Surrealists. These works embody the energy of waking dreams\u2014organic color washes spread like waves, as overlapping ink drawings reveal emergent figures and images from the collective subconscious. L\u00e9on Agneessens is renowned for orchestrating global artistic platforms for brands such as Samsung, Audemars Piguet, Diesel, and Krug, collaborating with creative talents like Banksy, Run-DMC, and Fran\u00e7ois Girbaud, as well as institutions like the Whitney Museum, Palais de Tokyo, and the Dallas Symphony Orchestra.<\/p>\n<p>He is currently the artist-in-residence at Ralph Pucci, where he has been invited to design a new line of furniture and objects.<\/p>\n\t\t\t\t\t\t\t\t\t<\/p>\n\t\t\t\t\t\t\t\t<\/div>\n\t\t\t\t\t\t\t<\/div><!-- \/.article__content -->\n\t\t\t\t\t\t<\/div>\n\t\t\t\t\t<\/div>\n\t\t\t\t<\/div>\n\t\t\t\t\t\t\t<div class=\"articles__item\" id=\"item_1304\">\n\t\t\t\t\t<div class=\"article-small article-small--reverse article-small--limit-title-3\">\n\t\t\t\t\t\t<div class=\"article__inner\">\n\t\t\t\t\t\t\t<div class=\"article__image\">\n\t\t\t\t\t\t\t\t<img loading=\"lazy\" decoding=\"async\" sizes=\"auto, (max-width: 300px) 100vw, 300px\" width=\"300\" height=\"169\" src=\"https:\/\/villa-albertine.org\/wp-content\/uploads\/2024\/07\/Screenshot-2024-08-05-103033.png\"\n\t\t\t\t\t\t\t\t\t  class=\"attachment-medium size-medium wp-post-image\">\n\t\t\t\t\t\t\t<\/div>\n\t\t\t\t\t\t\t<div class=\"article__content\">\n\t\t\t\t\t\t\t\t<div class=\"article__head\">\n\t\t\t\t\t\t\t\t\t<h3 style=\"margin-bottom: 0px\">Roman Cochet<\/h3>\n\t\t\t\t\t\t\t\t<\/div><!-- \/.article__head -->\n\t\t\t\t\t\t\t\t<div class=\"article__excerpt\" style=\"display: block\">\n\t\t\t\t\t\t\t\t\t<p>\n\t\t\t\t\t\t\t\t\t\t\t\t\t\t\t\t\t\t\t\t09\/07\/24 | 10am &#8211; 4pm |  40 Park St., Brooklyn\t\t\t\t\t\t\t\t\t\t\t\t\t\t\t\t\t\t\t\t\t<br><a href=\"https:\/\/vip.villa-albertine.org\/_d96rr\" target=\"\"\n\t\t\t\t\t\t\t\t\t\t\t\t\t title=\"Register\">Register<\/a>\n\t\t\t\t\t\t\t\t\t\t\t\t\t\t\t\t\t\t\t\t<br>Studio Visit\t\t\t\t\t\t\t\t\t<\/p>\n\n\t\t\t\t\t\t\t\t<\/div><!-- \/.article__excerpt -->\n\t\t\t\t\t\t\t\t<a class=\"seemore\" id=\"more1304\" onclick=\"toggleDescs(1304);\">See more<\/a>\n\t\t\t\t\t\t\t\t<div class=\"description\" style=\"display: none;\">\n\t\t\t\t\t\t\t\t\t<p>\n\t\t\t\t\t\t\t\t\t\t<p>Roman Cochet\u2019s paintings are a contemplation on human contingency\u2014the unpredictable, fragile nature of existence\u2014and the haunting question of what remains when something has disappeared. Contingency, in this context, speaks to the inherent uncertainty and transience of life, where every moment and form is subject to change, decay, or transformation.<\/p>\n<p>This uncertainty parallels the theme of \u201cDeep History\u201d in his work, where the remnants of the past persist &#8211; lingering as both memory and trace &#8211; emphasizing on the human experience within the vast, layered timelines of the Earth and its biological processes. In these ruins, he explores the tension between loss and regeneration, where what has vanished leaves behind echoes that continue to shape the present.<\/p>\n<p>Hybridity emerges as a life force in these spaces, reflecting on how new forms of life and meaning can arise from the debris of the old. Cochet\u2019s paintings are a dialogue between the past and the present, the human and the non-human, the seen and the unseen\u2014a reflection on what it means to live within the ever-shifting currents of time and existence.<\/p>\n\t\t\t\t\t\t\t\t\t<\/p>\n\t\t\t\t\t\t\t\t<\/div>\n\t\t\t\t\t\t\t<\/div><!-- \/.article__content -->\n\t\t\t\t\t\t<\/div>\n\t\t\t\t\t<\/div>\n\t\t\t\t<\/div>\n\t\t\t\t\t\t\t<div class=\"articles__item\" id=\"item_1387\">\n\t\t\t\t\t<div class=\"article-small article-small--reverse article-small--limit-title-3\">\n\t\t\t\t\t\t<div class=\"article__inner\">\n\t\t\t\t\t\t\t<div class=\"article__image\">\n\t\t\t\t\t\t\t\t<img loading=\"lazy\" decoding=\"async\" sizes=\"auto, (max-width: 300px) 100vw, 300px\" width=\"300\" height=\"169\" src=\"https:\/\/villa-albertine.org\/wp-content\/uploads\/2024\/07\/e0490f48-9b7c-f12d-1898-0f1f6538a3ac-e1724184136414.png\"\n\t\t\t\t\t\t\t\t\t  class=\"attachment-medium size-medium wp-post-image\">\n\t\t\t\t\t\t\t<\/div>\n\t\t\t\t\t\t\t<div class=\"article__content\">\n\t\t\t\t\t\t\t\t<div class=\"article__head\">\n\t\t\t\t\t\t\t\t\t<h3 style=\"margin-bottom: 0px\">Nina Childress x Nathalie Karg Gallery at L\u2019Alliance New York<\/h3>\n\t\t\t\t\t\t\t\t<\/div><!-- \/.article__head -->\n\t\t\t\t\t\t\t\t<div class=\"article__excerpt\" style=\"display: block\">\n\t\t\t\t\t\t\t\t\t<p>\n\t\t\t\t\t\t\t\t\t\t\t\t\t\t\t\t\t\t\t\t09\/07\/24 | 10:15am &#8211; 11:15am | L&#039;Alliance New York, 22 E 60th St., Manhattan\t\t\t\t\t\t\t\t\t\t\t\t\t\t\t\t\t\t\t\t\t<br><a href=\"https:\/\/vip.villa-albertine.org\/_z6rw8\" target=\"\"\n\t\t\t\t\t\t\t\t\t\t\t\t\t title=\"Register\">Register<\/a>\n\t\t\t\t\t\t\t\t\t\t\t\t\t\t\t\t\t\t\t\t<br>Exhibition Tour \t\t\t\t\t\t\t\t\t<\/p>\n\n\t\t\t\t\t\t\t\t<\/div><!-- \/.article__excerpt -->\n\t\t\t\t\t\t\t\t<a class=\"seemore\" id=\"more1387\" onclick=\"toggleDescs(1387);\">See more<\/a>\n\t\t\t\t\t\t\t\t<div class=\"description\" style=\"display: none;\">\n\t\t\t\t\t\t\t\t\t<p>\n\t\t\t\t\t\t\t\t\t\t<p>L&#8217;Alliance New York and the artist Nina Childress invite you to a private tour of <em>Glowing Heads <\/em>led by Tatyana Franck, President of L&#8217;Alliance and co-curator of the exhibition.<\/p>\n<p>A living embodiment of American-French cultural exchange, the artist Nina Childress\u2014born in the US, working in France, and recently inducted into the Acad\u00e9mie des Beaux-Arts\u2014takes over L\u2019Alliance New York\u2019s public spaces with <em>Glowing Heads<\/em>, phosphorescent paintings presented in dark and Ultraviolet light. Combining a fluorescent pop sensibility with a gritty, punk-feminist reading of female representation in Western art history, Childress\u2019 works illuminate L\u2019Alliance New York\u2019s lobby and gallery spaces, offering audiences an unprecedented view of the artist\u2019s sly engagement with portraiture.<\/p>\n<p>More information about <em>Glowing Heads <\/em>by Nina Childress can be found <a href=\"https:\/\/lallianceny.org\/event\/glowing-heads\">here<\/a>.<\/p>\n\t\t\t\t\t\t\t\t\t<\/p>\n\t\t\t\t\t\t\t\t<\/div>\n\t\t\t\t\t\t\t<\/div><!-- \/.article__content -->\n\t\t\t\t\t\t<\/div>\n\t\t\t\t\t<\/div>\n\t\t\t\t<\/div>\n\t\t\t\t\t\t\t<div class=\"articles__item\" id=\"item_1046\">\n\t\t\t\t\t<div class=\"article-small article-small--reverse article-small--limit-title-3\">\n\t\t\t\t\t\t<div class=\"article__inner\">\n\t\t\t\t\t\t\t<div class=\"article__image\">\n\t\t\t\t\t\t\t\t<img loading=\"lazy\" decoding=\"async\" sizes=\"auto, (max-width: 300px) 100vw, 300px\" width=\"300\" height=\"169\" src=\"https:\/\/villa-albertine.org\/wp-content\/uploads\/2024\/07\/Screenshot-2024-07-16-115654.png\"\n\t\t\t\t\t\t\t\t\t  class=\"attachment-medium size-medium wp-post-image\">\n\t\t\t\t\t\t\t<\/div>\n\t\t\t\t\t\t\t<div class=\"article__content\">\n\t\t\t\t\t\t\t\t<div class=\"article__head\">\n\t\t\t\t\t\t\t\t\t<h3 style=\"margin-bottom: 0px\">Roxane Revon x PICTO NY<\/h3>\n\t\t\t\t\t\t\t\t<\/div><!-- \/.article__head -->\n\t\t\t\t\t\t\t\t<div class=\"article__excerpt\" style=\"display: block\">\n\t\t\t\t\t\t\t\t\t<p>\n\t\t\t\t\t\t\t\t\t\t\t\t\t\t\t\t\t\t\t\t9\/7\/24 | 11am |  PICTO New York, 77 Washington Ave, Brooklyn\t\t\t\t\t\t\t\t\t\t\t\t\t\t\t\t\t\t\t\t\t<br><a href=\"https:\/\/vip.villa-albertine.org\/_49lrd\" target=\"\"\n\t\t\t\t\t\t\t\t\t\t\t\t\t title=\"Register\">Register<\/a>\n\t\t\t\t\t\t\t\t\t\t\t\t\t\t\t\t\t\t\t\t<br>Private Exhibition Tour\t\t\t\t\t\t\t\t\t<\/p>\n\n\t\t\t\t\t\t\t\t<\/div><!-- \/.article__excerpt -->\n\t\t\t\t\t\t\t\t<a class=\"seemore\" id=\"more1046\" onclick=\"toggleDescs(1046);\">See more<\/a>\n\t\t\t\t\t\t\t\t<div class=\"description\" style=\"display: none;\">\n\t\t\t\t\t\t\t\t\t<p>\n\t\t\t\t\t\t\t\t\t\t<p>Join us for an exclusive presentation of multi-disciplinary artist <a href=\"https:\/\/nam11.safelinks.protection.outlook.com\/?url=https%3A%2F%2Ffrenchculture.us6.list-manage.com%2Ftrack%2Fclick%3Fu%3D21f7f44cb4b9240ee43deb571%26id%3D0b39174669%26e%3D1f4d026ae9&amp;data=05%7C02%7Cvisualarts%40villa-albertine.org%7C80c4a3f6c6304af48a0708dcc3bc1f21%7C2d6ab33a15c04d1eb0363b23ceb26830%7C0%7C0%7C638600460023790882%7CUnknown%7CTWFpbGZsb3d8eyJWIjoiMC4wLjAwMDAiLCJQIjoiV2luMzIiLCJBTiI6Ik1haWwiLCJXVCI6Mn0%3D%7C0%7C%7C%7C&amp;sdata=xOWxwnMS7NURWEdT6mVsBylQTnzjduqZVy1XCdRoN2A%3D&amp;reserved=0\">Roxane Revon<\/a>\u2019s bio art installations and a tour of PICTO NY photo lab with Julien Alamo, founder of\u00a0<a href=\"https:\/\/nam11.safelinks.protection.outlook.com\/?url=https%3A%2F%2Ffrenchculture.us6.list-manage.com%2Ftrack%2Fclick%3Fu%3D21f7f44cb4b9240ee43deb571%26id%3D9ed8c57a32%26e%3D1f4d026ae9&amp;data=05%7C02%7Cvisualarts%40villa-albertine.org%7C80c4a3f6c6304af48a0708dcc3bc1f21%7C2d6ab33a15c04d1eb0363b23ceb26830%7C0%7C0%7C638600460023802790%7CUnknown%7CTWFpbGZsb3d8eyJWIjoiMC4wLjAwMDAiLCJQIjoiV2luMzIiLCJBTiI6Ik1haWwiLCJXVCI6Mn0%3D%7C0%7C%7C%7C&amp;sdata=WfjW7H8Ozu9%2BLFjhTkxdTQ39REeQZHLOgL53HT5HeYw%3D&amp;reserved=0\">PICTO NY<\/a>.<\/p>\n<p>Roxane Revon (b. 1986, Paris, France) is a multi-disciplinary Brooklyn based artist who works across bio art, scenography and installations. She conducts experiments with bio materials to create interconnected systems that challenge our relationships and views on life, time and memories. Through drawings, mycelium sculptures and evolutive multimedia installations, she invites the public to reconsider the supposedly static and timeless environment, revealing its profound vitality and history as an integral component of the larger web of human life. By observing and collaborating with plant roots, mycelium and bacteria, she also explores the themes of transformation and our responsibility towards the world we inhabit.<\/p>\n\t\t\t\t\t\t\t\t\t<\/p>\n\t\t\t\t\t\t\t\t<\/div>\n\t\t\t\t\t\t\t<\/div><!-- \/.article__content -->\n\t\t\t\t\t\t<\/div>\n\t\t\t\t\t<\/div>\n\t\t\t\t<\/div>\n\t\t\t\t\t\t\t<div class=\"articles__item\" id=\"item_1510\">\n\t\t\t\t\t<div class=\"article-small article-small--reverse article-small--limit-title-3\">\n\t\t\t\t\t\t<div class=\"article__inner\">\n\t\t\t\t\t\t\t<div class=\"article__image\">\n\t\t\t\t\t\t\t\t<img loading=\"lazy\" decoding=\"async\" sizes=\"auto, (max-width: 300px) 100vw, 300px\" width=\"300\" height=\"169\" src=\"https:\/\/villa-albertine.org\/wp-content\/uploads\/2024\/07\/Screenshot-2024-07-16-100716-1.png\"\n\t\t\t\t\t\t\t\t\t  class=\"attachment-medium size-medium wp-post-image\">\n\t\t\t\t\t\t\t<\/div>\n\t\t\t\t\t\t\t<div class=\"article__content\">\n\t\t\t\t\t\t\t\t<div class=\"article__head\">\n\t\t\t\t\t\t\t\t\t<h3 style=\"margin-bottom: 0px\">Guillaume Bresson<\/h3>\n\t\t\t\t\t\t\t\t<\/div><!-- \/.article__head -->\n\t\t\t\t\t\t\t\t<div class=\"article__excerpt\" style=\"display: block\">\n\t\t\t\t\t\t\t\t\t<p>\n\t\t\t\t\t\t\t\t\t\t\t\t\t\t\t\t\t\t\t\t09\/7\/24 | 11am &#8211; 3pm |  67 W St., Brooklyn\t\t\t\t\t\t\t\t\t\t\t\t\t\t\t\t\t\t\t\t\t<br><a href=\"https:\/\/vip.villa-albertine.org\/_wzrlj\" target=\"\"\n\t\t\t\t\t\t\t\t\t\t\t\t\t title=\"Register\">Register<\/a>\n\t\t\t\t\t\t\t\t\t\t\t\t\t\t\t\t\t\t\t\t<br>Studio Visit\t\t\t\t\t\t\t\t\t<\/p>\n\n\t\t\t\t\t\t\t\t<\/div><!-- \/.article__excerpt -->\n\t\t\t\t\t\t\t\t<a class=\"seemore\" id=\"more1510\" onclick=\"toggleDescs(1510);\">See more<\/a>\n\t\t\t\t\t\t\t\t<div class=\"description\" style=\"display: none;\">\n\t\t\t\t\t\t\t\t\t<p>\n\t\t\t\t\t\t\t\t\t\t<p>Join artist Guillaume Bresson for a personalized tour of his Brooklyn studio.<\/p>\n<p>Guillaume Bresson is represented by <a href=\"https:\/\/www.nathalieobadia.com\/fr\/artists\/36-guillaume-bresson\/overview\/\">Galerie Nathalie Obadia<\/a> (Paris, Bruxelles).<\/p>\n\t\t\t\t\t\t\t\t\t<\/p>\n\t\t\t\t\t\t\t\t<\/div>\n\t\t\t\t\t\t\t<\/div><!-- \/.article__content -->\n\t\t\t\t\t\t<\/div>\n\t\t\t\t\t<\/div>\n\t\t\t\t<\/div>\n\t\t\t\t\t\t\t<div class=\"articles__item\" id=\"item_1724\">\n\t\t\t\t\t<div class=\"article-small article-small--reverse article-small--limit-title-3\">\n\t\t\t\t\t\t<div class=\"article__inner\">\n\t\t\t\t\t\t\t<div class=\"article__image\">\n\t\t\t\t\t\t\t\t<img loading=\"lazy\" decoding=\"async\" sizes=\"auto, (max-width: 300px) 100vw, 300px\" width=\"300\" height=\"169\" src=\"https:\/\/villa-albertine.org\/wp-content\/uploads\/2024\/07\/Vallois-Villegle_Mairie-de-Penhars.jpg\"\n\t\t\t\t\t\t\t\t\t  class=\"attachment-medium size-medium wp-post-image\">\n\t\t\t\t\t\t\t<\/div>\n\t\t\t\t\t\t\t<div class=\"article__content\">\n\t\t\t\t\t\t\t\t<div class=\"article__head\">\n\t\t\t\t\t\t\t\t\t<h3 style=\"margin-bottom: 0px\">Jacques Villegl\u00e9 x Fleiss-Vallois<\/h3>\n\t\t\t\t\t\t\t\t<\/div><!-- \/.article__head -->\n\t\t\t\t\t\t\t\t<div class=\"article__excerpt\" style=\"display: block\">\n\t\t\t\t\t\t\t\t\t<p>\n\t\t\t\t\t\t\t\t\t\t\t\t\t\t\t\t\t\t\t\t09\/7\/24 | 12pm &#8211; 6pm |  Fleiss-Vallois, 1018 Madison Ave, Manhattan \t\t\t\t\t\t\t\t\t\t\t\t\t\t\t\t\t\t\t\t\t<br><a href=\"https:\/\/vip.villa-albertine.org\/_enw13\" target=\"_blank\"\n\t\t\t\t\t\t\t\t\t\t\t\t\t title=\"Register\">Register<\/a>\n\t\t\t\t\t\t\t\t\t\t\t\t\t\t\t\t\t\t\t\t<br>Private Exhibition Tour \t\t\t\t\t\t\t\t\t<\/p>\n\n\t\t\t\t\t\t\t\t<\/div><!-- \/.article__excerpt -->\n\t\t\t\t\t\t\t\t<a class=\"seemore\" id=\"more1724\" onclick=\"toggleDescs(1724);\">See more<\/a>\n\t\t\t\t\t\t\t\t<div class=\"description\" style=\"display: none;\">\n\t\t\t\t\t\t\t\t\t<p>\n\t\t\t\t\t\t\t\t\t\t<p>Fleiss-Vallois is pleased to invite you to a private tour of <i>Jacques Villegl\u00e9: <\/i><i>The French Fl\u00e2neur (Works from 1947 to 2006), <\/i>presented by Galerie Georges Philippe &amp; Nathalie Vallois. This is the first exhibition of seminal Nouveau R\u00e9alisme artist Jacques Villegl\u00e9\u2019s work in New York in over 20 years and the first since his passing in 2022.<\/p>\n<p>More information about <i>Jacques Villegl\u00e9: <\/i><i>The French Fl\u00e2neur (Works from 1947 to 2006) <\/i>can be found <a href=\"https:\/\/fleiss-vallois.com\/exhibitions\/jacques-villegle-the-french-flaneur-works-from-1947-to-2006\/\">here<\/a>.<\/p>\n\t\t\t\t\t\t\t\t\t<\/p>\n\t\t\t\t\t\t\t\t<\/div>\n\t\t\t\t\t\t\t<\/div><!-- \/.article__content -->\n\t\t\t\t\t\t<\/div>\n\t\t\t\t\t<\/div>\n\t\t\t\t<\/div>\n\t\t\t\t\t\t\t<div class=\"articles__item\" id=\"item_1134\">\n\t\t\t\t\t<div class=\"article-small article-small--reverse article-small--limit-title-3\">\n\t\t\t\t\t\t<div class=\"article__inner\">\n\t\t\t\t\t\t\t<div class=\"article__image\">\n\t\t\t\t\t\t\t\t<img loading=\"lazy\" decoding=\"async\" sizes=\"auto, (max-width: 300px) 100vw, 300px\" width=\"300\" height=\"169\" src=\"https:\/\/villa-albertine.org\/wp-content\/uploads\/2024\/07\/9685bbfa-ca3d-de74-8b5b-150946c744fc.png\"\n\t\t\t\t\t\t\t\t\t  class=\"attachment-medium size-medium wp-post-image\">\n\t\t\t\t\t\t\t<\/div>\n\t\t\t\t\t\t\t<div class=\"article__content\">\n\t\t\t\t\t\t\t\t<div class=\"article__head\">\n\t\t\t\t\t\t\t\t\t<h3 style=\"margin-bottom: 0px\">Camille de Galbert<\/h3>\n\t\t\t\t\t\t\t\t<\/div><!-- \/.article__head -->\n\t\t\t\t\t\t\t\t<div class=\"article__excerpt\" style=\"display: block\">\n\t\t\t\t\t\t\t\t\t<p>\n\t\t\t\t\t\t\t\t\t\t\t\t\t\t\t\t\t\t\t\t09\/07\/24 | 2pm &#8211; 6pm | The Invisible Dog, 51 Bergen St., Brooklyn\t\t\t\t\t\t\t\t\t\t\t\t\t\t\t\t\t\t\t\t\t<br><a href=\"https:\/\/vip.villa-albertine.org\/_18wem\" target=\"\"\n\t\t\t\t\t\t\t\t\t\t\t\t\t title=\"Register\">Register<\/a>\n\t\t\t\t\t\t\t\t\t\t\t\t\t\t\t\t\t\t\t\t<br>Studio Visit\t\t\t\t\t\t\t\t\t<\/p>\n\n\t\t\t\t\t\t\t\t<\/div><!-- \/.article__excerpt -->\n\t\t\t\t\t\t\t\t<a class=\"seemore\" id=\"more1134\" onclick=\"toggleDescs(1134);\">See more<\/a>\n\t\t\t\t\t\t\t\t<div class=\"description\" style=\"display: none;\">\n\t\t\t\t\t\t\t\t\t<p>\n\t\t\t\t\t\t\t\t\t\t<p>Artist Camille de Galbert welcomes you to her Brooklyn studio for a screening of a film by Douglas Adesko about her practice, followed by an exclusive presentation of her works.<\/p>\n<p>Born in 1982, Camille de Galbert is a French-American multidisciplinary artist based in New York. Her practice moves seamlessly between encaustic painting and sculpture, drawing and film. Whatever the medium she uses, this self-taught visual artist draws heavily upon movement and her past experience as a dancer.<\/p>\n<p>Camille de Galbert\u2019s work revels in form, volume and texture.\u00a0 She uses repetitive and accumulative mark-making as a way to explore the structures and shapes of organic matter. Her work relies on intuitive layers of materials, feelings and memory. Using wax, latex or silicone some shapes evoke the sedimentation of time, some feel like smooth skins, others can seem like distorted bodies.<\/p>\n\t\t\t\t\t\t\t\t\t<\/p>\n\t\t\t\t\t\t\t\t<\/div>\n\t\t\t\t\t\t\t<\/div><!-- \/.article__content -->\n\t\t\t\t\t\t<\/div>\n\t\t\t\t\t<\/div>\n\t\t\t\t<\/div>\n\t\t\t\t\t\t\t<div class=\"articles__item\" id=\"item_1851\">\n\t\t\t\t\t<div class=\"article-small article-small--reverse article-small--limit-title-3\">\n\t\t\t\t\t\t<div class=\"article__inner\">\n\t\t\t\t\t\t\t<div class=\"article__image\">\n\t\t\t\t\t\t\t\t<img loading=\"lazy\" decoding=\"async\" sizes=\"auto, (max-width: 300px) 100vw, 300px\" width=\"300\" height=\"169\" src=\"https:\/\/villa-albertine.org\/wp-content\/uploads\/2024\/07\/Screenshot-2024-07-16-102546.jpg\"\n\t\t\t\t\t\t\t\t\t  class=\"attachment-medium size-medium wp-post-image\">\n\t\t\t\t\t\t\t<\/div>\n\t\t\t\t\t\t\t<div class=\"article__content\">\n\t\t\t\t\t\t\t\t<div class=\"article__head\">\n\t\t\t\t\t\t\t\t\t<h3 style=\"margin-bottom: 0px\">Alexandre Lenoir x Almine Rech<\/h3>\n\t\t\t\t\t\t\t\t<\/div><!-- \/.article__head -->\n\t\t\t\t\t\t\t\t<div class=\"article__excerpt\" style=\"display: block\">\n\t\t\t\t\t\t\t\t\t<p>\n\t\t\t\t\t\t\t\t\t\t\t\t\t\t\t\t\t\t\t\t09\/7\/24 | 3pm |  Almine Rech 361 Broadway, Manhattan\t\t\t\t\t\t\t\t\t\t\t\t\t\t\t\t\t\t\t\t\t<br><a href=\"https:\/\/vip.villa-albertine.org\/_vkwvd\" target=\"\"\n\t\t\t\t\t\t\t\t\t\t\t\t\t title=\"Register\">Register<\/a>\n\t\t\t\t\t\t\t\t\t\t\t\t\t\t\t\t\t\t\t\t<br>Private Exhibition Tour\t\t\t\t\t\t\t\t\t<\/p>\n\n\t\t\t\t\t\t\t\t<\/div><!-- \/.article__excerpt -->\n\t\t\t\t\t\t\t\t<a class=\"seemore\" id=\"more1851\" onclick=\"toggleDescs(1851);\">See more<\/a>\n\t\t\t\t\t\t\t\t<div class=\"description\" style=\"display: none;\">\n\t\t\t\t\t\t\t\t\t<p>\n\t\t\t\t\t\t\t\t\t\t<p>Almine Rech and artist Alexandre Lenoir invite you to a tour of\u00a0<em>Between Dogs and Wolves,<\/em>\u00a0an exhibition curated by Joachim Pissarro.<\/p>\n<p>In Alexandre Lenoir\u2019s solo exhibition at Almine Rech Gallery in New York, the top left corner of one of his canvases contains the enigmatic and alluring phrase \u201cTape the sky at the beginning.\u201d Direct and instructional, yet profound and poetic, this phrase illuminates the crux of Lenoir\u2019s distinctive artistic process and its rigorous, conceptual, physical, and metaphysical underpinnings.<\/p>\n<p>Alexandre Lenoir is represented by <a href=\"https:\/\/www.alminerech.com\/artists\/371-alexandre-lenoir\">Almine Rech<\/a>.<\/p>\n\t\t\t\t\t\t\t\t\t<\/p>\n\t\t\t\t\t\t\t\t<\/div>\n\t\t\t\t\t\t\t<\/div><!-- \/.article__content -->\n\t\t\t\t\t\t<\/div>\n\t\t\t\t\t<\/div>\n\t\t\t\t<\/div>\n\t\t\t\t\t\t\t<div class=\"articles__item\" id=\"item_1630\">\n\t\t\t\t\t<div class=\"article-small article-small--reverse article-small--limit-title-3\">\n\t\t\t\t\t\t<div class=\"article__inner\">\n\t\t\t\t\t\t\t<div class=\"article__image\">\n\t\t\t\t\t\t\t\t<img loading=\"lazy\" decoding=\"async\" sizes=\"auto, (max-width: 300px) 100vw, 300px\" width=\"300\" height=\"169\" src=\"https:\/\/villa-albertine.org\/wp-content\/uploads\/2024\/07\/17e3cf1e-e4d9-4582-7c7a-43ef908441d0.jpg\"\n\t\t\t\t\t\t\t\t\t  class=\"attachment-medium size-medium wp-post-image\">\n\t\t\t\t\t\t\t<\/div>\n\t\t\t\t\t\t\t<div class=\"article__content\">\n\t\t\t\t\t\t\t\t<div class=\"article__head\">\n\t\t\t\t\t\t\t\t\t<h3 style=\"margin-bottom: 0px\">Nday\u00e9 Kouagou x Ne\u00efla Czermak Ichti x Tarek Lakhrissi x Fragment Gallery<\/h3>\n\t\t\t\t\t\t\t\t<\/div><!-- \/.article__head -->\n\t\t\t\t\t\t\t\t<div class=\"article__excerpt\" style=\"display: block\">\n\t\t\t\t\t\t\t\t\t<p>\n\t\t\t\t\t\t\t\t\t\t\t\t\t\t\t\t\t\t\t\t09\/7\/24 | 4pm |  Fragment Gallery, 39 West 14th St., Manhattan\t\t\t\t\t\t\t\t\t\t\t\t\t\t\t\t\t\t\t\t\t<br><a href=\"https:\/\/vip.villa-albertine.org\/_z6vj8\" target=\"\"\n\t\t\t\t\t\t\t\t\t\t\t\t\t title=\"Register\">Register<\/a>\n\t\t\t\t\t\t\t\t\t\t\t\t\t\t\t\t\t\t\t\t<br>Private Exhibition Tour\t\t\t\t\t\t\t\t\t<\/p>\n\n\t\t\t\t\t\t\t\t<\/div><!-- \/.article__excerpt -->\n\t\t\t\t\t\t\t\t<a class=\"seemore\" id=\"more1630\" onclick=\"toggleDescs(1630);\">See more<\/a>\n\t\t\t\t\t\t\t\t<div class=\"description\" style=\"display: none;\">\n\t\t\t\t\t\t\t\t\t<p>\n\t\t\t\t\t\t\t\t\t\t<p>Nday\u00e9 Kouagou, Ne\u00efla Czermak Ichti, and Tarek Lakhrissi invite you to a private tour of their group show,\u00a0<em>Please Don&#8217;t Be Yourself<\/em>, curated by Nday\u00e9 Kouagou. The presentation will be led by Alexander Shchurenkov, curatorial director of Fragment Gallery.<\/p>\n<p>Nday\u00e9 Kouagou (b. 1992) is an artist and performer based in Paris. His practice revolves mainly around texts of which he is the author. Voluntarily or involuntarily confused, he tries as best he can to reflect on these 3 subjects: malaise, power and vulnerability. The result is&#8230; what it is. He describes his work as \u201cquite interesting, but not that interesting or maybe not interesting at all\u201d.<\/p>\n<p>Born in Bondy in 1996, Ne\u00efla Czermak Ichti lives and works in Marseille.<br \/>\nHer work moves between fiction and personal narrative. Her depictions of seemingly mundane, everyday scenes take on hidden, magical and invisible dimensions. In her drawings and paintings, she depicts the people in her life, be they family, friends, creatures from ancestral beliefs, or horrific and fantastic films. In her work, the monsters and hybrid beings that populate her universe act as protective figures, symbols of transitions and the unspoken. Ne\u00efla deals with inner journeys, solitude, stories and traumas handed down from generation to generation. She is represented by <a href=\"https:\/\/galerieannebarrault.com\/artiste\/neila-czermak-ichti\/\">Galerie Anne Barrault<\/a>.<\/p>\n<p>Tarek Lakhrissi (lives and works in Paris) is a French artist and poet with a background in literature who explores socio-political narratives through immersive installations in the form of texts, films, installations and performances, often in connection with queer and minority experiences in Europe.<\/p>\n\t\t\t\t\t\t\t\t\t<\/p>\n\t\t\t\t\t\t\t\t<\/div>\n\t\t\t\t\t\t\t<\/div><!-- \/.article__content -->\n\t\t\t\t\t\t<\/div>\n\t\t\t\t\t<\/div>\n\t\t\t\t<\/div>\n\t\t\t\t\t\t<\/div>\n<\/div>\n<script>\n   function toggleDescs(rand) {\n\t  if (jQuery('#item_' + rand + ' .description').attr(\"style\") == \"display: none;\") {\n\t\t jQuery('#items_2403 .articles__item .description').each(function () {\n\t\t\tjQuery(this).hide(\"slow\");\n\t\t });\n\t\t jQuery('#items_2403 .articles__item a.seemore').each(function () {\n\t\t\tjQuery(this).html(\"See more\");\n\t\t });\n\t\t jQuery('#items_2403 .articles__item').each(function () {\n\t\t\tjQuery(this).removeClass('on');\n\t\t });\n\t\t jQuery('#item_' + rand).addClass(\"on\");\n\t\t jQuery('#item_' + rand + ' .description').show(\"slow\");\n\t\t jQuery('#more' + rand).html(\"See less\");\n\t  } else {\n\t\t jQuery('#item_' + rand + ' .articles__item').removeClass(\"off\");\n\t\t jQuery('#item_' + rand + ' .description').hide(\"slow\");\n\t\t jQuery('#more' + rand).html(\"See more\");\n\t  }\n   }\n<\/script>\n<style>\n   div.articles__item.on .article-small .article__image,\n   .article-small .article__image:hover,\n   .article-small .article__image > img:hover {\n\t  filter: grayscale(0%);\n   }\n\n<\/style>\n\n\n\n<p><\/p>\n\n\n\n<h2 class=\"wp-block-heading\"><span style=\"text-decoration: underline;\">Sunday 9\/8<\/span><\/h2>\n\n\n<div class=\"articles-small articles-small--richtext section__articles\">\n\t\t<div class=\"articles__items\" id=\"items_2633\">\n\t\t\t\t\t\t\t\t\t<div class=\"articles__item\" id=\"item_1989\">\n\t\t\t\t\t<div class=\"article-small article-small--reverse article-small--limit-title-3\">\n\t\t\t\t\t\t<div class=\"article__inner\">\n\t\t\t\t\t\t\t<div class=\"article__image\">\n\t\t\t\t\t\t\t\t<img loading=\"lazy\" decoding=\"async\" sizes=\"auto, (max-width: 300px) 100vw, 300px\" width=\"300\" height=\"169\" src=\"https:\/\/villa-albertine.org\/wp-content\/uploads\/2024\/07\/j.jpg\"\n\t\t\t\t\t\t\t\t\t  class=\"attachment-medium size-medium wp-post-image\">\n\t\t\t\t\t\t\t<\/div>\n\t\t\t\t\t\t\t<div class=\"article__content\">\n\t\t\t\t\t\t\t\t<div class=\"article__head\">\n\t\t\t\t\t\t\t\t\t<h3 style=\"margin-bottom: 0px\">Omar Ba <\/h3>\n\t\t\t\t\t\t\t\t<\/div><!-- \/.article__head -->\n\t\t\t\t\t\t\t\t<div class=\"article__excerpt\" style=\"display: block\">\n\t\t\t\t\t\t\t\t\t<p>\n\t\t\t\t\t\t\t\t\t\t\t\t\t\t\t\t\t\t\t\t9\/8\/24 |\u202f10am-11am |\u202f 161 Water St, Manhattan\t\t\t\t\t\t\t\t\t\t\t\t\t\t\t\t\t\t\t\t\t<br><a href=\"https:\/\/vip.villa-albertine.org\/_engm7\" target=\"_blank\"\n\t\t\t\t\t\t\t\t\t\t\t\t\t title=\"Register\">Register<\/a>\n\t\t\t\t\t\t\t\t\t\t\t\t\t\t\t\t\t\t\t\t<br>Studio Visit \t\t\t\t\t\t\t\t\t<\/p>\n\n\t\t\t\t\t\t\t\t<\/div><!-- \/.article__excerpt -->\n\t\t\t\t\t\t\t\t<a class=\"seemore\" id=\"more1989\" onclick=\"toggleDescs(1989);\">See more<\/a>\n\t\t\t\t\t\t\t\t<div class=\"description\" style=\"display: none;\">\n\t\t\t\t\t\t\t\t\t<p>\n\t\t\t\t\t\t\t\t\t\t<p>Join artist Omar Ba for a personalized tour of his studio in the Financial District. The event will feature a breakfast and a discussion with gallerist Mathieu Templon from Templon.<\/p>\n<p>Born in 1977 in Senegal, Omar Ba lives and works in Dakar. His paintings, produced using a variety of techniques and materials, represent political and social motifs open to multiple interpretations. His artistic vocabulary raises historical and timeless questions while formulating a wholly contemporary artistic message. \u00a0Omar Ba\u2019s iconography features personal metaphors, ancestral references, and hybrid figures. This combination of heterogeneous elements illustrates his desire to abolish boundaries and categories. His work, with its enigmatic nature and poetic intensity, rejects all forms of didactic narrative, seeking instead to express his subconscious and his symbolic interpretation of the real.<\/p>\n<p>Discover Omar Ba&#8217;s work <a href=\"https:\/\/www.templon.com\/artists\/omar-ba-2\/\">here<\/a>.<\/p>\n\t\t\t\t\t\t\t\t\t<\/p>\n\t\t\t\t\t\t\t\t<\/div>\n\t\t\t\t\t\t\t<\/div><!-- \/.article__content -->\n\t\t\t\t\t\t<\/div>\n\t\t\t\t\t<\/div>\n\t\t\t\t<\/div>\n\t\t\t\t\t\t\t<div class=\"articles__item\" id=\"item_1115\">\n\t\t\t\t\t<div class=\"article-small article-small--reverse article-small--limit-title-3\">\n\t\t\t\t\t\t<div class=\"article__inner\">\n\t\t\t\t\t\t\t<div class=\"article__image\">\n\t\t\t\t\t\t\t\t<img loading=\"lazy\" decoding=\"async\" sizes=\"auto, (max-width: 300px) 100vw, 300px\" width=\"300\" height=\"169\" src=\"https:\/\/villa-albertine.org\/wp-content\/uploads\/2024\/07\/Screenshot-2024-08-12-193736.png\"\n\t\t\t\t\t\t\t\t\t  class=\"attachment-medium size-medium wp-post-image\">\n\t\t\t\t\t\t\t<\/div>\n\t\t\t\t\t\t\t<div class=\"article__content\">\n\t\t\t\t\t\t\t\t<div class=\"article__head\">\n\t\t\t\t\t\t\t\t\t<h3 style=\"margin-bottom: 0px\">Dora Jeridi <\/h3>\n\t\t\t\t\t\t\t\t<\/div><!-- \/.article__head -->\n\t\t\t\t\t\t\t\t<div class=\"article__excerpt\" style=\"display: block\">\n\t\t\t\t\t\t\t\t\t<p>\n\t\t\t\t\t\t\t\t\t\t\t\t\t\t\t\t\t\t\t\t9\/8\/24 |\u202f11am-1pm |\u202f 53 Bridge St, Brooklyn\t\t\t\t\t\t\t\t\t\t\t\t\t\t\t\t\t\t\t\t\t<br><a href=\"https:\/\/vip.villa-albertine.org\/_rgwpv\" target=\"_blank\"\n\t\t\t\t\t\t\t\t\t\t\t\t\t title=\"Register\">Register<\/a>\n\t\t\t\t\t\t\t\t\t\t\t\t\t\t\t\t\t\t\t\t<br>Studio Visit\t\t\t\t\t\t\t\t\t<\/p>\n\n\t\t\t\t\t\t\t\t<\/div><!-- \/.article__excerpt -->\n\t\t\t\t\t\t\t\t<a class=\"seemore\" id=\"more1115\" onclick=\"toggleDescs(1115);\">See more<\/a>\n\t\t\t\t\t\t\t\t<div class=\"description\" style=\"display: none;\">\n\t\t\t\t\t\t\t\t\t<p>\n\t\t\t\t\t\t\t\t\t\t<p>Join artist Dora Jeridi for a personalized tour of her Brooklyn studio.<\/p>\n<p>Dora Jeridi\u2019s unclassifiable paintings are marked by a profusion of emotions and a physical experience that leaves no one indifferent. The power of her work is achieved through total mastery of color and line. Her compositions, sometimes baroque, sometimes violent, sometimes pure, are like painterly symphonies with catchy melodies. This furious need for expression is superbly mastered by juxtaposed constructions of space without being impervious to strange forms that challenge us and make us doubt.<\/p>\n<p>Dora Jeridi is represented by <a href=\"https:\/\/www.perrotin.com\/artists\/dora_jeridi\/1284\">Perrotin<\/a>.<\/p>\n<p>Discover Dora Jeridi&#8217;s work <a href=\"https:\/\/dorajeridi.com\/\">here<\/a> or on Instagram <a href=\"https:\/\/nam11.safelinks.protection.outlook.com\/?url=https%3A%2F%2Fwww.instagram.com%2Fdorajeridi%2F%3Fhl%3Den&amp;data=05%7C02%7Cvisualarts%40villa-albertine.org%7C7887e0cab64d404a2cef08dcbb05e3a1%7C2d6ab33a15c04d1eb0363b23ceb26830%7C0%7C0%7C638590881387755998%7CUnknown%7CTWFpbGZsb3d8eyJWIjoiMC4wLjAwMDAiLCJQIjoiV2luMzIiLCJBTiI6Ik1haWwiLCJXVCI6Mn0%3D%7C0%7C%7C%7C&amp;sdata=AiZAhVGBfrNG%2BBjhu4vH0lC1Nx%2BhyL%2BX5Ry2%2FRWyLQo%3D&amp;reserved=0\">here<\/a>.<\/p>\n<p><strong>The studio is located at Unit 313.<\/strong><\/p>\n\t\t\t\t\t\t\t\t\t<\/p>\n\t\t\t\t\t\t\t\t<\/div>\n\t\t\t\t\t\t\t<\/div><!-- \/.article__content -->\n\t\t\t\t\t\t<\/div>\n\t\t\t\t\t<\/div>\n\t\t\t\t<\/div>\n\t\t\t\t\t\t\t<div class=\"articles__item\" id=\"item_1329\">\n\t\t\t\t\t<div class=\"article-small article-small--reverse article-small--limit-title-3\">\n\t\t\t\t\t\t<div class=\"article__inner\">\n\t\t\t\t\t\t\t<div class=\"article__image\">\n\t\t\t\t\t\t\t\t<img loading=\"lazy\" decoding=\"async\" sizes=\"auto, (max-width: 300px) 100vw, 300px\" width=\"300\" height=\"169\" src=\"https:\/\/villa-albertine.org\/wp-content\/uploads\/2024\/07\/Screenshot-2024-07-19-105638.png\"\n\t\t\t\t\t\t\t\t\t  class=\"attachment-medium size-medium wp-post-image\">\n\t\t\t\t\t\t\t<\/div>\n\t\t\t\t\t\t\t<div class=\"article__content\">\n\t\t\t\t\t\t\t\t<div class=\"article__head\">\n\t\t\t\t\t\t\t\t\t<h3 style=\"margin-bottom: 0px\">Daniel Pommereulle x Ramiken <\/h3>\n\t\t\t\t\t\t\t\t<\/div><!-- \/.article__head -->\n\t\t\t\t\t\t\t\t<div class=\"article__excerpt\" style=\"display: block\">\n\t\t\t\t\t\t\t\t\t<p>\n\t\t\t\t\t\t\t\t\t\t\t\t\t\t\t\t\t\t\t\t9\/8\/24 |\u202f12pm-4pm |\u202f Ramiken, 389 Grand St, Manhattan \t\t\t\t\t\t\t\t\t\t\t\t\t\t\t\t\t\t\t\t\t<br><a href=\"https:\/\/vip.villa-albertine.org\/_9jgvm\" target=\"\"\n\t\t\t\t\t\t\t\t\t\t\t\t\t title=\"Register \">Register <\/a>\n\t\t\t\t\t\t\t\t\t\t\t\t\t\t\t\t\t\t\t\t<br>Private Exhibition Tour\t\t\t\t\t\t\t\t\t<\/p>\n\n\t\t\t\t\t\t\t\t<\/div><!-- \/.article__excerpt -->\n\t\t\t\t\t\t\t\t<a class=\"seemore\" id=\"more1329\" onclick=\"toggleDescs(1329);\">See more<\/a>\n\t\t\t\t\t\t\t\t<div class=\"description\" style=\"display: none;\">\n\t\t\t\t\t\t\t\t\t<p>\n\t\t\t\t\t\t\t\t\t\t<p>For the first presentation of French artist Daniel Pommereulle\u2019s (1937-2003) work in the USA, exhibition curators Armance L\u00e9ger and Boris Bergmann invite you to Ramiken gallery for a preview of\u00a0<em>Premonition Objects<\/em>.<\/p>\n<p>Organized in collaboration with Galerie Christophe Gaillard and the estate of Daniel Pommereulle, the exhibition will be accompanied by a series of screenings at Metrograph (13-15 September &amp; 20-22 September), highlighting Pommereulle\u2019s connections to French cinema. His work is also featured in the permanent collections of the Centre Pompidou and in a solo show at Mus\u00e9e d\u2019Art Moderne de Paris until February 2025.<\/p>\n<p>More information to come\u00a0<a href=\"http:\/\/www.ramikencrucible.com\/\">here<\/a>.<\/p>\n\t\t\t\t\t\t\t\t\t<\/p>\n\t\t\t\t\t\t\t\t<\/div>\n\t\t\t\t\t\t\t<\/div><!-- \/.article__content -->\n\t\t\t\t\t\t<\/div>\n\t\t\t\t\t<\/div>\n\t\t\t\t<\/div>\n\t\t\t\t\t\t\t<div class=\"articles__item\" id=\"item_1373\">\n\t\t\t\t\t<div class=\"article-small article-small--reverse article-small--limit-title-3\">\n\t\t\t\t\t\t<div class=\"article__inner\">\n\t\t\t\t\t\t\t<div class=\"article__image\">\n\t\t\t\t\t\t\t\t<img loading=\"lazy\" decoding=\"async\" sizes=\"auto, (max-width: 300px) 100vw, 300px\" width=\"300\" height=\"169\" src=\"https:\/\/villa-albertine.org\/wp-content\/uploads\/2024\/07\/Screenshot-2024-08-07-151722.png\"\n\t\t\t\t\t\t\t\t\t  class=\"attachment-medium size-medium wp-post-image\">\n\t\t\t\t\t\t\t<\/div>\n\t\t\t\t\t\t\t<div class=\"article__content\">\n\t\t\t\t\t\t\t\t<div class=\"article__head\">\n\t\t\t\t\t\t\t\t\t<h3 style=\"margin-bottom: 0px\">Five Artists at the Emily Harvey Foundation <\/h3>\n\t\t\t\t\t\t\t\t<\/div><!-- \/.article__head -->\n\t\t\t\t\t\t\t\t<div class=\"article__excerpt\" style=\"display: block\">\n\t\t\t\t\t\t\t\t\t<p>\n\t\t\t\t\t\t\t\t\t\t\t\t\t\t\t\t\t\t\t\t9\/8\/24 |\u202f2pm-6pm |\u202f 537 Broadway, Manhattan\t\t\t\t\t\t\t\t\t\t\t\t\t\t\t\t\t\t\t\t\t<br><a href=\"https:\/\/vip.villa-albertine.org\/_pe9nz\" target=\"\"\n\t\t\t\t\t\t\t\t\t\t\t\t\t title=\"Register\">Register<\/a>\n\t\t\t\t\t\t\t\t\t\t\t\t\t\t\t\t\t\t\t\t<br>Live Performances &amp; Discussions\t\t\t\t\t\t\t\t\t<\/p>\n\n\t\t\t\t\t\t\t\t<\/div><!-- \/.article__excerpt -->\n\t\t\t\t\t\t\t\t<a class=\"seemore\" id=\"more1373\" onclick=\"toggleDescs(1373);\">See more<\/a>\n\t\t\t\t\t\t\t\t<div class=\"description\" style=\"display: none;\">\n\t\t\t\t\t\t\t\t\t<p>\n\t\t\t\t\t\t\t\t\t\t<p>Please join us for an afternoon of presentations and performances at the Emily Harvey Foundation with five artists: Lune Diagne (Villa Albertine resident), Guillaume Leblon, Davide Balula with Charles Bernstein, Laurent Proux and Julien Ceccaldi.<\/p>\n<p>For more information, click <a href=\"https:\/\/villa-albertine.org\/events\/afternoon-at-the-emily-harvey-foundation-events\/\">here<\/a>.<\/p>\n\t\t\t\t\t\t\t\t\t<\/p>\n\t\t\t\t\t\t\t\t<\/div>\n\t\t\t\t\t\t\t<\/div><!-- \/.article__content -->\n\t\t\t\t\t\t<\/div>\n\t\t\t\t\t<\/div>\n\t\t\t\t<\/div>\n\t\t\t\t\t\t<\/div>\n<\/div>\n<script>\n   function toggleDescs(rand) {\n\t  if (jQuery('#item_' + rand + ' .description').attr(\"style\") == \"display: none;\") {\n\t\t jQuery('#items_2633 .articles__item .description').each(function () {\n\t\t\tjQuery(this).hide(\"slow\");\n\t\t });\n\t\t jQuery('#items_2633 .articles__item a.seemore').each(function () {\n\t\t\tjQuery(this).html(\"See more\");\n\t\t });\n\t\t jQuery('#items_2633 .articles__item').each(function () {\n\t\t\tjQuery(this).removeClass('on');\n\t\t });\n\t\t jQuery('#item_' + rand).addClass(\"on\");\n\t\t jQuery('#item_' + rand + ' .description').show(\"slow\");\n\t\t jQuery('#more' + rand).html(\"See less\");\n\t  } else {\n\t\t jQuery('#item_' + rand + ' .articles__item').removeClass(\"off\");\n\t\t jQuery('#item_' + rand + ' .description').hide(\"slow\");\n\t\t jQuery('#more' + rand).html(\"See more\");\n\t  }\n   }\n<\/script>\n<style>\n   div.articles__item.on .article-small .article__image,\n   .article-small .article__image:hover,\n   .article-small .article__image > img:hover {\n\t  filter: grayscale(0%);\n   }\n\n<\/style>\n\n\n\n<p><\/p>\n\n\n\n<p><em>This series of events is organized by Villa Albertine, in partnership with The Armory Show, with the support of Institut Fran\u00e7ais. <\/em><\/p>\n","protected":false},"featured_media":709935,"menu_order":0,"template":"","app_discipline":[232],"app_city_tax":[217],"app_event_type":[237],"class_list":["post-708050","app_event","type-app_event","status-publish","has-post-thumbnail","hentry","app_discipline-craft-design","app_city_tax-nyc","app_event_type-festival"],"acf":[],"yoast_head":"<!-- This site is optimized with the Yoast SEO plugin v27.3 - https:\/\/yoast.com\/product\/yoast-seo-wordpress\/ -->\n<title>Celebrate the 30th Anniversary of \u00c9tant donn\u00e9s in New York - Villa Albertine<\/title>\n<meta name=\"robots\" content=\"index, follow, max-snippet:-1, max-image-preview:large, max-video-preview:-1\" \/>\n<link rel=\"canonical\" href=\"https:\/\/villa-albertine.org\/va\/events\/celebrate-the-30th-anniversary-of-etant-donnes-in-new-york\/\" \/>\n<meta property=\"og:locale\" content=\"en_US\" \/>\n<meta property=\"og:type\" content=\"article\" \/>\n<meta property=\"og:title\" content=\"Celebrate the 30th Anniversary of \u00c9tant donn\u00e9s in New York - Villa Albertine\" \/>\n<meta property=\"og:description\" content=\"Presented in partnership with The Armory Show, a cornerstone of New York City\u2019s cultural scene since 1994, the \u00c9tant donn\u00e9s 30th anniversary celebration is crafted for an audience of art world professionals, from curators to gallerists, critics, and collectors.&nbsp; The \u00c9tant donn\u00e9s program&nbsp;strengthens ties between France and the US in the field of visual arts...\" \/>\n<meta property=\"og:url\" content=\"https:\/\/villa-albertine.org\/va\/events\/celebrate-the-30th-anniversary-of-etant-donnes-in-new-york\/\" \/>\n<meta property=\"og:site_name\" content=\"Villa Albertine\" \/>\n<meta property=\"article:modified_time\" content=\"2024-09-06T01:25:01+00:00\" \/>\n<meta property=\"og:image\" content=\"https:\/\/villa-albertine.org\/wp-content\/uploads\/2024\/07\/Bianca-Bondi-1-scaled-1.jpg\" \/>\n\t<meta property=\"og:image:width\" content=\"2560\" \/>\n\t<meta property=\"og:image:height\" content=\"1706\" \/>\n\t<meta property=\"og:image:type\" content=\"image\/jpeg\" \/>\n<meta name=\"twitter:card\" content=\"summary_large_image\" \/>\n<meta name=\"twitter:label1\" content=\"Est. reading time\" \/>\n\t<meta name=\"twitter:data1\" content=\"1 minute\" \/>\n<script type=\"application\/ld+json\" class=\"yoast-schema-graph\">{\"@context\":\"https:\\\/\\\/schema.org\",\"@graph\":[{\"@type\":\"WebPage\",\"@id\":\"https:\\\/\\\/villa-albertine.org\\\/va\\\/events\\\/celebrate-the-30th-anniversary-of-etant-donnes-in-new-york\\\/\",\"url\":\"https:\\\/\\\/villa-albertine.org\\\/va\\\/events\\\/celebrate-the-30th-anniversary-of-etant-donnes-in-new-york\\\/\",\"name\":\"Celebrate the 30th Anniversary of \u00c9tant donn\u00e9s in New York - Villa Albertine\",\"isPartOf\":{\"@id\":\"https:\\\/\\\/villa-albertine.org\\\/va\\\/#website\"},\"primaryImageOfPage\":{\"@id\":\"https:\\\/\\\/villa-albertine.org\\\/va\\\/events\\\/celebrate-the-30th-anniversary-of-etant-donnes-in-new-york\\\/#primaryimage\"},\"image\":{\"@id\":\"https:\\\/\\\/villa-albertine.org\\\/va\\\/events\\\/celebrate-the-30th-anniversary-of-etant-donnes-in-new-york\\\/#primaryimage\"},\"thumbnailUrl\":\"https:\\\/\\\/villa-albertine.org\\\/wp-content\\\/uploads\\\/2024\\\/07\\\/Bianca-Bondi-1-scaled-1.jpg\",\"datePublished\":\"2024-07-16T19:16:41+00:00\",\"dateModified\":\"2024-09-06T01:25:01+00:00\",\"breadcrumb\":{\"@id\":\"https:\\\/\\\/villa-albertine.org\\\/va\\\/events\\\/celebrate-the-30th-anniversary-of-etant-donnes-in-new-york\\\/#breadcrumb\"},\"inLanguage\":\"en-US\",\"potentialAction\":[{\"@type\":\"ReadAction\",\"target\":[\"https:\\\/\\\/villa-albertine.org\\\/va\\\/events\\\/celebrate-the-30th-anniversary-of-etant-donnes-in-new-york\\\/\"]}]},{\"@type\":\"ImageObject\",\"inLanguage\":\"en-US\",\"@id\":\"https:\\\/\\\/villa-albertine.org\\\/va\\\/events\\\/celebrate-the-30th-anniversary-of-etant-donnes-in-new-york\\\/#primaryimage\",\"url\":\"https:\\\/\\\/villa-albertine.org\\\/wp-content\\\/uploads\\\/2024\\\/07\\\/Bianca-Bondi-1-scaled-1.jpg\",\"contentUrl\":\"https:\\\/\\\/villa-albertine.org\\\/wp-content\\\/uploads\\\/2024\\\/07\\\/Bianca-Bondi-1-scaled-1.jpg\",\"width\":2560,\"height\":1706},{\"@type\":\"BreadcrumbList\",\"@id\":\"https:\\\/\\\/villa-albertine.org\\\/va\\\/events\\\/celebrate-the-30th-anniversary-of-etant-donnes-in-new-york\\\/#breadcrumb\",\"itemListElement\":[{\"@type\":\"ListItem\",\"position\":1,\"name\":\"Home\",\"item\":\"https:\\\/\\\/villa-albertine.org\\\/va\\\/\"},{\"@type\":\"ListItem\",\"position\":2,\"name\":\"Celebrate the 30th Anniversary of \u00c9tant donn\u00e9s in New York\"}]},{\"@type\":\"WebSite\",\"@id\":\"https:\\\/\\\/villa-albertine.org\\\/va\\\/#website\",\"url\":\"https:\\\/\\\/villa-albertine.org\\\/va\\\/\",\"name\":\"Villa Albertine\",\"description\":\"\",\"potentialAction\":[{\"@type\":\"SearchAction\",\"target\":{\"@type\":\"EntryPoint\",\"urlTemplate\":\"https:\\\/\\\/villa-albertine.org\\\/va\\\/?s={search_term_string}\"},\"query-input\":{\"@type\":\"PropertyValueSpecification\",\"valueRequired\":true,\"valueName\":\"search_term_string\"}}],\"inLanguage\":\"en-US\"}]}<\/script>\n<!-- \/ Yoast SEO plugin. -->","yoast_head_json":{"title":"Celebrate the 30th Anniversary of \u00c9tant donn\u00e9s in New York - Villa Albertine","robots":{"index":"index","follow":"follow","max-snippet":"max-snippet:-1","max-image-preview":"max-image-preview:large","max-video-preview":"max-video-preview:-1"},"canonical":"https:\/\/villa-albertine.org\/va\/events\/celebrate-the-30th-anniversary-of-etant-donnes-in-new-york\/","og_locale":"en_US","og_type":"article","og_title":"Celebrate the 30th Anniversary of \u00c9tant donn\u00e9s in New York - Villa Albertine","og_description":"Presented in partnership with The Armory Show, a cornerstone of New York City\u2019s cultural scene since 1994, the \u00c9tant donn\u00e9s 30th anniversary celebration is crafted for an audience of art world professionals, from curators to gallerists, critics, and collectors.&nbsp; The \u00c9tant donn\u00e9s program&nbsp;strengthens ties between France and the US in the field of visual arts...","og_url":"https:\/\/villa-albertine.org\/va\/events\/celebrate-the-30th-anniversary-of-etant-donnes-in-new-york\/","og_site_name":"Villa Albertine","article_modified_time":"2024-09-06T01:25:01+00:00","og_image":[{"width":2560,"height":1706,"url":"https:\/\/villa-albertine.org\/wp-content\/uploads\/2024\/07\/Bianca-Bondi-1-scaled-1.jpg","type":"image\/jpeg"}],"twitter_card":"summary_large_image","twitter_misc":{"Est. reading time":"1 minute"},"schema":{"@context":"https:\/\/schema.org","@graph":[{"@type":"WebPage","@id":"https:\/\/villa-albertine.org\/va\/events\/celebrate-the-30th-anniversary-of-etant-donnes-in-new-york\/","url":"https:\/\/villa-albertine.org\/va\/events\/celebrate-the-30th-anniversary-of-etant-donnes-in-new-york\/","name":"Celebrate the 30th Anniversary of \u00c9tant donn\u00e9s in New York - Villa Albertine","isPartOf":{"@id":"https:\/\/villa-albertine.org\/va\/#website"},"primaryImageOfPage":{"@id":"https:\/\/villa-albertine.org\/va\/events\/celebrate-the-30th-anniversary-of-etant-donnes-in-new-york\/#primaryimage"},"image":{"@id":"https:\/\/villa-albertine.org\/va\/events\/celebrate-the-30th-anniversary-of-etant-donnes-in-new-york\/#primaryimage"},"thumbnailUrl":"https:\/\/villa-albertine.org\/wp-content\/uploads\/2024\/07\/Bianca-Bondi-1-scaled-1.jpg","datePublished":"2024-07-16T19:16:41+00:00","dateModified":"2024-09-06T01:25:01+00:00","breadcrumb":{"@id":"https:\/\/villa-albertine.org\/va\/events\/celebrate-the-30th-anniversary-of-etant-donnes-in-new-york\/#breadcrumb"},"inLanguage":"en-US","potentialAction":[{"@type":"ReadAction","target":["https:\/\/villa-albertine.org\/va\/events\/celebrate-the-30th-anniversary-of-etant-donnes-in-new-york\/"]}]},{"@type":"ImageObject","inLanguage":"en-US","@id":"https:\/\/villa-albertine.org\/va\/events\/celebrate-the-30th-anniversary-of-etant-donnes-in-new-york\/#primaryimage","url":"https:\/\/villa-albertine.org\/wp-content\/uploads\/2024\/07\/Bianca-Bondi-1-scaled-1.jpg","contentUrl":"https:\/\/villa-albertine.org\/wp-content\/uploads\/2024\/07\/Bianca-Bondi-1-scaled-1.jpg","width":2560,"height":1706},{"@type":"BreadcrumbList","@id":"https:\/\/villa-albertine.org\/va\/events\/celebrate-the-30th-anniversary-of-etant-donnes-in-new-york\/#breadcrumb","itemListElement":[{"@type":"ListItem","position":1,"name":"Home","item":"https:\/\/villa-albertine.org\/va\/"},{"@type":"ListItem","position":2,"name":"Celebrate the 30th Anniversary of \u00c9tant donn\u00e9s in New York"}]},{"@type":"WebSite","@id":"https:\/\/villa-albertine.org\/va\/#website","url":"https:\/\/villa-albertine.org\/va\/","name":"Villa Albertine","description":"","potentialAction":[{"@type":"SearchAction","target":{"@type":"EntryPoint","urlTemplate":"https:\/\/villa-albertine.org\/va\/?s={search_term_string}"},"query-input":{"@type":"PropertyValueSpecification","valueRequired":true,"valueName":"search_term_string"}}],"inLanguage":"en-US"}]}},"_links":{"self":[{"href":"https:\/\/villa-albertine.org\/va\/wp-json\/wp\/v2\/app_event\/708050","targetHints":{"allow":["GET"]}}],"collection":[{"href":"https:\/\/villa-albertine.org\/va\/wp-json\/wp\/v2\/app_event"}],"about":[{"href":"https:\/\/villa-albertine.org\/va\/wp-json\/wp\/v2\/types\/app_event"}],"wp:featuredmedia":[{"embeddable":true,"href":"https:\/\/villa-albertine.org\/va\/wp-json\/wp\/v2\/media\/709935"}],"wp:attachment":[{"href":"https:\/\/villa-albertine.org\/va\/wp-json\/wp\/v2\/media?parent=708050"}],"wp:term":[{"taxonomy":"app_discipline","embeddable":true,"href":"https:\/\/villa-albertine.org\/va\/wp-json\/wp\/v2\/app_discipline?post=708050"},{"taxonomy":"app_city_tax","embeddable":true,"href":"https:\/\/villa-albertine.org\/va\/wp-json\/wp\/v2\/app_city_tax?post=708050"},{"taxonomy":"app_event_type","embeddable":true,"href":"https:\/\/villa-albertine.org\/va\/wp-json\/wp\/v2\/app_event_type?post=708050"}],"curies":[{"name":"wp","href":"https:\/\/api.w.org\/{rel}","templated":true}]}}