{"id":701058,"date":"2024-07-10T16:48:48","date_gmt":"2024-07-10T16:48:48","guid":{"rendered":"https:\/\/villa-albertine.org\/?post_type=app_event&#038;p=701058"},"modified":"2024-07-30T22:01:18","modified_gmt":"2024-07-30T22:01:18","slug":"tv5monde-program-highlights-july-2024","status":"publish","type":"app_event","link":"https:\/\/villa-albertine.org\/va\/events\/tv5monde-program-highlights-july-2024\/","title":{"rendered":"TV5MONDE Program Highlights \u2013 July 2024"},"content":{"rendered":"\n<p>Throughout July, the international French-language network TV5 Monde offers a rich lineup of entertaining films, series, and variety shows.<\/p>\n\n\n\n<p>Discover our round-up of the must-see programs this month below. <\/p>\n\n\n\n<p>You can also find TV5 Monde&#8217;s August program <a href=\"https:\/\/villa-albertine.org\/events\/tv5monde-program-highlights-august-2024\/\" data-type=\"link\" data-id=\"https:\/\/villa-albertine.org\/events\/tv5monde-program-highlights-august-2024\/\">here<\/a>.<\/p>\n\n\n\n<p><\/p>\n\n\n\n<h1 class=\"wp-block-heading\"><span style=\"text-decoration: underline;\">TV5 Monde<\/span><\/h1>\n\n\n\n<p><\/p>\n\n\n\n<h2 class=\"wp-block-heading\"><span style=\"text-decoration: underline;\">Special<\/span><\/h2>\n\n\n\n<p><span><span style=\"font-weight: bold; text-decoration: underline;\"><strong>Tour de France 2024<\/strong><\/span><b> <\/b><\/span>\u2013 July 1 to July 21 at 2:30pm ET\/11:30am PT<\/p>\n\n\n\n<p>For the 2024 Tour de France the Grand D\u00e9part will be in Italy, making it the 26th time the Tour has started outside France. As a result of the Olympics, and for the first time ever, the final finishing line will be in Nice and not Paris, as is traditional. Other than Italy and France, the Tour takes in two other countries: San Marino and Monaco. On the program: 3,492 km, twenty-one stages and twenty-two teams of eight riders.<\/p>\n\n\n\n<p><\/p>\n\n\n\n<p><span><span style=\"font-weight: bold; text-decoration: underline;\"><strong>Bastille Day Parade 2024<\/strong><\/span><b> <\/b><\/span>\u2013 July 14 at 4:00am ET\/1:00am PT (time subject to change)<\/p>\n\n\n\n<p>Celebrate Bastille Day with a broadcast of the military parade.<\/p>\n\n\n\n<p><\/p>\n\n\n\n<p><span><span style=\"font-weight: bold; text-decoration: underline;\"><strong><strong>D\u00e9fil\u00e9 Militaire et Civil du 21 Juillet<\/strong><\/strong><\/span><b> <\/b><\/span>\u2013 July 21 at 6:30pm ET\/3:30pm PT<\/p>\n\n\n\n<p>The Belgian National Day is celebrated with a military and civil parade.<\/p>\n\n\n\n<p><\/p>\n\n\n\n<p><em>In celebration of the Games which will take place in Paris from July 26 to August 11, 2024, TV5MONDE offers you special programming highlighting Paris and sports:<\/em><\/p>\n\n\n\n<p><\/p>\n\n\n\n<p><span><span style=\"font-weight: bold; text-decoration: underline;\"><strong><strong>L&#8217;odyss\u00e9e des Jeux Olympiques<\/strong><\/strong><\/span><b> <\/b><\/span>\u2013 July 18 at 11:30pm ET\/8:30pm PT<\/p>\n\n\n\n<p><em>Also streaming on TV5MONDEplus beginning July 3<\/em><\/p>\n\n\n\n<p>(English ST)<\/p>\n\n\n\n<p>Since their creation by Pierre de Coubertin in 1896, the Olympic Games have sought to bring people together and forget the chaos of the world during the period of the Olympic Truce. But this fraternity of hearts and minds has been called into question on more than one occasion.<\/p>\n\n\n\n<p><strong>Director: <\/strong>Jean-Christophe Ros\u00e9 (France, 2020)<\/p>\n\n\n\n<p><strong>Narrator: <\/strong>Philippe Torreton<\/p>\n\n\n\n<p><strong>Genre:<\/strong> Documentary, sport, history<\/p>\n\n\n\n<p><\/p>\n\n\n\n<p><span><span style=\"font-weight: bold; text-decoration: underline;\"><strong><strong>Berlutti<\/strong><\/strong><\/span><b> <\/b><\/span>\u2013 July 23 at 6:30pm ET\/3:30pm PT<\/p>\n\n\n\n<p><em>Also streaming on TV5MONDEplus beginning July 3<\/em><\/p>\n\n\n\n<p>(English ST)<\/p>\n\n\n\n<p>The Berluti house will have the privilege of dressing the French delegation for the opening ceremony of the Olympic Games in Paris.<\/p>\n\n\n\n<p><strong>Director: <\/strong>Cyril Viguier (France, 2024)<\/p>\n\n\n\n<p><strong>Genre:<\/strong> Documentary, fashion<\/p>\n\n\n\n<p><\/p>\n\n\n\n<p><span><span style=\"font-weight: bold; text-decoration: underline;\"><strong><strong><strong>Suzanne Lenglen, le court de la libert\u00e9<\/strong><\/strong><\/strong><\/span><b> <\/b><\/span>\u2013 July 24 at 3:00pm ET\/12:00pm PT<\/p>\n\n\n\n<p><em><a href=\"https:\/\/www.tv5mondeplus.com\/en\/culture-et-art-de-vivre\/sports-et-loisirs\/suzanne-la-divine\" data-type=\"link\" data-id=\"https:\/\/www.tv5mondeplus.com\/en\/culture-et-art-de-vivre\/sports-et-loisirs\/suzanne-la-divine\">Also streaming on TV5MONDEplus<\/a><\/em><\/p>\n\n\n\n<p>(English ST)<\/p>\n\n\n\n<p>With 250 tournaments won, including 83 without losing a single game, 3 Olympic medals, 6 Wimbledon titles and only 7 defeats, Suzanne Lenglen (1899-1938) left an indelible mark on the history of world tennis. Off the court, the French tennis player was also a feminist icon and a talented writer.<\/p>\n\n\n\n<p><strong>Director: <\/strong>Olivia Laurin (France, 2024)<\/p>\n\n\n\n<p><strong>Genre:<\/strong> Documentary, sport<\/p>\n\n\n\n<p><\/p>\n\n\n\n<p><span><span style=\"font-weight: bold; text-decoration: underline;\"><strong><strong><strong><strong>Outre-mer, terres de champions<\/strong><\/strong><\/strong><\/strong><\/span><b> <\/b><\/span>\u2013 July 24 at 8:30pm ET\/5:30pm PT<\/p>\n\n\n\n<p><em>Also streaming on TV5MONDEplus beginning July 3<\/em><\/p>\n\n\n\n<p>(English ST)<\/p>\n\n\n\n<p>Five athletes representing the elite of overseas sport are trying to qualify for Paris 2024. For a year, Aur\u00e9lie Bambuck, daughter of two West Indian Olympic pioneers, follows them in their quest. Crossed portraits of Melvyn Richardson (handball), Vitolio Kavakava (para-athletics), Kendra Chery (basketball), G\u00e9mima Joseph (athletics) and Kendrick Jean-Joseph (fencing).<\/p>\n\n\n\n<p><strong>Director: <\/strong>Aur\u00e9lie Bambuck (France, 2024)<\/p>\n\n\n\n<p><strong>Genre:<\/strong> Documentary, sport<\/p>\n\n\n\n<p><\/p>\n\n\n\n<p><span><span style=\"font-weight: bold; text-decoration: underline;\"><strong><strong><strong><strong>Paris, l&#8217;\u00e9ternel<\/strong><\/strong><\/strong><\/strong><\/span><b> <\/b><\/span>\u2013 July 24 at 9:30pm ET\/6:30pm PT<\/p>\n\n\n\n<p><em><a href=\"https:\/\/www.tv5mondeplus.com\/en\/decouverte\/voyage-et-evasion\/paris\" data-type=\"link\" data-id=\"https:\/\/www.tv5mondeplus.com\/en\/decouverte\/voyage-et-evasion\/paris\">Also streaming on TV5MONDEplus<\/a><\/em><\/p>\n\n\n\n<p>(English ST)<\/p>\n\n\n\n<p>A legendary city everyone dreams of visiting, Paris has retained all its authenticity, resembling more a collection of villages rather than one major metropolis. From the Eiffel Tower to Notre Dame de Paris, we discover the French capital&#8217;s most emblematic monuments, and the vibrant life of its boulevards.<\/p>\n\n\n\n<p><strong>Director: <\/strong>\u00c9ric Bacos (France, 2024)<\/p>\n\n\n\n<p><strong>Genre:<\/strong> Documentary<\/p>\n\n\n\n<p><\/p>\n\n\n\n<p><span><span style=\"font-weight: bold; text-decoration: underline;\"><strong><strong><strong><strong><strong>1924, Le Paris des Jeux Olympiques<\/strong><\/strong><\/strong><\/strong><\/strong><\/span><b> <\/b><\/span>\u2013 July 25 at 11:30pm ET\/8:30pm PT<\/p>\n\n\n\n<p><em>Also streaming on TV5MONDEplus beginning July 3<\/em><\/p>\n\n\n\n<p>(English ST)<\/p>\n\n\n\n<p>A century ago, Paris hosted the Olympic Games. Set in the unique social, cultural and political context shortly after WWI there were two notable absences: Germany and Russia. A look back at the Games, that saw the consecration of Paavo Nurmi, the &#8221;Flying Finn&#8221;, and the American swimmer Johnny Weissmuller.<\/p>\n\n\n\n<p><strong>Director: <\/strong>Marie-Laurence Rinc\u00e9 (France, 2024)<\/p>\n\n\n\n<p><strong>Genre:<\/strong> Documentary, sport<\/p>\n\n\n\n<p><\/p>\n\n\n\n<p><span><span style=\"font-weight: bold; text-decoration: underline;\"><strong><strong><strong><strong><strong>Rapha\u00ebl Tronch\u00e9, le colosse aux mains agiles<\/strong><\/strong><\/strong><\/strong><\/strong><\/span><b> <\/b><\/span>\u2013 July 26 at 3:00pm ET\/12:00pm PT<\/p>\n\n\n\n<p><em><a href=\"https:\/\/www.tv5mondeplus.com\/en\/culture-et-art-de-vivre\/vie-culturelle-et-artistique\/raphael-tronche-le-colosse-aux-mains-agiles\" data-type=\"link\" data-id=\"https:\/\/www.tv5mondeplus.com\/en\/culture-et-art-de-vivre\/vie-culturelle-et-artistique\/raphael-tronche-le-colosse-aux-mains-agiles\">Also streaming on TV5MONDEplus<\/a><\/em><\/p>\n\n\n\n<p>(English ST)<\/p>\n\n\n\n<p>After nearly dying in 2010, heavyweight pro boxer Rapha\u00ebl Tronch\u00e9 breaks the stereotype of what it means to be a boxer by exploring his artistry through music.<\/p>\n\n\n\n<p><strong>Director: <\/strong>Tarik Ben-Isma\u00efl (France, 2023)<\/p>\n\n\n\n<p><strong>Genre:<\/strong> Documentary, sport<\/p>\n\n\n\n<p><\/p>\n\n\n\n<p><span><span style=\"font-weight: bold; text-decoration: underline;\"><strong><strong><strong><strong>Paris est toujours Paris<\/strong><\/strong><\/strong><\/strong><\/span><b> <\/b><\/span>\u2013 July 30 at 8:30pm ET\/5:30pm PT<\/p>\n\n\n\n<p><em>Also streaming on TV5MONDEplus beginning July 3<\/em><\/p>\n\n\n\n<p>(English ST)<\/p>\n\n\n\n<p>A group of Italian supporters arrive in Paris to watch a football match. They have twenty-four hours to kill. Full of illusions, they each go their separate ways, ready for fun in the city of every fantasy. Only Franco escapes deception, falling in love as soon as he arrives&#8230;<\/p>\n\n\n\n<p><strong>Director: <\/strong>Luciano Emmer (France\/Italy, 1950)<\/p>\n\n\n\n<p><strong>Cast: <\/strong>Marcello Mastroianni, Yves Montand, Aldo Fabrizi, Lucia Bose<\/p>\n\n\n\n<p><strong>Genre:<\/strong> Comedy<\/p>\n\n\n\n<p><strong>Awards:<\/strong> Golden Lion nomination (Venice 1951)<\/p>\n\n\n\n<p><\/p>\n\n\n\n<p><span><span style=\"font-weight: bold; text-decoration: underline;\"><strong><strong><strong><strong>Le rugby est une f\u00eate<\/strong><\/strong><\/strong><\/strong><\/span><b> <\/b><\/span>\u2013 July 31 at 3:00pm ET\/12:00pm PT<\/p>\n\n\n\n<p>(English ST)<\/p>\n\n\n\n<p>2 June 1963. Dax face Mont-de-Marsan in the final of the French championship. This &#8221;all-Landes derby&#8221; features live television commentary by Roger Couderc. We look back on one of the most flamboyant highlights from French rugby, a match which still evokes strong memories from players and supporters.<\/p>\n\n\n\n<p><strong>Director: <\/strong>Christophe Duchiron (France, 2021)<\/p>\n\n\n\n<p><strong>Genre:<\/strong> Documentary, sport<\/p>\n\n\n\n<p><\/p>\n\n\n\n<h2 class=\"wp-block-heading\"><span style=\"text-decoration: underline;\">Films<\/span><\/h2>\n\n\n\n<p><span><span style=\"font-weight: bold; text-decoration: underline;\"><strong>Vous voulez danser avec moi<\/strong><\/span><b> <\/b><\/span>\u2013 July 2 at 8:30pm ET\/5:30pm PT<\/p>\n\n\n\n<p>(English ST)<\/p>\n\n\n\n<p>After a row with his wife, Herv\u00e9 meets a seductive woman in a nightclub. She invites him home. But this one-night stand soon turns into tragedy when the young woman is murdered and Herv\u00e9 becomes embroiled in the investigation.<\/p>\n\n\n\n<p><strong>Director:<\/strong> Michel Boisrond (Italy\/France, 1959)<\/p>\n\n\n\n<p><strong>Cast:<\/strong> Brigitte Bardot, Henri Vidal, Dawn Addams, Serge Gainsbourg<\/p>\n\n\n\n<p><strong>Genre: <\/strong>Comedy<\/p>\n\n\n\n<p><\/p>\n\n\n\n<p><strong><span style=\"text-decoration: underline;\">Un soir&#8230;un train<\/span> <\/strong>\u2013 July 7 at 8:30pm ET\/5:30pm PT; July 15 at 11:30pm ET\/8:30pm PT<\/p>\n\n\n\n<p><em>In honor of actress Anouk Aim\u00e9e<\/em><\/p>\n\n\n\n<p>(English ST)<\/p>\n\n\n\n<p>Mathias, a linguistics professor at a Flemish university, is having an affair with Anne. When he has to travel far from home to give a lecture, Anne, to his great surprise, joins him on the train. But when he wakes up, the young woman has disappeared&#8230;<\/p>\n\n\n\n<p><strong>Director:<\/strong> Andr\u00e9 Delvaux (France, 1967)<\/p>\n\n\n\n<p><strong>Cast:<\/strong> Yves Montand, Anouk Aim\u00e9e, Fran\u00e7ois Beukelaers<\/p>\n\n\n\n<p><strong>Genre: <\/strong>Drama<\/p>\n\n\n\n<p><\/p>\n\n\n\n<p><strong><span style=\"text-decoration: underline;\">Cap Tourment<\/span> <\/strong>\u2013 July 4 at 8:30pm ET\/5:30pm PT<\/p>\n\n\n\n<p>(English ST)<\/p>\n\n\n\n<p>On the northern bank of the Saint Lawrence, the O&#8217;Neil family home has become an inn, home to Jeanne, and her two children, Alex and Alfa,. The unexpected return of Jean-Louis, a friend from elsewhere, is about to affect each and every member of the clan.<\/p>\n\n\n\n<p><strong>Director:<\/strong> Michel Langlois (Canada, 1993)<\/p>\n\n\n\n<p><strong>Cast:<\/strong> Andr\u00e9e Lachapelle, Roy Dupuis, \u00c9lise Guibault, Gilbert Sicotte, Macha Limonchik<\/p>\n\n\n\n<p><strong>Genre: <\/strong>Drama<\/p>\n\n\n\n<p><\/p>\n\n\n\n<p><strong><span style=\"text-decoration-line: underline;\">La triche<\/span> <\/strong>\u2013 July 9 at 8:30pm ET\/5:30pm PT<\/p>\n\n\n\n<p>(English ST)<\/p>\n\n\n\n<p>Married with a young son, Superintendent Michel Verta falls for Bernard, a young musician who becomes his lover. But when the latter is caught up in a case of blackmail and then murder, Michel finds himself dangerously exposed&#8230;<\/p>\n\n\n\n<p><strong>Director:<\/strong> Yannick Bellon (France, 1984)<\/p>\n\n\n\n<p><strong>Cast:<\/strong> Victor Lanoux, Xavier Deluc, Anny Duperey<\/p>\n\n\n\n<p><strong>Genre: <\/strong>Thriller<\/p>\n\n\n\n<p><\/p>\n\n\n\n<p><strong><span style=\"text-decoration-line: underline;\">Super bourr\u00e9s<\/span> <\/strong>\u2013 July 14 at 8:30pm ET\/5:30pm PT<\/p>\n\n\n\n<p><em>Also streaming on TV5MONDEplus beginning July 3<\/em><\/p>\n\n\n\n<p><em>US TV premiere<\/em><\/p>\n\n\n\n<p>(English ST)<\/p>\n\n\n\n<p>It&#8217;s the final day of high school. Janus and Sam have to provide the drinks for the end-of-year party. Searching through the contents of Janus&#8217;s father&#8217;s cellar in search of a few bottles, they discover a strange machine&#8230; A young high school student dreams of leaving his native countryside, ravaged by isolation and alcoholism.<\/p>\n\n\n\n<p><strong>Director:<\/strong> Bastien Milheau (France, 2023)<\/p>\n\n\n\n<p><strong>Cast:<\/strong> Pierre Gomm\u00e9, Nina Poleto, Vincent Moscato<\/p>\n\n\n\n<p><strong>Genre: <\/strong>Comedy<\/p>\n\n\n\n<p><strong>Awards:<\/strong> MyFrenchFilmFestival 2024 official selection<\/p>\n\n\n\n<p><\/p>\n\n\n\n<p><strong><span style=\"text-decoration-line: underline;\">Le fils de l&#8217;\u00e9picier<\/span> <\/strong>\u2013 July 16 at 8:30pm ET\/5:30pm PT<\/p>\n\n\n\n<p>(English ST)<\/p>\n\n\n\n<p>At 30, Antoine leads an aimless life, moving from one small job to another. With his father suddenly hospitalized, he reluctantly agrees to help his mother run the rural family grocery. From now on he will be responsible for the sales round of isolated hamlets. A new life begins&#8230;<\/p>\n\n\n\n<p><strong>Director:<\/strong> \u00c9ric Guirado (France, 2007)<\/p>\n\n\n\n<p><strong>Cast:<\/strong> Nicolas Cazal\u00e9, Clotilde Hesme, Daniel Duval, Jeanne Goupil, St\u00e9phan Gu\u00e9rin-Tilli\u00e9<\/p>\n\n\n\n<p><strong>Genre: <\/strong>Comedy<\/p>\n\n\n\n<p><strong>Awards:<\/strong> Best Screenplay (FIFF Namur 2007), nomination (C\u00e9sar 2008)<\/p>\n\n\n\n<p><\/p>\n\n\n\n<p><strong><span style=\"text-decoration-line: underline;\">Je suis le seigneur du ch\u00e2teau<\/span> <\/strong>\u2013 July 23 at 8:30pm ET\/5:30pm PT<\/p>\n\n\n\n<p>(English ST)<\/p>\n\n\n\n<p>Brittany in the sixties. Thomas Br\u00e9aud, aged ten, lives in a chateau. He has just lost his mother. His father employs a governess. She has a son, Charles, who is the same age as Thomas. The meeting between the two elders is restrained, but not that between the two children.<\/p>\n\n\n\n<p><strong>Director:<\/strong> R\u00e9gis Wargnier (France, 1988)<\/p>\n\n\n\n<p><strong>Cast:<\/strong> Jean Rochefort, Dominique Blanc, David Behar<\/p>\n\n\n\n<p><strong>Genre: <\/strong>Dramedy<\/p>\n\n\n\n<p><strong>Awards:<\/strong> Nominated for a Cesar for Best Female Newcomer (Dominique Blanc) in 1990<\/p>\n\n\n\n<p><\/p>\n\n\n\n<p><\/p>\n\n\n\n<h2 class=\"wp-block-heading\"><span style=\"text-decoration: underline;\"><span style=\"text-decoration: underline;\">Series<\/span><\/span><\/h2>\n\n\n\n<p><strong><span style=\"text-decoration: underline;\">Survivre \u00e0 ses enfants<\/span><\/strong> \u2013 Wednesdays, beginning July 3 at 11:30pm ET\/8:30pm PT<\/p>\n\n\n\n<p><em>Season 1 premiere<\/em><\/p>\n\n\n\n<p><em><a href=\"https:\/\/www.tv5mondeplus.com\/en\/series-et-films-tv\/comedie\/survivre-a-ses-enfants\" data-type=\"link\" data-id=\"https:\/\/www.tv5mondeplus.com\/en\/series-et-films-tv\/comedie\/survivre-a-ses-enfants\">Also streaming on TV5MONDEplus<\/a><\/em><\/p>\n\n\n\n<p>(French ST)<\/p>\n\n\n\n<p>Kamyar and Nadine are wondering whether to put Benjamin&#8217;s name down for ice hockey. Philippe and Annie are worried by the fact that their 13-month old son still isn&#8217;t walking. Jos\u00e9e refuses to help her daughter with her school project, resulting in her being bottom of the class. Jasmine has to apologise for injuring a hockey opponent. With Annie enjoying some me-time at the spa, Philippe is ready to do anything not to spend the evening alone with his baby. Should Jos\u00e9e tell M\u00e9gane that she sings out of tune or let her find out by herself.<\/p>\n\n\n\n<p><strong>Director: <\/strong>Louise Archambault (Canada, 2021)<\/p>\n\n\n\n<p><strong>Cast: <\/strong>Mani Soleymanlou, M\u00e9lissa D\u00e9sormeaux-Poulin, Anna Beaupr\u00e9 Moulounda, Marie-\u00c8ve Perron, Catherine B\u00e9rub\u00e9<\/p>\n\n\n\n<p><strong>Genre:<\/strong> Comedy<\/p>\n\n\n\n<p><\/p>\n\n\n\n<p><strong><span style=\"text-decoration: underline;\">5\u00e8me rang<\/span><\/strong> \u2013 July 31 at 11:30pm ET\/8:30pm PT<\/p>\n\n\n\n<p><em>Season 2 premiere<\/em><\/p>\n\n\n\n<p><em><a href=\"https:\/\/www.tv5mondeplus.com\/en\/series-et-films-tv\/drame\/5e-rang\" data-type=\"link\" data-id=\"https:\/\/www.tv5mondeplus.com\/en\/series-et-films-tv\/drame\/5e-rang\">Also streaming on TV5MONDEplus<\/a><\/em><\/p>\n\n\n\n<p>(French ST)<\/p>\n\n\n\n<p>The eldest of five sisters and dedicated heir to the family farm, Marie-Luce&#8217;s world turns upside down on the death of her husband Guy, his body found half-eaten body in the pig pen. A dramatic discovery that perturbs the tranquillity of those closest to him and everyone living in Valmont. On the farm, Marie-Luce receives a very mysterious parcel sent by registered mail. R\u00e9ginald pays a visit to the regional market to spy on Laurent. Nicolas and Sophie want to question Charles, considered a suspect in Laura&#8217;s murder. Marie-Luce suggests to Pascal that he goes into partnership with her. Charles delves deep into his memories. Vincent pays a visit to Paul but things don&#8217;t go quite as planned.<\/p>\n\n\n\n<p><strong>Director: <\/strong>Myriam Verreault, Christian Laurence (Canada, 2020)<\/p>\n\n\n\n<p><strong>Cast: <\/strong>Maude Gu\u00e9rin, Martine Francke, Julie Beauchemin, Catherine Renaud, \u00c8ve Duranceau<\/p>\n\n\n\n<p><strong>Genre:<\/strong> Drama<\/p>\n\n\n\n<p><\/p>\n\n\n\n<p><\/p>\n\n\n\n<h1 class=\"wp-block-heading\"><span style=\"text-decoration: underline;\">TV5 Monde Plus<\/span><\/h1>\n\n\n\n<h2 class=\"wp-block-heading\"><span style=\"text-decoration: underline;\">Special<\/span><\/h2>\n\n\n\n<p><em>In celebration of the Games which will take place in Paris from July 26 to August 11, 2024, TV5MONDE offers you special programming highlighting Paris and sports:<\/em><\/p>\n\n\n\n<p><strong><span style=\"text-decoration: underline;\">L&#8217;\u00e9toffe des athl\u00e8tes<\/span><\/strong> \u2013 Streaming beginning July 3<\/p>\n\n\n\n<p>(English ST)<\/p>\n\n\n\n<p>From antiquity to the present day, fashion and costume specialist Julien Magalh\u00e3es (the damoiseau from Damoiselle) energetically explores history through pieces from the sports wardrobe, portraits of athletes, and archival images. 7 episodes, 7 minutes long.<\/p>\n\n\n\n<p><strong>Director:<\/strong> Romain Guenard, Emilie Darnaud (France, 2020)<\/p>\n\n\n\n<p><strong>Genre:<\/strong> Documentary web series, fashion<\/p>\n\n\n\n<p><\/p>\n\n\n\n<p><strong><span style=\"text-decoration: underline;\">Virago &#8211; Les sportives<\/span><\/strong> \u2013 Streaming beginning July 3<\/p>\n\n\n\n<p>(English ST)<\/p>\n\n\n\n<p>\u201cThe main thing is not to have won, but to have fought well,\u201d said Pierre de Coubertin. But obviously, only for men! The one who established the Olympic Games in the modern era was not particularly in favor of the integration of women in the world of sport&#8230; Discover the women who made him change his mind. Discover the journey for female athletes Alth\u00e9a Gibson (United States), Alice Milliat (France), Nilofar Bayat (Afghanistan), Hassiba Boulmerka (Algeria), Bettina Eistal (Germany) , Kimia Alizadeh Zenozi Iran), Nadia Comaneci (Romania)\u2026<\/p>\n\n\n\n<p><strong>Creator:<\/strong> Aude GG (France, 2023)<\/p>\n\n\n\n<p><strong>Genre:<\/strong> Documentary web series, sports<\/p>\n\n\n\n<p><\/p>\n\n\n\n<p><strong><span style=\"text-decoration: underline;\">Champions d&#8217;exception<\/span><\/strong> \u2013 Streaming beginning July 3<\/p>\n\n\n\n<p><em>Season 4 premiere <\/em><em><\/em><\/p>\n\n\n\n<p>(English ST)<\/p>\n\n\n\n<p>The first magazine devoted entirely to disabled sports and the Paralympic movement.<\/p>\n\n\n\n<p><strong>Director:<\/strong> Fabrice Marinoni, Benjamin Bonte (France, 2023)<\/p>\n\n\n\n<p><strong>Genre:<\/strong> Documentary series, paralympic sports<\/p>\n\n\n\n<p><\/p>\n\n\n\n<p><strong><span style=\"text-decoration: underline;\">Les Jeux de la Fontaine<\/span><\/strong>\u2013 Streaming beginning July 3<\/p>\n\n\n\n<p>(English ST)<\/p>\n\n\n\n<p>Every 4 years, the best athletes in the animal kingdom compete in the Games, \u201cLes Jeux de la Fontaine.\u201d<\/p>\n\n\n\n<p><strong>Director:<\/strong> Florian Thouret (France, 2023)<\/p>\n\n\n\n<p><strong>Genre:<\/strong> Kids animation series, sports<\/p>\n\n\n\n<p><\/p>\n\n\n\n<p><strong><span style=\"text-decoration: underline;\">Les Myst\u00e8res de Paris<\/span><\/strong> \u2013 <a href=\"https:\/\/www.tv5mondeplus.com\/en\/langue-francaise\/litterature\/les-mysteres-de-paris\" data-type=\"link\" data-id=\"https:\/\/www.tv5mondeplus.com\/en\/langue-francaise\/litterature\/les-mysteres-de-paris\">Now streaming<\/a><\/p>\n\n\n\n<p>(English ST)<\/p>\n\n\n\n<p>Paris, 1840. Rodolphe de Gerolstein, prince without fear but not without reproach, investigates the disappearance of his housekeeper&#8217;s son Germain, an investigation that takes him deep into the Parisian underworld and to some of its most chic addresses, before finally revealing a dark and very personal secret&#8230; An animated series adapted from the novel by Eug\u00e8ne Sue in 40 three-minute episodes, created from period engravings.<\/p>\n\n\n\n<p><strong>Director:<\/strong> V\u00e9ronique Puybaret (France, 2020)<\/p>\n\n\n\n<p><strong>Cast:<\/strong> Philippe Lardaud<\/p>\n\n\n\n<p><strong>Genre:<\/strong> Literary adaptation series, animation<\/p>\n\n\n\n<p><\/p>\n\n\n\n<h2 class=\"wp-block-heading\"><span style=\"text-decoration: underline;\">Series<\/span><\/h2>\n\n\n\n<p><strong><span style=\"text-decoration: underline;\">La maison bleue<\/span><\/strong> \u2013 <a href=\"https:\/\/www.tv5mondeplus.com\/en\/series-et-films-tv\/comedie\/la-maison-bleue\" data-type=\"link\" data-id=\"https:\/\/www.tv5mondeplus.com\/en\/series-et-films-tv\/comedie\/la-maison-bleue\">Now streaming<\/a><\/p>\n\n\n\n<p>(French ST)<\/p>\n\n\n\n<p>In an alternative reality, Quebec has now become a republic. Jacques Hamelin, the president, has a lot on his hands. With his popularity rankings in free fall and Canada constantly putting a spanner in the works, the USA, in search of space and natural resources, wants to negotiate an alliance.<\/p>\n\n\n\n<p><strong>Director: <\/strong>Ricardo Trogi (Canada, 2021)<strong><\/strong><\/p>\n\n\n\n<p><strong>Cast:<\/strong> Guy Nadon, Anne-Marie Cadieux, Anyjeanne Savaria, Roger L\u00e9ger, Genevi\u00e8ve Schmidt<\/p>\n\n\n\n<p><strong>Genre:<\/strong> Comedy<\/p>\n\n\n\n<p><\/p>\n\n\n\n<p><\/p>\n\n\n\n<h2 class=\"wp-block-heading\"><span style=\"text-decoration: underline;\">TV5 Monde Cinema<\/span><\/h2>\n\n\n\n<p><strong>Theme:<\/strong> Family and vacation<\/p>\n\n\n\n<p><strong><span style=\"text-decoration: underline;\">Jamais de la vie<\/span><\/strong> <em>\u2013<\/em> available beginning July 5<\/p>\n\n\n\n<p>(English ST)<\/p>\n\n\n\n<p>A bored, middle-aged watchman who used to be a specialized worker, jumps at any chance to prove his bravery.<\/p>\n\n\n\n<p><strong>Director: <\/strong>Pierre Jolivet (2015)<\/p>\n\n\n\n<p><strong>Cast: <\/strong>Olivier Gourmet, Val\u00e9rie Bonneton, Marc Zinga<\/p>\n\n\n\n<p><strong>Genre: <\/strong>Thriller<\/p>\n\n\n\n<p><\/p>\n\n\n\n<p><strong><span style=\"text-decoration: underline;\"><strong>Sous le sable<\/strong><\/span><\/strong> <em>\u2013<\/em> Available beginning July 5<\/p>\n\n\n\n<p>(English ST)<\/p>\n\n\n\n<p>A female professor\u2019s husband goes missing at the beach.<\/p>\n\n\n\n<p><strong>Director: <\/strong>Fran\u00e7ois Ozon (2001)<\/p>\n\n\n\n<p><strong>Cast: <\/strong>Charlotte Rampling, Bruno Cremer, Jacques Nolot<\/p>\n\n\n\n<p><strong>Genre: <\/strong>Drama<\/p>\n\n\n\n<p><\/p>\n\n\n\n<p><strong><span style=\"text-decoration: underline;\"><strong>Elle et moi<\/strong><\/span><\/strong> <em>\u2013<\/em> Available beginning July 5<\/p>\n\n\n\n<p>A young man, whose vocation is to be single and womanize, lets himself be caught in the net of a young woman whom he ends up marrying.<\/p>\n\n\n\n<p><strong>Director: <\/strong>Guy Lefranc (1952)<\/p>\n\n\n\n<p><strong>Cast: <\/strong>Jean Carmet, Fran\u00e7ois P\u00e9rier, Dany Robin<\/p>\n\n\n\n<p><strong>Genre: <\/strong>Comedy<\/p>\n\n\n\n<p><\/p>\n\n\n\n<p><strong><span style=\"text-decoration: underline;\"><strong>Parano<\/strong><\/span><\/strong> <em>\u2013<\/em> Available beginning July 12<\/p>\n\n\n\n<p>(English ST)<\/p>\n\n\n\n<p>Their classified ads were poorly worded. They should never have met. Yet when he finds himself face to face with her, he has only one idea in mind: to seduce her.<\/p>\n\n\n\n<p><strong>Director: <\/strong>Manuel Fl\u00e8che, Anita Assal, Alain Robak, John Hudson, Yann Piquer (1994)<\/p>\n\n\n\n<p><strong>Cast: <\/strong>Sma\u00efn, Jacques Villeret, Patrick Bouchitey<\/p>\n\n\n\n<p><strong>Genre: <\/strong>Comedy<\/p>\n\n\n\n<p><\/p>\n\n\n\n<p><strong><span style=\"text-decoration: underline;\"><strong>Un vrai bonhomme <\/strong><\/span><\/strong><em>\u2013<\/em> Available beginning July 12<\/p>\n\n\n\n<p>(English ST)<\/p>\n\n\n\n<p>A sensitive teenager, entering a new high school after being expelled, intends to make friends and seduce the girl he loves.<\/p>\n\n\n\n<p><strong>Director: <\/strong>Benjamin Parent (2020)<\/p>\n\n\n\n<p><strong>Cast: <\/strong>Thomas Guy, Benjamin Voisin, Isabelle Carr\u00e9<\/p>\n\n\n\n<p><strong>Genre: <\/strong>Drama<\/p>\n\n\n\n<p><\/p>\n\n\n\n<p><strong><span style=\"text-decoration: underline;\">Gangsterdam<\/span><\/strong> <em>\u2013<\/em> Available beginning July 19<\/p>\n\n\n\n<p>(English ST)<\/p>\n\n\n\n<p>Three best friends travel to Amsterdam and accidentally pick up a drug dealer\u2019s package. &nbsp;<\/p>\n\n\n\n<p><strong>Director: <\/strong>Romain Levy (2017)<\/p>\n\n\n\n<p><strong>Cast: <\/strong>Kev Adams, Manon Azem, C\u00f4me Levin<\/p>\n\n\n\n<p><strong>Genre: <\/strong>Comedy<\/p>\n\n\n\n<p><\/p>\n\n\n\n<p><strong><span style=\"text-decoration: underline;\">Juniors<\/span><\/strong> <em>\u2013<\/em> Available beginning July 19<\/p>\n\n\n\n<p>(English ST)<\/p>\n\n\n\n<p>After their PlayStation 4 breaks down, two bored 14-year-olds decide to fake an illness to get money for a new one.<\/p>\n\n\n\n<p><strong>Director: <\/strong>Hugo Thomas (2023)<\/p>\n\n\n\n<p><strong>Cast: <\/strong>Vanessa Paradis, Ewan Bourdelles, Noah Zandouche<\/p>\n\n\n\n<p><strong>Genre:<\/strong> Comedy<\/p>\n\n\n\n<p><\/p>\n\n\n\n<p><strong><span style=\"text-decoration: underline;\">Bienvenue parmi nous<\/span><\/strong> <em>\u2013<\/em> Available beginning July 19<\/p>\n\n\n\n<p>(English ST)<\/p>\n\n\n\n<p>Despite his fame and success, a talented artist has suddenly stopped painting and becomes deeply depressed.<\/p>\n\n\n\n<p><strong>Director: <\/strong>Jean Becker (2012)<\/p>\n\n\n\n<p><strong>Cast: <\/strong>Patrick Chesnais, Jeanne Lambert, Miou-Miou<\/p>\n\n\n\n<p><strong>Genre: <\/strong>Drama<\/p>\n\n\n\n<p><\/p>\n\n\n\n<p><strong><span style=\"text-decoration: underline;\">Les grands esprits<\/span><\/strong> <em>\u2013<\/em> Available beginning July 26<\/p>\n\n\n\n<p>(English ST)<\/p>\n\n\n\n<p>A car arrives in Normandy to pick up a renowned psychoanalyst who will be giving a presentation at a university symposium.<\/p>\n\n\n\n<p><strong>Director: <\/strong>Jonathan Comn\u00e8ne (2017)<\/p>\n\n\n\n<p><strong>Cast: <\/strong>Dominique Reymond, Guillaume Verdier, David Stevens<\/p>\n\n\n\n<p><strong>Genre: <\/strong>Drama<\/p>\n\n\n\n<p><\/p>\n\n\n\n<p><strong><span style=\"text-decoration: underline;\"><strong>L&#8217;ann\u00e9e du requin<\/strong><\/span><\/strong><em>\u2013<\/em> Available beginning July 26<\/p>\n\n\n\n<p>(English ST)<\/p>\n\n\n\n<p>The disappearance of a vacationer puts the Atlantic Coast on high alert: a shark is prowling in the French waters!<\/p>\n\n\n\n<p>Maja, a coast guard on the verge of retirement, goes on her last mission to save the bay\u2026<\/p>\n\n\n\n<p><strong>Director: <\/strong>Ludovic Boukherma, Zoran Boukherma (2022)<\/p>\n\n\n\n<p><strong>Cast: <\/strong>Marina Fo\u00efs, Kad Merad, Jean-Pascal Zadi<\/p>\n\n\n\n<p><strong>Genre: <\/strong>Comedy<\/p>\n","protected":false},"featured_media":701401,"menu_order":0,"template":"","app_discipline":[231,219],"app_city_tax":[235],"app_event_type":[239,313],"class_list":["post-701058","app_event","type-app_event","status-publish","has-post-thumbnail","hentry","app_discipline-audiovisual","app_discipline-cinema","app_city_tax-all-cities","app_event_type-film","app_event_type-film-series"],"acf":[],"yoast_head":"<!-- This site is optimized with the Yoast SEO plugin v27.3 - https:\/\/yoast.com\/product\/yoast-seo-wordpress\/ -->\n<title>TV5MONDE Program Highlights \u2013 July 2024 - Villa Albertine<\/title>\n<meta name=\"robots\" content=\"index, follow, max-snippet:-1, max-image-preview:large, max-video-preview:-1\" \/>\n<link rel=\"canonical\" href=\"https:\/\/villa-albertine.org\/va\/events\/tv5monde-program-highlights-july-2024\/\" \/>\n<meta property=\"og:locale\" content=\"en_US\" \/>\n<meta property=\"og:type\" content=\"article\" \/>\n<meta property=\"og:title\" content=\"TV5MONDE Program Highlights \u2013 July 2024 - Villa Albertine\" \/>\n<meta property=\"og:description\" content=\"Throughout July, the international French-language network TV5 Monde offers a rich lineup of entertaining films, series, and variety shows. Discover our round-up of the must-see programs this month below. You can also find TV5 Monde&#8217;s August program here. TV5 Monde Special Tour de France 2024 \u2013 July 1 to July 21 at 2:30pm ET\/11:30am PT...\" \/>\n<meta property=\"og:url\" content=\"https:\/\/villa-albertine.org\/va\/events\/tv5monde-program-highlights-july-2024\/\" \/>\n<meta property=\"og:site_name\" content=\"Villa Albertine\" \/>\n<meta property=\"article:modified_time\" content=\"2024-07-30T22:01:18+00:00\" \/>\n<meta property=\"og:image\" content=\"https:\/\/villa-albertine.org\/wp-content\/uploads\/2024\/07\/Sous-le-sable-20002-e1566569949184.png\" \/>\n\t<meta property=\"og:image:width\" content=\"640\" \/>\n\t<meta property=\"og:image:height\" content=\"345\" \/>\n\t<meta property=\"og:image:type\" content=\"image\/png\" \/>\n<meta name=\"twitter:card\" content=\"summary_large_image\" \/>\n<meta name=\"twitter:label1\" content=\"Est. reading time\" \/>\n\t<meta name=\"twitter:data1\" content=\"13 minutes\" \/>\n<script type=\"application\/ld+json\" class=\"yoast-schema-graph\">{\"@context\":\"https:\\\/\\\/schema.org\",\"@graph\":[{\"@type\":\"WebPage\",\"@id\":\"https:\\\/\\\/villa-albertine.org\\\/va\\\/events\\\/tv5monde-program-highlights-july-2024\\\/\",\"url\":\"https:\\\/\\\/villa-albertine.org\\\/va\\\/events\\\/tv5monde-program-highlights-july-2024\\\/\",\"name\":\"TV5MONDE Program Highlights \u2013 July 2024 - Villa Albertine\",\"isPartOf\":{\"@id\":\"https:\\\/\\\/villa-albertine.org\\\/va\\\/#website\"},\"primaryImageOfPage\":{\"@id\":\"https:\\\/\\\/villa-albertine.org\\\/va\\\/events\\\/tv5monde-program-highlights-july-2024\\\/#primaryimage\"},\"image\":{\"@id\":\"https:\\\/\\\/villa-albertine.org\\\/va\\\/events\\\/tv5monde-program-highlights-july-2024\\\/#primaryimage\"},\"thumbnailUrl\":\"https:\\\/\\\/villa-albertine.org\\\/wp-content\\\/uploads\\\/2024\\\/07\\\/Sous-le-sable-20002-e1566569949184.png\",\"datePublished\":\"2024-07-10T16:48:48+00:00\",\"dateModified\":\"2024-07-30T22:01:18+00:00\",\"breadcrumb\":{\"@id\":\"https:\\\/\\\/villa-albertine.org\\\/va\\\/events\\\/tv5monde-program-highlights-july-2024\\\/#breadcrumb\"},\"inLanguage\":\"en-US\",\"potentialAction\":[{\"@type\":\"ReadAction\",\"target\":[\"https:\\\/\\\/villa-albertine.org\\\/va\\\/events\\\/tv5monde-program-highlights-july-2024\\\/\"]}]},{\"@type\":\"ImageObject\",\"inLanguage\":\"en-US\",\"@id\":\"https:\\\/\\\/villa-albertine.org\\\/va\\\/events\\\/tv5monde-program-highlights-july-2024\\\/#primaryimage\",\"url\":\"https:\\\/\\\/villa-albertine.org\\\/wp-content\\\/uploads\\\/2024\\\/07\\\/Sous-le-sable-20002-e1566569949184.png\",\"contentUrl\":\"https:\\\/\\\/villa-albertine.org\\\/wp-content\\\/uploads\\\/2024\\\/07\\\/Sous-le-sable-20002-e1566569949184.png\",\"width\":640,\"height\":345},{\"@type\":\"BreadcrumbList\",\"@id\":\"https:\\\/\\\/villa-albertine.org\\\/va\\\/events\\\/tv5monde-program-highlights-july-2024\\\/#breadcrumb\",\"itemListElement\":[{\"@type\":\"ListItem\",\"position\":1,\"name\":\"Home\",\"item\":\"https:\\\/\\\/villa-albertine.org\\\/va\\\/\"},{\"@type\":\"ListItem\",\"position\":2,\"name\":\"TV5MONDE Program Highlights \u2013 July 2024\"}]},{\"@type\":\"WebSite\",\"@id\":\"https:\\\/\\\/villa-albertine.org\\\/va\\\/#website\",\"url\":\"https:\\\/\\\/villa-albertine.org\\\/va\\\/\",\"name\":\"Villa Albertine\",\"description\":\"\",\"potentialAction\":[{\"@type\":\"SearchAction\",\"target\":{\"@type\":\"EntryPoint\",\"urlTemplate\":\"https:\\\/\\\/villa-albertine.org\\\/va\\\/?s={search_term_string}\"},\"query-input\":{\"@type\":\"PropertyValueSpecification\",\"valueRequired\":true,\"valueName\":\"search_term_string\"}}],\"inLanguage\":\"en-US\"}]}<\/script>\n<!-- \/ Yoast SEO plugin. -->","yoast_head_json":{"title":"TV5MONDE Program Highlights \u2013 July 2024 - Villa Albertine","robots":{"index":"index","follow":"follow","max-snippet":"max-snippet:-1","max-image-preview":"max-image-preview:large","max-video-preview":"max-video-preview:-1"},"canonical":"https:\/\/villa-albertine.org\/va\/events\/tv5monde-program-highlights-july-2024\/","og_locale":"en_US","og_type":"article","og_title":"TV5MONDE Program Highlights \u2013 July 2024 - Villa Albertine","og_description":"Throughout July, the international French-language network TV5 Monde offers a rich lineup of entertaining films, series, and variety shows. Discover our round-up of the must-see programs this month below. You can also find TV5 Monde&#8217;s August program here. TV5 Monde Special Tour de France 2024 \u2013 July 1 to July 21 at 2:30pm ET\/11:30am PT...","og_url":"https:\/\/villa-albertine.org\/va\/events\/tv5monde-program-highlights-july-2024\/","og_site_name":"Villa Albertine","article_modified_time":"2024-07-30T22:01:18+00:00","og_image":[{"width":640,"height":345,"url":"https:\/\/villa-albertine.org\/wp-content\/uploads\/2024\/07\/Sous-le-sable-20002-e1566569949184.png","type":"image\/png"}],"twitter_card":"summary_large_image","twitter_misc":{"Est. reading time":"13 minutes"},"schema":{"@context":"https:\/\/schema.org","@graph":[{"@type":"WebPage","@id":"https:\/\/villa-albertine.org\/va\/events\/tv5monde-program-highlights-july-2024\/","url":"https:\/\/villa-albertine.org\/va\/events\/tv5monde-program-highlights-july-2024\/","name":"TV5MONDE Program Highlights \u2013 July 2024 - Villa Albertine","isPartOf":{"@id":"https:\/\/villa-albertine.org\/va\/#website"},"primaryImageOfPage":{"@id":"https:\/\/villa-albertine.org\/va\/events\/tv5monde-program-highlights-july-2024\/#primaryimage"},"image":{"@id":"https:\/\/villa-albertine.org\/va\/events\/tv5monde-program-highlights-july-2024\/#primaryimage"},"thumbnailUrl":"https:\/\/villa-albertine.org\/wp-content\/uploads\/2024\/07\/Sous-le-sable-20002-e1566569949184.png","datePublished":"2024-07-10T16:48:48+00:00","dateModified":"2024-07-30T22:01:18+00:00","breadcrumb":{"@id":"https:\/\/villa-albertine.org\/va\/events\/tv5monde-program-highlights-july-2024\/#breadcrumb"},"inLanguage":"en-US","potentialAction":[{"@type":"ReadAction","target":["https:\/\/villa-albertine.org\/va\/events\/tv5monde-program-highlights-july-2024\/"]}]},{"@type":"ImageObject","inLanguage":"en-US","@id":"https:\/\/villa-albertine.org\/va\/events\/tv5monde-program-highlights-july-2024\/#primaryimage","url":"https:\/\/villa-albertine.org\/wp-content\/uploads\/2024\/07\/Sous-le-sable-20002-e1566569949184.png","contentUrl":"https:\/\/villa-albertine.org\/wp-content\/uploads\/2024\/07\/Sous-le-sable-20002-e1566569949184.png","width":640,"height":345},{"@type":"BreadcrumbList","@id":"https:\/\/villa-albertine.org\/va\/events\/tv5monde-program-highlights-july-2024\/#breadcrumb","itemListElement":[{"@type":"ListItem","position":1,"name":"Home","item":"https:\/\/villa-albertine.org\/va\/"},{"@type":"ListItem","position":2,"name":"TV5MONDE Program Highlights \u2013 July 2024"}]},{"@type":"WebSite","@id":"https:\/\/villa-albertine.org\/va\/#website","url":"https:\/\/villa-albertine.org\/va\/","name":"Villa Albertine","description":"","potentialAction":[{"@type":"SearchAction","target":{"@type":"EntryPoint","urlTemplate":"https:\/\/villa-albertine.org\/va\/?s={search_term_string}"},"query-input":{"@type":"PropertyValueSpecification","valueRequired":true,"valueName":"search_term_string"}}],"inLanguage":"en-US"}]}},"_links":{"self":[{"href":"https:\/\/villa-albertine.org\/va\/wp-json\/wp\/v2\/app_event\/701058","targetHints":{"allow":["GET"]}}],"collection":[{"href":"https:\/\/villa-albertine.org\/va\/wp-json\/wp\/v2\/app_event"}],"about":[{"href":"https:\/\/villa-albertine.org\/va\/wp-json\/wp\/v2\/types\/app_event"}],"wp:featuredmedia":[{"embeddable":true,"href":"https:\/\/villa-albertine.org\/va\/wp-json\/wp\/v2\/media\/701401"}],"wp:attachment":[{"href":"https:\/\/villa-albertine.org\/va\/wp-json\/wp\/v2\/media?parent=701058"}],"wp:term":[{"taxonomy":"app_discipline","embeddable":true,"href":"https:\/\/villa-albertine.org\/va\/wp-json\/wp\/v2\/app_discipline?post=701058"},{"taxonomy":"app_city_tax","embeddable":true,"href":"https:\/\/villa-albertine.org\/va\/wp-json\/wp\/v2\/app_city_tax?post=701058"},{"taxonomy":"app_event_type","embeddable":true,"href":"https:\/\/villa-albertine.org\/va\/wp-json\/wp\/v2\/app_event_type?post=701058"}],"curies":[{"name":"wp","href":"https:\/\/api.w.org\/{rel}","templated":true}]}}