{"id":6727609,"date":"2025-11-24T21:12:44","date_gmt":"2025-11-24T21:12:44","guid":{"rendered":"https:\/\/villa-albertine.org\/va\/?post_type=app_event&#038;p=6727609"},"modified":"2025-11-26T18:42:58","modified_gmt":"2025-11-26T18:42:58","slug":"everything-french-at-miami-art-week-2025","status":"publish","type":"app_event","link":"https:\/\/villa-albertine.org\/va\/events\/everything-french-at-miami-art-week-2025\/","title":{"rendered":"Everything French at Miami Art Week 2025"},"content":{"rendered":"\n<p>France will shine once again as <em>Miami Art Week<\/em> brings twenty Art Fairs and endless cultural activations to the Magic City, featuring a cohort of French artists. Here are some of the highlights:<\/p>\n\n\n\n<p><strong>Art Basel<\/strong> returns to Miami Beach with 283 leading galleries from 43 countries, including many French galleries (Cr\u00e8vec\u0153ur, mor charpentier, Galerie Nathalie Obadia, Perrotin and Templon to name a few). Villa Albertine is partnering with the French Professional Committee of Art Galleries (CPGA) for the fifth&nbsp;edition of the&nbsp;<a href=\"https:\/\/www.comitedesgaleriesdart.com\/en\/actualites\/appel-a-candidature-nouvelle-edition-du-prix-cpga-etant-donnes-a-art-basel-miami-beach-2025\/\">CPGA\u2013Etant donn\u00e9s Prize <\/a>at <em>Art Basel Miami Beach<\/em>, awarded to a living artist active on the French art scene and exhibited at Art Basel Miami Beach.&nbsp;In 2024, the prize was awarded to&nbsp;<a href=\"https:\/\/villa-albertine.org\/va\/press-release\/johanna-mirabel-and-galerie-nathalie-obadia-awarded-the-cpga-prix-etant-donnes-2024-at-art-basel-miami-beach\/\" target=\"_blank\" rel=\"noreferrer noopener\">Joanna Mirabel<\/a> (represented by&nbsp;<em>Galerie Nathalie Obadia<\/em>) who will be in residence with the Villa Albertine Miami in 2026.&nbsp;<\/p>\n\n\n\n<p>Art Basel&#8217;s sister fair, <strong>Design Miami,<\/strong> will be celebrating its\u00a020th anniversary as the global forum for collectible design. This year&#8217;s exhibitors\u00a0include nine French galeries (Carpenters Workshop, Galerie Gastou, Galerie SCENE OUVERTE, Galerie Sign\u00e9, Giula de Jonckheere Design, LEFEBVRE ET FILS,\u00a0MOUVEMENTS MODERNES, Th\u00e9or\u00e8me \u00e9ditions, and the Spaceless Gallery). <br>The fair&#8217;s <em>Special Projects<\/em> section will\u00a0highlight the work of French-American artist\u00a0<a href=\"https:\/\/nam11.safelinks.protection.outlook.com\/?url=https%3A%2F%2Ffrenchculture.us6.list-manage.com%2Ftrack%2Fclick%3Fu%3D21f7f44cb4b9240ee43deb571%26id%3D16af811e8d%26e%3Dae164095c1&amp;data=05%7C02%7Ckimberley.gaultier%40villa-albertine.org%7Cd1154d1ae63c401ec4e208de1b1654ce%7C2d6ab33a15c04d1eb0363b23ceb26830%7C0%7C0%7C638977979899066295%7CUnknown%7CTWFpbGZsb3d8eyJFbXB0eU1hcGkiOnRydWUsIlYiOiIwLjAuMDAwMCIsIlAiOiJXaW4zMiIsIkFOIjoiTWFpbCIsIldUIjoyfQ%3D%3D%7C0%7C%7C%7C&amp;sdata=QQxuNzb6%2F12sb2lXUsczXWZkbOIpcngbvvxrnuEXjMQ%3D&amp;reserved=0\" target=\"_blank\" rel=\"noreferrer noopener\">Joyce Billet<\/a> with &#8220;Rising, Rooted, and Woven&#8221; presented by Villa Albertine with plants provided by Fairchild Tropical Botanic Garden. The project explores the intersections between the natural and the constructed. Her work can also be viewed at her <a href=\"http:\/\/Events and Promotions at Miami Design District in December 2025 | Miami Design District\">Open Studio<\/a> in the Design District where you can<strong> <\/strong>experience the creative process behind her monumental works <br><br>Outside the fair, &#8220;Mr. Pink Takes Flight,&#8221; by French artist Philippe Katerine<strong>, <\/strong>is one of the first public art installations marking the start of the city&#8217;s annual arts celebration. The\u00a0<a href=\"https:\/\/museumofgraffiti.com\/pages\/art-basel-miami\" target=\"_blank\" rel=\"noreferrer noopener\">Museum of Graffiti<\/a>\u00a0will present a solo exhibition of France-based\u00a0Graffiti\u00a0artist\u00a0<a href=\"https:\/\/nam11.safelinks.protection.outlook.com\/?url=https%3A%2F%2Ffrenchculture.us6.list-manage.com%2Ftrack%2Fclick%3Fu%3D21f7f44cb4b9240ee43deb571%26id%3D8feef6c210%26e%3Dae164095c1&amp;data=05%7C02%7Ckimberley.gaultier%40villa-albertine.org%7Cd1154d1ae63c401ec4e208de1b1654ce%7C2d6ab33a15c04d1eb0363b23ceb26830%7C0%7C0%7C638977979899103207%7CUnknown%7CTWFpbGZsb3d8eyJFbXB0eU1hcGkiOnRydWUsIlYiOiIwLjAuMDAwMCIsIlAiOiJXaW4zMiIsIkFOIjoiTWFpbCIsIldUIjoyfQ%3D%3D%7C0%7C%7C%7C&amp;sdata=n36sDkMwfrwSf1TAf8CstZ3eRDILnvM09wawxM1sgiA%3D&amp;reserved=0\" target=\"_blank\" rel=\"noreferrer noopener\">JonOne<\/a>\u00a0while NSU Museum of Art will highlight its\u00a0Christo and Jeanne-Claude\u00a0<a href=\"https:\/\/nam11.safelinks.protection.outlook.com\/?url=https%3A%2F%2Ffrenchculture.us6.list-manage.com%2Ftrack%2Fclick%3Fu%3D21f7f44cb4b9240ee43deb571%26id%3D544e5dba37%26e%3Dae164095c1&amp;data=05%7C02%7Ckimberley.gaultier%40villa-albertine.org%7Cd1154d1ae63c401ec4e208de1b1654ce%7C2d6ab33a15c04d1eb0363b23ceb26830%7C0%7C0%7C638977979899121274%7CUnknown%7CTWFpbGZsb3d8eyJFbXB0eU1hcGkiOnRydWUsIlYiOiIwLjAuMDAwMCIsIlAiOiJXaW4zMiIsIkFOIjoiTWFpbCIsIldUIjoyfQ%3D%3D%7C0%7C%7C%7C&amp;sdata=FRgDnDSlKmdLISnZDO8XrAzbLWI704UZPUwZL6T6MYQ%3D&amp;reserved=0\" target=\"_blank\" rel=\"noreferrer noopener\">\u201cSurrounded Islands\u201d<\/a>\u00a0exhibition. You can also view the recently unveiled public works of Marielle Plaisir (represented by Snitzer Gallery at Art Basel)<strong><em> <\/em><\/strong><em><a href=\"https:\/\/www.marielleplaisir.com\/public-art-projects\">\u201cThe Way I See the World\u201d \u2013 Screening Facade (2025)<\/a><\/em>, a large-scale illuminated fa\u00e7ade installation at <em>Atlantic Station<\/em> building downtown Miami. <br><br>On the music side,\u00a0<a href=\"https:\/\/nam11.safelinks.protection.outlook.com\/?url=https%3A%2F%2Ffrenchculture.us6.list-manage.com%2Ftrack%2Fclick%3Fu%3D21f7f44cb4b9240ee43deb571%26id%3D5933e51843%26e%3Dae164095c1&amp;data=05%7C02%7Ckimberley.gaultier%40villa-albertine.org%7Cd1154d1ae63c401ec4e208de1b1654ce%7C2d6ab33a15c04d1eb0363b23ceb26830%7C0%7C0%7C638977979899139755%7CUnknown%7CTWFpbGZsb3d8eyJFbXB0eU1hcGkiOnRydWUsIlYiOiIwLjAuMDAwMCIsIlAiOiJXaW4zMiIsIkFOIjoiTWFpbCIsIldUIjoyfQ%3D%3D%7C0%7C%7C%7C&amp;sdata=IqqjUrc9K80ltWpilSA2v0AfuPO41gYfjfOBzvwakC0%3D&amp;reserved=0\" target=\"_blank\" rel=\"noreferrer noopener\">ZeyZey<\/a>\u00a0will showcase\u00a0the whole\u00a0<em>Roche Musique<\/em>\u00a0label\u00a0 including performances and DJ sets by\u00a0FKJ,\u00a0Dabeull,\u00a0Breakbot &amp; Irfaneto name a few.\u00a0Factory Town&#8217;s\u00a0<a href=\"https:\/\/nam11.safelinks.protection.outlook.com\/?url=https%3A%2F%2Ffrenchculture.us6.list-manage.com%2Ftrack%2Fclick%3Fu%3D21f7f44cb4b9240ee43deb571%26id%3D47eceacfbe%26e%3Dae164095c1&amp;data=05%7C02%7Ckimberley.gaultier%40villa-albertine.org%7Cd1154d1ae63c401ec4e208de1b1654ce%7C2d6ab33a15c04d1eb0363b23ceb26830%7C0%7C0%7C638977979899157550%7CUnknown%7CTWFpbGZsb3d8eyJFbXB0eU1hcGkiOnRydWUsIlYiOiIwLjAuMDAwMCIsIlAiOiJXaW4zMiIsIkFOIjoiTWFpbCIsIldUIjoyfQ%3D%3D%7C0%7C%7C%7C&amp;sdata=hzZGNgR8H9xRR5YOOm0OoFRZC%2BVdjXBtCPHJoO2XZyw%3D&amp;reserved=0\" target=\"_blank\" rel=\"noreferrer noopener\">Basel line up<\/a>\u00a0will feature French DJ star Hugel.\u00a0<br><br>Immerse yourself in vibrant cultural landscape featuring the finest creatives and art lovers from our community and abroad !\u00a0<strong><br><\/strong><br><\/p>\n\n\n\n<p><\/p>\n","protected":false},"featured_media":6728062,"menu_order":0,"template":"","app_discipline":[234,606,218],"app_city_tax":[216],"app_event_type":[421],"class_list":["post-6727609","app_event","type-app_event","status-publish","has-post-thumbnail","hentry","app_discipline-all-disciplines","app_discipline-design","app_discipline-visual-arts","app_city_tax-mia","app_event_type-art-fair"],"acf":[],"yoast_head":"<!-- This site is optimized with the Yoast SEO plugin v27.3 - https:\/\/yoast.com\/product\/yoast-seo-wordpress\/ -->\n<title>Everything French at Miami Art Week 2025 - Villa Albertine<\/title>\n<meta name=\"robots\" content=\"index, follow, max-snippet:-1, max-image-preview:large, max-video-preview:-1\" \/>\n<link rel=\"canonical\" href=\"https:\/\/villa-albertine.org\/va\/events\/everything-french-at-miami-art-week-2025\/\" \/>\n<meta property=\"og:locale\" content=\"en_US\" \/>\n<meta property=\"og:type\" content=\"article\" \/>\n<meta property=\"og:title\" content=\"Everything French at Miami Art Week 2025 - Villa Albertine\" \/>\n<meta property=\"og:description\" content=\"France will shine once again as Miami Art Week brings twenty Art Fairs and endless cultural activations to the Magic City, featuring a cohort of French artists. Here are some of the highlights: Art Basel returns to Miami Beach with 283 leading galleries from 43 countries, including many French galleries (Cr\u00e8vec\u0153ur, mor charpentier, Galerie Nathalie...\" \/>\n<meta property=\"og:url\" content=\"https:\/\/villa-albertine.org\/va\/events\/everything-french-at-miami-art-week-2025\/\" \/>\n<meta property=\"og:site_name\" content=\"Villa Albertine\" \/>\n<meta property=\"article:modified_time\" content=\"2025-11-26T18:42:58+00:00\" \/>\n<meta property=\"og:image\" content=\"https:\/\/villa-albertine.org\/wp-content\/uploads\/2025\/11\/joycebilletworkmodofiend-scaled.jpg\" \/>\n\t<meta property=\"og:image:width\" content=\"2560\" \/>\n\t<meta property=\"og:image:height\" content=\"1618\" \/>\n\t<meta property=\"og:image:type\" content=\"image\/jpeg\" \/>\n<meta name=\"twitter:card\" content=\"summary_large_image\" \/>\n<meta name=\"twitter:label1\" content=\"Est. reading time\" \/>\n\t<meta name=\"twitter:data1\" content=\"2 minutes\" \/>\n<script type=\"application\/ld+json\" class=\"yoast-schema-graph\">{\"@context\":\"https:\\\/\\\/schema.org\",\"@graph\":[{\"@type\":\"WebPage\",\"@id\":\"https:\\\/\\\/villa-albertine.org\\\/va\\\/events\\\/everything-french-at-miami-art-week-2025\\\/\",\"url\":\"https:\\\/\\\/villa-albertine.org\\\/va\\\/events\\\/everything-french-at-miami-art-week-2025\\\/\",\"name\":\"Everything French at Miami Art Week 2025 - Villa Albertine\",\"isPartOf\":{\"@id\":\"https:\\\/\\\/villa-albertine.org\\\/va\\\/#website\"},\"primaryImageOfPage\":{\"@id\":\"https:\\\/\\\/villa-albertine.org\\\/va\\\/events\\\/everything-french-at-miami-art-week-2025\\\/#primaryimage\"},\"image\":{\"@id\":\"https:\\\/\\\/villa-albertine.org\\\/va\\\/events\\\/everything-french-at-miami-art-week-2025\\\/#primaryimage\"},\"thumbnailUrl\":\"https:\\\/\\\/villa-albertine.org\\\/wp-content\\\/uploads\\\/2025\\\/11\\\/joycebilletworkmodofiend-scaled.jpg\",\"datePublished\":\"2025-11-24T21:12:44+00:00\",\"dateModified\":\"2025-11-26T18:42:58+00:00\",\"breadcrumb\":{\"@id\":\"https:\\\/\\\/villa-albertine.org\\\/va\\\/events\\\/everything-french-at-miami-art-week-2025\\\/#breadcrumb\"},\"inLanguage\":\"en-US\",\"potentialAction\":[{\"@type\":\"ReadAction\",\"target\":[\"https:\\\/\\\/villa-albertine.org\\\/va\\\/events\\\/everything-french-at-miami-art-week-2025\\\/\"]}]},{\"@type\":\"ImageObject\",\"inLanguage\":\"en-US\",\"@id\":\"https:\\\/\\\/villa-albertine.org\\\/va\\\/events\\\/everything-french-at-miami-art-week-2025\\\/#primaryimage\",\"url\":\"https:\\\/\\\/villa-albertine.org\\\/wp-content\\\/uploads\\\/2025\\\/11\\\/joycebilletworkmodofiend-scaled.jpg\",\"contentUrl\":\"https:\\\/\\\/villa-albertine.org\\\/wp-content\\\/uploads\\\/2025\\\/11\\\/joycebilletworkmodofiend-scaled.jpg\",\"width\":2560,\"height\":1618,\"caption\":\"Image, Courtesy of Joyce Billet\"},{\"@type\":\"BreadcrumbList\",\"@id\":\"https:\\\/\\\/villa-albertine.org\\\/va\\\/events\\\/everything-french-at-miami-art-week-2025\\\/#breadcrumb\",\"itemListElement\":[{\"@type\":\"ListItem\",\"position\":1,\"name\":\"Home\",\"item\":\"https:\\\/\\\/villa-albertine.org\\\/va\\\/\"},{\"@type\":\"ListItem\",\"position\":2,\"name\":\"Everything French at Miami Art Week 2025\"}]},{\"@type\":\"WebSite\",\"@id\":\"https:\\\/\\\/villa-albertine.org\\\/va\\\/#website\",\"url\":\"https:\\\/\\\/villa-albertine.org\\\/va\\\/\",\"name\":\"Villa Albertine\",\"description\":\"\",\"potentialAction\":[{\"@type\":\"SearchAction\",\"target\":{\"@type\":\"EntryPoint\",\"urlTemplate\":\"https:\\\/\\\/villa-albertine.org\\\/va\\\/?s={search_term_string}\"},\"query-input\":{\"@type\":\"PropertyValueSpecification\",\"valueRequired\":true,\"valueName\":\"search_term_string\"}}],\"inLanguage\":\"en-US\"}]}<\/script>\n<!-- \/ Yoast SEO plugin. -->","yoast_head_json":{"title":"Everything French at Miami Art Week 2025 - Villa Albertine","robots":{"index":"index","follow":"follow","max-snippet":"max-snippet:-1","max-image-preview":"max-image-preview:large","max-video-preview":"max-video-preview:-1"},"canonical":"https:\/\/villa-albertine.org\/va\/events\/everything-french-at-miami-art-week-2025\/","og_locale":"en_US","og_type":"article","og_title":"Everything French at Miami Art Week 2025 - Villa Albertine","og_description":"France will shine once again as Miami Art Week brings twenty Art Fairs and endless cultural activations to the Magic City, featuring a cohort of French artists. Here are some of the highlights: Art Basel returns to Miami Beach with 283 leading galleries from 43 countries, including many French galleries (Cr\u00e8vec\u0153ur, mor charpentier, Galerie Nathalie...","og_url":"https:\/\/villa-albertine.org\/va\/events\/everything-french-at-miami-art-week-2025\/","og_site_name":"Villa Albertine","article_modified_time":"2025-11-26T18:42:58+00:00","og_image":[{"width":2560,"height":1618,"url":"https:\/\/villa-albertine.org\/wp-content\/uploads\/2025\/11\/joycebilletworkmodofiend-scaled.jpg","type":"image\/jpeg"}],"twitter_card":"summary_large_image","twitter_misc":{"Est. reading time":"2 minutes"},"schema":{"@context":"https:\/\/schema.org","@graph":[{"@type":"WebPage","@id":"https:\/\/villa-albertine.org\/va\/events\/everything-french-at-miami-art-week-2025\/","url":"https:\/\/villa-albertine.org\/va\/events\/everything-french-at-miami-art-week-2025\/","name":"Everything French at Miami Art Week 2025 - Villa Albertine","isPartOf":{"@id":"https:\/\/villa-albertine.org\/va\/#website"},"primaryImageOfPage":{"@id":"https:\/\/villa-albertine.org\/va\/events\/everything-french-at-miami-art-week-2025\/#primaryimage"},"image":{"@id":"https:\/\/villa-albertine.org\/va\/events\/everything-french-at-miami-art-week-2025\/#primaryimage"},"thumbnailUrl":"https:\/\/villa-albertine.org\/wp-content\/uploads\/2025\/11\/joycebilletworkmodofiend-scaled.jpg","datePublished":"2025-11-24T21:12:44+00:00","dateModified":"2025-11-26T18:42:58+00:00","breadcrumb":{"@id":"https:\/\/villa-albertine.org\/va\/events\/everything-french-at-miami-art-week-2025\/#breadcrumb"},"inLanguage":"en-US","potentialAction":[{"@type":"ReadAction","target":["https:\/\/villa-albertine.org\/va\/events\/everything-french-at-miami-art-week-2025\/"]}]},{"@type":"ImageObject","inLanguage":"en-US","@id":"https:\/\/villa-albertine.org\/va\/events\/everything-french-at-miami-art-week-2025\/#primaryimage","url":"https:\/\/villa-albertine.org\/wp-content\/uploads\/2025\/11\/joycebilletworkmodofiend-scaled.jpg","contentUrl":"https:\/\/villa-albertine.org\/wp-content\/uploads\/2025\/11\/joycebilletworkmodofiend-scaled.jpg","width":2560,"height":1618,"caption":"Image, Courtesy of Joyce Billet"},{"@type":"BreadcrumbList","@id":"https:\/\/villa-albertine.org\/va\/events\/everything-french-at-miami-art-week-2025\/#breadcrumb","itemListElement":[{"@type":"ListItem","position":1,"name":"Home","item":"https:\/\/villa-albertine.org\/va\/"},{"@type":"ListItem","position":2,"name":"Everything French at Miami Art Week 2025"}]},{"@type":"WebSite","@id":"https:\/\/villa-albertine.org\/va\/#website","url":"https:\/\/villa-albertine.org\/va\/","name":"Villa Albertine","description":"","potentialAction":[{"@type":"SearchAction","target":{"@type":"EntryPoint","urlTemplate":"https:\/\/villa-albertine.org\/va\/?s={search_term_string}"},"query-input":{"@type":"PropertyValueSpecification","valueRequired":true,"valueName":"search_term_string"}}],"inLanguage":"en-US"}]}},"_links":{"self":[{"href":"https:\/\/villa-albertine.org\/va\/wp-json\/wp\/v2\/app_event\/6727609","targetHints":{"allow":["GET"]}}],"collection":[{"href":"https:\/\/villa-albertine.org\/va\/wp-json\/wp\/v2\/app_event"}],"about":[{"href":"https:\/\/villa-albertine.org\/va\/wp-json\/wp\/v2\/types\/app_event"}],"wp:featuredmedia":[{"embeddable":true,"href":"https:\/\/villa-albertine.org\/va\/wp-json\/wp\/v2\/media\/6728062"}],"wp:attachment":[{"href":"https:\/\/villa-albertine.org\/va\/wp-json\/wp\/v2\/media?parent=6727609"}],"wp:term":[{"taxonomy":"app_discipline","embeddable":true,"href":"https:\/\/villa-albertine.org\/va\/wp-json\/wp\/v2\/app_discipline?post=6727609"},{"taxonomy":"app_city_tax","embeddable":true,"href":"https:\/\/villa-albertine.org\/va\/wp-json\/wp\/v2\/app_city_tax?post=6727609"},{"taxonomy":"app_event_type","embeddable":true,"href":"https:\/\/villa-albertine.org\/va\/wp-json\/wp\/v2\/app_event_type?post=6727609"}],"curies":[{"name":"wp","href":"https:\/\/api.w.org\/{rel}","templated":true}]}}