{"id":60243,"date":"2023-03-01T17:02:05","date_gmt":"2023-03-01T17:02:05","guid":{"rendered":"https:\/\/villa-albertine.org\/events\/agenda-archives\/"},"modified":"2023-08-23T07:45:45","modified_gmt":"2023-08-23T07:45:45","slug":"agenda-archives","status":"publish","type":"app_event","link":"https:\/\/villa-albertine.org\/va\/events\/agenda-archives\/","title":{"rendered":"Agenda Archives"},"content":{"rendered":"<p><u><strong>From Friday, January 27<\/strong><\/u> at Quad Cinema in New York, followed by Los Angeles and national expansion<\/p>\n<p><em><strong>The Man in the Basement<\/strong> <\/em>by Philippe Le Guay<\/p>\n<p>A benign real estate deal becomes a sinister standoff between a young Parisian French couple (J\u00e9r\u00e9mie Renier\u00a0and Academy Award nominee B\u00e9r\u00e9nice Bejo) and a dangerous Holocaust denier. Simon Sandberg, a Jewish Parisian architect (Renier) sells his flat\u2019s unused cellar to a\u00a0seemingly normal and\u00a0well-mannered\u00a0former history teacher,\u00a0Jacques Fonzic\u00a0<em>(The Untouchables<\/em>\u2019 Fran\u00e7ois Cluzet). But when Fonzic takes up residence in the cellar, the stranger\u2019s secret life emerges.\u00a0Slowly and methodically, his far-right, radicalized beliefs about Judaism and conspiracy theories ensnare Simon\u2019s very existence, driving him to more and more desperate strategies to evict the man.\u00a0<\/p>\n<p>What ensues is a riveting cat-and-mouse game between Fonzic and Sandberg as\u00a0the increasingly menacing buyer insinuates himself with their naive teenage daughter, turning the family\u2019s idyllic world upside down. Impeccable acting and a nightmare scenario drive this tense and gripping thriller, based on a true story, to its logical and frightening conclusion.\u00a0<\/p>\n<p>A Greenwich Entertainment Release<\/p>\n<p>Click <a href=\"https:\/\/quadcinema.com\">here<\/a> for more information!\u00a0<\/p>\n<p><u><strong>From Friday, 13 Jan<\/strong><\/u> \u2013 Los Angeles at AMC Sunset 5 and New York at Film at Lincoln Center and Film Forum<\/p>\n<p lang=\"EN-US\" xml:lang=\"EN-US\" xml:lang=\"EN-US\"><em><strong>St Omer<\/strong><\/em> by Alice Diop\u00a0\u00a0<\/p>\n<p><strong>FRANCE&#8217;S OFFICIAL OSCAR\u00ae ENTRY FOR BEST INTERNATIONAL FEATURE<\/strong><\/p>\n<p lang=\"EN-US\" xml:lang=\"EN-US\" xml:lang=\"EN-US\">This progressively claustrophobic courtroom drama is told through the stoic point of view of Rama (played with restrained intensity by a superb Kayije Kagame), a young novelist working on a contemporary retelling of the ancient Medea myth. Pregnant herself and increasingly uneasy, Rama\u2019s own family history, doubts, and fears about motherhood are steadily dislodged as the life story of the accused woman, Laurence Coly, is gradually revealed.\u00a0<\/p>\n<p lang=\"EN-US\" xml:lang=\"EN-US\" xml:lang=\"EN-US\">Director\u00a0<strong>Alice Diop<\/strong>\u00a0and actress\u00a0<strong>Guslagie Malanda<\/strong>\u00a0will be in attendance for the opening in New York City at\u00a0<a href=\"https:\/\/villa-albertine.org\/events\/saint-omer-opens-film-lincoln-center-alice-diop-attendance\">Film at Lincoln Center<\/a>\u00a0and\u00a0<a href=\"https:\/\/villa-albertine.org\/events\/saint-omer-opens-film-forum-alice-diop-attendance\">Film Forum<\/a>.<\/p>\n<p lang=\"EN-US\" xml:lang=\"EN-US\" xml:lang=\"EN-US\"><em>Genre: Drama<br \/>\nCast: Kayije Kagame, Guslagie Malanda\u00a0<br \/>\n\u00a02h2m<\/em><\/p>\n<p lang=\"EN-US\" xml:lang=\"EN-US\" xml:lang=\"EN-US\">A SUPER release<\/p>\n<p lang=\"EN-US\" xml:lang=\"EN-US\" xml:lang=\"EN-US\">Click <a href=\"https:\/\/www.amctheatres.com\/movies\/saint-omer-71818\">here<\/a> for more information!<\/p>\n<p><strong><u>From Monday, January 23<\/u><\/strong><\/p>\n<p><strong>At <a href=\"https:\/\/www.laemmle.com\/film\/super-8-years\">Film at Laemmle Theaters\u00a0<\/a><\/strong><\/p>\n<p><em><strong>The Super 8 Years<\/strong> <\/em>by\u00a0Annie Ernaux and David Ernaux-Briot\u00a0<\/p>\n<p>The French writer and 2022 Nobel Prize awardee\u00a0Annie Ernaux, whose novels and memoirs have gained her a devoted following (and whose autobiographical\u00a0<em>L\u2019\u00c9v\u00e9nement\u00a0<\/em>was adapted just last year into the critically acclaimed film<em>Happening<\/em>), opens a treasure trove with this delicate journey into her family\u2019s memory. Compiled from gorgeously textured home movie images from 1972 to 1981\u2014when her first books were published, her sons became teenagers, and her husband Philippe brought an 8mm film camera everywhere they went\u2014this portrait of a time, place, and moment of personal and political significance takes us from holidays and family rituals in suburban bourgeois France to trips abroad in Albania and Egypt, Spain and the USSR. Supplying her own introspective voiceover, Ernaux and her co-filmmaker, her son David, guide the viewer through fragments of a decade, diffuse and vivid in equal measure.\u00a0<em>The Super 8 Years<\/em>\u00a0is a remarkable visual extension of Ernaux\u2019s ongoing literary project to make sense of the mysterious past and the unknowable future. An NYFF60 Spotlight selection.<\/p>\n<p><em>Genre: Autobiography, Women and Film<\/em><\/p>\n<p><em>63 min<\/em><\/p>\n<p>A Kino Lorber release.<\/p>\n<p><strong><u>From Friday, January 27<\/u><\/strong><\/p>\n<p><strong><em>Plane<\/em><\/strong>\u00a0by Jean-Fran\u00e7ois Richet\u00a0<\/p>\n<p>Brodie Torrance saves his passengers from a lightning strike by making a risky landing on a war-torn island &#8211; only to find that surviving the landing was just the beginning. When most of the passengers are taken hostage by dangerous rebels, the only person Torrance can count on for help is Louis Gaspare, an accused murderer who was being transported by the FBI. In order to rescue the passengers, Torrance will need Gaspare&#8217;s help, and will learn there&#8217;s more to Gaspare than meets the eye.\u00a0 \u00a0\u00a0<\/p>\n<p><em>Genre: Action\u00a0\u00a0<br \/>\nCast: Gerard Butler, Mike Colter\u00a0<br \/>\n1h47min<\/em><\/p>\n<p><em>A Di Buonaventura Pictures release.<\/em><\/p>\n<p>Please click <a href=\"https:\/\/www.laemmle.com\/film\/plane\">here<\/a> for more information on the Los Angeles screenings.<\/p>\n<p><strong><u>From Friday, January 27<\/u><\/strong><\/p>\n<p><strong><em>One Fine Morning<\/em><\/strong>\u00a0by Mia Hansen-L\u00f8ve \u00a0<\/p>\n<p>Sandra is a widowed young mother raising her daughter on her own, while also caring for her sick father. She\u2019s dealing with the loss of the relationship she once had with her father, while she and her mother and sister fight to get him the care he requires. At the same time, Sandra reconnects with Cl\u00e9ment, a friend she hasn\u2019t seen in a while and, although he\u2019s married, their friendship soon blossoms into a passionate affair.\u00a0\u00a0 \u00a0\u00a0<\/p>\n<p><em>Genre: Drama\u00a0\u00a0<br \/>\nCast: L\u00e9a Seydoux, Pascal Greggory, Melvil Poupaud \u00a0<br \/>\n1h52min<\/em><\/p>\n<p><em>A Sony Pictures Classics release<\/em><\/p>\n<p>Please click <a href=\"https:\/\/www.sonyclassics.com\/film\/onefinemorning\/\">here<\/a> for more information on the New York and Los Angeles screenings!<\/p>\n<p><u><strong>Opening January 27th in New York\u00a0and February 3rd in Los Angeles<\/strong><\/u><\/p>\n<p><strong><em>Filmmakers for the Prosecution<\/em><\/strong>\u00a0by\u00a0Jean-Christophe Klotz,\u00a0Co-produced by Sandra Schulberg<\/p>\n<p>Adapted from Sandra Schulberg\u2019s monograph,<em>\u00a0Filmmakers for the Prosecution<\/em>\u00a0retraces the hunt for film evidence that could convict the Nazis at the Nuremberg Trial. The searchers were two sons of Hollywood \u2013 brothers Budd and Stuart Schulberg \u2013 serving under the command of OSS film chief John Ford. The motion pictures they presented in the courtroom became part of the official record and shape our understanding of the Holocaust to this day.<\/p>\n<p><em>Genre: Documentary<\/em><\/p>\n<p><em>59 minutes\u00a0<\/em><\/p>\n<p><em>Genre: Drama<\/em><br \/>\n\u00a0<\/p>\n<p lang=\"EN-US\" xml:lang=\"EN-US\" xml:lang=\"EN-US\">A <em>Kino Lorber <\/em>release<\/p>\n<p lang=\"EN-US\" xml:lang=\"EN-US\" xml:lang=\"EN-US\">Click <a href=\"https:\/\/kinolorber.com\/film\/filmmakers-for-the-prosecution\">here<\/a>\u00a0for more information\u00a0<\/p>\n<p><strong><u>Coming out in December:<\/u><\/strong><\/p>\n<p><strong><u>Friday, December 2<\/u><\/strong><\/p>\n<p><strong>At <a href=\"https:\/\/www.laemmle.com\/film\/return-seoul\">Laemmle, Royal<\/a>\u00a0<\/strong><\/p>\n<p><strong><em>Return To Seoul<\/em><\/strong>\u00a0by Davy Chou\u00a0<\/p>\n<p>After an impulsive travel decision to visit friends, Freddie, 25, returns to South Korea for the first time, where she was born before being adopted and raised in France. Freddie suddenly finds herself embarking on (an unexpected) journey in a country she knows so little about, taking her life in new and unexpected directions.<\/p>\n<p><em>Genre: Drama<br \/>\nCast: <\/em>Park Ji-Min, Oh Kwang-Rok, Guka Han<br \/><em>115 min<\/em><\/p>\n<p><em>An Aurora Films\u00a0release.<\/em><\/p>\n<p><strong><u>Friday, December 30 \u00a0<\/u><\/strong><\/p>\n<p><em><strong>Corsage<\/strong><\/em> by Marie Kreutzer\u00a0<\/p>\n<p>As her 40th birthday approaches, beautiful Empress Elisabeth of Austria is thrown into turmoil as she anticipates being considered an old woman. Faced with a future of strict ceremony and royal duties, Empress Elisabeth rebels against her public image and comes up with a plan to protect her legacy. \u00a0<\/p>\n<p><em>Genre: Drama\u00a0<\/em><\/p>\n<p><em>Cast: Vicky Krieps, Florian Teichtmeister, Colin Morgan\u00a0<\/em><\/p>\n<p><em>1h53m\u00a0<\/em><\/p>\n<p><em>A IFC Films release.\u00a0<\/em><\/p>\n<p>Click <a href=\"https:\/\/www.corsagemovie.com\/\">here<\/a> for more information!\u00a0<\/p>\n<p>Click <a href=\"https:\/\/www.laemmle.com\/film\/corsage\">here<\/a> for more information on Los Angeles screenings!<\/p>\n<p><strong><u>Coming out in November:<\/u><\/strong><\/p>\n<p><strong><u>Friday, November 4 (Nationwide)<\/u><\/strong><\/p>\n<p><strong><em>Peaceful <\/em><\/strong>by Emmanuelle Bercot\u00a0<\/p>\n<p>A son in denial of a serious illness. A mother facing the unbearable. And between them a doctor and a nurse fighting to do their jobs and help them find acceptance. The four of them have one year and four seasons to come together and understand what it means to die while living.\u00a0<\/p>\n<p><em>Genre: Drama<br \/>\nCast: Catherine Deneuve, Beno\u00eet Magimel<br \/>\n122 min<\/em><\/p>\n<p><em>A Distrib Films release.<\/em><\/p>\n<p>Please click <a href=\"https:\/\/www.laemmle.com\/film\/peaceful\">here<\/a> for more information on the Los Angeles screenings.\u00a0<\/p>\n<p><strong>In select theaters starting Friday, Nov 4<\/strong><\/p>\n<p><strong><em>You Resemble Me<\/em><\/strong>\u00a0by Dina Amer<\/p>\n<p>The true story of Hasna Ait Boulahcen, a woman who was falsely accused of being Europe&#8217;s first female suicide bomber. Cultural and intergenerational trauma erupt in this story about two sisters on the outskirts of Paris. After the siblings are torn apart, the eldest, Hasna, struggles to find her identity, leading to a choice that shocks the world. Director Dina Amer takes on one of the darkest issues of our time and deconstructs it in an intimate story about family, love, sisterhood, and belonging.<\/p>\n<p><em>Genre: Drama<br \/>\nCast: Sabrina Ouzani, Sana Sri<br \/>\n90 min<\/em><\/p>\n<p><em>A Dedza Films release.<\/em><\/p>\n<p>Please click <a href=\"https:\/\/youresembleme.com\/\">here<\/a> for more information.<\/p>\n<p>Opening in Los Angeles on Nov 11 at\u00a0<a href=\"https:\/\/www.laemmle.com\/film\/you-resemble-me\">Laemmle Theatres<\/a>\u00a0<\/p>\n<p><strong><u>Friday, November 11<\/u><\/strong><\/p>\n<p><strong><em>Utama<\/em><\/strong>\u00a0by Alejandro Loayza Grisi\u00a0<\/p>\n<p>In the Bolivian highlands, an elderly Quechua couple has been living the same daily life for years. During an uncommonly long drought, Virginio and his wife (Sisa) face a dilemma: resist or be defeated by the environment and time itself.\u00a0<\/p>\n<p><em>Genre: Drama<br \/>\nCast: Jose Calcina, Luisa Quispe\u00a0<br \/>\n87 min<\/em><\/p>\n<p><em>An Alma Films release.<\/em><\/p>\n<p>Click <a href=\"https:\/\/www.laemmle.com\/film\/utama\">here<\/a> for more information on the Los Angeles screenings.\u00a0<\/p>\n<p><strong><u>Friday, November 11<\/u><\/strong><\/p>\n<p><strong><em>Rimini<\/em><\/strong>\u00a0by Mathieu Amalric<\/p>\n<p>Rimini in winter. A group of older hotel guests is blissfully enjoying Richie Bravo singing about tears that hurt. But when his daughter holds up a mirror to his pathos, the past catches up with this star of schmaltz who conquers hearts and bodies.<\/p>\n<p><em>Genre: Drama<br \/>\nCast: Michael Thomas, Inge Maux\u00a0<br \/>\n114 min<\/em><\/p>\n<p><em>A Damned Films release.<\/em><\/p>\n<p>Click <a href=\"https:\/\/www.laemmle.com\/film\/rimini\">here<\/a> for more information on the Los Angeles screenings.\u00a0\u00a0<\/p>\n<p><strong><u>Wednesday, November 16<\/u><\/strong><\/p>\n<p><strong><em>A Couple<\/em><\/strong>\u00a0by Frederick Wiseman\u00a0<\/p>\n<p>Prolific documentary maestro Frederick Wiseman (46 feature-length films since 1967) has fashioned a moving, empathetic monologue based on the diaries of Sophia Tolstoy, with whom the great writer had 13 children and who, as his amanuensis, copied his masterpiece, War and Peace, seven times. Filmed amid gorgeous, idyllic settings befitting a Russian countess, French actress Nathalie Boutefeu portrays Sophia as a determined, loving, angry woman who recognizes the limitations of long-term marriage to a man of world-renown.\u00a0<\/p>\n<p><em>Genre: Drama<br \/>\nCast: Nathalie Boutefeu\u00a0<br \/>\n63 min<\/em><\/p>\n<p><em>A Wat Films release.<\/em><\/p>\n<p>Click <a href=\"https:\/\/www.laemmle.com\/film\/couple\">here<\/a> for more information on the Los Angeles screenings.\u00a0<\/p>\n<p><strong><u>Coming out in October:<\/u><\/strong><\/p>\n<p><strong><u>Friday, November 25 (Nationwide)<\/u><\/strong><\/p>\n<p><strong><em>The Son <\/em><\/strong>by Florian Zeller\u00a0<\/p>\n<p>A drama that follows a family as it struggles to reunite after falling apart. The Son follows Peter as his busy life with new partner Beth and their baby is thrown into disarray when his ex-wife Kate arrives with their troubled and distant teenage son, setting the family on a dangerous collision course.\u00a0<\/p>\n<p><em>Genre: Drama<br \/>\nCast: Hugh Jackman, Laura Dern\u00a0<br \/>\n122 min<\/em><\/p>\n<p><em>A See-saw Films release.<\/em><\/p>\n<p>Click <a href=\"https:\/\/www.laemmle.com\/film\/son-1\">here<\/a> for more information on the Los Angeles screenings.\u00a0<\/p>\n<p><u><strong>Opens Friday, October 7<\/strong><\/u><\/p>\n<p>At\u00a0<a href=\"https:\/\/filmforum.org\/film\/onoda-10000-nights-in-the-jungle\"><strong>Film Forum, NY<\/strong><\/a><\/p>\n<p><strong><em>Onoda: 10,000 Nights in the Jungle<\/em><\/strong> by Arthur Harari<\/p>\n<p>A drama based on the true story of Hiroo Onoda, the legendary Japanese soldier who spent 30 years in the Philippine jungle, refusing to surrender because he was convinced World War II had not ended. Camouflaged by leaves and bark, shooting water buffalo for sustenance, Onoda will not believe even the recordings of his brother\u2019s voice, imploring him to give up, or the magazine articles left for him in the jungle, meant to enlighten him about a world that had changed dramatically since 1944. (His response: paranoid conspiracy theories about the enemy concocting fake news.) Was Onoda a self-deluded fanatic or a paragon of patriotism? Harari\u2019s poignant, epic drama reveals the complexities of the man who became a modern myth \u2013 and the inspiration for Werner Herzog\u2019s recently published novel,\u00a0<em>The Twilight World<\/em>.<\/p>\n<p><em>Genre: Drama<br \/>\n2021 | France\/Japan | In Japanese with English subtitles<br \/>\n173 min<\/em><\/p>\n<p><em>A Dark Star Pictures<\/em><em> release.<\/em><\/p>\n<p><strong><u>Still Playing:<\/u><\/strong><\/p>\n<p><strong><u>From Friday, September 2<\/u> (Nationwide)<\/strong><\/p>\n<p><strong><em>Peter Von Kant\u00a0<\/em><\/strong>Written and Directed by\u00a0Fran\u00e7ois Ozon<\/p>\n<p>September 1st &#8211; <a href=\"https:\/\/www.americancinematheque.com\/now-showing\/peter-von-kant-the-bitter-tears-of-petra-von-kant-9-1-22\/?mc_cid=6566f6f84d&amp;mc_eid=8159b43cd5\">Los Angeles PREMIERE<\/a> followed by a <a href=\"https:\/\/www.americancinematheque.com\/now-showing\/peter-von-kant-9-4-22\/\">Limited Engagement at the American Cinematheque\u00a0\u00a0<\/a><\/p>\n<p>September 2nd &#8211; <a href=\"https:\/\/strandreleasing.com\/films\/peter-von-kant\/\">Opens in Theatres<\/a><\/p>\n<p><em>Peter Von Kant\u00a0<\/em>Written and Directed by\u00a0Fran\u00e7ois Ozon<\/p>\n<p><em>Reversing the main characters&#8217; genders of Fassbinder&#8217;s 1972 all-female cast film, Ozon has reinvented it via the director&#8217;s tumultuous life and career, while remaining true to his original screenplay. Instead of Petra, the fashion designer of the original, Ozon has cast Denis Menochet (By the Grace of God) as Peter Von Kant, a stand in for the legendary German filmmaker. Isabelle Adjani plays Peter&#8217;s glamorous actress muse Sidonie, who introduces Peter to Amir (Khalil Gharbia), a sexy 23-year-old. Amir casts an instant spell on Peter who invites him back the next night to discuss a career in acting and a possible role in his next production. St\u00e9fan Cr\u00e9pon portrays Karl, the silent assistant whom Peter enjoys tormenting. As another element of Ozon\u2019s homage to Fassbinder, Hanna Schygulla, the original object of Petra&#8217;s desire, now plays Peter&#8217;s mother.\u00a0<\/em><\/p>\n<p>Freely Adapted from Rainer Werner Fassbinder\u2019s\u00a0<em>The Bitter Tears of Petra\u00a0Von\u00a0Kant<\/em><\/p>\n<p><em>Genre: Drama<\/p>\n<p>Cast:\u00a0<\/em>Denis M\u00e9nochet,\u00a0Isabelle Adjani, Hannah Schygulla, Khalil Gharbia, St\u00e9phane Cr\u00e9pon and Aminthe Audiard<\/p>\n<p>Opens Friday, September 2 in New York (<a href=\"https:\/\/www.ifccenter.com\/films\/peter-von-kant\/\">IFC Center<\/a>), Los Angeles (<a href=\"https:\/\/www.laemmle.com\/film\/peter-von-kant\">Laemmle\u00a0Royal<\/a>), San\u00a0Francisco, Chicago and Seattle followed by additional markets.\u00a0A <a href=\"https:\/\/strandreleasing.com\/\">Strand Releasing <\/a>release.<\/p>\n<p>Please click <a href=\"https:\/\/strandreleasing.com\/films\/peter-von-kant\/\">here<\/a> for more information<\/p>\n<p><strong><u>Friday, September 2<\/u> (Nationwide)<\/strong><\/p>\n<p><strong><em>Waiting for Bojangles<\/em><\/strong>\u00a0by R\u00e9gis Roinsard<\/p>\n<p>A young boy, Gary, lives with his eccentric parents and an exotic bird in a Parisian apartment. And each night, Gary&#8217;s parents Camille and Georges dance lovingly to their favorite song, Mr. Bojangles. There is only room for fun, fantasy, and friends at home. But as his mesmerizing and unpredictable mother descends deeper into her mind, it is up to Gary and his father to keep her safe.<\/p>\n<p><em>Genre: Drama<br \/>\nCast: Romain Duris, Virginie Efira, and Gr\u00e9gory Gadebois<\/em><br \/><em>2h4m<\/em><\/p>\n<p><em>A <a href=\"https:\/\/www.bluefoxentertainment.com\/films\/waiting-for-bojangles\">Blue Fox Entertainment\u00a0<\/a>release.<\/em><\/p>\n<p><strong><u>New York City Premiere Events at QUAD Cinema<\/u>:\u00a0<\/strong>Director R\u00e9gis Roinsard will be in attendance for a Q&amp;A on Friday, September 2 and Saturday, September 3. <a href=\"https:\/\/villa-albertine.org\/events\/waiting-bojangles-qa-regis-roinsard-quad-cinema\">Read More<\/a><\/p>\n<p><strong><u>Friday, September 9<\/u><\/strong><\/p>\n<p><strong><em>Hold MeTight<\/em><\/strong> by Mathieu Amalric<\/p>\n<p>In\u00a0<em>Hold Me Tight<\/em>, Vicky Krieps (<em>Phantom Thread<\/em>,\u00a0<em>Bergman Island<\/em>) gives another riveting performance as Clarisse, a woman on the run from her family for reasons that aren\u2019t immediately clear. Widely renowned as one of France\u2019s great contemporary actors but less well-known in North America for his equally impressive work behind the camera, Mathieu Amalric\u2019s sixth feature as director is his most ambitious to date. This virtuosic, daringly fluid portrait of a woman in crisis alternates between Clarisse\u2019s adventures on the road and scenes of her abandoned husband Marc (Arieh Worthalter) as he struggles to take care of their children at home. Amalric\u2019s film keeps viewers uncertain as to the reality of what they\u2019re seeing until the final moments of this moving, unpredictable, and richly rewarding family drama.<\/p>\n<p><em>Genre: Drama<br \/>\nCast: Vicky Krieps, Arieh Worthalter, Anne-Sophie Bowen-Chatet, Sacha Ardilly<br \/>\n97 min<\/em><\/p>\n<p><em>A <a href=\"https:\/\/www.kinolorber.com\/film\/view\/id\/5365\">Kino Lorber<\/a> release.<\/em><\/p>\n<p><strong><u>New York City Premiere Events at Film at Lincoln Center<\/u>:\u00a0<\/strong>Mathieu Amalric and Vicky Krieps will be in attendance for a Q&amp;A on Thursday, September 8 at 7pm.\u00a0Mathieu Amalric and Vicky Krieps will also participate in a\u00a0<em>Film Comment<\/em>\u00a0Live free talk on September 9 at 6:30pm. <a href=\"https:\/\/villa-albertine.org\/events\/mathieu-amalric-vicky-krieps-present-hold-me-tight-film-lincoln-center\">Read More<\/a><\/p>\n<p>Please click <a href=\"https:\/\/www.angelikafilmcenter.com\/nyc\/film\/hold-me-tight\">here<\/a> for more information on the New York City screenings at Angelika Film Center.<\/p>\n<p>Please click <a href=\"https:\/\/www.laemmle.com\/film\/hold-me-tight\">here<\/a> for more information on the Los Angeles screenings.<\/p>\n<p><strong><u>Coming out in February:<\/u><\/strong><\/p>\n<p><u><strong>From Friday, February 3<\/strong> <\/u>at Quad Cinema in New York and from Friday, February 10 at Laemmle Royal in Los Angeles<\/p>\n<p><em><strong>Full Time<\/strong> <\/em>by \u00c9ric Gravel<\/p>\n<p>Single mother Julie (C\u00e9sar award-winning actress Laure Calamy) works a grueling job as a head chambermaid in a five-star Parisian hotel.\u00a0Julie\u2019s daily balance of commuting from her remote suburb into Paris, tenuous childcare and search for a new job to get her out of debt, becomes unmanageable during a paralyzing transport strike in Paris. Literally running from dawn to sunset to get to her job and back home in time to fetch her children, Julie is constantly on the verge of a breakdown. When she finally gets a job interview for a position more suited to her skill set, Julie has to walk a very tightrope between keeping her current job, and sneaking out while calling on co-workers to cover for her as more obstacles pile up in front of her.<\/p>\n<p>88 minutes<\/p>\n<p>A Music Box Films Release<\/p>\n<p>Click <a href=\"https:\/\/quadcinema.com\">here<\/a> for more information!\u00a0<\/p>\n<p><u><strong>February 8th and February 9th\u00a0<\/strong><\/u><\/p>\n<p><strong><em>Lourdes\u00a0<\/em><\/strong>by\u00a0Thierry Demaiz\u00e8re and Alban Teurlai<\/p>\n<p>Lourdes: A stunningly beautiful mountainous village in the Southwest foothills of the Pyrenees went from a sleepy scenic town to a sacred wonder after 1858, when a 14-year-old peasant girl claimed to have seen the Virgin Mary in a remote grotto. Today, the town is second only to Paris in the number of annual visitors (6 million), part venerated shrine, part Disneyland (shops selling bottled holy water and Virgin Mary-related tchotchkes). Vast processions of people seeking a miracle fuel a small army of care-givers who accompany them. These pilgrims are a surprising cross-section of humanity: accident victims, the terminally ill, an overweight and bullied teenager, a contingent of aging Paris prostitutes&#8230; LOURDES is an insightful meditation on the human capacity for empathy and hope, and the mystery of religious faith in the face of profound tribulation.<\/p>\n<p><em>91 min\u00a0<\/em><\/p>\n<p><em>A\u00a0Distrib Films US\u00a0&amp;\u00a0Bosco Films<\/em> release.\u00a0<\/p>\n<p>More information <a href=\"https:\/\/www.fathomevents.com\/events\/Lourdes\">here<\/a><\/p>\n<p><strong><u>Friday, February 17 &amp; from Friday, March 3 in L.A<\/u><\/strong><\/p>\n<p><strong><em>Pacifiction\u00a0<\/em><\/strong>by Albert Serra<\/p>\n<p>On the French Polynesian island of Tahiti, the High Commissioner of the Republic and French government official De Roller (Beno\u00eet Magimel) is a calculating man with flawless manners. His somewhat broad perception of his role brings him to navigate the high end \u2019establishment\u2019 as well as shady venues where he mingles with the locals. Especially since a persistent rumor has been going around: the sighting of a submarine whose ghostly presence could herald the return of French nuclear testing.<\/p>\n<p><em>Genre: Drama<br \/>\nCast:\u00a0Beno\u00eet Magimel, Sergi L\u00f3pez, Pahoa Mahagafanau, C\u00e9cile Guilbert, Matahi Pambrun<\/em><br \/><em>162 min<\/em><\/p>\n<p>A Grasshopper Film and Gratitude Films release<\/p>\n<p><strong>Join Albert Serra in person for Q&amp;As at the 5:15pm screenings on Feb. 17, 18 &amp; 19, and intros at the 9pm screenings on Feb. 17 &amp; 18!<\/strong><\/p>\n<p>Click <a href=\"https:\/\/www.filmlinc.org\/films\/pacifiction\/\">here<\/a> for more information on the screenings in NYC and <a href=\"https:\/\/www.laemmle.com\/film\/pacifiction\">here<\/a> for L.A!\u00a0<\/p>\n<p><strong><u>Friday, February 17<\/u><\/strong><\/p>\n<p><strong>Post-Screening Q&amp;A with director Sandrine Kiberlain and actress Rebecca Marder on Feb, 16 at the FIAF Florence Gould Hall! <\/strong><\/p>\n<p><strong><em>A Radiant Girl <\/em><\/strong>by Sandrine Kiberlain\u00a0<\/p>\n<p>Paris, summer 1942. Irene, a vibrant 19-year-old aspiring actress without a care in the world, is honing her passion for the theater, rehearsing for the entrance exam to the coveted Conservatory, making new friends and discovering love, without realizing that time is running out in Nazi-occupied France, as her close-knit family is watching. In turns enchanting and devastating, Ms. Kiberlain\u2019s drama, which she also wrote, is not a traditional Holocaust narrative, but a unique coming-of-age tale about the freedoms of youth amidst a changing world, anchored by a star-making performance by Ms. Marder &#8220;which more than delivers on the luminous promise of the English title&#8221; (Screen Daily). Ms. Marder was selected for the C\u00e9sar Academy\u2019s\u00a0annual &#8220;Revelations&#8221; list of rising stars leading up to the nomination.\u00a0Partly inspired by Ms. Kiberlain\u2019s own family story, the film shows the dangers of complacency in the face of fascism, as well as moments of beauty that are possible even under the hardest of circumstances. \u00a0<\/p>\n<p><em>Genre: Drama<br \/>\nCast: Rebecca Marder,\u00a0<\/em><em>St\u00e9phanie Aflalo, Jean Chevalier\u00a0<br \/>\n98 min<\/em><\/p>\n<p><em>A Film Movement release <\/em><\/p>\n<p>Click <a href=\"https:\/\/www.filmmovement.com\/a-radiant-girl\">here<\/a> for more information!<\/p>\n<p><u><strong>From Friday, February 24<\/strong>\u00a0<\/u><\/p>\n<p><em><strong>Dancing the Twist in Bamako<\/strong>\u00a0<\/em>by\u00a0Robert Gu\u00e9diguian<\/p>\n<p>Mali, 1962. The youth of Bamako dance the twist to rock and roll music newly imported from the West and dream of political renewal. Samba, a young socialist, falls for spirited Lara during one of his missions to the bush. To escape her forced marriage, she secretly flees with him to the city. But Lara\u2019s husband won\u2019t let them be and the Revolution soon brings painful disillusions as they dream of a future together.<\/p>\n<p>129 minutes<\/p>\n<p>A <a href=\"https:\/\/www.africanfilm.com\/products\/dancing-the-twist-in-bamako\">ArtMattan<\/a> Films Release<\/p>\n<p>Director <strong>Rober Gu\u00e9diguian<\/strong> will be in attendance for a Q&amp;A at <a href=\"https:\/\/villa-albertine.org\/events\/dancing-twist-bamako-released-film-forum-february-24\"><strong>Film Forum<\/strong><\/a> in NY!<\/p>\n<p>Click <a href=\"https:\/\/filmforum.org\/film\/dancing-the-twist-in-bamako\">here<\/a>\u00a0for more information!\u00a0<\/p>\n<p><u><strong>From Friday, February 24<\/strong>\u00a0<\/u><\/p>\n<p><strong><em>Chocolat<\/em><\/strong><em>\u00a0<\/em>by\u00a0Claire Denis\u00a0<\/p>\n<p>The great Claire Denis made her debut with this semi-autobiographical feature, based on her childhood in colonial French Africa as the daughter of a civil servant. France (Mireille Perrier) reminisces about her childhood in Cameroon as her father (Fran\u00e7ois Cluzet) comes and goes on call, which leads to the strengthening of her friendship with their devoted house servant, Prot\u00e9e (Isaach de Bankol\u00e9), and to the escalating sexual tension between him and her mother, Aim\u00e9e (Giulia Boschi). As Prot\u00e9e increasingly becomes an object of desire and of scorn, France\u2019s memories become more and more ambivalent. Prefiguring the concerns of Denis\u2019s later films (<em>Beau Travail<\/em>,\u00a0<em>White Material<\/em>) and establishing the tactile sensuality and elliptical style for which she is known,\u00a0<em>Chocolat<\/em>\u00a0today stands as a modern classic.\u00a0<\/p>\n<p><em>Genre: Drama<br \/>\nCast:\u00a0<\/em><strong>\u00a0<\/strong><em>Isaach De Bankol\u00e9, Giulia Boschi, Fran\u00e7ois Cluzet, C\u00e9cile Ducasse, Mireille Perrier<br \/>\n105 min<\/em><\/p>\n<p>A Janus Film Release<\/p>\n<p>Click <a href=\"https:\/\/www.filmlinc.org\/films\/chocolat\/\">here <\/a>for more information!<\/p>\n<p><strong><u>Coming out in March:<\/u><\/strong><\/p>\n<p><strong><u>Friday, March 10\u00a0at the Brooklyn Academy of Music (BAM)<\/u><\/strong><\/p>\n<p><strong><em>Rewind&amp;Play<\/em><\/strong> by Alain Gomis<\/p>\n<p>In December 1969, legendary jazz pianist and composer Thelonious Monk ended his European concert tour with a performance at the Salle Pleyel in Paris. Before the show, he was invited to appear on a French television program to perform and answer questions in an intimate setting. Using newly discovered footage from this recording, director Alain Gomis (F\u00c9LICIT\u00c9) reveals the disconnect between Monk and his interviewer, Henri Renaud, whose unwittingly trivializing approach conveys the casual racism and exploitation prevalent in the music industry at large. A fascinating behind-the-scenes documentary with extraordinary rarely-seen performances, REWIND &amp; PLAY offers a unique opportunity to see Monk in a way that very few people did.<\/p>\n<p><em>65 min<\/em><\/p>\n<p><em>A <a href=\"http:\/\/grasshopperfilm.com\/film\/rewind-play\/\">Grasshopperfilm<\/a> release<\/em><\/p>\n<p><em>Click <a href=\"https:\/\/grasshopperfilm.com\/film\/rewind-play\/\">here<\/a> for more info!<\/em><\/p>\n<p><strong><u>From Friday, March 17<\/u><\/strong><\/p>\n<p><strong><em>Lumi\u00e8re<\/em><\/strong><\/p>\n<p>Four actress friends \u2014 Sarah, Laura, Julienne, and Caroline \u2014 talk about their emotional and professional paths. They live intensely and deal with different concerns, both as women and as actresses. Their strong bond is embodied in the central figure of Sarah, the oldest and most famous of them&#8230;<\/p>\n<p><em>Cast: Jeanne Moreau, Francine Racette, Caroline Cartier, Luc\u00eda Bos\u00e9, Keith Carradine, Bruno Ganz, Niels Arestrup<\/em><\/p>\n<p>A Kino Lorber release.<\/p>\n<p><strong><em>An adolescent Girl <\/em><\/strong><\/p>\n<p>July 14th, 1939. Marie has just turned 12 and, like every year, is about to go on vacation to her grandmother\u2019s house. Marie is thrilled to see her and the children of the village. Marie also meets the country doctor and begins experiencing an unknown feeling. Marie gradually leaves childhood behind while the shadow of war looms over her.<\/p>\n<p><em>Cast: Simone Signoret, Laetitia Chauveau, Edith Clever, Francis Huster, Jacques Weber<\/em><\/p>\n<p>A Kino Lorber release.<\/p>\n<p><strong><em>Lillian Gish<\/em><\/strong><\/p>\n<p>A tribute to Lillian Gish by Jeanne Moreau, where one actress pays homage to another. The American silent film star looks back on her career since her d\u00e9but in 1913, and evokes the filming conditions when she was a child, the first Hollywood blockbuster <em>Birth of a Nation<\/em> by D.W. Griffith and her passion for cinema, guided by an insatiable curiosity.<\/p>\n<p><em>Cast: Lillian Gish, Jeanne Moreau<\/em><\/p>\n<p>A Kino Lorber release.<\/p>\n<p><strong><u>Friday, March 17<\/u><\/strong><\/p>\n<p><strong><em>L&#8217;Innocent<\/em><\/strong> by Louis Garrel<\/p>\n<p>When Abel learns that his 60-year-old mother Sylvie is about to marry a man in prison he freaks out. With the help of his best friend, Cl\u00e9mence, he will do whatever it takes to protect her. But meeting Michel, his new stepfather, may well offer him a new perspective\u2026<\/p>\n<p><em>Cast: Louis Garrel, <\/em>Roschdy Zem, <em>No\u00e9mie Merlant, Anouk Grinberg<br \/>\n100 min<\/em><\/p>\n<p><em>A <a href=\"https:\/\/www.janusfilms.com\/films\/2113\">Janus Film release<\/a><\/em><\/p>\n<p><a href=\"https:\/\/www.ifccenter.com\/films\/the-innocent\/\">Tickets for NYC screenings at IFC Center<\/a>!<\/p>\n<p><strong><u>Friday, March 17 (NYC) &amp; 31 (LA)<\/u><\/strong><\/p>\n<p><strong><em>Rimini<\/em><\/strong>\u00a0by Ulrich Seidl \u00a0<\/p>\n<p>Big World Pictures is proud to present the US theatrical release of\u00a0<strong>RIMINI<\/strong>, a film directed by\u00a0Ulrich Seidl (\u201cImport Export,\u201d\u00a0\u201cDog Days\u201d). Official selection at the 2022 Berlin International Film Festival,\u00a0<strong>RIMINI<\/strong>\u00a0will open at The Quad in New York City on March 17 and at Laemmle Royal in Los Angeles on March 31. Other cities will follow. Richie Bravo, once upon a time a successful Austrian pop star, chases after his faded fame in wintry Rimini, Italy. He funds his dissolute lifestyle and addiction to gambling with concerts for busloads of German-speaking tourists and sexual favors for his female fans. His world starts\u00a0to collapse when his adult daughter Tessa suddenly breaks into his life and demands money from him that she feels he owes her. Meanwhile, his elderly father who suffers from dementia, goes round and round in circles in an Austrian nursing home as his condition steadily declines.\u00a0<\/p>\n<p><em>Cast: Tessa G\u00f6ttlicher,\u00a0Michael Thomas,\u00a0Hans-Michael Rehberg<\/em><br \/><em>114 min<\/em><\/p>\n<p><em>A <a href=\"https:\/\/www.musicboxfilms.com\/film\/other-peoples-children\/\">Music Box Film\u00a0<\/a>release.<\/em><\/p>\n<p><strong><u>Friday, March 24 at the Quad Cinema\u00a0<\/u> <\/strong>(<u>The nationwide release will follow <\/u>)<\/p>\n<p><strong><em>The Worst Ones<\/em><\/strong> by Lise Akoka, Romane Gueret<\/p>\n<p>Set in the suburbs of Boulogne-Sur-Mer in northern France, <em>The Worst Ones<\/em> captures a film within a film as it follows the production of a feature whose director turns to the local Cit\u00e9 Picasso housing project for casting. Eager to capture performances of gritty authenticity, the director selects four working class teenagers to act in the film to the surprise and consternation of the local community, who question the director\u2019s choice of \u201cthe worst ones.\u201d As the director and crew audition, rehearse, film, and interact with their hand-picked cast, jealousies are stoked, lines are crossed, and ethical questions arise, with thought-provoking and at times darkly funny results. Winner of the top prize in the Un Certain Regard section of the 2022 Cannes Film Festival, <em>The Worst Ones<\/em> announces directors Lise Akoka and Romane Gueret as exciting new voices in French cinema.<\/p>\n<p><em>Genre: Drama<br \/>\nCast: Mallory Wanecque, Tim\u00e9o Mahaut, Johan Heldenbergh, Ester Archambault, Lo\u00efc Pech<\/em><br \/><em>99 min <\/em><\/p>\n<p><a href=\"https:\/\/quadcinema.com\/film\/the-worst-ones\/\"><em>Tickets for NYC screenings at Quad Cinema<\/em><\/a><\/p>\n<p><em>A <a href=\"https:\/\/kinolorber.com\/film\/the-worst-ones\">Kino Lorber<\/a> realease.<\/em><\/p>\n<p><strong><u>riday, March 24<\/u><\/strong><\/p>\n<p><strong><em>Rodeo<\/em><\/strong> by Lola Quivoron<\/p>\n<p>Hot tempered and fiercely independent, Julia finds escape in a passion for motorcycles and the high-octane world of urban \u2018Rodeos\u2019 &#8211; illicit gatherings where riders show off their bikes and their latest daring stunts. After a chance meeting at a Rodeo Julia finds herself drawn into a clandestine and volatile clique and, striving to prove herself to the ultra-masculine group, she is faced with a series of escalating demands that will make or break her place in the community.\u00a0<\/p>\n<p>Click <a href=\"https:\/\/movingimage.us\/series\/firstlook2023\/\">here <\/a>for more info!\u00a0<\/p>\n<p><em>Genre: Drama<br \/>\n105 min<\/em><\/p>\n<p><em>A <a href=\"https:\/\/www.musicboxfilms.com\/film\/rodeo\/\">Music Box Films release<\/a><\/em><\/p>\n<p><a href=\"https:\/\/www.angelikafilmcenter.com\/nyc\/film\/rodeo\">Tickets for NYC screenings of Rodeo at Angelika Film Center &amp; Caf\u00e9 <\/a>!<\/p>\n<p>\u00a0<\/p>\n<p>Opens in <strong>Los Angeles\u00a0<\/strong>on<strong>\u00a0Friday, March 24<\/strong> at the <strong><a href=\"https:\/\/www.laemmle.com\/film\/rodeo\">Laemmle Royal<\/a>\u00a0<\/strong><\/p>\n<p><em>Lola Quivoron IN PERSON on\u00a0<\/em><strong>Friday, March 24!<\/strong><br \/>\n7:10 pm showtime,<strong> Q&amp;A to follow, moderated by\u00a0Jasmine Jaisinghani\u00a0<\/strong><\/p>\n<p><u><strong>From Friday, March 24<\/strong>\u00a0<strong>at the IFC Center <\/strong>(NYC)<\/u><\/p>\n<p><strong><em>Tori and Lokita<\/em><\/strong><em>\u00a0<\/em>by\u00a0Jean-Pierre and Luc Dardenne<\/p>\n<p>From two-time Palme d\u2019Or winners Jean-Pierre and Luc Dardenne (<em>Two Days, One Night<\/em>)\u00a0TORI AND LOKITA is the story of seventeen-year-old Lokita and twelve-year-old Tori (in remarkable debut performances from Pablo Schils and Joely Mbundu), two immigrants \u2014 from Benin and Cameroon, respectively \u2014 struggling for survival on the margins of society. The inseparable pair work as performers in a cheap trattoria, dealing drugs on the side for the restaurant\u2019s abusive cook, while balancing the demands of an indifferent bureaucracy and a band of violent smugglers. When Lokita is held captive while working in a marijuana grow house, Tori scrambles to save his companion from their abusers, as events spiral out of control. Winner of the 75th\u00a0Anniversary Prize at the 2022 Cannes Film Festival, the latest humanist drama from the Dardenne Brothers is a heart-stopping thriller that casts an unflinching eye on the trials of the young and dispossessed.\u00a0<\/p>\n<p>A<em><a href=\"https:\/\/www.janusfilms.com\/films\/2115\"> Janus Film <\/a>r<\/em>elease<\/p>\n<p><a href=\"https:\/\/www.ifccenter.com\/films\/tori-lokita\/\">Tickets for screenings at IFC Center NYC<\/a>!<\/p>\n","protected":false},"featured_media":60241,"menu_order":0,"template":"","app_discipline":[219],"app_city_tax":[235,221,214,223,222,220,216,224,217,225,226],"app_event_type":[],"class_list":["post-60243","app_event","type-app_event","status-publish","has-post-thumbnail","hentry","app_discipline-cinema","app_city_tax-all-cities","app_city_tax-atl","app_city_tax-bos","app_city_tax-chi","app_city_tax-hou","app_city_tax-la","app_city_tax-mia","app_city_tax-nola","app_city_tax-nyc","app_city_tax-sf","app_city_tax-dc"],"acf":[],"yoast_head":"<!-- This site is optimized with the Yoast SEO plugin v27.3 - https:\/\/yoast.com\/product\/yoast-seo-wordpress\/ -->\n<title>Agenda Archives - Villa Albertine<\/title>\n<meta name=\"robots\" content=\"index, follow, max-snippet:-1, max-image-preview:large, max-video-preview:-1\" \/>\n<link rel=\"canonical\" href=\"https:\/\/villa-albertine.org\/va\/events\/agenda-archives\/\" \/>\n<meta property=\"og:locale\" content=\"en_US\" \/>\n<meta property=\"og:type\" content=\"article\" \/>\n<meta property=\"og:title\" content=\"Agenda Archives - Villa Albertine\" \/>\n<meta property=\"og:description\" content=\"From Friday, January 27 at Quad Cinema in New York, followed by Los Angeles and national expansion The Man in the Basement by Philippe Le Guay A benign real estate deal becomes a sinister standoff between a young Parisian French couple (J\u00e9r\u00e9mie Renier\u00a0and Academy Award nominee B\u00e9r\u00e9nice Bejo) and a dangerous Holocaust denier. Simon Sandberg,...\" \/>\n<meta property=\"og:url\" content=\"https:\/\/villa-albertine.org\/va\/events\/agenda-archives\/\" \/>\n<meta property=\"og:site_name\" content=\"Villa Albertine\" \/>\n<meta property=\"article:modified_time\" content=\"2023-08-23T07:45:45+00:00\" \/>\n<meta property=\"og:image\" content=\"https:\/\/villa-albertine.org\/wp-content\/uploads\/2023\/08\/pellicule-film-cinema-fotomelia-1560x878-1.jpg\" \/>\n\t<meta property=\"og:image:width\" content=\"1392\" \/>\n\t<meta property=\"og:image:height\" content=\"783\" \/>\n\t<meta property=\"og:image:type\" content=\"image\/jpeg\" \/>\n<meta name=\"twitter:card\" content=\"summary_large_image\" \/>\n<meta name=\"twitter:label1\" content=\"Est. reading time\" \/>\n\t<meta name=\"twitter:data1\" content=\"22 minutes\" \/>\n<script type=\"application\/ld+json\" class=\"yoast-schema-graph\">{\"@context\":\"https:\\\/\\\/schema.org\",\"@graph\":[{\"@type\":\"WebPage\",\"@id\":\"https:\\\/\\\/villa-albertine.org\\\/va\\\/events\\\/agenda-archives\\\/\",\"url\":\"https:\\\/\\\/villa-albertine.org\\\/va\\\/events\\\/agenda-archives\\\/\",\"name\":\"Agenda Archives - Villa Albertine\",\"isPartOf\":{\"@id\":\"https:\\\/\\\/villa-albertine.org\\\/va\\\/#website\"},\"primaryImageOfPage\":{\"@id\":\"https:\\\/\\\/villa-albertine.org\\\/va\\\/events\\\/agenda-archives\\\/#primaryimage\"},\"image\":{\"@id\":\"https:\\\/\\\/villa-albertine.org\\\/va\\\/events\\\/agenda-archives\\\/#primaryimage\"},\"thumbnailUrl\":\"https:\\\/\\\/villa-albertine.org\\\/wp-content\\\/uploads\\\/2023\\\/08\\\/pellicule-film-cinema-fotomelia-1560x878-1.jpg\",\"datePublished\":\"2023-03-01T17:02:05+00:00\",\"dateModified\":\"2023-08-23T07:45:45+00:00\",\"breadcrumb\":{\"@id\":\"https:\\\/\\\/villa-albertine.org\\\/va\\\/events\\\/agenda-archives\\\/#breadcrumb\"},\"inLanguage\":\"en-US\",\"potentialAction\":[{\"@type\":\"ReadAction\",\"target\":[\"https:\\\/\\\/villa-albertine.org\\\/va\\\/events\\\/agenda-archives\\\/\"]}]},{\"@type\":\"ImageObject\",\"inLanguage\":\"en-US\",\"@id\":\"https:\\\/\\\/villa-albertine.org\\\/va\\\/events\\\/agenda-archives\\\/#primaryimage\",\"url\":\"https:\\\/\\\/villa-albertine.org\\\/wp-content\\\/uploads\\\/2023\\\/08\\\/pellicule-film-cinema-fotomelia-1560x878-1.jpg\",\"contentUrl\":\"https:\\\/\\\/villa-albertine.org\\\/wp-content\\\/uploads\\\/2023\\\/08\\\/pellicule-film-cinema-fotomelia-1560x878-1.jpg\",\"width\":1392,\"height\":783},{\"@type\":\"BreadcrumbList\",\"@id\":\"https:\\\/\\\/villa-albertine.org\\\/va\\\/events\\\/agenda-archives\\\/#breadcrumb\",\"itemListElement\":[{\"@type\":\"ListItem\",\"position\":1,\"name\":\"Home\",\"item\":\"https:\\\/\\\/villa-albertine.org\\\/va\\\/\"},{\"@type\":\"ListItem\",\"position\":2,\"name\":\"Agenda Archives\"}]},{\"@type\":\"WebSite\",\"@id\":\"https:\\\/\\\/villa-albertine.org\\\/va\\\/#website\",\"url\":\"https:\\\/\\\/villa-albertine.org\\\/va\\\/\",\"name\":\"Villa Albertine\",\"description\":\"\",\"potentialAction\":[{\"@type\":\"SearchAction\",\"target\":{\"@type\":\"EntryPoint\",\"urlTemplate\":\"https:\\\/\\\/villa-albertine.org\\\/va\\\/?s={search_term_string}\"},\"query-input\":{\"@type\":\"PropertyValueSpecification\",\"valueRequired\":true,\"valueName\":\"search_term_string\"}}],\"inLanguage\":\"en-US\"}]}<\/script>\n<!-- \/ Yoast SEO plugin. -->","yoast_head_json":{"title":"Agenda Archives - Villa Albertine","robots":{"index":"index","follow":"follow","max-snippet":"max-snippet:-1","max-image-preview":"max-image-preview:large","max-video-preview":"max-video-preview:-1"},"canonical":"https:\/\/villa-albertine.org\/va\/events\/agenda-archives\/","og_locale":"en_US","og_type":"article","og_title":"Agenda Archives - Villa Albertine","og_description":"From Friday, January 27 at Quad Cinema in New York, followed by Los Angeles and national expansion The Man in the Basement by Philippe Le Guay A benign real estate deal becomes a sinister standoff between a young Parisian French couple (J\u00e9r\u00e9mie Renier\u00a0and Academy Award nominee B\u00e9r\u00e9nice Bejo) and a dangerous Holocaust denier. Simon Sandberg,...","og_url":"https:\/\/villa-albertine.org\/va\/events\/agenda-archives\/","og_site_name":"Villa Albertine","article_modified_time":"2023-08-23T07:45:45+00:00","og_image":[{"width":1392,"height":783,"url":"https:\/\/villa-albertine.org\/wp-content\/uploads\/2023\/08\/pellicule-film-cinema-fotomelia-1560x878-1.jpg","type":"image\/jpeg"}],"twitter_card":"summary_large_image","twitter_misc":{"Est. reading time":"22 minutes"},"schema":{"@context":"https:\/\/schema.org","@graph":[{"@type":"WebPage","@id":"https:\/\/villa-albertine.org\/va\/events\/agenda-archives\/","url":"https:\/\/villa-albertine.org\/va\/events\/agenda-archives\/","name":"Agenda Archives - Villa Albertine","isPartOf":{"@id":"https:\/\/villa-albertine.org\/va\/#website"},"primaryImageOfPage":{"@id":"https:\/\/villa-albertine.org\/va\/events\/agenda-archives\/#primaryimage"},"image":{"@id":"https:\/\/villa-albertine.org\/va\/events\/agenda-archives\/#primaryimage"},"thumbnailUrl":"https:\/\/villa-albertine.org\/wp-content\/uploads\/2023\/08\/pellicule-film-cinema-fotomelia-1560x878-1.jpg","datePublished":"2023-03-01T17:02:05+00:00","dateModified":"2023-08-23T07:45:45+00:00","breadcrumb":{"@id":"https:\/\/villa-albertine.org\/va\/events\/agenda-archives\/#breadcrumb"},"inLanguage":"en-US","potentialAction":[{"@type":"ReadAction","target":["https:\/\/villa-albertine.org\/va\/events\/agenda-archives\/"]}]},{"@type":"ImageObject","inLanguage":"en-US","@id":"https:\/\/villa-albertine.org\/va\/events\/agenda-archives\/#primaryimage","url":"https:\/\/villa-albertine.org\/wp-content\/uploads\/2023\/08\/pellicule-film-cinema-fotomelia-1560x878-1.jpg","contentUrl":"https:\/\/villa-albertine.org\/wp-content\/uploads\/2023\/08\/pellicule-film-cinema-fotomelia-1560x878-1.jpg","width":1392,"height":783},{"@type":"BreadcrumbList","@id":"https:\/\/villa-albertine.org\/va\/events\/agenda-archives\/#breadcrumb","itemListElement":[{"@type":"ListItem","position":1,"name":"Home","item":"https:\/\/villa-albertine.org\/va\/"},{"@type":"ListItem","position":2,"name":"Agenda Archives"}]},{"@type":"WebSite","@id":"https:\/\/villa-albertine.org\/va\/#website","url":"https:\/\/villa-albertine.org\/va\/","name":"Villa Albertine","description":"","potentialAction":[{"@type":"SearchAction","target":{"@type":"EntryPoint","urlTemplate":"https:\/\/villa-albertine.org\/va\/?s={search_term_string}"},"query-input":{"@type":"PropertyValueSpecification","valueRequired":true,"valueName":"search_term_string"}}],"inLanguage":"en-US"}]}},"_links":{"self":[{"href":"https:\/\/villa-albertine.org\/va\/wp-json\/wp\/v2\/app_event\/60243","targetHints":{"allow":["GET"]}}],"collection":[{"href":"https:\/\/villa-albertine.org\/va\/wp-json\/wp\/v2\/app_event"}],"about":[{"href":"https:\/\/villa-albertine.org\/va\/wp-json\/wp\/v2\/types\/app_event"}],"wp:featuredmedia":[{"embeddable":true,"href":"https:\/\/villa-albertine.org\/va\/wp-json\/wp\/v2\/media\/60241"}],"wp:attachment":[{"href":"https:\/\/villa-albertine.org\/va\/wp-json\/wp\/v2\/media?parent=60243"}],"wp:term":[{"taxonomy":"app_discipline","embeddable":true,"href":"https:\/\/villa-albertine.org\/va\/wp-json\/wp\/v2\/app_discipline?post=60243"},{"taxonomy":"app_city_tax","embeddable":true,"href":"https:\/\/villa-albertine.org\/va\/wp-json\/wp\/v2\/app_city_tax?post=60243"},{"taxonomy":"app_event_type","embeddable":true,"href":"https:\/\/villa-albertine.org\/va\/wp-json\/wp\/v2\/app_event_type?post=60243"}],"curies":[{"name":"wp","href":"https:\/\/api.w.org\/{rel}","templated":true}]}}