{"id":60032,"date":"2023-03-06T22:34:28","date_gmt":"2023-03-06T22:34:28","guid":{"rendered":"https:\/\/villa-albertine.org\/events\/villa-alvertine-museum-series-2023-1-bibliotheque-nationale-de-france-x-library-congress\/"},"modified":"2023-08-29T21:10:33","modified_gmt":"2023-08-29T21:10:33","slug":"villa-alvertine-museum-series-2023-1-bibliotheque-nationale-de-france-x-library-congress","status":"publish","type":"app_event","link":"https:\/\/villa-albertine.org\/va\/events\/villa-alvertine-museum-series-2023-1-bibliotheque-nationale-de-france-x-library-congress\/","title":{"rendered":"Museum Series No. 1 Biblioth\u00e8que nationale de France x Library of Congress"},"content":{"rendered":"<p>Villa Albertine and the Center for Curatorial Leadership are thrilled to host an exceptional transatlantic conversation on the role of libraries as museum between Laurence Engel, President of the Biblioth\u00e8que nationale de France, and Dr. Carla Hayden, 14th Librarian of Congress.<\/p>\n<p>This discussion will be moderated by Colin B. Bailey, Director of the Morgan Library &amp; Museum.<\/p>\n<h3><strong>The event will be streamed live on\u00a0<em><u><a href=\"https:\/\/www.youtube.com\/watch?v=eNgaD-Fr5BY&amp;t=362s\">Villa Albertine&#8217;s Youtube Channel<\/a><\/u><\/em>, starting at 5.30 pm EST.<\/strong><\/h3>\n<h3>The Speakers<\/h3>\n\n\n<figure class=\"wp-block-image size-full\">\n\t<img loading=\"lazy\" decoding=\"async\" width=\"1392\" height=\"1949\" src=\"https:\/\/villa-albertine.org\/wp-content\/uploads\/2023\/08\/Official20Portrait.20Librarian20of20Congress.20Courtesy20Photographer20Shawn20Miller.jpg\" class=\"attachment-full size-full\" alt=\"\" srcset=\"https:\/\/villa-albertine.org\/wp-content\/uploads\/2023\/08\/Official20Portrait.20Librarian20of20Congress.20Courtesy20Photographer20Shawn20Miller.jpg 1392w, https:\/\/villa-albertine.org\/wp-content\/uploads\/2023\/08\/Official20Portrait.20Librarian20of20Congress.20Courtesy20Photographer20Shawn20Miller-214x300.jpg 214w, https:\/\/villa-albertine.org\/wp-content\/uploads\/2023\/08\/Official20Portrait.20Librarian20of20Congress.20Courtesy20Photographer20Shawn20Miller-731x1024.jpg 731w, https:\/\/villa-albertine.org\/wp-content\/uploads\/2023\/08\/Official20Portrait.20Librarian20of20Congress.20Courtesy20Photographer20Shawn20Miller-768x1075.jpg 768w, https:\/\/villa-albertine.org\/wp-content\/uploads\/2023\/08\/Official20Portrait.20Librarian20of20Congress.20Courtesy20Photographer20Shawn20Miller-1097x1536.jpg 1097w\" sizes=\"auto, (max-width: 1392px) 100vw, 1392px\" \/>\n\t\t\t<figcaption>\n\t\t\t<p>Courtesy Photographer Shawn Miller<\/p>\n\t\t<\/figcaption>\n\t<\/figure>\n\n\n<p><u><em><strong>Dr. Carla Hayden, 14th Librarian of Congress<\/strong><\/em><\/u><\/p>\n<p><em><strong>Carla Hayden<\/strong><\/em> was sworn in as the 14th Librarian of Congress on September 14, 2016. Hayden, the first woman and the first African American figure to lead the national library, was nominated to the position by President Barack Obama on February 24, 2016, and her nomination was confirmed by the U.S. Senate on July 13.\u00a0<\/p>\n<p>Prior to her latest post she served, since 1993, as CEO of the Enoch Pratt Free Library in Baltimore, Maryland. Hayden was nominated by President Obama to be a member of the National Museum and Library Services Board in January 2010 and was confirmed to that post by the Senate in June 2010. Prior to joining the Pratt Library, Hayden was deputy commissioner and chief librarian of the Chicago Public Library from 1991 to 1993. She was an assistant professor for Library and Information Science at the University of Pittsburgh from 1987 to 1991. Hayden was library services coordinator for the Museum of Science and Industry in Chicago from 1982 to 1987. She began her career with the Chicago Public Library as the young adult services coordinator from 1979 to 1982 and as a library associate and children\u2019s librarian from 1973 to 1979.\u00a0<\/p>\n<p>Hayden was president of the American Library Association from 2003 to 2004. In 1995, she was the first African American figure to receive Library Journal\u2019s Librarian of the Year Award in recognition of her outreach services at the Pratt Library, which included an after-school center for Baltimore teens offering homework assistance and college and career counseling. Hayden received a B.A. from Roosevelt University and an M.A. and Ph.D. from the Graduate Library School of the University of Chicago.\u00a0<\/p>\n\n\n<figure class=\"wp-block-image size-full\">\n\t<img loading=\"lazy\" decoding=\"async\" width=\"1392\" height=\"1878\" src=\"https:\/\/villa-albertine.org\/wp-content\/uploads\/2023\/08\/Engel_Laurence_P3A3669_jer2028129.jpg\" class=\"attachment-full size-full\" alt=\"\" srcset=\"https:\/\/villa-albertine.org\/wp-content\/uploads\/2023\/08\/Engel_Laurence_P3A3669_jer2028129.jpg 1392w, https:\/\/villa-albertine.org\/wp-content\/uploads\/2023\/08\/Engel_Laurence_P3A3669_jer2028129-222x300.jpg 222w, https:\/\/villa-albertine.org\/wp-content\/uploads\/2023\/08\/Engel_Laurence_P3A3669_jer2028129-759x1024.jpg 759w, https:\/\/villa-albertine.org\/wp-content\/uploads\/2023\/08\/Engel_Laurence_P3A3669_jer2028129-768x1036.jpg 768w, https:\/\/villa-albertine.org\/wp-content\/uploads\/2023\/08\/Engel_Laurence_P3A3669_jer2028129-1139x1536.jpg 1139w\" sizes=\"auto, (max-width: 1392px) 100vw, 1392px\" \/>\n\t\t\t<figcaption>\n\t\t\t<p>\u00a9 BNF<\/p>\n\t\t<\/figcaption>\n\t<\/figure>\n\n\n<p><u><em><strong>Laurence Engel, President of the Biblioth\u00e8que nationale de France<\/strong><\/em><\/u><\/p>\n<p>Born in 1966, <em><strong>Laurence Engel<\/strong><\/em> was appointed President of the National Library of France and took up her post on April 11, 2016.\u00a0<\/p>\n<p>A graduate of Ecole Normale Fontenay-aux-Roses, Sciences Po and Ecole nationale d\u2019Administration, she is a member of the Cour des Comptes (French Court of Audit).\u00a0<\/p>\n<p>After joining J\u00e9r\u00f4me Cl\u00e9ment, then President of ARTE, a public Franco-German\u00a0TV network that promotes programming in the areas of culture and the arts and later on the public television network \u201cLa Cinqui\u00e8me\u201d in 1998, she was appointed Adviser on Audiovisual Matters to Catherine Tasca, then French Minister of Culture and Communication, in the period 2000 to 2002. She was Cultural Advisor to Mayor of Paris Bertrand Delano\u00eb, in the period 2003 to 2008 and afterwards Director of Cultural Affairs for the City of Paris until 2012.\u00a0<\/p>\n<p>She acted as Director of the Cabinet Office of Aur\u00e9lie Filippetti, then French Minister of Culture and Communication, for the period 2012-2014. Consequently, she joined the Cour des Comptes and was, furthermore, appointed as Ombudsman for the Book. During that period of time, Laurence Engel acted also as Chair of the Board of Directors of the Institut National de l\u2019Histoire de l\u2019Art (INHA) and Chair of the Finance Commission of the Agence France Presse.\u00a0<\/p>\n<p>She has published various books and articles, in particular about Cultural policy, for the French literary magazine Esprit.\u00a0<\/p>\n\n\n<figure class=\"wp-block-image size-full\">\n\t<img loading=\"lazy\" decoding=\"async\" width=\"767\" height=\"952\" src=\"https:\/\/villa-albertine.org\/wp-content\/uploads\/2023\/08\/Colin20B.20Bailey.jpg\" class=\"attachment-full size-full\" alt=\"\" srcset=\"https:\/\/villa-albertine.org\/wp-content\/uploads\/2023\/08\/Colin20B.20Bailey.jpg 767w, https:\/\/villa-albertine.org\/wp-content\/uploads\/2023\/08\/Colin20B.20Bailey-242x300.jpg 242w\" sizes=\"auto, (max-width: 767px) 100vw, 767px\" \/>\n\t\t\t<figcaption>\n\t\t\t<p>Courtesy of The Morgan Library &amp; Museum<\/p>\n\t\t<\/figcaption>\n\t<\/figure>\n\n\n<p><strong><em><u>Colin B. Bailey, Director of the Morgan Library &amp; Museum<\/u><\/em><\/strong><\/p>\n<p><strong>Colin B. Bailey<\/strong> is the Director of the Morgan Library &amp; Museum, a position he has held since 2015. Prior to joining the Morgan, Bailey held the position of Director of the Fine Arts Museums of San Francisco, overseeing both the de Young Museum and the Legion of Honor. After periods at the Philadelphia Museum of Fine Arts, the Kimbell Art Museum, and the National Gallery of Canada, Ottawa, he worked at New York\u2019s Frick Collection for thirteen years (between 2000 and 2013), becoming Deputy Director and Peter Jay Sharp Curator.<\/p>\n<p>A scholar of eighteenth- and nineteenth-century French art, Bailey is a specialist of Pierre-Auguste Renoir, and has been responsible for many publications and exhibitions over the course of his career. His book, <em>Patriotic Taste: Collecting Modern Art in Pre-Revolutionary Paris<\/em>, was awarded the Mitchell Prize for best art history book of 2002\u20122003. An Officier de l\u2019Ordre des arts et des lettres, in 2020 he was awarded the Prix du Rayonnement de la langue et de la litt\u00e9rature fran\u00e7aises by the Acad\u00e9mie fran\u00e7aise.<\/p>\n<p>During his tenure, the Morgan has organized some of its most critically-acclaimed exhibitions, including <em>David Hockey: Drawing from Life<\/em>, <em>John Singer Sargent: Portraits in Charcoal<\/em>, <em>Tolkien: Maker of Middle-earth<\/em>, and <em>Pontormo: Miraculous Encounters<\/em>. Among the many initiatives Bailey has spearheaded are the exterior restoration of J. Pierpont Morgan\u2019s Library; the establishment of the endowed position of Sherman Fairchild Head of the Thaw Conservation Center; and the inauguration of the Belle da Costa Greene Curatorial Fellowships, created for promising scholars from historically underrepresented communities in the curatorial and special collections fields.<\/p>\n<p>Bailey continues to write for the <em>New York Review of Books<\/em>, <em>The Art Newspaper<\/em>, and the <em>Burlington Magazine<\/em>, and regularly contributes to a variety of scholarly publications and exhibition catalogues.<\/p>\n<\/p>\n<h3>About the <em>Villa Albertine Museum Series<\/em><\/h3>\n<p>The <a href=\"https:\/\/villa-albertine.org\/events\/villa-albertine-museum-series-2023-24-women-rethink-future-museums\"><em>Villa Albertine Museum Series<\/em><\/a>, launched by Villa Albertine and the Center for\u00a0Curatorial Leadership, is a new platform to explore the future of museums on both sides\u00a0of the Atlantic. It will bring together 24 women leaders from premier cultural institutions in France and the US for monthly conversations in 2023 on how museums must reinvent\u00a0themselves to meet the challenges of the present.<\/p>\n<p>The Villa Albertine Museum Series Spring Dialogues are made possible thanks to the generous support of Cartier and the Firends of Villa Albertine, notably B\u00e9atrice Stern, Sana Sabbagh and Denise Littlefield Sobel.<\/p>","protected":false},"featured_media":60030,"menu_order":0,"template":"","app_discipline":[236],"app_city_tax":[235,217],"app_event_type":[241],"class_list":["post-60032","app_event","type-app_event","status-publish","has-post-thumbnail","hentry","app_discipline-museums","app_city_tax-all-cities","app_city_tax-nyc","app_event_type-talk"],"acf":[],"yoast_head":"<!-- This site is optimized with the Yoast SEO plugin v27.3 - https:\/\/yoast.com\/product\/yoast-seo-wordpress\/ -->\n<title>Museum Series No. 1 Biblioth\u00e8que nationale de France x Library of Congress - Villa Albertine<\/title>\n<meta name=\"robots\" content=\"index, follow, max-snippet:-1, max-image-preview:large, max-video-preview:-1\" \/>\n<link rel=\"canonical\" href=\"https:\/\/villa-albertine.org\/va\/events\/villa-alvertine-museum-series-2023-1-bibliotheque-nationale-de-france-x-library-congress\/\" \/>\n<meta property=\"og:locale\" content=\"en_US\" \/>\n<meta property=\"og:type\" content=\"article\" \/>\n<meta property=\"og:title\" content=\"Museum Series No. 1 Biblioth\u00e8que nationale de France x Library of Congress - Villa Albertine\" \/>\n<meta property=\"og:description\" content=\"Villa Albertine and the Center for Curatorial Leadership are thrilled to host an exceptional transatlantic conversation on the role of libraries as museum between Laurence Engel, President of the Biblioth\u00e8que nationale de France, and Dr. Carla Hayden, 14th Librarian of Congress. This discussion will be moderated by Colin B. Bailey, Director of the Morgan Library...\" \/>\n<meta property=\"og:url\" content=\"https:\/\/villa-albertine.org\/va\/events\/villa-alvertine-museum-series-2023-1-bibliotheque-nationale-de-france-x-library-congress\/\" \/>\n<meta property=\"og:site_name\" content=\"Villa Albertine\" \/>\n<meta property=\"article:modified_time\" content=\"2023-08-29T21:10:33+00:00\" \/>\n<meta property=\"og:image\" content=\"https:\/\/villa-albertine.org\/wp-content\/uploads\/2023\/08\/MicrosoftTeams-image-2.png\" \/>\n\t<meta property=\"og:image:width\" content=\"1200\" \/>\n\t<meta property=\"og:image:height\" content=\"627\" \/>\n\t<meta property=\"og:image:type\" content=\"image\/png\" \/>\n<meta name=\"twitter:card\" content=\"summary_large_image\" \/>\n<meta name=\"twitter:label1\" content=\"Est. reading time\" \/>\n\t<meta name=\"twitter:data1\" content=\"5 minutes\" \/>\n<script type=\"application\/ld+json\" class=\"yoast-schema-graph\">{\"@context\":\"https:\\\/\\\/schema.org\",\"@graph\":[{\"@type\":\"WebPage\",\"@id\":\"https:\\\/\\\/villa-albertine.org\\\/va\\\/events\\\/villa-alvertine-museum-series-2023-1-bibliotheque-nationale-de-france-x-library-congress\\\/\",\"url\":\"https:\\\/\\\/villa-albertine.org\\\/va\\\/events\\\/villa-alvertine-museum-series-2023-1-bibliotheque-nationale-de-france-x-library-congress\\\/\",\"name\":\"Museum Series No. 1 Biblioth\u00e8que nationale de France x Library of Congress - Villa Albertine\",\"isPartOf\":{\"@id\":\"https:\\\/\\\/villa-albertine.org\\\/va\\\/#website\"},\"primaryImageOfPage\":{\"@id\":\"https:\\\/\\\/villa-albertine.org\\\/va\\\/events\\\/villa-alvertine-museum-series-2023-1-bibliotheque-nationale-de-france-x-library-congress\\\/#primaryimage\"},\"image\":{\"@id\":\"https:\\\/\\\/villa-albertine.org\\\/va\\\/events\\\/villa-alvertine-museum-series-2023-1-bibliotheque-nationale-de-france-x-library-congress\\\/#primaryimage\"},\"thumbnailUrl\":\"https:\\\/\\\/villa-albertine.org\\\/wp-content\\\/uploads\\\/2023\\\/08\\\/MicrosoftTeams-image-2.png\",\"datePublished\":\"2023-03-06T22:34:28+00:00\",\"dateModified\":\"2023-08-29T21:10:33+00:00\",\"breadcrumb\":{\"@id\":\"https:\\\/\\\/villa-albertine.org\\\/va\\\/events\\\/villa-alvertine-museum-series-2023-1-bibliotheque-nationale-de-france-x-library-congress\\\/#breadcrumb\"},\"inLanguage\":\"en-US\",\"potentialAction\":[{\"@type\":\"ReadAction\",\"target\":[\"https:\\\/\\\/villa-albertine.org\\\/va\\\/events\\\/villa-alvertine-museum-series-2023-1-bibliotheque-nationale-de-france-x-library-congress\\\/\"]}]},{\"@type\":\"ImageObject\",\"inLanguage\":\"en-US\",\"@id\":\"https:\\\/\\\/villa-albertine.org\\\/va\\\/events\\\/villa-alvertine-museum-series-2023-1-bibliotheque-nationale-de-france-x-library-congress\\\/#primaryimage\",\"url\":\"https:\\\/\\\/villa-albertine.org\\\/wp-content\\\/uploads\\\/2023\\\/08\\\/MicrosoftTeams-image-2.png\",\"contentUrl\":\"https:\\\/\\\/villa-albertine.org\\\/wp-content\\\/uploads\\\/2023\\\/08\\\/MicrosoftTeams-image-2.png\",\"width\":1200,\"height\":627},{\"@type\":\"BreadcrumbList\",\"@id\":\"https:\\\/\\\/villa-albertine.org\\\/va\\\/events\\\/villa-alvertine-museum-series-2023-1-bibliotheque-nationale-de-france-x-library-congress\\\/#breadcrumb\",\"itemListElement\":[{\"@type\":\"ListItem\",\"position\":1,\"name\":\"Home\",\"item\":\"https:\\\/\\\/villa-albertine.org\\\/va\\\/\"},{\"@type\":\"ListItem\",\"position\":2,\"name\":\"Museum Series No. 1 Biblioth\u00e8que nationale de France x Library of Congress\"}]},{\"@type\":\"WebSite\",\"@id\":\"https:\\\/\\\/villa-albertine.org\\\/va\\\/#website\",\"url\":\"https:\\\/\\\/villa-albertine.org\\\/va\\\/\",\"name\":\"Villa Albertine\",\"description\":\"\",\"potentialAction\":[{\"@type\":\"SearchAction\",\"target\":{\"@type\":\"EntryPoint\",\"urlTemplate\":\"https:\\\/\\\/villa-albertine.org\\\/va\\\/?s={search_term_string}\"},\"query-input\":{\"@type\":\"PropertyValueSpecification\",\"valueRequired\":true,\"valueName\":\"search_term_string\"}}],\"inLanguage\":\"en-US\"}]}<\/script>\n<!-- \/ Yoast SEO plugin. -->","yoast_head_json":{"title":"Museum Series No. 1 Biblioth\u00e8que nationale de France x Library of Congress - Villa Albertine","robots":{"index":"index","follow":"follow","max-snippet":"max-snippet:-1","max-image-preview":"max-image-preview:large","max-video-preview":"max-video-preview:-1"},"canonical":"https:\/\/villa-albertine.org\/va\/events\/villa-alvertine-museum-series-2023-1-bibliotheque-nationale-de-france-x-library-congress\/","og_locale":"en_US","og_type":"article","og_title":"Museum Series No. 1 Biblioth\u00e8que nationale de France x Library of Congress - Villa Albertine","og_description":"Villa Albertine and the Center for Curatorial Leadership are thrilled to host an exceptional transatlantic conversation on the role of libraries as museum between Laurence Engel, President of the Biblioth\u00e8que nationale de France, and Dr. Carla Hayden, 14th Librarian of Congress. This discussion will be moderated by Colin B. Bailey, Director of the Morgan Library...","og_url":"https:\/\/villa-albertine.org\/va\/events\/villa-alvertine-museum-series-2023-1-bibliotheque-nationale-de-france-x-library-congress\/","og_site_name":"Villa Albertine","article_modified_time":"2023-08-29T21:10:33+00:00","og_image":[{"width":1200,"height":627,"url":"https:\/\/villa-albertine.org\/wp-content\/uploads\/2023\/08\/MicrosoftTeams-image-2.png","type":"image\/png"}],"twitter_card":"summary_large_image","twitter_misc":{"Est. reading time":"5 minutes"},"schema":{"@context":"https:\/\/schema.org","@graph":[{"@type":"WebPage","@id":"https:\/\/villa-albertine.org\/va\/events\/villa-alvertine-museum-series-2023-1-bibliotheque-nationale-de-france-x-library-congress\/","url":"https:\/\/villa-albertine.org\/va\/events\/villa-alvertine-museum-series-2023-1-bibliotheque-nationale-de-france-x-library-congress\/","name":"Museum Series No. 1 Biblioth\u00e8que nationale de France x Library of Congress - Villa Albertine","isPartOf":{"@id":"https:\/\/villa-albertine.org\/va\/#website"},"primaryImageOfPage":{"@id":"https:\/\/villa-albertine.org\/va\/events\/villa-alvertine-museum-series-2023-1-bibliotheque-nationale-de-france-x-library-congress\/#primaryimage"},"image":{"@id":"https:\/\/villa-albertine.org\/va\/events\/villa-alvertine-museum-series-2023-1-bibliotheque-nationale-de-france-x-library-congress\/#primaryimage"},"thumbnailUrl":"https:\/\/villa-albertine.org\/wp-content\/uploads\/2023\/08\/MicrosoftTeams-image-2.png","datePublished":"2023-03-06T22:34:28+00:00","dateModified":"2023-08-29T21:10:33+00:00","breadcrumb":{"@id":"https:\/\/villa-albertine.org\/va\/events\/villa-alvertine-museum-series-2023-1-bibliotheque-nationale-de-france-x-library-congress\/#breadcrumb"},"inLanguage":"en-US","potentialAction":[{"@type":"ReadAction","target":["https:\/\/villa-albertine.org\/va\/events\/villa-alvertine-museum-series-2023-1-bibliotheque-nationale-de-france-x-library-congress\/"]}]},{"@type":"ImageObject","inLanguage":"en-US","@id":"https:\/\/villa-albertine.org\/va\/events\/villa-alvertine-museum-series-2023-1-bibliotheque-nationale-de-france-x-library-congress\/#primaryimage","url":"https:\/\/villa-albertine.org\/wp-content\/uploads\/2023\/08\/MicrosoftTeams-image-2.png","contentUrl":"https:\/\/villa-albertine.org\/wp-content\/uploads\/2023\/08\/MicrosoftTeams-image-2.png","width":1200,"height":627},{"@type":"BreadcrumbList","@id":"https:\/\/villa-albertine.org\/va\/events\/villa-alvertine-museum-series-2023-1-bibliotheque-nationale-de-france-x-library-congress\/#breadcrumb","itemListElement":[{"@type":"ListItem","position":1,"name":"Home","item":"https:\/\/villa-albertine.org\/va\/"},{"@type":"ListItem","position":2,"name":"Museum Series No. 1 Biblioth\u00e8que nationale de France x Library of Congress"}]},{"@type":"WebSite","@id":"https:\/\/villa-albertine.org\/va\/#website","url":"https:\/\/villa-albertine.org\/va\/","name":"Villa Albertine","description":"","potentialAction":[{"@type":"SearchAction","target":{"@type":"EntryPoint","urlTemplate":"https:\/\/villa-albertine.org\/va\/?s={search_term_string}"},"query-input":{"@type":"PropertyValueSpecification","valueRequired":true,"valueName":"search_term_string"}}],"inLanguage":"en-US"}]}},"_links":{"self":[{"href":"https:\/\/villa-albertine.org\/va\/wp-json\/wp\/v2\/app_event\/60032","targetHints":{"allow":["GET"]}}],"collection":[{"href":"https:\/\/villa-albertine.org\/va\/wp-json\/wp\/v2\/app_event"}],"about":[{"href":"https:\/\/villa-albertine.org\/va\/wp-json\/wp\/v2\/types\/app_event"}],"wp:featuredmedia":[{"embeddable":true,"href":"https:\/\/villa-albertine.org\/va\/wp-json\/wp\/v2\/media\/60030"}],"wp:attachment":[{"href":"https:\/\/villa-albertine.org\/va\/wp-json\/wp\/v2\/media?parent=60032"}],"wp:term":[{"taxonomy":"app_discipline","embeddable":true,"href":"https:\/\/villa-albertine.org\/va\/wp-json\/wp\/v2\/app_discipline?post=60032"},{"taxonomy":"app_city_tax","embeddable":true,"href":"https:\/\/villa-albertine.org\/va\/wp-json\/wp\/v2\/app_city_tax?post=60032"},{"taxonomy":"app_event_type","embeddable":true,"href":"https:\/\/villa-albertine.org\/va\/wp-json\/wp\/v2\/app_event_type?post=60032"}],"curies":[{"name":"wp","href":"https:\/\/api.w.org\/{rel}","templated":true}]}}