{"id":59818,"date":"2023-01-20T14:53:14","date_gmt":"2023-01-20T14:53:14","guid":{"rendered":"https:\/\/villa-albertine.org\/events\/villa-albertine-residents-julia-ducournau-and-elise-morin-officially-selected-sxsw-2023\/"},"modified":"2023-08-23T07:43:56","modified_gmt":"2023-08-23T07:43:56","slug":"villa-albertine-residents-julia-ducournau-and-elise-morin-officially-selected-sxsw-2023","status":"publish","type":"app_event","link":"https:\/\/villa-albertine.org\/va\/events\/villa-albertine-residents-julia-ducournau-and-elise-morin-officially-selected-sxsw-2023\/","title":{"rendered":"Villa Albertine residents Julia Ducournau and Elise Morin officially selected for SXSW 2023"},"content":{"rendered":"<p><strong><u>Featured Speaker: Julia Ducournau\u00a0\u00a0<\/u><\/strong><\/p>\n\n<p>Spanning the many tracks and themes of the SXSW Conference, \u201cFeatured Speakers\u201d offer attendees the knowledge, leadership and inspiration to shape their professional careers and personal lives in SXSW ever-evolving path forward.\u00a0<\/p>\n\n<p>Julia Ducournau, 2021 Palme d&#8217;Or winner at Festival de Cannes will be part of this year\u2019s featured speakers, with Unifrance.\u00a0<\/p>\n\n<p>In addition to the festival, the French film director will be featured in an on-stage conversation presented by Austin Film Society on March 11th following a screening of her first feature, &#8220;Titane&#8221;, with the support of Unifrance. For tickets and more information <a href=\"https:\/\/www.austinfilm.org\/screening\/titane-with-julia-ducournau\/\">follow this link<\/a>.<\/p>\n\n<p><u>About Julia Ducournau<\/u><\/p>\n\n<p>Ducournau graduated from the F\u00e9mis in the screenplay section and directed her first feature film Grave in 2015, after having already directed a short film Junior in 2011 and a television movie Mange in 2012. Grave was presented at Cannes in 2016 in the \u201cSemaine de la critique\u201d and won the FIPRESCI prize. It also was nominated in 6 categories at the C\u00e9sars. In 2021, her next feature film Titane was presented in the Official Selection, still at Cannes, and won the Palme d\u2019Or. That is a real triumph for the artist who has become the second female director in the history of Cannes Film Festival to receive the Palme.\u00a0<\/p>\n\n<p><a href=\"https:\/\/schedule.sxsw.com\/2023\/events\/PP1142500\">Click here<\/a> for more information about Julia Ducournau at SXSW<\/p>\n<figure class=\"wp-block-image size-full\">\n\t<img loading=\"lazy\" decoding=\"async\" width=\"1392\" height=\"1081\" src=\"https:\/\/villa-albertine.org\/wp-content\/uploads\/2023\/08\/DUCOURNEAU40Philippe20Quaisse2028229.jpg\" class=\"attachment-full size-full\" alt=\"\" srcset=\"https:\/\/villa-albertine.org\/wp-content\/uploads\/2023\/08\/DUCOURNEAU40Philippe20Quaisse2028229.jpg 1392w, https:\/\/villa-albertine.org\/wp-content\/uploads\/2023\/08\/DUCOURNEAU40Philippe20Quaisse2028229-300x233.jpg 300w, https:\/\/villa-albertine.org\/wp-content\/uploads\/2023\/08\/DUCOURNEAU40Philippe20Quaisse2028229-1024x795.jpg 1024w, https:\/\/villa-albertine.org\/wp-content\/uploads\/2023\/08\/DUCOURNEAU40Philippe20Quaisse2028229-768x596.jpg 768w\" sizes=\"auto, (max-width: 1392px) 100vw, 1392px\" \/>\n\t\t\t<figcaption>\n\t\t\t<p>@Philippe Quaisse<\/p>\n\t\t<\/figcaption>\n\t<\/figure>\n<p><u><strong>XR Exp\u00e9rience Spotlight : Elise Morin\u00a0<\/strong><\/u><\/p>\n\n<p>In the framework of SXSW Experience Spotlight, French visual artist Elise Morin will be presenting the augmented reality project \u201cSpring Odyssey\u201d, produced by Lucid Realities.\u00a0<\/p>\n\n<p><u>About Spring Odyssey<\/u><\/p>\n\n<p>The augmented reality experience extends the virtual reality experience which lets the M_Plant avatar blossom in a hypothetical digital forest. Spring Odyssey AR Project invites you to meet a mutant tobacco plant, the M_Plant, an irradiated plant that spent time in the Red Forest, located 1 km from the Chernobyl power plant. Guided by the voice of the M_Plant \u2013 plant which makes the invisible radiations visible-, you&#8217;ll discover the poetic Art&amp;Science approach.\u00a0<\/p>\n\n<p><u>About Elise Morin<\/u><\/p>\n\n<p>Elise Morin lives and works in Paris, where she has exhibited at the Centquatre, the Jeu de Paume, and the Grand Palais. Her work was also shown at contemporary art museums in Bucharest, Moscow, Beijing, and Tokyo. She studied at the \u00c9cole Nationale Sup\u00e9rieure des Arts D\u00e9coratifs in Paris, at Central Saint Martins College in London, and at the National University of Fine Arts in Tokyo.\u00a0<\/p>\n\n<p><a href=\"https:\/\/schedule.sxsw.com\/2023\/films\/2079233\u00a0\u00a0\">Click here<\/a> for more information<\/p>\n<figure class=\"wp-block-image size-full\">\n\t<img loading=\"lazy\" decoding=\"async\" width=\"1024\" height=\"678\" src=\"https:\/\/villa-albertine.org\/wp-content\/uploads\/2023\/08\/MORIN20Elise20120-20credit20Michele20Rosier.jpg\" class=\"attachment-full size-full\" alt=\"\" srcset=\"https:\/\/villa-albertine.org\/wp-content\/uploads\/2023\/08\/MORIN20Elise20120-20credit20Michele20Rosier.jpg 1024w, https:\/\/villa-albertine.org\/wp-content\/uploads\/2023\/08\/MORIN20Elise20120-20credit20Michele20Rosier-300x199.jpg 300w, https:\/\/villa-albertine.org\/wp-content\/uploads\/2023\/08\/MORIN20Elise20120-20credit20Michele20Rosier-768x509.jpg 768w\" sizes=\"auto, (max-width: 1024px) 100vw, 1024px\" \/>\n\t\t\t<figcaption>\n\t\t\t<p>@Michele Rosier<\/p>\n\t\t<\/figcaption>\n\t<\/figure>\n","protected":false},"featured_media":59816,"menu_order":0,"template":"","app_discipline":[231,219,215],"app_city_tax":[222],"app_event_type":[237],"class_list":["post-59818","app_event","type-app_event","status-publish","has-post-thumbnail","hentry","app_discipline-audiovisual","app_discipline-cinema","app_discipline-new-media","app_city_tax-hou","app_event_type-festival"],"acf":[],"yoast_head":"<!-- This site is optimized with the Yoast SEO plugin v27.3 - https:\/\/yoast.com\/product\/yoast-seo-wordpress\/ -->\n<title>Villa Albertine residents Julia Ducournau and Elise Morin officially selected for SXSW 2023 - Villa Albertine<\/title>\n<meta name=\"robots\" content=\"index, follow, max-snippet:-1, max-image-preview:large, max-video-preview:-1\" \/>\n<link rel=\"canonical\" href=\"https:\/\/villa-albertine.org\/va\/events\/villa-albertine-residents-julia-ducournau-and-elise-morin-officially-selected-sxsw-2023\/\" \/>\n<meta property=\"og:locale\" content=\"en_US\" \/>\n<meta property=\"og:type\" content=\"article\" \/>\n<meta property=\"og:title\" content=\"Villa Albertine residents Julia Ducournau and Elise Morin officially selected for SXSW 2023 - Villa Albertine\" \/>\n<meta property=\"og:description\" content=\"Featured Speaker: Julia Ducournau\u00a0\u00a0 Spanning the many tracks and themes of the SXSW Conference, \u201cFeatured Speakers\u201d offer attendees the knowledge, leadership and inspiration to shape their professional careers and personal lives in SXSW ever-evolving path forward.\u00a0 Julia Ducournau, 2021 Palme d&#8217;Or winner at Festival de Cannes will be part of this year\u2019s featured speakers, with...\" \/>\n<meta property=\"og:url\" content=\"https:\/\/villa-albertine.org\/va\/events\/villa-albertine-residents-julia-ducournau-and-elise-morin-officially-selected-sxsw-2023\/\" \/>\n<meta property=\"og:site_name\" content=\"Villa Albertine\" \/>\n<meta property=\"article:modified_time\" content=\"2023-08-23T07:43:56+00:00\" \/>\n<meta property=\"og:image\" content=\"https:\/\/villa-albertine.org\/wp-content\/uploads\/2023\/08\/SXSW2023.png\" \/>\n\t<meta property=\"og:image:width\" content=\"1392\" \/>\n\t<meta property=\"og:image:height\" content=\"783\" \/>\n\t<meta property=\"og:image:type\" content=\"image\/png\" \/>\n<meta name=\"twitter:card\" content=\"summary_large_image\" \/>\n<meta name=\"twitter:label1\" content=\"Est. reading time\" \/>\n\t<meta name=\"twitter:data1\" content=\"2 minutes\" \/>\n<script type=\"application\/ld+json\" class=\"yoast-schema-graph\">{\"@context\":\"https:\\\/\\\/schema.org\",\"@graph\":[{\"@type\":\"WebPage\",\"@id\":\"https:\\\/\\\/villa-albertine.org\\\/va\\\/events\\\/villa-albertine-residents-julia-ducournau-and-elise-morin-officially-selected-sxsw-2023\\\/\",\"url\":\"https:\\\/\\\/villa-albertine.org\\\/va\\\/events\\\/villa-albertine-residents-julia-ducournau-and-elise-morin-officially-selected-sxsw-2023\\\/\",\"name\":\"Villa Albertine residents Julia Ducournau and Elise Morin officially selected for SXSW 2023 - Villa Albertine\",\"isPartOf\":{\"@id\":\"https:\\\/\\\/villa-albertine.org\\\/va\\\/#website\"},\"primaryImageOfPage\":{\"@id\":\"https:\\\/\\\/villa-albertine.org\\\/va\\\/events\\\/villa-albertine-residents-julia-ducournau-and-elise-morin-officially-selected-sxsw-2023\\\/#primaryimage\"},\"image\":{\"@id\":\"https:\\\/\\\/villa-albertine.org\\\/va\\\/events\\\/villa-albertine-residents-julia-ducournau-and-elise-morin-officially-selected-sxsw-2023\\\/#primaryimage\"},\"thumbnailUrl\":\"https:\\\/\\\/villa-albertine.org\\\/wp-content\\\/uploads\\\/2023\\\/08\\\/SXSW2023.png\",\"datePublished\":\"2023-01-20T14:53:14+00:00\",\"dateModified\":\"2023-08-23T07:43:56+00:00\",\"breadcrumb\":{\"@id\":\"https:\\\/\\\/villa-albertine.org\\\/va\\\/events\\\/villa-albertine-residents-julia-ducournau-and-elise-morin-officially-selected-sxsw-2023\\\/#breadcrumb\"},\"inLanguage\":\"en-US\",\"potentialAction\":[{\"@type\":\"ReadAction\",\"target\":[\"https:\\\/\\\/villa-albertine.org\\\/va\\\/events\\\/villa-albertine-residents-julia-ducournau-and-elise-morin-officially-selected-sxsw-2023\\\/\"]}]},{\"@type\":\"ImageObject\",\"inLanguage\":\"en-US\",\"@id\":\"https:\\\/\\\/villa-albertine.org\\\/va\\\/events\\\/villa-albertine-residents-julia-ducournau-and-elise-morin-officially-selected-sxsw-2023\\\/#primaryimage\",\"url\":\"https:\\\/\\\/villa-albertine.org\\\/wp-content\\\/uploads\\\/2023\\\/08\\\/SXSW2023.png\",\"contentUrl\":\"https:\\\/\\\/villa-albertine.org\\\/wp-content\\\/uploads\\\/2023\\\/08\\\/SXSW2023.png\",\"width\":1392,\"height\":783},{\"@type\":\"BreadcrumbList\",\"@id\":\"https:\\\/\\\/villa-albertine.org\\\/va\\\/events\\\/villa-albertine-residents-julia-ducournau-and-elise-morin-officially-selected-sxsw-2023\\\/#breadcrumb\",\"itemListElement\":[{\"@type\":\"ListItem\",\"position\":1,\"name\":\"Home\",\"item\":\"https:\\\/\\\/villa-albertine.org\\\/va\\\/\"},{\"@type\":\"ListItem\",\"position\":2,\"name\":\"Villa Albertine residents Julia Ducournau and Elise Morin officially selected for SXSW 2023\"}]},{\"@type\":\"WebSite\",\"@id\":\"https:\\\/\\\/villa-albertine.org\\\/va\\\/#website\",\"url\":\"https:\\\/\\\/villa-albertine.org\\\/va\\\/\",\"name\":\"Villa Albertine\",\"description\":\"\",\"potentialAction\":[{\"@type\":\"SearchAction\",\"target\":{\"@type\":\"EntryPoint\",\"urlTemplate\":\"https:\\\/\\\/villa-albertine.org\\\/va\\\/?s={search_term_string}\"},\"query-input\":{\"@type\":\"PropertyValueSpecification\",\"valueRequired\":true,\"valueName\":\"search_term_string\"}}],\"inLanguage\":\"en-US\"}]}<\/script>\n<!-- \/ Yoast SEO plugin. -->","yoast_head_json":{"title":"Villa Albertine residents Julia Ducournau and Elise Morin officially selected for SXSW 2023 - Villa Albertine","robots":{"index":"index","follow":"follow","max-snippet":"max-snippet:-1","max-image-preview":"max-image-preview:large","max-video-preview":"max-video-preview:-1"},"canonical":"https:\/\/villa-albertine.org\/va\/events\/villa-albertine-residents-julia-ducournau-and-elise-morin-officially-selected-sxsw-2023\/","og_locale":"en_US","og_type":"article","og_title":"Villa Albertine residents Julia Ducournau and Elise Morin officially selected for SXSW 2023 - Villa Albertine","og_description":"Featured Speaker: Julia Ducournau\u00a0\u00a0 Spanning the many tracks and themes of the SXSW Conference, \u201cFeatured Speakers\u201d offer attendees the knowledge, leadership and inspiration to shape their professional careers and personal lives in SXSW ever-evolving path forward.\u00a0 Julia Ducournau, 2021 Palme d&#8217;Or winner at Festival de Cannes will be part of this year\u2019s featured speakers, with...","og_url":"https:\/\/villa-albertine.org\/va\/events\/villa-albertine-residents-julia-ducournau-and-elise-morin-officially-selected-sxsw-2023\/","og_site_name":"Villa Albertine","article_modified_time":"2023-08-23T07:43:56+00:00","og_image":[{"width":1392,"height":783,"url":"https:\/\/villa-albertine.org\/wp-content\/uploads\/2023\/08\/SXSW2023.png","type":"image\/png"}],"twitter_card":"summary_large_image","twitter_misc":{"Est. reading time":"2 minutes"},"schema":{"@context":"https:\/\/schema.org","@graph":[{"@type":"WebPage","@id":"https:\/\/villa-albertine.org\/va\/events\/villa-albertine-residents-julia-ducournau-and-elise-morin-officially-selected-sxsw-2023\/","url":"https:\/\/villa-albertine.org\/va\/events\/villa-albertine-residents-julia-ducournau-and-elise-morin-officially-selected-sxsw-2023\/","name":"Villa Albertine residents Julia Ducournau and Elise Morin officially selected for SXSW 2023 - Villa Albertine","isPartOf":{"@id":"https:\/\/villa-albertine.org\/va\/#website"},"primaryImageOfPage":{"@id":"https:\/\/villa-albertine.org\/va\/events\/villa-albertine-residents-julia-ducournau-and-elise-morin-officially-selected-sxsw-2023\/#primaryimage"},"image":{"@id":"https:\/\/villa-albertine.org\/va\/events\/villa-albertine-residents-julia-ducournau-and-elise-morin-officially-selected-sxsw-2023\/#primaryimage"},"thumbnailUrl":"https:\/\/villa-albertine.org\/wp-content\/uploads\/2023\/08\/SXSW2023.png","datePublished":"2023-01-20T14:53:14+00:00","dateModified":"2023-08-23T07:43:56+00:00","breadcrumb":{"@id":"https:\/\/villa-albertine.org\/va\/events\/villa-albertine-residents-julia-ducournau-and-elise-morin-officially-selected-sxsw-2023\/#breadcrumb"},"inLanguage":"en-US","potentialAction":[{"@type":"ReadAction","target":["https:\/\/villa-albertine.org\/va\/events\/villa-albertine-residents-julia-ducournau-and-elise-morin-officially-selected-sxsw-2023\/"]}]},{"@type":"ImageObject","inLanguage":"en-US","@id":"https:\/\/villa-albertine.org\/va\/events\/villa-albertine-residents-julia-ducournau-and-elise-morin-officially-selected-sxsw-2023\/#primaryimage","url":"https:\/\/villa-albertine.org\/wp-content\/uploads\/2023\/08\/SXSW2023.png","contentUrl":"https:\/\/villa-albertine.org\/wp-content\/uploads\/2023\/08\/SXSW2023.png","width":1392,"height":783},{"@type":"BreadcrumbList","@id":"https:\/\/villa-albertine.org\/va\/events\/villa-albertine-residents-julia-ducournau-and-elise-morin-officially-selected-sxsw-2023\/#breadcrumb","itemListElement":[{"@type":"ListItem","position":1,"name":"Home","item":"https:\/\/villa-albertine.org\/va\/"},{"@type":"ListItem","position":2,"name":"Villa Albertine residents Julia Ducournau and Elise Morin officially selected for SXSW 2023"}]},{"@type":"WebSite","@id":"https:\/\/villa-albertine.org\/va\/#website","url":"https:\/\/villa-albertine.org\/va\/","name":"Villa Albertine","description":"","potentialAction":[{"@type":"SearchAction","target":{"@type":"EntryPoint","urlTemplate":"https:\/\/villa-albertine.org\/va\/?s={search_term_string}"},"query-input":{"@type":"PropertyValueSpecification","valueRequired":true,"valueName":"search_term_string"}}],"inLanguage":"en-US"}]}},"_links":{"self":[{"href":"https:\/\/villa-albertine.org\/va\/wp-json\/wp\/v2\/app_event\/59818","targetHints":{"allow":["GET"]}}],"collection":[{"href":"https:\/\/villa-albertine.org\/va\/wp-json\/wp\/v2\/app_event"}],"about":[{"href":"https:\/\/villa-albertine.org\/va\/wp-json\/wp\/v2\/types\/app_event"}],"wp:featuredmedia":[{"embeddable":true,"href":"https:\/\/villa-albertine.org\/va\/wp-json\/wp\/v2\/media\/59816"}],"wp:attachment":[{"href":"https:\/\/villa-albertine.org\/va\/wp-json\/wp\/v2\/media?parent=59818"}],"wp:term":[{"taxonomy":"app_discipline","embeddable":true,"href":"https:\/\/villa-albertine.org\/va\/wp-json\/wp\/v2\/app_discipline?post=59818"},{"taxonomy":"app_city_tax","embeddable":true,"href":"https:\/\/villa-albertine.org\/va\/wp-json\/wp\/v2\/app_city_tax?post=59818"},{"taxonomy":"app_event_type","embeddable":true,"href":"https:\/\/villa-albertine.org\/va\/wp-json\/wp\/v2\/app_event_type?post=59818"}],"curies":[{"name":"wp","href":"https:\/\/api.w.org\/{rel}","templated":true}]}}