{"id":59484,"date":"2022-10-25T15:51:02","date_gmt":"2022-10-25T15:51:02","guid":{"rendered":"https:\/\/villa-albertine.org\/events\/pianist-lucas-debargue-solo-recital-debut-carnegie-halls-stern-auditoriumperelman-stage-november-5\/"},"modified":"2023-08-23T07:42:49","modified_gmt":"2023-08-23T07:42:49","slug":"pianist-lucas-debargue-solo-recital-debut-carnegie-halls-stern-auditoriumperelman-stage-november-5","status":"publish","type":"app_event","link":"https:\/\/villa-albertine.org\/va\/events\/pianist-lucas-debargue-solo-recital-debut-carnegie-halls-stern-auditoriumperelman-stage-november-5\/","title":{"rendered":"Pianist Lucas Debargue Solo Recital Debut at Carnegie Hall"},"content":{"rendered":"<p>Performing Program of Artistic Milestones \u2013 Music by Scarlatti, Ravel, Chopin, Liszt, Presented by Cherry Orchard Festival &amp; Show One Productions<\/p>\n<p>\u00a0<\/p>\n<p><strong>\u201cSince Glenn Gould\u2019s visit to Moscow and Van Cliburn\u2019s victory at the Tchaikovsky Competition in the heat of the<br \/>\nCold War, never has a foreign pianist provoked such frenzy.\u201d \u2013\u00a0<\/strong><em>The Huffington Post<\/em><\/p>\n<p>\u00a0<\/p>\n<p>New York, NY \u2013 Pianist Lucas Debargue, whose breakthrough performance at the Tchaikovsky International Competition in 2015 put him on the map, will make his solo recital debut at Carnegie Hall\u2019s Stern Auditorium\/Perelman Stage on Saturday, November 5, 2022 at 8pm, presented by Cherry Orchard Festival and Show One Productions. His program features music that he considers his artistic milestones, including Scarlatti\u2019s Sonatas in A Major, K. 208 and K. 24, D Major, K. 491, and D Minor, K. 141; Ravel\u2019s Gaspard de la nuit; Chopin\u2019s Ballade No. 2 in F Major, Prelude in C-sharp Minor, Op. 45, and Polonaise-fantaisie in A-flat Major; and Liszt\u2019s &#8220;Apr\u00e8s une lecture du Dante&#8221; from Ann\u00e9es de p\u00e8lerinage, deuxi\u00e8me ann\u00e9e: Italie, No. 7.<\/p>\n<p>\u00a0<\/p>\n<p>Debargue last performed at Carnegie Hall in January 2020 with the American Symphony Orchestra, on the heels of the release of his recording of Scarlatti\u2019s 52 Sonatas on Sony Classical. That album was praised by The New York Times and chosen by NPR as one of \u201cthe 10 classical albums to usher in the next decade.\u201d NPR reported, \u201cPurists who insist on hearing their Scarlatti sonatas played on the harpsichord might have a change of heart listening to this four-disc set performed on a modern grand piano by Lucas Debargue, an unconventional 29-year-old Frenchman who once played bass in a rock band.\u201d\u00a0<\/p>\n<p>For his solo recital debut at Carnegie Hall, Debargue has chosen music that has been meaningful to him over the years. The Chopin pieces have been with him since he was a teenager, the Scarlatti sonatas for harpsichord were a welcome challenge to adapt for the modern piano and were featured on his celebrated 2019 recording, and the Ravel is a staple in his repertoire that he describes as a discovery every time he plays it. His affinity for Liszt\u2019s \u201cDante\u201d sonata comes from its marriage of music and literature. Debargue says, \u201cMy connection to music is very much influenced by my connection to literature. I am very much counting on the narrative dimension of music. That\u2019s why I like to play long, epic pieces, because I like to tell a story. I like to tell the story that the composer wanted to tell, but I also like to recognize myself in some of the characters the composer created, to feel myself taken in the story.\u201d<\/p>\n<p>Sony Classical has released seven of Debargue\u2019s albums with music of Scarlatti, Bach, Beethoven, Schubert, Chopin, Liszt, Ravel, Medtner and Szymanowsky, as well as Polish composer Mi\u0142osz Magin, a discovery of a fascinating musical personality, recorded with Kremerata Baltica and Gidon Kremer. His next releases will feature Mozart concerti as well as the complete piano works of Faur\u00e9. He regularly collaborates with Mikhail Pletnev, Vladimir Jurowski, Andrey Boreyko, Tugan Sokhiev, Vladimir Spivakov, Bertrand de Billy, and Mirga Gra\u017einyt\u0117-Tyla. His chamber music partners include Gidon Kremer, Janine Jansen, and Martin Fr\u00f6st. Debargue also devotes a large portion of his time to composition and has already created over twenty works for piano solo and chamber ensembles. These include Orpheo di camera concertino for piano, drums and string orchestra, premiered by Kremerata Baltica, and a piano trio that was composed under the auspices of the Louis Vuitton Foundation in Paris. As a permanent artistic partner of Kremerata Baltica, Debargue has been commissioned to write a chamber opera on the subject of assisted suicide.<\/p>\n<p>\u00a0<\/p>\n<p>About the Producers: Lucas Debargue&#8217;s performance is presented by the Cherry Orchard Festival Foundation, in partnership with ShowOne Productions (Canada). Founded in 2013 in New York City, the Foundation seeks to celebrate international culture and to facilitate experiencing the arts as a unique opportunity for intercultural enrichment and engagement. Previously the Foundation has presented memorable performances by premier international theaters and globally-renowned musicians at Lincoln Center, Carnegie Hall, New York\u2019s City Center and national venues, reaching over 100,000 audience members of all ages.\u00a0<\/p>\n<p>\u00a0<\/p>\n<p><strong>INFORMATIONS :\u00a0<\/strong><\/p>\n<p>\u00a0<\/p>\n<p>WHAT: Lucas Debargue at Carnegie Hall: Solo Recital Debut<\/p>\n<p>WHEN: Saturday, November 5, 2022 at 8 pm<\/p>\n<p>WHERE: Carnegie Hall, Stern Auditorium\/Perelman Stage<\/p>\n<p>TICKETS:\u00a0<a href=\"http:\/\/www.carnegiehall.org\/Calendar\/2022\/11\/05\/Lucas-Debargue-Piano-0800PM\">www.carnegiehall.org\/Calendar\/2022\/11\/05\/Lucas-Debargue-Piano-0800PM<\/a><\/p>\n<p>\u00a0<\/p>\n<p><strong>PROGRAM:<\/strong><\/p>\n<p>\u00a0<\/p>\n<p>D. SCARLATTI Sonata in A Major, K. 208<\/p>\n<p>D. SCARLATTI Sonata in A Major, K. 24<\/p>\n<p>D. SCARLATTI Sonata in D Major, K. 491<\/p>\n<p>D. SCARLATTI Sonata in D Minor, K. 141<\/p>\n<p>RAVEL Gaspard de la nuit<\/p>\n<p>CHOPIN Ballade No. 2 in F Major<\/p>\n<p>CHOPIN Prelude in C-sharp Minor, Op. 45<\/p>\n<p>CHOPIN Polonaise-fantaisie in A-flat Major<\/p>\n<p>LISZT &#8220;Apr\u00e8s une lecture du Dante&#8221; (Fantasia quasi sonata) from Ann\u00e9es de p\u00e8lerinage, deuxi\u00e8me ann\u00e9e: Italie, No. 7<\/p>\n","protected":false},"featured_media":59482,"menu_order":0,"template":"","app_discipline":[230],"app_city_tax":[217],"app_event_type":[238],"class_list":["post-59484","app_event","type-app_event","status-publish","has-post-thumbnail","hentry","app_discipline-music","app_city_tax-nyc","app_event_type-concert"],"acf":[],"yoast_head":"<!-- This site is optimized with the Yoast SEO plugin v27.3 - https:\/\/yoast.com\/product\/yoast-seo-wordpress\/ -->\n<title>Pianist Lucas Debargue Solo Recital Debut at Carnegie Hall - Villa Albertine<\/title>\n<meta name=\"robots\" content=\"index, follow, max-snippet:-1, max-image-preview:large, max-video-preview:-1\" \/>\n<link rel=\"canonical\" href=\"https:\/\/villa-albertine.org\/va\/events\/pianist-lucas-debargue-solo-recital-debut-carnegie-halls-stern-auditoriumperelman-stage-november-5\/\" \/>\n<meta property=\"og:locale\" content=\"en_US\" \/>\n<meta property=\"og:type\" content=\"article\" \/>\n<meta property=\"og:title\" content=\"Pianist Lucas Debargue Solo Recital Debut at Carnegie Hall - Villa Albertine\" \/>\n<meta property=\"og:description\" content=\"Performing Program of Artistic Milestones \u2013 Music by Scarlatti, Ravel, Chopin, Liszt, Presented by Cherry Orchard Festival &amp; Show One Productions \u00a0 \u201cSince Glenn Gould\u2019s visit to Moscow and Van Cliburn\u2019s victory at the Tchaikovsky Competition in the heat of the Cold War, never has a foreign pianist provoked such frenzy.\u201d \u2013\u00a0The Huffington Post \u00a0...\" \/>\n<meta property=\"og:url\" content=\"https:\/\/villa-albertine.org\/va\/events\/pianist-lucas-debargue-solo-recital-debut-carnegie-halls-stern-auditoriumperelman-stage-november-5\/\" \/>\n<meta property=\"og:site_name\" content=\"Villa Albertine\" \/>\n<meta property=\"article:modified_time\" content=\"2023-08-23T07:42:49+00:00\" \/>\n<meta property=\"og:image\" content=\"https:\/\/villa-albertine.org\/wp-content\/uploads\/2023\/08\/lucas-debargue-header.jpeg\" \/>\n\t<meta property=\"og:image:width\" content=\"725\" \/>\n\t<meta property=\"og:image:height\" content=\"408\" \/>\n\t<meta property=\"og:image:type\" content=\"image\/jpeg\" \/>\n<meta name=\"twitter:card\" content=\"summary_large_image\" \/>\n<meta name=\"twitter:label1\" content=\"Est. reading time\" \/>\n\t<meta name=\"twitter:data1\" content=\"4 minutes\" \/>\n<script type=\"application\/ld+json\" class=\"yoast-schema-graph\">{\"@context\":\"https:\\\/\\\/schema.org\",\"@graph\":[{\"@type\":\"WebPage\",\"@id\":\"https:\\\/\\\/villa-albertine.org\\\/va\\\/events\\\/pianist-lucas-debargue-solo-recital-debut-carnegie-halls-stern-auditoriumperelman-stage-november-5\\\/\",\"url\":\"https:\\\/\\\/villa-albertine.org\\\/va\\\/events\\\/pianist-lucas-debargue-solo-recital-debut-carnegie-halls-stern-auditoriumperelman-stage-november-5\\\/\",\"name\":\"Pianist Lucas Debargue Solo Recital Debut at Carnegie Hall - Villa Albertine\",\"isPartOf\":{\"@id\":\"https:\\\/\\\/villa-albertine.org\\\/va\\\/#website\"},\"primaryImageOfPage\":{\"@id\":\"https:\\\/\\\/villa-albertine.org\\\/va\\\/events\\\/pianist-lucas-debargue-solo-recital-debut-carnegie-halls-stern-auditoriumperelman-stage-november-5\\\/#primaryimage\"},\"image\":{\"@id\":\"https:\\\/\\\/villa-albertine.org\\\/va\\\/events\\\/pianist-lucas-debargue-solo-recital-debut-carnegie-halls-stern-auditoriumperelman-stage-november-5\\\/#primaryimage\"},\"thumbnailUrl\":\"https:\\\/\\\/villa-albertine.org\\\/wp-content\\\/uploads\\\/2023\\\/08\\\/lucas-debargue-header.jpeg\",\"datePublished\":\"2022-10-25T15:51:02+00:00\",\"dateModified\":\"2023-08-23T07:42:49+00:00\",\"breadcrumb\":{\"@id\":\"https:\\\/\\\/villa-albertine.org\\\/va\\\/events\\\/pianist-lucas-debargue-solo-recital-debut-carnegie-halls-stern-auditoriumperelman-stage-november-5\\\/#breadcrumb\"},\"inLanguage\":\"en-US\",\"potentialAction\":[{\"@type\":\"ReadAction\",\"target\":[\"https:\\\/\\\/villa-albertine.org\\\/va\\\/events\\\/pianist-lucas-debargue-solo-recital-debut-carnegie-halls-stern-auditoriumperelman-stage-november-5\\\/\"]}]},{\"@type\":\"ImageObject\",\"inLanguage\":\"en-US\",\"@id\":\"https:\\\/\\\/villa-albertine.org\\\/va\\\/events\\\/pianist-lucas-debargue-solo-recital-debut-carnegie-halls-stern-auditoriumperelman-stage-november-5\\\/#primaryimage\",\"url\":\"https:\\\/\\\/villa-albertine.org\\\/wp-content\\\/uploads\\\/2023\\\/08\\\/lucas-debargue-header.jpeg\",\"contentUrl\":\"https:\\\/\\\/villa-albertine.org\\\/wp-content\\\/uploads\\\/2023\\\/08\\\/lucas-debargue-header.jpeg\",\"width\":725,\"height\":408},{\"@type\":\"BreadcrumbList\",\"@id\":\"https:\\\/\\\/villa-albertine.org\\\/va\\\/events\\\/pianist-lucas-debargue-solo-recital-debut-carnegie-halls-stern-auditoriumperelman-stage-november-5\\\/#breadcrumb\",\"itemListElement\":[{\"@type\":\"ListItem\",\"position\":1,\"name\":\"Home\",\"item\":\"https:\\\/\\\/villa-albertine.org\\\/va\\\/\"},{\"@type\":\"ListItem\",\"position\":2,\"name\":\"Pianist Lucas Debargue Solo Recital Debut at Carnegie Hall\"}]},{\"@type\":\"WebSite\",\"@id\":\"https:\\\/\\\/villa-albertine.org\\\/va\\\/#website\",\"url\":\"https:\\\/\\\/villa-albertine.org\\\/va\\\/\",\"name\":\"Villa Albertine\",\"description\":\"\",\"potentialAction\":[{\"@type\":\"SearchAction\",\"target\":{\"@type\":\"EntryPoint\",\"urlTemplate\":\"https:\\\/\\\/villa-albertine.org\\\/va\\\/?s={search_term_string}\"},\"query-input\":{\"@type\":\"PropertyValueSpecification\",\"valueRequired\":true,\"valueName\":\"search_term_string\"}}],\"inLanguage\":\"en-US\"}]}<\/script>\n<!-- \/ Yoast SEO plugin. -->","yoast_head_json":{"title":"Pianist Lucas Debargue Solo Recital Debut at Carnegie Hall - Villa Albertine","robots":{"index":"index","follow":"follow","max-snippet":"max-snippet:-1","max-image-preview":"max-image-preview:large","max-video-preview":"max-video-preview:-1"},"canonical":"https:\/\/villa-albertine.org\/va\/events\/pianist-lucas-debargue-solo-recital-debut-carnegie-halls-stern-auditoriumperelman-stage-november-5\/","og_locale":"en_US","og_type":"article","og_title":"Pianist Lucas Debargue Solo Recital Debut at Carnegie Hall - Villa Albertine","og_description":"Performing Program of Artistic Milestones \u2013 Music by Scarlatti, Ravel, Chopin, Liszt, Presented by Cherry Orchard Festival &amp; Show One Productions \u00a0 \u201cSince Glenn Gould\u2019s visit to Moscow and Van Cliburn\u2019s victory at the Tchaikovsky Competition in the heat of the Cold War, never has a foreign pianist provoked such frenzy.\u201d \u2013\u00a0The Huffington Post \u00a0...","og_url":"https:\/\/villa-albertine.org\/va\/events\/pianist-lucas-debargue-solo-recital-debut-carnegie-halls-stern-auditoriumperelman-stage-november-5\/","og_site_name":"Villa Albertine","article_modified_time":"2023-08-23T07:42:49+00:00","og_image":[{"width":725,"height":408,"url":"https:\/\/villa-albertine.org\/wp-content\/uploads\/2023\/08\/lucas-debargue-header.jpeg","type":"image\/jpeg"}],"twitter_card":"summary_large_image","twitter_misc":{"Est. reading time":"4 minutes"},"schema":{"@context":"https:\/\/schema.org","@graph":[{"@type":"WebPage","@id":"https:\/\/villa-albertine.org\/va\/events\/pianist-lucas-debargue-solo-recital-debut-carnegie-halls-stern-auditoriumperelman-stage-november-5\/","url":"https:\/\/villa-albertine.org\/va\/events\/pianist-lucas-debargue-solo-recital-debut-carnegie-halls-stern-auditoriumperelman-stage-november-5\/","name":"Pianist Lucas Debargue Solo Recital Debut at Carnegie Hall - Villa Albertine","isPartOf":{"@id":"https:\/\/villa-albertine.org\/va\/#website"},"primaryImageOfPage":{"@id":"https:\/\/villa-albertine.org\/va\/events\/pianist-lucas-debargue-solo-recital-debut-carnegie-halls-stern-auditoriumperelman-stage-november-5\/#primaryimage"},"image":{"@id":"https:\/\/villa-albertine.org\/va\/events\/pianist-lucas-debargue-solo-recital-debut-carnegie-halls-stern-auditoriumperelman-stage-november-5\/#primaryimage"},"thumbnailUrl":"https:\/\/villa-albertine.org\/wp-content\/uploads\/2023\/08\/lucas-debargue-header.jpeg","datePublished":"2022-10-25T15:51:02+00:00","dateModified":"2023-08-23T07:42:49+00:00","breadcrumb":{"@id":"https:\/\/villa-albertine.org\/va\/events\/pianist-lucas-debargue-solo-recital-debut-carnegie-halls-stern-auditoriumperelman-stage-november-5\/#breadcrumb"},"inLanguage":"en-US","potentialAction":[{"@type":"ReadAction","target":["https:\/\/villa-albertine.org\/va\/events\/pianist-lucas-debargue-solo-recital-debut-carnegie-halls-stern-auditoriumperelman-stage-november-5\/"]}]},{"@type":"ImageObject","inLanguage":"en-US","@id":"https:\/\/villa-albertine.org\/va\/events\/pianist-lucas-debargue-solo-recital-debut-carnegie-halls-stern-auditoriumperelman-stage-november-5\/#primaryimage","url":"https:\/\/villa-albertine.org\/wp-content\/uploads\/2023\/08\/lucas-debargue-header.jpeg","contentUrl":"https:\/\/villa-albertine.org\/wp-content\/uploads\/2023\/08\/lucas-debargue-header.jpeg","width":725,"height":408},{"@type":"BreadcrumbList","@id":"https:\/\/villa-albertine.org\/va\/events\/pianist-lucas-debargue-solo-recital-debut-carnegie-halls-stern-auditoriumperelman-stage-november-5\/#breadcrumb","itemListElement":[{"@type":"ListItem","position":1,"name":"Home","item":"https:\/\/villa-albertine.org\/va\/"},{"@type":"ListItem","position":2,"name":"Pianist Lucas Debargue Solo Recital Debut at Carnegie Hall"}]},{"@type":"WebSite","@id":"https:\/\/villa-albertine.org\/va\/#website","url":"https:\/\/villa-albertine.org\/va\/","name":"Villa Albertine","description":"","potentialAction":[{"@type":"SearchAction","target":{"@type":"EntryPoint","urlTemplate":"https:\/\/villa-albertine.org\/va\/?s={search_term_string}"},"query-input":{"@type":"PropertyValueSpecification","valueRequired":true,"valueName":"search_term_string"}}],"inLanguage":"en-US"}]}},"_links":{"self":[{"href":"https:\/\/villa-albertine.org\/va\/wp-json\/wp\/v2\/app_event\/59484","targetHints":{"allow":["GET"]}}],"collection":[{"href":"https:\/\/villa-albertine.org\/va\/wp-json\/wp\/v2\/app_event"}],"about":[{"href":"https:\/\/villa-albertine.org\/va\/wp-json\/wp\/v2\/types\/app_event"}],"wp:featuredmedia":[{"embeddable":true,"href":"https:\/\/villa-albertine.org\/va\/wp-json\/wp\/v2\/media\/59482"}],"wp:attachment":[{"href":"https:\/\/villa-albertine.org\/va\/wp-json\/wp\/v2\/media?parent=59484"}],"wp:term":[{"taxonomy":"app_discipline","embeddable":true,"href":"https:\/\/villa-albertine.org\/va\/wp-json\/wp\/v2\/app_discipline?post=59484"},{"taxonomy":"app_city_tax","embeddable":true,"href":"https:\/\/villa-albertine.org\/va\/wp-json\/wp\/v2\/app_city_tax?post=59484"},{"taxonomy":"app_event_type","embeddable":true,"href":"https:\/\/villa-albertine.org\/va\/wp-json\/wp\/v2\/app_event_type?post=59484"}],"curies":[{"name":"wp","href":"https:\/\/api.w.org\/{rel}","templated":true}]}}