{"id":58940,"date":"2022-04-07T17:16:48","date_gmt":"2022-04-07T17:16:48","guid":{"rendered":"https:\/\/villa-albertine.org\/events\/lecture-series-tastemakers-18th-century-french-luxury-market-and-global-art-trade\/"},"modified":"2023-08-23T07:40:05","modified_gmt":"2023-08-23T07:40:05","slug":"lecture-series-tastemakers-18th-century-french-luxury-market-and-global-art-trade","status":"publish","type":"app_event","link":"https:\/\/villa-albertine.org\/va\/events\/lecture-series-tastemakers-18th-century-french-luxury-market-and-global-art-trade\/","title":{"rendered":"Lecture Series  | Tastemakers: the 18th Century French Luxury Market and the Global Art Trade"},"content":{"rendered":"<p>Coinciding with the <a href=\"https:\/\/villa-albertine.org\/events\/tastemakers-18th-century-french-luxury-market-and-global-art-trade\">&#8220;Tastemakers: the 18th Century French Luxury Market and the Global Art Trade,&#8221;<\/a>\u00a0held at the Payne Whitney Mansion from May 4-9, Villa Albertine and <a href=\"https:\/\/www.galeriekugel.com\/\">Galerie Kugel<\/a> invite you to a series of lectures on May 4 and 5.<\/p>\n\n<p>\u00a0<\/p>\n\n<p><u><strong>Wednesday, May 4 | 6pm<\/strong><\/u><\/p>\n\n<p><br \/><strong><em>The Development of Marketing Strategies by 18th Century Parisian Marchands-Merciers<\/em><\/strong><\/p>\n\n<p><br \/><strong>With Professor St\u00e9phane Castelluccio, Director of Research, CNRS, Centre Andr\u00e9 Chastel, Paris<\/strong><\/p>\n\n<p><strong>RSVP via\u00a0<u><a href=\"https:\/\/www.eventbrite.com\/e\/lecture-series-tastemakers-the-18th-century-french-luxury-market-tickets-317282469407\">Eventbrite<\/a><\/u><\/strong><\/p>\n\n<p><em>18th Century Parisian &#8220;marchands-merciers&#8221; developed various strategies to help them reach a greater number of clients. These tactics\u2014the earliest commercial strategies\u2014are precursors of what we today call &#8220;marketing.&#8221; They created tools of visual identity (signs, labels, visiting cards)\u2014the ancestors of modern-day logos\u2014and developed the earliest advertisements, which presented their goods in the most flattering light possible. These were widely circulated in the form of advertisements in gazettes, specialized journals, and guides, which were becomingly increasingly available at the time. They could thus reach clients other than those who lived in their immediate vicinity. They employed language that flattered these potential clients, stirring in them the desire to make purchases, which is the essential driving force of trade.<\/em><\/p>\n\n<p><u>About the lecturer:<\/u><\/p>\n\n<p>Professor St\u00e9phane\u00a0Castelluccio is an art historian and director of research at the CNRS, Paris. A graduate from the Ecole du Louvre and Paris-IV University, he dedicated his PhD thesis to the &#8220;Garde-Meuble de la Couronne&#8221; and the French royal collections of decorative arts.\u00a0A specialist in the history of royal residences, interior design, furniture, collections of <em>objets d\u2019art,<\/em> and the luxury goods trade in France during the 17th and 18th centuries, he has published more than one hundred articles and fourteen books, including <em>Les Collections royales d\u2019objets d\u2019art de Fran\u00e7ois\u00a0Ier\u00a0\u00e0 la R\u00e9volution <\/em>(2002),\u00a0<em>Le Go\u00fbt pour les laques de Chine et du Japon aux XVIIe\u00a0et XVIIIe\u00a0si\u00e8cles <\/em>(2013) and <em>Le prince et le marchand : Le commerce de luxe chez les marchands merciers parisiens pendant le r\u00e8gne de Louis XIV <\/em>(2014). His last book, published in 2021, is entitled\u00a0<em>La Noblesse et ses domestiques au XVIIIe\u00a0si\u00e8cle<\/em>.<\/p>\n\n<p>\u00a0<\/p>\n\n<p><u><strong>Thursday, May 5 | 6 PM<\/strong><\/u><\/p>\n\n<p><br \/><strong><em>Marchands-merciers in New York: Highlights from the 18th Century Frick Collection<\/em><\/strong><\/p>\n\n<p><br \/><strong>With Marie-Laure Buku Pongo, Assistant Curator of Decorative Arts, The Frick Collection, New York<\/strong><\/p>\n\n<p><strong>RSVP via\u00a0<u><a href=\"https:\/\/www.eventbrite.com\/e\/lecture-series-tastemakers-the-18th-century-french-luxury-market-tickets-317282469407\">Eventbrite<\/a><\/u><\/strong><\/p>\n\n<p><em>&#8220;Sellers of everything, makers of nothing&#8221; as described by the Encyclopedist Denis Diderot, &#8220;marchands-merciers&#8221; were the tastemakers of the 18th century French luxury market.\u00a0Retailers, importers, designers, and decorators all wrapped in one, they were at the heart of the French luxury industry boom in the 18th century and actively participated in one of the first manifestations of the globalization of the arts,\u00a0when the best of French design intersected with precious materials and new traditions from all over the world. Their &#8220;creations,&#8221; from furniture to decorative arts, whose preciousness is only superseded by the names of their owners, kings, and members of the high aristocracy, represent the most exquisite and precious pieces of the 18th Century French decorative arts, and as so, have been and are still highly sought after by collectors. The <a href=\"https:\/\/www.frick.org\/\">Frick Collection<\/a>\u00a0in\u00a0New York, originated with Henry Clay Frick (1849\u20131919) who bequeathed his home and his collections to the public for their enjoyment, held important collections of 18th French decorative arts, including many masterpieces attached to the names of the most famous Parisian marchands-merciers. \u00a0<\/em><\/p>\n\n<p><u>About the lecturer<\/u>:<\/p>\n\n<p>Marie-Laure Buku Pongo is a historian, art historian, and assistant curator of Decorative Arts at the Frick Collection, New York. With degrees in history, art history, and law from the Ecole du Louvre, the Sorbonne Universit\u00e9, and the Universit\u00e9 Paris II Panth\u00e9on-Assas, she previously worked at the Ch\u00e2teau de Versailles as research assistant on the &#8220;Versailles and the World&#8221; exhibition presented in 2022 at the Louvre Abu Dhabi. She was also Senior Assistant and Acting Head of the &#8220;mission ammeublement&#8221; at the Mobilier national in Paris, where she advised and managed the furnishing of the Palais de l&#8217;Elys\u00e9e, the official residence of the President of France, the offices of the French Prime Minister, and offices of several Ministries, the French Parliament, and French Embassies around the world.\u00a0Buku Pongo is completing her Ph.D. in Modern History and Art History at Sorbonne Universit\u00e9, with a dissertation titled \u201cDiplomatic Gifts Offered by Louis XV: Works of Art and International Relations.\u201d<\/p>\n<figure class=\"wp-block-image size-full\">\n\t<img loading=\"lazy\" decoding=\"async\" width=\"1392\" height=\"1969\" src=\"https:\/\/villa-albertine.org\/wp-content\/uploads\/2023\/08\/Sans20titre-12028129.jpg\" class=\"attachment-full size-full\" alt=\"\" srcset=\"https:\/\/villa-albertine.org\/wp-content\/uploads\/2023\/08\/Sans20titre-12028129.jpg 1392w, https:\/\/villa-albertine.org\/wp-content\/uploads\/2023\/08\/Sans20titre-12028129-212x300.jpg 212w, https:\/\/villa-albertine.org\/wp-content\/uploads\/2023\/08\/Sans20titre-12028129-724x1024.jpg 724w, https:\/\/villa-albertine.org\/wp-content\/uploads\/2023\/08\/Sans20titre-12028129-768x1086.jpg 768w, https:\/\/villa-albertine.org\/wp-content\/uploads\/2023\/08\/Sans20titre-12028129-1086x1536.jpg 1086w\" sizes=\"auto, (max-width: 1392px) 100vw, 1392px\" \/>\n\t\t\t<figcaption>\n\t\t\t<p>Courtesy of Galerie Kugel \u00a9 Guillaume Benoit<\/p>\n\t\t<\/figcaption>\n\t<\/figure>\n","protected":false},"featured_media":58936,"menu_order":0,"template":"","app_discipline":[236,218],"app_city_tax":[217],"app_event_type":[241],"class_list":["post-58940","app_event","type-app_event","status-publish","has-post-thumbnail","hentry","app_discipline-museums","app_discipline-visual-arts","app_city_tax-nyc","app_event_type-talk"],"acf":[],"yoast_head":"<!-- This site is optimized with the Yoast SEO plugin v27.3 - https:\/\/yoast.com\/product\/yoast-seo-wordpress\/ -->\n<title>Lecture Series | Tastemakers: the 18th Century French Luxury Market and the Global Art Trade - Villa Albertine<\/title>\n<meta name=\"robots\" content=\"index, follow, max-snippet:-1, max-image-preview:large, max-video-preview:-1\" \/>\n<link rel=\"canonical\" href=\"https:\/\/villa-albertine.org\/va\/events\/lecture-series-tastemakers-18th-century-french-luxury-market-and-global-art-trade\/\" \/>\n<meta property=\"og:locale\" content=\"en_US\" \/>\n<meta property=\"og:type\" content=\"article\" \/>\n<meta property=\"og:title\" content=\"Lecture Series | Tastemakers: the 18th Century French Luxury Market and the Global Art Trade - Villa Albertine\" \/>\n<meta property=\"og:description\" content=\"Coinciding with the &#8220;Tastemakers: the 18th Century French Luxury Market and the Global Art Trade,&#8221;\u00a0held at the Payne Whitney Mansion from May 4-9, Villa Albertine and Galerie Kugel invite you to a series of lectures on May 4 and 5. \u00a0 Wednesday, May 4 | 6pm The Development of Marketing Strategies by 18th Century Parisian...\" \/>\n<meta property=\"og:url\" content=\"https:\/\/villa-albertine.org\/va\/events\/lecture-series-tastemakers-18th-century-french-luxury-market-and-global-art-trade\/\" \/>\n<meta property=\"og:site_name\" content=\"Villa Albertine\" \/>\n<meta property=\"article:modified_time\" content=\"2023-08-23T07:40:05+00:00\" \/>\n<meta property=\"og:image\" content=\"https:\/\/villa-albertine.org\/wp-content\/uploads\/2023\/08\/Image3_sized_1.jpg\" \/>\n\t<meta property=\"og:image:width\" content=\"1392\" \/>\n\t<meta property=\"og:image:height\" content=\"669\" \/>\n\t<meta property=\"og:image:type\" content=\"image\/jpeg\" \/>\n<meta name=\"twitter:card\" content=\"summary_large_image\" \/>\n<meta name=\"twitter:label1\" content=\"Est. reading time\" \/>\n\t<meta name=\"twitter:data1\" content=\"4 minutes\" \/>\n<script type=\"application\/ld+json\" class=\"yoast-schema-graph\">{\"@context\":\"https:\\\/\\\/schema.org\",\"@graph\":[{\"@type\":\"WebPage\",\"@id\":\"https:\\\/\\\/villa-albertine.org\\\/va\\\/events\\\/lecture-series-tastemakers-18th-century-french-luxury-market-and-global-art-trade\\\/\",\"url\":\"https:\\\/\\\/villa-albertine.org\\\/va\\\/events\\\/lecture-series-tastemakers-18th-century-french-luxury-market-and-global-art-trade\\\/\",\"name\":\"Lecture Series | Tastemakers: the 18th Century French Luxury Market and the Global Art Trade - Villa Albertine\",\"isPartOf\":{\"@id\":\"https:\\\/\\\/villa-albertine.org\\\/va\\\/#website\"},\"primaryImageOfPage\":{\"@id\":\"https:\\\/\\\/villa-albertine.org\\\/va\\\/events\\\/lecture-series-tastemakers-18th-century-french-luxury-market-and-global-art-trade\\\/#primaryimage\"},\"image\":{\"@id\":\"https:\\\/\\\/villa-albertine.org\\\/va\\\/events\\\/lecture-series-tastemakers-18th-century-french-luxury-market-and-global-art-trade\\\/#primaryimage\"},\"thumbnailUrl\":\"https:\\\/\\\/villa-albertine.org\\\/wp-content\\\/uploads\\\/2023\\\/08\\\/Image3_sized_1.jpg\",\"datePublished\":\"2022-04-07T17:16:48+00:00\",\"dateModified\":\"2023-08-23T07:40:05+00:00\",\"breadcrumb\":{\"@id\":\"https:\\\/\\\/villa-albertine.org\\\/va\\\/events\\\/lecture-series-tastemakers-18th-century-french-luxury-market-and-global-art-trade\\\/#breadcrumb\"},\"inLanguage\":\"en-US\",\"potentialAction\":[{\"@type\":\"ReadAction\",\"target\":[\"https:\\\/\\\/villa-albertine.org\\\/va\\\/events\\\/lecture-series-tastemakers-18th-century-french-luxury-market-and-global-art-trade\\\/\"]}]},{\"@type\":\"ImageObject\",\"inLanguage\":\"en-US\",\"@id\":\"https:\\\/\\\/villa-albertine.org\\\/va\\\/events\\\/lecture-series-tastemakers-18th-century-french-luxury-market-and-global-art-trade\\\/#primaryimage\",\"url\":\"https:\\\/\\\/villa-albertine.org\\\/wp-content\\\/uploads\\\/2023\\\/08\\\/Image3_sized_1.jpg\",\"contentUrl\":\"https:\\\/\\\/villa-albertine.org\\\/wp-content\\\/uploads\\\/2023\\\/08\\\/Image3_sized_1.jpg\",\"width\":1392,\"height\":669},{\"@type\":\"BreadcrumbList\",\"@id\":\"https:\\\/\\\/villa-albertine.org\\\/va\\\/events\\\/lecture-series-tastemakers-18th-century-french-luxury-market-and-global-art-trade\\\/#breadcrumb\",\"itemListElement\":[{\"@type\":\"ListItem\",\"position\":1,\"name\":\"Home\",\"item\":\"https:\\\/\\\/villa-albertine.org\\\/va\\\/\"},{\"@type\":\"ListItem\",\"position\":2,\"name\":\"Lecture Series | Tastemakers: the 18th Century French Luxury Market and the Global Art Trade\"}]},{\"@type\":\"WebSite\",\"@id\":\"https:\\\/\\\/villa-albertine.org\\\/va\\\/#website\",\"url\":\"https:\\\/\\\/villa-albertine.org\\\/va\\\/\",\"name\":\"Villa Albertine\",\"description\":\"\",\"potentialAction\":[{\"@type\":\"SearchAction\",\"target\":{\"@type\":\"EntryPoint\",\"urlTemplate\":\"https:\\\/\\\/villa-albertine.org\\\/va\\\/?s={search_term_string}\"},\"query-input\":{\"@type\":\"PropertyValueSpecification\",\"valueRequired\":true,\"valueName\":\"search_term_string\"}}],\"inLanguage\":\"en-US\"}]}<\/script>\n<!-- \/ Yoast SEO plugin. -->","yoast_head_json":{"title":"Lecture Series | Tastemakers: the 18th Century French Luxury Market and the Global Art Trade - Villa Albertine","robots":{"index":"index","follow":"follow","max-snippet":"max-snippet:-1","max-image-preview":"max-image-preview:large","max-video-preview":"max-video-preview:-1"},"canonical":"https:\/\/villa-albertine.org\/va\/events\/lecture-series-tastemakers-18th-century-french-luxury-market-and-global-art-trade\/","og_locale":"en_US","og_type":"article","og_title":"Lecture Series | Tastemakers: the 18th Century French Luxury Market and the Global Art Trade - Villa Albertine","og_description":"Coinciding with the &#8220;Tastemakers: the 18th Century French Luxury Market and the Global Art Trade,&#8221;\u00a0held at the Payne Whitney Mansion from May 4-9, Villa Albertine and Galerie Kugel invite you to a series of lectures on May 4 and 5. \u00a0 Wednesday, May 4 | 6pm The Development of Marketing Strategies by 18th Century Parisian...","og_url":"https:\/\/villa-albertine.org\/va\/events\/lecture-series-tastemakers-18th-century-french-luxury-market-and-global-art-trade\/","og_site_name":"Villa Albertine","article_modified_time":"2023-08-23T07:40:05+00:00","og_image":[{"width":1392,"height":669,"url":"https:\/\/villa-albertine.org\/wp-content\/uploads\/2023\/08\/Image3_sized_1.jpg","type":"image\/jpeg"}],"twitter_card":"summary_large_image","twitter_misc":{"Est. reading time":"4 minutes"},"schema":{"@context":"https:\/\/schema.org","@graph":[{"@type":"WebPage","@id":"https:\/\/villa-albertine.org\/va\/events\/lecture-series-tastemakers-18th-century-french-luxury-market-and-global-art-trade\/","url":"https:\/\/villa-albertine.org\/va\/events\/lecture-series-tastemakers-18th-century-french-luxury-market-and-global-art-trade\/","name":"Lecture Series | Tastemakers: the 18th Century French Luxury Market and the Global Art Trade - Villa Albertine","isPartOf":{"@id":"https:\/\/villa-albertine.org\/va\/#website"},"primaryImageOfPage":{"@id":"https:\/\/villa-albertine.org\/va\/events\/lecture-series-tastemakers-18th-century-french-luxury-market-and-global-art-trade\/#primaryimage"},"image":{"@id":"https:\/\/villa-albertine.org\/va\/events\/lecture-series-tastemakers-18th-century-french-luxury-market-and-global-art-trade\/#primaryimage"},"thumbnailUrl":"https:\/\/villa-albertine.org\/wp-content\/uploads\/2023\/08\/Image3_sized_1.jpg","datePublished":"2022-04-07T17:16:48+00:00","dateModified":"2023-08-23T07:40:05+00:00","breadcrumb":{"@id":"https:\/\/villa-albertine.org\/va\/events\/lecture-series-tastemakers-18th-century-french-luxury-market-and-global-art-trade\/#breadcrumb"},"inLanguage":"en-US","potentialAction":[{"@type":"ReadAction","target":["https:\/\/villa-albertine.org\/va\/events\/lecture-series-tastemakers-18th-century-french-luxury-market-and-global-art-trade\/"]}]},{"@type":"ImageObject","inLanguage":"en-US","@id":"https:\/\/villa-albertine.org\/va\/events\/lecture-series-tastemakers-18th-century-french-luxury-market-and-global-art-trade\/#primaryimage","url":"https:\/\/villa-albertine.org\/wp-content\/uploads\/2023\/08\/Image3_sized_1.jpg","contentUrl":"https:\/\/villa-albertine.org\/wp-content\/uploads\/2023\/08\/Image3_sized_1.jpg","width":1392,"height":669},{"@type":"BreadcrumbList","@id":"https:\/\/villa-albertine.org\/va\/events\/lecture-series-tastemakers-18th-century-french-luxury-market-and-global-art-trade\/#breadcrumb","itemListElement":[{"@type":"ListItem","position":1,"name":"Home","item":"https:\/\/villa-albertine.org\/va\/"},{"@type":"ListItem","position":2,"name":"Lecture Series | Tastemakers: the 18th Century French Luxury Market and the Global Art Trade"}]},{"@type":"WebSite","@id":"https:\/\/villa-albertine.org\/va\/#website","url":"https:\/\/villa-albertine.org\/va\/","name":"Villa Albertine","description":"","potentialAction":[{"@type":"SearchAction","target":{"@type":"EntryPoint","urlTemplate":"https:\/\/villa-albertine.org\/va\/?s={search_term_string}"},"query-input":{"@type":"PropertyValueSpecification","valueRequired":true,"valueName":"search_term_string"}}],"inLanguage":"en-US"}]}},"_links":{"self":[{"href":"https:\/\/villa-albertine.org\/va\/wp-json\/wp\/v2\/app_event\/58940","targetHints":{"allow":["GET"]}}],"collection":[{"href":"https:\/\/villa-albertine.org\/va\/wp-json\/wp\/v2\/app_event"}],"about":[{"href":"https:\/\/villa-albertine.org\/va\/wp-json\/wp\/v2\/types\/app_event"}],"wp:featuredmedia":[{"embeddable":true,"href":"https:\/\/villa-albertine.org\/va\/wp-json\/wp\/v2\/media\/58936"}],"wp:attachment":[{"href":"https:\/\/villa-albertine.org\/va\/wp-json\/wp\/v2\/media?parent=58940"}],"wp:term":[{"taxonomy":"app_discipline","embeddable":true,"href":"https:\/\/villa-albertine.org\/va\/wp-json\/wp\/v2\/app_discipline?post=58940"},{"taxonomy":"app_city_tax","embeddable":true,"href":"https:\/\/villa-albertine.org\/va\/wp-json\/wp\/v2\/app_city_tax?post=58940"},{"taxonomy":"app_event_type","embeddable":true,"href":"https:\/\/villa-albertine.org\/va\/wp-json\/wp\/v2\/app_event_type?post=58940"}],"curies":[{"name":"wp","href":"https:\/\/api.w.org\/{rel}","templated":true}]}}