{"id":58726,"date":"2022-02-16T17:49:14","date_gmt":"2022-02-16T17:49:14","guid":{"rendered":"https:\/\/villa-albertine.org\/events\/week-french-language-cinema\/"},"modified":"2023-08-23T07:39:28","modified_gmt":"2023-08-23T07:39:28","slug":"week-french-language-cinema","status":"publish","type":"app_event","link":"https:\/\/villa-albertine.org\/va\/events\/week-french-language-cinema\/","title":{"rendered":"A Week of French Language Cinema"},"content":{"rendered":"<p>For the thirteenth year, Theatre Raymond Kabbaz works in collaboration with the Consulates of France, Belgium, Switzerland, Canada, the Quebec Government Office in Los Angeles, and Le Lyc\u00e9e Fran\u00e7ais de Los Angeles to present A Week of French Language Cinema, with nightly screenings of critically acclaimed French language films, from Friday, March 18 through Wednesday, March 23, 2022. The program includes notable films from these and other French-speaking countries.\u00a0<\/p>\n<p>This collection of feature films celebrates the richness and diversity of the global French-speaking population, and relishes in the variety of stories told in one language across all five continents.<\/p>\n<p>A Week of French Language Cinema is celebrated every year in conjunction with the Organisation Internationale de la Francophonie (OIF)\u2019s annual celebration of French language and Francophone cultures on March 20th.<\/p>\n<p>\u00a0<\/p>\n<p>\u00a0<\/p>\n<p><strong><em>Saint Laurent<\/em><\/strong><strong>\u00a0<\/strong><\/p>\n<p><strong>Friday March 18th, 8:00 PM @ Theatre Raymond Kabbaz\u00a0<\/strong><\/p>\n<p>Yves Saint Laurent&#8217;s life from 1967 to 1976, during which time the famed fashion designer was at the peak of his career. This period is also a dark one for him, teased by professional and personal dramas, but also by its tumultuous relationship with the dandy Jacques Bascher and his partner Pierre Berger. The movie concentrates on his work methods, his 2 muses\u2019 meeting, Loulou de la Falaise and Betty Catroux, his excess of the night but especially on the daily isolation and the pressure exerted on Saint Laurent.<\/p>\n<p>Director: Bertrand Bonello; France; 2014; French, 2h30min<\/p>\n<p><u>Awards<\/u><\/p>\n<p>40th C\u00e9sar Awards: Best Costume Design<\/p>\n<p>20th Lumi\u00e8res Awards: Best Actor<\/p>\n<p>5th Magritte Awards: Best Supporting Actor<\/p>\n<p>International Cinephile Society Awards 2016: Best Actor<\/p>\n<p><u>Nominated for:<\/u><\/p>\n<p>2014 Cannes Festival: Palme d\u2019Or<\/p>\n<p>40th C\u00e9sar Awards in 9 categories<\/p>\n<p>Globes de Cristal Award: Best Actor<\/p>\n<p>Louis Delluc Prize: Best Film<\/p>\n<p>20th Lumi\u00e8res Awards in 5 categories<\/p>\n<p><strong><em>Olga<\/em><\/strong><strong>\u00a0<\/strong><\/p>\n<p><strong>Saturday March 19, 8:00 PM @ Theatre Raymond Kabbaz<\/strong><\/p>\n<p>While in exile in Switzerland, a 15-year-old Ukrainian gymnast prepares for the European Gymnastics Championships when Euromaidan protests begin in Kyiv, involving her relatives. While the young girl must adapt to her new country and keep on training, the Ukrainian revolution enters her life and will upset everything&#8230;<\/p>\n<p>Director: Elie Grappe; Switzerland, France; 2021; French, 1h35min\u00a0<\/p>\n<p><u>Awards<\/u><\/p>\n<p>Oscar of the Best International film (2022): official selection to represent Switzerland<\/p>\n<p>Cannes Festival (2021): \u00ab Semaine de la critique \u00bb selection, SACD Prize<\/p>\n<p>Angers European First Film Festival (2020): Visio Foundation award for feature film script<\/p>\n<p>Brussels International Fantastic Film Festival (2021): Audience award (international competition), TV Prize<\/p>\n<p><strong><em>Je m&#8217;appelle human (Call Me Human)<\/em><\/strong><\/p>\n<p><strong>Sunday March 20, 8:00 PM @ Theatre Raymond Kabbaz<\/strong><\/p>\n<p>&#8220;Savage,&#8221; says Josephine Bacon, &#8220;means to be completely free.&#8221; When the elders leave us, a link to the past disappears with them. The Innu woman of letters, Jos\u00e9phine Bacon, embodies this generation that witnessed a time that is soon to be over. With charisma and sensitivity, she leads a fight against oblivion and the disappearance of a language, a culture and its traditions. Following in the footsteps of Papakassik, the caribou master,\u00a0<em>Je m&#8217;appelle humain<\/em> proposes an incursion into the History of a Multi-millennial People alongside a free woman who has devoted her life to transmitting her knowledge and that of her ancestors. In her language, Innu means &#8220;human&#8221;.<\/p>\n<p>Director: Kim O\u2019Bomsawin; Canada; 2020; French, 1h18min<\/p>\n<p><u>Awards<\/u><\/p>\n<p>Prix G\u00e9meaux: Best Documentary, Best Director, Best Sound, and Best Original Music (2021)<\/p>\n<p>FCVQ: College Prize (ex aequo) &amp; Special Mention Grand Prix Competition \u2013 feature film (2020)<\/p>\n<p>VIFF: Best Canadian Documentary (2020)<\/p>\n<p>CIFF: Best Canadian Documentary &amp; Audience Award (2020)<\/p>\n<p>Cinefest Sudbury International Film Festival: Audience Award (2020)<\/p>\n<p>Cin\u00e9mania: Faces of Francophonie TV5 (2021)<\/p>\n<p>PCCQ: Prix coll\u00e9gial du Cin\u00e9ma qu\u00e9b\u00e9cois 2021<\/p>\n<p><strong><em>La mis\u00e9ricorde de la jungle (The Mercy of the Jungle)<\/em><\/strong><\/p>\n<p><strong>Monday March 21, 8:00 PM @ Theatre Raymond Kabbaz\u00a0<\/strong><\/p>\n<p>War-weary Sergeant Xavier and fresh recruit Private Faustin are accidentally separated from their Rwandan battalion inside Congolese territory when it is called out suddenly on a nighttime raid. They face a lack of water, food, and threats from malarial fever and jungle wildlife. The two seek to reunite with the battalion by heading westward but must remain wary of interacting with the local population given Congolese antipathy to the Rwandan Army and the presence of irregular rebel factions.<\/p>\n<p>Director: Jo\u00ebl Karekezi; Rwanda, Belgium, France, Germany; 2018; French, 1h31min<\/p>\n<p><u>Awards<\/u><\/p>\n<p>Africa Movie Academy Awards (AMAA), 2019: Best Director Prize, Best Achievement in Make-Up Prize, Best Achievement In Costume Design Prize<\/p>\n<p>Panafrican Film and Television Festival of Ouagadougou: Golden Stallion of Yennenga<\/p>\n<p><u>Nominated for:<\/u><\/p>\n<p>10th Magritte Awards, 2020: Best Actor<\/p>\n<p>Africa Movie Academy Awards (AMAA), 2019: nominated in 5 other categories<\/p>\n<p><em><strong>14 jours, 12 nuits (14 days, 12 nights)<\/strong><\/em><\/p>\n<p><strong>Tuesday March 22, 8PM @ Theatre Raymond Kabbaz<\/strong><\/p>\n<p>Isabelle Brodeur embarks on a journey to Vietnam, her adopted daughter&#8217;s birthplace. Her path leads her to the woman who was once her daughter&#8217;s nanny. Doing so, Isabelle learns the existence and whereabouts of her daughter&#8217;s biological mother. Throughout this stunningly beautiful journey, Isabelle discovers her daughter&#8217;s country through the eyes of the woman who brought her into this world. This pilgrimage of sorts, leads the two women to unveil their innermost secrets.<\/p>\n<p>Director: Jean-Philippe Duval; Canada; 2019; French; 1h39min<\/p>\n<p><u>Awards<\/u><\/p>\n<p>Prix Iris: Best Cinematography (2020)<\/p>\n<p>Minneapolis-Saint Paul International Film Festival: Audience Award \u2013 World Cinema (2021)<\/p>\n<p><u>Nominated for<\/u><\/p>\n<p>Canadian Screen Awards: Best supporting Actress (2020)<\/p>\n<p>Prix Iris: Best Actress &amp; Best Editing (2020)<\/p>\n<p><strong><em>Playground<\/em><\/strong><strong>\u00a0<\/strong><\/p>\n<p><strong>Wednesday March 23, 8:00 PM @ Theatre Raymond Kabbaz<\/strong><\/p>\n<p>A seven-year-old girl witnesses her older brother being bullied. Though he swears her to secrecy, she tells their father and soon finds herself the victim of bullying as well.<\/p>\n<p>Director: Laura Wandel; France; 2021; French, 1h12min<\/p>\n<p><u>Awards<\/u><\/p>\n<p>FIPRESCI Prize of Cannes Festival\u2019s section \u00ab Un certain regard\u00bb<\/p>\n<p>Sarajevo Film Festival 2021 : section Kinescope, Special Award for promoting gender equality : Special Jury Mention.<\/p>\n<p>Guanajuato International Film Festival (GIFF) 2021 : Best International Film<\/p>\n<p>Haifa International Film Festival 2021 : Golden Anchor of the Best First Film<\/p>\n<p>BFI London Film Festival 2021 : Sutherland Award<\/p>\n<p>Pingyao International Film Festival : People&#8217;s Choice Award &#8211; Best Film<\/p>\n<p>Festival cine por mujeres, Madrid : Best International Film<\/p>\n<p><strong>Tickets:<\/strong><\/p>\n<p><strong><a href=\"https:\/\/frenchcinemaweek.eventive.org\/welcome\u00a0\">https:\/\/frenchcinemaweek.eventive.org\/welcome\u00a0<\/a>\u00a0<\/strong><\/p>\n","protected":false},"featured_media":58722,"menu_order":0,"template":"","app_discipline":[219],"app_city_tax":[220],"app_event_type":[239],"class_list":["post-58726","app_event","type-app_event","status-publish","has-post-thumbnail","hentry","app_discipline-cinema","app_city_tax-la","app_event_type-film"],"acf":[],"yoast_head":"<!-- This site is optimized with the Yoast SEO plugin v27.3 - https:\/\/yoast.com\/product\/yoast-seo-wordpress\/ -->\n<title>A Week of French Language Cinema - Villa Albertine<\/title>\n<meta name=\"robots\" content=\"index, follow, max-snippet:-1, max-image-preview:large, max-video-preview:-1\" \/>\n<link rel=\"canonical\" href=\"https:\/\/villa-albertine.org\/va\/events\/week-french-language-cinema\/\" \/>\n<meta property=\"og:locale\" content=\"en_US\" \/>\n<meta property=\"og:type\" content=\"article\" \/>\n<meta property=\"og:title\" content=\"A Week of French Language Cinema - Villa Albertine\" \/>\n<meta property=\"og:description\" content=\"For the thirteenth year, Theatre Raymond Kabbaz works in collaboration with the Consulates of France, Belgium, Switzerland, Canada, the Quebec Government Office in Los Angeles, and Le Lyc\u00e9e Fran\u00e7ais de Los Angeles to present A Week of French Language Cinema, with nightly screenings of critically acclaimed French language films, from Friday, March 18 through Wednesday,...\" \/>\n<meta property=\"og:url\" content=\"https:\/\/villa-albertine.org\/va\/events\/week-french-language-cinema\/\" \/>\n<meta property=\"og:site_name\" content=\"Villa Albertine\" \/>\n<meta property=\"article:modified_time\" content=\"2023-08-23T07:39:28+00:00\" \/>\n<meta property=\"og:image\" content=\"https:\/\/villa-albertine.org\/wp-content\/uploads\/2023\/08\/gaspard-ulliel.jpg\" \/>\n\t<meta property=\"og:image:width\" content=\"1024\" \/>\n\t<meta property=\"og:image:height\" content=\"576\" \/>\n\t<meta property=\"og:image:type\" content=\"image\/jpeg\" \/>\n<meta name=\"twitter:card\" content=\"summary_large_image\" \/>\n<meta name=\"twitter:label1\" content=\"Est. reading time\" \/>\n\t<meta name=\"twitter:data1\" content=\"5 minutes\" \/>\n<script type=\"application\/ld+json\" class=\"yoast-schema-graph\">{\"@context\":\"https:\\\/\\\/schema.org\",\"@graph\":[{\"@type\":\"WebPage\",\"@id\":\"https:\\\/\\\/villa-albertine.org\\\/va\\\/events\\\/week-french-language-cinema\\\/\",\"url\":\"https:\\\/\\\/villa-albertine.org\\\/va\\\/events\\\/week-french-language-cinema\\\/\",\"name\":\"A Week of French Language Cinema - Villa Albertine\",\"isPartOf\":{\"@id\":\"https:\\\/\\\/villa-albertine.org\\\/va\\\/#website\"},\"primaryImageOfPage\":{\"@id\":\"https:\\\/\\\/villa-albertine.org\\\/va\\\/events\\\/week-french-language-cinema\\\/#primaryimage\"},\"image\":{\"@id\":\"https:\\\/\\\/villa-albertine.org\\\/va\\\/events\\\/week-french-language-cinema\\\/#primaryimage\"},\"thumbnailUrl\":\"https:\\\/\\\/villa-albertine.org\\\/wp-content\\\/uploads\\\/2023\\\/08\\\/gaspard-ulliel.jpg\",\"datePublished\":\"2022-02-16T17:49:14+00:00\",\"dateModified\":\"2023-08-23T07:39:28+00:00\",\"breadcrumb\":{\"@id\":\"https:\\\/\\\/villa-albertine.org\\\/va\\\/events\\\/week-french-language-cinema\\\/#breadcrumb\"},\"inLanguage\":\"en-US\",\"potentialAction\":[{\"@type\":\"ReadAction\",\"target\":[\"https:\\\/\\\/villa-albertine.org\\\/va\\\/events\\\/week-french-language-cinema\\\/\"]}]},{\"@type\":\"ImageObject\",\"inLanguage\":\"en-US\",\"@id\":\"https:\\\/\\\/villa-albertine.org\\\/va\\\/events\\\/week-french-language-cinema\\\/#primaryimage\",\"url\":\"https:\\\/\\\/villa-albertine.org\\\/wp-content\\\/uploads\\\/2023\\\/08\\\/gaspard-ulliel.jpg\",\"contentUrl\":\"https:\\\/\\\/villa-albertine.org\\\/wp-content\\\/uploads\\\/2023\\\/08\\\/gaspard-ulliel.jpg\",\"width\":1024,\"height\":576},{\"@type\":\"BreadcrumbList\",\"@id\":\"https:\\\/\\\/villa-albertine.org\\\/va\\\/events\\\/week-french-language-cinema\\\/#breadcrumb\",\"itemListElement\":[{\"@type\":\"ListItem\",\"position\":1,\"name\":\"Home\",\"item\":\"https:\\\/\\\/villa-albertine.org\\\/va\\\/\"},{\"@type\":\"ListItem\",\"position\":2,\"name\":\"A Week of French Language Cinema\"}]},{\"@type\":\"WebSite\",\"@id\":\"https:\\\/\\\/villa-albertine.org\\\/va\\\/#website\",\"url\":\"https:\\\/\\\/villa-albertine.org\\\/va\\\/\",\"name\":\"Villa Albertine\",\"description\":\"\",\"potentialAction\":[{\"@type\":\"SearchAction\",\"target\":{\"@type\":\"EntryPoint\",\"urlTemplate\":\"https:\\\/\\\/villa-albertine.org\\\/va\\\/?s={search_term_string}\"},\"query-input\":{\"@type\":\"PropertyValueSpecification\",\"valueRequired\":true,\"valueName\":\"search_term_string\"}}],\"inLanguage\":\"en-US\"}]}<\/script>\n<!-- \/ Yoast SEO plugin. -->","yoast_head_json":{"title":"A Week of French Language Cinema - Villa Albertine","robots":{"index":"index","follow":"follow","max-snippet":"max-snippet:-1","max-image-preview":"max-image-preview:large","max-video-preview":"max-video-preview:-1"},"canonical":"https:\/\/villa-albertine.org\/va\/events\/week-french-language-cinema\/","og_locale":"en_US","og_type":"article","og_title":"A Week of French Language Cinema - Villa Albertine","og_description":"For the thirteenth year, Theatre Raymond Kabbaz works in collaboration with the Consulates of France, Belgium, Switzerland, Canada, the Quebec Government Office in Los Angeles, and Le Lyc\u00e9e Fran\u00e7ais de Los Angeles to present A Week of French Language Cinema, with nightly screenings of critically acclaimed French language films, from Friday, March 18 through Wednesday,...","og_url":"https:\/\/villa-albertine.org\/va\/events\/week-french-language-cinema\/","og_site_name":"Villa Albertine","article_modified_time":"2023-08-23T07:39:28+00:00","og_image":[{"width":1024,"height":576,"url":"https:\/\/villa-albertine.org\/wp-content\/uploads\/2023\/08\/gaspard-ulliel.jpg","type":"image\/jpeg"}],"twitter_card":"summary_large_image","twitter_misc":{"Est. reading time":"5 minutes"},"schema":{"@context":"https:\/\/schema.org","@graph":[{"@type":"WebPage","@id":"https:\/\/villa-albertine.org\/va\/events\/week-french-language-cinema\/","url":"https:\/\/villa-albertine.org\/va\/events\/week-french-language-cinema\/","name":"A Week of French Language Cinema - Villa Albertine","isPartOf":{"@id":"https:\/\/villa-albertine.org\/va\/#website"},"primaryImageOfPage":{"@id":"https:\/\/villa-albertine.org\/va\/events\/week-french-language-cinema\/#primaryimage"},"image":{"@id":"https:\/\/villa-albertine.org\/va\/events\/week-french-language-cinema\/#primaryimage"},"thumbnailUrl":"https:\/\/villa-albertine.org\/wp-content\/uploads\/2023\/08\/gaspard-ulliel.jpg","datePublished":"2022-02-16T17:49:14+00:00","dateModified":"2023-08-23T07:39:28+00:00","breadcrumb":{"@id":"https:\/\/villa-albertine.org\/va\/events\/week-french-language-cinema\/#breadcrumb"},"inLanguage":"en-US","potentialAction":[{"@type":"ReadAction","target":["https:\/\/villa-albertine.org\/va\/events\/week-french-language-cinema\/"]}]},{"@type":"ImageObject","inLanguage":"en-US","@id":"https:\/\/villa-albertine.org\/va\/events\/week-french-language-cinema\/#primaryimage","url":"https:\/\/villa-albertine.org\/wp-content\/uploads\/2023\/08\/gaspard-ulliel.jpg","contentUrl":"https:\/\/villa-albertine.org\/wp-content\/uploads\/2023\/08\/gaspard-ulliel.jpg","width":1024,"height":576},{"@type":"BreadcrumbList","@id":"https:\/\/villa-albertine.org\/va\/events\/week-french-language-cinema\/#breadcrumb","itemListElement":[{"@type":"ListItem","position":1,"name":"Home","item":"https:\/\/villa-albertine.org\/va\/"},{"@type":"ListItem","position":2,"name":"A Week of French Language Cinema"}]},{"@type":"WebSite","@id":"https:\/\/villa-albertine.org\/va\/#website","url":"https:\/\/villa-albertine.org\/va\/","name":"Villa Albertine","description":"","potentialAction":[{"@type":"SearchAction","target":{"@type":"EntryPoint","urlTemplate":"https:\/\/villa-albertine.org\/va\/?s={search_term_string}"},"query-input":{"@type":"PropertyValueSpecification","valueRequired":true,"valueName":"search_term_string"}}],"inLanguage":"en-US"}]}},"_links":{"self":[{"href":"https:\/\/villa-albertine.org\/va\/wp-json\/wp\/v2\/app_event\/58726","targetHints":{"allow":["GET"]}}],"collection":[{"href":"https:\/\/villa-albertine.org\/va\/wp-json\/wp\/v2\/app_event"}],"about":[{"href":"https:\/\/villa-albertine.org\/va\/wp-json\/wp\/v2\/types\/app_event"}],"wp:featuredmedia":[{"embeddable":true,"href":"https:\/\/villa-albertine.org\/va\/wp-json\/wp\/v2\/media\/58722"}],"wp:attachment":[{"href":"https:\/\/villa-albertine.org\/va\/wp-json\/wp\/v2\/media?parent=58726"}],"wp:term":[{"taxonomy":"app_discipline","embeddable":true,"href":"https:\/\/villa-albertine.org\/va\/wp-json\/wp\/v2\/app_discipline?post=58726"},{"taxonomy":"app_city_tax","embeddable":true,"href":"https:\/\/villa-albertine.org\/va\/wp-json\/wp\/v2\/app_city_tax?post=58726"},{"taxonomy":"app_event_type","embeddable":true,"href":"https:\/\/villa-albertine.org\/va\/wp-json\/wp\/v2\/app_event_type?post=58726"}],"curies":[{"name":"wp","href":"https:\/\/api.w.org\/{rel}","templated":true}]}}