{"id":58517,"date":"2021-11-23T17:37:06","date_gmt":"2021-11-23T17:37:06","guid":{"rendered":"https:\/\/villa-albertine.org\/events\/france-st-louis-celebrate-life-and-legacy-josephine-baker\/"},"modified":"2023-08-23T07:38:49","modified_gmt":"2023-08-23T07:38:49","slug":"france-st-louis-celebrate-life-and-legacy-josephine-baker","status":"publish","type":"app_event","link":"https:\/\/villa-albertine.org\/va\/events\/france-st-louis-celebrate-life-and-legacy-josephine-baker\/","title":{"rendered":"France &#038; St. Louis Celebrate the Life and Legacy of Josephine Baker"},"content":{"rendered":"<p><strong>MONDAY, NOVEMBER 29th<\/strong><\/p>\n<p><strong>5:00 &#8211; 6:30 PM<\/strong><br \/><strong>Documentary Screening: &#8220;<a href=\"http:\/\/www.film-documentaire.fr\/4DACTION\/w_fiche_film\/25200_1\">L\u2019autre Jos\u00e9phine<\/a>&#8221; by Philip Judith-Gozlin<\/strong><br \/>\nFrance | 2008 | 64 minutes<br \/>\nIn French with English subtitles<\/p>\n<p>The film will be presented by Lionel Cuill\u00e9, Teaching Professor in French and Director of the cultural center &#8220;French ConneXions.&#8221;<\/p>\n<p>Behind the nudity of this sculptural &#8220;Ebony Venus&#8221; Freda Jos\u00e9phine Mac Donald was a committed artist, a convinced militant and the mother of a multicultural family. With the passing years she fought for numerous causes, first glory, then black and oppressed people. This film is the intimate portrait of a mixed blood African American woman, a less known side of Jos\u00e9phine Baker. A woman born in the USA, one of the precursors of a political and democratic change.<\/p>\n<p>Location:\u00a0<a href=\"https:\/\/brownschool.wustl.edu\/About\/Pages\/Directions.aspx\">Brown Hall 100 &#8211; Washington University in St. Louis<\/a><br \/>\nPresented by: cultural center\u00a0<a href=\"https:\/\/www.facebook.com\/French-Connexions-Cultural-Center-at-Washington-University-in-St-Louis-105749867890092\">French ConneXions<\/a>\u00a0at\u00a0<a href=\"https:\/\/wustl.edu\/\">Washington University in St. Louis<\/a><\/p>\n<p>Free &#8211; Open to all &#8211; To register click\u00a0<a href=\"https:\/\/rll.wustl.edu\/events\/documentary-screening-l%E2%80%99autre-jos%C3%A9phine?d=2021-11-29\">HERE<\/a><\/p>\n<p><strong>7:00 PM<\/strong><br \/><strong>Celebration Dinner: Honoring the Legacy of Josephine Baker<\/strong><br \/>\nPresented by\u00a0<a href=\"https:\/\/www.alliancestl.org\/\">The Alliance Fran\u00e7aise de Saint Louis<\/a>\u00a0and the\u00a0<a href=\"https:\/\/www.societefrancaisestl.org\/\">Soci\u00e9t\u00e9 Fran\u00e7aise de Saint Louis<\/a>.<br \/>\nUnder the patronage of Yannick Tagand, Consul General of France.<\/p>\n<p>Location:\u00a0<a href=\"https:\/\/www.mac-stl.org\/\">Missouri Athletic Club<\/a>\u00a0<a href=\"https:\/\/www.google.com\/maps\/place\/405+Washington+Ave,+St.+Louis,+MO+63102\/data=!4m2!3m1!1s0x87d8b31fd956d733:0x605e247319aef4a4?sa=X&amp;ved=2ahUKEwiSpOfzn_rzAhW0sDEKHb6RBjQQ8gF6BAgOEAE\">(map)<\/a><br \/>\n405 Washington Ave, St. Louis, MO 63102<br \/>\n6:45 PM &#8211; Cash Bar<br \/>\n7:30 PM &#8211; Dinner<br \/>\n$65\/person, check of card payment to the\u00a0<a href=\"https:\/\/www.alliancestl.org\/\">Alliance Fran\u00e7aise de St. Louis<\/a><br \/>\nSpace is limited. Call 314-432-0734<br \/>\nFor menu and more details click\u00a0<a href=\"https:\/\/www.alliancestl.org\/news\/life-legacy-josephine-baker-dinner-mac\">HERE<\/a><\/p>\n<p><strong>TUESDAY, NOVEMBER 30TH<\/strong><\/p>\n<p><strong>4:00 &#8211; 6:00 PM<\/strong><\/p>\n<p>Celebration of St. Louis-born Josephine Baker at the Graham Chapel &#8211; Washington University in St. Louis with special guests including University Chancellor Andrew Martin and Consul General of France Yannick Tagand. An event with musical performances by WashU students, and by fifth-graders from the French Immersion School, and panel discussion featuring artists, performers, and scholars.<\/p>\n<p>\u2022\u00a0<strong>Official Ceremony at the Panth\u00e9on &#8211; LIVE from Paris, France<\/strong><\/p>\n<p>\u2022\u00a0<strong>Performance by\u00a0<a href=\"https:\/\/www.sllis.org\/\">St. Louis Language Immersion School \/ French Immersion School<\/a>\u00a0and Washington University\u2019 Students.<\/strong><\/p>\n<p>\u2022\u00a0<strong>Panel Discussion: Josephine Baker\u2019s Artistic and Activist Legacy<\/strong><br \/><strong>&#8220;The Land on Which We Dance: Reclaiming the Spaces of Black Dance in St. Louis&#8221;<\/strong><\/p>\n<p>Moderators:<br \/>\n\u00a0Patrick Burke, Chair, Department of Music, Associate Professor of Ethnomusicology<br \/>\n\u00a0Geoff Ward, Professor of African and African-American Studies, Faculty Affiliate in Sociology and American Culture Studies, and Director, WashU &amp; Slavery Project, Center for the Study of Race, Ethnicity &amp; Equity.<\/p>\n<p>Featuring:<br \/>\n\u00a0Denise Ward-Brown, filmmaker and professor at Sam Fox School of Design &amp; Visual Arts, Washington University.<br \/>\n\u00a0Joanna Dee Das, Assistant Professor of Dance\u200b, Washington University.<br \/>\n\u00a0Lois Conley, Director of\u00a0<a href=\"https:\/\/www.thegriotmuseum.com\/\">The Griot Museum of Black History<\/a>.<br \/>\n\u00a0Heather Himes, Choregrapher<\/p>\n<p>Location: Graham Memorial Chapel\u00a0<a href=\"https:\/\/www.google.com\/maps\/place\/Graham+Chapel\/@38.6482139,-90.3088639,15z\/data=!4m5!3m4!1s0x0:0x66e3f07f22b59beb!8m2!3d38.6482013!4d-90.3087357\">(map)<\/a><br \/>\nProgram presented by: cultural center\u00a0<a href=\"https:\/\/www.facebook.com\/French-Connexions-Cultural-Center-at-Washington-University-in-St-Louis-105749867890092\">French ConneXions<\/a>\u00a0at\u00a0<a href=\"https:\/\/wustl.edu\/\">Washington University in St. Louis<\/a><\/p>\n<p>Free &#8211; Open to all &#8211; To register click\u00a0<a href=\"https:\/\/humanities.wustl.edu\/events\/celebrating-josephine-baker?d=2021-11-30\">HERE<\/a><\/p>\n<p><strong>6:30 &#8211; 8:00 PM<\/strong><br \/><strong>Josephine Baker: J\u2019ai deux amours<\/strong><\/p>\n<p>Join the Alliance Fran\u00e7aise de St. Louis, Consul General of France Yannick Tagand, and the Missouri Historical Society for a special in-person program that will include a presentation of Josephine Baker\u2019s art, activism, and service.<br \/>\nCome early to see the display of Josephine Baker\u00a0<em>ephemera<\/em>, as well as her featured section in the exhibit\u00a0<em><a href=\"https:\/\/mohistory.org\/exhibits\/st-louis-sound\">St. Louis Sound<\/a><\/em>.<br \/><a href=\"https:\/\/www.alliancestl.org\/events\/josephine-baker-mo-history-museum\">More details<\/a><\/p>\n<p>Location:\u00a0<a href=\"https:\/\/mohistory.org\/society\">The Missouri History Museum<\/a><br \/>\n5700 Lindell Blvd, St. Louis, MO 63112\u00a0<a href=\"https:\/\/www.google.com\/maps?q=5700+Lindell+Boulevard+St.+Louis,+MO,+63112+United+States\">(map)<\/a><br \/>\nLee Auditorium | Society<\/p>\n<p>Free &#8211; Open to all<br \/>\nPresented by:\u00a0<a href=\"https:\/\/www.alliancestl.org\/events\/josephine-baker-mo-history-museum\">Alliance Fran\u00e7aise de St. Louis<\/a><\/p>\n","protected":false},"featured_media":58515,"menu_order":0,"template":"","app_discipline":[219,230,227],"app_city_tax":[223],"app_event_type":[],"class_list":["post-58517","app_event","type-app_event","status-publish","has-post-thumbnail","hentry","app_discipline-cinema","app_discipline-music","app_discipline-performing-arts","app_city_tax-chi"],"acf":[],"yoast_head":"<!-- This site is optimized with the Yoast SEO plugin v27.3 - https:\/\/yoast.com\/product\/yoast-seo-wordpress\/ -->\n<title>France &amp; St. Louis Celebrate the Life and Legacy of Josephine Baker - Villa Albertine<\/title>\n<meta name=\"robots\" content=\"index, follow, max-snippet:-1, max-image-preview:large, max-video-preview:-1\" \/>\n<link rel=\"canonical\" href=\"https:\/\/villa-albertine.org\/va\/events\/france-st-louis-celebrate-life-and-legacy-josephine-baker\/\" \/>\n<meta property=\"og:locale\" content=\"en_US\" \/>\n<meta property=\"og:type\" content=\"article\" \/>\n<meta property=\"og:title\" content=\"France &amp; St. Louis Celebrate the Life and Legacy of Josephine Baker - Villa Albertine\" \/>\n<meta property=\"og:description\" content=\"MONDAY, NOVEMBER 29th 5:00 &#8211; 6:30 PMDocumentary Screening: &#8220;L\u2019autre Jos\u00e9phine&#8221; by Philip Judith-Gozlin France | 2008 | 64 minutes In French with English subtitles The film will be presented by Lionel Cuill\u00e9, Teaching Professor in French and Director of the cultural center &#8220;French ConneXions.&#8221; Behind the nudity of this sculptural &#8220;Ebony Venus&#8221; Freda Jos\u00e9phine Mac...\" \/>\n<meta property=\"og:url\" content=\"https:\/\/villa-albertine.org\/va\/events\/france-st-louis-celebrate-life-and-legacy-josephine-baker\/\" \/>\n<meta property=\"og:site_name\" content=\"Villa Albertine\" \/>\n<meta property=\"article:modified_time\" content=\"2023-08-23T07:38:49+00:00\" \/>\n<meta property=\"og:image\" content=\"https:\/\/villa-albertine.org\/wp-content\/uploads\/2023\/08\/22france-baker1-articleLarge.jpg\" \/>\n\t<meta property=\"og:image:width\" content=\"600\" \/>\n\t<meta property=\"og:image:height\" content=\"820\" \/>\n\t<meta property=\"og:image:type\" content=\"image\/jpeg\" \/>\n<meta name=\"twitter:card\" content=\"summary_large_image\" \/>\n<meta name=\"twitter:label1\" content=\"Est. reading time\" \/>\n\t<meta name=\"twitter:data1\" content=\"3 minutes\" \/>\n<script type=\"application\/ld+json\" class=\"yoast-schema-graph\">{\"@context\":\"https:\\\/\\\/schema.org\",\"@graph\":[{\"@type\":\"WebPage\",\"@id\":\"https:\\\/\\\/villa-albertine.org\\\/va\\\/events\\\/france-st-louis-celebrate-life-and-legacy-josephine-baker\\\/\",\"url\":\"https:\\\/\\\/villa-albertine.org\\\/va\\\/events\\\/france-st-louis-celebrate-life-and-legacy-josephine-baker\\\/\",\"name\":\"France & St. Louis Celebrate the Life and Legacy of Josephine Baker - Villa Albertine\",\"isPartOf\":{\"@id\":\"https:\\\/\\\/villa-albertine.org\\\/va\\\/#website\"},\"primaryImageOfPage\":{\"@id\":\"https:\\\/\\\/villa-albertine.org\\\/va\\\/events\\\/france-st-louis-celebrate-life-and-legacy-josephine-baker\\\/#primaryimage\"},\"image\":{\"@id\":\"https:\\\/\\\/villa-albertine.org\\\/va\\\/events\\\/france-st-louis-celebrate-life-and-legacy-josephine-baker\\\/#primaryimage\"},\"thumbnailUrl\":\"https:\\\/\\\/villa-albertine.org\\\/wp-content\\\/uploads\\\/2023\\\/08\\\/22france-baker1-articleLarge.jpg\",\"datePublished\":\"2021-11-23T17:37:06+00:00\",\"dateModified\":\"2023-08-23T07:38:49+00:00\",\"breadcrumb\":{\"@id\":\"https:\\\/\\\/villa-albertine.org\\\/va\\\/events\\\/france-st-louis-celebrate-life-and-legacy-josephine-baker\\\/#breadcrumb\"},\"inLanguage\":\"en-US\",\"potentialAction\":[{\"@type\":\"ReadAction\",\"target\":[\"https:\\\/\\\/villa-albertine.org\\\/va\\\/events\\\/france-st-louis-celebrate-life-and-legacy-josephine-baker\\\/\"]}]},{\"@type\":\"ImageObject\",\"inLanguage\":\"en-US\",\"@id\":\"https:\\\/\\\/villa-albertine.org\\\/va\\\/events\\\/france-st-louis-celebrate-life-and-legacy-josephine-baker\\\/#primaryimage\",\"url\":\"https:\\\/\\\/villa-albertine.org\\\/wp-content\\\/uploads\\\/2023\\\/08\\\/22france-baker1-articleLarge.jpg\",\"contentUrl\":\"https:\\\/\\\/villa-albertine.org\\\/wp-content\\\/uploads\\\/2023\\\/08\\\/22france-baker1-articleLarge.jpg\",\"width\":600,\"height\":820},{\"@type\":\"BreadcrumbList\",\"@id\":\"https:\\\/\\\/villa-albertine.org\\\/va\\\/events\\\/france-st-louis-celebrate-life-and-legacy-josephine-baker\\\/#breadcrumb\",\"itemListElement\":[{\"@type\":\"ListItem\",\"position\":1,\"name\":\"Home\",\"item\":\"https:\\\/\\\/villa-albertine.org\\\/va\\\/\"},{\"@type\":\"ListItem\",\"position\":2,\"name\":\"France &#038; St. Louis Celebrate the Life and Legacy of Josephine Baker\"}]},{\"@type\":\"WebSite\",\"@id\":\"https:\\\/\\\/villa-albertine.org\\\/va\\\/#website\",\"url\":\"https:\\\/\\\/villa-albertine.org\\\/va\\\/\",\"name\":\"Villa Albertine\",\"description\":\"\",\"potentialAction\":[{\"@type\":\"SearchAction\",\"target\":{\"@type\":\"EntryPoint\",\"urlTemplate\":\"https:\\\/\\\/villa-albertine.org\\\/va\\\/?s={search_term_string}\"},\"query-input\":{\"@type\":\"PropertyValueSpecification\",\"valueRequired\":true,\"valueName\":\"search_term_string\"}}],\"inLanguage\":\"en-US\"}]}<\/script>\n<!-- \/ Yoast SEO plugin. -->","yoast_head_json":{"title":"France & St. Louis Celebrate the Life and Legacy of Josephine Baker - Villa Albertine","robots":{"index":"index","follow":"follow","max-snippet":"max-snippet:-1","max-image-preview":"max-image-preview:large","max-video-preview":"max-video-preview:-1"},"canonical":"https:\/\/villa-albertine.org\/va\/events\/france-st-louis-celebrate-life-and-legacy-josephine-baker\/","og_locale":"en_US","og_type":"article","og_title":"France & St. Louis Celebrate the Life and Legacy of Josephine Baker - Villa Albertine","og_description":"MONDAY, NOVEMBER 29th 5:00 &#8211; 6:30 PMDocumentary Screening: &#8220;L\u2019autre Jos\u00e9phine&#8221; by Philip Judith-Gozlin France | 2008 | 64 minutes In French with English subtitles The film will be presented by Lionel Cuill\u00e9, Teaching Professor in French and Director of the cultural center &#8220;French ConneXions.&#8221; Behind the nudity of this sculptural &#8220;Ebony Venus&#8221; Freda Jos\u00e9phine Mac...","og_url":"https:\/\/villa-albertine.org\/va\/events\/france-st-louis-celebrate-life-and-legacy-josephine-baker\/","og_site_name":"Villa Albertine","article_modified_time":"2023-08-23T07:38:49+00:00","og_image":[{"width":600,"height":820,"url":"https:\/\/villa-albertine.org\/wp-content\/uploads\/2023\/08\/22france-baker1-articleLarge.jpg","type":"image\/jpeg"}],"twitter_card":"summary_large_image","twitter_misc":{"Est. reading time":"3 minutes"},"schema":{"@context":"https:\/\/schema.org","@graph":[{"@type":"WebPage","@id":"https:\/\/villa-albertine.org\/va\/events\/france-st-louis-celebrate-life-and-legacy-josephine-baker\/","url":"https:\/\/villa-albertine.org\/va\/events\/france-st-louis-celebrate-life-and-legacy-josephine-baker\/","name":"France & St. Louis Celebrate the Life and Legacy of Josephine Baker - Villa Albertine","isPartOf":{"@id":"https:\/\/villa-albertine.org\/va\/#website"},"primaryImageOfPage":{"@id":"https:\/\/villa-albertine.org\/va\/events\/france-st-louis-celebrate-life-and-legacy-josephine-baker\/#primaryimage"},"image":{"@id":"https:\/\/villa-albertine.org\/va\/events\/france-st-louis-celebrate-life-and-legacy-josephine-baker\/#primaryimage"},"thumbnailUrl":"https:\/\/villa-albertine.org\/wp-content\/uploads\/2023\/08\/22france-baker1-articleLarge.jpg","datePublished":"2021-11-23T17:37:06+00:00","dateModified":"2023-08-23T07:38:49+00:00","breadcrumb":{"@id":"https:\/\/villa-albertine.org\/va\/events\/france-st-louis-celebrate-life-and-legacy-josephine-baker\/#breadcrumb"},"inLanguage":"en-US","potentialAction":[{"@type":"ReadAction","target":["https:\/\/villa-albertine.org\/va\/events\/france-st-louis-celebrate-life-and-legacy-josephine-baker\/"]}]},{"@type":"ImageObject","inLanguage":"en-US","@id":"https:\/\/villa-albertine.org\/va\/events\/france-st-louis-celebrate-life-and-legacy-josephine-baker\/#primaryimage","url":"https:\/\/villa-albertine.org\/wp-content\/uploads\/2023\/08\/22france-baker1-articleLarge.jpg","contentUrl":"https:\/\/villa-albertine.org\/wp-content\/uploads\/2023\/08\/22france-baker1-articleLarge.jpg","width":600,"height":820},{"@type":"BreadcrumbList","@id":"https:\/\/villa-albertine.org\/va\/events\/france-st-louis-celebrate-life-and-legacy-josephine-baker\/#breadcrumb","itemListElement":[{"@type":"ListItem","position":1,"name":"Home","item":"https:\/\/villa-albertine.org\/va\/"},{"@type":"ListItem","position":2,"name":"France &#038; St. Louis Celebrate the Life and Legacy of Josephine Baker"}]},{"@type":"WebSite","@id":"https:\/\/villa-albertine.org\/va\/#website","url":"https:\/\/villa-albertine.org\/va\/","name":"Villa Albertine","description":"","potentialAction":[{"@type":"SearchAction","target":{"@type":"EntryPoint","urlTemplate":"https:\/\/villa-albertine.org\/va\/?s={search_term_string}"},"query-input":{"@type":"PropertyValueSpecification","valueRequired":true,"valueName":"search_term_string"}}],"inLanguage":"en-US"}]}},"_links":{"self":[{"href":"https:\/\/villa-albertine.org\/va\/wp-json\/wp\/v2\/app_event\/58517","targetHints":{"allow":["GET"]}}],"collection":[{"href":"https:\/\/villa-albertine.org\/va\/wp-json\/wp\/v2\/app_event"}],"about":[{"href":"https:\/\/villa-albertine.org\/va\/wp-json\/wp\/v2\/types\/app_event"}],"wp:featuredmedia":[{"embeddable":true,"href":"https:\/\/villa-albertine.org\/va\/wp-json\/wp\/v2\/media\/58515"}],"wp:attachment":[{"href":"https:\/\/villa-albertine.org\/va\/wp-json\/wp\/v2\/media?parent=58517"}],"wp:term":[{"taxonomy":"app_discipline","embeddable":true,"href":"https:\/\/villa-albertine.org\/va\/wp-json\/wp\/v2\/app_discipline?post=58517"},{"taxonomy":"app_city_tax","embeddable":true,"href":"https:\/\/villa-albertine.org\/va\/wp-json\/wp\/v2\/app_city_tax?post=58517"},{"taxonomy":"app_event_type","embeddable":true,"href":"https:\/\/villa-albertine.org\/va\/wp-json\/wp\/v2\/app_event_type?post=58517"}],"curies":[{"name":"wp","href":"https:\/\/api.w.org\/{rel}","templated":true}]}}