{"id":565344,"date":"2024-04-09T20:28:01","date_gmt":"2024-04-09T20:28:01","guid":{"rendered":"https:\/\/villa-albertine.org\/events\/decouvrir-lintervention-de-j-olu-baiyewu-terres-communes-2023\/"},"modified":"2024-04-09T20:54:00","modified_gmt":"2024-04-09T20:54:00","slug":"decouvrir-lintervention-de-j-olu-baiyewu-terres-communes-2023","status":"publish","type":"app_event","link":"https:\/\/villa-albertine.org\/va\/events\/decouvrir-lintervention-de-j-olu-baiyewu-terres-communes-2023\/","title":{"rendered":"Discover J. Olu Baiyewu&#8217;s contribution &#8211; Terres Communes 2023D\u00e9couvrir l&#8217;intervention de J. Olu Baiyewu &#8211; Terres Communes 2023"},"content":{"rendered":"\n<p><\/p>\n\n\n\n<p><a href=\"https:\/\/frenchcultural.sharepoint.com\/:u:\/s\/AtlantaCulture\/EXBD_1iC1rxAuIVxDQvyJjYBfIppg1GvUjn7vbtNahXZkg?e=tQahUD\" data-type=\"link\" data-id=\"https:\/\/frenchcultural.sharepoint.com\/:u:\/s\/AtlantaCulture\/EXBD_1iC1rxAuIVxDQvyJjYBfIppg1GvUjn7vbtNahXZkg?e=tQahUD\"><a href=\"https:\/\/frenchcultural.sharepoint.com\/:u:\/s\/AtlantaCulture\/EXBD_1iC1rxAuIVxDQvyJjYBfIppg1GvUjn7vbtNahXZkg?e=tQahUD\">Click here to listen to this interview<\/a><\/a>.<\/p>\n\n\n\n<p><\/p>\n\n\n\n<p><strong>J. Olu., You&#8217;re the Director of Urban Agriculture programs for the City of Atlanta. You&#8217;re a strong proponent of urban agriculture. In Atlanta, there are urban farms, gardens and urban food forests. In your opinion, has the world become aware of the urgency of the situation, or are some continents still failing to recognize it?<\/strong>\u00a0<\/p>\n\n\n\n<p>Before I get started, there is one thing that is important in urban agriculture : we&#8217;re talking about healing the land\u2026 But it\u2019s also about healing the people. In the United States of America, the history of agriculture is horrid: we have the displacements and the murders of indigenous native American communities, the stealing of African bodies from Africa to plow the land. And then even to this day, largely when we think of food systems, it is populated by people of Spanish-speaking descent whether it\u2019s the restaurants or the fields. So, I\u2019d like to highlight and to acknowledge that.\u00a0<\/p>\n\n\n\n<p>And then lastly, I definitely want to give my honor, gratitude and respect to everyone, all of our relations who honor and respect the Earth as we go forward.&nbsp;<\/p>\n\n\n\n<p>To answer your question, the world is definitely noticing and Atlanta is definitely noticing. During Covid, we went to the grocery stores, and at least one time there was no food inside the grocery store. It didn\u2019t matter if you lived in an affluent community or low-income community. That made it very clear that the food system is broken. We can address that by local systems, hyper local systems and regional systems, and urban agriculture is a key piece of that.&nbsp;<\/p>\n\n\n\n<p><strong>How many people live in Atlanta, and how many eat and buy ultra-local food?<\/strong>\u00a0<\/p>\n\n\n\n<p>The city proper is about five hundred thousand. The Atlanta Metro Area is about six million. There are very many jurisdictions and municipalities.\u00a0 As far as who is aware of urban agriculture, maybe we\u2019re about 50%. As far as it\u2019s about who is participating, it varies, because some people are doing the production, some are doing creation of value-added products, some are agricultures and distributors, and then we can\u2019t forget about those who are composting and doing the organic recycling, feeding the earth, the pollinators. So, it\u2019s hard to say the percentage, it\u2019s probably less than 50%, but it&#8217;s definitely growing.\u00a0<\/p>\n\n\n\n<p><strong>Is Atlanta a pioneering town, or are there plenty of other cities in the U.S. with organizations like yours?<\/strong>\u00a0<\/p>\n\n\n\n<p> It is both, for sure. Atlanta was the first city to have an urban agriculture director in the United States. That was 2015, I\u2019m the second, I started in November 2020. Atlanta is pioneering in the recognition that this position needs to be in the government place with some level of authority, negotiation, decision making. But definitely I would acknowledge that, in the United States, when it came to the organic movements, there were two streams; one was from the West Coast (California, Washington, Oregon), and then, it\u2019s just indigenous original practices, native practices that had existed since the beginning but didn\u2019t have the language &#8211; \u201corganic,\u201d or things like that.\u00a0<\/p>\n\n\n\n<p><strong>How will urban agriculture reduce food inequalities? Does growing produce on site limit transport costs and allow for lower prices?<\/strong>\u00a0<\/p>\n\n\n\n<p>The key, as we&#8217;ve heard from many people today, is collaboration. Many hands make light work. Also, addressing the historical context, thinking about the repair of the land and the repair of the culture. In the city we have vacant, underutilized properties, they give to the communities the opportunity to start their own farm or garden, like in Marseille and other places. And when we&#8217;re doing the selections, again, it&#8217;s an equitable process, ensuring that the communities that have been systematically under-resourced, undervalued at times, are also at the forefront of being able to now receive the benefits of this wonderful food that we&#8217;re growing in and this wonderful experience.\u00a0<\/p>\n\n\n\n<p><strong>A \u201cfood forest\u201d: what is it?<\/strong>\u00a0<\/p>\n\n\n\n<p>City of Atlanta has the Urban Food Forest at Browns Mill [South Atlanta] . It is 7.1 acres and it\u2019s the largest public food forest in the United States. This space is already forested. There&#8217;s some food that is growing there: different types of berries, nuts, mushrooms, and also injecting into it more raised beds, pollinator beds, green infrastructure, and stewarding it by the community organizations. So the city owns the property, but it is in collaboration with the community that directly does the invasive species pieces removal, the plantings, distributions and programs.\u00a0<\/p>\n\n\n\n<p><strong>Is it the return of local harvesting?<\/strong>\u00a0<\/p>\n\n\n\n<p>It is definitely about returning to the land, it is also about education and awareness. Earlier today, someone mentioned that we need to be visible in urban agriculture. We need to be transparent, people need to see it, they need to touch it, they need to smell it. The urban food forests give people that opportunity to return to nature and to participate.\u00a0<\/p>\n","protected":false},"featured_media":565186,"menu_order":0,"template":"","app_discipline":[],"app_city_tax":[],"app_event_type":[],"class_list":["post-565344","app_event","type-app_event","status-publish","has-post-thumbnail","hentry"],"acf":[],"yoast_head":"<!-- This site is optimized with the Yoast SEO plugin v27.3 - https:\/\/yoast.com\/product\/yoast-seo-wordpress\/ -->\n<title>Discover J. Olu Baiyewu&#039;s contribution - Terres Communes 2023D\u00e9couvrir l&#039;intervention de J. Olu Baiyewu - Terres Communes 2023 - Villa Albertine<\/title>\n<meta name=\"robots\" content=\"index, follow, max-snippet:-1, max-image-preview:large, max-video-preview:-1\" \/>\n<link rel=\"canonical\" href=\"https:\/\/villa-albertine.org\/va\/events\/decouvrir-lintervention-de-j-olu-baiyewu-terres-communes-2023\/\" \/>\n<meta property=\"og:locale\" content=\"en_US\" \/>\n<meta property=\"og:type\" content=\"article\" \/>\n<meta property=\"og:title\" content=\"Discover J. Olu Baiyewu&#039;s contribution - Terres Communes 2023D\u00e9couvrir l&#039;intervention de J. Olu Baiyewu - Terres Communes 2023 - Villa Albertine\" \/>\n<meta property=\"og:description\" content=\"Click here to listen to this interview. J. Olu., You&#8217;re the Director of Urban Agriculture programs for the City of Atlanta. You&#8217;re a strong proponent of urban agriculture. In Atlanta, there are urban farms, gardens and urban food forests. In your opinion, has the world become aware of the urgency of the situation, or are...\" \/>\n<meta property=\"og:url\" content=\"https:\/\/villa-albertine.org\/va\/events\/decouvrir-lintervention-de-j-olu-baiyewu-terres-communes-2023\/\" \/>\n<meta property=\"og:site_name\" content=\"Villa Albertine\" \/>\n<meta property=\"article:modified_time\" content=\"2024-04-09T20:54:00+00:00\" \/>\n<meta property=\"og:image\" content=\"https:\/\/villa-albertine.org\/wp-content\/uploads\/2024\/04\/132-TerresCommunes-PYB-6063.jpg\" \/>\n\t<meta property=\"og:image:width\" content=\"1500\" \/>\n\t<meta property=\"og:image:height\" content=\"1000\" \/>\n\t<meta property=\"og:image:type\" content=\"image\/jpeg\" \/>\n<meta name=\"twitter:card\" content=\"summary_large_image\" \/>\n<meta name=\"twitter:label1\" content=\"Est. reading time\" \/>\n\t<meta name=\"twitter:data1\" content=\"4 minutes\" \/>\n<script type=\"application\/ld+json\" class=\"yoast-schema-graph\">{\"@context\":\"https:\\\/\\\/schema.org\",\"@graph\":[{\"@type\":\"WebPage\",\"@id\":\"https:\\\/\\\/villa-albertine.org\\\/va\\\/events\\\/decouvrir-lintervention-de-j-olu-baiyewu-terres-communes-2023\\\/\",\"url\":\"https:\\\/\\\/villa-albertine.org\\\/va\\\/events\\\/decouvrir-lintervention-de-j-olu-baiyewu-terres-communes-2023\\\/\",\"name\":\"Discover J. Olu Baiyewu's contribution - Terres Communes 2023D\u00e9couvrir l'intervention de J. Olu Baiyewu - Terres Communes 2023 - Villa Albertine\",\"isPartOf\":{\"@id\":\"https:\\\/\\\/villa-albertine.org\\\/va\\\/#website\"},\"primaryImageOfPage\":{\"@id\":\"https:\\\/\\\/villa-albertine.org\\\/va\\\/events\\\/decouvrir-lintervention-de-j-olu-baiyewu-terres-communes-2023\\\/#primaryimage\"},\"image\":{\"@id\":\"https:\\\/\\\/villa-albertine.org\\\/va\\\/events\\\/decouvrir-lintervention-de-j-olu-baiyewu-terres-communes-2023\\\/#primaryimage\"},\"thumbnailUrl\":\"https:\\\/\\\/villa-albertine.org\\\/wp-content\\\/uploads\\\/2024\\\/04\\\/132-TerresCommunes-PYB-6063.jpg\",\"datePublished\":\"2024-04-09T20:28:01+00:00\",\"dateModified\":\"2024-04-09T20:54:00+00:00\",\"breadcrumb\":{\"@id\":\"https:\\\/\\\/villa-albertine.org\\\/va\\\/events\\\/decouvrir-lintervention-de-j-olu-baiyewu-terres-communes-2023\\\/#breadcrumb\"},\"inLanguage\":\"en-US\",\"potentialAction\":[{\"@type\":\"ReadAction\",\"target\":[\"https:\\\/\\\/villa-albertine.org\\\/va\\\/events\\\/decouvrir-lintervention-de-j-olu-baiyewu-terres-communes-2023\\\/\"]}]},{\"@type\":\"ImageObject\",\"inLanguage\":\"en-US\",\"@id\":\"https:\\\/\\\/villa-albertine.org\\\/va\\\/events\\\/decouvrir-lintervention-de-j-olu-baiyewu-terres-communes-2023\\\/#primaryimage\",\"url\":\"https:\\\/\\\/villa-albertine.org\\\/wp-content\\\/uploads\\\/2024\\\/04\\\/132-TerresCommunes-PYB-6063.jpg\",\"contentUrl\":\"https:\\\/\\\/villa-albertine.org\\\/wp-content\\\/uploads\\\/2024\\\/04\\\/132-TerresCommunes-PYB-6063.jpg\",\"width\":1500,\"height\":1000,\"caption\":\"J.Olu Baiyewu est Directeur des programmes d\u2019agriculture urbaine pour la Ville d\u2019Atlanta. Il fait \u00e9galement partie de la direction d\u2019AgLanta, une plateforme num\u00e9rique de l\u2019Office of Sustainability and Resilience et du D\u00e9partement d\u2019Urbanisme de la Ville d\u2019Atlanta, qui promeut l\u2019agriculture urbaine. AgLanta g\u00e8re plusieurs fermes urbaines, des jardins et des for\u00eats alimentaires et cherche \u00e0 am\u00e9liorer l\u2019acc\u00e8s de nombreuses communaut\u00e9s \u00e0 des aliments frais en soutenant un syst\u00e8me alimentaire plus r\u00e9silient, \u00e9quitable, inclusif, juste et accessible pour les habitants d\u2019Atlanta. Avant de travailler pour la Ville d\u2019Atlanta, M. Baiyewu \u00e9tait Directeur des programmes et de la communication pour la Food Well Alliance. J.Olu Baiyewu est invit\u00e9 par Terres Communes dans le cadre du programme de coop\u00e9ration City-Cit\u00e9 | Atlanta \u2013 Marseille, coordonn\u00e9 pala Villa Albertine en partenariat avec la Friche la Belle de Mai. Conversation avec l\u2019assembl\u00e9e de productrices et producteurs locaux et de repr\u00e9sentant\u00b7es du r\u00e9seau de l\u2019agriculture urbaine r\u00e9unie \u00e0 l\u2019occasion du grand march\u00e9 Terres Commune \u00e0 la Friche de la Belle de Mai. Un plateau radio propos\u00e9 par Radio Grenouille et les Grandes Tables. Mod\u00e9ration : Cit\u00e9 de l\u2019agriculture Halles, march\u00e9s, \u00e9piceries paysannes, AMAP, paniers solidaires, vente \u00e0 la ferme\u2026 : face \u00e0 la grande distribution, producteur\u00b7ices, associations et commer\u00e7ant\u00b7es continuent de s\u2019organiser pour d\u00e9velopper et p\u00e9renniser la vente directe et les circuits courts, apr\u00e8s leur succ\u00e8s durant la crise du Covid. Dans une des villes les plus in\u00e9galitaires de l\u2019Hexagone, l\u2019enjeu est surtout d\u2019assurer \u00e0 toutes et tous l\u2019acc\u00e8s \u00e0 une alimentation de qualit\u00e9. Comment se f\u00e9d\u00e8rent aujourd\u2019hui ces diff\u00e9rents acteurs et actrices du territoire marseillais pour renforcer le r\u00e9seau local d\u2019approvisionnement ? Quelles solutions pour garantir \u00e0 la fois une juste r\u00e9mun\u00e9ration des producteur\"},{\"@type\":\"BreadcrumbList\",\"@id\":\"https:\\\/\\\/villa-albertine.org\\\/va\\\/events\\\/decouvrir-lintervention-de-j-olu-baiyewu-terres-communes-2023\\\/#breadcrumb\",\"itemListElement\":[{\"@type\":\"ListItem\",\"position\":1,\"name\":\"Home\",\"item\":\"https:\\\/\\\/villa-albertine.org\\\/va\\\/\"},{\"@type\":\"ListItem\",\"position\":2,\"name\":\"Discover J. Olu Baiyewu&#8217;s contribution &#8211; Terres Communes 2023D\u00e9couvrir l&#8217;intervention de J. Olu Baiyewu &#8211; Terres Communes 2023\"}]},{\"@type\":\"WebSite\",\"@id\":\"https:\\\/\\\/villa-albertine.org\\\/va\\\/#website\",\"url\":\"https:\\\/\\\/villa-albertine.org\\\/va\\\/\",\"name\":\"Villa Albertine\",\"description\":\"\",\"potentialAction\":[{\"@type\":\"SearchAction\",\"target\":{\"@type\":\"EntryPoint\",\"urlTemplate\":\"https:\\\/\\\/villa-albertine.org\\\/va\\\/?s={search_term_string}\"},\"query-input\":{\"@type\":\"PropertyValueSpecification\",\"valueRequired\":true,\"valueName\":\"search_term_string\"}}],\"inLanguage\":\"en-US\"}]}<\/script>\n<!-- \/ Yoast SEO plugin. -->","yoast_head_json":{"title":"Discover J. Olu Baiyewu's contribution - Terres Communes 2023D\u00e9couvrir l'intervention de J. Olu Baiyewu - Terres Communes 2023 - Villa Albertine","robots":{"index":"index","follow":"follow","max-snippet":"max-snippet:-1","max-image-preview":"max-image-preview:large","max-video-preview":"max-video-preview:-1"},"canonical":"https:\/\/villa-albertine.org\/va\/events\/decouvrir-lintervention-de-j-olu-baiyewu-terres-communes-2023\/","og_locale":"en_US","og_type":"article","og_title":"Discover J. Olu Baiyewu's contribution - Terres Communes 2023D\u00e9couvrir l'intervention de J. Olu Baiyewu - Terres Communes 2023 - Villa Albertine","og_description":"Click here to listen to this interview. J. Olu., You&#8217;re the Director of Urban Agriculture programs for the City of Atlanta. You&#8217;re a strong proponent of urban agriculture. In Atlanta, there are urban farms, gardens and urban food forests. In your opinion, has the world become aware of the urgency of the situation, or are...","og_url":"https:\/\/villa-albertine.org\/va\/events\/decouvrir-lintervention-de-j-olu-baiyewu-terres-communes-2023\/","og_site_name":"Villa Albertine","article_modified_time":"2024-04-09T20:54:00+00:00","og_image":[{"width":1500,"height":1000,"url":"https:\/\/villa-albertine.org\/wp-content\/uploads\/2024\/04\/132-TerresCommunes-PYB-6063.jpg","type":"image\/jpeg"}],"twitter_card":"summary_large_image","twitter_misc":{"Est. reading time":"4 minutes"},"schema":{"@context":"https:\/\/schema.org","@graph":[{"@type":"WebPage","@id":"https:\/\/villa-albertine.org\/va\/events\/decouvrir-lintervention-de-j-olu-baiyewu-terres-communes-2023\/","url":"https:\/\/villa-albertine.org\/va\/events\/decouvrir-lintervention-de-j-olu-baiyewu-terres-communes-2023\/","name":"Discover J. Olu Baiyewu's contribution - Terres Communes 2023D\u00e9couvrir l'intervention de J. Olu Baiyewu - Terres Communes 2023 - Villa Albertine","isPartOf":{"@id":"https:\/\/villa-albertine.org\/va\/#website"},"primaryImageOfPage":{"@id":"https:\/\/villa-albertine.org\/va\/events\/decouvrir-lintervention-de-j-olu-baiyewu-terres-communes-2023\/#primaryimage"},"image":{"@id":"https:\/\/villa-albertine.org\/va\/events\/decouvrir-lintervention-de-j-olu-baiyewu-terres-communes-2023\/#primaryimage"},"thumbnailUrl":"https:\/\/villa-albertine.org\/wp-content\/uploads\/2024\/04\/132-TerresCommunes-PYB-6063.jpg","datePublished":"2024-04-09T20:28:01+00:00","dateModified":"2024-04-09T20:54:00+00:00","breadcrumb":{"@id":"https:\/\/villa-albertine.org\/va\/events\/decouvrir-lintervention-de-j-olu-baiyewu-terres-communes-2023\/#breadcrumb"},"inLanguage":"en-US","potentialAction":[{"@type":"ReadAction","target":["https:\/\/villa-albertine.org\/va\/events\/decouvrir-lintervention-de-j-olu-baiyewu-terres-communes-2023\/"]}]},{"@type":"ImageObject","inLanguage":"en-US","@id":"https:\/\/villa-albertine.org\/va\/events\/decouvrir-lintervention-de-j-olu-baiyewu-terres-communes-2023\/#primaryimage","url":"https:\/\/villa-albertine.org\/wp-content\/uploads\/2024\/04\/132-TerresCommunes-PYB-6063.jpg","contentUrl":"https:\/\/villa-albertine.org\/wp-content\/uploads\/2024\/04\/132-TerresCommunes-PYB-6063.jpg","width":1500,"height":1000,"caption":"J.Olu Baiyewu est Directeur des programmes d\u2019agriculture urbaine pour la Ville d\u2019Atlanta. Il fait \u00e9galement partie de la direction d\u2019AgLanta, une plateforme num\u00e9rique de l\u2019Office of Sustainability and Resilience et du D\u00e9partement d\u2019Urbanisme de la Ville d\u2019Atlanta, qui promeut l\u2019agriculture urbaine. AgLanta g\u00e8re plusieurs fermes urbaines, des jardins et des for\u00eats alimentaires et cherche \u00e0 am\u00e9liorer l\u2019acc\u00e8s de nombreuses communaut\u00e9s \u00e0 des aliments frais en soutenant un syst\u00e8me alimentaire plus r\u00e9silient, \u00e9quitable, inclusif, juste et accessible pour les habitants d\u2019Atlanta. Avant de travailler pour la Ville d\u2019Atlanta, M. Baiyewu \u00e9tait Directeur des programmes et de la communication pour la Food Well Alliance. J.Olu Baiyewu est invit\u00e9 par Terres Communes dans le cadre du programme de coop\u00e9ration City-Cit\u00e9 | Atlanta \u2013 Marseille, coordonn\u00e9 pala Villa Albertine en partenariat avec la Friche la Belle de Mai. Conversation avec l\u2019assembl\u00e9e de productrices et producteurs locaux et de repr\u00e9sentant\u00b7es du r\u00e9seau de l\u2019agriculture urbaine r\u00e9unie \u00e0 l\u2019occasion du grand march\u00e9 Terres Commune \u00e0 la Friche de la Belle de Mai. Un plateau radio propos\u00e9 par Radio Grenouille et les Grandes Tables. Mod\u00e9ration : Cit\u00e9 de l\u2019agriculture Halles, march\u00e9s, \u00e9piceries paysannes, AMAP, paniers solidaires, vente \u00e0 la ferme\u2026 : face \u00e0 la grande distribution, producteur\u00b7ices, associations et commer\u00e7ant\u00b7es continuent de s\u2019organiser pour d\u00e9velopper et p\u00e9renniser la vente directe et les circuits courts, apr\u00e8s leur succ\u00e8s durant la crise du Covid. Dans une des villes les plus in\u00e9galitaires de l\u2019Hexagone, l\u2019enjeu est surtout d\u2019assurer \u00e0 toutes et tous l\u2019acc\u00e8s \u00e0 une alimentation de qualit\u00e9. Comment se f\u00e9d\u00e8rent aujourd\u2019hui ces diff\u00e9rents acteurs et actrices du territoire marseillais pour renforcer le r\u00e9seau local d\u2019approvisionnement ? Quelles solutions pour garantir \u00e0 la fois une juste r\u00e9mun\u00e9ration des producteur"},{"@type":"BreadcrumbList","@id":"https:\/\/villa-albertine.org\/va\/events\/decouvrir-lintervention-de-j-olu-baiyewu-terres-communes-2023\/#breadcrumb","itemListElement":[{"@type":"ListItem","position":1,"name":"Home","item":"https:\/\/villa-albertine.org\/va\/"},{"@type":"ListItem","position":2,"name":"Discover J. Olu Baiyewu&#8217;s contribution &#8211; Terres Communes 2023D\u00e9couvrir l&#8217;intervention de J. Olu Baiyewu &#8211; Terres Communes 2023"}]},{"@type":"WebSite","@id":"https:\/\/villa-albertine.org\/va\/#website","url":"https:\/\/villa-albertine.org\/va\/","name":"Villa Albertine","description":"","potentialAction":[{"@type":"SearchAction","target":{"@type":"EntryPoint","urlTemplate":"https:\/\/villa-albertine.org\/va\/?s={search_term_string}"},"query-input":{"@type":"PropertyValueSpecification","valueRequired":true,"valueName":"search_term_string"}}],"inLanguage":"en-US"}]}},"_links":{"self":[{"href":"https:\/\/villa-albertine.org\/va\/wp-json\/wp\/v2\/app_event\/565344","targetHints":{"allow":["GET"]}}],"collection":[{"href":"https:\/\/villa-albertine.org\/va\/wp-json\/wp\/v2\/app_event"}],"about":[{"href":"https:\/\/villa-albertine.org\/va\/wp-json\/wp\/v2\/types\/app_event"}],"wp:featuredmedia":[{"embeddable":true,"href":"https:\/\/villa-albertine.org\/va\/wp-json\/wp\/v2\/media\/565186"}],"wp:attachment":[{"href":"https:\/\/villa-albertine.org\/va\/wp-json\/wp\/v2\/media?parent=565344"}],"wp:term":[{"taxonomy":"app_discipline","embeddable":true,"href":"https:\/\/villa-albertine.org\/va\/wp-json\/wp\/v2\/app_discipline?post=565344"},{"taxonomy":"app_city_tax","embeddable":true,"href":"https:\/\/villa-albertine.org\/va\/wp-json\/wp\/v2\/app_city_tax?post=565344"},{"taxonomy":"app_event_type","embeddable":true,"href":"https:\/\/villa-albertine.org\/va\/wp-json\/wp\/v2\/app_event_type?post=565344"}],"curies":[{"name":"wp","href":"https:\/\/api.w.org\/{rel}","templated":true}]}}