{"id":550543,"date":"2024-04-11T22:09:30","date_gmt":"2024-04-11T22:09:30","guid":{"rendered":"https:\/\/villa-albertine.org\/?post_type=app_event&#038;p=550543"},"modified":"2024-05-03T20:59:58","modified_gmt":"2024-05-03T20:59:58","slug":"art-in-the-age-of-ai-a-panel-discussion-on-ai-in-museums-and-cultural-institutions","status":"publish","type":"app_event","link":"https:\/\/villa-albertine.org\/va\/events\/art-in-the-age-of-ai-a-panel-discussion-on-ai-in-museums-and-cultural-institutions\/","title":{"rendered":"Art in the Age of AI: A Panel Discussion on AI in Museums and Cultural Institutions"},"content":{"rendered":"\n<p>From enhancing visitor experiences to its application behind the scenes, artificial intelligence has long been a topic of discussion at museums.  Learn about the future of AI at museums from a panel of industry professionals, including <strong>Jane Alexander<\/strong> (Cleveland Museum of Art), <strong>Freya Salway<\/strong> (Google Arts and Culture), and <strong>Thomas Sagory<\/strong> (Museum of National Archaeology). <\/p>\n\n\n\n<p><\/p>\n\n\n\n<p><strong>The Speakers<\/strong><\/p>\n\n\n\n<p><strong>Jane Alexander<\/strong>, Chief Digital Information Officer, Cleveland Museum of Art<\/p>\n\n\n\n<p>Jane Alexander is the Chief Digital Information O\ufb03cer for the Cleveland Museum of Art. She is responsible for creating transformative and awe-inspiring digital projects with a visionary application of technology in support of the CMA\u2019s mission. In 2021, Jane led the development of unprecedented, innovative in-gallery experiences in &#8220;Revealing Krishna: Journey to Cambodia\u2019s Sacred Mountain,&#8221; providing visitors with immersive mixed-reality experiences to tell stories of conservation and the evolving role of museums in stewardship. Since its inception in 2010, Jane has led the many versions of ARTLENS Gallery. This world-renowned multifaceted experience inspires museum visitors to look closer and dive deeper to establish a connection with the CMA\u2019s extensive collection.<\/p>\n\n\n\n<p><\/p>\n\n\n\n<p><strong>Freya Salway<\/strong>, Head of the Lab, Google Arts and Culture<\/p>\n\n\n\n<p>Freya Salway is the Head of the Lab at Google Arts &amp; Culture, collaborating with artists, technologists, curators, scientists, and cultural institutions globally to explore the application of advanced technologies in arts and culture. Since 2018, she has supported artists\u2019 experimentation with AI through residency programs and bespoke collaborations, partnering with renowned artists, innovators, and cultural organizations. Freya has also worked as an independent consultant, enabling artists, brands, and broadcasters to deliver creative projects,&nbsp;and led artistic partnerships for Sky Arts, the UK&#8217;s only TV channel dedicated to the arts.<\/p>\n\n\n\n<p><\/p>\n\n\n\n<p><strong>Thomas Sagory<\/strong>, Head of Digital Development at the National Museum of Archaeology<\/p>\n\n\n\n<p>A graduate of the \u00c9cole Pratique des Hautes \u00c9tudes in Egyptian Archaeology and the \u00c9cole de l&#8217;Image &#8211; Gobelins, Thomas Sagory has been in charge of the Ministry&#8217;s grands sites arch\u00e9ologiques reference collection since 2005. Since 2015, he has been responsible for developing  digital policy at the Museum of National Archaeology. He contributes to various research projects in France and abroad, including  Wakarida (Ethiopia), the Hatnoub alabaster quarry in Egypt, and the Masafi palm grove in the United Arab Emirates. <\/p>\n\n\n\n<p><\/p>\n\n\n\n<p>Moderated by <strong>Zachary Small<\/strong>, Reporter, <em>The New York Times<\/em><\/p>\n\n\n\n<p>Zachary Small is a <em>New York Times <\/em>reporter specializing in the art world\u2019s relationship to money, politics, and technology. Their first book, <em>Token<a href=\"https:\/\/nam11.safelinks.protection.outlook.com\/?url=https%3A%2F%2Fwww.penguinrandomhouse.com%2Fbooks%2F721458%2Ftoken-supremacy-by-zachary-small%2F&amp;data=05%7C02%7Cpaul.vezinet%40villa-albertine.org%7Cd2599c48862045a0a57308dc46955475%7C2d6ab33a15c04d1eb0363b23ceb26830%7C0%7C0%7C638462854441877602%7CUnknown%7CTWFpbGZsb3d8eyJWIjoiMC4wLjAwMDAiLCJQIjoiV2luMzIiLCJBTiI6Ik1haWwiLCJXVCI6Mn0%3D%7C0%7C%7C%7C&amp;sdata=RfogOAYchB7gS2CVTiFHiN7j%2BiW6BwsBFPzhTZU3pzs%3D&amp;reserved=0\"> <\/a>Supremacy<\/em>, which details the frenzied collision of art and cryptocurrency, will be in stores on May 21.<\/p>\n\n\n\n<p><\/p>\n\n\n\n<p><strong>About Art in the Age of AI<\/strong><\/p>\n\n\n\n<p>Villa Albertine\u2019s&nbsp;<strong>Art in the Age of AI&nbsp;<\/strong>event is a two-day exploration of the transformative impact of artificial intelligence on creative practices, present and future.&nbsp;&nbsp;<\/p>\n\n\n\n<p>Bringing together French and U.S.-based artists, tech world leaders, museum directors, journalists, scholars, and lawyers, the event will include panel discussions and demonstrations featuring representatives from OpenAI, SAG-AFTRA, the Cleveland Museum of Art, the U.S. Copyright Office, Google, the French Government\u2019s AI Commission, Columbia University, Sciences Po, Polytechnique, and more. Moderators include&nbsp;<em>The New York Times\u2019&nbsp;<\/em>Zachary Small and&nbsp;<em>The New Yorker\u2019s<\/em>&nbsp;Kyle Chayka.&nbsp;&nbsp;<\/p>\n\n\n\n<p>All panels discussions will take place in English at Villa Albertine\u2019s headquarters in New York.<\/p>\n","protected":false},"featured_media":568898,"menu_order":0,"template":"","app_discipline":[],"app_city_tax":[],"app_event_type":[],"class_list":["post-550543","app_event","type-app_event","status-publish","has-post-thumbnail","hentry"],"acf":[],"yoast_head":"<!-- This site is optimized with the Yoast SEO plugin v27.3 - https:\/\/yoast.com\/product\/yoast-seo-wordpress\/ -->\n<title>Art in the Age of AI: A Panel Discussion on AI in Museums and Cultural Institutions - Villa Albertine<\/title>\n<meta name=\"robots\" content=\"index, follow, max-snippet:-1, max-image-preview:large, max-video-preview:-1\" \/>\n<link rel=\"canonical\" href=\"https:\/\/villa-albertine.org\/va\/events\/art-in-the-age-of-ai-a-panel-discussion-on-ai-in-museums-and-cultural-institutions\/\" \/>\n<meta property=\"og:locale\" content=\"en_US\" \/>\n<meta property=\"og:type\" content=\"article\" \/>\n<meta property=\"og:title\" content=\"Art in the Age of AI: A Panel Discussion on AI in Museums and Cultural Institutions - Villa Albertine\" \/>\n<meta property=\"og:description\" content=\"From enhancing visitor experiences to its application behind the scenes, artificial intelligence has long been a topic of discussion at museums. Learn about the future of AI at museums from a panel of industry professionals, including Jane Alexander (Cleveland Museum of Art), Freya Salway (Google Arts and Culture), and Thomas Sagory (Museum of National Archaeology)....\" \/>\n<meta property=\"og:url\" content=\"https:\/\/villa-albertine.org\/va\/events\/art-in-the-age-of-ai-a-panel-discussion-on-ai-in-museums-and-cultural-institutions\/\" \/>\n<meta property=\"og:site_name\" content=\"Villa Albertine\" \/>\n<meta property=\"article:modified_time\" content=\"2024-05-03T20:59:58+00:00\" \/>\n<meta property=\"og:image\" content=\"https:\/\/villa-albertine.org\/wp-content\/uploads\/2024\/04\/Capture-decran-2024-04-10-161418.jpg\" \/>\n\t<meta property=\"og:image:width\" content=\"1286\" \/>\n\t<meta property=\"og:image:height\" content=\"668\" \/>\n\t<meta property=\"og:image:type\" content=\"image\/jpeg\" \/>\n<meta name=\"twitter:card\" content=\"summary_large_image\" \/>\n<meta name=\"twitter:label1\" content=\"Est. reading time\" \/>\n\t<meta name=\"twitter:data1\" content=\"3 minutes\" \/>\n<script type=\"application\/ld+json\" class=\"yoast-schema-graph\">{\"@context\":\"https:\\\/\\\/schema.org\",\"@graph\":[{\"@type\":\"WebPage\",\"@id\":\"https:\\\/\\\/villa-albertine.org\\\/va\\\/events\\\/art-in-the-age-of-ai-a-panel-discussion-on-ai-in-museums-and-cultural-institutions\\\/\",\"url\":\"https:\\\/\\\/villa-albertine.org\\\/va\\\/events\\\/art-in-the-age-of-ai-a-panel-discussion-on-ai-in-museums-and-cultural-institutions\\\/\",\"name\":\"Art in the Age of AI: A Panel Discussion on AI in Museums and Cultural Institutions - Villa Albertine\",\"isPartOf\":{\"@id\":\"https:\\\/\\\/villa-albertine.org\\\/va\\\/#website\"},\"primaryImageOfPage\":{\"@id\":\"https:\\\/\\\/villa-albertine.org\\\/va\\\/events\\\/art-in-the-age-of-ai-a-panel-discussion-on-ai-in-museums-and-cultural-institutions\\\/#primaryimage\"},\"image\":{\"@id\":\"https:\\\/\\\/villa-albertine.org\\\/va\\\/events\\\/art-in-the-age-of-ai-a-panel-discussion-on-ai-in-museums-and-cultural-institutions\\\/#primaryimage\"},\"thumbnailUrl\":\"https:\\\/\\\/villa-albertine.org\\\/wp-content\\\/uploads\\\/2024\\\/04\\\/Capture-decran-2024-04-10-161418.jpg\",\"datePublished\":\"2024-04-11T22:09:30+00:00\",\"dateModified\":\"2024-05-03T20:59:58+00:00\",\"breadcrumb\":{\"@id\":\"https:\\\/\\\/villa-albertine.org\\\/va\\\/events\\\/art-in-the-age-of-ai-a-panel-discussion-on-ai-in-museums-and-cultural-institutions\\\/#breadcrumb\"},\"inLanguage\":\"en-US\",\"potentialAction\":[{\"@type\":\"ReadAction\",\"target\":[\"https:\\\/\\\/villa-albertine.org\\\/va\\\/events\\\/art-in-the-age-of-ai-a-panel-discussion-on-ai-in-museums-and-cultural-institutions\\\/\"]}]},{\"@type\":\"ImageObject\",\"inLanguage\":\"en-US\",\"@id\":\"https:\\\/\\\/villa-albertine.org\\\/va\\\/events\\\/art-in-the-age-of-ai-a-panel-discussion-on-ai-in-museums-and-cultural-institutions\\\/#primaryimage\",\"url\":\"https:\\\/\\\/villa-albertine.org\\\/wp-content\\\/uploads\\\/2024\\\/04\\\/Capture-decran-2024-04-10-161418.jpg\",\"contentUrl\":\"https:\\\/\\\/villa-albertine.org\\\/wp-content\\\/uploads\\\/2024\\\/04\\\/Capture-decran-2024-04-10-161418.jpg\",\"width\":1286,\"height\":668},{\"@type\":\"BreadcrumbList\",\"@id\":\"https:\\\/\\\/villa-albertine.org\\\/va\\\/events\\\/art-in-the-age-of-ai-a-panel-discussion-on-ai-in-museums-and-cultural-institutions\\\/#breadcrumb\",\"itemListElement\":[{\"@type\":\"ListItem\",\"position\":1,\"name\":\"Home\",\"item\":\"https:\\\/\\\/villa-albertine.org\\\/va\\\/\"},{\"@type\":\"ListItem\",\"position\":2,\"name\":\"Art in the Age of AI: A Panel Discussion on AI in Museums and Cultural Institutions\"}]},{\"@type\":\"WebSite\",\"@id\":\"https:\\\/\\\/villa-albertine.org\\\/va\\\/#website\",\"url\":\"https:\\\/\\\/villa-albertine.org\\\/va\\\/\",\"name\":\"Villa Albertine\",\"description\":\"\",\"potentialAction\":[{\"@type\":\"SearchAction\",\"target\":{\"@type\":\"EntryPoint\",\"urlTemplate\":\"https:\\\/\\\/villa-albertine.org\\\/va\\\/?s={search_term_string}\"},\"query-input\":{\"@type\":\"PropertyValueSpecification\",\"valueRequired\":true,\"valueName\":\"search_term_string\"}}],\"inLanguage\":\"en-US\"}]}<\/script>\n<!-- \/ Yoast SEO plugin. -->","yoast_head_json":{"title":"Art in the Age of AI: A Panel Discussion on AI in Museums and Cultural Institutions - Villa Albertine","robots":{"index":"index","follow":"follow","max-snippet":"max-snippet:-1","max-image-preview":"max-image-preview:large","max-video-preview":"max-video-preview:-1"},"canonical":"https:\/\/villa-albertine.org\/va\/events\/art-in-the-age-of-ai-a-panel-discussion-on-ai-in-museums-and-cultural-institutions\/","og_locale":"en_US","og_type":"article","og_title":"Art in the Age of AI: A Panel Discussion on AI in Museums and Cultural Institutions - Villa Albertine","og_description":"From enhancing visitor experiences to its application behind the scenes, artificial intelligence has long been a topic of discussion at museums. Learn about the future of AI at museums from a panel of industry professionals, including Jane Alexander (Cleveland Museum of Art), Freya Salway (Google Arts and Culture), and Thomas Sagory (Museum of National Archaeology)....","og_url":"https:\/\/villa-albertine.org\/va\/events\/art-in-the-age-of-ai-a-panel-discussion-on-ai-in-museums-and-cultural-institutions\/","og_site_name":"Villa Albertine","article_modified_time":"2024-05-03T20:59:58+00:00","og_image":[{"width":1286,"height":668,"url":"https:\/\/villa-albertine.org\/wp-content\/uploads\/2024\/04\/Capture-decran-2024-04-10-161418.jpg","type":"image\/jpeg"}],"twitter_card":"summary_large_image","twitter_misc":{"Est. reading time":"3 minutes"},"schema":{"@context":"https:\/\/schema.org","@graph":[{"@type":"WebPage","@id":"https:\/\/villa-albertine.org\/va\/events\/art-in-the-age-of-ai-a-panel-discussion-on-ai-in-museums-and-cultural-institutions\/","url":"https:\/\/villa-albertine.org\/va\/events\/art-in-the-age-of-ai-a-panel-discussion-on-ai-in-museums-and-cultural-institutions\/","name":"Art in the Age of AI: A Panel Discussion on AI in Museums and Cultural Institutions - Villa Albertine","isPartOf":{"@id":"https:\/\/villa-albertine.org\/va\/#website"},"primaryImageOfPage":{"@id":"https:\/\/villa-albertine.org\/va\/events\/art-in-the-age-of-ai-a-panel-discussion-on-ai-in-museums-and-cultural-institutions\/#primaryimage"},"image":{"@id":"https:\/\/villa-albertine.org\/va\/events\/art-in-the-age-of-ai-a-panel-discussion-on-ai-in-museums-and-cultural-institutions\/#primaryimage"},"thumbnailUrl":"https:\/\/villa-albertine.org\/wp-content\/uploads\/2024\/04\/Capture-decran-2024-04-10-161418.jpg","datePublished":"2024-04-11T22:09:30+00:00","dateModified":"2024-05-03T20:59:58+00:00","breadcrumb":{"@id":"https:\/\/villa-albertine.org\/va\/events\/art-in-the-age-of-ai-a-panel-discussion-on-ai-in-museums-and-cultural-institutions\/#breadcrumb"},"inLanguage":"en-US","potentialAction":[{"@type":"ReadAction","target":["https:\/\/villa-albertine.org\/va\/events\/art-in-the-age-of-ai-a-panel-discussion-on-ai-in-museums-and-cultural-institutions\/"]}]},{"@type":"ImageObject","inLanguage":"en-US","@id":"https:\/\/villa-albertine.org\/va\/events\/art-in-the-age-of-ai-a-panel-discussion-on-ai-in-museums-and-cultural-institutions\/#primaryimage","url":"https:\/\/villa-albertine.org\/wp-content\/uploads\/2024\/04\/Capture-decran-2024-04-10-161418.jpg","contentUrl":"https:\/\/villa-albertine.org\/wp-content\/uploads\/2024\/04\/Capture-decran-2024-04-10-161418.jpg","width":1286,"height":668},{"@type":"BreadcrumbList","@id":"https:\/\/villa-albertine.org\/va\/events\/art-in-the-age-of-ai-a-panel-discussion-on-ai-in-museums-and-cultural-institutions\/#breadcrumb","itemListElement":[{"@type":"ListItem","position":1,"name":"Home","item":"https:\/\/villa-albertine.org\/va\/"},{"@type":"ListItem","position":2,"name":"Art in the Age of AI: A Panel Discussion on AI in Museums and Cultural Institutions"}]},{"@type":"WebSite","@id":"https:\/\/villa-albertine.org\/va\/#website","url":"https:\/\/villa-albertine.org\/va\/","name":"Villa Albertine","description":"","potentialAction":[{"@type":"SearchAction","target":{"@type":"EntryPoint","urlTemplate":"https:\/\/villa-albertine.org\/va\/?s={search_term_string}"},"query-input":{"@type":"PropertyValueSpecification","valueRequired":true,"valueName":"search_term_string"}}],"inLanguage":"en-US"}]}},"_links":{"self":[{"href":"https:\/\/villa-albertine.org\/va\/wp-json\/wp\/v2\/app_event\/550543","targetHints":{"allow":["GET"]}}],"collection":[{"href":"https:\/\/villa-albertine.org\/va\/wp-json\/wp\/v2\/app_event"}],"about":[{"href":"https:\/\/villa-albertine.org\/va\/wp-json\/wp\/v2\/types\/app_event"}],"wp:featuredmedia":[{"embeddable":true,"href":"https:\/\/villa-albertine.org\/va\/wp-json\/wp\/v2\/media\/568898"}],"wp:attachment":[{"href":"https:\/\/villa-albertine.org\/va\/wp-json\/wp\/v2\/media?parent=550543"}],"wp:term":[{"taxonomy":"app_discipline","embeddable":true,"href":"https:\/\/villa-albertine.org\/va\/wp-json\/wp\/v2\/app_discipline?post=550543"},{"taxonomy":"app_city_tax","embeddable":true,"href":"https:\/\/villa-albertine.org\/va\/wp-json\/wp\/v2\/app_city_tax?post=550543"},{"taxonomy":"app_event_type","embeddable":true,"href":"https:\/\/villa-albertine.org\/va\/wp-json\/wp\/v2\/app_event_type?post=550543"}],"curies":[{"name":"wp","href":"https:\/\/api.w.org\/{rel}","templated":true}]}}