{"id":536859,"date":"2024-03-22T19:21:47","date_gmt":"2024-03-22T19:21:47","guid":{"rendered":"https:\/\/villa-albertine.org\/?post_type=app_event&#038;p=536859"},"modified":"2024-05-02T19:01:13","modified_gmt":"2024-05-02T19:01:13","slug":"tv5monde-program-highlights-april-2024","status":"publish","type":"app_event","link":"https:\/\/villa-albertine.org\/va\/events\/tv5monde-program-highlights-april-2024\/","title":{"rendered":"TV5MONDE Program Highlights \u2013 April 2024"},"content":{"rendered":"\n<p>Throughout April, the international French-language network TV5 Monde offers a rich lineup of entertaining films, series, and variety shows. <\/p>\n\n\n\n<p>Discover our round-up of the must-see programs this month below. <\/p>\n\n\n\n<p><\/p>\n\n\n\n<h1 class=\"wp-block-heading\"><span style=\"text-decoration: underline;\">TV5 Monde<\/span><\/h1>\n\n\n\n<h2 class=\"wp-block-heading\"><span style=\"text-decoration: underline;\">Films<\/span><\/h2>\n\n\n\n<p><strong><span style=\"text-decoration: underline;\">Toto le h\u00e9ros<\/span> <\/strong>\u2013 April 9 at 8:30pm ET\/5:30pm PT<\/p>\n\n\n\n<p><em>In honor of the great French actor Michel Bouquet, who died at the age of 96 in April 2022<\/em><\/p>\n\n\n\n<p>(English ST)<\/p>\n\n\n\n<p>When younger, Thomas was convinced that he had been swapped at birth with his neighbour Alfred. In adulthood, he still felt that Alfred enjoyed the happiness that should have been his. Now old, Thomas wonders if he has missed out on his life. He has some big decisions to take&#8230;<\/p>\n\n\n\n<p><strong>Director:<\/strong> Jaco Van Dorma\u00ebl (Belgium, Germany, France, 1991)<\/p>\n\n\n\n<p><strong>Cast:<\/strong> Mireille Perrier, Michel Bouquet, Jo de Backer, Bouli Lanners<\/p>\n\n\n\n<p><strong>Genre: <\/strong>Dramedy<\/p>\n\n\n\n<p><strong>Awards: <\/strong>1991 Best Actor European Film Award winner (Michel Bouquet), 1991Cam\u00e9ra d&#8217;or Cannes Film Festival Winner, 1992 C\u00e9sar for best foreign film, 1992 BAFTA Awards nomination (best film not in the English language)<\/p>\n\n\n\n<p><\/p>\n\n\n\n<p><strong><span style=\"text-decoration: underline;\">Marius<\/span> <\/strong>\u2013 April 18 at 8:30pm ET\/5:30pm PT<\/p>\n\n\n\n<p><em>In honor of the 50th anniversary of Marcel Pagnol&#8217;s death<\/em><\/p>\n\n\n\n<p>Marseille. Sea and adventure have always fascinated Marius, who dreams of one day joining the crew of one of the innumerable boats in the Vieux-Port. But can he abandon his elderly father, C\u00e9sar? And the beautiful Fanny, his childhood love who loves him so deeply? Gradually the temptation becomes unbearable&#8230;<\/p>\n\n\n\n<p><strong>Director:<\/strong> Alexander Korda (France, 1931)<\/p>\n\n\n\n<p><strong>Cast:<\/strong> Raimu, Pierre Fresnay, Orane Demazis<\/p>\n\n\n\n<p><strong>Genre: <\/strong>Dramedy<\/p>\n\n\n\n<p><\/p>\n\n\n\n<p><\/p>\n\n\n\n<h2 class=\"wp-block-heading\"><span style=\"text-decoration: underline;\"><span style=\"text-decoration: underline;\">Series<\/span><\/span><\/h2>\n\n\n\n<p><strong><span style=\"text-decoration: underline;\">Sortez-moi de moi<\/span><\/strong> \u2013 Wednesdays, April 17 &amp; 24 at 11:30pm ET\/8:30pm PT<\/p>\n\n\n\n<p><em>Season 1 premiere<\/em><\/p>\n\n\n\n<p><em><a href=\"https:\/\/www.tv5mondeplus.com\/en\/series-et-films-tv\/drame\/sortez-moi-de-moi\" data-type=\"link\" data-id=\"https:\/\/www.tv5mondeplus.com\/en\/series-et-films-tv\/drame\/sortez-moi-de-moi\">Also streaming on TV5MONDEplus<\/a><\/em><\/p>\n\n\n\n<p>(French ST)<\/p>\n\n\n\n<p>The psychological thriller takes viewers inside the world of mental health care, with Dr. Justine Mathieu following patients brought to her by emergency care front-line responders, Clara St-Amand and Gabriel Beauregard. Despite her misgivings, Dr. Mathieu is attracted to a new patient, David Ducharme, who is struggling with a bipolar episode.<\/p>\n\n\n\n<p>In a manic psychosis, David is taken to the emergency department by a colleague where he is seen by Justine. Clara and Myriam are called out on a home visit where the situation rapidly degenerates.<\/p>\n\n\n\n<p><strong>Director: <\/strong>Alexis Durand-Brault (Canada, 2021)<\/p>\n\n\n\n<p><strong>Cast: <\/strong>Sophie Lorain, Bruno Marcil, Pascale Bussi\u00e8res, Sandra Dumaresq, Vincent Leclerc<\/p>\n\n\n\n<p><strong>Genre:<\/strong> Psychological thriller<\/p>\n\n\n\n<p><\/p>\n\n\n\n<p><strong><span style=\"text-decoration: underline;\">Parlement<\/span><\/strong> \u2013 April 23 &amp; 30 at 11:30pm ET\/8:30pm PT<\/p>\n\n\n\n<p><em>Season 1 premiere<\/em><\/p>\n\n\n\n<p>(English ST)<\/p>\n\n\n\n<p>Samy, a young European parliamentary assistant, arrives in Brussels a few weeks after the Brexit referendum. Lost in the meanders of the European Parliament, Samy doesn&#8217;t understand any of it. Absolutely nothing at all.<\/p>\n\n\n\n<p><strong>Director: <\/strong>\u00c9milie Noblet, J\u00e9r\u00e9mie Sein (France, 2020)<\/p>\n\n\n\n<p><strong>Cast: <\/strong>Xavier Lacaille, Liz Kingsman, Philippe Duquesne<\/p>\n\n\n\n<p><strong>Genre:<\/strong> Comedy<\/p>\n\n\n\n<p><\/p>\n\n\n\n<p><\/p>\n\n\n\n<h2 class=\"wp-block-heading\"><span style=\"text-decoration: underline;\"><span style=\"text-decoration: underline;\">Documentaries<\/span><\/span><\/h2>\n\n\n\n<p><strong><span style=\"text-decoration: underline;\"><strong>Le dr\u00f4le de drame de Marcel Carn\u00e9<\/strong><\/span><\/strong> <em>\u2013<\/em> April 8 at 3:00pm ET\/12:00pm PT<\/p>\n\n\n\n<p>(English ST)<\/p>\n\n\n\n<p>\u201cLe Quai des Brumes,\u201d \u201cH\u00f4tel du Nord,\u201d \u201cLe Jour se L\u00e8ve,\u201d \u201cLes Visiteurs du Soir,\u201d \u201cLes Enfants du Paradis\u201d: each an adored masterpiece, each by a filmmaker who was himself little-loved, Marcel Carn\u00e9 (1906-1996). We look back over his career.<\/p>\n\n\n\n<p><strong>Director: <\/strong>Fran\u00e7ois Aym\u00e9 (France, 2021)<\/p>\n\n\n\n<p><strong>Genre:<\/strong> Documentary<\/p>\n\n\n\n<p><\/p>\n\n\n\n<p><strong><span style=\"text-decoration: underline;\"><strong>Louis de Fun\u00e8s, Champion du box-office<\/strong><\/span><\/strong> <em>\u2013<\/em> April 15 at 3:00pm ET\/12:00pm PT<\/p>\n\n\n\n<p>(English ST)<\/p>\n\n\n\n<p>&#8221;La Grande Vadrouille&#8221;, &#8221;La Folie des Grandeurs&#8221;, &#8221;Les Aventures de Rabbi Jacob&#8221;&#8230; In 140 films, Louis de Fun\u00e8s (1914-1983) conquered an international audience. A look back at the French actor&#8217;s career and the reasons for a success that was as meteoric as it was long-lasting.<\/p>\n\n\n\n<p><strong>Director: <\/strong>Nicolas Henry (France, 2021)<\/p>\n\n\n\n<p><strong>Genre:<\/strong> Documentary<\/p>\n\n\n\n<p><\/p>\n\n\n\n<p><\/p>\n\n\n\n<h1 class=\"wp-block-heading\"><span style=\"text-decoration: underline;\">TV5 Monde Plus<\/span><\/h1>\n\n\n\n<h2 class=\"wp-block-heading\"><span style=\"text-decoration: underline;\">Films<\/span><\/h2>\n\n\n\n<p><strong><span style=\"text-decoration: underline;\">Les trois lascars<\/span><\/strong> \u2013 Streaming beginning April 3<\/p>\n\n\n\n<p>(English ST)<\/p>\n\n\n\n<p>Under pressure from their respective mistresses, three friends organize an extramarital trip outside Ouagadougou. A bogus mission to Abidjan is the perfect alibi. But what a nightmare when they learn that the plane they were supposed to take has crashed!<\/p>\n\n\n\n<p><strong>Director:<\/strong> Boubakar Diallo (Burkina Faso, 2021)<\/p>\n\n\n\n<p><strong>Cast:<\/strong> Issaka Sawadogo, Mahoula Kane, Dieudonne Yoda<\/p>\n\n\n\n<p><strong>Genre:<\/strong> Comedy<\/p>\n\n\n\n<p><\/p>\n\n\n\n<h2 class=\"wp-block-heading\"><u>Series<\/u><\/h2>\n\n\n\n<p><strong><span style=\"text-decoration: underline;\"><strong>L&#8217;\u0153il du cyclone<\/strong><\/span><\/strong> \u2013 Streaming Season 2 beginning April 3<\/p>\n\n\n\n<p><a href=\"https:\/\/www.tv5mondeplus.com\/en\/series-et-films-tv\/comedie-dramatique\/l-oeil-du-cyclone-s-1-e1\" data-type=\"link\" data-id=\"https:\/\/www.tv5mondeplus.com\/en\/series-et-films-tv\/comedie-dramatique\/l-oeil-du-cyclone-s-1-e1\">Now streaming Season 1<\/a><\/p>\n\n\n\n<p>(English ST)<\/p>\n\n\n\n<p>At 39, Isabelle is a single mother with three children. In addition, she also must keep an eye on her newly retired mother, an energetic sister determined to find her a new man, and an ex-husband incapable of organizing anything by himself!<\/p>\n\n\n\n<p><strong>Director:<\/strong> Alain Chicoine (Canada, 2022)<\/p>\n\n\n\n<p><strong>Cast:<\/strong> Christine Beaulieu, Joey B\u00e9langer, Lilou Roy-Lanouette, Emi Chicoine<\/p>\n\n\n\n<p><strong>Genre:<\/strong> Dramedy<\/p>\n\n\n\n<p><\/p>\n\n\n\n<p><strong><span style=\"text-decoration: underline;\">B\u00e2tards<\/span><\/strong> \u2013 <a href=\"https:\/\/www.tv5mondeplus.com\/en\/series-et-films-tv\/drame\/batards\" data-type=\"link\" data-id=\"https:\/\/www.tv5mondeplus.com\/en\/series-et-films-tv\/drame\/batards\">Now streaming<\/a><\/p>\n\n\n\n<p>(English ST)<\/p>\n\n\n\n<p>Amongst the thousands of children abandoned in the city outskirts, twenty orphans find themselves on a reality TV show. Each challenge sees them confronting one another to try to win the prize money and the honor of being adopted by a famous couple. But the adventure is filled with surprises.<\/p>\n\n\n\n<p><strong>Director:<\/strong> Malou Briand, Rapha\u00ebl Meyer (Switzerland, 2020)<\/p>\n\n\n\n<p><strong>Cast:<\/strong> Sasha Gravat Harsch, Maoro Maquart, Mila Jubelin de Meyer, Vincent Veillon<\/p>\n\n\n\n<p><strong>Genre:<\/strong> Dramedy<\/p>\n\n\n\n<p><\/p>\n\n\n\n<p><strong><span style=\"text-decoration: underline;\"><strong>Les Myst\u00e8res de Paris<\/strong><\/span><\/strong> \u2013 <a href=\"https:\/\/www.tv5mondeplus.com\/en\/langue-francaise\/litterature\/les-mysteres-de-paris\" data-type=\"link\" data-id=\"https:\/\/www.tv5mondeplus.com\/en\/langue-francaise\/litterature\/les-mysteres-de-paris\">Now streaming<\/a><\/p>\n\n\n\n<p>(English ST)<\/p>\n\n\n\n<p>Paris, 1840. Rodolphe de Gerolstein, prince without fear but not without reproach, investigates the disappearance of his housekeeper&#8217;s son Germain, an investigation that takes him deep into the Parisian underworld and to some of its most chic addresses, before finally revealing a dark and very personal secret&#8230; An animated series adapted from the novel by Eug\u00e8ne Sue in 40 three-minute episodes, created from period engravings.<\/p>\n\n\n\n<p><strong>Director:<\/strong> V\u00e9ronique Puybaret (France, 2020)<\/p>\n\n\n\n<p><strong>Cast:<\/strong> Philippe Lardaud<\/p>\n\n\n\n<p><strong>Genre:<\/strong> Literary adaptation series, animation<\/p>\n\n\n\n<p><\/p>\n\n\n\n<h2 class=\"wp-block-heading\"><u>Documentaries<\/u><\/h2>\n\n\n\n<p><strong><span style=\"text-decoration: underline;\">L&#8217;\u00e9cologie en action<\/span><\/strong> \u2013 Streaming Seasons 3 &amp; 4 beginning April 3 <\/p>\n\n\n\n<p><a href=\"https:\/\/www.tv5mondeplus.com\/en\/environnement\/nature-et-animaux\/l-ecologie-en-action\" data-type=\"link\" data-id=\"https:\/\/www.tv5mondeplus.com\/en\/environnement\/nature-et-animaux\/l-ecologie-en-action\">Now streaming Season 1<\/a><\/p>\n\n\n\n<p>(English ST)<\/p>\n\n\n\n<p>Sancerrois, Sologne, Pays de Redon, Beauce&#8230; We discover some of the regions of France particularly important for their ecology and the wealth of their biodiversity.<\/p>\n\n\n\n<p><strong>Director:<\/strong> Romain Guenard, Emilie Darnaud (France, 2020)<\/p>\n\n\n\n<p><strong>Genre:<\/strong> Documentary series, environment<\/p>\n\n\n\n<p><\/p>\n\n\n\n<p><strong><span style=\"text-decoration: underline;\">C&#8217;est plus qu&#8217;un jardin<\/span><\/strong> \u2013 <a href=\"https:\/\/www.tv5mondeplus.com\/en\/environnement\/developpement-durable\/c-est-plus-qu-un-jardin\" data-type=\"link\" data-id=\"https:\/\/www.tv5mondeplus.com\/en\/environnement\/developpement-durable\/c-est-plus-qu-un-jardin\">Now streaming Seasons 1 &amp; 2<\/a> <\/p>\n\n\n\n<p>(English ST)<\/p>\n\n\n\n<p>With the help of Jean-Martin Fortier and Dany Bouchard, two families discover the joys and challenges of self-sufficiency.<\/p>\n\n\n\n<p><strong>Director:<\/strong> Am\u00e9lie Dussault (Canada, 2020)<\/p>\n\n\n\n<p><strong>Genre:<\/strong> Documentary series, environment<\/p>\n\n\n\n<p><\/p>\n\n\n\n<h2 class=\"wp-block-heading\"><span style=\"text-decoration: underline;\">TV5 Monde Cinema<\/span><\/h2>\n\n\n\n<p><strong>Theme:<\/strong> Jean Yanne<\/p>\n\n\n\n<p><strong><span style=\"text-decoration: underline;\">Tout le monde il est beau, tout le monde il est gentil<\/span><\/strong> <em>\u2013<\/em> Available beginning April 5<\/p>\n\n\n\n<p>(English ST)<\/p>\n\n\n\n<p>A reporter at a French radio station finds a way to meet the rebel leader at the Tupamaros. Unfortunately, he gets his tape recorder taken.<\/p>\n\n\n\n<p><strong>Director: <\/strong>Jean Yanne (1972)<\/p>\n\n\n\n<p><strong>Cast:<\/strong> Jean Yanne, Michel Serrault, Bernard Blier<\/p>\n\n\n\n<p><strong>Genre: <\/strong>Comedy<\/p>\n\n\n\n<p><\/p>\n\n\n\n<p><strong><span style=\"text-decoration: underline;\"><strong>Je te tiens, tu me tiens par la barbichette<\/strong><\/span><\/strong> <em>\u2013<\/em> Available beginning April 5<\/p>\n\n\n\n<p>A police detective investigates the disappearance of a star host.<\/p>\n\n\n\n<p><strong>Director: <\/strong>Jean Yanne (1979)<\/p>\n\n\n\n<p><strong>Cast:<\/strong> Jean Yanne, Mimi Coutelier, Micheline Presle<\/p>\n\n\n\n<p><strong>Genre: <\/strong>Comedy<\/p>\n\n\n\n<p><\/p>\n\n\n\n<p><strong><span style=\"text-decoration: underline;\"><strong>Les Chinois \u00e0 Paris<\/strong><\/span><\/strong> <em>\u2013<\/em> Available beginning April 5<\/p>\n\n\n\n<p>A satirical look into what life in Paris would look like under communist Chinese rule.<\/p>\n\n\n\n<p><strong>Director: <\/strong>Jean Yanne (1974)<\/p>\n\n\n\n<p><strong>Cast:<\/strong> Jean Yanne, Nicole Calfan, Macha M\u00e9ril<\/p>\n\n\n\n<p><strong>Genre: <\/strong>Comedy<\/p>\n\n\n\n<p><\/p>\n\n\n\n<p><strong><span style=\"text-decoration: underline;\"><strong>Chobizenesse<\/strong><\/span><\/strong> <em>\u2013<\/em> Available beginning April 12<\/p>\n\n\n\n<p>To avoid bankruptcy, a music hall manager searches for sponsors.<\/p>\n\n\n\n<p><strong>Director: <\/strong>Jean Yanne (1975)<\/p>\n\n\n\n<p><strong>Cast:<\/strong> Jean Yanne, Robert Hirsch, Catherine Rouvel<\/p>\n\n\n\n<p><strong>Genre: <\/strong>Musicalcomedy<\/p>\n\n\n\n<p><\/p>\n\n\n\n<p><strong><span style=\"text-decoration: underline;\"><strong>Libert\u00e9, \u00e9galit\u00e9, choucroute<\/strong><\/span><\/strong><em>\u2013<\/em> Available beginning April 12<\/p>\n\n\n\n<p>A tyrannical ruler travels to France amid the revolution to obtain a new killing machine, the guillotine.<\/p>\n\n\n\n<p><strong>Director: <\/strong>Jean Yanne (1985)<\/p>\n\n\n\n<p><strong>Cast:<\/strong> Michel Serrault, Ursula Andress, Jean Poiret<\/p>\n\n\n\n<p><strong>Genre: <\/strong>Comedy<\/p>\n\n\n\n<p><\/p>\n\n\n\n<p><strong><span style=\"text-decoration: underline;\">Monsieur N<\/span><\/strong> <em>\u2013<\/em> Available beginning April 19<\/p>\n\n\n\n<p>(English ST)<\/p>\n\n\n\n<p>How could Napoleon, the brilliant political and military strategist, agree to be locked up in the middle of the Atlantic Ocean?<\/p>\n\n\n\n<p><strong>Director: <\/strong>Antoine de Caunes (2003)<\/p>\n\n\n\n<p><strong>Cast:<\/strong> Philippe Torreton, Richard E. Grant, Jay Rodan<\/p>\n\n\n\n<p><strong>Genre: <\/strong>Drama<\/p>\n\n\n\n<p><\/p>\n\n\n\n<p><strong><span style=\"text-decoration: underline;\">Amore Mio<\/span><\/strong> <em>\u2013<\/em> Available beginning April 19<\/p>\n\n\n\n<p>(English ST)<\/p>\n\n\n\n<p>A widow refuses to attend her husband\u2019s funeral and convinces her sister to take her and her son away.<\/p>\n\n\n\n<p><strong>Director: <\/strong>Guillaume Gouix (2022)<\/p>\n\n\n\n<p><strong>Cast:<\/strong> Alysson Paradis, \u00c9lodie Bouchez, F\u00e9lix Maritaud<\/p>\n\n\n\n<p><strong>Genre: <\/strong>Drama<\/p>\n\n\n\n<p><\/p>\n\n\n\n<p><strong><span style=\"text-decoration: underline;\">L&#8217;outsider<\/span><\/strong> <em>\u2013<\/em> Available beginning April 19<\/p>\n\n\n\n<p>(English ST)<\/p>\n\n\n\n<p>The rise and fall of J\u00e9r\u00f4me Kerviel, the French rogue trader who was convicted and imprisoned in the 2008 Soci\u00e9t\u00e9 G\u00e9n\u00e9rale trading loss.<\/p>\n\n\n\n<p><strong>Director: <\/strong>Christophe Barratier (2016)<\/p>\n\n\n\n<p><strong>Cast:<\/strong> Arthur Dupont, Fran\u00e7ois-Xavier Demaison, Sabrina Ouazani<\/p>\n\n\n\n<p><strong>Genre: <\/strong>Thriller<\/p>\n\n\n\n<p><\/p>\n\n\n\n<p><strong><span style=\"text-decoration: underline;\">Guy<\/span><\/strong> <em>\u2013<\/em> Available beginning April 26<\/p>\n\n\n\n<p>(English ST)<\/p>\n\n\n\n<p>A young journalist learns through his mother that he&#8217;s the illegitimate son of an aging French pop singer who was famous in the &#8217;60s.<\/p>\n\n\n\n<p><strong>Director: <\/strong>Alex Lutz (2017)<\/p>\n\n\n\n<p><strong>Cast:<\/strong> Alex Lutz, Tom Dingler, Pascale Arbillot<\/p>\n\n\n\n<p><strong>Genre: <\/strong>Dramedy<\/p>\n\n\n\n<p><\/p>\n\n\n\n<p><strong><span style=\"text-decoration: underline;\"><strong>L&#8217;\u00e9cole buissonni\u00e8re<\/strong><\/span><\/strong><em>\u2013<\/em> Available beginning April 26<\/p>\n\n\n\n<p>(English ST)<\/p>\n\n\n\n<p>A young orphan gets adopted by a couple who work for a landowner.<\/p>\n\n\n\n<p><strong>Director: <\/strong>Nicolas Vanier (2017)<\/p>\n\n\n\n<p><strong>Cast:<\/strong> Fran\u00e7ois Cluzet, Jean Scandel, \u00c9ric Elmosnino<\/p>\n\n\n\n<p><strong>Genre: <\/strong>Comedy<\/p>\n","protected":false},"featured_media":443754,"menu_order":0,"template":"","app_discipline":[231,219],"app_city_tax":[235,221,214,223,222,216,224,217,225,226],"app_event_type":[239,313],"class_list":["post-536859","app_event","type-app_event","status-publish","has-post-thumbnail","hentry","app_discipline-audiovisual","app_discipline-cinema","app_city_tax-all-cities","app_city_tax-atl","app_city_tax-bos","app_city_tax-chi","app_city_tax-hou","app_city_tax-mia","app_city_tax-nola","app_city_tax-nyc","app_city_tax-sf","app_city_tax-dc","app_event_type-film","app_event_type-film-series"],"acf":[],"yoast_head":"<!-- This site is optimized with the Yoast SEO plugin v27.3 - https:\/\/yoast.com\/product\/yoast-seo-wordpress\/ -->\n<title>TV5MONDE Program Highlights \u2013 April 2024 - Villa Albertine<\/title>\n<meta name=\"robots\" content=\"index, follow, max-snippet:-1, max-image-preview:large, max-video-preview:-1\" \/>\n<link rel=\"canonical\" href=\"https:\/\/villa-albertine.org\/va\/events\/tv5monde-program-highlights-april-2024\/\" \/>\n<meta property=\"og:locale\" content=\"en_US\" \/>\n<meta property=\"og:type\" content=\"article\" \/>\n<meta property=\"og:title\" content=\"TV5MONDE Program Highlights \u2013 April 2024 - Villa Albertine\" \/>\n<meta property=\"og:description\" content=\"Throughout April, the international French-language network TV5 Monde offers a rich lineup of entertaining films, series, and variety shows. Discover our round-up of the must-see programs this month below. TV5 Monde Films Toto le h\u00e9ros \u2013 April 9 at 8:30pm ET\/5:30pm PT In honor of the great French actor Michel Bouquet, who died at the...\" \/>\n<meta property=\"og:url\" content=\"https:\/\/villa-albertine.org\/va\/events\/tv5monde-program-highlights-april-2024\/\" \/>\n<meta property=\"og:site_name\" content=\"Villa Albertine\" \/>\n<meta property=\"article:modified_time\" content=\"2024-05-02T19:01:13+00:00\" \/>\n<meta property=\"og:image\" content=\"https:\/\/villa-albertine.org\/wp-content\/uploads\/2024\/01\/normal.jpg\" \/>\n\t<meta property=\"og:image:width\" content=\"1024\" \/>\n\t<meta property=\"og:image:height\" content=\"819\" \/>\n\t<meta property=\"og:image:type\" content=\"image\/jpeg\" \/>\n<meta name=\"twitter:card\" content=\"summary_large_image\" \/>\n<meta name=\"twitter:label1\" content=\"Est. reading time\" \/>\n\t<meta name=\"twitter:data1\" content=\"7 minutes\" \/>\n<script type=\"application\/ld+json\" class=\"yoast-schema-graph\">{\"@context\":\"https:\\\/\\\/schema.org\",\"@graph\":[{\"@type\":\"WebPage\",\"@id\":\"https:\\\/\\\/villa-albertine.org\\\/va\\\/events\\\/tv5monde-program-highlights-april-2024\\\/\",\"url\":\"https:\\\/\\\/villa-albertine.org\\\/va\\\/events\\\/tv5monde-program-highlights-april-2024\\\/\",\"name\":\"TV5MONDE Program Highlights \u2013 April 2024 - Villa Albertine\",\"isPartOf\":{\"@id\":\"https:\\\/\\\/villa-albertine.org\\\/va\\\/#website\"},\"primaryImageOfPage\":{\"@id\":\"https:\\\/\\\/villa-albertine.org\\\/va\\\/events\\\/tv5monde-program-highlights-april-2024\\\/#primaryimage\"},\"image\":{\"@id\":\"https:\\\/\\\/villa-albertine.org\\\/va\\\/events\\\/tv5monde-program-highlights-april-2024\\\/#primaryimage\"},\"thumbnailUrl\":\"https:\\\/\\\/villa-albertine.org\\\/wp-content\\\/uploads\\\/2024\\\/01\\\/normal.jpg\",\"datePublished\":\"2024-03-22T19:21:47+00:00\",\"dateModified\":\"2024-05-02T19:01:13+00:00\",\"breadcrumb\":{\"@id\":\"https:\\\/\\\/villa-albertine.org\\\/va\\\/events\\\/tv5monde-program-highlights-april-2024\\\/#breadcrumb\"},\"inLanguage\":\"en-US\",\"potentialAction\":[{\"@type\":\"ReadAction\",\"target\":[\"https:\\\/\\\/villa-albertine.org\\\/va\\\/events\\\/tv5monde-program-highlights-april-2024\\\/\"]}]},{\"@type\":\"ImageObject\",\"inLanguage\":\"en-US\",\"@id\":\"https:\\\/\\\/villa-albertine.org\\\/va\\\/events\\\/tv5monde-program-highlights-april-2024\\\/#primaryimage\",\"url\":\"https:\\\/\\\/villa-albertine.org\\\/wp-content\\\/uploads\\\/2024\\\/01\\\/normal.jpg\",\"contentUrl\":\"https:\\\/\\\/villa-albertine.org\\\/wp-content\\\/uploads\\\/2024\\\/01\\\/normal.jpg\",\"width\":1024,\"height\":819},{\"@type\":\"BreadcrumbList\",\"@id\":\"https:\\\/\\\/villa-albertine.org\\\/va\\\/events\\\/tv5monde-program-highlights-april-2024\\\/#breadcrumb\",\"itemListElement\":[{\"@type\":\"ListItem\",\"position\":1,\"name\":\"Home\",\"item\":\"https:\\\/\\\/villa-albertine.org\\\/va\\\/\"},{\"@type\":\"ListItem\",\"position\":2,\"name\":\"TV5MONDE Program Highlights \u2013 April 2024\"}]},{\"@type\":\"WebSite\",\"@id\":\"https:\\\/\\\/villa-albertine.org\\\/va\\\/#website\",\"url\":\"https:\\\/\\\/villa-albertine.org\\\/va\\\/\",\"name\":\"Villa Albertine\",\"description\":\"\",\"potentialAction\":[{\"@type\":\"SearchAction\",\"target\":{\"@type\":\"EntryPoint\",\"urlTemplate\":\"https:\\\/\\\/villa-albertine.org\\\/va\\\/?s={search_term_string}\"},\"query-input\":{\"@type\":\"PropertyValueSpecification\",\"valueRequired\":true,\"valueName\":\"search_term_string\"}}],\"inLanguage\":\"en-US\"}]}<\/script>\n<!-- \/ Yoast SEO plugin. -->","yoast_head_json":{"title":"TV5MONDE Program Highlights \u2013 April 2024 - Villa Albertine","robots":{"index":"index","follow":"follow","max-snippet":"max-snippet:-1","max-image-preview":"max-image-preview:large","max-video-preview":"max-video-preview:-1"},"canonical":"https:\/\/villa-albertine.org\/va\/events\/tv5monde-program-highlights-april-2024\/","og_locale":"en_US","og_type":"article","og_title":"TV5MONDE Program Highlights \u2013 April 2024 - Villa Albertine","og_description":"Throughout April, the international French-language network TV5 Monde offers a rich lineup of entertaining films, series, and variety shows. Discover our round-up of the must-see programs this month below. TV5 Monde Films Toto le h\u00e9ros \u2013 April 9 at 8:30pm ET\/5:30pm PT In honor of the great French actor Michel Bouquet, who died at the...","og_url":"https:\/\/villa-albertine.org\/va\/events\/tv5monde-program-highlights-april-2024\/","og_site_name":"Villa Albertine","article_modified_time":"2024-05-02T19:01:13+00:00","og_image":[{"width":1024,"height":819,"url":"https:\/\/villa-albertine.org\/wp-content\/uploads\/2024\/01\/normal.jpg","type":"image\/jpeg"}],"twitter_card":"summary_large_image","twitter_misc":{"Est. reading time":"7 minutes"},"schema":{"@context":"https:\/\/schema.org","@graph":[{"@type":"WebPage","@id":"https:\/\/villa-albertine.org\/va\/events\/tv5monde-program-highlights-april-2024\/","url":"https:\/\/villa-albertine.org\/va\/events\/tv5monde-program-highlights-april-2024\/","name":"TV5MONDE Program Highlights \u2013 April 2024 - Villa Albertine","isPartOf":{"@id":"https:\/\/villa-albertine.org\/va\/#website"},"primaryImageOfPage":{"@id":"https:\/\/villa-albertine.org\/va\/events\/tv5monde-program-highlights-april-2024\/#primaryimage"},"image":{"@id":"https:\/\/villa-albertine.org\/va\/events\/tv5monde-program-highlights-april-2024\/#primaryimage"},"thumbnailUrl":"https:\/\/villa-albertine.org\/wp-content\/uploads\/2024\/01\/normal.jpg","datePublished":"2024-03-22T19:21:47+00:00","dateModified":"2024-05-02T19:01:13+00:00","breadcrumb":{"@id":"https:\/\/villa-albertine.org\/va\/events\/tv5monde-program-highlights-april-2024\/#breadcrumb"},"inLanguage":"en-US","potentialAction":[{"@type":"ReadAction","target":["https:\/\/villa-albertine.org\/va\/events\/tv5monde-program-highlights-april-2024\/"]}]},{"@type":"ImageObject","inLanguage":"en-US","@id":"https:\/\/villa-albertine.org\/va\/events\/tv5monde-program-highlights-april-2024\/#primaryimage","url":"https:\/\/villa-albertine.org\/wp-content\/uploads\/2024\/01\/normal.jpg","contentUrl":"https:\/\/villa-albertine.org\/wp-content\/uploads\/2024\/01\/normal.jpg","width":1024,"height":819},{"@type":"BreadcrumbList","@id":"https:\/\/villa-albertine.org\/va\/events\/tv5monde-program-highlights-april-2024\/#breadcrumb","itemListElement":[{"@type":"ListItem","position":1,"name":"Home","item":"https:\/\/villa-albertine.org\/va\/"},{"@type":"ListItem","position":2,"name":"TV5MONDE Program Highlights \u2013 April 2024"}]},{"@type":"WebSite","@id":"https:\/\/villa-albertine.org\/va\/#website","url":"https:\/\/villa-albertine.org\/va\/","name":"Villa Albertine","description":"","potentialAction":[{"@type":"SearchAction","target":{"@type":"EntryPoint","urlTemplate":"https:\/\/villa-albertine.org\/va\/?s={search_term_string}"},"query-input":{"@type":"PropertyValueSpecification","valueRequired":true,"valueName":"search_term_string"}}],"inLanguage":"en-US"}]}},"_links":{"self":[{"href":"https:\/\/villa-albertine.org\/va\/wp-json\/wp\/v2\/app_event\/536859","targetHints":{"allow":["GET"]}}],"collection":[{"href":"https:\/\/villa-albertine.org\/va\/wp-json\/wp\/v2\/app_event"}],"about":[{"href":"https:\/\/villa-albertine.org\/va\/wp-json\/wp\/v2\/types\/app_event"}],"wp:featuredmedia":[{"embeddable":true,"href":"https:\/\/villa-albertine.org\/va\/wp-json\/wp\/v2\/media\/443754"}],"wp:attachment":[{"href":"https:\/\/villa-albertine.org\/va\/wp-json\/wp\/v2\/media?parent=536859"}],"wp:term":[{"taxonomy":"app_discipline","embeddable":true,"href":"https:\/\/villa-albertine.org\/va\/wp-json\/wp\/v2\/app_discipline?post=536859"},{"taxonomy":"app_city_tax","embeddable":true,"href":"https:\/\/villa-albertine.org\/va\/wp-json\/wp\/v2\/app_city_tax?post=536859"},{"taxonomy":"app_event_type","embeddable":true,"href":"https:\/\/villa-albertine.org\/va\/wp-json\/wp\/v2\/app_event_type?post=536859"}],"curies":[{"name":"wp","href":"https:\/\/api.w.org\/{rel}","templated":true}]}}