{"id":5355857,"date":"2025-09-02T21:02:06","date_gmt":"2025-09-02T21:02:06","guid":{"rendered":"https:\/\/villa-albertine.org\/va\/?post_type=app_event&#038;p=5355857"},"modified":"2025-09-03T19:36:41","modified_gmt":"2025-09-03T19:36:41","slug":"tv5monde-program-highlights-september-2025","status":"publish","type":"app_event","link":"https:\/\/villa-albertine.org\/va\/events\/tv5monde-program-highlights-september-2025\/","title":{"rendered":"TV5MONDE Program Highlights \u2013 September 2025"},"content":{"rendered":"\n<p>Throughout September, the international French-language network TV5 Monde offers a rich lineup of entertaining films, series, and variety shows.<\/p>\n\n\n\n<p>Discover our round-up of the must-see programs this month below. <\/p>\n\n\n\n<p><\/p>\n\n\n\n<h1 class=\"wp-block-heading\"><span style=\"text-decoration: underline;\">TV5 Monde<\/span><\/h1>\n\n\n\n<p><\/p>\n\n\n\n<h2 class=\"wp-block-heading\"><span style=\"text-decoration: underline;\">Special<\/span><\/h2>\n\n\n\n<p><strong>C\u00e9r\u00e9monie de cl\u00f4ture Angoul\u00eame<\/strong> \u2014 September 4 at 12:30am ET\/ September 3 at 9:30pm PT<br>The closing ceremony of the Festival du Film Francophone d&#8217;Angoul\u00eame. Chaired by Diane Kruger, the jury of this 18th edition\u2014held from August 25 to 30, 2025\u2014marked the occasion with a tribute to Qu\u00e9b\u00e9cois cinema.<\/p>\n\n\n\n<p>Genre: Awards Ceremony (France, 2025)<\/p>\n\n\n\n<p><\/p>\n\n\n\n<p><\/p>\n\n\n\n<h2 class=\"wp-block-heading\"><span style=\"text-decoration: underline;\">Films<\/span><\/h2>\n\n\n\n<p><strong>Habib, la grande aventure<\/strong>\u2014 September 2 at 8:30pm ET\/5:30pm PT<br><em>In celebration of the Angoul\u00eame Francophone Film Festival, taking place August 25-30<br>Also streaming on TV5MONDEplus: https:\/\/www.tv5mondeplus.com\/en\/cinema\/comedie\/habib-la-grande-aventure<\/em><br>(English ST)<br><br>Habib, who struggles to make a living through small acting roles, aspires to secure more prominent parts in films. His Moroccan, immigrant family has little faith in his passion, until he gets the chance to act alongside a renowned French actress, Catherine Deneuve.<br>Director: Beno\u00eet Mariage (Belgium, France, Switzerland, 2022)<br><br>Genre: Comedy<br>Cast: Bastien Ughetto, Sofia Lesaffre, Sofia Elabassi, Thomas Soliv\u00e9r\u00e8s, Catherine Deneuve<br>Awards: Selected at the Festival d&#8217;Angoul\u00eame (France, 2022) and at the Festival d&#8217;Albi Les Oeillades (France, 2022)<\/p>\n\n\n\n<p><\/p>\n\n\n\n<p><strong>Mourir d\u2019aimer<\/strong>\u2014 September 4 at 8:30pm ET\/5:30pm PT<br>Also streaming on TV5MONDEplus: https:\/\/www.tv5mondeplus.com\/en\/cinema\/drame\/mourir-d-aimer<br>(English ST)<br><br>In May 1968, 32-year-old Dani\u00e8le is passionate and politically-committed young woman. But when she begins a relationship with G\u00e9rard, her 17-year-old student, the affair rapidly becomes a scandal. The teenager&#8217;s parents bring charges against her for corrupting a minor. Dani\u00e8le is sent to prison\u2026<\/p>\n\n\n\n<p>Director: Andr\u00e9 Cayatte (France, 1970)<br>Cast: Annie Girardot, Bruno Pradal, Fran\u00e7ois Simon, Monique M\u00e9linand<br>Genre: Drama<br>Awards: Grand Prix du Cin\u00e9ma in 1970, nomination for Golden Globe for best foreign language motion picture 1972<\/p>\n\n\n\n<p><\/p>\n\n\n\n<p><strong>Je ne suis pas un h\u00e9ros<\/strong>\u2014 September 7 at 8:30pm ET\/5:30pm PT<br>(English ST)<br><br>Louis believes he is suffering from cancer. It&#8217;s a difficult time, but he appreciates that others are finally paying attention to him. When he finds out he&#8217;s healthy, he hesitates to share the news.<\/p>\n\n\n\n<p>Director: Rudy Milstein (France, Senegal, 2023)<br>Cast: Vincent Dedienne, G\u00e9raldine Nakache, Cl\u00e9mence Po\u00e9sy<br>Genre: Comedy<\/p>\n\n\n\n<p><\/p>\n\n\n\n<p><strong>Les mains libres<\/strong>\u2014 September 9 at 8:30pm ET\/5:30pm PT<br>(English ST)<br><br>Barbara is preparing a film written and performed by long-term prisoners. Twice a week, she visits a prison in the Paris suburbs to conduct interviews. Little by little, a special bond develops between her and Michel, one of her &#8221;actors&#8221;.<br><br>Director: Brigitte Sy (France, 2009)<br>Cast: Ronit Elkabetz, Carlo Brandt, No\u00e9mie Lvovsky, Camille Figuereo<br>Genre: Drama<br>Awards: Selected for Cin\u00e9mania (Canada, 2011), Rio de Janeiro International Film Festival (Brazil, 2011) and Rendez-vous du cin\u00e9ma fran\u00e7ais in New York (United States, 2011)<\/p>\n\n\n\n<p><\/p>\n\n\n\n<p><strong>Les grandes man\u0153uvres<\/strong>\u2014 September 11 at 8:30pm ET\/5:30pm PT<br>Also streaming on TV5MONDEplus: https:\/\/www.tv5mondeplus.com\/en\/cinema\/comedie-dramatique\/les-grandes-manoeuvres<br><br>A garrison town in 1913. A charming lieutenant bets that he will be able to seduce Marie-Louise Rivi\u00e8re, a Parisian who recently opened a milliner&#8217;s shop. Engaged to a wealthy bourgeois, she brushes off Armand&#8217;s attempts to court her. A reaction that ensures he falls seriously in love with her\u2026<br><br>Director: Ren\u00e9 Clair (France, 1955)<br>Cast: Mich\u00e8le Morgan, G\u00e9rard Philipe, Jean Dessailly, Pierre Dux<br>Genre: Dramedy<br>Awards: 1955 Louis-Delluc Prize<\/p>\n\n\n\n<p><\/p>\n\n\n\n<p><strong>Vie priv\u00e9e<\/strong>\u2014 September 18 at 8:30pm ET\/5:30pm PT<br><br>In Geneva, Jill, a young chic dancer, falls in love with Fabio, her best friend&#8217;s husband. Fleeing this forbidden love, she moves to Paris, becomes a model, then an actress, and quickly rises to stardom. Hounded by the media and the public, she loses all control over her life.<br><br>Director: Louis Malle (France, Italy, USA, 1962)<br>Cast: Brigitte Bardot, Marcello Mastroianni, Ursula Kubler, Nicolas Bataille<br>Genre: Drama<\/p>\n\n\n\n<p><\/p>\n\n\n\n<p><strong>Savannah, la ballade<\/strong>\u2014 September 25 at 8:30pm ET\/5:30pm PT<br>(English ST)<br><br>Savannah, aged six, abandoned by her parents, runs away. She meets Colin and Mailland, two very likeable convicts hiding out in an old farmhouse. They decide to look after her. But the disappearance of the little girl soon alerts the authorities, who set out to track down the fugitives.<br><br>Director: Marco Pico (France, 1988)<br>Cast: \u00c9lodie Gautier, Jacques Higelin, Daniel Martin, Sylvie Granotier<br>Genre: Dramedy<\/p>\n\n\n\n<p><\/p>\n\n\n\n<p><strong>Amore mio<\/strong>\u2014 September 21 at 8:30pm ET\/5:30pm PT<br>Selected films in partnership with TV5MONDE and the Namur International Francophone Film Festival, taking place October 3-10<br>Also streaming on TV5MONDEplus <em>: <\/em><a href=\"https:\/\/www.tv5mondeplus.com\/en\/cinema\/drame\/amore-mio\"><em>https:\/\/www.tv5mondeplus.com\/en\/cinema\/drame\/amore-mio<\/em><\/a><br>(English ST)<br><br>Lola cannot bear to attend the funeral of her brutally deceased husband, so she runs away. With her older sister Margaux and her son Gaspard, she&#8217;s driving to Italy. Along the way, the two sisters engage in deep introspection of their adult lives.<br><br>Director: Guillaume Gouix (France, 2022)<br>Cast: Alysson Paradis, \u00c9lodie Bouchez, Viggo Ferreira-Redier, F\u00e9lix Maritaud<br>Genre: Drama<br>Awards: Selected for Namur International Francophone Film Festival (2022), Selected for the Swiss French Language Film Festival (Switzerland, 2022), Cin\u00e9mania (Canada, 2022), Stuttgart International French Language Film Festival (Germany, 2022) and Rendez-vous d&#8217;Unifrance in Paris (France, 2023)<\/p>\n\n\n\n<p><\/p>\n\n\n\n<p><strong>Des morceaux de moi<\/strong>\u2014 September 30 at 8:30pm ET\/5:30pm PT<br>Selected films in partnership with TV5MONDE and the Namur International Francophone Film Festival, taking place October 3-10<br>(English ST)<br><br>17-year-old Erell lives in a working-class area, with a prematurely old father, a sick and tyrannical mother and the memory of her sister Sarah, who disappeared four years before. She conquers her boredom by hanging out with her friends and constantly filming everything. One day, Sarah reappears\u2026.<br><br>Director: Nolwenn Lemesle (France, 2012)<br>Cast: Zabou Breitman, Tch\u00e9ky Karyo, Ad\u00e8le Exarchopoulos, Ad\u00e9la\u00efde Leroux<br>Genre: Dramedy<br>Awards: &#8221;Bayard d&#8217;Or&#8221; award for Best debut at the 2012 Namur International Francophone Film Festival; official selection: Mostra &#8211; S\u00e3o Paulo International Film Festival and at the Gothenburg International Film Festival<\/p>\n\n\n\n<p><\/p>\n\n\n\n<p><\/p>\n\n\n\n<h2 class=\"wp-block-heading\"><span style=\"text-decoration: underline;\"><span style=\"text-decoration: underline;\">Series<\/span><\/span><\/h2>\n\n\n\n<p><strong>L&#8217;oeil du cyclone<\/strong>\u2014 Wednesdays continuing September 3 at 11:30pm ET\/8:30pm PT<br>Season 2<br>Also streaming on TV5MONDEplus: https:\/\/www.tv5mondeplus.com\/en\/series-et-films-tv\/comedie-dramatique\/l-oeil-du-cyclone-1<br>(English ST)<br><br>At 39, Isabelle is a single mother with three children. In addition, she also must keep an eye on her newly retired mother, an energetic sister determined to find her a new man, and an ex-husband incapable of organizing anything by himself!<br>Ep. 8: Isabelle&#8217;s life takes a surprising turn when \u00c9liane introduces her to a new, and very single, neighbour.<br><br>Director: Alain Chicoine, Julie Hogue (Canada\/Quebec, 2023)<br>Cast: Christine B<br>eaulieu, Joey B\u00e9langer, Lilou Roy-Lanouette, Emi Chicoine<br>Genre: Dramedy<\/p>\n\n\n\n<p><\/p>\n\n\n\n<p><strong>Neumatt<\/strong>\u2014Sundays starting September 7 at 11:30pm ET\/8:30pm PT<br>Season 3 premiere<br>Also streaming on TV5MONDEplus: https:\/\/www.tv5mondeplus.com\/en\/series-et-films-tv\/drame\/neumatt<br>(English ST)<br><br>Michi leads a frenzied life in the city. When his father Kurt dies, he returns to Neumatt and discovers a general a farm in chaos: his brother is overwhelmed by everything, his sister couldn&#8217;t care less. Their mother, Katharina, tries to hide the real cause of her husband&#8217;s death: suicide.<br>Ep. 3: After a tragic night, Michi tries to pick himself up and launch his project with his friend Oscar: to transform the family company into a delivery service. Meanwhile, Katharina catches up with a childhood love. Lorenz discovers that the mother of his child, Jessie, has begun transitioning to become Liam.<br><br>Director: Cosima Frei, Bettina Oberli (Switzerland, 2024)<br>Cast: Julian Koechlin, Rachel Braunschweig, Sophie Hutter, J\u00e9r\u00f4me Humm<br>Genre: Drama<\/p>\n\n\n\n<p><\/p>\n\n\n\n<p><strong>Nismet<\/strong>\u2014Tuesdays starting September 9 at 11:30pm ET\/8:30pm PT<br>Season 1 premiere<br>(English ST)<br><br>Ep. 1: Nismet, a schoolgirl, lives with her mother, Najoua, and her stepfather, Denis. Violent and tyrannical, he forces Najoua into prostitution. One evening, he tries to rape Nismet. She managed to fend him off, but the next day he forbade her to go out. To spare her mother, Nismet remains silent and runs away.<br>Ep. 2: Placed in an emergency shelter, then in a more appropriate setting, Nismet returns to school and accepts guidance towards a vocational baccalaureate programme. Accompanied by a fellow resident from the care home, she finally resolves to visit her mother.<br><br>Director: Philippe Faucon (France, 2024)<br>Cast: Emma Boulanouar, Loubna Abidar, Th\u00e9o Costa-Marini, Arthur Legrand<br>Genre: Drama, mini-series<br>Awards: Best 52-minute series at the La Rochelle Fiction Festival (France, 2024<\/p>\n\n\n\n<p><\/p>\n\n\n\n<p><strong>\u00c0 la valdrague<\/strong>\u2014 Wednesdays beginning September 17 at 11:30pm ET\/8:30pm PT<br>Season 4<br>Also streaming on TV5MONDEplus: https:\/\/www.tv5mondeplus.com\/en\/series-et-films-tv\/comedie\/a-la-valdrague<br>(French subtitles)<br><br>After an absence of more than twenty years, the remarkable Rita Melanson returns to settle in her home village in Acadia and, unwittingly, becomes the owner of an estate. Deciding to open a bed and breakfast and attract visitors, her past has plenty of obstacles to put in her way\u2026<br>Ep. 1: Rita is in search of something that will give her life meaning, whilst Yolande confronts the difficulties that could prevent her turning her dream into reality. Meanwhile Ferraille is about to take his exam to become a volunteer fireman.<br><br>Director: Jo\u00ebl A. Robichaud (Canada, 2021)<br>Cast: Patricia L\u00e9ger, Marcel-Romain Th\u00e9riault, Bianca Richard<br>Genre: Comedy<\/p>\n\n\n\n<p><\/p>\n\n\n\n<h2 class=\"wp-block-heading\"><span style=\"text-decoration: underline;\"><span style=\"text-decoration: underline;\">Documentaries<\/span><\/span><\/h2>\n\n\n\n<p><strong>Petites Danseuses<\/strong>\u2014 September 14 at 8:30pm ET\/5:30pm PT<br>Also streaming on TV5MONDEplus: https:\/\/www.tv5mondeplus.com\/en\/cinema\/documentaire\/petites-danseuses-1<br>(English ST)<br><br>What is life like for girls who dream of becoming prima ballerinas at the Paris Opera? Aged between six and ten, they dance with passion every day. But it is a real challenge growing up in a world with intensive work, demands and competitions at such a young age.<br><br>Director: Anne-Claire Dolivet (France, 2019)<br>Genre: Documentary, ballet<br>Awards: Selected at Helvetica French Film Festival (Switzerland, 2020) and Hainan Island International Film Festival (China, 2020)<\/p>\n\n\n\n<p><\/p>\n\n\n\n<p><strong>Hawar, nos enfants bannis<\/strong>\u2014 September 28 at 8:30pm ET\/5:30pm PT<br>Also streaming on TV5MONDEplus: https:\/\/www.tv5mondeplus.com\/en\/cinema\/documentaire\/hawar-nos-enfants-bannis<br>(English ST)<br><br>2014. Thousands of Yazidi women kidnapped by ISIS were reduced to sexual slavery. On being freed, Ana was forced to abandon her baby. All the children born as a result of these rapes were systematically rejected by the Yazidi community. Ana secretly crosses Kurdistan to see her daughter Marya again.<br><br>Director: Pascale Bourgaux (Belgium, Switzerland, 2022)<br>Genre: Documentary<br>Awards: Selected for Namur International Francophone Film Festival (2023), Biarritz FIPADOC Prize for Women in the Media (France, 2024); selected for the C\u00e9vennes International Documentary Festival (2024), the Nyon Visions du R\u00e9el festival (Switzerland, 2023) and the Brussels BRIFF (Belgium, 2023)<\/p>\n\n\n\n<p><\/p>\n\n\n\n<p><br>\u2003<\/p>\n\n\n\n<h1 class=\"wp-block-heading\"><span style=\"text-decoration: underline;\">TV5 Monde Plus<\/span><\/h1>\n\n\n\n<h2 class=\"wp-block-heading\"><span style=\"text-decoration: underline;\">Films<\/span><\/h2>\n\n\n\n<p><strong>Le vieux fusil<\/strong>\u2014Streaming : <a href=\"https:\/\/www.tv5mondeplus.com\/en\/cinema\/drame\/le-vieux-fusil\">https:\/\/www.tv5mondeplus.com\/en\/cinema\/drame\/le-vieux-fusil<\/a><br>(English ST)<br><br>1944. Julien Dandieu, a surgeon from Montauban, decides to send his wife and daughter to the country and greater safety. A few days later he discovers that the entire population of the village has been massacred by the Germans. Mad with grief, he sets out to hunt down those responsible.<br><br>Director: Robert Enrico (France\/Germany, 1975)<br>Cast: Philippe Noiret, Romy Schneider, Jean Bouise, Joachim Hansen, Madeleine Ozeray<br>Genre: Drama<br>Awards: Honorary C\u00e9sar des C\u00e9sar award in 1985, three C\u00e9sar awards in 1976 (Best Film, Best Actor, Best Music)<\/p>\n\n\n\n<p><\/p>\n\n\n\n<p><strong>La volante<\/strong>\u2014Streaming <a href=\"https:\/\/www.tv5mondeplus.com\/en\/cinema\/policier-et-suspense\/la-volante\">https:\/\/www.tv5mondeplus.com\/en\/cinema\/policier-et-suspense\/la-volante<\/a><br>(English ST)<br><br>While he is taking his wife to hospital to give birth, Thomas hits and kills a young man on the road. The young man\u2019s mother Marie-France is devastated. Nine years later, without revealing her identity, she becomes Thomas\u2019 secretary and gets increasingly involved in his life.<br>Director: Christophe Ali, Nicolas Bonilauri (France\/Belgium\/Luxembourg, 2014)<br>Cast: Nathalie Baye, Malik Zidi,Johan Leysen, Sabrina Seyvecou<br>Genre: Thriller<br>Awards: selected (Champs-Elys\u00e9es Film Festival 2015), in official competition (Angoul\u00eame 2015)<\/p>\n\n\n\n<p><\/p>\n\n\n\n<p><\/p>\n\n\n\n<h2 class=\"wp-block-heading\"><span style=\"text-decoration: underline;\">Series<\/span><\/h2>\n\n\n\n<p><strong>Papa(s)<\/strong>\u2014 Now streaming: <a href=\"https:\/\/www.tv5mondeplus.com\/en\/cinema\/policier-et-suspense\/la-volante\">https:\/\/www.tv5mondeplus.com\/en\/cinema\/policier-et-suspense\/la-volante<\/a><br>TV5MONDE original coproduction<br>(English ST)<br><br>\u00c9ric Bouchard is in his thirties and seems to have everything he needs to be happy: a loving boyfriend and a steady job at a pet store. Yet when his mother suddenly ends up in the hospital, hovering between life and death, his world falls apart. He realizes just how dull his life has become and that he might end up alone. A new desire begins to rise within him: he wants to have a child.<br>TV5MONDE is partnering with TV5 Qu\u00e9bec Canada to co-broadcast Papa(s), a series born out of the \u201cCr\u00e9ateurs en s\u00e9rie\u201d call for projects, an initiative by TV5 Qu\u00e9bec Canada and TV5Unis.tv supporting digital storytelling. 8 episodes, 10min each.<br><br>Director: Fanny Lefort (Quebec\/Canada, 2025)<br>Cast: Kevin Sauvageau, Claudia Bouvette<br>Genre: Drama, web series<\/p>\n\n\n\n<p><\/p>\n\n\n\n<p><strong>Rouge for\u00eat<\/strong>\u2014 Streaming <a href=\"https:\/\/www.tv5mondeplus.com\/en\/series-et-films-tv\/policier-et-suspense\/rouge-foret\">https:\/\/www.tv5mondeplus.com\/en\/series-et-films-tv\/policier-et-suspense\/rouge-foret<\/a><br>(English ST)<br><br>When their school bus breaks down and their driver disappears, a group of teenagers is forced to spend the night deep in the forest. No help arrives in the days that follow. To survive, our heroes must get organized: find shelter, water, and food. As the days go by, strange phenomena begin to occur. If they want to make it back home, they\u2019ll have to uncover the mystery\u2026 before it\u2019s too late.<br><br>Director: Charles Grenier (Quebec\/Canada, 2025)<br>Cast: Jade Bergeron, Lo\u00efc Bouffard, Florence Boul\u00e9-Moineau<br>Genre: Adventure, family<\/p>\n\n\n\n<p><\/p>\n\n\n\n<p><\/p>\n\n\n\n<h2 class=\"wp-block-heading\"><u>Documentaries<\/u><\/h2>\n\n\n\n<p><strong>Coperni, le couple qui r\u00e9volutionne la mode<\/strong>\u2014 Now streaming: https:\/\/www.tv5mondeplus.com\/en\/culture-et-art-de-vivre\/mode-et-tendances\/coperni-le-couple-qui-revolutionne-la-mode<br>In celebration of Fashion Week<br>(English ST)<br><br>On October 1, 2024, Disneyland Paris hosted its first-ever fashion show, featuring the brand Coperni, founded in 2013 by S\u00e9bastien Meyer and Arnaud Vaillant. Partners in both life and fashion, the duo are a perfect match: Meyer leads the creative vision, while Vaillant runs the business.<br><br>Director: Lo\u00efc Prigent (France, 2024)<br>Genre: Documentary, fashion<\/p>\n\n\n\n<p><\/p>\n\n\n\n<p><strong>Cousu<\/strong>\u2014 Now streaming: https:\/\/www.tv5mondeplus.com\/en\/culture-et-art-de-vivre\/mode-et-tendances\/cousu<br>In celebration of Fashion Week<br>(English ST)<br><br>Dress is not only a personal expression, but also a cultural expression. From Argentina to Belgium and Morocco, actress and presenter Karine Vanasse discovers the world through the world of fashion.<br><br>Director: Julien Cadieux (Canada\/Quebec. 2025)<br>Genre: Fashion series<\/p>\n\n\n\n<p><\/p>\n\n\n\n<p><strong>Berluti<\/strong>\u2014Now streaming: https:\/\/www.tv5mondeplus.com\/en\/culture-et-art-de-vivre\/vie-culturelle-et-artistique\/berluti<br>In celebration of Fashion Week<br>(English ST)<br>\u2022 A major brand of the LVMH Group, founded in 1895, the House of Berluti creates top-end shoes and suits for men. We go behind the scenes to discover the fashioning of these exceptional products, particularly the work of Jean-Michel Casalonga, master shoemaker, and Karim Rebahi, master tailor.<br>Director: Cyril Viguier (France, 2024)<br>Genre: Documentary, fashion<\/p>\n\n\n\n<p><strong>La grande explication<\/strong>\u2014 Streaming Season 7 <a href=\"https:\/\/www.tv5mondeplus.com\/en\/memoire-et-societe\/histoire\/la-grande-explication\">https:\/\/www.tv5mondeplus.com\/en\/memoire-et-societe\/histoire\/la-grande-explication<\/a><br>Now streaming previous seasons: https:\/\/www.tv5mondeplus.com\/en\/memoire-et-societe\/histoire\/la-grande-explication<br>(English ST)<br><br>A documentary web series that sums up, in under five minutes, the events that have marked history.<br><br>Director: Flore-Anne d\u2019Arcimoles (French, 2023)<br>Narrator: Gr\u00e9gory L\u00e9onard<br>Genre: Documentary, web series<\/p>\n\n\n\n<p><\/p>\n\n\n\n<p><\/p>\n\n\n\n<h2 class=\"wp-block-heading\"><span style=\"text-decoration: underline;\">TV5 Monde Cinema<\/span><\/h2>\n\n\n\n<p><strong>Theme: Female Directors <\/strong><\/p>\n\n\n\n<p><strong>Parlez-moi d&#8217;amour<\/strong>\u2014 available beginning September 5<br>(English ST)<br>After fifteen years of living together, a woman decides to separate from her husband and becomes the single parent of their three sons.<br><br>Director: Sophie Marceau (2002)<br>Cast: Judith Godr\u00e8che, Niels Arestrup, Anne Le Ny<br>Genre: Drama<\/p>\n\n\n\n<p><\/p>\n\n\n\n<p><strong>Quitter la nuit<\/strong>\u2014 available beginning September 5<br>(English ST)<br><br>A woman is assaulted, calls the police, and tries to move on from the effects of the aggression.<br><br>Director: Delphine Girard (2024)<br>Cast: Selma Alaoui, Veerle Baetens, Guillaume Duhesme<br>Genre: Drama<\/p>\n\n\n\n<p><\/p>\n\n\n\n<p><strong>Poker<\/strong>\u2014 available beginning September 5<br>(English ST)<br><br>A poker player loses a lot of money to a bar manager and must come up with the amount within 24 hours.<br><br>Director: Catherine Corsini (1987)<br>Cast: Caroline Cellier, Pierre Arditi, Jean-Philippe \u00c9coffey<br>Genre: Thriller<\/p>\n\n\n\n<p><\/p>\n\n\n\n<p><strong>J&#8217;irai ou tu iras<\/strong>\u2014 available beginning September 12<br>(English ST)<br><br>A father finds the perfect opportunity to reunite his daughters, who couldn\u2019t be more different.<br><br>Director: G\u00e9raldine Nakache (2019)<br>Cast: Le\u00efla Bekhti, G\u00e9raldine Nakache, Patrick Timsit<\/p>\n\n\n\n<p><\/p>\n\n\n\n<p><strong>La famille Hennedricks<\/strong>\u2014 available beginning September 12<br>(English ST)<br><br>A desperate mom improvises a family road trip after her son threatens to move in with his father.<br><br>Director: Laurence Arn\u00e9 (2004)<br>Cast: Laurence Arn\u00e9, Dany Boon, Ferdinand Redouloux<br>Genre: Comedy<\/p>\n\n\n\n<p><\/p>\n\n\n\n<p><strong>La cerise sur le g\u00e2teau<\/strong>\u2014 available beginning September 19<br>(English ST)<br><br>A woman suffering from androphobia\u2014a real fear of men\u2014systematically sabotages any romantic relationship that shows signs of becoming serious. Her best friend, who dreams of seeing her in a stable and fulfilling relationship, does her best to help.<br><br>Director: Laura Morante (2012)<br>Cast: Laura Morante, Pascal Elb\u00e9, Isabelle Carr\u00e9<br>Genre: Comedy<\/p>\n\n\n\n<p><\/p>\n\n\n\n<p><strong>Yo mama<\/strong>\u2014 available beginning September 19<br>(English ST)<br><br>French, English subtitles. Shocked by a rap video their eleven-year-old sons created, three mothers decide to make their own video to reconnect with their kids.<br><br>Director: Amadou Mariko, Le\u00efla Sy (2023)<br>Cast: Claudia Tagbo, Zaho, Sophie-Marie Larrouy<br>Genre: Comedy<\/p>\n\n\n\n<p><\/p>\n\n\n\n<p><strong>Un jour mon prince<\/strong>\u2014 available beginning September 19<br>(English ST)<br><br>Two fairies must find Prince Charming in present-day Paris to awaken Sleeping Beauty, who has been asleep for nearly a hundred years. If they fail within five days, the fairy kingdom could disappear forever.<br><br>Director: Flavia Coste (2016)<br>Cast: Sarah-Jeanne Labrosse, Myl\u00e8ne Saint-Sauveur, Jean-Luc Couchard<br>Genre: Comedy<\/p>\n\n\n\n<p><\/p>\n\n\n\n<p><strong>Volontaire<\/strong>\u2014 available beginning September 26<br>(English ST)<br><br>A young woman suddenly decides to join the French Navy.<br><br>Director: H\u00e9l\u00e8ne Filli\u00e8res (2018)<br>Cast: Lambert Wilson, Diane Rouxel, Alex Descas<br>Genre: Drama<\/p>\n\n\n\n<p><\/p>\n\n\n\n<p><strong>Notre dame<\/strong>\u2014 available beginning September 26<br>(English ST)<br><br>French, English subtitles. An architect wins the chance to redesign the forecourt of Notre-Dame Cathedral, leading her to reconnect with an ex.<br><br>Director: Val\u00e9rie Donzelli (2019)<br>Cast: Val\u00e9rie Donzelli, Pierre Deladonchamps, Thomas Scimeca<br>Genre: Comedy<\/p>\n\n\n\n<p><\/p>\n\n\n\n<p><\/p>\n","protected":false},"featured_media":5356849,"menu_order":0,"template":"","app_discipline":[231,219],"app_city_tax":[235,221,214,223,222,220,216,224,217,225,226],"app_event_type":[239,313],"class_list":["post-5355857","app_event","type-app_event","status-publish","has-post-thumbnail","hentry","app_discipline-audiovisual","app_discipline-cinema","app_city_tax-all-cities","app_city_tax-atl","app_city_tax-bos","app_city_tax-chi","app_city_tax-hou","app_city_tax-la","app_city_tax-mia","app_city_tax-nola","app_city_tax-nyc","app_city_tax-sf","app_city_tax-dc","app_event_type-film","app_event_type-film-series"],"acf":[],"yoast_head":"<!-- This site is optimized with the Yoast SEO plugin v27.3 - https:\/\/yoast.com\/product\/yoast-seo-wordpress\/ -->\n<title>TV5MONDE Program Highlights \u2013 September 2025 - Villa Albertine<\/title>\n<meta name=\"robots\" content=\"index, follow, max-snippet:-1, max-image-preview:large, max-video-preview:-1\" \/>\n<link rel=\"canonical\" href=\"https:\/\/villa-albertine.org\/va\/events\/tv5monde-program-highlights-september-2025\/\" \/>\n<meta property=\"og:locale\" content=\"en_US\" \/>\n<meta property=\"og:type\" content=\"article\" \/>\n<meta property=\"og:title\" content=\"TV5MONDE Program Highlights \u2013 September 2025 - Villa Albertine\" \/>\n<meta property=\"og:description\" content=\"Throughout September, the international French-language network TV5 Monde offers a rich lineup of entertaining films, series, and variety shows. Discover our round-up of the must-see programs this month below. TV5 Monde Special C\u00e9r\u00e9monie de cl\u00f4ture Angoul\u00eame \u2014 September 4 at 12:30am ET\/ September 3 at 9:30pm PTThe closing ceremony of the Festival du Film Francophone...\" \/>\n<meta property=\"og:url\" content=\"https:\/\/villa-albertine.org\/va\/events\/tv5monde-program-highlights-september-2025\/\" \/>\n<meta property=\"og:site_name\" content=\"Villa Albertine\" \/>\n<meta property=\"article:modified_time\" content=\"2025-09-03T19:36:41+00:00\" \/>\n<meta property=\"og:image\" content=\"https:\/\/villa-albertine.org\/wp-content\/uploads\/2025\/09\/1328104572546-e1756846865812.jpg\" \/>\n\t<meta property=\"og:image:width\" content=\"2126\" \/>\n\t<meta property=\"og:image:height\" content=\"1137\" \/>\n\t<meta property=\"og:image:type\" content=\"image\/jpeg\" \/>\n<meta name=\"twitter:card\" content=\"summary_large_image\" \/>\n<meta name=\"twitter:label1\" content=\"Est. reading time\" \/>\n\t<meta name=\"twitter:data1\" content=\"13 minutes\" \/>\n<script type=\"application\/ld+json\" class=\"yoast-schema-graph\">{\"@context\":\"https:\\\/\\\/schema.org\",\"@graph\":[{\"@type\":\"WebPage\",\"@id\":\"https:\\\/\\\/villa-albertine.org\\\/va\\\/events\\\/tv5monde-program-highlights-september-2025\\\/\",\"url\":\"https:\\\/\\\/villa-albertine.org\\\/va\\\/events\\\/tv5monde-program-highlights-september-2025\\\/\",\"name\":\"TV5MONDE Program Highlights \u2013 September 2025 - Villa Albertine\",\"isPartOf\":{\"@id\":\"https:\\\/\\\/villa-albertine.org\\\/va\\\/#website\"},\"primaryImageOfPage\":{\"@id\":\"https:\\\/\\\/villa-albertine.org\\\/va\\\/events\\\/tv5monde-program-highlights-september-2025\\\/#primaryimage\"},\"image\":{\"@id\":\"https:\\\/\\\/villa-albertine.org\\\/va\\\/events\\\/tv5monde-program-highlights-september-2025\\\/#primaryimage\"},\"thumbnailUrl\":\"https:\\\/\\\/villa-albertine.org\\\/wp-content\\\/uploads\\\/2025\\\/09\\\/1328104572546-e1756846865812.jpg\",\"datePublished\":\"2025-09-02T21:02:06+00:00\",\"dateModified\":\"2025-09-03T19:36:41+00:00\",\"breadcrumb\":{\"@id\":\"https:\\\/\\\/villa-albertine.org\\\/va\\\/events\\\/tv5monde-program-highlights-september-2025\\\/#breadcrumb\"},\"inLanguage\":\"en-US\",\"potentialAction\":[{\"@type\":\"ReadAction\",\"target\":[\"https:\\\/\\\/villa-albertine.org\\\/va\\\/events\\\/tv5monde-program-highlights-september-2025\\\/\"]}]},{\"@type\":\"ImageObject\",\"inLanguage\":\"en-US\",\"@id\":\"https:\\\/\\\/villa-albertine.org\\\/va\\\/events\\\/tv5monde-program-highlights-september-2025\\\/#primaryimage\",\"url\":\"https:\\\/\\\/villa-albertine.org\\\/wp-content\\\/uploads\\\/2025\\\/09\\\/1328104572546-e1756846865812.jpg\",\"contentUrl\":\"https:\\\/\\\/villa-albertine.org\\\/wp-content\\\/uploads\\\/2025\\\/09\\\/1328104572546-e1756846865812.jpg\",\"width\":2126,\"height\":1137,\"caption\":\"\\\"la cerise sur le gateau\\\" un film de Laura Morante\"},{\"@type\":\"BreadcrumbList\",\"@id\":\"https:\\\/\\\/villa-albertine.org\\\/va\\\/events\\\/tv5monde-program-highlights-september-2025\\\/#breadcrumb\",\"itemListElement\":[{\"@type\":\"ListItem\",\"position\":1,\"name\":\"Home\",\"item\":\"https:\\\/\\\/villa-albertine.org\\\/va\\\/\"},{\"@type\":\"ListItem\",\"position\":2,\"name\":\"TV5MONDE Program Highlights \u2013 September 2025\"}]},{\"@type\":\"WebSite\",\"@id\":\"https:\\\/\\\/villa-albertine.org\\\/va\\\/#website\",\"url\":\"https:\\\/\\\/villa-albertine.org\\\/va\\\/\",\"name\":\"Villa Albertine\",\"description\":\"\",\"potentialAction\":[{\"@type\":\"SearchAction\",\"target\":{\"@type\":\"EntryPoint\",\"urlTemplate\":\"https:\\\/\\\/villa-albertine.org\\\/va\\\/?s={search_term_string}\"},\"query-input\":{\"@type\":\"PropertyValueSpecification\",\"valueRequired\":true,\"valueName\":\"search_term_string\"}}],\"inLanguage\":\"en-US\"}]}<\/script>\n<!-- \/ Yoast SEO plugin. -->","yoast_head_json":{"title":"TV5MONDE Program Highlights \u2013 September 2025 - Villa Albertine","robots":{"index":"index","follow":"follow","max-snippet":"max-snippet:-1","max-image-preview":"max-image-preview:large","max-video-preview":"max-video-preview:-1"},"canonical":"https:\/\/villa-albertine.org\/va\/events\/tv5monde-program-highlights-september-2025\/","og_locale":"en_US","og_type":"article","og_title":"TV5MONDE Program Highlights \u2013 September 2025 - Villa Albertine","og_description":"Throughout September, the international French-language network TV5 Monde offers a rich lineup of entertaining films, series, and variety shows. Discover our round-up of the must-see programs this month below. TV5 Monde Special C\u00e9r\u00e9monie de cl\u00f4ture Angoul\u00eame \u2014 September 4 at 12:30am ET\/ September 3 at 9:30pm PTThe closing ceremony of the Festival du Film Francophone...","og_url":"https:\/\/villa-albertine.org\/va\/events\/tv5monde-program-highlights-september-2025\/","og_site_name":"Villa Albertine","article_modified_time":"2025-09-03T19:36:41+00:00","og_image":[{"width":2126,"height":1137,"url":"https:\/\/villa-albertine.org\/wp-content\/uploads\/2025\/09\/1328104572546-e1756846865812.jpg","type":"image\/jpeg"}],"twitter_card":"summary_large_image","twitter_misc":{"Est. reading time":"13 minutes"},"schema":{"@context":"https:\/\/schema.org","@graph":[{"@type":"WebPage","@id":"https:\/\/villa-albertine.org\/va\/events\/tv5monde-program-highlights-september-2025\/","url":"https:\/\/villa-albertine.org\/va\/events\/tv5monde-program-highlights-september-2025\/","name":"TV5MONDE Program Highlights \u2013 September 2025 - Villa Albertine","isPartOf":{"@id":"https:\/\/villa-albertine.org\/va\/#website"},"primaryImageOfPage":{"@id":"https:\/\/villa-albertine.org\/va\/events\/tv5monde-program-highlights-september-2025\/#primaryimage"},"image":{"@id":"https:\/\/villa-albertine.org\/va\/events\/tv5monde-program-highlights-september-2025\/#primaryimage"},"thumbnailUrl":"https:\/\/villa-albertine.org\/wp-content\/uploads\/2025\/09\/1328104572546-e1756846865812.jpg","datePublished":"2025-09-02T21:02:06+00:00","dateModified":"2025-09-03T19:36:41+00:00","breadcrumb":{"@id":"https:\/\/villa-albertine.org\/va\/events\/tv5monde-program-highlights-september-2025\/#breadcrumb"},"inLanguage":"en-US","potentialAction":[{"@type":"ReadAction","target":["https:\/\/villa-albertine.org\/va\/events\/tv5monde-program-highlights-september-2025\/"]}]},{"@type":"ImageObject","inLanguage":"en-US","@id":"https:\/\/villa-albertine.org\/va\/events\/tv5monde-program-highlights-september-2025\/#primaryimage","url":"https:\/\/villa-albertine.org\/wp-content\/uploads\/2025\/09\/1328104572546-e1756846865812.jpg","contentUrl":"https:\/\/villa-albertine.org\/wp-content\/uploads\/2025\/09\/1328104572546-e1756846865812.jpg","width":2126,"height":1137,"caption":"\"la cerise sur le gateau\" un film de Laura Morante"},{"@type":"BreadcrumbList","@id":"https:\/\/villa-albertine.org\/va\/events\/tv5monde-program-highlights-september-2025\/#breadcrumb","itemListElement":[{"@type":"ListItem","position":1,"name":"Home","item":"https:\/\/villa-albertine.org\/va\/"},{"@type":"ListItem","position":2,"name":"TV5MONDE Program Highlights \u2013 September 2025"}]},{"@type":"WebSite","@id":"https:\/\/villa-albertine.org\/va\/#website","url":"https:\/\/villa-albertine.org\/va\/","name":"Villa Albertine","description":"","potentialAction":[{"@type":"SearchAction","target":{"@type":"EntryPoint","urlTemplate":"https:\/\/villa-albertine.org\/va\/?s={search_term_string}"},"query-input":{"@type":"PropertyValueSpecification","valueRequired":true,"valueName":"search_term_string"}}],"inLanguage":"en-US"}]}},"_links":{"self":[{"href":"https:\/\/villa-albertine.org\/va\/wp-json\/wp\/v2\/app_event\/5355857","targetHints":{"allow":["GET"]}}],"collection":[{"href":"https:\/\/villa-albertine.org\/va\/wp-json\/wp\/v2\/app_event"}],"about":[{"href":"https:\/\/villa-albertine.org\/va\/wp-json\/wp\/v2\/types\/app_event"}],"wp:featuredmedia":[{"embeddable":true,"href":"https:\/\/villa-albertine.org\/va\/wp-json\/wp\/v2\/media\/5356849"}],"wp:attachment":[{"href":"https:\/\/villa-albertine.org\/va\/wp-json\/wp\/v2\/media?parent=5355857"}],"wp:term":[{"taxonomy":"app_discipline","embeddable":true,"href":"https:\/\/villa-albertine.org\/va\/wp-json\/wp\/v2\/app_discipline?post=5355857"},{"taxonomy":"app_city_tax","embeddable":true,"href":"https:\/\/villa-albertine.org\/va\/wp-json\/wp\/v2\/app_city_tax?post=5355857"},{"taxonomy":"app_event_type","embeddable":true,"href":"https:\/\/villa-albertine.org\/va\/wp-json\/wp\/v2\/app_event_type?post=5355857"}],"curies":[{"name":"wp","href":"https:\/\/api.w.org\/{rel}","templated":true}]}}