{"id":4716432,"date":"2025-07-07T20:17:16","date_gmt":"2025-07-07T20:17:16","guid":{"rendered":"https:\/\/villa-albertine.org\/va\/?post_type=app_event&#038;p=4716432"},"modified":"2025-07-28T16:39:39","modified_gmt":"2025-07-28T16:39:39","slug":"tv5monde-program-highlights-july-2025","status":"publish","type":"app_event","link":"https:\/\/villa-albertine.org\/va\/events\/tv5monde-program-highlights-july-2025\/","title":{"rendered":"TV5MONDE Program Highlights \u2013 July 2025"},"content":{"rendered":"\n<p>Throughout July, the international French-language network TV5 Monde offers a rich lineup of entertaining films, series, and variety shows.<\/p>\n\n\n\n<p>Discover our round-up of the must-see programs this month below. <\/p>\n\n\n\n<p>Click <a href=\"https:\/\/villa-albertine.org\/va\/events\/tv5monde-program-highlights-august-2025\/\">here <\/a>to discovers the TV5MONDE Program Highlights for August 2025<\/p>\n\n\n\n<h1 class=\"wp-block-heading\"><span style=\"text-decoration: underline;\">TV5 Monde<\/span><\/h1>\n\n\n\n<h2 class=\"wp-block-heading\"><span style=\"text-decoration: underline;\">Special<\/span><\/h2>\n\n\n\n<p><strong>Tour de France 2025\u2014<\/strong>July 5 to July 27 at 2:30pm ET\/11:30am PT<br>The Tour de France 2025 will take place from July 5 to 27, starting in Lille, France, and finishing on the Champs-\u00c9lys\u00e9es in Paris, marking a return to tradition after the 2024 finish in Nice. Unlike previous editions, the entire race will remain within French borders, covering approximately 3,320 kilometers across 21 stages, including 7 flat stages, 6 hilly, 6 mountain, and 2 individual time trials. The route features five summit finishes\u2014Hautacam, Luchon-Superbagn\u00e8res, Mont Ventoux, Courchevel\/Col de la Loze, and La Plagne Tarentaise\u2014and includes two rest days. For the first time, 23 teams will take part, totaling 176 riders.<\/p>\n\n\n\n<p><\/p>\n\n\n\n<p><strong>Tour de France Femmes 2025\u2014<\/strong>July 26 at 4:30pm ET\/1:30pm PT; July 27 to August 3 at 2:30pm ET\/11:30am PT<br>The Tour de France Femmes 2025 will take place from July 26 to August 3, covering 1,165 km over nine stages \u2014 its longest and toughest edition yet. Starting in Brittany and ending in the Alps, the race features a mix of flat, hilly, and mountainous stages, including two major summit finishes on Col de la Madeleine and Col de Joux Plane. With no time trial and over 17,000 meters of climbing, the race is designed to favor climbers and general classification contenders. Top riders like Anna van der Breggen and Pauline Ferrand-Pr\u00e9vot are expected to make strong returns in what promises to be a landmark year for women\u2019s cycling.<\/p>\n\n\n\n<p><\/p>\n\n\n\n<p><strong>Bastille Day Parade 2025 LIVE<\/strong>\u2014July 14 at 4:00am ET\/1:00am PT<br>Celebrate Bastille Day with a broadcast of the military parade.<\/p>\n\n\n\n<p><\/p>\n\n\n\n<p><strong>D\u00e9fil\u00e9 Militaire et Civil du 21 Juillet<\/strong>\u2014July 21 at 6:30pm ET\/3:30pm PT<br>The Belgian National Day is celebrated with a military and civil parade.<\/p>\n\n\n\n<p><\/p>\n\n\n\n<p><\/p>\n\n\n\n<h2 class=\"wp-block-heading\"><span style=\"text-decoration: underline;\">Films<\/span><\/h2>\n\n\n\n<p><strong>L&#8217;air de la mer rend libre<\/strong>\u2014July 6 at 8:30pm ET\/5:30pm PT<br><em>US premiere<\/em><br>(English ST)<br><br>Sa\u00efd and Hadjira, of Algerian origin, live in Rennes. While Sa\u00efd has a secret relationship with Vincent, Hadjira has just come out of a complicated affair tinged with legal problems. Their families offer them an arranged marriage. To buy their peace and freedom, they agree to unite under the illusion of respecting tradition.<\/p>\n\n\n\n<p><strong>Director:<\/strong> Nadir Mokn\u00e8che (France, 2022)<br><strong>Cast:<\/strong> Youssouf Abi-Ayad, Kenza Fortas, Saadia Benta\u00efeb, Zinedine Soualem, Lubna Azabal<br><strong>Genre: <\/strong>Drama<br><strong>Awards:<\/strong> Selected for the Florence French Film Festival (Italy, 2023), Vienna French Film Festival (Austria, 2024) and Angoul\u00eame French Film Festival (France, 2025)<\/p>\n\n\n\n<p><\/p>\n\n\n\n<p><strong>L&#8217;amour du monde<\/strong>\u2014July 11 at 9:30pm ET\/6:30pm PT<br>Also streaming on TV5MONDplus: https:\/\/www.tv5mondeplus.com\/en\/cinema\/drame\/l-amour-du-monde<br>(English ST)<br><br>Margaux, 15 years old, is spending her holidays with her father and his new partner. During an internship at a home for children in difficulty, she befriends Juliette, 7 years old, and Joel, a thirty-something fisherman returning from Indonesia. A meeting that will upend her summer\u2026<br><br><strong>Director<\/strong>: Jenna Hasse (Switzerland, 2023)<br><strong>Cast<\/strong>: Clarisse Moussa, Esin Demircan, Marc Oosterhoff, Pierre Mifsud<br><strong>Genre<\/strong>: Drama<br><strong>Awards<\/strong>: Prix du cin\u00e9ma Suisse Best Film Nominee (2024), Berlinale Best Film Winner (2023)<\/p>\n\n\n\n<p><\/p>\n\n\n\n<p><strong>I love Greece <\/strong>\u2014 July 13 at 8:30pm ET\/5:30pm PT<br>Also streaming on TV5MONDplus: https:\/\/www.tv5mondeplus.com\/en\/cinema\/comedie\/i-love-greece <br>(English ST)<br><br>Jean and Marina, a Franco-Greek couple, go to Athens for the summer vacation. There they find Marina&#8217;s exuberant family and a Greece in crisis. While they plan to spend a few romantic days on a small island in the Cyclades, the whole family decides to accompany them.<br><br><strong>Director<\/strong>: Nafsika Guerry-Karamaounas (France, 2021)<br><strong>Cast<\/strong>: Nafsika Guerry-Karamaounas, Stacy Martin, Vincent Dedienne, Maria Apostolakea, Panagos Ioakeim<br><strong>Genre<\/strong>: Comedy<\/p>\n\n\n\n<p><\/p>\n\n\n\n<p><strong>Drancy Avenir<\/strong>\u2014 July 15 at 8:30pm ET\/5:30pm PT<br><em>In commemoration of the V\u00e9lodrome d&#8217;Hiver Roundup of July 16, 1942<\/em><br><em>Also streaming on TV5MONDplus beginning July 2<\/em><br>(English ST)<\/p>\n\n\n\n<p>A Holocaust survivor, a young historian, and a text by Conrad evoke the barbarity of the Nazis and its constantly potential resurgence.<\/p>\n\n\n\n<p><strong>Director:<\/strong> Arnaud des Palli\u00e8res (France, 1997)<br><strong>Cast:<\/strong> Aude Amiot, Thierry Bosc, Anne-Lisa Nathan<br><strong>Genre: <\/strong>Drama, history<\/p>\n\n\n\n<p><\/p>\n\n\n\n<p><strong>Les rayons gamma<\/strong>\u2014July 22 at 8:30pm ET\/5:30pm PT<br>(English ST)<\/p>\n\n\n\n<p>Three teenagers kill time in the Montr\u00e9al suburbs. Fatima is angry and longs for a more stable existence. Abdel&#8217;s quiet life is turned upside down by the arrival of his cousin, while Toussaint catches a bottle containing a mysterious message. Their stories intertwine under the powerful rays of the summer sun.<\/p>\n\n\n\n<p><strong>Director:<\/strong> Henry Bernadet (Canada\/Quebec, 2023)<br><strong>Cast:<\/strong> Cha\u00efmaa Zineddine Elidrissi, Chris Kanyembuga, Yassine Jabrane, Hani Laroum<br><strong>Genre: <\/strong>Dramedy<br><strong>Awards:<\/strong> Grand Jury Prize at the Slamdance Festival (United States, 2025)<\/p>\n\n\n\n<p><\/p>\n\n\n\n<p><strong>L\u2019amour d\u2019une femme<\/strong>\u2014July 24 at 8:30pm ET\/5:30pm PT<br><em>Also streaming on TV5MONDEplus: <\/em><a href=\"https:\/\/www.tv5mondeplus.com\/en\/cinema\/drame\/l-amour-d-une-femme\"><em>https:\/\/www.tv5mondeplus.com\/en\/cinema\/drame\/l-amour-d-une-femme<\/em><\/a><br>(English ST)<\/p>\n\n\n\n<p>Marie Prieur, a young doctor, takes up a post on Ouessant Island. Quickly adopted by the inhabitants, she becomes friends with the schoolteacher. When she falls in love with a young engineer, Andr\u00e9 Lorenzi, he quickly makes it clear that she must choose between marriage and her profession.<\/p>\n\n\n\n<p><strong>Director:<\/strong> Jean Gr\u00e9millon (France, Italy, 1953)<br><strong>Cast:<\/strong> Micheline Presle, Massimo Girotti, Gaby Morlay, Paolo Stoppa<br><strong>Genre: <\/strong>Drama<\/p>\n\n\n\n<p><\/p>\n\n\n\n<p><strong>La cordonni\u00e8re<\/strong>\u2014July 25 at 11:30pm ET\/8:30pm PT<br><em>Also streaming on TV5MONDEplus: <\/em><a href=\"https:\/\/www.tv5mondeplus.com\/en\/cinema\/drame\/la-cordonniere\"><em>https:\/\/www.tv5mondeplus.com\/en\/cinema\/drame\/la-cordonniere<\/em><\/a><br>(English ST)<\/p>\n\n\n\n<p>Victoire Du Sault, a bold and visionary shoemaker, founded the company that made the fortune of the Dufresne family. But to achieve the success she sought, she had to abandon her first great love. A secret that, whatever happened, she needed to keep secret from her husband.<\/p>\n\n\n\n<p><strong>Director:<\/strong> Fran\u00e7ois Bouvier (Canada\/Quebec, 2023)<br><strong>Cast:<\/strong> Rose-Marie Perreault, Pierre-Yves Cardinal, Madeleine P\u00e9loquin, Jeff Boudreault, Anick Lemay<br><strong>Genre: <\/strong>Drama<br><strong>Awards:<\/strong> Le Gala Quebec Cinema Best Hairstyling Winner, Best Visual Effects and Best Costume Design Nominees (2023)<\/p>\n\n\n\n<p><\/p>\n\n\n\n<p><strong>Ils sont vivants<\/strong>\u2014 July 27 at 11:30pm ET\/8:30pm PT<br>(English ST)<\/p>\n\n\n\n<p>Recently widowed, B\u00e9atrice lives with her son and her mother. Her meeting with Mokhtar, an Iranian teacher who arrived in Europe illegally, turns her life and her beliefs upside-down. Her love for him will drive her to defy the prejudice of those around her and the laws of her country.<\/p>\n\n\n\n<p><strong>Director: <\/strong>J\u00e9r\u00e9mie Elka\u00efm (France, 2022)<br><strong>Cast: <\/strong>Marina Fo\u00efs, Seear Kohi, Laetitia Dosch, Igor Van Dessel<br><strong>Genre: <\/strong>Dramedy<\/p>\n\n\n\n<p><\/p>\n\n\n\n<div class=\"wp-block-group\"><div class=\"wp-block-group__inner-container is-layout-constrained wp-block-group-is-layout-constrained\">\n<div class=\"wp-block-group is-vertical is-layout-flex wp-container-core-group-is-layout-8cf370e7 wp-block-group-is-layout-flex\">\n<p><\/p>\n\n\n\n<p><\/p>\n<\/div>\n<\/div><\/div>\n\n\n\n<h2 class=\"wp-block-heading\"><span style=\"text-decoration: underline;\"><span style=\"text-decoration: underline;\">Series<\/span><\/span><\/h2>\n\n\n\n<p><strong>Wilder<\/strong>\u2014Tuesdays starting July 1 at 11:30pm ET\/8:30pm PT<br><em>Season 2<\/em><br><em>Also streaming on TV5MONDEplus: <\/em><a href=\"https:\/\/www.tv5mondeplus.com\/en\/series-et-films-tv\/policier-et-suspense\/wilder\"><em>https:\/\/www.tv5mondeplus.com\/en\/series-et-films-tv\/policier-et-suspense\/wilder<\/em><\/a><br>(English ST)<\/p>\n\n\n\n<p>The investigations of Rosa Wilder, a police inspector from Berne. Now back in her small home town in the Swiss Alps, she faces a succession of particularly dark crimes. The series weaves close ties between the setting, the investigations and Rosa Wilder&#8217;s private life.<\/p>\n\n\n\n<p>Ep. 1: Following a triple murder in a small village in the Swiss Jura, Inspector Rosa Wilder finds herself facing a population in a state of shock. With the only witness to the tragedy in danger, Rosa&#8217;s father, recently released from prison, seeks to get in touch with his daughter and grandson.<\/p>\n\n\n\n<p><strong>Director: <\/strong>Pierre Monnard, Jan-Eric Mack (Switzerland, 2019)<br><strong>Cast: <\/strong>Sarah Spale, Marcus Signer, Andreas Matti, Ruth Schwegler, Manuela Biedermann, Ueli J\u00e4ggi, Edon Rizvanolli<br><strong>Genre:<\/strong> Thriller<\/p>\n\n\n\n<p><br><\/p>\n\n\n\n<h2 class=\"wp-block-heading\"><span style=\"text-decoration: underline;\"><span style=\"text-decoration: underline;\">Documentaries<\/span><\/span><\/h2>\n\n\n\n<p><strong>Mon village \u00e0 l&#8217;heure du tour<\/strong>\u2014 July 3 at 3:00pm ET\/12:00pm PT<br><em>In celebration of the Tour de France, from July 5 to 27<\/em><br><em>Also streaming on TV5MONDEplus: <\/em><a href=\"https:\/\/www.tv5mondeplus.com\/en\/culture-et-art-de-vivre\/sports-et-loisirs\/mon-village-a-l-heure-du-tour\"><em>https:\/\/www.tv5mondeplus.com\/en\/culture-et-art-de-vivre\/sports-et-loisirs\/mon-village-a-l-heure-du-tour<\/em><\/a><br>(English ST)<\/p>\n\n\n\n<p>\u00c9vaux-les-Bains in the Creuse, 10 July 2024. For the first time this little town, population 1,300, will host a sporting event of global renown: the Tour de France. The mayor and his team spend a year finalising the flamboyant preparations for this 11th stage. An immersive visit behind the scenes.<\/p>\n\n\n\n<p><strong>Director:<\/strong> Camille Monin (France 2024)<br><strong>Genre: <\/strong>Documentary, sports<\/p>\n\n\n\n<p><\/p>\n\n\n\n<p><strong>La course en t\u00eate<\/strong>\u2014 July 8 at 8:30pm ET\/5:30pm PT<br><em>In celebration of the Tour de France, from July 5 to 27<\/em><br><em>Also streaming on TV5MONDEplus beginning July 2<\/em><br>(English ST)<\/p>\n\n\n\n<p>Belgian racing cyclist Eddy Merckx won everything between 1966 and 1976. A total of six hundred and twenty-five victories. In 1974, Jo\u00ebl Santoni made a film about the professional and private life of this great champion, nicknamed &#8221;the Cannibal&#8221;.<\/p>\n\n\n\n<p><strong>Director:<\/strong> Jo\u00ebl Santoni (France, Belgium 1974)<br><strong>Genre: <\/strong>Documentary, sports<br><strong>Awards:<\/strong> Perspectives on French cinema &#8211; Cannes (France, 1974)<br><\/p>\n\n\n\n<p><\/p>\n\n\n\n<p><strong>Le Tour de France : une passion fran\u00e7aise<\/strong>\u2014 July 9 at 8:30pm ET\/5:30pm PT<br><em>In celebration of the Tour de France, from July 5 to 27<\/em><br>(English ST)<\/p>\n\n\n\n<p>Since its creation in 1903, the Tour de France has shaped the French collective memory, establishing itself as one of the country&#8217;s most unifying sports events. How did it become such an intrinsic part of French life? We look back over 120 years of personal accounts and archive footage.<\/p>\n\n\n\n<p><strong>Director:<\/strong> Jean-Louis Perez (France 2023)<br><strong>Genre: <\/strong>Documentary, sports<br><\/p>\n\n\n\n<p><\/p>\n\n\n\n<p><strong>Les joueuses #pasl\u00e0pourdanser<\/strong><em>\u2014<\/em> July 20 at 8:30pm ET\/5:30pm PT<br><em>Also streaming on TV5MONDEplus: <\/em><a href=\"https:\/\/www.tv5mondeplus.com\/en\/cinema\/documentaire\/les-joueuses-paslapourdanser-1\"><em>https:\/\/www.tv5mondeplus.com\/en\/cinema\/documentaire\/les-joueuses-paslapourdanser-1<\/em><\/a><br>(English ST)<\/p>\n\n\n\n<p>The Olympique Lyonnais players are among the best having gone from victory to victory and won the French championship thirteen times. A glimpse into their daily lives, asking us to change the way we look at the place of women in sport, where the values of respect and openness are essential to move towards equality.<\/p>\n\n\n\n<p><strong>Director: <\/strong>St\u00e9phanie Gillard (France, 2019)<br><strong>Genre:<\/strong> Documentary, sports<br><strong>Awards:<\/strong> Selected at Copenhagen International Documentary Film Festival (Denmark, 2021); Tallinn Black Nights Film Festival (Estonia, 2020); Dublin IFI French Film Festival (Ireland, 2020) and Hof International Film Festival (Germany, 2020)<strong><br><\/strong><\/p>\n\n\n\n<p><br><br><\/p>\n\n\n\n<p><\/p>\n\n\n\n<h1 class=\"wp-block-heading\"><span style=\"text-decoration: underline;\">TV5 Monde Plus<\/span><\/h1>\n\n\n\n<h2 class=\"wp-block-heading\"><span style=\"text-decoration: underline;\">Films<\/span><\/h2>\n\n\n\n<p><strong>C\u2019est mon homme<\/strong>\u2014 Streaming beginning July 2<br>(English ST)<\/p>\n\n\n\n<p>Julien Delaunay disappeared on a battlefield during the Great War. When the press publishes a portrait of a man with amnesia, Julie is sure she recognizes her husband. So they meet up again and learn to love each other all over again. However, another woman wants him&#8230;<\/p>\n\n\n\n<p><strong>Director: <\/strong>Guillaume Bureau (France, Belgium, 2022)<br><strong>Cast:<\/strong> Le\u00efla Bekhti, Karim Leklou, Louise Bourgoin, Jean-Charles Clichet<br><strong>Genre: <\/strong>Drama<br><strong>Awards:<\/strong> selected for the Munich Film Festival &#8211; Spotlight section (Germany, 2023), Festival du film francophone d&#8217;Angoul\u00eame (France, 2022), Tapis Rouge, Festival du film fran\u00e7ais &#8211; Romance section (Netherlands, 2022)<\/p>\n\n\n\n<p><\/p>\n\n\n\n<p><strong>Et la f\u00eate continue !\u2014<\/strong> Streaming beginning July 2<br>(English ST)<\/p>\n\n\n\n<p>In Marseille, sixty-year-old Rosa juggles the demands of her tight-knit family, her career as a nurse, and her deep involvement in politics. But as retirement nears, she begins to question the ideals that once guided her. A chance encounter with Henri inspires her to believe that it&#8217;s never too late to pursue the life she truly wants.<\/p>\n\n\n\n<p><strong>Director: <\/strong>Robert Gu\u00e9diguian (France, 2023)<br><strong>Cast:<\/strong> Ariane Ascaride, Jean-Pierre Darroussin, Lola Naymark<br><strong>Genre: <\/strong>Dramedy<br><strong>Awards:<\/strong> selected at Cin\u00e9mania (Canada\/Quebec, 2023), French Language Film Festival of Greece (Greece, 2024)<\/p>\n\n\n\n<p><\/p>\n\n\n\n<p><\/p>\n\n\n\n<h2 class=\"wp-block-heading\"><span style=\"text-decoration: underline;\">Series<\/span><\/h2>\n\n\n\n<p><strong>Mea Culpa\u2014<\/strong> Now streaming Seasons 1 &amp; 2: <a href=\"https:\/\/www.tv5mondeplus.com\/en\/series-et-films-tv\/policier-et-suspense\/mea-culpa\">https:\/\/www.tv5mondeplus.com\/en\/series-et-films-tv\/policier-et-suspense\/mea-culpa<\/a><br>(English ST)<\/p>\n\n\n\n<p>Lieutenant Serge N&#8217;Da, criminologist, interviews prisoners to find out what darkness lies within them. With each interview, he delves into the intricacies of their tortured minds to understand what drove them to commit the irreparable. A fascinating and terrifying journey into the human psyche, inspired by true events.<\/p>\n\n\n\n<p><strong>Director: <\/strong>Herv\u00e9 Achi (Ivory Coast, 2022)<br><strong>Cast:<\/strong> Arthur Longville<br><strong>Genre: <\/strong>Drama, detective, thriller<\/p>\n\n\n\n<p><\/p>\n\n\n\n<p><strong>Chef d\u2019orchestre\u2014<\/strong> Now streaming Season 1: <a href=\"https:\/\/www.tv5mondeplus.com\/en\/series-et-films-tv\/comedie-dramatique\/chef-d-orchestre\">https:\/\/www.tv5mondeplus.com\/en\/series-et-films-tv\/comedie-dramatique\/chef-d-orchestre<\/a><br>(English ST)<\/p>\n\n\n\n<p>Joseph has been a musician for 20 years and dreams of releasing his first album. Unfortunately, his creativity is at a low ebb due to heartbreak. Ariane, his ambitious agent, becomes his flatmate for a while. She is going to do everything in her power to help him overcome his break-up and rediscover his talent.<\/p>\n\n\n\n<p><strong>Director: <\/strong>St\u00e9phane Lafleur (Canada\/Quebec, 2025)<br><strong>Cast:<\/strong> Joseph Marchand, Julianne C\u00f4t\u00e9, Guillaume Cyr<br><strong>Genre: <\/strong>Dramedy<\/p>\n\n\n\n<p><\/p>\n\n\n\n<p><\/p>\n\n\n\n<h2 class=\"wp-block-heading\"><u>Documentaries<\/u><\/h2>\n\n\n\n<p><strong>H\u00f4tel du temps: Jean Gabin<\/strong>\u2014Now streaming: <a href=\"https:\/\/www.tv5mondeplus.com\/en\/memoire-et-societe\/portraits\/hotel-du-temps-jean-gabin\">https:\/\/www.tv5mondeplus.com\/en\/memoire-et-societe\/portraits\/hotel-du-temps-jean-gabin<\/a><\/p>\n\n\n\n<p>With the help of cutting-edge technology, enabling actors to have the faces and voices of celebrities who are no longer with us, host Thierry Ardisson brings Jean Gabin (1904-1976) back to life through interviews, film extracts and family archives. A close-up look at the wild child from the banks of the Oise River, who became the king of music-hall, part of iconic duets with the biggest stars and starred in unforgettable masterpieces of French cinema&#8230;<\/p>\n\n\n\n<p><strong>Director: <\/strong>Serge Khalfon (France, 2021)<br><strong>Host:<\/strong> Thierry Ardisson<br><strong>Genre:<\/strong> Documentary series, biopic<strong><br><\/strong><\/p>\n\n\n\n<p><\/p>\n\n\n\n<p><\/p>\n\n\n\n<p><\/p>\n\n\n\n<h2 class=\"wp-block-heading\"><span style=\"text-decoration: underline;\">TV5 Monde Cinema<\/span><\/h2>\n\n\n\n<p><strong>Theme: Family and vacation films<\/strong><br><\/p>\n\n\n\n<p><strong>Cookie<\/strong>\u2014 available beginning July 4<br>(English ST)<\/p>\n\n\n\n<p>After losing her husband and child, a flight attendant unexpectedly finds herself caring for a young boy who doesn\u2019t speak a word of French.<\/p>\n\n\n\n<p><strong>Director: <\/strong>L\u00e9a Fazer (2013)<br><strong>Cast: <\/strong>Alice Taglioni, Virginie Efira, Mehdi Nebbou<br><strong>Genre: <\/strong>Drama<\/p>\n\n\n\n<p><\/p>\n\n\n\n<p><strong>King Guillaume<\/strong>\u2014 available beginning July 4<br>(English ST)<\/p>\n\n\n\n<p>Life becomes complicated for a loving couple when the husband is contacted by his estranged father.<\/p>\n\n\n\n<p><strong>Director: <\/strong>Pierre-Fran\u00e7ois Martin-Laval (2009)<br><strong>Cast: <\/strong>Florence Foresti, Pierre-Fran\u00e7ois Martin-Laval, Pierre Richard<br><strong>Genre:<\/strong> Comedy<\/p>\n\n\n\n<p><\/p>\n\n\n\n<p><strong>Tout nous s\u00e9pare<\/strong>\u2014 available beginning July 4<br>(English ST)<\/p>\n\n\n\n<p>Entangled with the drug dealer who feeds her addiction, the daughter of a powerful businesswoman spirals out of control and falls victim to dangerous blackmail.<\/p>\n\n\n\n<p><strong>Director: <\/strong>Thierry Klifa (2017)<br><strong>Cast: <\/strong>Catherine Deneuve, Diane Kruger, Nicolas Duvauchelle<br><strong>Genre: <\/strong>Thriller<\/p>\n\n\n\n<p><\/p>\n\n\n\n<p><strong>Veuillez nous excuser pour la g\u00eane occasionn\u00e9e<\/strong>\u2014 available beginning July 11<br>(English ST)<\/p>\n\n\n\n<p>A train ticket inspector embarks on a frantic race through multiple carriages in a desperate attempt to pass a performance evaluation.<\/p>\n\n\n\n<p><strong>Director: <\/strong>Olivier Van Hoofstadt (2023)<br><strong>Cast: <\/strong>Artus, Elsa Zylberstein, Benjamin Trani\u00e9<br><strong>Genre: <\/strong>Comedy<\/p>\n\n\n\n<p><\/p>\n\n\n\n<p><strong>L&#8217;\u00eele aux tr\u00e9sors<\/strong>\u2014 available beginning July 11<br>(English ST)<\/p>\n\n\n\n<p>A young Jim Hawkins embarks on a treasure hunt led by a map from the one-legged pirate, Long John Silver.<\/p>\n\n\n\n<p><strong>Director: <\/strong>Alain Berb\u00e9rian (2007)<br><strong>Cast: <\/strong>G\u00e9rard Jugnot, Alice Taglioni, Jean-Paul Rouve<br><strong>Genre: <\/strong>Adventure<\/p>\n\n\n\n<p><\/p>\n\n\n\n<p><strong>Paris Willouby<\/strong>\u2014 available beginning July 18<br>(English ST)<\/p>\n\n\n\n<p>Between the father, stepmother, little sister, brother, half-sister, and even a half-uncle, it\u2019s sometimes hard for this family to keep track of who\u2019s who.<\/p>\n\n\n\n<p><strong>Director: <\/strong>Arthur Delaire, Quentin Reynaud (2015)<br><strong>Cast: <\/strong>Isabelle Carr\u00e9, St\u00e9phane De Groodt, Alex Lutz<br><strong>Genre: <\/strong>Dramedy<\/p>\n\n\n\n<p><\/p>\n\n\n\n<p><strong>Perdrix<\/strong>\u2014 available beginning July 18<br>(English ST)<\/p>\n\n\n\n<p>When the mysterious woman enters their lives, a police officer and his family are thrown into turmoil.<\/p>\n\n\n\n<p><strong>Director: <\/strong>Erwan Le Duc (2019)<br><strong>Cast: <\/strong>Swann Arlaud, Maud Wyler, Fanny Ardant<br><strong>Genre: <\/strong>Dramedy<\/p>\n\n\n\n<p><\/p>\n\n\n\n<p><strong>Bronz\u00e9s 3, amis pour la vie<\/strong>\u2014 available beginning July 18<br>(English ST)<\/p>\n\n\n\n<p>After 20 years, a group of friends meet up again.<\/p>\n\n\n\n<p><strong>Director: <\/strong>Patrice Leconte (2006)<br><strong>Cast: <\/strong>Josiane Balasko, Michel Blanc, Marie-Anne Chazel<br><strong>Genre: <\/strong>Comedy<\/p>\n\n\n\n<p><\/p>\n\n\n\n<p><strong>Parents d&#8217;\u00e9l\u00e8ves<\/strong>\u2014 available beginning July 25<br>(English ST)<\/p>\n\n\n\n<p>A 30-year-old makes a living babysitting both animals and children. His latest job is looking after 9-year-old Bart, who just moved into the building with his overworked, single mother.<\/p>\n\n\n\n<p><strong>Director: <\/strong>No\u00e9mie Saglio (2020)<br><strong>Cast: <\/strong>Vincent Dedienne, Cam\u00e9lia Jordana, Samir Guesmi<br><strong>Genre: <\/strong>Dramedy<\/p>\n\n\n\n<p><\/p>\n\n\n\n<p><strong>Belle fille<\/strong>\u2014 available beginning July 25<br>(English ST)<\/p>\n\n\n\n<p>After discovering her husband\u2019s infidelity, Louise escapes to Corsica for the weekend. There, she meets a charming stranger. But after a night together, she\u2019s unable to wake him the next morning.<\/p>\n\n\n\n<p><strong>Director: <\/strong>M\u00e9liane Marcaggi (2020)<br><strong>Cast: <\/strong>Alexandra Lamy, Miou-Miou, Jonathan Zacca\u00ef<br><strong>Genre: <\/strong>Comedy<\/p>\n\n\n\n<p><\/p>\n","protected":false},"featured_media":4716975,"menu_order":0,"template":"","app_discipline":[231,219],"app_city_tax":[235,221,214,223,222,220,216,224,217,225,226],"app_event_type":[239,313],"class_list":["post-4716432","app_event","type-app_event","status-publish","has-post-thumbnail","hentry","app_discipline-audiovisual","app_discipline-cinema","app_city_tax-all-cities","app_city_tax-atl","app_city_tax-bos","app_city_tax-chi","app_city_tax-hou","app_city_tax-la","app_city_tax-mia","app_city_tax-nola","app_city_tax-nyc","app_city_tax-sf","app_city_tax-dc","app_event_type-film","app_event_type-film-series"],"acf":[],"yoast_head":"<!-- This site is optimized with the Yoast SEO plugin v27.3 - https:\/\/yoast.com\/product\/yoast-seo-wordpress\/ -->\n<title>TV5MONDE Program Highlights \u2013 July 2025 - Villa Albertine<\/title>\n<meta name=\"robots\" content=\"index, follow, max-snippet:-1, max-image-preview:large, max-video-preview:-1\" \/>\n<link rel=\"canonical\" href=\"https:\/\/villa-albertine.org\/va\/events\/tv5monde-program-highlights-july-2025\/\" \/>\n<meta property=\"og:locale\" content=\"en_US\" \/>\n<meta property=\"og:type\" content=\"article\" \/>\n<meta property=\"og:title\" content=\"TV5MONDE Program Highlights \u2013 July 2025 - Villa Albertine\" \/>\n<meta property=\"og:description\" content=\"Throughout July, the international French-language network TV5 Monde offers a rich lineup of entertaining films, series, and variety shows. Discover our round-up of the must-see programs this month below. Click here to discovers the TV5MONDE Program Highlights for August 2025 TV5 Monde Special Tour de France 2025\u2014July 5 to July 27 at 2:30pm ET\/11:30am PTThe...\" \/>\n<meta property=\"og:url\" content=\"https:\/\/villa-albertine.org\/va\/events\/tv5monde-program-highlights-july-2025\/\" \/>\n<meta property=\"og:site_name\" content=\"Villa Albertine\" \/>\n<meta property=\"article:modified_time\" content=\"2025-07-28T16:39:39+00:00\" \/>\n<meta property=\"og:image\" content=\"https:\/\/villa-albertine.org\/wp-content\/uploads\/2025\/07\/bare-bd-1200-1200-675-675-crop-000000.jpg\" \/>\n\t<meta property=\"og:image:width\" content=\"1200\" \/>\n\t<meta property=\"og:image:height\" content=\"675\" \/>\n\t<meta property=\"og:image:type\" content=\"image\/jpeg\" \/>\n<meta name=\"twitter:card\" content=\"summary_large_image\" \/>\n<meta name=\"twitter:label1\" content=\"Est. reading time\" \/>\n\t<meta name=\"twitter:data1\" content=\"11 minutes\" \/>\n<script type=\"application\/ld+json\" class=\"yoast-schema-graph\">{\"@context\":\"https:\\\/\\\/schema.org\",\"@graph\":[{\"@type\":\"WebPage\",\"@id\":\"https:\\\/\\\/villa-albertine.org\\\/va\\\/events\\\/tv5monde-program-highlights-july-2025\\\/\",\"url\":\"https:\\\/\\\/villa-albertine.org\\\/va\\\/events\\\/tv5monde-program-highlights-july-2025\\\/\",\"name\":\"TV5MONDE Program Highlights \u2013 July 2025 - Villa Albertine\",\"isPartOf\":{\"@id\":\"https:\\\/\\\/villa-albertine.org\\\/va\\\/#website\"},\"primaryImageOfPage\":{\"@id\":\"https:\\\/\\\/villa-albertine.org\\\/va\\\/events\\\/tv5monde-program-highlights-july-2025\\\/#primaryimage\"},\"image\":{\"@id\":\"https:\\\/\\\/villa-albertine.org\\\/va\\\/events\\\/tv5monde-program-highlights-july-2025\\\/#primaryimage\"},\"thumbnailUrl\":\"https:\\\/\\\/villa-albertine.org\\\/wp-content\\\/uploads\\\/2025\\\/07\\\/bare-bd-1200-1200-675-675-crop-000000.jpg\",\"datePublished\":\"2025-07-07T20:17:16+00:00\",\"dateModified\":\"2025-07-28T16:39:39+00:00\",\"breadcrumb\":{\"@id\":\"https:\\\/\\\/villa-albertine.org\\\/va\\\/events\\\/tv5monde-program-highlights-july-2025\\\/#breadcrumb\"},\"inLanguage\":\"en-US\",\"potentialAction\":[{\"@type\":\"ReadAction\",\"target\":[\"https:\\\/\\\/villa-albertine.org\\\/va\\\/events\\\/tv5monde-program-highlights-july-2025\\\/\"]}]},{\"@type\":\"ImageObject\",\"inLanguage\":\"en-US\",\"@id\":\"https:\\\/\\\/villa-albertine.org\\\/va\\\/events\\\/tv5monde-program-highlights-july-2025\\\/#primaryimage\",\"url\":\"https:\\\/\\\/villa-albertine.org\\\/wp-content\\\/uploads\\\/2025\\\/07\\\/bare-bd-1200-1200-675-675-crop-000000.jpg\",\"contentUrl\":\"https:\\\/\\\/villa-albertine.org\\\/wp-content\\\/uploads\\\/2025\\\/07\\\/bare-bd-1200-1200-675-675-crop-000000.jpg\",\"width\":1200,\"height\":675},{\"@type\":\"BreadcrumbList\",\"@id\":\"https:\\\/\\\/villa-albertine.org\\\/va\\\/events\\\/tv5monde-program-highlights-july-2025\\\/#breadcrumb\",\"itemListElement\":[{\"@type\":\"ListItem\",\"position\":1,\"name\":\"Home\",\"item\":\"https:\\\/\\\/villa-albertine.org\\\/va\\\/\"},{\"@type\":\"ListItem\",\"position\":2,\"name\":\"TV5MONDE Program Highlights \u2013 July 2025\"}]},{\"@type\":\"WebSite\",\"@id\":\"https:\\\/\\\/villa-albertine.org\\\/va\\\/#website\",\"url\":\"https:\\\/\\\/villa-albertine.org\\\/va\\\/\",\"name\":\"Villa Albertine\",\"description\":\"\",\"potentialAction\":[{\"@type\":\"SearchAction\",\"target\":{\"@type\":\"EntryPoint\",\"urlTemplate\":\"https:\\\/\\\/villa-albertine.org\\\/va\\\/?s={search_term_string}\"},\"query-input\":{\"@type\":\"PropertyValueSpecification\",\"valueRequired\":true,\"valueName\":\"search_term_string\"}}],\"inLanguage\":\"en-US\"}]}<\/script>\n<!-- \/ Yoast SEO plugin. -->","yoast_head_json":{"title":"TV5MONDE Program Highlights \u2013 July 2025 - Villa Albertine","robots":{"index":"index","follow":"follow","max-snippet":"max-snippet:-1","max-image-preview":"max-image-preview:large","max-video-preview":"max-video-preview:-1"},"canonical":"https:\/\/villa-albertine.org\/va\/events\/tv5monde-program-highlights-july-2025\/","og_locale":"en_US","og_type":"article","og_title":"TV5MONDE Program Highlights \u2013 July 2025 - Villa Albertine","og_description":"Throughout July, the international French-language network TV5 Monde offers a rich lineup of entertaining films, series, and variety shows. Discover our round-up of the must-see programs this month below. Click here to discovers the TV5MONDE Program Highlights for August 2025 TV5 Monde Special Tour de France 2025\u2014July 5 to July 27 at 2:30pm ET\/11:30am PTThe...","og_url":"https:\/\/villa-albertine.org\/va\/events\/tv5monde-program-highlights-july-2025\/","og_site_name":"Villa Albertine","article_modified_time":"2025-07-28T16:39:39+00:00","og_image":[{"width":1200,"height":675,"url":"https:\/\/villa-albertine.org\/wp-content\/uploads\/2025\/07\/bare-bd-1200-1200-675-675-crop-000000.jpg","type":"image\/jpeg"}],"twitter_card":"summary_large_image","twitter_misc":{"Est. reading time":"11 minutes"},"schema":{"@context":"https:\/\/schema.org","@graph":[{"@type":"WebPage","@id":"https:\/\/villa-albertine.org\/va\/events\/tv5monde-program-highlights-july-2025\/","url":"https:\/\/villa-albertine.org\/va\/events\/tv5monde-program-highlights-july-2025\/","name":"TV5MONDE Program Highlights \u2013 July 2025 - Villa Albertine","isPartOf":{"@id":"https:\/\/villa-albertine.org\/va\/#website"},"primaryImageOfPage":{"@id":"https:\/\/villa-albertine.org\/va\/events\/tv5monde-program-highlights-july-2025\/#primaryimage"},"image":{"@id":"https:\/\/villa-albertine.org\/va\/events\/tv5monde-program-highlights-july-2025\/#primaryimage"},"thumbnailUrl":"https:\/\/villa-albertine.org\/wp-content\/uploads\/2025\/07\/bare-bd-1200-1200-675-675-crop-000000.jpg","datePublished":"2025-07-07T20:17:16+00:00","dateModified":"2025-07-28T16:39:39+00:00","breadcrumb":{"@id":"https:\/\/villa-albertine.org\/va\/events\/tv5monde-program-highlights-july-2025\/#breadcrumb"},"inLanguage":"en-US","potentialAction":[{"@type":"ReadAction","target":["https:\/\/villa-albertine.org\/va\/events\/tv5monde-program-highlights-july-2025\/"]}]},{"@type":"ImageObject","inLanguage":"en-US","@id":"https:\/\/villa-albertine.org\/va\/events\/tv5monde-program-highlights-july-2025\/#primaryimage","url":"https:\/\/villa-albertine.org\/wp-content\/uploads\/2025\/07\/bare-bd-1200-1200-675-675-crop-000000.jpg","contentUrl":"https:\/\/villa-albertine.org\/wp-content\/uploads\/2025\/07\/bare-bd-1200-1200-675-675-crop-000000.jpg","width":1200,"height":675},{"@type":"BreadcrumbList","@id":"https:\/\/villa-albertine.org\/va\/events\/tv5monde-program-highlights-july-2025\/#breadcrumb","itemListElement":[{"@type":"ListItem","position":1,"name":"Home","item":"https:\/\/villa-albertine.org\/va\/"},{"@type":"ListItem","position":2,"name":"TV5MONDE Program Highlights \u2013 July 2025"}]},{"@type":"WebSite","@id":"https:\/\/villa-albertine.org\/va\/#website","url":"https:\/\/villa-albertine.org\/va\/","name":"Villa Albertine","description":"","potentialAction":[{"@type":"SearchAction","target":{"@type":"EntryPoint","urlTemplate":"https:\/\/villa-albertine.org\/va\/?s={search_term_string}"},"query-input":{"@type":"PropertyValueSpecification","valueRequired":true,"valueName":"search_term_string"}}],"inLanguage":"en-US"}]}},"_links":{"self":[{"href":"https:\/\/villa-albertine.org\/va\/wp-json\/wp\/v2\/app_event\/4716432","targetHints":{"allow":["GET"]}}],"collection":[{"href":"https:\/\/villa-albertine.org\/va\/wp-json\/wp\/v2\/app_event"}],"about":[{"href":"https:\/\/villa-albertine.org\/va\/wp-json\/wp\/v2\/types\/app_event"}],"wp:featuredmedia":[{"embeddable":true,"href":"https:\/\/villa-albertine.org\/va\/wp-json\/wp\/v2\/media\/4716975"}],"wp:attachment":[{"href":"https:\/\/villa-albertine.org\/va\/wp-json\/wp\/v2\/media?parent=4716432"}],"wp:term":[{"taxonomy":"app_discipline","embeddable":true,"href":"https:\/\/villa-albertine.org\/va\/wp-json\/wp\/v2\/app_discipline?post=4716432"},{"taxonomy":"app_city_tax","embeddable":true,"href":"https:\/\/villa-albertine.org\/va\/wp-json\/wp\/v2\/app_city_tax?post=4716432"},{"taxonomy":"app_event_type","embeddable":true,"href":"https:\/\/villa-albertine.org\/va\/wp-json\/wp\/v2\/app_event_type?post=4716432"}],"curies":[{"name":"wp","href":"https:\/\/api.w.org\/{rel}","templated":true}]}}