{"id":4101721,"date":"2025-06-02T15:03:10","date_gmt":"2025-06-02T15:03:10","guid":{"rendered":"https:\/\/villa-albertine.org\/va\/?post_type=app_event&#038;p=4101721"},"modified":"2025-07-10T19:57:12","modified_gmt":"2025-07-10T19:57:12","slug":"tv5monde-program-highlights-june-2025","status":"publish","type":"app_event","link":"https:\/\/villa-albertine.org\/va\/events\/tv5monde-program-highlights-june-2025\/","title":{"rendered":"TV5MONDE Program Highlights \u2013 June 2025"},"content":{"rendered":"\n<p>Throughout June, the international French-language network TV5 Monde offers a rich lineup of entertaining films, series, and variety shows.<\/p>\n\n\n\n<p>Discover our round-up of the must-see programs this month below. <\/p>\n\n\n\n<p><\/p>\n\n\n\n<h1 class=\"wp-block-heading\"><span style=\"text-decoration: underline;\">TV5 Monde<\/span><\/h1>\n\n\n\n<h2 class=\"wp-block-heading\"><span style=\"text-decoration: underline;\">Films<\/span><\/h2>\n\n\n\n<p><strong>Le petit blond de la Casbah<\/strong>\u2014 June 5 at 8:30pm ET\/5:30pm PT <br>(English ST)<br><em>Also streaming on <a href=\"https:\/\/www.tv5mondeplus.com\/en\/cinema\/drame\/peaux-de-vaches\">TV5MONDEplus<\/a><\/em><\/p>\n\n\n\n<p>Antoine returns to his native Algeria for the screening of his film about his childhood in Algiers in 1960. He wanders along the streets of Algiers with his son and recalls his happy childhood, the independence movements of the time and the birth of his passion for film.<\/p>\n\n\n\n<div class=\"wp-block-group\"><div class=\"wp-block-group__inner-container is-layout-constrained wp-block-group-is-layout-constrained\">\n<div class=\"wp-block-group is-vertical is-layout-flex wp-container-core-group-is-layout-8cf370e7 wp-block-group-is-layout-flex\">\n<p><strong>Director:<\/strong> Alexandre Arcady (France, Tunisia, 2022)<br><strong>Cast:<\/strong> Patrick Mille, L\u00e9o Campion, Marie Gillain, Christian Berkel<br><strong>Genre: <\/strong>Drama<\/p>\n<\/div>\n<\/div><\/div>\n\n\n\n<p><\/p>\n\n\n\n<p><strong>La Reine soleil<\/strong>\u2014 June 10 at 8:30pm ET\/5:30pm PT<br><em>In celebration of the Annecy International Animation Film Festival<\/em> <br>(English ST)<\/p>\n\n\n\n<p>Ancient Egypt, 18th dynasty. The fiery Princess Akhesa, 14, rebels against her father, Pharaoh Akhenaten. She refuses to live confined within the walls of the royal palace and runs away with the help of Prince Tut to find her mother, Queen Nefertiti, who has been exiled on Elephantine Island&#8230;<\/p>\n\n\n\n<p><strong>Director:<\/strong> Philippe Leclerc (France, Belgium, Hungary, 2005)<br><strong>Genre: <\/strong>Animation <\/p>\n\n\n\n<p><\/p>\n\n\n\n<p><strong>Interdit aux chiens et aux Italiens<\/strong>\u2014 June 12 at 8:30pm ET\/5:30pm PT<br><em>In celebration of the Annecy International Animation Film Festival<\/em><br><em>Also streaming on TV5MONDEplus: <\/em><a href=\"https:\/\/www.tv5mondeplus.com\/en\/cinema\/animation\/interdit-aux-chiens-et-aux-italiens\"><em>https:\/\/www.tv5mondeplus.com\/en\/cinema\/animation\/interdit-aux-chiens-et-aux-italiens<\/em><\/a> <br>(English ST)<\/p>\n\n\n\n<p>Northern Italy, early 20th century. With life in this mountainous region having become too difficult, Luigi Ughetto crosses the Alps to France and changes his family&#8217;s destiny forever. His grandson recounts his story.<\/p>\n\n\n\n<p><strong>Director:<\/strong> Alain Ughetto (France, Belgium, Switzerland, Italy, 2021)<br><strong>Genre: <\/strong>Animation<br><strong>Awards:<\/strong> 1 nomination (C\u00e9sar 2024), Best Animated Film (European Film Awards), Jury Prize, Gan Foundation Award for Distribution (Annecy 2022), Jury Award for a Feature Film (Annecy 2022)<\/p>\n\n\n\n<p><\/p>\n\n\n\n<p><strong>La Sir\u00e8ne<\/strong>\u2014 June 15 at 8:30pm ET\/5:30pm PT<br><em>In celebration of the Annecy International Animation Film Festival<\/em><\/p>\n\n\n\n<p>1980, in southern Iran. The people of Abadan are resisting the Iraqi siege. Fourteen-year-old Omid is thinking with his grandfather about how to help people escape if the enemy seizes the town. They find an abandoned sailing boat in the harbour, which they now need to repair.<\/p>\n\n\n\n<p><strong>Director:<\/strong> Sepideh Farsi (France, Germany, Luxembourg, Belgium, 2022)<br><strong>Cast:<\/strong> Sandrine Bonnaire, Jean-Fran\u00e7ois St\u00e9venin, Jacques Spiesser, Salom\u00e9 St\u00e9venin<br><strong>Genre: <\/strong>Animation<br><strong>Awards:<\/strong> Best Original Score at the Annecy International Animation Film Festival (France, 2023); Jury Prize at the BIAF (South Korea, 2023); selected for the Berlinale (Germany, 2023), Geneva International Film Festival (Switzerland, 2023), Anima Festival (Belgium, 2024) and Yerevan International Animation Festival (Armenia, 2024)<\/p>\n\n\n\n<p><\/p>\n\n\n\n<p><strong>Un soir au music-hall (Folies-Berg\u00e8re)<\/strong>\u2014 June 19 at 8:30pm ET\/5:30pm PT<br><em>In celebration of World Music Day (F\u00eate de la musique)<\/em> <br>(English ST)<\/p>\n\n\n\n<p>Bob, a GI on leave in Paris, falls in love with Claudie, dancer at the famous cabaret the Folies Berg\u00e8re. He marries her, settles in Paris and begins a singing career. But as one concert tour follows another, it doesn&#8217;t take long for jealousy to rear its ugly head&#8230;<\/p>\n\n\n\n<p><strong>Director:<\/strong> Henri Decoin (France, 1956)<br><strong>Cast:<\/strong> Eddie Constantine, Zizi Jeanmaire, Nadia Gray<br><strong>Genre: <\/strong>Comedy<\/p>\n\n\n\n<p><\/p>\n\n\n\n<p><strong>Trois nuits par semaine<\/strong>\u2014 June 29 at 8:30pm ET\/5:30pm PT<br><em>In celebration of Pride Month<\/em> <br>(English ST)<\/p>\n\n\n\n<p>Photographer Baptiste plunges into the world of Parisian nightlife. He meets Cookie Kunty, a drag queen with whom he launches an art project. Baptiste gradually discovers this unfamiliar world and gets to know Quentin, the young man behind the character, who doesn&#8217;t leave him indifferent.<\/p>\n\n\n\n<p><strong>Director: <\/strong>Florent Gou\u00eblou (France, 2022)<br><strong>Cast: <\/strong>Pablo Pauly, Romain Eck, Hafsia Herzi, Harald Marlot<br><strong>Genre: <\/strong>Dramedy<br><strong>Awards:<\/strong> Selected at the FIFF in Namur (Belgium, 2022), Critics&#8217; Week in Venice (Italy, 2022), Rendez-vous d&#8217;Unifrance in Paris (2023), Rendez-vous with French Cinema in New York (United States, 2023) and Greek French Language Film Festival (2025)<\/p>\n\n\n\n<p><\/p>\n\n\n\n<p><\/p>\n\n\n\n<h2 class=\"wp-block-heading\"><span style=\"text-decoration: underline;\"><span style=\"text-decoration: underline;\">Series<\/span><\/span><\/h2>\n\n\n\n<p><strong>Wilder<\/strong>\u2014Tuesdays starting June 17 at 11:30pm ET\/8:30pm PT<br><em>Season 1<\/em><br><em>Also streaming on TV5MONDEplus: <\/em><a href=\"https:\/\/www.tv5mondeplus.com\/en\/series-et-films-tv\/policier-et-suspense\/wilder\"><em>https:\/\/www.tv5mondeplus.com\/en\/series-et-films-tv\/policier-et-suspense\/wilder<\/em><\/a> (English ST)<\/p>\n\n\n\n<p>The investigations of Rosa Wilder, a police inspector from Berne. Now back in her small home town in the Swiss Alps, she faces a succession of particularly dark crimes. The series weaves close ties between the setting, the investigations and Rosa Wilder&#8217;s private life.<\/p>\n\n\n\n<p>Ep. 1: Inspector Rosa Wilder has returned to Oberwies, the village where she was born in the Swiss Alps. As a major building project is being planned to bring life back the little mountain community, a murder puts everything in question. Rosa and Manfred K\u00e4gi head the investigation&#8230;<\/p>\n\n\n\n<p><strong>Director: <\/strong>Pierre Monnard (Switzerland, 2017)<br><strong>Cast: <\/strong>Sarah Spale, Marcus Signer, Andreas Matti, Ruth Schwegler, L\u00e1szl\u00f3 I. Kish, Emanuela von Frankenberg<br><strong>Genre:<\/strong> Thriller<br><\/p>\n\n\n\n<p><\/p>\n\n\n\n<p><\/p>\n\n\n\n<h2 class=\"wp-block-heading\"><span style=\"text-decoration: underline;\"><span style=\"text-decoration: underline;\">Documentaries<\/span><\/span><\/h2>\n\n\n\n<p><strong>R\u00e9sistances<\/strong><em>\u2014<\/em> Tuesdays beginning June 3 at 3:00pm ET\/12:00pm PT (English ST)<\/p>\n\n\n\n<p>Ep 1: Summer 1940, France is defeated. Many refuse the capitulation, but the vast majority of French fall into line behind Marshal P\u00e9tain, who requested the armistice. 18 June; the call to resist from an unknown general, Charles de Gaulle, persuades Jeanne Bohec, Daniel Cordier and Gilbert Renault to head for London.<\/p>\n\n\n\n<p>Ep 2: After Hitler&#8217;s invasion of the USSR in June 1941, the communist party begins its armed struggle. In August, Colonel Fabien, head of the Special Organisation, executes a Nazi officer at the Barb\u00e8s metro station in Paris. The retaliation is immediate and terrible: hostages such as Guy M\u00f4quet are shot.<\/p>\n\n\n\n<p><strong>Director: <\/strong>Patrick Rotman (France, 2022)<br><strong>Genre:<\/strong> Documentary series, History<\/p>\n\n\n\n<p><\/p>\n\n\n\n<p><br><strong>Archipels<\/strong><em>\u2014<\/em> June 4 at 8:30pm ET\/5:30pm PT<br><em>In celebration of World Oceans Day<\/em> (English ST)<\/p>\n\n\n\n<p>Journey to the heart of the Southern Lands, vast steppes swept by the winds of the Indian Ocean. A hostile environment inhabited only a few months a year by a handful of men and women. Isolation, omnipresence of the ocean, relationship to the community, sometimes difficult return to their daily lives&#8230; Story of their stay.<\/p>\n\n\n\n<p><strong>Director: <\/strong>C\u00e9lestine Durif, Victor Pinault (France, 2023)<br><strong>Genre:<\/strong> Documentary, environment<br><\/p>\n\n\n\n<p><\/p>\n\n\n\n<p><strong>Abers Road<\/strong>\u2014 Sundays, beginning June 8 at 4:00pm ET\/1:00pm PT<br><em>Season 2 premiere<\/em><br><em>Also streaming on TV5MONDEplus: <\/em><a href=\"https:\/\/www.tv5mondeplus.com\/en\/culture-et-art-de-vivre\/vie-culturelle-et-artistique\/abers-road\"><em>https:\/\/www.tv5mondeplus.com\/en\/culture-et-art-de-vivre\/vie-culturelle-et-artistique\/abers-road<\/em><\/a><br><em>In celebration of World Music Day (F\u00eate de la musique)<\/em> (English ST)<\/p>\n\n\n\n<p>Ga\u00ebtan Roussel, singer with Louise Attaque, wants to settle in Brittany. At the wheel of his campervan he discovers the region in the company of some of the celebrities that already call it home, happy to welcome him and offer a guided tour.<\/p>\n\n\n\n<p>Ep 1: Direction Nantes, to meet Dominique A. The artist, who spent his teenage years in the city, welcomes Ga\u00ebtan Roussel in front of the castle of the Dukes of Brittany and then takes him on a walking tour of the historic town centre. Then, they head for Langon, in Ille-et-Vilaine.<\/p>\n\n\n\n<p><strong>Director: <\/strong>G\u00e9rard Pont, Guillaume Klein (France, 2022)<strong><br>Genre:<\/strong> Documentary series, travel<\/p>\n\n\n\n<p><\/p>\n\n\n\n<p><strong>L&#8217;Oc\u00e9an vu du c\u0153ur<\/strong><em>\u2014<\/em> June 8 at 8:30pm ET\/5:30pm PT<br><em>In celebration of World Oceans Day<\/em> (English ST)<\/p>\n\n\n\n<p>Surrounded by experts, scientists, explorers, or simple fishermen, the renowned Canadian astrophysicist and ecologist Hubert Reeves, who passed away in 2023, proposes to identify what threatens the ocean today and exposes the latest discoveries on the intelligence of animals and ocean ecosystems.<\/p>\n\n\n\n<p><strong>Director: <\/strong>Iolande Cadrin-Rossignol, Marie-Dominique Michaud (Canada, 2023)<br><strong>Genre:<\/strong> Documentary, environment<br><\/p>\n\n\n\n<p><\/p>\n\n\n\n<p><strong>\u00c0 la Vie, \u00c0 la Terre \u2013 Nouvelle-Cal\u00e9donie : L\u2019inconnue du Pacifique<\/strong><em>\u2014 <\/em>June 11 at 8:30pm ET\/5:30pm PT<br><em>US premiere; TV5MONDE Original<\/em> <br>(English ST)<\/p>\n\n\n\n<p>Climate change is threatening the Pacific Islands: by the end of the century, some atolls may disappear. The inhabitants of Uvea and Vanuatu are trying to resist by launching a race against time. Scientists, guides, fisherman, lawyers, activists, elected representatives&#8230; We meet the guardians of a paradise not yet lost.<\/p>\n\n\n\n<p><strong>Host: <\/strong>Chlo\u00e9 Nab\u00e9dian (France, 2024)<br><strong>Genre:<\/strong> Documentary series, Environment<\/p>\n\n\n\n<p><\/p>\n\n\n\n<p><strong>Vue sur un p\u00e9riple<\/strong><em>\u2014<\/em> June 28 at 9:30pm ET\/6:30pm PT<br><em>Also streaming on TV5MONDEplus: <\/em><a href=\"https:\/\/www.tv5mondeplus.com\/en\/memoire-et-societe\/enquetes-et-reportages\/vue-sur-un-periple\"><em>https:\/\/www.tv5mondeplus.com\/en\/memoire-et-societe\/enquetes-et-reportages\/vue-sur-un-periple<\/em><\/a> (English ST)<\/p>\n\n\n\n<p>John Tomasino and Ginny Duff are blind. Despite their disability, they share a real passion for sport, practicing cycling, swimming, skiing, running, sailing&#8230; Anne-Marie Rocher follows them as they head off by bike to explore the fabulous landscapes of Georgian Bay, Ontario.<\/p>\n\n\n\n<p><strong>Director: <\/strong>Anne-Marie Rocher (Canada, 2023)<br><strong>Genre:<\/strong> Documentary<\/p>\n\n\n\n<p><\/p>\n\n\n\n<h1 class=\"wp-block-heading\"><span style=\"text-decoration: underline;\">TV5 Monde Plus<\/span><\/h1>\n\n\n\n<h2 class=\"wp-block-heading\"><span style=\"text-decoration: underline;\">Films<\/span><\/h2>\n\n\n\n<p><strong>Lola Pater<\/strong>\u2014 Now streaming: <a href=\"https:\/\/www.tv5mondeplus.com\/en\/cinema\/drame\/lola-pater\">https:\/\/www.tv5mondeplus.com\/en\/cinema\/drame\/lola-pater<\/a><br><em>In celebration of Pride Month<\/em><br>(English ST)<\/p>\n\n\n\n<p>After his mother&#8217;s death, Zino decides to go looking for his father, Farid, who disappeared 25 years earlier. When he arrives by motorbike at a house in the south of France, instead of finding Farid he finds Lola. He doesn&#8217;t know yet that his father has become a woman.<\/p>\n\n\n\n<p><strong>Director: <\/strong>Nadir Mokn\u00e8che (France, 2016)<br><strong>Cast:<\/strong> Fanny Ardant, Tewfik Jallab, Nadia Kaci, Bruno Sanches, Lubna Azabal<br><strong>Genre: <\/strong>Drama<\/p>\n\n\n\n<p><\/p>\n\n\n\n<p><strong>L\u2019attente<\/strong>\u2014 Now streaming: <a href=\"https:\/\/www.tv5mondeplus.com\/en\/cinema\/drame\/lola-pater\">https:\/\/www.tv5mondeplus.com\/en\/cinema\/drame\/lola-pater<\/a><br><em>In celebration of Pride Month<\/em>(English ST)<\/p>\n\n\n\n<p>Jeanne and C\u00e9line are at the maternity clinic for the arrival of their first child. It&#8217;s Jeanne who is going to give birth. During the night, in the hospital entrance hall, C\u00e9line meets two men who, like her&#8230; are waiting.<\/p>\n\n\n\n<p><strong>Director: <\/strong>Alice Douard (France, 2022)<br><strong>Cast:<\/strong> Clotilde Hesme, Laetitia Dosch, \u00c9milie Brisavoine<br><strong>Genre: <\/strong>Dramedy, short film<br><strong>Awards:<\/strong> Best short fiction at the C\u00e9sar Awards (France, 2024), Special Jury Prize and Be TV Prize at the Unifrance Short Film Awards (France, 2022), Best Direction and Best Actor Mention (Julien Gaspar-Oliveri) at the Namur FIFF (Belgium, 2022)<\/p>\n\n\n\n<p><\/p>\n\n\n\n<p><strong>Ya Benti<\/strong>\u2014 Now streaming: https:\/\/www.tv5mondeplus.com\/en\/cinema\/court-metrage\/ya-benti<br><em>In celebration of Pride Month<\/em><br>(English ST)<\/p>\n\n\n\n<p>Sabrina, lesbian, is about to marry Younes, her childhood friend, who is also gay. A marriage that suits both of them because it reassures and delights their families. But on the eve of the ceremony, Sabrina begins to have doubts.<\/p>\n\n\n\n<p><strong>Director: <\/strong>Anissa Allali (France, 2022)<br><strong>Cast:<\/strong> Fo\u00ebd Amara, Sonia Bendhaou, Nolan Masraf<br><strong>Genre: <\/strong>Drama, short film<br><strong>Awards:<\/strong> Selected for the BFI Flare: London LGBT+ Film Festival (United Kingdom, 2023), the Aspen Shortsfest (United States, 2023), The American French Film Festival (formerly COLCOA) (United States, 2022)<\/p>\n\n\n\n<p><\/p>\n\n\n\n<h2 class=\"wp-block-heading\"><span style=\"text-decoration: underline;\">Series<\/span><\/h2>\n\n\n\n<p><strong>La Th\u00e9orie du Y<\/strong><em>\u2014<\/em> Now streaming: <a href=\"https:\/\/www.tv5mondeplus.com\/en\/series-et-films-tv\/comedie\/la-theorie-du-y\">https:\/\/www.tv5mondeplus.com\/en\/series-et-films-tv\/comedie\/la-theorie-du-y<\/a> <br><em>In celebration of Pride Month<\/em><br>(English ST)<\/p>\n\n\n\n<p>Created by Caroline Taillet and Martin Landmeters, a series that questions our taboos on the subject of sexuality by exploring bisexuality and the clich\u00e9s that surround it.<\/p>\n\n\n\n<p><strong>Director: <\/strong>Caroline Taillet (Belgium, 2016)<br><strong>Cast:<\/strong> L\u00e9one Fran\u00e7ois, Colin Javaux, Salim Talbi, Oph\u00e9lie Honor\u00e9<br><strong>Genre:<\/strong> Dramedy<\/p>\n\n\n\n<p><\/p>\n\n\n\n<h2 class=\"wp-block-heading\"><u>Documentaries<\/u><\/h2>\n\n\n\n<p><strong>Burning man, enflammer le d\u00e9sert<\/strong>\u2014 Now streaming: <a href=\"https:\/\/www.tv5mondeplus.com\/en\/memoire-et-societe\/enquetes-et-reportages\/burning-man-enflammer-le-desert\">https:\/\/www.tv5mondeplus.com\/en\/memoire-et-societe\/enquetes-et-reportages\/burning-man-enflammer-le-desert<\/a><br>Read Director\u2019s Q&amp;A here: <a href=\"https:\/\/usa.tv5monde.com\/en\/blog\/burning-man-the-rise-and-fall-of-an-american-utopia-1383765\">https:\/\/usa.tv5monde.com\/en\/blog\/burning-man-the-rise-and-fall-of-an-american-utopia-1383765<\/a><br>(English ST)<\/p>\n\n\n\n<p>The Nevada Desert, in the middle of nowhere. Welcome to Black Rock City, the most famous of all ephemeral towns, and the greatest festive gathering on Earth, Burning Man!<\/p>\n\n\n\n<p><strong>Director: <\/strong>Sarah Fortin, Pascal Brouard (Canada, 2024)<br><strong>Genre: <\/strong>Documentary, 4-part series<br><\/p>\n\n\n\n<p><\/p>\n\n\n\n<p><strong>Les invisibles<\/strong>\u2014 Now streaming: <a href=\"https:\/\/www.tv5mondeplus.com\/en\/cinema\/documentaire\/les-invisibles\">https:\/\/www.tv5mondeplus.com\/en\/cinema\/documentaire\/les-invisibles<\/a><br><em>In celebration of Pride Month<\/em><br>(English ST)<\/p>\n\n\n\n<p>Born between the two wars, these men and women chose to accept their homosexuality at a period when society rejected them for it. Today, they give their accounts of a life torn between the desire to live like everybody else and the need to assert their freedom to seek fulfilment.<\/p>\n\n\n\n<p><strong>Director: <\/strong>S\u00e9bastien Lifshitz (France, 2012)<br><strong>Genre: <\/strong>Documentary<br><strong>Awards:<\/strong> Best documentary (C\u00e9sar, 2013), Special screenings (Cannes, 2012)<\/p>\n\n\n\n<p><\/p>\n\n\n\n<p><strong>Coperni, le couple qui r\u00e9volutionne la mode<\/strong>\u2014 Streaming beginning June 4<br><em>In celebration of Pride Month<\/em><br>(English ST)<\/p>\n\n\n\n<p>On October 1, 2024, Disneyland Paris hosted its first-ever fashion show, featuring the brand Coperni, founded in 2013 by S\u00e9bastien Meyer and Arnaud Vaillant. Partners in both life and fashion, the duo are a perfect match: Meyer leads the creative vision, while Vaillant runs the business.<\/p>\n\n\n\n<p><strong>Director: <\/strong>Lo\u00efc Prigent (France, 2024)<br><strong>Genre: <\/strong>Documentary<\/p>\n\n\n\n<p><\/p>\n\n\n\n<p><strong>Adamo, le film de sa vie<\/strong>\u2014 Streaming beginning June 4<br><em>In celebration of World Music Day (F\u00eate de la Musique)<\/em><br>(English ST)<\/p>\n\n\n\n<p>In a journey full of intimacy and surprises, the life of Belgian-Italian musician, singer, and composer Salvatore Adamo is recounted by seventeen of his fans. In the company of Bruno Tummers and Jo\u00eblle Scoriels, seated in the front row of the Th\u00e9\u00e2tre royal de Mons, the artist relives the highlights of his career, projected on the big screen.<\/p>\n\n\n\n<p><strong>Director: <\/strong>Franck Villano (Belgium, 2024)<br><strong>Genre: <\/strong>Documentary<\/p>\n\n\n\n<p><\/p>\n\n\n\n<p><strong>Le dernier chant de la baleine<\/strong>\u2014 Streaming beginning June 4<br><em>In celebration of World Oceans Day<\/em><br>(English ST)<\/p>\n\n\n\n<p>There currently remain some 350 North Atlantic right whales in the waters off eastern Canada, of which perhaps only 100 are female. Collisions with ships, fishing nets and pollution are amongst the many dangers threatening the species. Julien Robichaud meets some of those fighting to save them.<\/p>\n\n\n\n<p><strong>Director: <\/strong>Julien Robichaud, Gilles Doiron (Canada, 2022)<br><strong>Genre: <\/strong>Documentary, Environment<\/p>\n\n\n\n<p><\/p>\n\n\n\n<h2 class=\"wp-block-heading\"><span style=\"text-decoration: underline;\">TV5 Monde Cinema<\/span><\/h2>\n\n\n\n<p><strong>Theme: Documentaries and films based on true events <\/strong><\/p>\n\n\n\n<p><strong>Di\u00ean Bi\u00ean Ph\u00fa<\/strong>\u2014 available beginning June 6<br>(English ST)<\/p>\n\n\n\n<p>French and Vietnamese forces clash in a 57-day siege that ends with the country&#8217;s partition\u2014paving the way for the Vietnam War. A U.S. journalist defies censorship to report the story to the San Francisco Chronicle.<\/p>\n\n\n\n<p><strong>Director: <\/strong>Pierre Schoendoerffer (1992)<br><strong>Cast: <\/strong>Donald Pleasence, Patrick Catalifo, Ludmila Mika\u00ebl<br><strong>Genre: <\/strong>War<br><strong>Awards: <\/strong>1993 Cesar Awards Best Music Nominee<\/p>\n\n\n\n<p><\/p>\n\n\n\n<p><strong>Une ex\u00e9cution ordinaire<\/strong>\u2014 available beginning June 6<br>(English ST)<\/p>\n\n\n\n<p>The 1950s, a young urologist desperately tries to conceive with her husband, a disillusioned physician who clings to life solely because of the love he feels for her.<\/p>\n\n\n\n<p><strong>Director: <\/strong>Marc Dugain (2010)<br><strong>Cast: <\/strong>Andr\u00e9 Dussollier, Marina Hands, \u00c9douard Baer<br><strong>Genre: <\/strong>Drama<\/p>\n\n\n\n<p><\/p>\n\n\n\n<p><strong>Voyage au p\u00f4le sud<\/strong>\u2014 available beginning June 6<br>(English ST)<\/p>\n\n\n\n<p>\u201cMarch of the Penguins\u201d director Luc Jacquet embarks on his latest adventure, exploring the few thousand kilometers that separate Patagonia from the South Pole.<\/p>\n\n\n\n<p><strong>Director: <\/strong>Luc Jacquet (2023)<br><strong>Genre: <\/strong>Documentary<\/p>\n\n\n\n<p><br><\/p>\n\n\n\n<p><strong>L&#8217;arm\u00e9e du crime<\/strong>\u2014 available beginning June 13<br>(English ST)<\/p>\n\n\n\n<p>The poet Missak Manouchian becomes the leader of a group of Resistance fighters in occupied France during World War II. Based on true events.<\/p>\n\n\n\n<p><strong>Director: <\/strong>Robert Gu\u00e9diguian (2009)<br><strong>Cast: <\/strong>Virginie Ledoyen, Simon Abkarian, Robinson St\u00e9venin<br><strong>Genre: <\/strong>War<br><strong>Awards:<\/strong> 2009 Cannes Film Festival Hor Comp\u00e9tition Official Selection<\/p>\n\n\n\n<p><\/p>\n\n\n\n<p><strong>Casablancas, l&#8217;homme qui aimait les femmes<\/strong>\u2014 available beginning June 13<br>(English ST)<\/p>\n\n\n\n<p>John Casablancas founded Elite Model Management in the 1970s, helping to invent the concept of the \u2018supermodel.\u2019<\/p>\n\n\n\n<p><strong>Director: <\/strong>Hubert Woroniecki (2016)<br><strong>Genre: <\/strong>Documentary<\/p>\n\n\n\n<p><br><\/p>\n\n\n\n<p><strong>Tirailleurs<\/strong>\u2014 available beginning June 20<br>(English ST)<\/p>\n\n\n\n<p>During World War I, a father enlists in the French army to stay close to his 17-year-old son, who is forced to serve. Together, they are sent to the front in the French colony of Senegal.<\/p>\n\n\n\n<p><strong>Director: <\/strong>Mathieu Vadepied (2023)<br><strong>Cast: <\/strong>Omar Sy, Alassane Diong, Jonas Bloquet<br><strong>Genre: <\/strong>Drama, War<br><strong>Awards: <\/strong>2022 Cannes Film Festival Un Certain Regard Award<\/p>\n\n\n\n<p><\/p>\n\n\n\n<p><strong>Traffic d&#8217;influence<\/strong>\u2014 available beginning June 20<br>(English ST)<\/p>\n\n\n\n<p>French, English subtitles. Two elected officials, sentenced to five years in prison for corruption, are escorted to Melun Prison by a young and honest police officer.<\/p>\n\n\n\n<p><strong>Director: <\/strong>Dominique Farrugia (1999)<br><strong>Cast: <\/strong>Thierry Lhermitte, G\u00e9rard Jugnot, Aure Atika<br><strong>Genre: <\/strong>Comedy<\/p>\n\n\n\n<p><\/p>\n\n\n\n<p><strong>Paparazzi<\/strong>\u2014 available beginning June 20<br>(English ST)<\/p>\n\n\n\n<p>After being fired, a man begins following the photographer he holds responsible and starts mimicking his every move.<\/p>\n\n\n\n<p><strong>Director: <\/strong>Alain Berberian (1998)<br><strong>Cast: <\/strong>Patrick Timsit, Vincent Lindon, Catherine Frot<br><strong>Genre: <\/strong>Comedy<\/p>\n\n\n\n<p><\/p>\n\n\n\n<p><strong>Revivre<\/strong>\u2014 available beginning June 27<br>(English ST)<\/p>\n\n\n\n<p>Two couples do everything they can for their critically ill children as they await life-saving organ donations.<\/p>\n\n\n\n<p><strong>Director: <\/strong>Karim Dridi (2024)<br><strong>Genre: <\/strong>Documentary<\/p>\n\n\n\n<p><\/p>\n\n\n\n<p><strong>HLM Pussy<\/strong>\u2014 available beginning June 27<br>(English ST)<\/p>\n\n\n\n<p>Three best friends face public outcry after posting a video exposing an aggressor.<\/p>\n\n\n\n<p><strong>Director: <\/strong>Nora El Hourch (2024)<br><strong>Cast: <\/strong>L\u00e9ah Aubert, M\u00e9dina Diarra, Salma Takaline<br><strong>Genre: <\/strong>Drama<br><strong>Awards:<\/strong> 2023 Toronto International Film Festival Plaform Prize Nominee<\/p>\n","protected":false},"featured_media":4148493,"menu_order":0,"template":"","app_discipline":[231,219],"app_city_tax":[235,221,214,223,222,220,216,224,217,225,226],"app_event_type":[239,313],"class_list":["post-4101721","app_event","type-app_event","status-publish","has-post-thumbnail","hentry","app_discipline-audiovisual","app_discipline-cinema","app_city_tax-all-cities","app_city_tax-atl","app_city_tax-bos","app_city_tax-chi","app_city_tax-hou","app_city_tax-la","app_city_tax-mia","app_city_tax-nola","app_city_tax-nyc","app_city_tax-sf","app_city_tax-dc","app_event_type-film","app_event_type-film-series"],"acf":[],"yoast_head":"<!-- This site is optimized with the Yoast SEO plugin v27.3 - https:\/\/yoast.com\/product\/yoast-seo-wordpress\/ -->\n<title>TV5MONDE Program Highlights \u2013 June 2025 - Villa Albertine<\/title>\n<meta name=\"robots\" content=\"index, follow, max-snippet:-1, max-image-preview:large, max-video-preview:-1\" \/>\n<link rel=\"canonical\" href=\"https:\/\/villa-albertine.org\/va\/events\/tv5monde-program-highlights-june-2025\/\" \/>\n<meta property=\"og:locale\" content=\"en_US\" \/>\n<meta property=\"og:type\" content=\"article\" \/>\n<meta property=\"og:title\" content=\"TV5MONDE Program Highlights \u2013 June 2025 - Villa Albertine\" \/>\n<meta property=\"og:description\" content=\"Throughout June, the international French-language network TV5 Monde offers a rich lineup of entertaining films, series, and variety shows. Discover our round-up of the must-see programs this month below. TV5 Monde Films Le petit blond de la Casbah\u2014 June 5 at 8:30pm ET\/5:30pm PT (English ST)Also streaming on TV5MONDEplus Antoine returns to his native Algeria...\" \/>\n<meta property=\"og:url\" content=\"https:\/\/villa-albertine.org\/va\/events\/tv5monde-program-highlights-june-2025\/\" \/>\n<meta property=\"og:site_name\" content=\"Villa Albertine\" \/>\n<meta property=\"article:modified_time\" content=\"2025-07-10T19:57:12+00:00\" \/>\n<meta property=\"og:image\" content=\"https:\/\/villa-albertine.org\/wp-content\/uploads\/2025\/06\/113315763.webp\" \/>\n\t<meta property=\"og:image:width\" content=\"1440\" \/>\n\t<meta property=\"og:image:height\" content=\"810\" \/>\n\t<meta property=\"og:image:type\" content=\"image\/webp\" \/>\n<meta name=\"twitter:card\" content=\"summary_large_image\" \/>\n<meta name=\"twitter:label1\" content=\"Est. reading time\" \/>\n\t<meta name=\"twitter:data1\" content=\"12 minutes\" \/>\n<script type=\"application\/ld+json\" class=\"yoast-schema-graph\">{\"@context\":\"https:\\\/\\\/schema.org\",\"@graph\":[{\"@type\":\"WebPage\",\"@id\":\"https:\\\/\\\/villa-albertine.org\\\/va\\\/events\\\/tv5monde-program-highlights-june-2025\\\/\",\"url\":\"https:\\\/\\\/villa-albertine.org\\\/va\\\/events\\\/tv5monde-program-highlights-june-2025\\\/\",\"name\":\"TV5MONDE Program Highlights \u2013 June 2025 - Villa Albertine\",\"isPartOf\":{\"@id\":\"https:\\\/\\\/villa-albertine.org\\\/va\\\/#website\"},\"primaryImageOfPage\":{\"@id\":\"https:\\\/\\\/villa-albertine.org\\\/va\\\/events\\\/tv5monde-program-highlights-june-2025\\\/#primaryimage\"},\"image\":{\"@id\":\"https:\\\/\\\/villa-albertine.org\\\/va\\\/events\\\/tv5monde-program-highlights-june-2025\\\/#primaryimage\"},\"thumbnailUrl\":\"https:\\\/\\\/villa-albertine.org\\\/wp-content\\\/uploads\\\/2025\\\/06\\\/113315763.webp\",\"datePublished\":\"2025-06-02T15:03:10+00:00\",\"dateModified\":\"2025-07-10T19:57:12+00:00\",\"breadcrumb\":{\"@id\":\"https:\\\/\\\/villa-albertine.org\\\/va\\\/events\\\/tv5monde-program-highlights-june-2025\\\/#breadcrumb\"},\"inLanguage\":\"en-US\",\"potentialAction\":[{\"@type\":\"ReadAction\",\"target\":[\"https:\\\/\\\/villa-albertine.org\\\/va\\\/events\\\/tv5monde-program-highlights-june-2025\\\/\"]}]},{\"@type\":\"ImageObject\",\"inLanguage\":\"en-US\",\"@id\":\"https:\\\/\\\/villa-albertine.org\\\/va\\\/events\\\/tv5monde-program-highlights-june-2025\\\/#primaryimage\",\"url\":\"https:\\\/\\\/villa-albertine.org\\\/wp-content\\\/uploads\\\/2025\\\/06\\\/113315763.webp\",\"contentUrl\":\"https:\\\/\\\/villa-albertine.org\\\/wp-content\\\/uploads\\\/2025\\\/06\\\/113315763.webp\",\"width\":1440,\"height\":810},{\"@type\":\"BreadcrumbList\",\"@id\":\"https:\\\/\\\/villa-albertine.org\\\/va\\\/events\\\/tv5monde-program-highlights-june-2025\\\/#breadcrumb\",\"itemListElement\":[{\"@type\":\"ListItem\",\"position\":1,\"name\":\"Home\",\"item\":\"https:\\\/\\\/villa-albertine.org\\\/va\\\/\"},{\"@type\":\"ListItem\",\"position\":2,\"name\":\"TV5MONDE Program Highlights \u2013 June 2025\"}]},{\"@type\":\"WebSite\",\"@id\":\"https:\\\/\\\/villa-albertine.org\\\/va\\\/#website\",\"url\":\"https:\\\/\\\/villa-albertine.org\\\/va\\\/\",\"name\":\"Villa Albertine\",\"description\":\"\",\"potentialAction\":[{\"@type\":\"SearchAction\",\"target\":{\"@type\":\"EntryPoint\",\"urlTemplate\":\"https:\\\/\\\/villa-albertine.org\\\/va\\\/?s={search_term_string}\"},\"query-input\":{\"@type\":\"PropertyValueSpecification\",\"valueRequired\":true,\"valueName\":\"search_term_string\"}}],\"inLanguage\":\"en-US\"}]}<\/script>\n<!-- \/ Yoast SEO plugin. -->","yoast_head_json":{"title":"TV5MONDE Program Highlights \u2013 June 2025 - Villa Albertine","robots":{"index":"index","follow":"follow","max-snippet":"max-snippet:-1","max-image-preview":"max-image-preview:large","max-video-preview":"max-video-preview:-1"},"canonical":"https:\/\/villa-albertine.org\/va\/events\/tv5monde-program-highlights-june-2025\/","og_locale":"en_US","og_type":"article","og_title":"TV5MONDE Program Highlights \u2013 June 2025 - Villa Albertine","og_description":"Throughout June, the international French-language network TV5 Monde offers a rich lineup of entertaining films, series, and variety shows. Discover our round-up of the must-see programs this month below. TV5 Monde Films Le petit blond de la Casbah\u2014 June 5 at 8:30pm ET\/5:30pm PT (English ST)Also streaming on TV5MONDEplus Antoine returns to his native Algeria...","og_url":"https:\/\/villa-albertine.org\/va\/events\/tv5monde-program-highlights-june-2025\/","og_site_name":"Villa Albertine","article_modified_time":"2025-07-10T19:57:12+00:00","og_image":[{"width":1440,"height":810,"url":"https:\/\/villa-albertine.org\/wp-content\/uploads\/2025\/06\/113315763.webp","type":"image\/webp"}],"twitter_card":"summary_large_image","twitter_misc":{"Est. reading time":"12 minutes"},"schema":{"@context":"https:\/\/schema.org","@graph":[{"@type":"WebPage","@id":"https:\/\/villa-albertine.org\/va\/events\/tv5monde-program-highlights-june-2025\/","url":"https:\/\/villa-albertine.org\/va\/events\/tv5monde-program-highlights-june-2025\/","name":"TV5MONDE Program Highlights \u2013 June 2025 - Villa Albertine","isPartOf":{"@id":"https:\/\/villa-albertine.org\/va\/#website"},"primaryImageOfPage":{"@id":"https:\/\/villa-albertine.org\/va\/events\/tv5monde-program-highlights-june-2025\/#primaryimage"},"image":{"@id":"https:\/\/villa-albertine.org\/va\/events\/tv5monde-program-highlights-june-2025\/#primaryimage"},"thumbnailUrl":"https:\/\/villa-albertine.org\/wp-content\/uploads\/2025\/06\/113315763.webp","datePublished":"2025-06-02T15:03:10+00:00","dateModified":"2025-07-10T19:57:12+00:00","breadcrumb":{"@id":"https:\/\/villa-albertine.org\/va\/events\/tv5monde-program-highlights-june-2025\/#breadcrumb"},"inLanguage":"en-US","potentialAction":[{"@type":"ReadAction","target":["https:\/\/villa-albertine.org\/va\/events\/tv5monde-program-highlights-june-2025\/"]}]},{"@type":"ImageObject","inLanguage":"en-US","@id":"https:\/\/villa-albertine.org\/va\/events\/tv5monde-program-highlights-june-2025\/#primaryimage","url":"https:\/\/villa-albertine.org\/wp-content\/uploads\/2025\/06\/113315763.webp","contentUrl":"https:\/\/villa-albertine.org\/wp-content\/uploads\/2025\/06\/113315763.webp","width":1440,"height":810},{"@type":"BreadcrumbList","@id":"https:\/\/villa-albertine.org\/va\/events\/tv5monde-program-highlights-june-2025\/#breadcrumb","itemListElement":[{"@type":"ListItem","position":1,"name":"Home","item":"https:\/\/villa-albertine.org\/va\/"},{"@type":"ListItem","position":2,"name":"TV5MONDE Program Highlights \u2013 June 2025"}]},{"@type":"WebSite","@id":"https:\/\/villa-albertine.org\/va\/#website","url":"https:\/\/villa-albertine.org\/va\/","name":"Villa Albertine","description":"","potentialAction":[{"@type":"SearchAction","target":{"@type":"EntryPoint","urlTemplate":"https:\/\/villa-albertine.org\/va\/?s={search_term_string}"},"query-input":{"@type":"PropertyValueSpecification","valueRequired":true,"valueName":"search_term_string"}}],"inLanguage":"en-US"}]}},"_links":{"self":[{"href":"https:\/\/villa-albertine.org\/va\/wp-json\/wp\/v2\/app_event\/4101721","targetHints":{"allow":["GET"]}}],"collection":[{"href":"https:\/\/villa-albertine.org\/va\/wp-json\/wp\/v2\/app_event"}],"about":[{"href":"https:\/\/villa-albertine.org\/va\/wp-json\/wp\/v2\/types\/app_event"}],"wp:featuredmedia":[{"embeddable":true,"href":"https:\/\/villa-albertine.org\/va\/wp-json\/wp\/v2\/media\/4148493"}],"wp:attachment":[{"href":"https:\/\/villa-albertine.org\/va\/wp-json\/wp\/v2\/media?parent=4101721"}],"wp:term":[{"taxonomy":"app_discipline","embeddable":true,"href":"https:\/\/villa-albertine.org\/va\/wp-json\/wp\/v2\/app_discipline?post=4101721"},{"taxonomy":"app_city_tax","embeddable":true,"href":"https:\/\/villa-albertine.org\/va\/wp-json\/wp\/v2\/app_city_tax?post=4101721"},{"taxonomy":"app_event_type","embeddable":true,"href":"https:\/\/villa-albertine.org\/va\/wp-json\/wp\/v2\/app_event_type?post=4101721"}],"curies":[{"name":"wp","href":"https:\/\/api.w.org\/{rel}","templated":true}]}}