{"id":372983,"date":"2023-11-21T21:23:20","date_gmt":"2023-11-21T21:23:20","guid":{"rendered":"https:\/\/villa-albertine.org\/?post_type=app_event&#038;p=372983"},"modified":"2023-12-29T20:38:53","modified_gmt":"2023-12-29T20:38:53","slug":"tv5monde-program-highlights-december-2023","status":"publish","type":"app_event","link":"https:\/\/villa-albertine.org\/va\/events\/tv5monde-program-highlights-december-2023\/","title":{"rendered":"TV5MONDE Program Highlights \u2013 December 2023"},"content":{"rendered":"\n<h1 class=\"wp-block-heading\"><span style=\"text-decoration: underline;\">TV5 Monde<\/span><\/h1>\n\n\n\n<h2 class=\"wp-block-heading\"><span style=\"text-decoration: underline;\">Special Programming<\/span><\/h2>\n\n\n\n<p><strong><span style=\"text-decoration: underline;\">La piste de la Francophonie pour la plan\u00e8te LIVE<\/span><\/strong><em> <em>\u2013<\/em> <\/em>December 11-12 at 12:00am ET\/ 9:00pm PT<\/p>\n\n\n\n<p>To mark its 40th anniversary, TV5MONDE is offering \u201cLa Piste de la Francophonie pour la planet,\u201d a unique live broadcast across 17 cities around the world. This special edition will focus on environmental issues, preservation of the planet, and sustainable development. Its objective: to bring to light the consequences of global warming, and how francophone-speaking countries have been actively responding.<\/p>\n\n\n\n<p>The kick-off will be given by Fran\u00e7oise Joly and Chlo\u00e9 Nab\u00e9dian in Paris. In each city, a 52-minute segment will be presented by a journalist from a partner channel, and in certain destinations, accompanied by a journalist from TV5MONDE:<\/p>\n\n\n\n<ul class=\"wp-block-list\">\n<li>PARIS (TV5MONDE) : Fran\u00e7oise Joly &amp; Chlo\u00e9 Nabedian<\/li>\n\n\n\n<li>MAYOTTE (France TV) : Anastasia Laguerra<\/li>\n\n\n\n<li>VICTORIA (SeychellesBC) : Marie-Claude D\u2019Unienville &amp; Mohamed Kaci<\/li>\n\n\n\n<li>WALLIS &amp; FUTUNA (France TV) : Violetta Kikanoi<\/li>\n\n\n\n<li>ATHENES (ERT) : Alexia Kefalas<\/li>\n\n\n\n<li>MONACO (TVMonaco) : Adrien Hellec<\/li>\n\n\n\n<li>YAOUNDE (CRTV) : Evelyne Owona &amp; Nidhya Palliakara<\/li>\n\n\n\n<li>GENEVE (RTSuisse) : Michel Cerutti<\/li>\n\n\n\n<li>DAKAR (RTS\u00e9n\u00e9gal) : Mayama Dram\u00e9 &amp; Denise Epot\u00e9<\/li>\n\n\n\n<li>COTONOU (ORTB\u00e9nin) : Apollinaire Tchiko &amp; Dominique Laresche<\/li>\n\n\n\n<li>BRUXELLES (RTBF) : Gwena\u00eblle Dekegeleer<\/li>\n\n\n\n<li>ST PIERRE &amp; MIQUELON (France TV) : Delphine Jeanneau<\/li>\n\n\n\n<li>TAHITI (France TV) : Aiata Taharu<\/li>\n\n\n\n<li>RABAT (2M) : Hanane Harrath &amp; Nicolas George<\/li>\n\n\n\n<li>MARTINIQUE (France TV) : Bianca Careto<\/li>\n\n\n\n<li>LA NOUVELLE ORLEANS (TVLouisiane) : Will McGrew &amp; Dominique Tchimbakala<\/li>\n\n\n\n<li>MONTREAL (IRCanada\/T\u00e9l\u00e9 Qu\u00e9bec, TV5QC) : S\u00e9bastien Diaz<\/li>\n\n\n\n<li>PARIS (TV5MONDE): Antoine Genton<\/li>\n<\/ul>\n\n\n\n<p><strong>Genre:<\/strong> Live special, environment (2023)<\/p>\n\n\n\n<p><\/p>\n\n\n\n<h2 class=\"wp-block-heading\"><span style=\"text-decoration: underline;\">Films<\/span><\/h2>\n\n\n\n<p><strong><em>**Jean-Pierre Mocky Focus**<\/em><\/strong><\/p>\n\n\n\n<p><strong><span style=\"text-decoration: underline;\">La Cit\u00e9 de l\u2019indicible peur (ou La grande frousse)<\/span><\/strong><em> \u2013<\/em> December 12 at 8:30pm ET\/5:30pm PT<\/p>\n\n\n\n<p>(English ST)<\/p>\n\n\n\n<ul class=\"wp-block-list\">\n<li>On the trail of an escaped forger, the debonair Inspector Triquet arrives in Barges, an imaginary village in Auvergne. He discovers a local population terrified by the reappearance of a legendary monster, \u201cthe Bargeasque.\u201d<\/li>\n<\/ul>\n\n\n\n<p><strong>Director:<\/strong> Jean-Pierre Mocky (France, 1964)<\/p>\n\n\n\n<p><strong>Cast:<\/strong> Bourvil, Francis Blanche, Jean Poiret, Jean-Louis Barrault<\/p>\n\n\n\n<p><strong>Genre:<\/strong> Thriller<\/p>\n\n\n\n<p><\/p>\n\n\n\n<p><strong><span style=\"text-decoration: underline;\">La grandes lessive (!)<\/span><\/strong><em> \u2013 <\/em>December 19 at 8:30pm ET\/5:30pm PT<\/p>\n\n\n\n<p>(English ST)<\/p>\n\n\n\n<p>A disgruntled teacher conspires with an anarchist to block TV airwaves.<\/p>\n\n\n\n<p><strong>Director:<\/strong> Jean-Pierre Mocky (France, 1968)<\/p>\n\n\n\n<p><strong>Cast:<\/strong> Bourvil, Francis Blanche, Roland Dubillard<\/p>\n\n\n\n<p><strong>Genre:<\/strong> Comedy<\/p>\n\n\n\n<p><\/p>\n\n\n\n<p><strong><span style=\"text-decoration: underline;\">Un dr\u00f4le de paroissien<\/span><\/strong><em> \u2013 <\/em>December 26 at 8:30pm ET\/5:30pm PT<\/p>\n\n\n\n<p><em>Also streaming on TV5MONDEplus beginning December 6<\/em><\/p>\n\n\n\n<p>(English ST)<\/p>\n\n\n\n<p>One day, Georges Lachaunaye, son of an impoverished aristocratic Catholic family, is convinced he&#8217;s received a divine revelation: to meet the needs of his family he should steal from church collection boxes&#8230;<\/p>\n\n\n\n<p><strong>Director:<\/strong> Jean-Pierre Mocky (France\/Italy, 1963)<\/p>\n\n\n\n<p><strong>Cast:<\/strong> Bourvil, Jean Poiret, Francis Blanche<\/p>\n\n\n\n<p><strong>Genre:<\/strong> Comedy<\/p>\n\n\n\n<p><\/p>\n\n\n\n<p><strong>**<\/strong><\/p>\n\n\n\n<p><\/p>\n\n\n\n<p><strong><span style=\"text-decoration: underline;\">Marquise<\/span><\/strong><em> \u2013 <\/em>December 21 at 8:30pm ET\/5:30pm PT<\/p>\n\n\n\n<p><em>Also streaming on TV5MONDEplus beginning December 6<\/em><\/p>\n\n\n\n<p>(English ST)<\/p>\n\n\n\n<p>When the fair Marquise joins Moli\u00e8re&#8217;s theatre troupe, she dreams of stardom. But after a catastrophic debut performance, Moli\u00e8re refuses to give her another role. So she has to settle for dancing. Everything changes when she meets a young actor named Jean Racine.<\/p>\n\n\n\n<p><strong>Director:<\/strong> Vera Belmont (France\/Italy\/Switzerland, 1997)<\/p>\n\n\n\n<p><strong>Cast:<\/strong> Sophie Marceau, Lambert Wilson, Bernard Giraudeau, Thierry Lhermitte<\/p>\n\n\n\n<p><strong>Genre:<\/strong> Dramedy<\/p>\n\n\n\n<p><\/p>\n\n\n\n<p><strong><span style=\"text-decoration: underline;\">J\u2019irai o\u00f9 tu iras<\/span><\/strong><em> \u2013 <\/em>December 24 at 8:30pm ET\/5:30pm PT<\/p>\n\n\n\n<p><em>Also streaming on TV5MONDEplus beginning December 6<\/em><\/p>\n\n\n\n<p>(English ST)<\/p>\n\n\n\n<p>Keen to improve the relationship between his two opposed daughters, a father finds a way to bring them together for a weekend: Vali, a C\u00e9line Dion fan, has clinched an audition in Paris! And Mina will have to take her there, despite her disdain for her sister&#8217;s passion.<\/p>\n\n\n\n<p><strong>Director:<\/strong> G\u00e9raldine Nakache (France, 2018)<\/p>\n\n\n\n<p><strong>Cast:<\/strong> Le\u00efla Bekhti, G\u00e9raldine Nakache, Patrick Timsit<\/p>\n\n\n\n<p><strong>Genre:<\/strong> Dramedy<\/p>\n\n\n\n<p><\/p>\n\n\n\n<p><strong><span style=\"text-decoration: underline;\">Les ma\u00eetres du temps<\/span><\/strong><em> \u2013 <\/em>December 28 at 8:30pm ET\/5:30pm PT<\/p>\n\n\n\n<p><em>Also streaming on TV5MONDEplus beginning December 6<\/em><\/p>\n\n\n\n<p>On the planet Perdide an Aragne, an insect-like all-terrain vehicle tries to escape a swarm of hornets. The driver, Claude, is looking tense. Sensing that his end is near, he entrusts a mobile microphone to his son Piel, enabling him to call Jaffar, an old and dear friend, for help\u2026<\/p>\n\n\n\n<p><strong>Director:<\/strong> Ren\u00e9 Laloux (France\/Switzerland\/Germany, 1982)<\/p>\n\n\n\n<p><strong>Cast:<\/strong> Jean Valmont, Michel Elias, Fr\u00e9d\u00e9ric Legros<\/p>\n\n\n\n<p><strong>Genre:<\/strong> Animation<\/p>\n\n\n\n<p><\/p>\n\n\n\n<p><strong><span style=\"text-decoration: underline;\">Mince alors 2 !<\/span><\/strong> \u2013 December 31 at 8:30pm ET\/5:30pm PT<\/p>\n\n\n\n<p><em>Also streaming on TV5MONDEplus beginning December 6<\/em><\/p>\n\n\n\n<p>(English ST)<strong><\/strong><\/p>\n\n\n\n<p>Isabelle and her niece Nina open a fasting and detox centre in the heart of Provence with a helping hand from Baptiste, yogi and general handyman, Jessica, tantric masseur and Maxime, the very attractive equitherapist. Soon the first clients arrive&#8230;<\/p>\n\n\n\n<p><strong>Director:<\/strong> Charlotte de Turckheim (France, 2021)<\/p>\n\n\n\n<p><strong>Cast:<\/strong> Catherine Hosmalin, Lola Dewaere, Charlotte de Turckheim<\/p>\n\n\n\n<p><strong>Genre:<\/strong> Comedy<\/p>\n\n\n\n<p><\/p>\n\n\n\n<h2 class=\"wp-block-heading\"><span style=\"text-decoration: underline;\">Series<\/span><\/h2>\n\n\n\n<p><strong><span style=\"text-decoration: underline;\">Cerebrum<\/span><\/strong> <em>\u2013<\/em> December 20 &amp; December 27 at 11:30pm ET\/8:30pm PT<\/p>\n\n\n\n<p><em>Season 1 <\/em><em><\/em><\/p>\n\n\n\n<p><em><a href=\"https:\/\/www.tv5mondeplus.com\/en\/series-et-films-tv\/policier-et-suspens\/cerebrum\">Also streaming on TV5MONDEplus<\/a><\/em><\/p>\n\n\n\n<p>(English ST)<strong><\/strong><\/p>\n\n\n\n<p>Henri Lacombe is a psychiatrist at the National Institute of Mental Health where he has just been promoted to director. Day after day, Henri&#8217;s mission is to soothe the suffering of his patients.<\/p>\n\n\n\n<p><strong>Creator: <\/strong>Guy \u00c9doin, Richard Blaimert (Canada, 2021)<\/p>\n\n\n\n<p><strong>Cast: <\/strong>Claude Legault, \u00c9velyne de la Cheneli\u00e8re, Henri Picard, Marianne Verville, Christine Beaulieu<strong>Genre:<\/strong> Drama<\/p>\n\n\n\n<p><\/p>\n\n\n\n<h2 class=\"wp-block-heading\"><span style=\"text-decoration: underline;\">Documentaries<\/span><\/h2>\n\n\n\n<p><strong><span style=\"text-decoration: underline;\">Il \u00e9tait une for\u00eat<\/span><\/strong> <em>\u2013<\/em> Mondays, starting December 11 at 6:30pm ET\/3:30pm PT<\/p>\n\n\n\n<p><em>Also streaming on TV5MONDEplus beginning December 6<\/em><\/p>\n\n\n\n<p>(English ST)<\/p>\n\n\n\n<p>With a true passion for his forest, Fred Pellerin also wants to care for it. The storyteller and writer are particularly interested in its lake, said to be polluted. How to revive it in an environmentally friendly way. He tackles the problem with biologist Pierre Magnan, his cousin Georges, and ethnologist Isabelle Picard.<\/p>\n\n\n\n<p><strong>Director:<\/strong> Patricia Beaulieu (Canada, 2022)<\/p>\n\n\n\n<p><strong>Genre:<\/strong> Documentary series<\/p>\n\n\n\n<p><\/p>\n\n\n\n<p><strong><span style=\"text-decoration: underline;\">Les h\u00f4tels historiques de Suisse<\/span><\/strong> <em>\u2013<\/em> December 21 at 3:00pm ET\/12:00pm PT<\/p>\n\n\n\n<p><em><a href=\"https:\/\/www.tv5mondeplus.com\/en\/decouverte\/voyage-et-evasion\/les-hotels-historiques-de-suisse\">Also streaming on TV5MONDEplus<\/a><\/em><\/p>\n\n\n\n<p>(English ST)<\/p>\n\n\n\n<p>They are amongst the most renowned of Switzerland&#8217;s luxury hotels, the Montreux Palace, on the shores of Lake Geneva, and the Monte Rosa, in Zermatt. Distinguished names that recount the earliest days of Swiss tourism.<\/p>\n\n\n\n<p><strong>Director:<\/strong> Kristina Forbat, Anja Kindler (Switzerland, 2022)<\/p>\n\n\n\n<p><strong>Genre:<\/strong> Documentary<\/p>\n\n\n\n<p><\/p>\n\n\n\n<p><strong><span style=\"text-decoration: underline;\">Et Dieu cr\u00e9a Barbie<\/span><\/strong> <em>\u2013<\/em> December 27 at 8:30pm ET\/5:30pm PT<\/p>\n\n\n\n<p>(English ST)<\/p>\n\n\n\n<p>More than sixty years after its creation by Mattel, Barbie remains just as popular. Far more than a simple toy, the doll has become a pop icon. Her unnatural figure guaranteed her both global success and controversy. We look back at the history of the famous Barbie doll.<\/p>\n\n\n\n<p><strong>Director:<\/strong> Julie Lazare (France, 2023)<\/p>\n\n\n\n<p><strong>Genre:<\/strong> Documentary<\/p>\n\n\n\n<p><\/p>\n\n\n\n<h1 class=\"wp-block-heading\">TV5 Monde Plus<\/h1>\n\n\n\n<h2 class=\"wp-block-heading\"><strong><u>Special Programming<\/u><\/strong><\/h2>\n\n\n\n<p><strong><span style=\"text-decoration: underline;\">Les \u00e9toiles du chocolat<\/span><\/strong> <em>\u2013<\/em> Streaming beginning December 6<\/p>\n\n\n\n<p>The chocolate, Belgian version of Top Chef. Chocolate in the spotlight in this new culinary competition! 24 candidate chocolatiers, from all over Belgium, contrast their know-how and their creative talent. Who will melt the prestigious jury, made up of Pierre Marcolini, Jean Philippe Darcis, and Victoire Finaz?<\/p>\n\n\n\n<p><strong>Host: <\/strong>Maureen Louys<strong> (<\/strong>Belgium, 2023)<\/p>\n\n\n\n<p><strong>Jury:<\/strong> Pierre Marcolini, Jean Philippe Darcis, Victoire Finaz<\/p>\n\n\n\n<p><strong>Genre: <\/strong>Cooking show, competition<\/p>\n\n\n\n<p><\/p>\n\n\n\n<p><strong><span style=\"text-decoration: underline;\">La grande soir\u00e9e des cabarets<\/span><\/strong> <em>\u2013<\/em> Streaming beginning December 6<\/p>\n\n\n\n<p>(English ST)<\/p>\n\n\n\n<p>In the sumptuous setting of the castle of Fontainebleau, the largest and mythical cabarets of France are honored. Moulin Rouge, Paradis Latin, Crazy Horse, Chez Michou, Madame Arthur, Royal Palace, My first cabaret&#8230; Nicky Doll and St\u00e9phane Bern take us on a magical journey. Guests: Mentissa, Claudio Cap\u00e9o, Chim\u00e8ne Badi, Julie Zenatti, \u00c9lisa Tovati, Les Coquettes, Les Retrouvailles, Paloma&#8230;<\/p>\n\n\n\n<p><strong>Director: <\/strong>Fran\u00e7ois Goetghebeur (France, 2023)<\/p>\n\n\n\n<p><strong>Host: <\/strong>Nicky Doll, St\u00e9phane Bern<\/p>\n\n\n\n<p><strong>Genre: <\/strong>Cabaret show<\/p>\n\n\n\n<p><\/p>\n\n\n\n<p><strong><span style=\"text-decoration: underline;\">Taratata, les 30 ans<\/span><\/strong> <em>\u2013<\/em> Streaming beginning December 6<\/p>\n\n\n\n<p>\u00ab Taratata \u00bb celebrates its 30th anniversary in the largest concert hall in Europe, Paris La D\u00e9fense Arena. For this very special occasion, more than 80 artists, 50 songs performed, a stage of 1,000 square meters, more than 30 musicians and singers, 40,000 people in the audience&#8230; Memorable paintings, unique performances, essential covers in duo, trio and more, new and unexpected encounters, and many surprises&#8230;<\/p>\n\n\n\n<p><strong>Host: <\/strong>Nagui (France, 2023)<\/p>\n\n\n\n<p><strong>Genre:<\/strong> Music show<\/p>\n\n\n\n<p><\/p>\n\n\n\n<p><strong><span style=\"text-decoration: underline;\">Th\u00e9\u00e2tre jeune public : la Belle et la B\u00eate<\/span><\/strong> <em>\u2013<\/em> Streaming beginning December 6<\/p>\n\n\n\n<p>To save her father&#8217;s life, Belle, the youngest of his three daughters, offers herself as a sacrifice to a monstrous beast who lives as a recluse in a palace. Little by little, a friendship is born between the two beings and a double metamorphosis begins&#8230;<\/p>\n\n\n\n<p><strong>Director: <\/strong>Sofia Betz, Damien Van Der Straten (Belgium, 2019)<\/p>\n\n\n\n<p><strong>Host: <\/strong>Nicky Doll, St\u00e9phane Bern<\/p>\n\n\n\n<p><strong>Genre: <\/strong>Theatre<\/p>\n\n\n\n<p><\/p>\n\n\n\n<h2 class=\"wp-block-heading\"><strong><u>Films<\/u><\/strong><\/h2>\n\n\n\n<p><strong><em>**Jean-Pierre Mocky Focus**<\/em><\/strong><\/p>\n\n\n\n<p><strong><span style=\"text-decoration: underline;\">Bonsoir<\/span><\/strong> <em>\u2013<\/em> Streaming beginning December 6<\/p>\n\n\n\n<p>(English ST)<\/p>\n\n\n\n<p>A homeless tailor finds places to spend the night by pretending to be a relative or government official.<\/p>\n\n\n\n<p><strong>Director:<\/strong> Jean-Pierre Mocky (France, 1994)<\/p>\n\n\n\n<p><strong>Cast:<\/strong> Michel Serrault, Jean-Claude Dreyfus, Claude Jade<\/p>\n\n\n\n<p><strong>Genre:<\/strong> Comedy<\/p>\n\n\n\n<p><\/p>\n\n\n\n<p><strong><span style=\"text-decoration: underline;\">Les dragueurs<\/span> <\/strong><em>\u2013<\/em> Streaming beginning December 6<\/p>\n\n\n\n<p>(English ST)<\/p>\n\n\n\n<p>Two young men, one shy and one self-confident, spend a fast-paced night in Paris trying to pick up women. They confront every possible difficulty.<\/p>\n\n\n\n<p><strong>Director:<\/strong> Jean-Pierre Mocky (France, 1959)<\/p>\n\n\n\n<p><strong>Cast:<\/strong> Jacques Charrier, Charles Aznavour, Dany Robin<\/p>\n\n\n\n<p><strong>Genre:<\/strong> Drama<\/p>\n\n\n\n<p><\/p>\n\n\n\n<p><strong><span style=\"text-decoration: underline;\">Le furet<\/span><\/strong> <em>\u2013<\/em> Streaming beginning December 6<\/p>\n\n\n\n<p>(English ST)<\/p>\n\n\n\n<p>A simple man dreams of becoming a crime boss.<\/p>\n\n\n\n<p><strong>Director:<\/strong> Jean-Pierre Mocky (France, 2003)<\/p>\n\n\n\n<p><strong>Cast:<\/strong> Jacques Villeret, Michel Serrault, Robin Renucci<\/p>\n\n\n\n<p><strong>Genre:<\/strong> Comedy<\/p>\n\n\n\n<p><\/p>\n\n\n\n<p><strong><span style=\"text-decoration: underline;\">L\u2019ibis rouge<\/span><\/strong> <em>\u2013<\/em> Streaming beginning December 6<\/p>\n\n\n\n<p>(English ST)<\/p>\n\n\n\n<p>Forty-eight hours in an area around a Parisian canal where a former Tango champion meets a killer.<\/p>\n\n\n\n<p><strong>Director:<\/strong> Jean-Pierre Mocky (France, 1975)<\/p>\n\n\n\n<p><strong>Cast:<\/strong> Michel Simon, Michel Serrault, Michel Galabru<\/p>\n\n\n\n<p><strong>Genre:<\/strong> Comedy<\/p>\n\n\n\n<p><\/p>\n\n\n\n<p><strong><span style=\"text-decoration: underline;\">Solo<\/span><\/strong> <em>\u2013<\/em> Streaming beginning December 6<\/p>\n\n\n\n<p>(English ST)<\/p>\n\n\n\n<p>During an orgy with minor girls, some old and wealthy notables are being murdered by a small group of leftist young revolutionaries. Very soon the police are tracking down Virgile Cabral, the leader of the group.<\/p>\n\n\n\n<p><strong>Director:<\/strong> Jean-Pierre Mocky (France, 1970)<\/p>\n\n\n\n<p><strong>Cast:<\/strong> Jean-Pierre Mocky, Sylvie Br\u00e9al, Anne Deleuze<\/p>\n\n\n\n<p><strong>Genre:<\/strong> Drama<\/p>\n\n\n\n<p><\/p>\n\n\n\n<p><strong><span style=\"text-decoration: underline;\">Une nuit \u00e0 l\u2019Assembl\u00e9e nationale<\/span><\/strong> <em>\u2013<\/em> Streaming beginning December 6<\/p>\n\n\n\n<p>(English ST)<\/p>\n\n\n\n<p>Walter Arbeit accompanies his mayor and MP, Dugland, to Paris where he is to be awarded the Legion of Honour. Soon after their arrival, Walter discovers that Dugland committed fraud to obtain this distinction.<\/p>\n\n\n\n<p><strong>Director:<\/strong> Jean-Pierre Mocky (France, 1988)<\/p>\n\n\n\n<p><strong>Cast:<\/strong> Jean Poiret, Michel Blanc, Jacqueline Maillan<\/p>\n\n\n\n<p><strong>Genre:<\/strong> Comedy<\/p>\n\n\n\n<p><\/p>\n\n\n\n<p><strong><em>**<\/em><\/strong><\/p>\n\n\n\n<p><\/p>\n\n\n\n<p><strong><span style=\"text-decoration: underline;\">Lucky<\/span><\/strong> <em>\u2013<\/em> <a href=\"https:\/\/www.tv5mondeplus.com\/en\/cinema\/comedie\/lucky\"><em>Now streaming<\/em><\/a><\/p>\n\n\n\n<p>(English ST)<\/p>\n\n\n\n<p>To make ends meet, Willy and Tony come up with a brilliant idea: steal a dog from the drug squad! But the plan doesn&#8217;t quite go as expected and the two friends find themselves having to team up with a corrupt policewoman named Caro.<\/p>\n\n\n\n<p><strong>Director: <\/strong>Olivier Van Hoofstadt (French, 2020)<\/p>\n\n\n\n<p><strong>Cast: <\/strong>Micha\u00ebl Youn, Alban Ivanov, Florence Foresti<\/p>\n\n\n\n<p><strong>Genre: <\/strong>Comedy<\/p>\n\n\n\n<p><\/p>\n\n\n\n<p><strong><span style=\"text-decoration: underline;\">Le voyage du Prince<\/span> <em>\u2013<\/em> <\/strong><a href=\"https:\/\/www.tv5mondeplus.com\/en\/cinema\/animation\/le-voyage-du-prince\"><em>Now streaming<\/em><\/a><\/p>\n\n\n\n<p>(English ST)<\/p>\n\n\n\n<p>An elderly ape, a prince, is washed up on an unknown shore. Injured, and lost, he&#8217;s found by young Tom and taken in by his parents, dissident researchers who dare believe that other people exist &#8230; Guided by Tom, the prince enthusiastically discovers a rigid society stuck in its ways.<\/p>\n\n\n\n<p><strong>Director: <\/strong>Jean-Fran\u00e7ois Laguionie, Xavier Picard (French, 2019)<\/p>\n\n\n\n<p><strong>Cast: <\/strong>Enrico Di Giovanni, Thomas Sagols, Gabriel Le Doze<\/p>\n\n\n\n<p><strong>Genre: <\/strong>Animation<\/p>\n\n\n\n<p><\/p>\n\n\n\n<p><strong><span style=\"text-decoration: underline;\">Calamity, une enfance de Martha Jane Cannary<\/span><\/strong> <em>\u2013<\/em> <a href=\"https:\/\/www.tv5mondeplus.com\/en\/cinema\/animation\/calamity-une-enfance-de-martha-jane-cannary\"><em>Now streaming<\/em><\/a><em> <\/em><\/p>\n\n\n\n<p>(English ST)<\/p>\n\n\n\n<p>United States, 1863. A convoy is heading west. When Martha Jane&#8217;s father is injured, the young woman takes over the family wagon without hesitation. But when she dares to wear trousers, more practical for riding, it is too much for Abraham, the leader of the convoy&#8230;<\/p>\n\n\n\n<p><strong>Director: <\/strong>R\u00e9mi Chay\u00e9 (France\/Denmark, 2020)<\/p>\n\n\n\n<p><strong>Cast:<\/strong> Salom\u00e9 Boulven, Alexandra Lamy, Alexis Tomassian<\/p>\n\n\n\n<p><strong>Genre:<\/strong> Animation<\/p>\n\n\n\n<p><strong>Awards: <\/strong>Cristal for Best Feature (Annecy 2020), Nominated for Best Animated Film (C\u00e9sar 2021)<\/p>\n\n\n\n<p><\/p>\n\n\n\n<h2 class=\"wp-block-heading\"><strong><u>Series<\/u><\/strong><\/h2>\n\n\n\n<p><strong><span style=\"text-decoration: underline;\">H\u00f4tel du temps: Coluche<\/span><\/strong> <em>\u2013<\/em> Streaming beginning December 6<\/p>\n\n\n\n<p><em>Premiere documentary interview series with host&nbsp;Thierry Ardisson<\/em><\/p>\n\n\n\n<p><em><a href=\"https:\/\/www.tv5mondeplus.com\/en\/memoire-et-societe\/portraits\/hotel-du-temps-dalida\">Previous episode featuring Dalida now streaming<\/a><\/em><\/p>\n\n\n\n<p>With the help of cutting-edge technology, enabling actors to have the faces and voices of celebrities who are no longer with us, host Thierry Ardisson gives audiences a new look into the life of French comedian Coluche, even 37 years after his death.<\/p>\n\n\n\n<p><strong>Director: <\/strong>Serge Khalfon (France, 2023)<strong><\/strong><\/p>\n\n\n\n<p><strong>Host:<\/strong> Thierry Ardisson<\/p>\n\n\n\n<p><strong>Genre:<\/strong> Documentary biopic<\/p>\n\n\n\n<p><\/p>\n\n\n\n<p><strong><span style=\"text-decoration: underline;\">Baraki<\/span><\/strong> <em>\u2013<\/em> Streaming beginning December 6<\/p>\n\n\n\n<p><em>Season 1 premiere<\/em><\/p>\n\n\n\n<p>(English ST)<\/p>\n\n\n\n<p>The entire region knows the Berthet family. When people talk about them, they call them \u2018gypsies\u2019. Larissa Berthet houses her entire tribe in her home, including Yvan, a local orphan whom she took in and raised as her son. When Yvan finds out that he is to become a father, he decides to become a \u2018normal\u2019 man. However, a local bipolar dealer, a jealous cop, an unstable ex, and a Machiavellian stepmother have other plans. Luckily, his family is there to support him. But when you\u2019re a Berthet some things just aren\u2019t as simple as they seem.<\/p>\n\n\n\n<p><strong>Creators: <\/strong>Julien Vargas, Fred de Loof, Peter Ninane (Belgian, 2021)<\/p>\n\n\n\n<p><strong>Cast: <\/strong>Pierre Nisse, Julien Vargas, Sophie Breyer<\/p>\n\n\n\n<p><strong>Genre: <\/strong>Comedy<\/p>\n\n\n\n<p><\/p>\n\n\n\n<p><strong><span style=\"text-decoration: underline;\">Discussion avec mes parents<\/span><\/strong> <em>\u2013<\/em> Streaming beginning December 6<\/p>\n\n\n\n<p><em><a href=\"https:\/\/www.tv5mondeplus.com\/en\/series-et-films-tv\/comedie\/discussions-avec-mes-parents\">Season 3 premiere, previous seasons now streaming<\/a><\/em><\/p>\n\n\n\n<p>(French ST)<\/p>\n\n\n\n<p>Fran\u00e7ois Morency shares the particularly colorful discussions he has with his parents, siblings, and all their nearest and dearest during his visits to the family home in the Saint-Sacrement district of Quebec.<\/p>\n\n\n\n<p><strong>Director: <\/strong>Pascal L&#8217;Heureux (Canada, 2018)<\/p>\n\n\n\n<p><strong>Cast: <\/strong>Fran\u00e7ois Morency, Vincent Bilodeau, Marie-Ginette Guay, Blaise Tardif, Caroline Bouchard<\/p>\n\n\n\n<p><strong>Genre: <\/strong>Comedy<\/p>\n\n\n\n<p><\/p>\n\n\n\n<h2 class=\"wp-block-heading\"><strong><u>Documentaries<\/u><\/strong><\/h2>\n\n\n\n<p><strong><span style=\"text-decoration: underline;\">Louis de Fun\u00e8s, le rire \u00e9ternel<\/span><\/strong> <em>\u2013<\/em> <a href=\"https:\/\/www.tv5mondeplus.com\/en\/culture-et-art-de-vivre\/vie-culturelle-et-artistique\/louis-de-funes-le-rire-eternel\"><em>Now streaming<\/em><\/a><\/p>\n\n\n\n<p>(English ST)<\/p>\n\n\n\n<p>Even today his comedy remains as fresh ever: a look back at the 35-year career of the French actor Louis de Fun\u00e8s in this 2-part documentary.<\/p>\n\n\n\n<p><strong>Director: <\/strong>Jacques Pessis<\/p>\n\n\n\n<p><strong>Genre: <\/strong>Documentary series<\/p>\n\n\n\n<p><\/p>\n\n\n\n<h1 class=\"wp-block-heading\">TV5 Monde Cinema<\/h1>\n\n\n\n<p><strong>Theme:<\/strong> Holiday films<\/p>\n\n\n\n<p><strong><span style=\"text-decoration: underline;\">Les Mis\u00e9rables 1<\/span><\/strong> <em>\u2013<\/em> Available beginning December 1<\/p>\n\n\n\n<p>(English ST)<\/p>\n\n\n\n<p>Part 1 to this classic Victor Hugo tale. A peasant, convicted of a stealing a loaf of bread, spends the rest of his life being pursued by a cruel and unrelenting policeman.<\/p>\n\n\n\n<p><strong>Director: <\/strong>Jean-Paul Le Chanois (1958)<\/p>\n\n\n\n<p><strong>Cast:<\/strong> Jean Gabin, Bernard Blier, Bourvil<\/p>\n\n\n\n<p><strong>Genre: <\/strong>Drama<\/p>\n\n\n\n<p><\/p>\n\n\n\n<p><strong><span style=\"text-decoration: underline;\">Les Mis\u00e9rables 2<\/span><\/strong> <em>\u2013<\/em> Available beginning December 1<\/p>\n\n\n\n<p>(English ST)<\/p>\n\n\n\n<p>Part 2 to this classic Victor Hugo tale. A peasant, convicted of a stealing a loaf of bread, spends the rest of his life being pursued by a cruel and unrelenting policeman.<\/p>\n\n\n\n<p><strong>Director: <\/strong>Jean-Paul Le Chanois (1958)<\/p>\n\n\n\n<p><strong>Cast:<\/strong> Jean Gabin, Bernard Blier, Bourvil<\/p>\n\n\n\n<p><strong>Genre: <\/strong>Drama<\/p>\n\n\n\n<p><\/p>\n\n\n\n<p><strong><span style=\"text-decoration: underline;\">Belle et S\u00e9bastien nouvelle g\u00e9n\u00e9ration<\/span><\/strong> <em>\u2013<\/em> Available beginning December 8<\/p>\n\n\n\n<p>(English ST)<\/p>\n\n\n\n<p>A 10-year-old boy reluctantly spends his vacation in the mountains herding sheep when he meets a giant and kind dog.<\/p>\n\n\n\n<p><strong>Director: <\/strong>Pierre Cor\u00e9 (2022)<\/p>\n\n\n\n<p><strong>Cast:<\/strong> Mich\u00e8le Laroque, Robinson Mensah Rouanet, Alice David<\/p>\n\n\n\n<p><strong>Genre: <\/strong>Comedy<\/p>\n\n\n\n<p><\/p>\n\n\n\n<p><strong><span style=\"text-decoration: underline;\">Kinoa<\/span><\/strong> <em>\u2013<\/em> Available beginning December 8<\/p>\n\n\n\n<p>The adventures of four friends who live on an island.<\/p>\n\n\n\n<p><strong>Director: <\/strong>Jean-Loup Martin (2016)<\/p>\n\n\n\n<p><strong>Genre: <\/strong>Animation<\/p>\n\n\n\n<p><\/p>\n\n\n\n<p><strong><span style=\"text-decoration: underline;\">Jack Mimoun et les secrets de Val Verde<\/span><\/strong> <em>\u2013<\/em> Available beginning December 15<\/p>\n\n\n\n<p>(English ST)<\/p>\n\n\n\n<p>Two years after surviving alone on the hostile island of Val Verde, Jack Mimoun has become a star adventurer.<\/p>\n\n\n\n<p><strong>Director: <\/strong>Ludovic Colbeau-Justin, Malik Bentalha (2023)<\/p>\n\n\n\n<p><strong>Cast:<\/strong> Malik Bentalha, Jos\u00e9phine Japy, J\u00e9r\u00f4me Commandeur<\/p>\n\n\n\n<p><strong>Genre: <\/strong>Comedy<\/p>\n\n\n\n<p><\/p>\n\n\n\n<p><strong><span style=\"text-decoration: underline;\">Le pied nickel\u00e9<\/span><\/strong> <em>\u2013<\/em> Available beginning December 15<\/p>\n\n\n\n<p>(English ST)<\/p>\n\n\n\n<p>After a man wakes up from a thirty-five-year coma, he discovers he has inherited the fortune of the Pieds Nickel\u00e9s, a famous trio of scammers.<\/p>\n\n\n\n<p><strong>Director: <\/strong>Jean-Loup Martin (2022)<\/p>\n\n\n\n<p><strong>Cast:<\/strong> Ren\u00e9 Collombat, Alix B\u00e9n\u00e9zech, Serge Papagalli<\/p>\n\n\n\n<p><strong>Genre: <\/strong>Comedy<\/p>\n\n\n\n<p><\/p>\n\n\n\n<p><strong><span style=\"text-decoration: underline;\">Rumba la vie<\/span><\/strong> <em>\u2013<\/em> Available beginning December 22<\/p>\n\n\n\n<p>(English ST)<\/p>\n\n\n\n<p>After leaving his family 20 years ago, a father decides to reconnect with his daughter by taking her dance class.<\/p>\n\n\n\n<p><strong>Director: <\/strong>Franck Dubosc (2022)<\/p>\n\n\n\n<p><strong>Cast:<\/strong> Franck Dubosc, Louana Espinosa, Jean-Pierre Darroussin<\/p>\n\n\n\n<p><strong>Genre: <\/strong>Comedy<\/p>\n\n\n\n<p><\/p>\n\n\n\n<p><strong><span style=\"text-decoration: underline;\">Les cadors<\/span><\/strong> <em>\u2013<\/em> Available beginning December 22<\/p>\n\n\n\n<p>(English ST)<\/p>\n\n\n\n<p>Two long-estranged brothers from Normandy, couldn\u2019t be more different from each other.<\/p>\n\n\n\n<p><strong>Director: <\/strong>Julien Guetta (2022)<\/p>\n\n\n\n<p><strong>Cast:<\/strong> Gr\u00e9goire Ludig, Jean-Paul Rouve, Michel Blanc<\/p>\n\n\n\n<p><strong>Genre: <\/strong>Comedy<\/p>\n\n\n\n<p><\/p>\n\n\n\n<p><strong><span style=\"text-decoration: underline;\">Le temps des secrets<\/span><\/strong> <em>\u2013<\/em> Available beginning December 29<\/p>\n\n\n\n<p>(English ST)<\/p>\n\n\n\n<p>The young Marcel Pagnol enjoys his last summer vacation before high school in Provence.<\/p>\n\n\n\n<p><strong>Director: <\/strong>Christophe Barratier (2022)<\/p>\n\n\n\n<p><strong>Cast:<\/strong> L\u00e9o Campion, Guillaume de Tonqu\u00e9dec, M\u00e9lanie Doutey<\/p>\n\n\n\n<p><strong>Genre: <\/strong>Comedy<\/p>\n\n\n\n<p><\/p>\n\n\n\n<p><strong><span style=\"text-decoration: underline;\">J&#8217;adore ce que vous faites<\/span><\/strong> <em>\u2013<\/em> Available beginning December 29<\/p>\n\n\n\n<p>(English ST)<\/p>\n\n\n\n<p>While filming a blockbuster in the south of France, a movie star falls victim to an obsessed fan, who happens to be his pool boy.<\/p>\n\n\n\n<p><strong>Director: <\/strong>Philippe Guillard (2022)<\/p>\n\n\n\n<p><strong>Cast:<\/strong> G\u00e9rard Lanvin, Artus, Antoine Bertrand<\/p>\n\n\n\n<p><strong>Genre: <\/strong>Comedy<\/p>\n","protected":false},"featured_media":373509,"menu_order":0,"template":"","app_discipline":[231,219],"app_city_tax":[235],"app_event_type":[239,313],"class_list":["post-372983","app_event","type-app_event","status-publish","has-post-thumbnail","hentry","app_discipline-audiovisual","app_discipline-cinema","app_city_tax-all-cities","app_event_type-film","app_event_type-film-series"],"acf":[],"yoast_head":"<!-- This site is optimized with the Yoast SEO plugin v27.3 - https:\/\/yoast.com\/product\/yoast-seo-wordpress\/ -->\n<title>TV5MONDE Program Highlights \u2013 December 2023 - Villa Albertine<\/title>\n<meta name=\"robots\" content=\"index, follow, max-snippet:-1, max-image-preview:large, max-video-preview:-1\" \/>\n<link rel=\"canonical\" href=\"https:\/\/villa-albertine.org\/va\/events\/tv5monde-program-highlights-december-2023\/\" \/>\n<meta property=\"og:locale\" content=\"en_US\" \/>\n<meta property=\"og:type\" content=\"article\" \/>\n<meta property=\"og:title\" content=\"TV5MONDE Program Highlights \u2013 December 2023 - Villa Albertine\" \/>\n<meta property=\"og:description\" content=\"TV5 Monde Special Programming La piste de la Francophonie pour la plan\u00e8te LIVE \u2013 December 11-12 at 12:00am ET\/ 9:00pm PT To mark its 40th anniversary, TV5MONDE is offering \u201cLa Piste de la Francophonie pour la planet,\u201d a unique live broadcast across 17 cities around the world. This special edition will focus on environmental issues,...\" \/>\n<meta property=\"og:url\" content=\"https:\/\/villa-albertine.org\/va\/events\/tv5monde-program-highlights-december-2023\/\" \/>\n<meta property=\"og:site_name\" content=\"Villa Albertine\" \/>\n<meta property=\"article:modified_time\" content=\"2023-12-29T20:38:53+00:00\" \/>\n<meta property=\"og:image\" content=\"https:\/\/villa-albertine.org\/wp-content\/uploads\/2023\/11\/le-furet.jpg\" \/>\n\t<meta property=\"og:image:width\" content=\"1920\" \/>\n\t<meta property=\"og:image:height\" content=\"1080\" \/>\n\t<meta property=\"og:image:type\" content=\"image\/jpeg\" \/>\n<meta name=\"twitter:card\" content=\"summary_large_image\" \/>\n<meta name=\"twitter:label1\" content=\"Est. reading time\" \/>\n\t<meta name=\"twitter:data1\" content=\"13 minutes\" \/>\n<script type=\"application\/ld+json\" class=\"yoast-schema-graph\">{\"@context\":\"https:\\\/\\\/schema.org\",\"@graph\":[{\"@type\":\"WebPage\",\"@id\":\"https:\\\/\\\/villa-albertine.org\\\/va\\\/events\\\/tv5monde-program-highlights-december-2023\\\/\",\"url\":\"https:\\\/\\\/villa-albertine.org\\\/va\\\/events\\\/tv5monde-program-highlights-december-2023\\\/\",\"name\":\"TV5MONDE Program Highlights \u2013 December 2023 - Villa Albertine\",\"isPartOf\":{\"@id\":\"https:\\\/\\\/villa-albertine.org\\\/va\\\/#website\"},\"primaryImageOfPage\":{\"@id\":\"https:\\\/\\\/villa-albertine.org\\\/va\\\/events\\\/tv5monde-program-highlights-december-2023\\\/#primaryimage\"},\"image\":{\"@id\":\"https:\\\/\\\/villa-albertine.org\\\/va\\\/events\\\/tv5monde-program-highlights-december-2023\\\/#primaryimage\"},\"thumbnailUrl\":\"https:\\\/\\\/villa-albertine.org\\\/wp-content\\\/uploads\\\/2023\\\/11\\\/le-furet.jpg\",\"datePublished\":\"2023-11-21T21:23:20+00:00\",\"dateModified\":\"2023-12-29T20:38:53+00:00\",\"breadcrumb\":{\"@id\":\"https:\\\/\\\/villa-albertine.org\\\/va\\\/events\\\/tv5monde-program-highlights-december-2023\\\/#breadcrumb\"},\"inLanguage\":\"en-US\",\"potentialAction\":[{\"@type\":\"ReadAction\",\"target\":[\"https:\\\/\\\/villa-albertine.org\\\/va\\\/events\\\/tv5monde-program-highlights-december-2023\\\/\"]}]},{\"@type\":\"ImageObject\",\"inLanguage\":\"en-US\",\"@id\":\"https:\\\/\\\/villa-albertine.org\\\/va\\\/events\\\/tv5monde-program-highlights-december-2023\\\/#primaryimage\",\"url\":\"https:\\\/\\\/villa-albertine.org\\\/wp-content\\\/uploads\\\/2023\\\/11\\\/le-furet.jpg\",\"contentUrl\":\"https:\\\/\\\/villa-albertine.org\\\/wp-content\\\/uploads\\\/2023\\\/11\\\/le-furet.jpg\",\"width\":1920,\"height\":1080},{\"@type\":\"BreadcrumbList\",\"@id\":\"https:\\\/\\\/villa-albertine.org\\\/va\\\/events\\\/tv5monde-program-highlights-december-2023\\\/#breadcrumb\",\"itemListElement\":[{\"@type\":\"ListItem\",\"position\":1,\"name\":\"Home\",\"item\":\"https:\\\/\\\/villa-albertine.org\\\/va\\\/\"},{\"@type\":\"ListItem\",\"position\":2,\"name\":\"TV5MONDE Program Highlights \u2013 December 2023\"}]},{\"@type\":\"WebSite\",\"@id\":\"https:\\\/\\\/villa-albertine.org\\\/va\\\/#website\",\"url\":\"https:\\\/\\\/villa-albertine.org\\\/va\\\/\",\"name\":\"Villa Albertine\",\"description\":\"\",\"potentialAction\":[{\"@type\":\"SearchAction\",\"target\":{\"@type\":\"EntryPoint\",\"urlTemplate\":\"https:\\\/\\\/villa-albertine.org\\\/va\\\/?s={search_term_string}\"},\"query-input\":{\"@type\":\"PropertyValueSpecification\",\"valueRequired\":true,\"valueName\":\"search_term_string\"}}],\"inLanguage\":\"en-US\"}]}<\/script>\n<!-- \/ Yoast SEO plugin. -->","yoast_head_json":{"title":"TV5MONDE Program Highlights \u2013 December 2023 - Villa Albertine","robots":{"index":"index","follow":"follow","max-snippet":"max-snippet:-1","max-image-preview":"max-image-preview:large","max-video-preview":"max-video-preview:-1"},"canonical":"https:\/\/villa-albertine.org\/va\/events\/tv5monde-program-highlights-december-2023\/","og_locale":"en_US","og_type":"article","og_title":"TV5MONDE Program Highlights \u2013 December 2023 - Villa Albertine","og_description":"TV5 Monde Special Programming La piste de la Francophonie pour la plan\u00e8te LIVE \u2013 December 11-12 at 12:00am ET\/ 9:00pm PT To mark its 40th anniversary, TV5MONDE is offering \u201cLa Piste de la Francophonie pour la planet,\u201d a unique live broadcast across 17 cities around the world. This special edition will focus on environmental issues,...","og_url":"https:\/\/villa-albertine.org\/va\/events\/tv5monde-program-highlights-december-2023\/","og_site_name":"Villa Albertine","article_modified_time":"2023-12-29T20:38:53+00:00","og_image":[{"width":1920,"height":1080,"url":"https:\/\/villa-albertine.org\/wp-content\/uploads\/2023\/11\/le-furet.jpg","type":"image\/jpeg"}],"twitter_card":"summary_large_image","twitter_misc":{"Est. reading time":"13 minutes"},"schema":{"@context":"https:\/\/schema.org","@graph":[{"@type":"WebPage","@id":"https:\/\/villa-albertine.org\/va\/events\/tv5monde-program-highlights-december-2023\/","url":"https:\/\/villa-albertine.org\/va\/events\/tv5monde-program-highlights-december-2023\/","name":"TV5MONDE Program Highlights \u2013 December 2023 - Villa Albertine","isPartOf":{"@id":"https:\/\/villa-albertine.org\/va\/#website"},"primaryImageOfPage":{"@id":"https:\/\/villa-albertine.org\/va\/events\/tv5monde-program-highlights-december-2023\/#primaryimage"},"image":{"@id":"https:\/\/villa-albertine.org\/va\/events\/tv5monde-program-highlights-december-2023\/#primaryimage"},"thumbnailUrl":"https:\/\/villa-albertine.org\/wp-content\/uploads\/2023\/11\/le-furet.jpg","datePublished":"2023-11-21T21:23:20+00:00","dateModified":"2023-12-29T20:38:53+00:00","breadcrumb":{"@id":"https:\/\/villa-albertine.org\/va\/events\/tv5monde-program-highlights-december-2023\/#breadcrumb"},"inLanguage":"en-US","potentialAction":[{"@type":"ReadAction","target":["https:\/\/villa-albertine.org\/va\/events\/tv5monde-program-highlights-december-2023\/"]}]},{"@type":"ImageObject","inLanguage":"en-US","@id":"https:\/\/villa-albertine.org\/va\/events\/tv5monde-program-highlights-december-2023\/#primaryimage","url":"https:\/\/villa-albertine.org\/wp-content\/uploads\/2023\/11\/le-furet.jpg","contentUrl":"https:\/\/villa-albertine.org\/wp-content\/uploads\/2023\/11\/le-furet.jpg","width":1920,"height":1080},{"@type":"BreadcrumbList","@id":"https:\/\/villa-albertine.org\/va\/events\/tv5monde-program-highlights-december-2023\/#breadcrumb","itemListElement":[{"@type":"ListItem","position":1,"name":"Home","item":"https:\/\/villa-albertine.org\/va\/"},{"@type":"ListItem","position":2,"name":"TV5MONDE Program Highlights \u2013 December 2023"}]},{"@type":"WebSite","@id":"https:\/\/villa-albertine.org\/va\/#website","url":"https:\/\/villa-albertine.org\/va\/","name":"Villa Albertine","description":"","potentialAction":[{"@type":"SearchAction","target":{"@type":"EntryPoint","urlTemplate":"https:\/\/villa-albertine.org\/va\/?s={search_term_string}"},"query-input":{"@type":"PropertyValueSpecification","valueRequired":true,"valueName":"search_term_string"}}],"inLanguage":"en-US"}]}},"_links":{"self":[{"href":"https:\/\/villa-albertine.org\/va\/wp-json\/wp\/v2\/app_event\/372983","targetHints":{"allow":["GET"]}}],"collection":[{"href":"https:\/\/villa-albertine.org\/va\/wp-json\/wp\/v2\/app_event"}],"about":[{"href":"https:\/\/villa-albertine.org\/va\/wp-json\/wp\/v2\/types\/app_event"}],"wp:featuredmedia":[{"embeddable":true,"href":"https:\/\/villa-albertine.org\/va\/wp-json\/wp\/v2\/media\/373509"}],"wp:attachment":[{"href":"https:\/\/villa-albertine.org\/va\/wp-json\/wp\/v2\/media?parent=372983"}],"wp:term":[{"taxonomy":"app_discipline","embeddable":true,"href":"https:\/\/villa-albertine.org\/va\/wp-json\/wp\/v2\/app_discipline?post=372983"},{"taxonomy":"app_city_tax","embeddable":true,"href":"https:\/\/villa-albertine.org\/va\/wp-json\/wp\/v2\/app_city_tax?post=372983"},{"taxonomy":"app_event_type","embeddable":true,"href":"https:\/\/villa-albertine.org\/va\/wp-json\/wp\/v2\/app_event_type?post=372983"}],"curies":[{"name":"wp","href":"https:\/\/api.w.org\/{rel}","templated":true}]}}