{"id":3653169,"date":"2025-05-01T21:37:18","date_gmt":"2025-05-01T21:37:18","guid":{"rendered":"https:\/\/villa-albertine.org\/va\/?post_type=app_event&#038;p=3653169"},"modified":"2025-06-09T19:14:39","modified_gmt":"2025-06-09T19:14:39","slug":"tv5monde-program-highlights-may-2025","status":"publish","type":"app_event","link":"https:\/\/villa-albertine.org\/va\/events\/tv5monde-program-highlights-may-2025\/","title":{"rendered":"TV5MONDE Program Highlights \u2013 May 2025"},"content":{"rendered":"\n<p>Throughout May, the international French-language network TV5 Monde offers a rich lineup of entertaining films, series, and variety shows.<\/p>\n\n\n\n<p>Discover our round-up of the must-see programs this month below. <\/p>\n\n\n\n<p><\/p>\n\n\n\n<h1 class=\"wp-block-heading\"><span style=\"text-decoration: underline;\">TV5 Monde<\/span><\/h1>\n\n\n\n<h2 class=\"wp-block-heading\"><span style=\"text-decoration: underline;\">Special<\/span><\/h2>\n\n\n\n<p><strong>L&#8217;invit\u00e9<\/strong>\u2014May 13-24 at 1:45pm ET\/10:45am PT<\/p>\n\n\n\n<p><strong><em>Cannes Film Festival Red Carpet Special<\/em><\/strong><\/p>\n\n\n\n<p>Host Patrick Simonin will be on the red carpet interviewing the stars at this year\u2019s Cannes Film Festival.<\/p>\n\n\n\n<p><strong>Host: <\/strong>Patrick Simonin (France, 2025)<br><strong>Genre: <\/strong>News<\/p>\n\n\n\n<h2 class=\"wp-block-heading\"><span style=\"text-decoration: underline;\">Films<\/span><\/h2>\n\n\n\n<p><strong>Peaux de vaches<\/strong>\u2014May 1 at 8:30pm ET\/5:30pm PT<\/p>\n\n\n\n<p><em><em>In celebration of the Cannes Film Festival<\/em><\/em><\/p>\n\n\n\n<p><em>Also streaming on <a href=\"https:\/\/www.tv5mondeplus.com\/en\/cinema\/drame\/peaux-de-vaches\">TV5MONDEplus<\/a><\/em><\/p>\n\n\n\n<p>Two brothers set fire to the family farm, inadvertently causing the death of a tramp hiding there. The elder shoulders the blame, protecting his younger brother. Ten years later, Roland leaves prison and returns to see G\u00e9rard who immediately thinks Roland is out for revenge&#8230;<\/p>\n\n\n\n<div class=\"wp-block-group\"><div class=\"wp-block-group__inner-container is-layout-constrained wp-block-group-is-layout-constrained\">\n<div class=\"wp-block-group is-vertical is-layout-flex wp-container-core-group-is-layout-8cf370e7 wp-block-group-is-layout-flex\">\n<p><strong>Director<\/strong>: Patricia Mazuy (France, 1989)<br><strong>Cast<\/strong>: Sandrine Bonnaire, Jean-Fran\u00e7ois St\u00e9venin, Jacques Spiesser, and Salom\u00e9 St\u00e9venin<br><strong>Genre<\/strong>: Drama<br><strong>Awards:<\/strong> Cannes Un Certain Regard Official Selection (1989) and C\u00e9sar Award Best First Work Nominee (1990)<\/p>\n<\/div>\n<\/div><\/div>\n\n\n\n<p><\/p>\n\n\n\n<p><strong><strong>Adieu Berthe &#8211; L&#8217;enterrement de M\u00e9m\u00e9<\/strong><\/strong>\u2014May 2 at 11:30pm ET\/8:30pm PT<\/p>\n\n\n\n<p><em><em>A Podalyd\u00e8s Brothers&#8217; Film<\/em><\/em><\/p>\n\n\n\n<p>Armand is kept on his toes by his pharmacy and his passion for magic. Sentimentally, he is torn between his wife H\u00e9l\u00e8ne and his mistress Alix and also has to juggle his father, who has Alzheimer&#8217;s and his busybody mother-in-law. When his grandmother passes away, he is rapidly overwhelmed. Michel is a computer graphics designer and an avid fan of airmail. One day, he discovers a new passion for kayaking. He decides to buy a kit boat and, encouraged by his wife Rachelle, heads off on a solo trip. He is soon meets more and more people along the river.<\/p>\n\n\n\n<p><strong>Director<\/strong>: Bruno Podalyd\u00e8s (France, 2011)<br><strong>Cast<\/strong>: Denis Podalyd\u00e8s, Val\u00e9rie Lemercier, and Isabelle Candelier<br><strong>Genre<\/strong>: Comedy<br><strong>Awards<\/strong>: Nominated at the Cesar Awards &#8211; Best Original Screenplay (France, 2013), the French Film Festival in Cuba (Cuba, 2014), the Hong Kong French Film Festival (Hong Kong, 2012), and Cannes Directors&#8217; Fortnight Official Selection (France, 2012)<\/p>\n\n\n\n<p><\/p>\n\n\n\n<p><strong><strong>La d\u00e9rive des continents (au sud<\/strong><\/strong>)\u2014May 4 at 8:30pm ET\/5:30pm PT<\/p>\n\n\n\n<p><em>In celebration of<em> the Cannes Film Festival<\/em><\/em><\/p>\n\n\n\n<p>Nathalie is on a mission for the European Union to organize visits by Angela Merkel and Emmanuel Macron to a refugee camp in Sicily. Her son Albert is also there with his NGO. With his brothers in arms, he is there to protest against his mother and this diplomatic trip.<\/p>\n\n\n\n<p><strong>Director<\/strong>: Lionel Baier (Switzerland, 2022)<br><strong>Cast<\/strong>: Isabelle Carr\u00e9, Th\u00e9odore Pellerin, and Ursina Lardi<br><strong>Genre<\/strong>: Drama<br><strong>Awards<\/strong>: Cannes Directors&#8217; Fortnight Official Selection (France, 2022), Angoul\u00eame French Film Festival (France, 2022), Swiss French Film Festival (Switzerland, 2022), Hamburg International Festival (Germany, 2022), and Montreal Festival of New Cinema (Canada, 2022)<\/p>\n\n\n\n<p><\/p>\n\n\n\n<p><strong><strong>Une aussi longue absence<\/strong><\/strong>\u2014May 6 at 8:30pm ET\/5:30pm PT<\/p>\n\n\n\n<p><em><em><em><em>In celebration of the Cannes Film Festival<\/em><\/em><\/em><\/em><\/p>\n\n\n\n<p>Th\u00e9r\u00e8se Langlois is intrigued by a tramp, who looks just like her husband, deported by the Germans fifteen years earlier. She decides to follow him, to be certain that it is indeed him. But he&#8217;s suffering from amnesia. Patiently, Th\u00e9r\u00e8se tries to find a way to reawaken his memories&#8230;<\/p>\n\n\n\n<p><strong>Director<\/strong>: Henri Colpi (France, Italy, 1960)<br><strong>Cast<\/strong>: Alida Valli, Georges Wilson, and Charles Blavette<br><strong>Genre<\/strong>: Drama<br><strong>Awards<\/strong>: Cannes Palme d&#8217;Or Winner (1961) and Louis Delluc Prize Winner (1960)<\/p>\n\n\n\n<p><\/p>\n\n\n\n<p><strong>Les Harkis<\/strong> \u2014May 6 at 8:30pm ET\/5:30pm PT<\/p>\n\n\n\n<p><em>I<em>n celebration of the Cannes Film Festival<\/em><\/em><\/p>\n\n\n\n<p>Set during the Algerian War (1954-1962), a group of impoverished young Algerian men, known as Harkis, volunteer to join the French Army.<\/p>\n\n\n\n<p><strong>Director<\/strong>: Philippe Faucon (France, 2022)<br><strong>Cast<\/strong>: Th\u00e9o Cholbi, Omar Boulakirba, and Pierre Lottin<br><strong>Genre<\/strong>: Drama<br><strong>Awards<\/strong>: Cannes Film Festival Director\u2019s Fortnight official selection (2022)<\/p>\n\n\n\n<p><\/p>\n\n\n\n<p><strong>Dalva<\/strong>\u2014 May 11 at 8:30pm ET\/5:30pm PT<br><br><em>In celebration of the Cannes Film Festival<br><\/em><br>12-year-old Dalva behaves and dresses like a grown woman. The authorities are notified and her single father&#8217;s custody is withdrawn. She is put in a hostel where she starts to rebel against this situation, which she finds unfair before gradually realizing what she has endured.<br><br><strong>Director<\/strong>: Emmanuelle Nicot (Belgium, France, 2022)<br><strong>Cast<\/strong>: Zelda Samson, Alexis Manenti, Fanta Guirassi, and Marie Denarnaud<br><strong>Genre<\/strong>: Drama<br><strong>Awards<\/strong>: Cannes Film Festival Louis Roederer Foundation Rising Star Award, FIPRESCI Prize Winners, <strong>Critics<\/strong>\u2019 Week Grand Prize, and Golden Camera Nominees (2022)<\/p>\n\n\n\n<p><\/p>\n\n\n\n<p><strong>Les pires<\/strong>\u2014 May 13 at 8:30pm ET\/5:30pm PT<br><br><em>In celebration of the Cannes Film Festival<\/em><br><br>A film crew sets up in a disadvantaged suburb of Boulogne-sur-Mer. At the end of the casting, the inhabitants are stunned: the four teenagers selected to play the leading roles are considered to be the bad lot in the suburb. Lily, Maylis, Jessy, and Ryan, the happy chosen ones, cannot believe it themselves.<br><br><strong>Directors<\/strong>: Lise Akoka and Romane Gu\u00e9ret (France, 2021)<br><strong>Cast<\/strong>: Mallory Wanecques, Tim\u00e9o Mahaut, Lo\u00efc Pech, and M\u00e9lina Vanderplancke<br><strong>Genre<\/strong>: Drama<br><strong>Awards<\/strong>: Cannes Film Festival A Certain Regard Winner, Golden Camera Nominee (2022)<\/p>\n\n\n\n<p><\/p>\n\n\n\n<p><strong>Un petit fr\u00e8re<\/strong>\u2014 May 15 at 8:30pm ET\/5:30pm PT<br><br><em>In celebration of the Cannes Film Festival<\/em><br>Also streaming on TV5MONDEplus beginning May 7<br><br>Rose leaves the Ivory Coast for France with her two sons Jean and Ernest. The single mother gets a job as a chambermaid and struggles every day to keep her family afloat. As teenagers and then young adults, Jean and Ernest are confronted by the difficulties of integration.<br><br><strong>Director<\/strong>: L\u00e9onor Serraille (France, 2022)<br><strong>Cast<\/strong>: Annabelle Lengronne, St\u00e9phane Bak, Ahmed Sylla, and Kenzo Sambin<br><strong>Genre<\/strong>: Drama<br><strong>Awards<\/strong>: Cannes Film Festival Palm d\u2019Or Nominee (2022)<\/p>\n\n\n\n<p><\/p>\n\n\n\n<p><strong>\u00c0ma gloria<\/strong>\u2014 May 18 at 8:30pm ET\/5:30pm PT<br><br><em>In celebration of the Cannes Film Festival<br><\/em><br>Six-year-old Cl\u00e9o lives with her kind, but often absent father, and her nanny Gloria, whom she loves. But Gloria has to definitively return to Cape Verde to look after her children. The separation is brutal and Cl\u00e9o is crushed. Her father sends her to spend the summer with Gloria.<br><br><strong>Director<\/strong>: Marie Amachoukeli (France, 2022)<br><strong>Cast<\/strong>: Louise Mauroy-Panzani, Il\u00e7a Moreno Zego, Arnaud Rebotini, and Abnara Gomes Varela<br><strong>Genre<\/strong>: Dramedy<br><strong>Awards<\/strong>: Cannes Film Festival Critics\u2019 Week Official Opener (2022)<\/p>\n\n\n\n<p><\/p>\n\n\n\n<p><strong>Roubaix, une lumi\u00e8re<\/strong>\u2014 May 20 at 8:30pm ET\/5:30pm PT<br><br><em>In celebration of the Cannes Film Festival<\/em><br><br>Roubaix on Christmas Eve. Superintendent Daoud and his colleague Louis are investigating the murder of an old lady. The loot stolen from her home was derisory. The neighbours of the deceased, drug addicts and alcoholics, quickly appear to be the main suspects\u2026<br><br><strong>Director<\/strong>: Arnaud Desplechin (France, 2019)<br><strong>Cast<\/strong>: Roschdy Zem, L\u00e9a Seydoux, Sara Forestier, and Antoine Reinartz<br><strong>Genre<\/strong>: Thriller<br><strong>Awards<\/strong>: Cannes Film Festival Palme d\u2019Or and Queer Palm Nominees (2019)<\/p>\n\n\n\n<p><\/p>\n\n\n\n<p><strong>La bataille du rail<\/strong>\u2014 May 22 at 8:30pm ET\/5:30pm PT<br><em><br>In celebration of the Cannes Film Festival<\/em><br><br>During the Second World War, many French railway workers took part in the resistance. Daily acts of sabotage, spectacular derailments: the French railway network took many actions against Nazi occupation. A station manager Camargue, and his deputy Athos risk their lives in managing the network in their sector.<br><br><strong>Director<\/strong>: Ren\u00e9 Cl\u00e9ment (France, 1945)<br><strong>Cast<\/strong>: Tony Laurent, Lucien Desagneaux, Charles Boyer, and Jean Clarieux<br><strong>Genre<\/strong>: Historical Drama<br><strong>Awards<\/strong>: Cannes Film Festival International Jury Prize, Best Director Winners (1946)<\/p>\n\n\n\n<p><\/p>\n\n\n\n<p><strong>Goutte d\u2019or<\/strong>\u2014 May 25 at 8:30pm ET\/5:30pm PT<br><br><em>In celebration of the Cannes Film Festival<\/em><br><br>Rames, a crafty fraudster with a certain talent for dramatics, runs a successful clairvoyance practice in the Goutte d&#8217;Or district in Paris. Up until a gang of street children arrive and start to spread terror there: the fake witchdoctor is going to have his first real vision.<br><br><strong>Director<\/strong>: Cl\u00e9ment Cogitore (France, 2022)<br><strong>Cast<\/strong>: Karim Leklou, Ahmed Benaissa, Elsa Wolliaston, and Malik Zidi<br><strong>Genre<\/strong>: Dramedy<br><strong>Awards<\/strong>: Cannes Film Festival Critics\u2019 Week Official Selection (2022)<\/p>\n\n\n\n<p><\/p>\n\n\n\n<p><strong>La salamandre<\/strong>\u2014 May 27 at 8:30pm ET\/5:30pm PT<br><br><em>In celebration of the Cannes Film Festival<br><br>Tribute to Alain Tanner<\/em><br><br>Also streaming on <a href=\"https:\/\/www.tv5mondeplus.com\/en\/cinema\/comedie-dramatique\/la-salamandre\">TV5MONDEplus<\/a><br><br>Two friends, Pierre and Paul, join forces to write a screenplay based on real events: the story of a young worker Rosemonde, accused of attempting to murder her uncle, before finally being acquitted for lack of evidence. Paul, somewhat of a dreamer, imagines the character. Pierre, anchored in reality, investigates.<br><br><strong>Director<\/strong>: Alain Tanner (Switzerland, 1971)<br><strong>Cast<\/strong>: Bulle Ogier, Jean-Luc Bideau, Jacques Denis, and Marblum Jequier<br><strong>Genre<\/strong>: Dark comedy<br><strong>Awards<\/strong>: Cannes Film Festival Directors&#8217; Fortnight Official Selection (France, 1971)<\/p>\n\n\n\n<p><\/p>\n\n\n\n<p><strong>Yeelen la lumi\u00e8re<\/strong>\u2014 May 29 at 8:30pm ET\/5:30pm PT<br><br><em>In celebration of the Cannes Film Festival<br><\/em><br><em>Tribute to Souleymane Ciss\u00e9, who passed away on February 19, 2025<br><\/em><br>Also streaming on TV5MONDEplus beginning May 1<br><br>A gifted young man with magical powers embarks on a journey to seek his uncle&#8217;s aid in confronting his powerful sorcerer father.<br><br><strong>Director<\/strong>: Souleymane Ciss\u00e9 (Mali, 1987)<br><strong>Cast<\/strong>: Issiaka Kane, Aoua Sangare, and Niamanto Sanogo<br><strong>Genre<\/strong>: Drama, fantasy<br><strong>Awards<\/strong>: Cannes Film Festival Jury Prize, Prize of the Ecumenical Jury \u2013 Special Mention Winners, and Palm d\u2019Or Nominee (France, 1987)<\/p>\n\n\n\n<h2 class=\"wp-block-heading\"><span style=\"text-decoration: underline;\"><span style=\"text-decoration: underline;\">Series<\/span><\/span><\/h2>\n\n\n\n<p><strong>Neumatt<\/strong>\u2014Sundays starting May 4 at 11:30pm ET\/8:30pm PT<\/p>\n\n\n\n<p><em>Season 2 Premiere<\/em><\/p>\n\n\n\n<p><em>Also streaming on <a href=\"http:\/\/: https:\/\/www.tv5mondeplus.com\/en\/series-et-films-tv\/drame\/neumatt\">TV5MONDEplus<\/a><\/em><\/p>\n\n\n\n<p>Michi leads a frenzied life in the city. When his father Kurt dies, he returns to Neumatt and discovers a general a farm in chaos: his brother is overwhelmed by everything, his sister couldn&#8217;t care less. Their mother, Katharina, tries to hide the real cause of her husband&#8217;s death: suicide.<br>Michi has made up his mind: he&#8217;s going to take over the family farm, Neumatt. With his brother Lorenz and girlfriend Jessie expecting their first baby, he begins his new life as a farmer.<\/p>\n\n\n\n<p><strong>Director<\/strong>: Sabine Boss and Pierre Monnard (Switzerland, 2023)<br><strong>Cast<\/strong>: Julian Koechlin, Rachel Braunschweig, Sophie Hutter, and J\u00e9r\u00f4me Humm<br><strong>Genre<\/strong>: Drama<\/p>\n\n\n\n<p><\/p>\n\n\n\n<p><strong>Zetwal cara\u00efbes<\/strong>\u2014Tuesdays starting May 13 at 11:30pm ET\/8:30pm PT<br><br><em>Season 1 premiere<\/em><br><br>Also streaming on <a href=\"https:\/\/www.tv5mondeplus.com\/en\/series-et-films-tv\/comedie-dramatique\/zetwal-caraibes\">TV5MONDEplus<\/a><br><br>The trials and tribulations of four students at a drama school in Guadeloupe. Despite their very different backgrounds and personal challenges, all are fighting to make their dreams come true.<br>Ep.1: Jacob, Emily, Nathalie, and Lionel are drama students and have been selected by their teacher Marianne to represent Guadeloupe for the West Indies-French Guiana drama competition. As Jacob and Emily begin to feel a mutual attraction, the spark between Lionel and Nathalie is rekindled.<br>Ep. 2: Jacob is taken aback by the revelation made by Iris, with whom he had a one-night stand. Following her mother&#8217;s death, Nathalie is in search of the father she never knew. Lionel begins dealing in drugs again.<br><br><strong>Director<\/strong>: Luccio Di Rosa (France, 2024)<br><strong>Cast<\/strong>: Mathew Bazile, Angelyna Danabe Mignot, Axelle Laurent, and Youri Lauriette<br><strong>Genre<\/strong>: Dramedy<\/p>\n\n\n\n<p><\/p>\n\n\n\n<p><strong>Toute la vie<\/strong>\u2014Wednesdays starting May 28 at 11:30pm ET\/8:30pm PT<br><br><em>Season 3 premiere<br><br><\/em>Also streaming on <a href=\"https:\/\/www.tv5mondeplus.com\/en\/series-et-films-tv\/drame\/toute-la-vie\">TV5MONDEplus<\/a><br><br>Marie-Labrecque School supports approximately 60 pregnant adolescents and young mothers, ages 12 to 17, by offering education and parenting guidance to help them care for their babies after birth.<br>Ep.1: Carolle visits Christophe in hospital where he&#8217;s recovering from being attacked. She can&#8217;t stop herself from giving him the latest news about Derek. They are determined to do all they can to help him.<br>Ep. 2: As they accompany Daphn\u00e9, who has to appear before the judge, Anne and Christophe have an unexpected encounter. Julie asks for advice from her lawyer before deciding whether to bring charges concerning what happened to her when she was a teenager.<br><br><strong>Director<\/strong>: Jean-Philippe Duval (Canada, 2021)<br><strong>Cast<\/strong>: H\u00e9l\u00e8ne Bourgeois Leclerc, Roy Dupuis, Marie-Chantal Perron, Madeleine P\u00e9loquin, and Marguerite Bouchard<br><strong>Genre<\/strong>: Drama<\/p>\n\n\n\n<h2 class=\"wp-block-heading\"><span style=\"text-decoration: underline;\"><span style=\"text-decoration: underline;\">Documentaries<\/span><\/span><\/h2>\n\n\n\n<p><strong>Juste une mise au point<\/strong>\u2014 Sundays starting May 4 at 4:00pm ET\/1:00pm PT<br><br><em>In celebration of the Cannes Film Festival<\/em><br><br>Also streaming on <a href=\"https:\/\/www.tv5mondeplus.com\/en\/culture-et-art-de-vivre\/vie-culturelle-et-artistique\/juste-une-mise-au-point\">TV5MONDEplus<\/a><br><br>From the start of their career to their most recent films, portraits of some of the most iconic French film directors.<br>Ep. Baya Kasmi: Director, screenwriter, and actress Baya Kasmi looks back at a film career that sets out to describe contemporary society with humor and derision. She directed <em>Le Nom des Gens<\/em>, <em>Je Suis \u00e0 vous Tout de Suite<\/em>, <em>Yousef Salem a du Succ\u00e8s<\/em>\u2026<br>Ep. Coline Serreau: She is the name behind one of the most successful French films ever: <em>Trois Hommes et un Couffin<\/em>. A look back at the career of the actress, screenwriter, and director Coline Serreau, who shares her vision of cinema and the world.<br>Ep. \u00c9tienne Chatiliez: After working in the world of advertising, \u00c9tienne Chatiliez began his cinema career with the now famous <em>La Vie est un Long Fleuve Tranquille<\/em>. A first film was followed by other memorable works: <em>Tatie Danielle<\/em>, <em>Le Bonheur est dans le Pr\u00e9<\/em>, <em>Tanguy<\/em>\u2026<br>Ep. Pascal Thomas: An out-of-the-ordinary filmmaker, who left his mark on an entire generation in the 1970s. Pascal Thomas began his career with <em>Les Zozos,<\/em> followed by <em>Pleure pas la Bouche Pleine<\/em> and <em>Le Chaud Lapin<\/em>.  In 1999, he directed <em>La Dilettante<\/em>.<br><br><strong>Director<\/strong>: Rapha\u00eblle Catteau and S\u00e9bastien Labadie (France, 2022, 2023)<br><strong>Genre<\/strong>: Documentary series<\/p>\n\n\n\n<p><\/p>\n\n\n\n<p><strong>Romy Schneider, face \u00e0 son destin<\/strong>\u2014 May 21 at 8:30pm ET\/5:30pm PT<br><br><em>In celebration of the Cannes Film Festival<\/em><br><br>Also streaming on <a href=\"https:\/\/www.tv5mondeplus.com\/en\/culture-et-art-de-vivre\/vie-culturelle-et-artistique\/romy-schneider-face-a-son-destin\">TV5MONDEplus<\/a><br><br>Evoking Romy Schneider (1938-1982) leaves no one indifferent. The beauty of the actress is admired by men and women alike, her talent recognized, often described as immense, her fragility on edge. A look back at the journey of a perfectionist, passionate about her roles, a great lover, eternally hurt by life.<br><br><strong>Director<\/strong>: Sophie Agacinski (France, 2023)<br><strong>Genre<\/strong>: Documentary<\/p>\n\n\n\n<p><\/p>\n\n\n\n<p><strong>Le terminus des pr\u00e9tentieux<\/strong>\u2014 May 21 at 9:30pm ET\/6:30pm PT<br><br><em>In celebration of the Cannes Film Festival<\/em><br><br>Also streaming on <a href=\"https:\/\/www.tv5mondeplus.com\/en\/culture-et-art-de-vivre\/vie-culturelle-et-artistique\/le-terminus-des-pretentieux\">TV5MONDEplus<\/a><br><br>In 2020, to coincide with the 100th anniversary of Michel Audiard&#8217;s birth, Gaumont opens its archives, revealing the author&#8217;s lesser-known works. &#8221;Le Terminus des Pr\u00e9tentieux,&#8221; a title invented for many of his unfinished works, looks back over the life and work of one of France&#8217;s most prolific dialogue writers.<br>Paul Michel Audiard was a French screenwriter and director celebrated for his sharp, irreverent dialogue rich in slang, which helped establish him as a major cultural figure in France during the 1960s and 1970s. He wrote the screenplay for the classic French crime comedy film <em>Les Tontons flingueurs<\/em>.<br><br><strong>Director<\/strong>: Sylvain Perret (France, 2020)<br><strong>Genre<\/strong>: Documentary<\/p>\n\n\n\n<h1 class=\"wp-block-heading\"><span style=\"text-decoration: underline;\">TV5 Monde Plus<\/span><\/h1>\n\n\n\n<h2 class=\"wp-block-heading\"><span style=\"text-decoration: underline;\">Films<\/span><\/h2>\n\n\n\n<p><strong>Trois souvenirs de ma jeunesse<\/strong>\u2014 Streaming beginning May 7<br><br><em>In celebration of the Cannes Film Festival<\/em><br><br>As Paul prepares to leave Tajikistan, he reflects on his teenage years\u2014his childhood, his mother\u2019s struggles with mental illness, wild parties, the trip to the Soviet Union where he lost his virginity, the friend who betrayed him, and the love of his life.<br><br><strong>Director<\/strong>: Arnaud Desplechin (France, 2015)<br><strong>Cast<\/strong>: Quentin Dolmaire, Lou Roy-Lecollinet, and Mathieu Amalric<br><strong>Genre<\/strong>: Drama, romance<br><strong>Awards<\/strong>: Cannes Film Festival Directors\u2019 Fortnight Winner (2015) and C\u00e9sar Awards Best Director Winner (2016)<\/p>\n\n\n\n<p><\/p>\n\n\n\n<p><strong>Chouf<\/strong>\u2014 Streaming beginning May 7<br><br><em>In celebration of the Cannes Film Festival<\/em><br><br>Chouf means \u201clook\u201d in Arabic. It\u2019s the name of the Marseille drug watch. When his brother, a local boss, is killed, Sofiane, ready to do anything to find the assassins, enters the business of his neighborhood. He abandons family, studies, and quickly climbs the ladder.<br><br><strong>Director<\/strong>: Karim Dridi (France, 2016)<br><strong>Cast<\/strong>: Sofian Khammes, Foued Nabba, and Oussama Abdul Aal<br><strong>Genre<\/strong>: Crime, drama<br><strong>Awards<\/strong>: Cannes Film Official Selection (2016)<\/p>\n\n\n\n<p><\/p>\n\n\n\n<p><strong>Louloute<\/strong>\u2014 Streaming beginning May 7<br><br>Normandy, in the 1980s. Between the cows, Club Doroth\u00e9e, and chunky woolen jumpers, life for 10-year-old Louloute is one of dreams, love, and family squabbles. But as the family farm falls further into debt, that life is about the change forever\u2026<br><br><strong>Director<\/strong>: Hubert Viel (France, 2019)<br><strong>Cast<\/strong>: Alice Henri, Laure Calamy, and Bruno Clairefond<br><strong>Genre<\/strong>: Drama<\/p>\n\n\n\n<h2 class=\"wp-block-heading\"><span style=\"text-decoration: underline;\">Series<\/span><\/h2>\n\n\n\n<p><strong>Agathe Kolt\u00e8s<\/strong>\u2014 Streaming beginning May 7<br><br><em>Season 1 premiere<\/em><br><br>A French crime drama about a brilliant but emotionally distant detective, who secretly works under her accomplished daughter, also a detective. Their hidden family connection fuels tension, especially for the daughter, who harbors resentment over her mother\u2019s past neglect.<br><br><strong>Director<\/strong>: Christian Bonnet and Adeline Darraux (France, 2016)<br><strong>Cast<\/strong>: Philippine Leroy-Beaulieu, Hortense G\u00e9linet, Arnaud Binard, Serge Riaboukine, and In\u00e8s Melab<br><strong>Genre<\/strong>: Crime, thriller<\/p>\n\n\n\n<p><\/p>\n\n\n\n<p><strong>Heureux qui communique<\/strong>\u2014 <a href=\"https:\/\/www.tv5mondeplus.com\/en\/series-et-films-tv\/comedie\/heureux-qui-communique\">Now streaming<\/a><br>TV5MONDE original<br><br>Places where people talk. They talk while travelling or talk about travelling, talk about anything and everything, for pleasure, just for the pleasure of talking. A series that plays with the French language, its exceptions and its difficulties, but always with a touch of indulgence and plenty of humour.<br><br><strong>Director<\/strong>: Christian Essiambre (Canada, 2024)<br><strong>Cast<\/strong>: France Castel, Germain Houde, and Roc Lafortune<br><strong>Genre<\/strong>: Comedy, web series<\/p>\n\n\n\n<h2 class=\"wp-block-heading\"><span style=\"text-decoration: underline;\">TV5 Monde Cinema<\/span><\/h2>\n\n\n\n<p><strong>Theme: French Films at Major Film Festivals<\/strong><\/p>\n\n\n\n<p><\/p>\n\n\n\n<p><strong>Americano<\/strong>\u2014 available beginning May 2<br><br>After his mother\u2019s death, a Parisian returns to his childhood city of Los Angeles to handle her inheritance.<br><br><strong>Director<\/strong>: Mathieu Demy (2011)<br><strong>Cast<\/strong>: Mathieu Demy, Salma Hayek, and G\u00e9raldine Chaplin<br><strong>Genre<\/strong>: Drama<br><strong>Awards<\/strong>: 2011 San Sebasti\u00e1n International Film Festival Kutxa-New Directors Award Nominee<\/p>\n\n\n\n<p><\/p>\n\n\n\n<p><strong>Alberto Express<\/strong>\u2014 available beginning May 2<br><br>A young Italian living in Paris with his French wife is about to become a father. Before the baby is born, he must repay his father for every expense from his birth until he left home, as part of a family tradition.<br><br><strong>Director<\/strong>: Arthur Joff\u00e9 (1990)<br><strong>Cast<\/strong>: Sergio Castellitto, Nino Manfredi, Marie Trintignant, and Marco Messeri<br><strong>Genre<\/strong>: Comedy<br><strong>Awards<\/strong>: 2023 Festival international du film de Cannes Special Selection<\/p>\n\n\n\n<p><\/p>\n\n\n\n<p><strong>Quelques jours pas plus<\/strong>\u2014 available beginning May 9<br><br>A renowned music critic is demoted to field reporting. While covering the evacuation of a migrant camp near Paris, he becomes a victim of police violence and unexpectedly becomes the face of the refugee cause.<br><br><strong>Director<\/strong>: Julie Navarro (2024)<br><strong>Cast<\/strong>: Benjamin Biolay, Camille Cottin, and Amrullah Safi<br><strong>Genre<\/strong>: Drama<br><strong>Awards<\/strong>: 2024 T\u00fcbingen | Stuttgart International French-language Film Festival Selection<\/p>\n\n\n\n<p><\/p>\n\n\n\n<p><strong>Johnny Mad Dog<\/strong>\u2014 available beginning May 9<br><br>A fifteen-year-old child soldier in Liberia is haunted by the &#8220;mad dog&#8221; he strives to become.<br><br><strong>Director<\/strong>: Jean-St\u00e9phane Sauvaire (2008)<br><strong>Cast<\/strong>: Christopher Minie, Daisy Victoria Vandy, and Dagbeth Tweh<br><strong>Genre<\/strong>: Drama, war<br><strong>Awards<\/strong>: 2008 Cannes Film Festival Regard Hope Award Winner<\/p>\n\n\n\n<p><\/p>\n\n\n\n<p><strong>Les \u00e2mes s\u0153urs<\/strong>\u2014 available beginning May 16<br><br>After an attack on his military convoy in Mali, a French lieutenant is brought back home to recover.<br><br><strong>Director<\/strong>: Andr\u00e9 T\u00e9chin\u00e9 (2023)<br><strong>Cast<\/strong>: No\u00e9mie Merlant, Benjamin Voisin, and Audrey Dana<br><strong>Genre<\/strong>: Drama<br><strong>Awards<\/strong>: 2023 T\u00fcbingen | Stuttgart International French-language Film Festival Selection<\/p>\n\n\n\n<p><\/p>\n\n\n\n<p><strong>La promesse verte<\/strong>\u2014 available beginning May 16<br><br>A mother fights to save her son\u2019s life after he is wrongfully sentenced to death while conducting research in Indonesia.<br><br><strong>Director<\/strong>: Edouard Bergeon (2024)<br><strong>Cast<\/strong>: Alexandra Lamy, F\u00e9lix Moati, and Sofian Khammes<br><strong>Genre<\/strong>: Drama<br><strong>Awards<\/strong>: 2024 Festival du film fran\u00e7ais d&#8217;Helv\u00e9tie (FFFH) selection<\/p>\n\n\n\n<p><\/p>\n\n\n\n<p><strong>Le retour<\/strong>\u2014 available beginning May 23<br><br>A middle-aged woman working for a wealthy Parisian family is offered a summer in Corsica to care for their children. This gives her the chance to return with her own daughters to the island they left fifteen years earlier under tragic circumstances.<br><br><strong>Director<\/strong>: Catherine Corsini (2023)<br><strong>Cast<\/strong>: A\u00efssatou Diallo Sagna, Suzy Bemba, and Esther Gohourou<br><strong>Genre<\/strong>: Drama<br><strong>Awards<\/strong>: 2023 Cannes Film Festival Palme d\u2019Or Nominee<\/p>\n\n\n\n<p><\/p>\n\n\n\n<p><strong>Les amants r\u00e9guliers<\/strong>\u2014 available beginning May 23<br><br>Two twenty-year-olds fall in love in 1969.<br><br><strong>Director<\/strong>: Philippe Garrel (2005)<br><strong>Cast<\/strong>: Louis Garrel, Clotilde Hesme, and Julien Lucas<br><strong>Genre<\/strong>: Drama<br><strong>Awards<\/strong>: 2006 C\u00e9sar Awards Most Promising Actor Winner<\/p>\n\n\n\n<p><\/p>\n\n\n\n<p><strong>Les estivants<\/strong>\u2014 available beginning May 30<br><br>A woman grapples with a recent breakup and the pressure of writing her next film while on vacation with her quirky family at a villa on the French Riviera.<br><br><strong>Director<\/strong>: Valeria Bruni Tedeschi (2018)<br><strong>Cast<\/strong>: Valeria Bruni Tedeschi, Pierre Arditi, and Valeria Golino<br><strong>Genre<\/strong>: Dramedy<br><strong>Awards<\/strong>: 2020 David di Donatello Awards Best Actress Nominee<\/p>\n\n\n\n<p><\/p>\n\n\n\n<p><strong>Omar la fraise<\/strong>\u2014 available beginning May 30<br><br>A gangster on the run seeks to lay low for the rest of his life in Algiers, trying to escape a 20-year prison sentence from the French authorities.<br><br><strong>Director<\/strong>: Elias Belkeddar (2023)<br><strong>Cast<\/strong>: Reda Kateb, Beno\u00eet Magimel, and Meriem Amiar<br><strong>Genre<\/strong>: Crime, Comedy<br><strong>Awards<\/strong>: 2023 Cannes Film Festival Golden Camera Nominee<\/p>\n","protected":false},"featured_media":3655074,"menu_order":0,"template":"","app_discipline":[231,219],"app_city_tax":[235,221,214,223,222,220,216,224,217,225,226],"app_event_type":[239,313],"class_list":["post-3653169","app_event","type-app_event","status-publish","has-post-thumbnail","hentry","app_discipline-audiovisual","app_discipline-cinema","app_city_tax-all-cities","app_city_tax-atl","app_city_tax-bos","app_city_tax-chi","app_city_tax-hou","app_city_tax-la","app_city_tax-mia","app_city_tax-nola","app_city_tax-nyc","app_city_tax-sf","app_city_tax-dc","app_event_type-film","app_event_type-film-series"],"acf":[],"yoast_head":"<!-- This site is optimized with the Yoast SEO plugin v27.3 - https:\/\/yoast.com\/product\/yoast-seo-wordpress\/ -->\n<title>TV5MONDE Program Highlights \u2013 May 2025 - Villa Albertine<\/title>\n<meta name=\"robots\" content=\"index, follow, max-snippet:-1, max-image-preview:large, max-video-preview:-1\" \/>\n<link rel=\"canonical\" href=\"https:\/\/villa-albertine.org\/va\/events\/tv5monde-program-highlights-may-2025\/\" \/>\n<meta property=\"og:locale\" content=\"en_US\" \/>\n<meta property=\"og:type\" content=\"article\" \/>\n<meta property=\"og:title\" content=\"TV5MONDE Program Highlights \u2013 May 2025 - Villa Albertine\" \/>\n<meta property=\"og:description\" content=\"Throughout May, the international French-language network TV5 Monde offers a rich lineup of entertaining films, series, and variety shows. Discover our round-up of the must-see programs this month below. TV5 Monde Special L&#8217;invit\u00e9\u2014May 13-24 at 1:45pm ET\/10:45am PT Cannes Film Festival Red Carpet Special Host Patrick Simonin will be on the red carpet interviewing the...\" \/>\n<meta property=\"og:url\" content=\"https:\/\/villa-albertine.org\/va\/events\/tv5monde-program-highlights-may-2025\/\" \/>\n<meta property=\"og:site_name\" content=\"Villa Albertine\" \/>\n<meta property=\"article:modified_time\" content=\"2025-06-09T19:14:39+00:00\" \/>\n<meta property=\"og:image\" content=\"https:\/\/villa-albertine.org\/wp-content\/uploads\/2025\/04\/1200x680_les_estivants_120x160_france_culture-hd-e1745944501406.webp\" \/>\n\t<meta property=\"og:image:width\" content=\"1200\" \/>\n\t<meta property=\"og:image:height\" content=\"630\" \/>\n\t<meta property=\"og:image:type\" content=\"image\/webp\" \/>\n<meta name=\"twitter:card\" content=\"summary_large_image\" \/>\n<meta name=\"twitter:label1\" content=\"Est. reading time\" \/>\n\t<meta name=\"twitter:data1\" content=\"15 minutes\" \/>\n<script type=\"application\/ld+json\" class=\"yoast-schema-graph\">{\"@context\":\"https:\\\/\\\/schema.org\",\"@graph\":[{\"@type\":\"WebPage\",\"@id\":\"https:\\\/\\\/villa-albertine.org\\\/va\\\/events\\\/tv5monde-program-highlights-may-2025\\\/\",\"url\":\"https:\\\/\\\/villa-albertine.org\\\/va\\\/events\\\/tv5monde-program-highlights-may-2025\\\/\",\"name\":\"TV5MONDE Program Highlights \u2013 May 2025 - Villa Albertine\",\"isPartOf\":{\"@id\":\"https:\\\/\\\/villa-albertine.org\\\/va\\\/#website\"},\"primaryImageOfPage\":{\"@id\":\"https:\\\/\\\/villa-albertine.org\\\/va\\\/events\\\/tv5monde-program-highlights-may-2025\\\/#primaryimage\"},\"image\":{\"@id\":\"https:\\\/\\\/villa-albertine.org\\\/va\\\/events\\\/tv5monde-program-highlights-may-2025\\\/#primaryimage\"},\"thumbnailUrl\":\"https:\\\/\\\/villa-albertine.org\\\/wp-content\\\/uploads\\\/2025\\\/04\\\/1200x680_les_estivants_120x160_france_culture-hd-e1745944501406.webp\",\"datePublished\":\"2025-05-01T21:37:18+00:00\",\"dateModified\":\"2025-06-09T19:14:39+00:00\",\"breadcrumb\":{\"@id\":\"https:\\\/\\\/villa-albertine.org\\\/va\\\/events\\\/tv5monde-program-highlights-may-2025\\\/#breadcrumb\"},\"inLanguage\":\"en-US\",\"potentialAction\":[{\"@type\":\"ReadAction\",\"target\":[\"https:\\\/\\\/villa-albertine.org\\\/va\\\/events\\\/tv5monde-program-highlights-may-2025\\\/\"]}]},{\"@type\":\"ImageObject\",\"inLanguage\":\"en-US\",\"@id\":\"https:\\\/\\\/villa-albertine.org\\\/va\\\/events\\\/tv5monde-program-highlights-may-2025\\\/#primaryimage\",\"url\":\"https:\\\/\\\/villa-albertine.org\\\/wp-content\\\/uploads\\\/2025\\\/04\\\/1200x680_les_estivants_120x160_france_culture-hd-e1745944501406.webp\",\"contentUrl\":\"https:\\\/\\\/villa-albertine.org\\\/wp-content\\\/uploads\\\/2025\\\/04\\\/1200x680_les_estivants_120x160_france_culture-hd-e1745944501406.webp\",\"width\":1200,\"height\":630},{\"@type\":\"BreadcrumbList\",\"@id\":\"https:\\\/\\\/villa-albertine.org\\\/va\\\/events\\\/tv5monde-program-highlights-may-2025\\\/#breadcrumb\",\"itemListElement\":[{\"@type\":\"ListItem\",\"position\":1,\"name\":\"Home\",\"item\":\"https:\\\/\\\/villa-albertine.org\\\/va\\\/\"},{\"@type\":\"ListItem\",\"position\":2,\"name\":\"TV5MONDE Program Highlights \u2013 May 2025\"}]},{\"@type\":\"WebSite\",\"@id\":\"https:\\\/\\\/villa-albertine.org\\\/va\\\/#website\",\"url\":\"https:\\\/\\\/villa-albertine.org\\\/va\\\/\",\"name\":\"Villa Albertine\",\"description\":\"\",\"potentialAction\":[{\"@type\":\"SearchAction\",\"target\":{\"@type\":\"EntryPoint\",\"urlTemplate\":\"https:\\\/\\\/villa-albertine.org\\\/va\\\/?s={search_term_string}\"},\"query-input\":{\"@type\":\"PropertyValueSpecification\",\"valueRequired\":true,\"valueName\":\"search_term_string\"}}],\"inLanguage\":\"en-US\"}]}<\/script>\n<!-- \/ Yoast SEO plugin. -->","yoast_head_json":{"title":"TV5MONDE Program Highlights \u2013 May 2025 - Villa Albertine","robots":{"index":"index","follow":"follow","max-snippet":"max-snippet:-1","max-image-preview":"max-image-preview:large","max-video-preview":"max-video-preview:-1"},"canonical":"https:\/\/villa-albertine.org\/va\/events\/tv5monde-program-highlights-may-2025\/","og_locale":"en_US","og_type":"article","og_title":"TV5MONDE Program Highlights \u2013 May 2025 - Villa Albertine","og_description":"Throughout May, the international French-language network TV5 Monde offers a rich lineup of entertaining films, series, and variety shows. Discover our round-up of the must-see programs this month below. TV5 Monde Special L&#8217;invit\u00e9\u2014May 13-24 at 1:45pm ET\/10:45am PT Cannes Film Festival Red Carpet Special Host Patrick Simonin will be on the red carpet interviewing the...","og_url":"https:\/\/villa-albertine.org\/va\/events\/tv5monde-program-highlights-may-2025\/","og_site_name":"Villa Albertine","article_modified_time":"2025-06-09T19:14:39+00:00","og_image":[{"width":1200,"height":630,"url":"https:\/\/villa-albertine.org\/wp-content\/uploads\/2025\/04\/1200x680_les_estivants_120x160_france_culture-hd-e1745944501406.webp","type":"image\/webp"}],"twitter_card":"summary_large_image","twitter_misc":{"Est. reading time":"15 minutes"},"schema":{"@context":"https:\/\/schema.org","@graph":[{"@type":"WebPage","@id":"https:\/\/villa-albertine.org\/va\/events\/tv5monde-program-highlights-may-2025\/","url":"https:\/\/villa-albertine.org\/va\/events\/tv5monde-program-highlights-may-2025\/","name":"TV5MONDE Program Highlights \u2013 May 2025 - Villa Albertine","isPartOf":{"@id":"https:\/\/villa-albertine.org\/va\/#website"},"primaryImageOfPage":{"@id":"https:\/\/villa-albertine.org\/va\/events\/tv5monde-program-highlights-may-2025\/#primaryimage"},"image":{"@id":"https:\/\/villa-albertine.org\/va\/events\/tv5monde-program-highlights-may-2025\/#primaryimage"},"thumbnailUrl":"https:\/\/villa-albertine.org\/wp-content\/uploads\/2025\/04\/1200x680_les_estivants_120x160_france_culture-hd-e1745944501406.webp","datePublished":"2025-05-01T21:37:18+00:00","dateModified":"2025-06-09T19:14:39+00:00","breadcrumb":{"@id":"https:\/\/villa-albertine.org\/va\/events\/tv5monde-program-highlights-may-2025\/#breadcrumb"},"inLanguage":"en-US","potentialAction":[{"@type":"ReadAction","target":["https:\/\/villa-albertine.org\/va\/events\/tv5monde-program-highlights-may-2025\/"]}]},{"@type":"ImageObject","inLanguage":"en-US","@id":"https:\/\/villa-albertine.org\/va\/events\/tv5monde-program-highlights-may-2025\/#primaryimage","url":"https:\/\/villa-albertine.org\/wp-content\/uploads\/2025\/04\/1200x680_les_estivants_120x160_france_culture-hd-e1745944501406.webp","contentUrl":"https:\/\/villa-albertine.org\/wp-content\/uploads\/2025\/04\/1200x680_les_estivants_120x160_france_culture-hd-e1745944501406.webp","width":1200,"height":630},{"@type":"BreadcrumbList","@id":"https:\/\/villa-albertine.org\/va\/events\/tv5monde-program-highlights-may-2025\/#breadcrumb","itemListElement":[{"@type":"ListItem","position":1,"name":"Home","item":"https:\/\/villa-albertine.org\/va\/"},{"@type":"ListItem","position":2,"name":"TV5MONDE Program Highlights \u2013 May 2025"}]},{"@type":"WebSite","@id":"https:\/\/villa-albertine.org\/va\/#website","url":"https:\/\/villa-albertine.org\/va\/","name":"Villa Albertine","description":"","potentialAction":[{"@type":"SearchAction","target":{"@type":"EntryPoint","urlTemplate":"https:\/\/villa-albertine.org\/va\/?s={search_term_string}"},"query-input":{"@type":"PropertyValueSpecification","valueRequired":true,"valueName":"search_term_string"}}],"inLanguage":"en-US"}]}},"_links":{"self":[{"href":"https:\/\/villa-albertine.org\/va\/wp-json\/wp\/v2\/app_event\/3653169","targetHints":{"allow":["GET"]}}],"collection":[{"href":"https:\/\/villa-albertine.org\/va\/wp-json\/wp\/v2\/app_event"}],"about":[{"href":"https:\/\/villa-albertine.org\/va\/wp-json\/wp\/v2\/types\/app_event"}],"wp:featuredmedia":[{"embeddable":true,"href":"https:\/\/villa-albertine.org\/va\/wp-json\/wp\/v2\/media\/3655074"}],"wp:attachment":[{"href":"https:\/\/villa-albertine.org\/va\/wp-json\/wp\/v2\/media?parent=3653169"}],"wp:term":[{"taxonomy":"app_discipline","embeddable":true,"href":"https:\/\/villa-albertine.org\/va\/wp-json\/wp\/v2\/app_discipline?post=3653169"},{"taxonomy":"app_city_tax","embeddable":true,"href":"https:\/\/villa-albertine.org\/va\/wp-json\/wp\/v2\/app_city_tax?post=3653169"},{"taxonomy":"app_event_type","embeddable":true,"href":"https:\/\/villa-albertine.org\/va\/wp-json\/wp\/v2\/app_event_type?post=3653169"}],"curies":[{"name":"wp","href":"https:\/\/api.w.org\/{rel}","templated":true}]}}