{"id":342044,"date":"2023-10-24T15:19:42","date_gmt":"2023-10-24T15:19:42","guid":{"rendered":"https:\/\/villa-albertine.org\/?post_type=app_event&#038;p=342044"},"modified":"2023-11-21T21:29:07","modified_gmt":"2023-11-21T21:29:07","slug":"tv5monde-program-highlights-november-2023","status":"publish","type":"app_event","link":"https:\/\/villa-albertine.org\/va\/events\/tv5monde-program-highlights-november-2023\/","title":{"rendered":"TV5MONDE Program Highlights \u2013 November 2023"},"content":{"rendered":"\n<h1 class=\"wp-block-heading\"><span style=\"text-decoration: underline;\">TV5 Monde<\/span><\/h1>\n\n\n\n<h2 class=\"wp-block-heading\"><span style=\"text-decoration: underline;\">Films<\/span><\/h2>\n\n\n\n<p><strong><span style=\"text-decoration: underline;\">Norbourg<\/span><\/strong><em> \u2014 <\/em>November 5 at 8:30pm ET\/5:30pm PT<\/p>\n\n\n\n<p><em>Also streaming on TV5MONDEplus beginning November 1<\/em><\/p>\n\n\n\n<p>(English ST)<\/p>\n\n\n\n<p>Inspector of finance \u00c9ric Asselin is tasked with keeping the activities of the Norbourg company under surveillance. Totally fascinated by the sheer audacity of the company&#8217;s CEO, Vincent Lacroix, Asselin resigns and becomes his right-hand man. Together they embezzle millions of dollars&#8230;<\/p>\n\n\n\n<p><strong>Director:<\/strong> Maxime Giroux (Canada, 2022)<\/p>\n\n\n\n<p><strong>Cast:<\/strong> Vincent-Guillaume Otis, Fran\u00e7ois Arnaud, Christine Beaulieu<\/p>\n\n\n\n<p><strong>Genre:<\/strong> Drama<\/p>\n\n\n\n<p><strong>Awards:<\/strong> 2022 Prix IRIS Best Actor Winner (Vincent-Guillaume Otis)<\/p>\n\n\n\n<p><\/p>\n\n\n\n<p><strong><span style=\"text-decoration: underline;\">Maria Chapdelaine<\/span><\/strong> \u2014 November 12 at 8:30pm ET\/5:30pm PT<\/p>\n\n\n\n<p><em>Also streaming on TV5MONDEplus beginning November 1<\/em><\/p>\n\n\n\n<p>(English ST)<\/p>\n\n\n\n<p>Quebec, 1910. 17-year-old Maria lives with her family to the north of Lake Saint-Jean. In this region where life is tough, three very different suitors propose marriage. Between her childhood sweetheart, the attraction of city life or of staying close to her family, which future will she choose?&nbsp;&nbsp;&nbsp;&nbsp;&nbsp;<\/p>\n\n\n\n<p><strong>Director:<\/strong> S\u00e9bastien Pilote (Canada, 2021)<\/p>\n\n\n\n<p><strong>Cast:<\/strong> Sara Montpetit, S\u00e9bastien Ricard, H\u00e9l\u00e8ne Florent<\/p>\n\n\n\n<p><strong>Genre:<\/strong> Drama<\/p>\n\n\n\n<p><strong>Awards:<\/strong> 2022 Jutra Awards Best Supporting Actress Winner (H\u00e9l\u00e8ne Florent), Best Film Nominee, Best Director Nominee, Best Supporting Actor Nominee (Martin Dubreuil, \u00c9mile Schneider)<\/p>\n\n\n\n<p><\/p>\n\n\n\n<p><strong><span style=\"text-decoration: underline;\">I&#8230; COMME ICARE<\/span><\/strong><em> \u2014 <\/em>November 23 at 8:30pm ET\/5:30pm PT<\/p>\n\n\n\n<p><em>Homage, 60 years JFK\u2019s assassination<\/em><\/p>\n\n\n\n<p>An illustrious head of state is assassinated during a ceremony. Following a long investigation, the Heiniger Commission submits its report: the killer was a mentally unstable lone wolf. Public prosecutor Volney, member of the commission, has doubts about the conclusions. He is instructed to take over the investigation&#8230;<\/p>\n\n\n\n<p><strong>Director: <\/strong>Henri Verneuil (France, 1979)<\/p>\n\n\n\n<p><strong>Cast:<\/strong> Yves Montand, Pierre Vernier, Jean-Fran\u00e7ois Garreaud<\/p>\n\n\n\n<p><strong>Genre:<\/strong> Thriller<\/p>\n\n\n\n<p><strong>Awards:<\/strong> 1980 C\u00e9sar Awards Nominee for Best Film, Best Actor (Yves Montand), Best Screenplay, Best Music, Best Production Design<\/p>\n\n\n\n<p><\/p>\n\n\n\n<p><strong><span style=\"text-decoration: underline;\">Kennedy et moi<\/span><\/strong><em> \u2014 <\/em>November 30 at 8:30pm ET\/5:30pm PT<\/p>\n\n\n\n<p><em>Homage, 60 years JFK\u2019s assassination<\/em><\/p>\n\n\n\n<p>(English ST)<\/p>\n\n\n\n<p>A self-absorbed writer becomes obsessed with his psychologist&#8217;s watch, supposedly worn by John F. Kennedy the day he was assassinated.<\/p>\n\n\n\n<p><strong>Director: <\/strong>Sam Karmann (France, 1999)<\/p>\n\n\n\n<p><strong>Cast:<\/strong> Jean-Pierre Bacri, Nicole Garcia, Patrick Chesnais<\/p>\n\n\n\n<p><strong>Genre:<\/strong> Dramedy<\/p>\n\n\n\n<p><strong>Awards:<\/strong> 2000 C\u00e9sar Awards Nominee for Best Actor (Jean-Pierre Bacri)<\/p>\n\n\n\n<p><\/p>\n\n\n\n<h2 class=\"wp-block-heading\"><span style=\"text-decoration: underline;\">Series<\/span><\/h2>\n\n\n\n<p><strong><span style=\"text-decoration: underline;\">Les derniers humains<\/span><\/strong> \u2014 Fridays, continuing November 3 at 4:00pm ET\/1:00pm PT<\/p>\n\n\n\n<p><em><a href=\"https:\/\/www.tv5mondeplus.com\/en\/details\/vod\/106952973_74079A\">Also streaming on TV5MONDEplus<\/a><\/em><\/p>\n\n\n\n<p>(English ST)<\/p>\n\n\n\n<p>For Lucie, a strong group spirit is vital to survivalism. With the Primitives, she experiences the northern environment of James Bay. They set themselves a challenge: to live for 24 hours without fire. Next, Lucie tries to overcome her fears alone in the forest.<\/p>\n\n\n\n<p>The tribe&#8217;s dynamism is important to our survivalists. But with winter approaching, they mustn&#8217;t forget the value of allies, so vital to order and security. Mathieu forges links with specialists, continues working on the bunker and embraces his warrior instinct.<\/p>\n\n\n\n<p><strong>Director: <\/strong>Christian Lalumi\u00e8re (Canada, 2020)<\/p>\n\n\n\n<p><strong>Genre:<\/strong> Documentary series<\/p>\n\n\n\n<p><\/p>\n\n\n\n<h2 class=\"wp-block-heading\"><span style=\"text-decoration: underline;\">Documentaries<\/span><\/h2>\n\n\n\n<p><strong><span style=\"text-decoration: underline;\">Refuges de montagne<\/span><\/strong> \u2014 Thursdays, starting November 2 at 4:00pm ET\/1:00pm PT<\/p>\n\n\n\n<p><em>Season 6 premiere<\/em><\/p>\n\n\n\n<p><a href=\"https:\/\/www.tv5mondeplus.com\/en\/category\/subcategory\/refuges-de-montagne\"><em>Previous seasons also streaming on TV5MONDEplus<\/em><\/a><\/p>\n\n\n\n<p>(English ST)<\/p>\n\n\n\n<p>A summertime visit to the Swiss Alps to discover mountain refugees and the people who look after them.<\/p>\n\n\n\n<p>For the first time since the Bondo landslide, Heidi Altweger is back at the Capanna Sasc Fur\u00e4 and has very mixed feelings. In the canton of Uri, at the Bergseeh\u00fctte, a shipping container is installed to provide more space. In Valais, Roberto Arnold takes his assistant on a climbing outing.<\/p>\n\n\n\n<p><strong>Director:<\/strong> Marianne Erne, Michele Ehrensperger, Lukas Zumstein, Alexa Brogli (Switzerland, 2020)<\/p>\n\n\n\n<p><strong>Genre:<\/strong> Documentary series<\/p>\n\n\n\n<p><\/p>\n\n\n\n<p><strong><span style=\"text-decoration: underline;\">La mesure des choses<\/span><\/strong> \u2014 November 26 at 8:30pm ET\/5:30pm PT<\/p>\n\n\n\n<p><a href=\"https:\/\/www.tv5mondeplus.com\/en\/cinema\/documentaire\/la-mesure-des-choses\"><em>Also streaming on TV5MONDEplus<\/em><\/a><\/p>\n\n\n\n<p>(English ST)<\/p>\n\n\n\n<p>The Mediterranean, both real and fictional. Where Icarus took off, before flying too close to the sun, where the paths of cruise liners, fishermen, migrants, rescuers and scientists cross. What would Euclid and Thales have to say about rising sea levels? How would they judge our excesses and our cynicism?<\/p>\n\n\n\n<p><strong>Director:<\/strong> Patric Jean (France, Belgium, 2020)<\/p>\n\n\n\n<p><strong>Genre:<\/strong> Documentary, environment<\/p>\n\n\n\n<p><\/p>\n\n\n\n<h1 class=\"wp-block-heading\"><span style=\"text-decoration: underline;\">TV5 Monde Plus<\/span><\/h1>\n\n\n\n<h2 class=\"wp-block-heading\"><span style=\"text-decoration: underline;\">Films<\/span><\/h2>\n\n\n\n<p><strong><span style=\"text-decoration: underline;\">Souterrain<\/span><\/strong> \u2014 Streaming beginning November 1<\/p>\n\n\n\n<p>(English ST)<\/p>\n\n\n\n<p>Maxime is a miner with a troubled past. After an explosion at his mine, Maxime attempts to find redemption by saving his fellow miners.<\/p>\n\n\n\n<p><strong>Director: <\/strong>Sophie Dupuis (Canada, 2020)<\/p>\n\n\n\n<p><strong>Cast: <\/strong>Joakim Robillard, Jean-Fran\u00e7ois Boudreau, Guillaume Cyr<\/p>\n\n\n\n<p><strong>Genre: <\/strong>Drama<\/p>\n\n\n\n<p><strong>Awards:<\/strong> 2021 Namur International Festival of French-Speaking Film Best Cinematography Winner and Best Performance Winner (Th\u00e9odore Pellerin), 2021 Whistler Film Festival 2020 Best Achievement Winner<\/p>\n\n\n\n<p><\/p>\n\n\n\n<p><strong><span style=\"text-decoration: underline;\">Le Miroir<\/span><\/strong> \u2014 Streaming beginning November 1<\/p>\n\n\n\n<p>(English ST)<\/p>\n\n\n\n<p>A mourning son must travel to Belgium to collect his mother&#8217;s ashes. She bequeaths him an old mirror, but his mother&#8217;s very young partner makes it very difficult for him to get it back.<\/p>\n\n\n\n<p><strong>Director: <\/strong>Marc Joly-Corcoran (Canada, 2020)<\/p>\n\n\n\n<p><strong>Cast: <\/strong>B\u00e9n\u00e9dicte D\u00e9cary, Guillaume Cyr, Lise Roy<\/p>\n\n\n\n<p><strong>Genre: <\/strong>Drama<\/p>\n\n\n\n<p><\/p>\n\n\n\n<p><strong><span style=\"text-decoration: underline;\">La femme de l\u2019h\u00f4tel<\/span> <\/strong>\u2014 Streaming beginning November 1<\/p>\n\n\n\n<p>(English ST)<\/p>\n\n\n\n<p>A director returns to her hometown for filming and meets a woman whose life mirrors events in the movie.<\/p>\n\n\n\n<p><strong>Director: <\/strong>L\u00e9a Pool (Canada, 1984)<\/p>\n\n\n\n<p><strong>Cast: <\/strong>Paule Baillargeon, Louise Marleau, Marthe Turgeon<\/p>\n\n\n\n<p><strong>Genre: <\/strong>Drama<\/p>\n\n\n\n<p><strong>Awards:<\/strong> 1984 Montr\u00e9al World Film Festival Best Canadian Film Winner, 1984 Toronto International Film Festival Best Canadian Feature Film Winner, 1985 Genie Awards Best Actress Winner (Louise Marleau)<\/p>\n\n\n\n<p><\/p>\n\n\n\n<h2 class=\"wp-block-heading\"><span style=\"text-decoration: underline;\">Series<\/span><\/h2>\n\n\n\n<p><strong><span style=\"text-decoration: underline;\">Wara<\/span><\/strong> \u2014 <a href=\"https:\/\/www.tv5mondeplus.com\/en\/series-et-films-tv\/drame\/wara\"><em>Season 2 now streaming<\/em><\/a><\/p>\n\n\n\n<p>(English ST)<\/p>\n\n\n\n<p>A Senegalese drama about a law professor drawn into a battle against corruption. After years of exile, Moutari Wara is allowed to return to his home country but on one condition: that he doesn&#8217;t get involved in politics. But when the municipal elections are organized early, A\u00efcha, one of his law students, pushes him to get involved personally against corruption and cronyism.<\/p>\n\n\n\n<p><strong>Director: <\/strong>Catherine Therrien (Canada, 2021)<\/p>\n\n\n\n<p><strong>Cast: <\/strong>Issaka Sawadogo, France Nancy Goulian, Souleymane Seye Ndiaye, Ma\u00efmouna Ndiaye<\/p>\n\n\n\n<p><strong>Genre: <\/strong>Drama, thriller<\/p>\n\n\n\n<p><\/p>\n\n\n\n<p><strong><span style=\"text-decoration: underline;\">L\u00e9o<\/span><\/strong> \u2014 <a href=\"https:\/\/www.tv5mondeplus.com\/en\/series-et-films-tv\/comedie-dramatique\/leo\"><em>Season 3 now streaming<\/em><\/a><\/p>\n\n\n\n<p>(English ST)<\/p>\n\n\n\n<p>Right then, it&#8217;s decided: L\u00e9o&#8217;s going to take his life in hand! But how do you go about it when you&#8217;re 40 years old, single, and lacking any professional experience?<\/p>\n\n\n\n<p><strong>Director: <\/strong>Jean-Fran\u00e7ois Chagnon (Canada, 2019)<\/p>\n\n\n\n<p><strong>Cast: <\/strong>Fabien Cloutier, Steve Laplante, Julien Poulin<\/p>\n\n\n\n<p><strong>Genre: <\/strong>Comedy<\/p>\n\n\n\n<p><strong>Awards:<\/strong> 2020 G\u00e9meaux Awards Best Actor in a Comedy Winner (Fabien Cloutier), 2019 G\u00e9meaux Awards Best Supporting Actress in a Comedy Winner (Anne Dorval)<\/p>\n\n\n\n<p><\/p>\n\n\n\n<p><strong><span style=\"text-decoration: underline;\">Virage<\/span><\/strong> \u2014 <a href=\"https:\/\/www.tv5mondeplus.com\/en\/series-et-films-tv\/drame\/virage\"><em>Season premiere now streaming<\/em><\/a><\/p>\n\n\n\n<p>(English ST)<\/p>\n\n\n\n<p>A Canadian sports drama anthology series, each season focuses on a professional athlete who is at a major crossroads. In season 1, a three-time Olympic medalist retires and decides to leave her spouse.<\/p>\n\n\n\n<p><strong>Director: <\/strong>Catherine Therrien (Canada, 2021)<\/p>\n\n\n\n<p><strong>Cast: <\/strong>Jeff Lemay, Juliette Gosselin, Charlotte Aubin<\/p>\n\n\n\n<p><strong>Genre: <\/strong>Drama, sports<\/p>\n\n\n\n<p><\/p>\n\n\n\n<h1 class=\"wp-block-heading\"><span style=\"text-decoration: underline;\">TV5 Monde Cinema<\/span><\/h1>\n\n\n\n<p><strong>Theme:<\/strong> 50 years since Louis de Fun\u00e8s<\/p>\n\n\n\n<p><\/p>\n\n\n\n<p><strong><span style=\"text-decoration: underline;\">La Zizanie<\/span><\/strong> \u2014 Available beginning November 3<\/p>\n\n\n\n<p>An inventor thinks he\u2019s finally made it after receiving an order of 5,000 machines from a group of Japanese businessmen.<\/p>\n\n\n\n<p><strong>Director: <\/strong>Claude Zidi (1978)<\/p>\n\n\n\n<p><strong>Cast:<\/strong> Louise de Fun\u00e8s, Julien Guiomar, Annie Girardot<\/p>\n\n\n\n<p><strong>Genre: <\/strong>Comedy<\/p>\n\n\n\n<p><\/p>\n\n\n\n<p><strong><span style=\"text-decoration: underline;\">Pouic Pouic<\/span><\/strong> \u2014 Available beginning November 3<\/p>\n\n\n\n<p>(English ST)<strong><\/strong><\/p>\n\n\n\n<p>For her husband&#8217;s birthday, a wife thinks she has found the perfect gift: an oil concession on the banks of the Orinoco. However, her husband quickly discovers that she has been tricked by a con artist.<\/p>\n\n\n\n<p><strong>Director: <\/strong>Jean Girault (1963)<\/p>\n\n\n\n<p><strong>Cast:<\/strong> Louis de Fun\u00e8s, Jacqueline Maillan, Mireille Darc<\/p>\n\n\n\n<p><strong>Genre: <\/strong>Comedy<\/p>\n\n\n\n<p><\/p>\n\n\n\n<p><strong><span style=\"text-decoration: underline;\">Le petit baigneur<\/span><\/strong> \u2014 Available beginning November 3<\/p>\n\n\n\n<p>(English ST)<strong><\/strong><\/p>\n\n\n\n<p>After the CEO of a yacht company fires his best employee in a fit of rage, he must swallow his pride and beg him to return.<\/p>\n\n\n\n<p><strong>Director: <\/strong>Robert Dh\u00e9ry (1968)<\/p>\n\n\n\n<p><strong>Cast:<\/strong> Louis de Fun\u00e8s, Robert Dh\u00e9ry, Colette Brosset<\/p>\n\n\n\n<p><strong>Genre: <\/strong>Comedy<\/p>\n\n\n\n<p><\/p>\n\n\n\n<p><strong><span style=\"text-decoration: underline;\">Les grandes vacances<\/span><\/strong> \u2014 Available beginning November 10<\/p>\n\n\n\n<p>A strict headmaster sends his rebellious son to England to learn English.<\/p>\n\n\n\n<p><strong>Director: <\/strong>Jean Girault (1967)<\/p>\n\n\n\n<p><strong>Cast:<\/strong> Louis de Fun\u00e8s, Claude Gensac, Ferdy Mayne<\/p>\n\n\n\n<p><strong>Genre: <\/strong>Comedy<\/p>\n\n\n\n<p><\/p>\n\n\n\n<p><strong><span style=\"text-decoration: underline;\">Hibernatus<\/span><\/strong> \u2014 Available beginning November 10<\/p>\n\n\n\n<p>(English ST)<strong><\/strong><\/p>\n\n\n\n<p>After being frozen for 65 years, a grandfather is brought back to life.<\/p>\n\n\n\n<p><strong>Director: <\/strong>Edouard Molinaro (1969)<\/p>\n\n\n\n<p><strong>Cast:<\/strong> Louis de Fun\u00e8s, Claude Gensac, Paul Pr\u00e9boist<\/p>\n\n\n\n<p><strong>Genre: <\/strong>Comedy<\/p>\n\n\n\n<p><\/p>\n\n\n\n<p><strong><span style=\"text-decoration: underline;\">Oscar<\/span><\/strong> \u2014 Available beginning November 17<\/p>\n\n\n\n<p>(English ST)<strong><\/strong><\/p>\n\n\n\n<p>In this comedy of errors, a rich promoter wakes up to a disastrous day.<\/p>\n\n\n\n<p><strong>Director: <\/strong>Edouard Molinaro (1967)<\/p>\n\n\n\n<p><strong>Cast:<\/strong> Louis de Fun\u00e8s, Claude Rich, Claude Gensac<\/p>\n\n\n\n<p><strong>Genre: <\/strong>Comedy<\/p>\n\n\n\n<p><\/p>\n\n\n\n<p><strong><span style=\"text-decoration: underline;\">La folie des grandeurs<\/span><\/strong> \u2014 Available beginning November 17<\/p>\n\n\n\n<p>(English ST)<strong><\/strong><\/p>\n\n\n\n<p>In Andalusia, Don Sallustre, Minister to His Majesty the King of Spain, collects the tax.<\/p>\n\n\n\n<p><strong>Director: <\/strong>G\u00e9rard Oury (1971)<\/p>\n\n\n\n<p><strong>Cast:<\/strong> Louis de Fun\u00e8s, Claude Rich, Claude Gensac<\/p>\n\n\n\n<p><strong>Genre: <\/strong>Comedy<\/p>\n\n\n\n<p><\/p>\n\n\n\n<p><strong><span style=\"text-decoration: underline;\">L&#8217;homme orchestre<\/span><\/strong> \u2014 Available beginning November 17<\/p>\n\n\n\n<p>(English ST)<strong><\/strong><\/p>\n\n\n\n<p>A female ballet troupe goes on tour in Rome with their strict manager, who prohibits them from socializing with men.<\/p>\n\n\n\n<p><strong>Director: <\/strong>Serge Korber (1969)<\/p>\n\n\n\n<p><strong>Cast:<\/strong> Louis de Fun\u00e8s, No\u00eblle Adam, Paul Pr\u00e9boist<\/p>\n\n\n\n<p><strong>Genre: <\/strong>Comedy<\/p>\n\n\n\n<p><\/p>\n\n\n\n<p><strong><span style=\"text-decoration: underline;\">Le grand restaurant<\/span><\/strong> \u2014 Available beginning November 24<\/p>\n\n\n\n<p>(English ST)<strong><\/strong><\/p>\n\n\n\n<p>A high-end restauranteur is accused of being an accomplice in the kidnapping of an ambassador.<\/p>\n\n\n\n<p><strong>Director: <\/strong>Jacques Besnard (1966)<\/p>\n\n\n\n<p><strong>Cast:<\/strong> Louis de Fun\u00e8s, Bernard Blier, Maria-Rosa Rodriguez<\/p>\n\n\n\n<p><strong>Genre: <\/strong>Comedy<\/p>\n\n\n\n<p><\/p>\n\n\n\n<p><strong><span style=\"text-decoration: underline;\">Reprise en main<\/span><\/strong> \u2014 Available beginning November 24<\/p>\n\n\n\n<p>(English ST)<strong><\/strong><\/p>\n\n\n\n<p>An employee at a precision mechanics company decides to take over the company.<\/p>\n\n\n\n<p><strong>Director: <\/strong>Gilles Perret (2022)<\/p>\n\n\n\n<p><strong>Cast:<\/strong> Pierre Deladonchamps, Laetitia Dosch, Gr\u00e9gory Monte<\/p>\n\n\n\n<p><strong>Genre: <\/strong>Comedy<\/p>\n","protected":false},"featured_media":342335,"menu_order":0,"template":"","app_discipline":[231,219],"app_city_tax":[235],"app_event_type":[239,313],"class_list":["post-342044","app_event","type-app_event","status-publish","has-post-thumbnail","hentry","app_discipline-audiovisual","app_discipline-cinema","app_city_tax-all-cities","app_event_type-film","app_event_type-film-series"],"acf":[],"yoast_head":"<!-- This site is optimized with the Yoast SEO plugin v27.3 - https:\/\/yoast.com\/product\/yoast-seo-wordpress\/ -->\n<title>TV5MONDE Program Highlights \u2013 November 2023 - Villa Albertine<\/title>\n<meta name=\"robots\" content=\"index, follow, max-snippet:-1, max-image-preview:large, max-video-preview:-1\" \/>\n<link rel=\"canonical\" href=\"https:\/\/villa-albertine.org\/va\/events\/tv5monde-program-highlights-november-2023\/\" \/>\n<meta property=\"og:locale\" content=\"en_US\" \/>\n<meta property=\"og:type\" content=\"article\" \/>\n<meta property=\"og:title\" content=\"TV5MONDE Program Highlights \u2013 November 2023 - Villa Albertine\" \/>\n<meta property=\"og:description\" content=\"TV5 Monde Films Norbourg \u2014 November 5 at 8:30pm ET\/5:30pm PT Also streaming on TV5MONDEplus beginning November 1 (English ST) Inspector of finance \u00c9ric Asselin is tasked with keeping the activities of the Norbourg company under surveillance. Totally fascinated by the sheer audacity of the company&#8217;s CEO, Vincent Lacroix, Asselin resigns and becomes his right-hand...\" \/>\n<meta property=\"og:url\" content=\"https:\/\/villa-albertine.org\/va\/events\/tv5monde-program-highlights-november-2023\/\" \/>\n<meta property=\"og:site_name\" content=\"Villa Albertine\" \/>\n<meta property=\"article:modified_time\" content=\"2023-11-21T21:29:07+00:00\" \/>\n<meta property=\"og:image\" content=\"https:\/\/villa-albertine.org\/wp-content\/uploads\/2023\/10\/funes-3.jpeg\" \/>\n\t<meta property=\"og:image:width\" content=\"2085\" \/>\n\t<meta property=\"og:image:height\" content=\"1377\" \/>\n\t<meta property=\"og:image:type\" content=\"image\/jpeg\" \/>\n<meta name=\"twitter:card\" content=\"summary_large_image\" \/>\n<meta name=\"twitter:label1\" content=\"Est. reading time\" \/>\n\t<meta name=\"twitter:data1\" content=\"7 minutes\" \/>\n<script type=\"application\/ld+json\" class=\"yoast-schema-graph\">{\"@context\":\"https:\\\/\\\/schema.org\",\"@graph\":[{\"@type\":\"WebPage\",\"@id\":\"https:\\\/\\\/villa-albertine.org\\\/va\\\/events\\\/tv5monde-program-highlights-november-2023\\\/\",\"url\":\"https:\\\/\\\/villa-albertine.org\\\/va\\\/events\\\/tv5monde-program-highlights-november-2023\\\/\",\"name\":\"TV5MONDE Program Highlights \u2013 November 2023 - Villa Albertine\",\"isPartOf\":{\"@id\":\"https:\\\/\\\/villa-albertine.org\\\/va\\\/#website\"},\"primaryImageOfPage\":{\"@id\":\"https:\\\/\\\/villa-albertine.org\\\/va\\\/events\\\/tv5monde-program-highlights-november-2023\\\/#primaryimage\"},\"image\":{\"@id\":\"https:\\\/\\\/villa-albertine.org\\\/va\\\/events\\\/tv5monde-program-highlights-november-2023\\\/#primaryimage\"},\"thumbnailUrl\":\"https:\\\/\\\/villa-albertine.org\\\/wp-content\\\/uploads\\\/2023\\\/10\\\/funes-3.jpeg\",\"datePublished\":\"2023-10-24T15:19:42+00:00\",\"dateModified\":\"2023-11-21T21:29:07+00:00\",\"breadcrumb\":{\"@id\":\"https:\\\/\\\/villa-albertine.org\\\/va\\\/events\\\/tv5monde-program-highlights-november-2023\\\/#breadcrumb\"},\"inLanguage\":\"en-US\",\"potentialAction\":[{\"@type\":\"ReadAction\",\"target\":[\"https:\\\/\\\/villa-albertine.org\\\/va\\\/events\\\/tv5monde-program-highlights-november-2023\\\/\"]}]},{\"@type\":\"ImageObject\",\"inLanguage\":\"en-US\",\"@id\":\"https:\\\/\\\/villa-albertine.org\\\/va\\\/events\\\/tv5monde-program-highlights-november-2023\\\/#primaryimage\",\"url\":\"https:\\\/\\\/villa-albertine.org\\\/wp-content\\\/uploads\\\/2023\\\/10\\\/funes-3.jpeg\",\"contentUrl\":\"https:\\\/\\\/villa-albertine.org\\\/wp-content\\\/uploads\\\/2023\\\/10\\\/funes-3.jpeg\",\"width\":2085,\"height\":1377},{\"@type\":\"BreadcrumbList\",\"@id\":\"https:\\\/\\\/villa-albertine.org\\\/va\\\/events\\\/tv5monde-program-highlights-november-2023\\\/#breadcrumb\",\"itemListElement\":[{\"@type\":\"ListItem\",\"position\":1,\"name\":\"Home\",\"item\":\"https:\\\/\\\/villa-albertine.org\\\/va\\\/\"},{\"@type\":\"ListItem\",\"position\":2,\"name\":\"TV5MONDE Program Highlights \u2013 November 2023\"}]},{\"@type\":\"WebSite\",\"@id\":\"https:\\\/\\\/villa-albertine.org\\\/va\\\/#website\",\"url\":\"https:\\\/\\\/villa-albertine.org\\\/va\\\/\",\"name\":\"Villa Albertine\",\"description\":\"\",\"potentialAction\":[{\"@type\":\"SearchAction\",\"target\":{\"@type\":\"EntryPoint\",\"urlTemplate\":\"https:\\\/\\\/villa-albertine.org\\\/va\\\/?s={search_term_string}\"},\"query-input\":{\"@type\":\"PropertyValueSpecification\",\"valueRequired\":true,\"valueName\":\"search_term_string\"}}],\"inLanguage\":\"en-US\"}]}<\/script>\n<!-- \/ Yoast SEO plugin. -->","yoast_head_json":{"title":"TV5MONDE Program Highlights \u2013 November 2023 - Villa Albertine","robots":{"index":"index","follow":"follow","max-snippet":"max-snippet:-1","max-image-preview":"max-image-preview:large","max-video-preview":"max-video-preview:-1"},"canonical":"https:\/\/villa-albertine.org\/va\/events\/tv5monde-program-highlights-november-2023\/","og_locale":"en_US","og_type":"article","og_title":"TV5MONDE Program Highlights \u2013 November 2023 - Villa Albertine","og_description":"TV5 Monde Films Norbourg \u2014 November 5 at 8:30pm ET\/5:30pm PT Also streaming on TV5MONDEplus beginning November 1 (English ST) Inspector of finance \u00c9ric Asselin is tasked with keeping the activities of the Norbourg company under surveillance. Totally fascinated by the sheer audacity of the company&#8217;s CEO, Vincent Lacroix, Asselin resigns and becomes his right-hand...","og_url":"https:\/\/villa-albertine.org\/va\/events\/tv5monde-program-highlights-november-2023\/","og_site_name":"Villa Albertine","article_modified_time":"2023-11-21T21:29:07+00:00","og_image":[{"width":2085,"height":1377,"url":"https:\/\/villa-albertine.org\/wp-content\/uploads\/2023\/10\/funes-3.jpeg","type":"image\/jpeg"}],"twitter_card":"summary_large_image","twitter_misc":{"Est. reading time":"7 minutes"},"schema":{"@context":"https:\/\/schema.org","@graph":[{"@type":"WebPage","@id":"https:\/\/villa-albertine.org\/va\/events\/tv5monde-program-highlights-november-2023\/","url":"https:\/\/villa-albertine.org\/va\/events\/tv5monde-program-highlights-november-2023\/","name":"TV5MONDE Program Highlights \u2013 November 2023 - Villa Albertine","isPartOf":{"@id":"https:\/\/villa-albertine.org\/va\/#website"},"primaryImageOfPage":{"@id":"https:\/\/villa-albertine.org\/va\/events\/tv5monde-program-highlights-november-2023\/#primaryimage"},"image":{"@id":"https:\/\/villa-albertine.org\/va\/events\/tv5monde-program-highlights-november-2023\/#primaryimage"},"thumbnailUrl":"https:\/\/villa-albertine.org\/wp-content\/uploads\/2023\/10\/funes-3.jpeg","datePublished":"2023-10-24T15:19:42+00:00","dateModified":"2023-11-21T21:29:07+00:00","breadcrumb":{"@id":"https:\/\/villa-albertine.org\/va\/events\/tv5monde-program-highlights-november-2023\/#breadcrumb"},"inLanguage":"en-US","potentialAction":[{"@type":"ReadAction","target":["https:\/\/villa-albertine.org\/va\/events\/tv5monde-program-highlights-november-2023\/"]}]},{"@type":"ImageObject","inLanguage":"en-US","@id":"https:\/\/villa-albertine.org\/va\/events\/tv5monde-program-highlights-november-2023\/#primaryimage","url":"https:\/\/villa-albertine.org\/wp-content\/uploads\/2023\/10\/funes-3.jpeg","contentUrl":"https:\/\/villa-albertine.org\/wp-content\/uploads\/2023\/10\/funes-3.jpeg","width":2085,"height":1377},{"@type":"BreadcrumbList","@id":"https:\/\/villa-albertine.org\/va\/events\/tv5monde-program-highlights-november-2023\/#breadcrumb","itemListElement":[{"@type":"ListItem","position":1,"name":"Home","item":"https:\/\/villa-albertine.org\/va\/"},{"@type":"ListItem","position":2,"name":"TV5MONDE Program Highlights \u2013 November 2023"}]},{"@type":"WebSite","@id":"https:\/\/villa-albertine.org\/va\/#website","url":"https:\/\/villa-albertine.org\/va\/","name":"Villa Albertine","description":"","potentialAction":[{"@type":"SearchAction","target":{"@type":"EntryPoint","urlTemplate":"https:\/\/villa-albertine.org\/va\/?s={search_term_string}"},"query-input":{"@type":"PropertyValueSpecification","valueRequired":true,"valueName":"search_term_string"}}],"inLanguage":"en-US"}]}},"_links":{"self":[{"href":"https:\/\/villa-albertine.org\/va\/wp-json\/wp\/v2\/app_event\/342044","targetHints":{"allow":["GET"]}}],"collection":[{"href":"https:\/\/villa-albertine.org\/va\/wp-json\/wp\/v2\/app_event"}],"about":[{"href":"https:\/\/villa-albertine.org\/va\/wp-json\/wp\/v2\/types\/app_event"}],"wp:featuredmedia":[{"embeddable":true,"href":"https:\/\/villa-albertine.org\/va\/wp-json\/wp\/v2\/media\/342335"}],"wp:attachment":[{"href":"https:\/\/villa-albertine.org\/va\/wp-json\/wp\/v2\/media?parent=342044"}],"wp:term":[{"taxonomy":"app_discipline","embeddable":true,"href":"https:\/\/villa-albertine.org\/va\/wp-json\/wp\/v2\/app_discipline?post=342044"},{"taxonomy":"app_city_tax","embeddable":true,"href":"https:\/\/villa-albertine.org\/va\/wp-json\/wp\/v2\/app_city_tax?post=342044"},{"taxonomy":"app_event_type","embeddable":true,"href":"https:\/\/villa-albertine.org\/va\/wp-json\/wp\/v2\/app_event_type?post=342044"}],"curies":[{"name":"wp","href":"https:\/\/api.w.org\/{rel}","templated":true}]}}