{"id":340785,"date":"2023-10-25T12:37:51","date_gmt":"2023-10-25T12:37:51","guid":{"rendered":"https:\/\/villa-albertine.org\/?post_type=app_event&#038;p=340785"},"modified":"2023-10-29T14:41:52","modified_gmt":"2023-10-29T14:41:52","slug":"veterans-day-from-all-sides-francoise-do-marvin-tate-the-bridge-at-theatre-y","status":"publish","type":"app_event","link":"https:\/\/villa-albertine.org\/va\/events\/veterans-day-from-all-sides-francoise-do-marvin-tate-the-bridge-at-theatre-y\/","title":{"rendered":"Veteran&#8217;s Day From All Sides | Fran\u00e7oise D\u00f4, Marvin Tate &#038; The Bridge at Theatre Y"},"content":{"rendered":"\n<h3 class=\"wp-block-heading\"><strong>About Fran\u00e7oise D\u00f4<\/strong><\/h3>\n\n\n\n<p><strong><a href=\"https:\/\/dofrancoise.com\/biographie\/\">Fran\u00e7oise D\u00f4<\/a><\/strong> &#8211; artist of the <em>Fabrique de La Com\u00e9die de Saint-Etienne,<\/em> is a French poet, author, and theatre director. She trained at Cours Florent and is now the artistic director of the company<a href=\"https:\/\/bleusetardoise.com\/\"> Bleus et Ardoise. <\/a>Her objective is to create plays with a sober and contemporary aesthetic. Applying a creative process imprinted with realism, she questions silences in order to explore what is unspoken at the heart of families and societies. Fran\u00e7oise D\u00f4 was among the artists represented at Focus Performing\/Art de la sc\u00e8ne organized by the Institut Fran\u00e7ais and the Office National de Diffusion Artistique (ONDA) at the National Theatre of Brittany in November 2018. Her latest work <a href=\"http:\/\/www.theatre-ouvert.com\/spectacle\/juillet-1961\/\">JULY 1961<\/a> received the <strong>ETC Cara\u00efbe prize<\/strong> in September 2019. It was written during a residency at the Maison des auteurs des Francophonies in Limousin and received support from the Centre national des \u00e9critures du spectacle de la Chartreuse de Villeneuve lez Avignon. The play has been translated into English by poet and translator <em>Nathana\u00ebl<\/em>, with the support of the <strong><em>Cultural Service of the French Embassy <\/em><\/strong>in New York, for an English-language version of the show to tour the USA. <em>JULY 1961 <\/em>has been published by \u00c9ditions Th\u00e9\u00e2tre Ouvert\/Tapuscrits in 2021. In the same year, Fran\u00e7oise D\u00f4 also recieved a &#8220;Contemporary Theater\/Residency&#8221; special grant from <a href=\"https:\/\/face-foundation.org\/artistic-funds\/contemporary-theater\/\">FACE Foundation<\/a>, in partnership with the <strong><em>Cultural Service of the French Embassy<\/em><\/strong>.<\/p>\n\n\n\n<h3 class=\"wp-block-heading\"><strong>About Marvin Tate<\/strong><\/h3>\n\n\n\n<p><strong><a href=\"https:\/\/www.artistmarvintate.com\/home\">Marvin Tate<\/a><\/strong>&nbsp;(born 1959) is an American artist, poet, and singer-songwriter from&nbsp;Chicago. Marvin Tate is a multidisciplinary artist and Educator. He has been active in the Chicago music scene since 1993. He has collaborated with Visual Artist, Theater Gates Jr. and the Black Monks of Mississippi, Video Artist, Jefferson Pinder, and a motley crew of musical talents that include: Leroy Bach, Angel Olsen, Bill MacKay, Tim Kinsella, and Jazz Artists: Ben LaMar Gay, Angel Bat Dawid, Mike Reed, French experimentalist, <strong>The Bridge<\/strong>, Composer, Ernest Dawkins, and Soundscape Artist Joseph C.Mills. Marvin&#8217;s art is exhibited in many galleries and museums, including The Intuit Museum in Chicago, one of the world&#8217;s premier museums dedicated to presenting self-taught art. In 2021,&nbsp;5 Points Arts Center in Milwaukee, Wisconsin, will show &#8216;Bird Watch,&#8217; a collection of birds that Marvin has constructed out of burnt wood and other found objects. Tate is represented by <a href=\"https:\/\/www.hanapietri.com\/\"><strong>The Hana Pietri Gallery<\/strong><\/a> in Chicago, Il.<\/p>\n\n\n\n<h3 class=\"wp-block-heading\"><strong>About The Bridge<\/strong><\/h3>\n\n\n\n<p><strong><a href=\"http:\/\/www.acrossthebridges.org\/\">The Bridge<\/a><\/strong> has been in the making since 2013, inspired by a simple observation: while it&#8217;s now common knowledge that jazz and improvised music<strong> <\/strong>in France and Europe have found their feet, their specificity and their independence, certain North American scenes, particularly in Chicago and the Midwest, continue to develop at their own pace(s). The autonomy they have acquired and the originality they have developed should not prevent new forms of cooperation. Quite the opposite, in fact. Bringing together French and North American musicians on a long-term basis (their network brings together nearly 140 musicians from both countries, divided into quartets and quintets, themselves divided into two cycles); giving them space, giving them time, giving them the opportunity to get to know each other, in their similarities and their differences, to develop their exchanges and their creative projects, in reciprocity and in complementarity: such is the objective of The Bridge, supporter by the <a href=\"https:\/\/face-foundation.org\/artistic-funds\/jazz-new-music\/\">FACE Foundation<\/a>. The plan is for each Franco-American ensemble to travel in turn to the two continents on tours designed as voyages of exploration: ensembles that began in France then move on to the United States, and vice versa.<\/p>\n\n\n\n<p>Know more about <a href=\"https:\/\/villa-albertine.org\/events\/the-bridge-cancel-rescue-mission-on-tour-in-the-midwest\/\">The Bridge: Cancel Rescue Mission 2023 Tour in the Midwest<\/a>.<\/p>\n","protected":false},"featured_media":342183,"menu_order":0,"template":"","app_discipline":[],"app_city_tax":[223],"app_event_type":[243],"class_list":["post-340785","app_event","type-app_event","status-publish","has-post-thumbnail","hentry","app_city_tax-chi","app_event_type-performance"],"acf":[],"yoast_head":"<!-- This site is optimized with the Yoast SEO plugin v27.3 - https:\/\/yoast.com\/product\/yoast-seo-wordpress\/ -->\n<title>Veteran&#039;s Day From All Sides | Fran\u00e7oise D\u00f4, Marvin Tate &amp; The Bridge at Theatre Y - Villa Albertine<\/title>\n<meta name=\"robots\" content=\"index, follow, max-snippet:-1, max-image-preview:large, max-video-preview:-1\" \/>\n<link rel=\"canonical\" href=\"https:\/\/villa-albertine.org\/va\/events\/veterans-day-from-all-sides-francoise-do-marvin-tate-the-bridge-at-theatre-y\/\" \/>\n<meta property=\"og:locale\" content=\"en_US\" \/>\n<meta property=\"og:type\" content=\"article\" \/>\n<meta property=\"og:title\" content=\"Veteran&#039;s Day From All Sides | Fran\u00e7oise D\u00f4, Marvin Tate &amp; The Bridge at Theatre Y - Villa Albertine\" \/>\n<meta property=\"og:description\" content=\"About Fran\u00e7oise D\u00f4 Fran\u00e7oise D\u00f4 &#8211; artist of the Fabrique de La Com\u00e9die de Saint-Etienne, is a French poet, author, and theatre director. She trained at Cours Florent and is now the artistic director of the company Bleus et Ardoise. Her objective is to create plays with a sober and contemporary aesthetic. Applying a creative...\" \/>\n<meta property=\"og:url\" content=\"https:\/\/villa-albertine.org\/va\/events\/veterans-day-from-all-sides-francoise-do-marvin-tate-the-bridge-at-theatre-y\/\" \/>\n<meta property=\"og:site_name\" content=\"Villa Albertine\" \/>\n<meta property=\"article:modified_time\" content=\"2023-10-29T14:41:52+00:00\" \/>\n<meta property=\"og:image\" content=\"https:\/\/villa-albertine.org\/wp-content\/uploads\/2023\/10\/L09A2322-1200x525-1.jpg\" \/>\n\t<meta property=\"og:image:width\" content=\"1200\" \/>\n\t<meta property=\"og:image:height\" content=\"525\" \/>\n\t<meta property=\"og:image:type\" content=\"image\/jpeg\" \/>\n<meta name=\"twitter:card\" content=\"summary_large_image\" \/>\n<meta name=\"twitter:label1\" content=\"Est. reading time\" \/>\n\t<meta name=\"twitter:data1\" content=\"3 minutes\" \/>\n<script type=\"application\/ld+json\" class=\"yoast-schema-graph\">{\"@context\":\"https:\\\/\\\/schema.org\",\"@graph\":[{\"@type\":\"WebPage\",\"@id\":\"https:\\\/\\\/villa-albertine.org\\\/va\\\/events\\\/veterans-day-from-all-sides-francoise-do-marvin-tate-the-bridge-at-theatre-y\\\/\",\"url\":\"https:\\\/\\\/villa-albertine.org\\\/va\\\/events\\\/veterans-day-from-all-sides-francoise-do-marvin-tate-the-bridge-at-theatre-y\\\/\",\"name\":\"Veteran's Day From All Sides | Fran\u00e7oise D\u00f4, Marvin Tate & The Bridge at Theatre Y - Villa Albertine\",\"isPartOf\":{\"@id\":\"https:\\\/\\\/villa-albertine.org\\\/va\\\/#website\"},\"primaryImageOfPage\":{\"@id\":\"https:\\\/\\\/villa-albertine.org\\\/va\\\/events\\\/veterans-day-from-all-sides-francoise-do-marvin-tate-the-bridge-at-theatre-y\\\/#primaryimage\"},\"image\":{\"@id\":\"https:\\\/\\\/villa-albertine.org\\\/va\\\/events\\\/veterans-day-from-all-sides-francoise-do-marvin-tate-the-bridge-at-theatre-y\\\/#primaryimage\"},\"thumbnailUrl\":\"https:\\\/\\\/villa-albertine.org\\\/wp-content\\\/uploads\\\/2023\\\/10\\\/L09A2322-1200x525-1.jpg\",\"datePublished\":\"2023-10-25T12:37:51+00:00\",\"dateModified\":\"2023-10-29T14:41:52+00:00\",\"breadcrumb\":{\"@id\":\"https:\\\/\\\/villa-albertine.org\\\/va\\\/events\\\/veterans-day-from-all-sides-francoise-do-marvin-tate-the-bridge-at-theatre-y\\\/#breadcrumb\"},\"inLanguage\":\"en-US\",\"potentialAction\":[{\"@type\":\"ReadAction\",\"target\":[\"https:\\\/\\\/villa-albertine.org\\\/va\\\/events\\\/veterans-day-from-all-sides-francoise-do-marvin-tate-the-bridge-at-theatre-y\\\/\"]}]},{\"@type\":\"ImageObject\",\"inLanguage\":\"en-US\",\"@id\":\"https:\\\/\\\/villa-albertine.org\\\/va\\\/events\\\/veterans-day-from-all-sides-francoise-do-marvin-tate-the-bridge-at-theatre-y\\\/#primaryimage\",\"url\":\"https:\\\/\\\/villa-albertine.org\\\/wp-content\\\/uploads\\\/2023\\\/10\\\/L09A2322-1200x525-1.jpg\",\"contentUrl\":\"https:\\\/\\\/villa-albertine.org\\\/wp-content\\\/uploads\\\/2023\\\/10\\\/L09A2322-1200x525-1.jpg\",\"width\":1200,\"height\":525},{\"@type\":\"BreadcrumbList\",\"@id\":\"https:\\\/\\\/villa-albertine.org\\\/va\\\/events\\\/veterans-day-from-all-sides-francoise-do-marvin-tate-the-bridge-at-theatre-y\\\/#breadcrumb\",\"itemListElement\":[{\"@type\":\"ListItem\",\"position\":1,\"name\":\"Home\",\"item\":\"https:\\\/\\\/villa-albertine.org\\\/va\\\/\"},{\"@type\":\"ListItem\",\"position\":2,\"name\":\"Veteran&#8217;s Day From All Sides | Fran\u00e7oise D\u00f4, Marvin Tate &#038; The Bridge at Theatre Y\"}]},{\"@type\":\"WebSite\",\"@id\":\"https:\\\/\\\/villa-albertine.org\\\/va\\\/#website\",\"url\":\"https:\\\/\\\/villa-albertine.org\\\/va\\\/\",\"name\":\"Villa Albertine\",\"description\":\"\",\"potentialAction\":[{\"@type\":\"SearchAction\",\"target\":{\"@type\":\"EntryPoint\",\"urlTemplate\":\"https:\\\/\\\/villa-albertine.org\\\/va\\\/?s={search_term_string}\"},\"query-input\":{\"@type\":\"PropertyValueSpecification\",\"valueRequired\":true,\"valueName\":\"search_term_string\"}}],\"inLanguage\":\"en-US\"}]}<\/script>\n<!-- \/ Yoast SEO plugin. -->","yoast_head_json":{"title":"Veteran's Day From All Sides | Fran\u00e7oise D\u00f4, Marvin Tate & The Bridge at Theatre Y - Villa Albertine","robots":{"index":"index","follow":"follow","max-snippet":"max-snippet:-1","max-image-preview":"max-image-preview:large","max-video-preview":"max-video-preview:-1"},"canonical":"https:\/\/villa-albertine.org\/va\/events\/veterans-day-from-all-sides-francoise-do-marvin-tate-the-bridge-at-theatre-y\/","og_locale":"en_US","og_type":"article","og_title":"Veteran's Day From All Sides | Fran\u00e7oise D\u00f4, Marvin Tate & The Bridge at Theatre Y - Villa Albertine","og_description":"About Fran\u00e7oise D\u00f4 Fran\u00e7oise D\u00f4 &#8211; artist of the Fabrique de La Com\u00e9die de Saint-Etienne, is a French poet, author, and theatre director. She trained at Cours Florent and is now the artistic director of the company Bleus et Ardoise. Her objective is to create plays with a sober and contemporary aesthetic. Applying a creative...","og_url":"https:\/\/villa-albertine.org\/va\/events\/veterans-day-from-all-sides-francoise-do-marvin-tate-the-bridge-at-theatre-y\/","og_site_name":"Villa Albertine","article_modified_time":"2023-10-29T14:41:52+00:00","og_image":[{"width":1200,"height":525,"url":"https:\/\/villa-albertine.org\/wp-content\/uploads\/2023\/10\/L09A2322-1200x525-1.jpg","type":"image\/jpeg"}],"twitter_card":"summary_large_image","twitter_misc":{"Est. reading time":"3 minutes"},"schema":{"@context":"https:\/\/schema.org","@graph":[{"@type":"WebPage","@id":"https:\/\/villa-albertine.org\/va\/events\/veterans-day-from-all-sides-francoise-do-marvin-tate-the-bridge-at-theatre-y\/","url":"https:\/\/villa-albertine.org\/va\/events\/veterans-day-from-all-sides-francoise-do-marvin-tate-the-bridge-at-theatre-y\/","name":"Veteran's Day From All Sides | Fran\u00e7oise D\u00f4, Marvin Tate & The Bridge at Theatre Y - Villa Albertine","isPartOf":{"@id":"https:\/\/villa-albertine.org\/va\/#website"},"primaryImageOfPage":{"@id":"https:\/\/villa-albertine.org\/va\/events\/veterans-day-from-all-sides-francoise-do-marvin-tate-the-bridge-at-theatre-y\/#primaryimage"},"image":{"@id":"https:\/\/villa-albertine.org\/va\/events\/veterans-day-from-all-sides-francoise-do-marvin-tate-the-bridge-at-theatre-y\/#primaryimage"},"thumbnailUrl":"https:\/\/villa-albertine.org\/wp-content\/uploads\/2023\/10\/L09A2322-1200x525-1.jpg","datePublished":"2023-10-25T12:37:51+00:00","dateModified":"2023-10-29T14:41:52+00:00","breadcrumb":{"@id":"https:\/\/villa-albertine.org\/va\/events\/veterans-day-from-all-sides-francoise-do-marvin-tate-the-bridge-at-theatre-y\/#breadcrumb"},"inLanguage":"en-US","potentialAction":[{"@type":"ReadAction","target":["https:\/\/villa-albertine.org\/va\/events\/veterans-day-from-all-sides-francoise-do-marvin-tate-the-bridge-at-theatre-y\/"]}]},{"@type":"ImageObject","inLanguage":"en-US","@id":"https:\/\/villa-albertine.org\/va\/events\/veterans-day-from-all-sides-francoise-do-marvin-tate-the-bridge-at-theatre-y\/#primaryimage","url":"https:\/\/villa-albertine.org\/wp-content\/uploads\/2023\/10\/L09A2322-1200x525-1.jpg","contentUrl":"https:\/\/villa-albertine.org\/wp-content\/uploads\/2023\/10\/L09A2322-1200x525-1.jpg","width":1200,"height":525},{"@type":"BreadcrumbList","@id":"https:\/\/villa-albertine.org\/va\/events\/veterans-day-from-all-sides-francoise-do-marvin-tate-the-bridge-at-theatre-y\/#breadcrumb","itemListElement":[{"@type":"ListItem","position":1,"name":"Home","item":"https:\/\/villa-albertine.org\/va\/"},{"@type":"ListItem","position":2,"name":"Veteran&#8217;s Day From All Sides | Fran\u00e7oise D\u00f4, Marvin Tate &#038; The Bridge at Theatre Y"}]},{"@type":"WebSite","@id":"https:\/\/villa-albertine.org\/va\/#website","url":"https:\/\/villa-albertine.org\/va\/","name":"Villa Albertine","description":"","potentialAction":[{"@type":"SearchAction","target":{"@type":"EntryPoint","urlTemplate":"https:\/\/villa-albertine.org\/va\/?s={search_term_string}"},"query-input":{"@type":"PropertyValueSpecification","valueRequired":true,"valueName":"search_term_string"}}],"inLanguage":"en-US"}]}},"_links":{"self":[{"href":"https:\/\/villa-albertine.org\/va\/wp-json\/wp\/v2\/app_event\/340785","targetHints":{"allow":["GET"]}}],"collection":[{"href":"https:\/\/villa-albertine.org\/va\/wp-json\/wp\/v2\/app_event"}],"about":[{"href":"https:\/\/villa-albertine.org\/va\/wp-json\/wp\/v2\/types\/app_event"}],"wp:featuredmedia":[{"embeddable":true,"href":"https:\/\/villa-albertine.org\/va\/wp-json\/wp\/v2\/media\/342183"}],"wp:attachment":[{"href":"https:\/\/villa-albertine.org\/va\/wp-json\/wp\/v2\/media?parent=340785"}],"wp:term":[{"taxonomy":"app_discipline","embeddable":true,"href":"https:\/\/villa-albertine.org\/va\/wp-json\/wp\/v2\/app_discipline?post=340785"},{"taxonomy":"app_city_tax","embeddable":true,"href":"https:\/\/villa-albertine.org\/va\/wp-json\/wp\/v2\/app_city_tax?post=340785"},{"taxonomy":"app_event_type","embeddable":true,"href":"https:\/\/villa-albertine.org\/va\/wp-json\/wp\/v2\/app_event_type?post=340785"}],"curies":[{"name":"wp","href":"https:\/\/api.w.org\/{rel}","templated":true}]}}