{"id":334736,"date":"2023-10-20T16:47:33","date_gmt":"2023-10-20T16:47:33","guid":{"rendered":"https:\/\/villa-albertine.org\/?post_type=app_event&#038;p=334736"},"modified":"2023-12-06T04:58:18","modified_gmt":"2023-12-06T04:58:18","slug":"ifcinema-a-la-carte-a-selection-of-series-to-discover-online","status":"publish","type":"app_event","link":"https:\/\/villa-albertine.org\/va\/events\/ifcinema-a-la-carte-a-selection-of-series-to-discover-online\/","title":{"rendered":"IFcin\u00e9ma \u00e0 la carte: A selection of series to discover online"},"content":{"rendered":"\n<h2 class=\"wp-block-heading\">Discover the series available from December 1 to 31, 2023<\/h2>\n\n\n\n<figure class=\"wp-block-image size-full\">\n\t<img loading=\"lazy\" decoding=\"async\" width=\"966\" height=\"542\" src=\"https:\/\/villa-albertine.org\/wp-content\/uploads\/2023\/10\/18h30-3.jpg.jpeg\" class=\"attachment-full size-full\" alt=\"\" srcset=\"https:\/\/villa-albertine.org\/wp-content\/uploads\/2023\/10\/18h30-3.jpg.jpeg 966w, https:\/\/villa-albertine.org\/wp-content\/uploads\/2023\/10\/18h30-3.jpg-300x168.jpeg 300w, https:\/\/villa-albertine.org\/wp-content\/uploads\/2023\/10\/18h30-3.jpg-768x431.jpeg 768w\" sizes=\"auto, (max-width: 966px) 100vw, 966px\" \/>\n\t\t\t<figcaption>\n\t\t\t<p>18h30 by Maxime Chamoux, Sylvain Gouverneur<\/p>\n\t\t<\/figcaption>\n\t<\/figure>\n\n\n\n<p>&#8220;<a href=\"https:\/\/ifdigital.institutfrancais.com\/en\/creation\/18h30\">18h30<\/a>&#8221;&nbsp;by Maxime Chamoux, Sylvain Gouverneur (La Blogoth\u00e8que Productions \/ Arte)<\/p>\n\n\n\n<p>6:30 p.m. is the time when Eric and Melissa, two colleagues, leave the office every evening to go to the same bus stop. Five daily minutes, between work and family life, sketching out for a year while these two get to know each other, open or close their hearts, and finally miss each other.<\/p>\n\n\n\n<figure class=\"wp-block-image size-full\">\n\t<img loading=\"lazy\" decoding=\"async\" width=\"966\" height=\"542\" src=\"https:\/\/villa-albertine.org\/wp-content\/uploads\/2023\/10\/CHAIR_TENDRE_-_LA_MEILLEURE_MOITIE.png.jpeg\" class=\"attachment-full size-full\" alt=\"\" srcset=\"https:\/\/villa-albertine.org\/wp-content\/uploads\/2023\/10\/CHAIR_TENDRE_-_LA_MEILLEURE_MOITIE.png.jpeg 966w, https:\/\/villa-albertine.org\/wp-content\/uploads\/2023\/10\/CHAIR_TENDRE_-_LA_MEILLEURE_MOITIE.png-300x168.jpeg 300w, https:\/\/villa-albertine.org\/wp-content\/uploads\/2023\/10\/CHAIR_TENDRE_-_LA_MEILLEURE_MOITIE.png-768x431.jpeg 768w\" sizes=\"auto, (max-width: 966px) 100vw, 966px\" \/>\n\t\t\t<figcaption>\n\t\t\t<p>About Sasha by Ya\u00ebl Langmann, J\u00e9r\u00e9my Mainguy<\/p>\n\t\t<\/figcaption>\n\t<\/figure>\n\n\n\n<p>&#8220;<a href=\"https:\/\/ifdigital.institutfrancais.com\/en\/creation\/about-sasha\">About Sasha<\/a>&#8221; by Ya\u00ebl Langmann, J\u00e9r\u00e9my Mainguy (Jerico TV \/ Big Band Story \/ France TV Slash)<\/p>\n\n\n\n<p>Until a few months ago, Sasha, a 17-year-old boy, led a seemingly ordinary life. Like any teenager, Sasha faced typical challenges. However, everything changed when Sasha discovered the truth that had been concealed from her since birth &#8211; Sasha was born with an intersex body, neither entirely male nor female.<\/p>\n\n\n\n<figure class=\"wp-block-image size-full\">\n\t<img loading=\"lazy\" decoding=\"async\" width=\"966\" height=\"542\" src=\"https:\/\/villa-albertine.org\/wp-content\/uploads\/2023\/10\/couverture-9.jpeg\" class=\"attachment-full size-full\" alt=\"\" srcset=\"https:\/\/villa-albertine.org\/wp-content\/uploads\/2023\/10\/couverture-9.jpeg 966w, https:\/\/villa-albertine.org\/wp-content\/uploads\/2023\/10\/couverture-9-300x168.jpeg 300w, https:\/\/villa-albertine.org\/wp-content\/uploads\/2023\/10\/couverture-9-768x431.jpeg 768w\" sizes=\"auto, (max-width: 966px) 100vw, 966px\" \/>\n\t\t\t<figcaption>\n\t\t\t<p>Cherchez la femme\u00a0by Julie Gavras<\/p>\n\t\t<\/figcaption>\n\t<\/figure>\n\n\n\n<p>&#8220;<a href=\"https:\/\/ifdigital.institutfrancais.com\/en\/creation\/cherchez-la-femme\">Cherchez la femme<\/a>&#8221;&nbsp;by Julie Gavras (Les films du Bilboquet \/ Arte)<\/p>\n\n\n\n<p>In unraveling the rich tapestry of human history, Denis Podalyd\u00e8s serves as the narrator, revealing the oft-forgotten stories of remarkable women through paper silhouettes. Across thirty episodes, this stop-motion series illuminates the lives of these women and uncovers the reasons behind their historical obscurity.<\/p>\n\n\n\n<figure class=\"wp-block-image size-full\">\n\t<img loading=\"lazy\" decoding=\"async\" width=\"1920\" height=\"1080\" src=\"https:\/\/villa-albertine.org\/wp-content\/uploads\/2023\/10\/Banniere-c-Darjeeling_Lamour-a-ses-reseaux.jpg\" class=\"attachment-full size-full\" alt=\"\" srcset=\"https:\/\/villa-albertine.org\/wp-content\/uploads\/2023\/10\/Banniere-c-Darjeeling_Lamour-a-ses-reseaux.jpg 1920w, https:\/\/villa-albertine.org\/wp-content\/uploads\/2023\/10\/Banniere-c-Darjeeling_Lamour-a-ses-reseaux-300x169.jpg 300w, https:\/\/villa-albertine.org\/wp-content\/uploads\/2023\/10\/Banniere-c-Darjeeling_Lamour-a-ses-reseaux-1024x576.jpg 1024w, https:\/\/villa-albertine.org\/wp-content\/uploads\/2023\/10\/Banniere-c-Darjeeling_Lamour-a-ses-reseaux-768x432.jpg 768w, https:\/\/villa-albertine.org\/wp-content\/uploads\/2023\/10\/Banniere-c-Darjeeling_Lamour-a-ses-reseaux-1536x864.jpg 1536w\" sizes=\"auto, (max-width: 1920px) 100vw, 1920px\" \/>\n\t\t\t<figcaption>\n\t\t\t<p>Fail in Love by Ren\u00e9e Greusard<\/p>\n\t\t<\/figcaption>\n\t<\/figure>\n\n\n\n<p>&#8220;<a href=\"https:\/\/ifdigital.institutfrancais.com\/en\/creation\/fail-love\">Fail in Love<\/a>&#8221;&nbsp;by Ren\u00e9e Greusard (Darjeeling)<\/p>\n\n\n\n<p>Through funny, offbeat, cruel stories&#8230; we want to tell the new modes of seduction and the upheaval that takes place in a meeting now orchestrated by algorithms interposed.&nbsp;<em>Fail in Love<\/em>&nbsp;is based on the work of the journalist Ren\u00e9e Greusard (Rue89\/Nouvel Obs) whose Tinder surprise column is a huge success on the web.<\/p>\n\n\n\n<figure class=\"wp-block-image size-full\">\n\t<img loading=\"lazy\" decoding=\"async\" width=\"966\" height=\"542\" src=\"https:\/\/villa-albertine.org\/wp-content\/uploads\/2023\/10\/7bd62c321054ff1e729b3e1a117be831.jpg.jpeg\" class=\"attachment-full size-full\" alt=\"\" srcset=\"https:\/\/villa-albertine.org\/wp-content\/uploads\/2023\/10\/7bd62c321054ff1e729b3e1a117be831.jpg.jpeg 966w, https:\/\/villa-albertine.org\/wp-content\/uploads\/2023\/10\/7bd62c321054ff1e729b3e1a117be831.jpg-300x168.jpeg 300w, https:\/\/villa-albertine.org\/wp-content\/uploads\/2023\/10\/7bd62c321054ff1e729b3e1a117be831.jpg-768x431.jpeg 768w\" sizes=\"auto, (max-width: 966px) 100vw, 966px\" \/>\n\t\t\t<figcaption>\n\t\t\t<p>Domino Effect\u00a0by \u00c9lo\u00efse Daviaud, Jean Bulot<\/p>\n\t\t<\/figcaption>\n\t<\/figure>\n\n\n\n<p>&#8220;<a href=\"https:\/\/ifdigital.institutfrancais.com\/en\/creation\/domino-effect\">Domino Effect<\/a>&#8221;&nbsp;by \u00c9lo\u00efse Daviaud, Jean Bulot (Arte \/ Kino \/ Coopdoc)<\/p>\n\n\n\n<p>Domino Effect tells the stories of four people in Germany, France and the West Bank, whose lives suddenly turn upside down when they go viral on social media. Their moment of fame \u2013 or infamy \u2013 sparks debate about terrorism, violence against women, freedom of expression and activism.<\/p>\n\n\n\n<figure class=\"wp-block-image size-full\">\n\t<img loading=\"lazy\" decoding=\"async\" width=\"966\" height=\"542\" src=\"https:\/\/villa-albertine.org\/wp-content\/uploads\/2023\/10\/Capture-decran-2023-04-17-a-16.33.28.PNG.jpeg\" class=\"attachment-full size-full\" alt=\"\" srcset=\"https:\/\/villa-albertine.org\/wp-content\/uploads\/2023\/10\/Capture-decran-2023-04-17-a-16.33.28.PNG.jpeg 966w, https:\/\/villa-albertine.org\/wp-content\/uploads\/2023\/10\/Capture-decran-2023-04-17-a-16.33.28.PNG-300x168.jpeg 300w, https:\/\/villa-albertine.org\/wp-content\/uploads\/2023\/10\/Capture-decran-2023-04-17-a-16.33.28.PNG-768x431.jpeg 768w\" sizes=\"auto, (max-width: 966px) 100vw, 966px\" \/>\n\t\t\t<figcaption>\n\t\t\t<p>Retrogaming Made in France\u00a0by Jean-Martial Lefranc<\/p>\n\t\t<\/figcaption>\n\t<\/figure>\n\n\n\n<p>&#8220;<a href=\"https:\/\/ifdigital.institutfrancais.com\/en\/creation\/retrogaming-made-france\">Retrogaming Made in France<\/a>&#8221;&nbsp;by Jean-Martial Lefranc (Dr\u00f4le de Trame \/ Arte)<\/p>\n\n\n\n<p>This captivating narrative delves into the origins of the video game industry in France, presented in ten episodes, each featuring a cult game. The creators of these games, as well as renowned YouTuber Benzaie, provide insightful commentary, offering a fresh perspective on these vintage games from a bygone era.<\/p>\n\n\n\n<figure class=\"wp-block-image size-full\">\n\t<img loading=\"lazy\" decoding=\"async\" width=\"966\" height=\"542\" src=\"https:\/\/villa-albertine.org\/wp-content\/uploads\/2023\/10\/MicrosoftTeams-image.png.jpeg\" class=\"attachment-full size-full\" alt=\"\" srcset=\"https:\/\/villa-albertine.org\/wp-content\/uploads\/2023\/10\/MicrosoftTeams-image.png.jpeg 966w, https:\/\/villa-albertine.org\/wp-content\/uploads\/2023\/10\/MicrosoftTeams-image.png-300x168.jpeg 300w, https:\/\/villa-albertine.org\/wp-content\/uploads\/2023\/10\/MicrosoftTeams-image.png-768x431.jpeg 768w\" sizes=\"auto, (max-width: 966px) 100vw, 966px\" \/>\n\t\t\t<figcaption>\n\t\t\t<p>The Paris Conservatory of Dance by St\u00e9phane Carrel <\/p>\n\t\t<\/figcaption>\n\t<\/figure>\n\n\n\n<p>&#8220;<a href=\"https:\/\/ifdigital.institutfrancais.com\/en\/creation\/paris-conservatory-dance\">The Paris Conservatory of Dance<\/a>&#8221; by St\u00e9phane Carrel (Dr\u00f4le de Trame \/ Arte)<\/p>\n\n\n\n<p>An academic year at the elite Paris Conservatory of Dance. Demanding training schedules, exam stress and fear of injury are offset by the joy of being on stage, performing classics, and working with famous choreographers.<\/p>\n\n\n\n<figure class=\"wp-block-image size-full\">\n\t<img loading=\"lazy\" decoding=\"async\" width=\"966\" height=\"542\" src=\"https:\/\/villa-albertine.org\/wp-content\/uploads\/2023\/10\/EP3_09jpg.jpg.jpeg\" class=\"attachment-full size-full\" alt=\"\" srcset=\"https:\/\/villa-albertine.org\/wp-content\/uploads\/2023\/10\/EP3_09jpg.jpg.jpeg 966w, https:\/\/villa-albertine.org\/wp-content\/uploads\/2023\/10\/EP3_09jpg.jpg-300x168.jpeg 300w, https:\/\/villa-albertine.org\/wp-content\/uploads\/2023\/10\/EP3_09jpg.jpg-768x431.jpeg 768w\" sizes=\"auto, (max-width: 966px) 100vw, 966px\" \/>\n\t\t\t<figcaption>\n\t\t\t<p>Train Like a Girl\u00a0by Camille Juza, Matthias Vayss<\/p>\n\t\t<\/figcaption>\n\t<\/figure>\n\n\n\n<p>&#8220;<a href=\"https:\/\/ifdigital.institutfrancais.com\/en\/creation\/train-girl\">Train Like a Girl<\/a>&#8221;&nbsp;by Camille Juza, Matthias Vaysse (Haut et Court)<\/p>\n\n\n\n<p>Female muscle is upsetting for some. And controlling the female body has been at the heart of organised sport since the nineteenth century. This is the story of how women have fought their way into the world of sport, an arena jealously guarded by men.<\/p>\n\n\n\n<figure class=\"wp-block-image size-full\">\n\t<img loading=\"lazy\" decoding=\"async\" width=\"966\" height=\"542\" src=\"https:\/\/villa-albertine.org\/wp-content\/uploads\/2023\/10\/DSC08516.jpg.jpeg\" class=\"attachment-full size-full\" alt=\"\" srcset=\"https:\/\/villa-albertine.org\/wp-content\/uploads\/2023\/10\/DSC08516.jpg.jpeg 966w, https:\/\/villa-albertine.org\/wp-content\/uploads\/2023\/10\/DSC08516.jpg-300x168.jpeg 300w, https:\/\/villa-albertine.org\/wp-content\/uploads\/2023\/10\/DSC08516.jpg-768x431.jpeg 768w\" sizes=\"auto, (max-width: 966px) 100vw, 966px\" \/>\n\t\t\t<figcaption>\n\t\t\t<p>Street Moves by Z\u00e9phyr, Florence Fauquet, Kensley Jules, Maud Konan, St\u00e9phanie Cazaentre, Marilou Poncin<\/p>\n\t\t<\/figcaption>\n\t<\/figure>\n\n\n\n<p>&#8220;<a href=\"https:\/\/ifdigital.institutfrancais.com\/en\/creation\/street-moves\">Street Moves<\/a>&#8221; by Z\u00e9phyr, Florence Fauquet, Kensley Jules, Maud Konan, St\u00e9phanie Cazaentre, Marilou Poncin (Melocoton Films \/ Arte \/ SattLutech)<\/p>\n\n\n\n<p>Where do the urban dances that the TikTok community is so fond of come from? Between humor and emotion, Street Moves tells the origins.<\/p>\n\n\n\n<figure class=\"wp-block-image size-full\">\n\t\n\t\t\t<figcaption>\n\t\t\t<p>IFcin\u00e9ma \u00e0 la carte \u00a9 Institut fran\u00e7ais<\/p>\n\t\t<\/figcaption>\n\t<\/figure>\n\n\n\n<p>All the aforementioned programs are available online in the U.S. But please note that certain other territories around the world are excluded.<\/p>\n\n\n\n<p><em>See more at <a href=\"https:\/\/ifcinema.institutfrancais.com\/en\/streaming\/alacarte\">https:\/\/ifcinema.institutfrancais.com\/en\/streaming\/alacarte<\/a><\/em><\/p>\n","protected":false},"featured_media":337960,"menu_order":0,"template":"","app_discipline":[231,219],"app_city_tax":[235],"app_event_type":[],"class_list":["post-334736","app_event","type-app_event","status-publish","has-post-thumbnail","hentry","app_discipline-audiovisual","app_discipline-cinema","app_city_tax-all-cities"],"acf":[],"yoast_head":"<!-- This site is optimized with the Yoast SEO plugin v27.3 - https:\/\/yoast.com\/product\/yoast-seo-wordpress\/ -->\n<title>IFcin\u00e9ma \u00e0 la carte: A selection of series to discover online - Villa Albertine<\/title>\n<meta name=\"robots\" content=\"index, follow, max-snippet:-1, max-image-preview:large, max-video-preview:-1\" \/>\n<link rel=\"canonical\" href=\"https:\/\/villa-albertine.org\/va\/events\/ifcinema-a-la-carte-a-selection-of-series-to-discover-online\/\" \/>\n<meta property=\"og:locale\" content=\"en_US\" \/>\n<meta property=\"og:type\" content=\"article\" \/>\n<meta property=\"og:title\" content=\"IFcin\u00e9ma \u00e0 la carte: A selection of series to discover online - Villa Albertine\" \/>\n<meta property=\"og:description\" content=\"Discover the series available from December 1 to 31, 2023 &#8220;18h30&#8221;&nbsp;by Maxime Chamoux, Sylvain Gouverneur (La Blogoth\u00e8que Productions \/ Arte) 6:30 p.m. is the time when Eric and Melissa, two colleagues, leave the office every evening to go to the same bus stop. Five daily minutes, between work and family life, sketching out for a...\" \/>\n<meta property=\"og:url\" content=\"https:\/\/villa-albertine.org\/va\/events\/ifcinema-a-la-carte-a-selection-of-series-to-discover-online\/\" \/>\n<meta property=\"og:site_name\" content=\"Villa Albertine\" \/>\n<meta property=\"article:modified_time\" content=\"2023-12-06T04:58:18+00:00\" \/>\n<meta property=\"og:image\" content=\"https:\/\/villa-albertine.org\/wp-content\/uploads\/2023\/10\/Untitled-design.png\" \/>\n\t<meta property=\"og:image:width\" content=\"1640\" \/>\n\t<meta property=\"og:image:height\" content=\"924\" \/>\n\t<meta property=\"og:image:type\" content=\"image\/png\" \/>\n<meta name=\"twitter:card\" content=\"summary_large_image\" \/>\n<meta name=\"twitter:label1\" content=\"Est. reading time\" \/>\n\t<meta name=\"twitter:data1\" content=\"3 minutes\" \/>\n<script type=\"application\/ld+json\" class=\"yoast-schema-graph\">{\"@context\":\"https:\\\/\\\/schema.org\",\"@graph\":[{\"@type\":\"WebPage\",\"@id\":\"https:\\\/\\\/villa-albertine.org\\\/va\\\/events\\\/ifcinema-a-la-carte-a-selection-of-series-to-discover-online\\\/\",\"url\":\"https:\\\/\\\/villa-albertine.org\\\/va\\\/events\\\/ifcinema-a-la-carte-a-selection-of-series-to-discover-online\\\/\",\"name\":\"IFcin\u00e9ma \u00e0 la carte: A selection of series to discover online - Villa Albertine\",\"isPartOf\":{\"@id\":\"https:\\\/\\\/villa-albertine.org\\\/va\\\/#website\"},\"primaryImageOfPage\":{\"@id\":\"https:\\\/\\\/villa-albertine.org\\\/va\\\/events\\\/ifcinema-a-la-carte-a-selection-of-series-to-discover-online\\\/#primaryimage\"},\"image\":{\"@id\":\"https:\\\/\\\/villa-albertine.org\\\/va\\\/events\\\/ifcinema-a-la-carte-a-selection-of-series-to-discover-online\\\/#primaryimage\"},\"thumbnailUrl\":\"https:\\\/\\\/villa-albertine.org\\\/wp-content\\\/uploads\\\/2023\\\/10\\\/Untitled-design.png\",\"datePublished\":\"2023-10-20T16:47:33+00:00\",\"dateModified\":\"2023-12-06T04:58:18+00:00\",\"breadcrumb\":{\"@id\":\"https:\\\/\\\/villa-albertine.org\\\/va\\\/events\\\/ifcinema-a-la-carte-a-selection-of-series-to-discover-online\\\/#breadcrumb\"},\"inLanguage\":\"en-US\",\"potentialAction\":[{\"@type\":\"ReadAction\",\"target\":[\"https:\\\/\\\/villa-albertine.org\\\/va\\\/events\\\/ifcinema-a-la-carte-a-selection-of-series-to-discover-online\\\/\"]}]},{\"@type\":\"ImageObject\",\"inLanguage\":\"en-US\",\"@id\":\"https:\\\/\\\/villa-albertine.org\\\/va\\\/events\\\/ifcinema-a-la-carte-a-selection-of-series-to-discover-online\\\/#primaryimage\",\"url\":\"https:\\\/\\\/villa-albertine.org\\\/wp-content\\\/uploads\\\/2023\\\/10\\\/Untitled-design.png\",\"contentUrl\":\"https:\\\/\\\/villa-albertine.org\\\/wp-content\\\/uploads\\\/2023\\\/10\\\/Untitled-design.png\",\"width\":1640,\"height\":924},{\"@type\":\"BreadcrumbList\",\"@id\":\"https:\\\/\\\/villa-albertine.org\\\/va\\\/events\\\/ifcinema-a-la-carte-a-selection-of-series-to-discover-online\\\/#breadcrumb\",\"itemListElement\":[{\"@type\":\"ListItem\",\"position\":1,\"name\":\"Home\",\"item\":\"https:\\\/\\\/villa-albertine.org\\\/va\\\/\"},{\"@type\":\"ListItem\",\"position\":2,\"name\":\"IFcin\u00e9ma \u00e0 la carte: A selection of series to discover online\"}]},{\"@type\":\"WebSite\",\"@id\":\"https:\\\/\\\/villa-albertine.org\\\/va\\\/#website\",\"url\":\"https:\\\/\\\/villa-albertine.org\\\/va\\\/\",\"name\":\"Villa Albertine\",\"description\":\"\",\"potentialAction\":[{\"@type\":\"SearchAction\",\"target\":{\"@type\":\"EntryPoint\",\"urlTemplate\":\"https:\\\/\\\/villa-albertine.org\\\/va\\\/?s={search_term_string}\"},\"query-input\":{\"@type\":\"PropertyValueSpecification\",\"valueRequired\":true,\"valueName\":\"search_term_string\"}}],\"inLanguage\":\"en-US\"}]}<\/script>\n<!-- \/ Yoast SEO plugin. -->","yoast_head_json":{"title":"IFcin\u00e9ma \u00e0 la carte: A selection of series to discover online - Villa Albertine","robots":{"index":"index","follow":"follow","max-snippet":"max-snippet:-1","max-image-preview":"max-image-preview:large","max-video-preview":"max-video-preview:-1"},"canonical":"https:\/\/villa-albertine.org\/va\/events\/ifcinema-a-la-carte-a-selection-of-series-to-discover-online\/","og_locale":"en_US","og_type":"article","og_title":"IFcin\u00e9ma \u00e0 la carte: A selection of series to discover online - Villa Albertine","og_description":"Discover the series available from December 1 to 31, 2023 &#8220;18h30&#8221;&nbsp;by Maxime Chamoux, Sylvain Gouverneur (La Blogoth\u00e8que Productions \/ Arte) 6:30 p.m. is the time when Eric and Melissa, two colleagues, leave the office every evening to go to the same bus stop. Five daily minutes, between work and family life, sketching out for a...","og_url":"https:\/\/villa-albertine.org\/va\/events\/ifcinema-a-la-carte-a-selection-of-series-to-discover-online\/","og_site_name":"Villa Albertine","article_modified_time":"2023-12-06T04:58:18+00:00","og_image":[{"width":1640,"height":924,"url":"https:\/\/villa-albertine.org\/wp-content\/uploads\/2023\/10\/Untitled-design.png","type":"image\/png"}],"twitter_card":"summary_large_image","twitter_misc":{"Est. reading time":"3 minutes"},"schema":{"@context":"https:\/\/schema.org","@graph":[{"@type":"WebPage","@id":"https:\/\/villa-albertine.org\/va\/events\/ifcinema-a-la-carte-a-selection-of-series-to-discover-online\/","url":"https:\/\/villa-albertine.org\/va\/events\/ifcinema-a-la-carte-a-selection-of-series-to-discover-online\/","name":"IFcin\u00e9ma \u00e0 la carte: A selection of series to discover online - Villa Albertine","isPartOf":{"@id":"https:\/\/villa-albertine.org\/va\/#website"},"primaryImageOfPage":{"@id":"https:\/\/villa-albertine.org\/va\/events\/ifcinema-a-la-carte-a-selection-of-series-to-discover-online\/#primaryimage"},"image":{"@id":"https:\/\/villa-albertine.org\/va\/events\/ifcinema-a-la-carte-a-selection-of-series-to-discover-online\/#primaryimage"},"thumbnailUrl":"https:\/\/villa-albertine.org\/wp-content\/uploads\/2023\/10\/Untitled-design.png","datePublished":"2023-10-20T16:47:33+00:00","dateModified":"2023-12-06T04:58:18+00:00","breadcrumb":{"@id":"https:\/\/villa-albertine.org\/va\/events\/ifcinema-a-la-carte-a-selection-of-series-to-discover-online\/#breadcrumb"},"inLanguage":"en-US","potentialAction":[{"@type":"ReadAction","target":["https:\/\/villa-albertine.org\/va\/events\/ifcinema-a-la-carte-a-selection-of-series-to-discover-online\/"]}]},{"@type":"ImageObject","inLanguage":"en-US","@id":"https:\/\/villa-albertine.org\/va\/events\/ifcinema-a-la-carte-a-selection-of-series-to-discover-online\/#primaryimage","url":"https:\/\/villa-albertine.org\/wp-content\/uploads\/2023\/10\/Untitled-design.png","contentUrl":"https:\/\/villa-albertine.org\/wp-content\/uploads\/2023\/10\/Untitled-design.png","width":1640,"height":924},{"@type":"BreadcrumbList","@id":"https:\/\/villa-albertine.org\/va\/events\/ifcinema-a-la-carte-a-selection-of-series-to-discover-online\/#breadcrumb","itemListElement":[{"@type":"ListItem","position":1,"name":"Home","item":"https:\/\/villa-albertine.org\/va\/"},{"@type":"ListItem","position":2,"name":"IFcin\u00e9ma \u00e0 la carte: A selection of series to discover online"}]},{"@type":"WebSite","@id":"https:\/\/villa-albertine.org\/va\/#website","url":"https:\/\/villa-albertine.org\/va\/","name":"Villa Albertine","description":"","potentialAction":[{"@type":"SearchAction","target":{"@type":"EntryPoint","urlTemplate":"https:\/\/villa-albertine.org\/va\/?s={search_term_string}"},"query-input":{"@type":"PropertyValueSpecification","valueRequired":true,"valueName":"search_term_string"}}],"inLanguage":"en-US"}]}},"_links":{"self":[{"href":"https:\/\/villa-albertine.org\/va\/wp-json\/wp\/v2\/app_event\/334736","targetHints":{"allow":["GET"]}}],"collection":[{"href":"https:\/\/villa-albertine.org\/va\/wp-json\/wp\/v2\/app_event"}],"about":[{"href":"https:\/\/villa-albertine.org\/va\/wp-json\/wp\/v2\/types\/app_event"}],"wp:featuredmedia":[{"embeddable":true,"href":"https:\/\/villa-albertine.org\/va\/wp-json\/wp\/v2\/media\/337960"}],"wp:attachment":[{"href":"https:\/\/villa-albertine.org\/va\/wp-json\/wp\/v2\/media?parent=334736"}],"wp:term":[{"taxonomy":"app_discipline","embeddable":true,"href":"https:\/\/villa-albertine.org\/va\/wp-json\/wp\/v2\/app_discipline?post=334736"},{"taxonomy":"app_city_tax","embeddable":true,"href":"https:\/\/villa-albertine.org\/va\/wp-json\/wp\/v2\/app_city_tax?post=334736"},{"taxonomy":"app_event_type","embeddable":true,"href":"https:\/\/villa-albertine.org\/va\/wp-json\/wp\/v2\/app_event_type?post=334736"}],"curies":[{"name":"wp","href":"https:\/\/api.w.org\/{rel}","templated":true}]}}