{"id":312532,"date":"2023-10-02T15:06:13","date_gmt":"2023-10-02T15:06:13","guid":{"rendered":"https:\/\/villa-albertine.org\/?post_type=app_event&#038;p=312532"},"modified":"2024-05-01T15:28:04","modified_gmt":"2024-05-01T15:28:04","slug":"city-cite-towards-ecological-cities-a-french-american-dialogue","status":"publish","type":"app_event","link":"https:\/\/villa-albertine.org\/va\/events\/city-cite-towards-ecological-cities-a-french-american-dialogue\/","title":{"rendered":"Towards Ecological Cities: a French-American Dialogue with Whitney Barr, Darryl Haddock, Paul-Herv\u00e9 Lavessi\u00e8re &amp; Marion Waller"},"content":{"rendered":"\n<p><strong>What should the sustainable cities of tomorrow look like? Why do we need to connect ecology and urban planning, environmental solutions and social justice? How can we reconnect our cities to the earth, and to our ecosystems? How can we design the \u201cecological future of our cities\u201d?<\/strong><\/p>\n\n\n\n<p>City\/Cit\u00e9 brings together 4 French and American experts to discuss these issues: Whitney Barr (Food Systems Innovation Fellow for the City of Atlanta\u2019s Office of Sustainability and Resilience), Darryl Haddock (environmental scientist, West Atlanta Watershed Alliance), Paul-Herv\u00e9 Lavessi\u00e8re (urbanist, Metropolitan Trails Agency, Marseille), and Marion Waller (curator and urbanist, Director of Pavillon de l\u2019Arsenal, Paris).<\/p>\n\n\n\n<p>This talk is presented by Villa Albertine, as part of <a href=\"https:\/\/villa-albertine.org\/events\/city-cite-towards-earthly-cities\/\">City\/Cit\u00e9 &#8211; Towards Earthly Cities<\/a>, <a href=\"https:\/\/atlantadesignfestival.net\/events\/conference\/\">Creative Futures Conference 2023 \/ Atlanta Design Festival<\/a> and <a href=\"https:\/\/france-atlanta.org\/\">France-Atlanta<\/a>.&nbsp;<\/p>\n\n\n\n<p>Creative Futures Conference is a 2-day conference (October 14-15, 2023) at the new Fourth Ward Offices along the Beltline. Registration required for entry. <\/p>\n\n\n\n<hr class=\"wp-block-separator has-alpha-channel-opacity\"\/>\n\n\n\n<div class=\"wp-block-media-text is-stacked-on-mobile is-vertically-aligned-top is-image-fill\" style=\"grid-template-columns:37% auto\"><figure class=\"wp-block-media-text__media\" style=\"background-image:url(https:\/\/villa-albertine.org\/wp-content\/uploads\/2023\/10\/Whitney-Barr.jpg);background-position:84% 37%\"><img loading=\"lazy\" decoding=\"async\" width=\"960\" height=\"960\" src=\"https:\/\/villa-albertine.org\/wp-content\/uploads\/2023\/10\/Whitney-Barr.jpg\" alt=\"\" class=\"wp-image-312589 size-full\" srcset=\"https:\/\/villa-albertine.org\/wp-content\/uploads\/2023\/10\/Whitney-Barr.jpg 960w, https:\/\/villa-albertine.org\/wp-content\/uploads\/2023\/10\/Whitney-Barr-300x300.jpg 300w, https:\/\/villa-albertine.org\/wp-content\/uploads\/2023\/10\/Whitney-Barr-150x150.jpg 150w, https:\/\/villa-albertine.org\/wp-content\/uploads\/2023\/10\/Whitney-Barr-768x768.jpg 768w\" sizes=\"auto, (max-width: 960px) 100vw, 960px\" \/><\/figure><div class=\"wp-block-media-text__content\">\n<p class=\"has-small-font-size\"><strong>Whitney Barr<\/strong> is a trained landscape designer, food and environmental justice activist, grower, and international research scholar with over ten years of work experience in various sectors at the intentional intersection of social, racial, food, land, and design justices. Currently, she is the Food Systems Innovation Fellow for the City of Atlanta\u2019s Office of Sustainability and Resilience. Whitney R. Barr is leading the co-design of the City\u2019s first Food Systems Plan and also works on local food systems-related policy, planning, and design projects that support increasing food accessibility for Atlanta residents. She is a graduate of Spelman College with a Masters in Landscape Architecture from the University of Georgia&#8217;s College of Environment and Design with graduate certificates in Sustainable Food Systems (Crop and Soil Science) and Entrepreneurship (Terry College of Business). She has also worked as a Fulbright Researcher and studied abroad throughout Asia, Europe, and Africa.<\/p>\n\n\n\n<p class=\"has-text-align-right has-small-font-size\"><a href=\"https:\/\/www.aglanta.org\/about-aglanta\" data-type=\"link\" data-id=\"www.christinashivers.com\">aglanta.org<\/a><\/p>\n<\/div><\/div>\n\n\n\n<div style=\"height:20px\" aria-hidden=\"true\" class=\"wp-block-spacer\"><\/div>\n\n\n\n<div class=\"wp-block-media-text is-stacked-on-mobile is-vertically-aligned-top is-image-fill\" style=\"grid-template-columns:37% auto\"><figure class=\"wp-block-media-text__media\" style=\"background-image:url(https:\/\/villa-albertine.org\/wp-content\/uploads\/2023\/10\/Darryl-Haddock1-1024x683.jpg);background-position:86% 36%\"><img loading=\"lazy\" decoding=\"async\" width=\"1024\" height=\"683\" src=\"https:\/\/villa-albertine.org\/wp-content\/uploads\/2023\/10\/Darryl-Haddock1-1024x683.jpg\" alt=\"\" class=\"wp-image-312576 size-full\" srcset=\"https:\/\/villa-albertine.org\/wp-content\/uploads\/2023\/10\/Darryl-Haddock1-1024x683.jpg 1024w, https:\/\/villa-albertine.org\/wp-content\/uploads\/2023\/10\/Darryl-Haddock1-300x200.jpg 300w, https:\/\/villa-albertine.org\/wp-content\/uploads\/2023\/10\/Darryl-Haddock1-768x512.jpg 768w, https:\/\/villa-albertine.org\/wp-content\/uploads\/2023\/10\/Darryl-Haddock1-1536x1024.jpg 1536w, https:\/\/villa-albertine.org\/wp-content\/uploads\/2023\/10\/Darryl-Haddock1.jpg 2048w\" sizes=\"auto, (max-width: 1024px) 100vw, 1024px\" \/><\/figure><div class=\"wp-block-media-text__content\">\n<p class=\"has-small-font-size\"><strong>Darryl Haddock <\/strong>is an environmental scientist and Education Director at West Atlanta Watershed Alliance. He has over 20 years of professional experience as an environmental scientist working for the consulting firm, Dames and Moore, as a principal investigator with USGS on a subsurface mapping project and as Environmental Specialist for the State of Georgia, Environmental Protection Division. He is also certified as a Project WET Trainer, an Interpretive Guide by the National Association for Interpretation, and is completing an Environmental Education certification program with Advanced Training for Environmental Education in Georgia (ATEEG); a nationally accredited, professional certification program for formal and non-formal educators. Darryl Haddock coordinates educational programs, community outreach, and citizen science research activities and participates in WAWA\u2019s day to day operations.<\/p>\n\n\n\n<p class=\"has-text-align-right has-small-font-size\"><a href=\"https:\/\/www.wawa-online.org\/\" data-type=\"link\" data-id=\"https:\/\/www.wawa-online.org\/\">wawa-online.org<\/a><\/p>\n<\/div><\/div>\n\n\n\n<div style=\"height:20px\" aria-hidden=\"true\" class=\"wp-block-spacer\"><\/div>\n\n\n\n<div class=\"wp-block-media-text is-stacked-on-mobile is-vertically-aligned-top is-image-fill\" style=\"grid-template-columns:37% auto\"><figure class=\"wp-block-media-text__media\" style=\"background-image:url(https:\/\/villa-albertine.org\/wp-content\/uploads\/2023\/10\/Paul-Herve-Lavessiere-683x1024.jpg);background-position:63% 64%\"><img loading=\"lazy\" decoding=\"async\" width=\"683\" height=\"1024\" src=\"https:\/\/villa-albertine.org\/wp-content\/uploads\/2023\/10\/Paul-Herve-Lavessiere-683x1024.jpg\" alt=\"\" class=\"wp-image-312596 size-full\" srcset=\"https:\/\/villa-albertine.org\/wp-content\/uploads\/2023\/10\/Paul-Herve-Lavessiere-683x1024.jpg 683w, https:\/\/villa-albertine.org\/wp-content\/uploads\/2023\/10\/Paul-Herve-Lavessiere-200x300.jpg 200w, https:\/\/villa-albertine.org\/wp-content\/uploads\/2023\/10\/Paul-Herve-Lavessiere-768x1151.jpg 768w, https:\/\/villa-albertine.org\/wp-content\/uploads\/2023\/10\/Paul-Herve-Lavessiere.jpg 854w\" sizes=\"auto, (max-width: 683px) 100vw, 683px\" \/><\/figure><div class=\"wp-block-media-text__content\">\n<p class=\"has-small-font-size\"><strong>Paul-Herv\u00e9 Lavessi\u00e8re<\/strong> is a geographer-urban planner and co-founder of the Agence des sentiers m\u00e9tropolitains (Metropolitan Trails Agency). He is the author of two books on walking in Greater Paris: <em>La R\u00e9volution de Paris<\/em> (Wildproject, 2014, Prix Haussmann) and <em>Le Sentier du Grand Paris <\/em>(Wildproject, 2020). Paul-Herv\u00e9 Lavessi\u00e8re has coordinated several metropolitan trail projects in France (Grand Paris, Toulon, Avignon, Angoul\u00eame). He also supports project developers through training, workshops and studies. Paul-Herv\u00e9 is a coordinator of <em>Terrestrial Cities<\/em>, a course designed by the Metropolitan Trails Agency (Marseille) and crafted by people working toward the ecological future of cities.<\/p>\n\n\n\n<p class=\"has-text-align-right has-small-font-size\"><a href=\"https:\/\/metropolitantrails.org\/en\" data-type=\"link\" data-id=\"www.christinashivers.com\">metropolitantrails.org<\/a> \/ <a href=\"https:\/\/villes-terrestres.org\/en\" data-type=\"link\" data-id=\"www.christinashivers.com\">villes-terrestres.org<\/a><\/p>\n\n\n\n<p><\/p>\n<\/div><\/div>\n\n\n\n<div style=\"height:20px\" aria-hidden=\"true\" class=\"wp-block-spacer\"><\/div>\n\n\n\n<div class=\"wp-block-media-text is-stacked-on-mobile is-image-fill\" style=\"grid-template-columns:37% auto\"><figure class=\"wp-block-media-text__media\" style=\"background-image:url(https:\/\/villa-albertine.org\/wp-content\/uploads\/2023\/10\/Marion-Waller.png);background-position:46% 27%\"><img loading=\"lazy\" decoding=\"async\" width=\"720\" height=\"481\" src=\"https:\/\/villa-albertine.org\/wp-content\/uploads\/2023\/10\/Marion-Waller.png\" alt=\"\" class=\"wp-image-312614 size-full\" srcset=\"https:\/\/villa-albertine.org\/wp-content\/uploads\/2023\/10\/Marion-Waller.png 720w, https:\/\/villa-albertine.org\/wp-content\/uploads\/2023\/10\/Marion-Waller-300x200.png 300w\" sizes=\"auto, (max-width: 720px) 100vw, 720px\" \/><\/figure><div class=\"wp-block-media-text__content\">\n<p class=\"has-small-font-size\"><strong>Marion Waller<\/strong> is a curator and urbanist, formerly advising the Mayor of Paris on urban planning, architecture and green space. She studied philosophy at the Ecole Normale Sup\u00e9rieure and urban affairs at Sciences Po Paris. She is the Director of the Pavillon de l\u2019Arsenal, the principal locus of exhibition and debate about built and natural systems in Paris. In addition to this position, she lectures at a number of institutions, teaches urban planning at Sciences Po Paris and \u00c9cole Polytechnique, and previously taught environmental ethics at Universit\u00e9 Paris-Est. In 2023, she published <em>Natural Artefacts <\/em>(Nybrogade Press, 2023, Denmark), an essay on environmental philosophy devoted to the challenges of ecological restoration.<\/p>\n\n\n\n<p class=\"has-text-align-right has-small-font-size\"><a href=\"https:\/\/www.pavillon-arsenal.com\/en\/\" data-type=\"link\" data-id=\"https:\/\/www.pavillon-arsenal.com\/en\/\">pavillon-arsenal.com<\/a> \/ <a href=\"https:\/\/www.nybrogadepress.com\/natural-artefact\/\" data-type=\"link\" data-id=\"www.geoffroymathieu.com\">nybrogadepress.com\/natural-artefact<\/a><\/p>\n\n\n\n<p><\/p>\n<\/div><\/div>\n\n\n\n<div style=\"height:39px\" aria-hidden=\"true\" class=\"wp-block-spacer\"><\/div>\n\n\n\n<hr class=\"wp-block-separator has-alpha-channel-opacity\"\/>\n\n\n\n<p><strong>About City\/Cit\u00e9 \u2013 Towards Earthly Cities \u2013 Atlanta, Oct 11-22, 2023<\/strong><\/p>\n\n\n\n<p><a href=\"https:\/\/villa-albertine.org\/events\/city-cite-towards-earthly-cities\/\"><em>City\/Cit\u00e9 \u2013 Towards Earthly Cities<\/em><\/a><strong> <\/strong>(Atlanta, Oct 11-22, 2023) is a program inviting professionals from Atlanta and Marseille and the public to learn together about urban ecology and the future of our cities. Associate curator: Alexandre Field (Marseille).<\/p>\n","protected":false},"featured_media":312665,"menu_order":0,"template":"","app_discipline":[229,382],"app_city_tax":[221],"app_event_type":[241],"class_list":["post-312532","app_event","type-app_event","status-publish","has-post-thumbnail","hentry","app_discipline-architecture","app_discipline-city-cite","app_city_tax-atl","app_event_type-talk"],"acf":[],"yoast_head":"<!-- This site is optimized with the Yoast SEO plugin v27.3 - https:\/\/yoast.com\/product\/yoast-seo-wordpress\/ -->\n<title>Towards Ecological Cities: a French-American Dialogue with Whitney Barr, Darryl Haddock, Paul-Herv\u00e9 Lavessi\u00e8re &amp; Marion Waller - Villa Albertine<\/title>\n<meta name=\"robots\" content=\"index, follow, max-snippet:-1, max-image-preview:large, max-video-preview:-1\" \/>\n<link rel=\"canonical\" href=\"https:\/\/villa-albertine.org\/va\/events\/city-cite-towards-ecological-cities-a-french-american-dialogue\/\" \/>\n<meta property=\"og:locale\" content=\"en_US\" \/>\n<meta property=\"og:type\" content=\"article\" \/>\n<meta property=\"og:title\" content=\"Towards Ecological Cities: a French-American Dialogue with Whitney Barr, Darryl Haddock, Paul-Herv\u00e9 Lavessi\u00e8re &amp; Marion Waller - Villa Albertine\" \/>\n<meta property=\"og:description\" content=\"What should the sustainable cities of tomorrow look like? Why do we need to connect ecology and urban planning, environmental solutions and social justice? How can we reconnect our cities to the earth, and to our ecosystems? How can we design the \u201cecological future of our cities\u201d? City\/Cit\u00e9 brings together 4 French and American experts...\" \/>\n<meta property=\"og:url\" content=\"https:\/\/villa-albertine.org\/va\/events\/city-cite-towards-ecological-cities-a-french-american-dialogue\/\" \/>\n<meta property=\"og:site_name\" content=\"Villa Albertine\" \/>\n<meta property=\"article:modified_time\" content=\"2024-05-01T15:28:04+00:00\" \/>\n<meta property=\"og:image\" content=\"https:\/\/villa-albertine.org\/wp-content\/uploads\/2023\/10\/TOWARD1.png\" \/>\n\t<meta property=\"og:image:width\" content=\"1200\" \/>\n\t<meta property=\"og:image:height\" content=\"800\" \/>\n\t<meta property=\"og:image:type\" content=\"image\/png\" \/>\n<meta name=\"twitter:card\" content=\"summary_large_image\" \/>\n<meta name=\"twitter:label1\" content=\"Est. reading time\" \/>\n\t<meta name=\"twitter:data1\" content=\"3 minutes\" \/>\n<script type=\"application\/ld+json\" class=\"yoast-schema-graph\">{\"@context\":\"https:\\\/\\\/schema.org\",\"@graph\":[{\"@type\":\"WebPage\",\"@id\":\"https:\\\/\\\/villa-albertine.org\\\/va\\\/events\\\/city-cite-towards-ecological-cities-a-french-american-dialogue\\\/\",\"url\":\"https:\\\/\\\/villa-albertine.org\\\/va\\\/events\\\/city-cite-towards-ecological-cities-a-french-american-dialogue\\\/\",\"name\":\"Towards Ecological Cities: a French-American Dialogue with Whitney Barr, Darryl Haddock, Paul-Herv\u00e9 Lavessi\u00e8re &amp; Marion Waller - Villa Albertine\",\"isPartOf\":{\"@id\":\"https:\\\/\\\/villa-albertine.org\\\/va\\\/#website\"},\"primaryImageOfPage\":{\"@id\":\"https:\\\/\\\/villa-albertine.org\\\/va\\\/events\\\/city-cite-towards-ecological-cities-a-french-american-dialogue\\\/#primaryimage\"},\"image\":{\"@id\":\"https:\\\/\\\/villa-albertine.org\\\/va\\\/events\\\/city-cite-towards-ecological-cities-a-french-american-dialogue\\\/#primaryimage\"},\"thumbnailUrl\":\"https:\\\/\\\/villa-albertine.org\\\/wp-content\\\/uploads\\\/2023\\\/10\\\/TOWARD1.png\",\"datePublished\":\"2023-10-02T15:06:13+00:00\",\"dateModified\":\"2024-05-01T15:28:04+00:00\",\"breadcrumb\":{\"@id\":\"https:\\\/\\\/villa-albertine.org\\\/va\\\/events\\\/city-cite-towards-ecological-cities-a-french-american-dialogue\\\/#breadcrumb\"},\"inLanguage\":\"en-US\",\"potentialAction\":[{\"@type\":\"ReadAction\",\"target\":[\"https:\\\/\\\/villa-albertine.org\\\/va\\\/events\\\/city-cite-towards-ecological-cities-a-french-american-dialogue\\\/\"]}]},{\"@type\":\"ImageObject\",\"inLanguage\":\"en-US\",\"@id\":\"https:\\\/\\\/villa-albertine.org\\\/va\\\/events\\\/city-cite-towards-ecological-cities-a-french-american-dialogue\\\/#primaryimage\",\"url\":\"https:\\\/\\\/villa-albertine.org\\\/wp-content\\\/uploads\\\/2023\\\/10\\\/TOWARD1.png\",\"contentUrl\":\"https:\\\/\\\/villa-albertine.org\\\/wp-content\\\/uploads\\\/2023\\\/10\\\/TOWARD1.png\",\"width\":1200,\"height\":800},{\"@type\":\"BreadcrumbList\",\"@id\":\"https:\\\/\\\/villa-albertine.org\\\/va\\\/events\\\/city-cite-towards-ecological-cities-a-french-american-dialogue\\\/#breadcrumb\",\"itemListElement\":[{\"@type\":\"ListItem\",\"position\":1,\"name\":\"Home\",\"item\":\"https:\\\/\\\/villa-albertine.org\\\/va\\\/\"},{\"@type\":\"ListItem\",\"position\":2,\"name\":\"Towards Ecological Cities: a French-American Dialogue with Whitney Barr, Darryl Haddock, Paul-Herv\u00e9 Lavessi\u00e8re &amp; Marion Waller\"}]},{\"@type\":\"WebSite\",\"@id\":\"https:\\\/\\\/villa-albertine.org\\\/va\\\/#website\",\"url\":\"https:\\\/\\\/villa-albertine.org\\\/va\\\/\",\"name\":\"Villa Albertine\",\"description\":\"\",\"potentialAction\":[{\"@type\":\"SearchAction\",\"target\":{\"@type\":\"EntryPoint\",\"urlTemplate\":\"https:\\\/\\\/villa-albertine.org\\\/va\\\/?s={search_term_string}\"},\"query-input\":{\"@type\":\"PropertyValueSpecification\",\"valueRequired\":true,\"valueName\":\"search_term_string\"}}],\"inLanguage\":\"en-US\"}]}<\/script>\n<!-- \/ Yoast SEO plugin. -->","yoast_head_json":{"title":"Towards Ecological Cities: a French-American Dialogue with Whitney Barr, Darryl Haddock, Paul-Herv\u00e9 Lavessi\u00e8re &amp; Marion Waller - Villa Albertine","robots":{"index":"index","follow":"follow","max-snippet":"max-snippet:-1","max-image-preview":"max-image-preview:large","max-video-preview":"max-video-preview:-1"},"canonical":"https:\/\/villa-albertine.org\/va\/events\/city-cite-towards-ecological-cities-a-french-american-dialogue\/","og_locale":"en_US","og_type":"article","og_title":"Towards Ecological Cities: a French-American Dialogue with Whitney Barr, Darryl Haddock, Paul-Herv\u00e9 Lavessi\u00e8re &amp; Marion Waller - Villa Albertine","og_description":"What should the sustainable cities of tomorrow look like? Why do we need to connect ecology and urban planning, environmental solutions and social justice? How can we reconnect our cities to the earth, and to our ecosystems? How can we design the \u201cecological future of our cities\u201d? City\/Cit\u00e9 brings together 4 French and American experts...","og_url":"https:\/\/villa-albertine.org\/va\/events\/city-cite-towards-ecological-cities-a-french-american-dialogue\/","og_site_name":"Villa Albertine","article_modified_time":"2024-05-01T15:28:04+00:00","og_image":[{"width":1200,"height":800,"url":"https:\/\/villa-albertine.org\/wp-content\/uploads\/2023\/10\/TOWARD1.png","type":"image\/png"}],"twitter_card":"summary_large_image","twitter_misc":{"Est. reading time":"3 minutes"},"schema":{"@context":"https:\/\/schema.org","@graph":[{"@type":"WebPage","@id":"https:\/\/villa-albertine.org\/va\/events\/city-cite-towards-ecological-cities-a-french-american-dialogue\/","url":"https:\/\/villa-albertine.org\/va\/events\/city-cite-towards-ecological-cities-a-french-american-dialogue\/","name":"Towards Ecological Cities: a French-American Dialogue with Whitney Barr, Darryl Haddock, Paul-Herv\u00e9 Lavessi\u00e8re &amp; Marion Waller - Villa Albertine","isPartOf":{"@id":"https:\/\/villa-albertine.org\/va\/#website"},"primaryImageOfPage":{"@id":"https:\/\/villa-albertine.org\/va\/events\/city-cite-towards-ecological-cities-a-french-american-dialogue\/#primaryimage"},"image":{"@id":"https:\/\/villa-albertine.org\/va\/events\/city-cite-towards-ecological-cities-a-french-american-dialogue\/#primaryimage"},"thumbnailUrl":"https:\/\/villa-albertine.org\/wp-content\/uploads\/2023\/10\/TOWARD1.png","datePublished":"2023-10-02T15:06:13+00:00","dateModified":"2024-05-01T15:28:04+00:00","breadcrumb":{"@id":"https:\/\/villa-albertine.org\/va\/events\/city-cite-towards-ecological-cities-a-french-american-dialogue\/#breadcrumb"},"inLanguage":"en-US","potentialAction":[{"@type":"ReadAction","target":["https:\/\/villa-albertine.org\/va\/events\/city-cite-towards-ecological-cities-a-french-american-dialogue\/"]}]},{"@type":"ImageObject","inLanguage":"en-US","@id":"https:\/\/villa-albertine.org\/va\/events\/city-cite-towards-ecological-cities-a-french-american-dialogue\/#primaryimage","url":"https:\/\/villa-albertine.org\/wp-content\/uploads\/2023\/10\/TOWARD1.png","contentUrl":"https:\/\/villa-albertine.org\/wp-content\/uploads\/2023\/10\/TOWARD1.png","width":1200,"height":800},{"@type":"BreadcrumbList","@id":"https:\/\/villa-albertine.org\/va\/events\/city-cite-towards-ecological-cities-a-french-american-dialogue\/#breadcrumb","itemListElement":[{"@type":"ListItem","position":1,"name":"Home","item":"https:\/\/villa-albertine.org\/va\/"},{"@type":"ListItem","position":2,"name":"Towards Ecological Cities: a French-American Dialogue with Whitney Barr, Darryl Haddock, Paul-Herv\u00e9 Lavessi\u00e8re &amp; Marion Waller"}]},{"@type":"WebSite","@id":"https:\/\/villa-albertine.org\/va\/#website","url":"https:\/\/villa-albertine.org\/va\/","name":"Villa Albertine","description":"","potentialAction":[{"@type":"SearchAction","target":{"@type":"EntryPoint","urlTemplate":"https:\/\/villa-albertine.org\/va\/?s={search_term_string}"},"query-input":{"@type":"PropertyValueSpecification","valueRequired":true,"valueName":"search_term_string"}}],"inLanguage":"en-US"}]}},"_links":{"self":[{"href":"https:\/\/villa-albertine.org\/va\/wp-json\/wp\/v2\/app_event\/312532","targetHints":{"allow":["GET"]}}],"collection":[{"href":"https:\/\/villa-albertine.org\/va\/wp-json\/wp\/v2\/app_event"}],"about":[{"href":"https:\/\/villa-albertine.org\/va\/wp-json\/wp\/v2\/types\/app_event"}],"wp:featuredmedia":[{"embeddable":true,"href":"https:\/\/villa-albertine.org\/va\/wp-json\/wp\/v2\/media\/312665"}],"wp:attachment":[{"href":"https:\/\/villa-albertine.org\/va\/wp-json\/wp\/v2\/media?parent=312532"}],"wp:term":[{"taxonomy":"app_discipline","embeddable":true,"href":"https:\/\/villa-albertine.org\/va\/wp-json\/wp\/v2\/app_discipline?post=312532"},{"taxonomy":"app_city_tax","embeddable":true,"href":"https:\/\/villa-albertine.org\/va\/wp-json\/wp\/v2\/app_city_tax?post=312532"},{"taxonomy":"app_event_type","embeddable":true,"href":"https:\/\/villa-albertine.org\/va\/wp-json\/wp\/v2\/app_event_type?post=312532"}],"curies":[{"name":"wp","href":"https:\/\/api.w.org\/{rel}","templated":true}]}}