{"id":274978,"date":"2023-09-12T21:25:12","date_gmt":"2023-09-12T21:25:12","guid":{"rendered":"https:\/\/villa-albertine.org\/?post_type=app_event&#038;p=274978"},"modified":"2023-09-13T14:40:06","modified_gmt":"2023-09-13T14:40:06","slug":"roses-film-cabaret-italian-cultural-institute-of-chicago","status":"publish","type":"app_event","link":"https:\/\/villa-albertine.org\/va\/events\/roses-film-cabaret-italian-cultural-institute-of-chicago\/","title":{"rendered":"Roses. Film-Cabaret | Italian Cultural Institute of Chicago"},"content":{"rendered":"<p><strong><em>Please join the <a href=\"https:\/\/www.facebook.com\/eunicchicago\">EUNIC Chicago Cluster<\/a> at the Italian Cultural Institute for the Chicago premiere of the documentary <span class=\"TextRun SCXW238073459 BCX0\" lang=\"EN-US\" xml:lang=\"EN-US\" data-contrast=\"none\"><span class=\"NormalTextRun SCXW238073459 BCX0\" data-ccp-parastyle=\"No Spacing\">Roses.Film-Cabaret<\/span><\/span> by <span class=\"NormalTextRun SCXW112902906 BCX0\" data-ccp-parastyle=\"No Spacing\">Irena <\/span><span class=\"NormalTextRun SCXW112902906 BCX0\" data-ccp-parastyle=\"No Spacing\">Stetsenko<\/span> .<\/em><\/strong><\/p>\n<h3><strong><em><span class=\"TextRun SCXW238073459 BCX0\" lang=\"EN-US\" xml:lang=\"EN-US\" data-contrast=\"none\"><span class=\"NormalTextRun SCXW238073459 BCX0\" data-ccp-parastyle=\"No Spacing\">Roses.Film-Cabaret<\/span><\/span><\/em><\/strong><\/h3>\n<p><strong>Directed by <em><span class=\"NormalTextRun SCXW112902906 BCX0\" data-ccp-parastyle=\"No Spacing\">Irena <\/span><span class=\"NormalTextRun SCXW112902906 BCX0\" data-ccp-parastyle=\"No Spacing\">Stetsenko<\/span><\/em><span class=\"EOP SCXW211559435 BCX0\" data-ccp-props=\"{&quot;201341983&quot;:0,&quot;335559739&quot;:0,&quot;335559740&quot;:240}\">\u00a0<\/span><\/strong><br \/><strong>2021, Documentary, 1h25, Ukraine<\/strong><\/p>\n<p><span class=\"TextRun SCXW7521434 BCX0\" lang=\"EN-US\" xml:lang=\"EN-US\" data-contrast=\"none\"><span class=\"NormalTextRun SCXW7521434 BCX0\" data-ccp-parastyle=\"No Spacing\">A <\/span><span class=\"NormalTextRun SpellingErrorV2Themed SCXW7521434 BCX0\" data-ccp-parastyle=\"No Spacing\">cin\u00e9ma-v\u00e9rit\u00e9<\/span><span class=\"NormalTextRun SCXW7521434 BCX0\" data-ccp-parastyle=\"No Spacing\"> documentary following <\/span><span class=\"NormalTextRun SpellingErrorV2Themed SCXW7521434 BCX0\" data-ccp-parastyle=\"No Spacing\">Dakh<\/span><span class=\"NormalTextRun SCXW7521434 BCX0\" data-ccp-parastyle=\"No Spacing\"> Daughters &#8211; an intellectual freak cabaret band, created by seven <\/span><span class=\"NormalTextRun SCXW7521434 BCX0\" data-ccp-parastyle=\"No Spacing\">actresses<\/span><span class=\"NormalTextRun SCXW7521434 BCX0\" data-ccp-parastyle=\"No Spacing\"> under the roof of Kyiv experimental contemporary theater <\/span><span class=\"NormalTextRun SpellingErrorV2Themed SCXW7521434 BCX0\" data-ccp-parastyle=\"No Spacing\">Dakh<\/span><span class=\"NormalTextRun SCXW7521434 BCX0\" data-ccp-parastyle=\"No Spacing\">. The video diary spans almost five years, following <\/span><span class=\"NormalTextRun SpellingErrorV2Themed SCXW7521434 BCX0\" data-ccp-parastyle=\"No Spacing\">Dakh<\/span><span class=\"NormalTextRun SCXW7521434 BCX0\" data-ccp-parastyle=\"No Spacing\"> Daughters since their first show, titled &#8216;Roses&#8217; &#8211; after their first popular song &#8216;<\/span><span class=\"NormalTextRun SCXW7521434 BCX0\" data-ccp-parastyle=\"No Spacing\">Rozy<\/span><span class=\"NormalTextRun SCXW7521434 BCX0\" data-ccp-parastyle=\"No Spacing\"> \/ Donbas&#8217;, written long before Donbas region became the war-torn zone of the so called &#8216;Russian Spring&#8217;.<\/span><\/span><span class=\"EOP SCXW7521434 BCX0\" data-ccp-props=\"{&quot;201341983&quot;:0,&quot;335559739&quot;:0,&quot;335559740&quot;:240}\">\u00a0<\/span><\/p>\n<p><strong>In <span class=\"TextRun SCXW64620365 BCX0\" lang=\"EN-US\" xml:lang=\"EN-US\" data-contrast=\"none\"><span class=\"NormalTextRun SCXW64620365 BCX0\" data-ccp-parastyle=\"No Spacing\">English, Russian, Ukrainian<\/span><\/span> with English subtitles<br \/>Free and open to the public (registration on eventbrite required)<br \/><\/strong><\/p>\n<hr \/>\n<p><em><span class=\"TextRun SCXW249438339 BCX0\" lang=\"EN-US\" xml:lang=\"EN-US\" data-contrast=\"none\"><span class=\"NormalTextRun SCXW249438339 BCX0\" data-ccp-parastyle=\"No Spacing\">Alisa Kovalenko (1987) is a Ukrainian director, born in <\/span><span class=\"NormalTextRun SpellingErrorV2Themed SCXW249438339 BCX0\" data-ccp-parastyle=\"No Spacing\">Zaporizhia<\/span><span class=\"NormalTextRun SCXW249438339 BCX0\" data-ccp-parastyle=\"No Spacing\">, Eastern Ukraine, living in Kyiv. She <\/span><span class=\"NormalTextRun ContextualSpellingAndGrammarErrorV2Themed SCXW249438339 BCX0\" data-ccp-parastyle=\"No Spacing\">graduated<\/span><span class=\"NormalTextRun SCXW249438339 BCX0\" data-ccp-parastyle=\"No Spacing\"> the Karpenko-Kary University of Cinema of Kyiv and the Andrzej-<\/span><span class=\"NormalTextRun SCXW249438339 BCX0\" data-ccp-parastyle=\"No Spacing\">Wajda<\/span><span class=\"NormalTextRun SCXW249438339 BCX0\" data-ccp-parastyle=\"No Spacing\"> cinema school of Warsaw. Her first feature-documentary &#8220;Alisa in <\/span><span class=\"NormalTextRun SpellingErrorV2Themed SCXW249438339 BCX0\" data-ccp-parastyle=\"No Spacing\">Warland&#8221;premiered<\/span><span class=\"NormalTextRun SCXW249438339 BCX0\" data-ccp-parastyle=\"No Spacing\"> at <\/span><span class=\"NormalTextRun SCXW249438339 BCX0\" data-ccp-parastyle=\"No Spacing\">IDFA<\/span><span class=\"NormalTextRun SCXW249438339 BCX0\" data-ccp-parastyle=\"No Spacing\"> Amsterdam in 2015 in the First <\/span><span class=\"NormalTextRun SCXW249438339 BCX0\" data-ccp-parastyle=\"No Spacing\">A<\/span><span class=\"NormalTextRun SCXW249438339 BCX0\" data-ccp-parastyle=\"No Spacing\">ppearance competition. Alisa\u2019s second documentary, &#8220;Home Games&#8221; was again an IDFA selection, selected in more than 120 <\/span><span class=\"NormalTextRun SpellingErrorV2Themed SCXW249438339 BCX0\" data-ccp-parastyle=\"No Spacing\">festiovals<\/span><span class=\"NormalTextRun SCXW249438339 BCX0\" data-ccp-parastyle=\"No Spacing\"> and being the first Ukrainian creative film <\/span><span class=\"NormalTextRun SCXW249438339 BCX0\" data-ccp-parastyle=\"No Spacing\">acquired<\/span><span class=\"NormalTextRun SCXW249438339 BCX0\" data-ccp-parastyle=\"No Spacing\"> by Netflix. Alisa has become a member of The European Film Academy (EFA) in 2019. <\/span><span class=\"NormalTextRun SCXW249438339 BCX0\" data-ccp-parastyle=\"No Spacing\">She&#8217;s<\/span><span class=\"NormalTextRun SCXW249438339 BCX0\" data-ccp-parastyle=\"No Spacing\"> the programmer of the <\/span><span class=\"NormalTextRun SpellingErrorV2Themed SCXW249438339 BCX0\" data-ccp-parastyle=\"No Spacing\">Molodist<\/span><span class=\"NormalTextRun SCXW249438339 BCX0\" data-ccp-parastyle=\"No Spacing\"> Kyiv <\/span><span class=\"NormalTextRun SCXW249438339 BCX0\" data-ccp-parastyle=\"No Spacing\">FF<\/span><span class=\"NormalTextRun SCXW249438339 BCX0\" data-ccp-parastyle=\"No Spacing\"> documentary competition. In March 2022, she went to fight for her country in the Ukrainian Armed Forces.<\/span><\/span><span class=\"EOP SCXW249438339 BCX0\" data-ccp-props=\"{&quot;201341983&quot;:0,&quot;335559739&quot;:0,&quot;335559740&quot;:240}\">\u00a0<\/span><\/em><\/p>\n<h3>\u00a0<\/h3>\n\n\n<figure class=\"wp-block-embed is-type-video wp-block-embed-vimeo wp-embed-aspect-16-9 wp-has-aspect-ratio\">\n\t<div class=\"wp-block-embed__wrapper\">\n\t\t<iframe loading=\"lazy\" width=\"873\" height=\"491\" src=\"https:\/\/www.youtube.com\/embed\/KuiXYt3Wa54\" title=\"Roses. Film-Cabaret Trailer\" frameborder=\"0\" allow=\"accelerometer; autoplay; clipboard-write; encrypted-media; gyroscope; picture-in-picture; web-share\" allowfullscreen><\/iframe>\t<\/div>\n<\/figure>\n","protected":false},"featured_media":275440,"menu_order":0,"template":"","app_discipline":[219],"app_city_tax":[223],"app_event_type":[239],"class_list":["post-274978","app_event","type-app_event","status-publish","has-post-thumbnail","hentry","app_discipline-cinema","app_city_tax-chi","app_event_type-film"],"acf":[],"yoast_head":"<!-- This site is optimized with the Yoast SEO plugin v27.3 - https:\/\/yoast.com\/product\/yoast-seo-wordpress\/ -->\n<title>Roses. Film-Cabaret | Italian Cultural Institute of Chicago - Villa Albertine<\/title>\n<meta name=\"robots\" content=\"index, follow, max-snippet:-1, max-image-preview:large, max-video-preview:-1\" \/>\n<link rel=\"canonical\" href=\"https:\/\/villa-albertine.org\/va\/events\/roses-film-cabaret-italian-cultural-institute-of-chicago\/\" \/>\n<meta property=\"og:locale\" content=\"en_US\" \/>\n<meta property=\"og:type\" content=\"article\" \/>\n<meta property=\"og:title\" content=\"Roses. Film-Cabaret | Italian Cultural Institute of Chicago - Villa Albertine\" \/>\n<meta property=\"og:description\" content=\"Please join the EUNIC Chicago Cluster at the Italian Cultural Institute for the Chicago premiere of the documentary Roses.Film-Cabaret by Irena Stetsenko . Roses.Film-Cabaret Directed by Irena Stetsenko\u00a02021, Documentary, 1h25, Ukraine A cin\u00e9ma-v\u00e9rit\u00e9 documentary following Dakh Daughters &#8211; an intellectual freak cabaret band, created by seven actresses under the roof of Kyiv experimental contemporary theater...\" \/>\n<meta property=\"og:url\" content=\"https:\/\/villa-albertine.org\/va\/events\/roses-film-cabaret-italian-cultural-institute-of-chicago\/\" \/>\n<meta property=\"og:site_name\" content=\"Villa Albertine\" \/>\n<meta property=\"article:modified_time\" content=\"2023-09-13T14:40:06+00:00\" \/>\n<meta property=\"og:image\" content=\"https:\/\/villa-albertine.org\/wp-content\/uploads\/2023\/09\/ROSES.-Film-cabaret-2_credit-@OLEKSANDRA-KRAVCHENKO1.png\" \/>\n\t<meta property=\"og:image:width\" content=\"1920\" \/>\n\t<meta property=\"og:image:height\" content=\"1080\" \/>\n\t<meta property=\"og:image:type\" content=\"image\/png\" \/>\n<meta name=\"twitter:card\" content=\"summary_large_image\" \/>\n<meta name=\"twitter:label1\" content=\"Est. reading time\" \/>\n\t<meta name=\"twitter:data1\" content=\"1 minute\" \/>\n<script type=\"application\/ld+json\" class=\"yoast-schema-graph\">{\"@context\":\"https:\\\/\\\/schema.org\",\"@graph\":[{\"@type\":\"WebPage\",\"@id\":\"https:\\\/\\\/villa-albertine.org\\\/va\\\/events\\\/roses-film-cabaret-italian-cultural-institute-of-chicago\\\/\",\"url\":\"https:\\\/\\\/villa-albertine.org\\\/va\\\/events\\\/roses-film-cabaret-italian-cultural-institute-of-chicago\\\/\",\"name\":\"Roses. Film-Cabaret | Italian Cultural Institute of Chicago - Villa Albertine\",\"isPartOf\":{\"@id\":\"https:\\\/\\\/villa-albertine.org\\\/va\\\/#website\"},\"primaryImageOfPage\":{\"@id\":\"https:\\\/\\\/villa-albertine.org\\\/va\\\/events\\\/roses-film-cabaret-italian-cultural-institute-of-chicago\\\/#primaryimage\"},\"image\":{\"@id\":\"https:\\\/\\\/villa-albertine.org\\\/va\\\/events\\\/roses-film-cabaret-italian-cultural-institute-of-chicago\\\/#primaryimage\"},\"thumbnailUrl\":\"https:\\\/\\\/villa-albertine.org\\\/wp-content\\\/uploads\\\/2023\\\/09\\\/ROSES.-Film-cabaret-2_credit-@OLEKSANDRA-KRAVCHENKO1.png\",\"datePublished\":\"2023-09-12T21:25:12+00:00\",\"dateModified\":\"2023-09-13T14:40:06+00:00\",\"breadcrumb\":{\"@id\":\"https:\\\/\\\/villa-albertine.org\\\/va\\\/events\\\/roses-film-cabaret-italian-cultural-institute-of-chicago\\\/#breadcrumb\"},\"inLanguage\":\"en-US\",\"potentialAction\":[{\"@type\":\"ReadAction\",\"target\":[\"https:\\\/\\\/villa-albertine.org\\\/va\\\/events\\\/roses-film-cabaret-italian-cultural-institute-of-chicago\\\/\"]}]},{\"@type\":\"ImageObject\",\"inLanguage\":\"en-US\",\"@id\":\"https:\\\/\\\/villa-albertine.org\\\/va\\\/events\\\/roses-film-cabaret-italian-cultural-institute-of-chicago\\\/#primaryimage\",\"url\":\"https:\\\/\\\/villa-albertine.org\\\/wp-content\\\/uploads\\\/2023\\\/09\\\/ROSES.-Film-cabaret-2_credit-@OLEKSANDRA-KRAVCHENKO1.png\",\"contentUrl\":\"https:\\\/\\\/villa-albertine.org\\\/wp-content\\\/uploads\\\/2023\\\/09\\\/ROSES.-Film-cabaret-2_credit-@OLEKSANDRA-KRAVCHENKO1.png\",\"width\":1920,\"height\":1080,\"caption\":\"Roses. Film-Cabaret by Irena Stetsenko @ Kravchenko Oleksandra\"},{\"@type\":\"BreadcrumbList\",\"@id\":\"https:\\\/\\\/villa-albertine.org\\\/va\\\/events\\\/roses-film-cabaret-italian-cultural-institute-of-chicago\\\/#breadcrumb\",\"itemListElement\":[{\"@type\":\"ListItem\",\"position\":1,\"name\":\"Home\",\"item\":\"https:\\\/\\\/villa-albertine.org\\\/va\\\/\"},{\"@type\":\"ListItem\",\"position\":2,\"name\":\"Roses. Film-Cabaret | Italian Cultural Institute of Chicago\"}]},{\"@type\":\"WebSite\",\"@id\":\"https:\\\/\\\/villa-albertine.org\\\/va\\\/#website\",\"url\":\"https:\\\/\\\/villa-albertine.org\\\/va\\\/\",\"name\":\"Villa Albertine\",\"description\":\"\",\"potentialAction\":[{\"@type\":\"SearchAction\",\"target\":{\"@type\":\"EntryPoint\",\"urlTemplate\":\"https:\\\/\\\/villa-albertine.org\\\/va\\\/?s={search_term_string}\"},\"query-input\":{\"@type\":\"PropertyValueSpecification\",\"valueRequired\":true,\"valueName\":\"search_term_string\"}}],\"inLanguage\":\"en-US\"}]}<\/script>\n<!-- \/ Yoast SEO plugin. -->","yoast_head_json":{"title":"Roses. Film-Cabaret | Italian Cultural Institute of Chicago - Villa Albertine","robots":{"index":"index","follow":"follow","max-snippet":"max-snippet:-1","max-image-preview":"max-image-preview:large","max-video-preview":"max-video-preview:-1"},"canonical":"https:\/\/villa-albertine.org\/va\/events\/roses-film-cabaret-italian-cultural-institute-of-chicago\/","og_locale":"en_US","og_type":"article","og_title":"Roses. Film-Cabaret | Italian Cultural Institute of Chicago - Villa Albertine","og_description":"Please join the EUNIC Chicago Cluster at the Italian Cultural Institute for the Chicago premiere of the documentary Roses.Film-Cabaret by Irena Stetsenko . Roses.Film-Cabaret Directed by Irena Stetsenko\u00a02021, Documentary, 1h25, Ukraine A cin\u00e9ma-v\u00e9rit\u00e9 documentary following Dakh Daughters &#8211; an intellectual freak cabaret band, created by seven actresses under the roof of Kyiv experimental contemporary theater...","og_url":"https:\/\/villa-albertine.org\/va\/events\/roses-film-cabaret-italian-cultural-institute-of-chicago\/","og_site_name":"Villa Albertine","article_modified_time":"2023-09-13T14:40:06+00:00","og_image":[{"width":1920,"height":1080,"url":"https:\/\/villa-albertine.org\/wp-content\/uploads\/2023\/09\/ROSES.-Film-cabaret-2_credit-@OLEKSANDRA-KRAVCHENKO1.png","type":"image\/png"}],"twitter_card":"summary_large_image","twitter_misc":{"Est. reading time":"1 minute"},"schema":{"@context":"https:\/\/schema.org","@graph":[{"@type":"WebPage","@id":"https:\/\/villa-albertine.org\/va\/events\/roses-film-cabaret-italian-cultural-institute-of-chicago\/","url":"https:\/\/villa-albertine.org\/va\/events\/roses-film-cabaret-italian-cultural-institute-of-chicago\/","name":"Roses. Film-Cabaret | Italian Cultural Institute of Chicago - Villa Albertine","isPartOf":{"@id":"https:\/\/villa-albertine.org\/va\/#website"},"primaryImageOfPage":{"@id":"https:\/\/villa-albertine.org\/va\/events\/roses-film-cabaret-italian-cultural-institute-of-chicago\/#primaryimage"},"image":{"@id":"https:\/\/villa-albertine.org\/va\/events\/roses-film-cabaret-italian-cultural-institute-of-chicago\/#primaryimage"},"thumbnailUrl":"https:\/\/villa-albertine.org\/wp-content\/uploads\/2023\/09\/ROSES.-Film-cabaret-2_credit-@OLEKSANDRA-KRAVCHENKO1.png","datePublished":"2023-09-12T21:25:12+00:00","dateModified":"2023-09-13T14:40:06+00:00","breadcrumb":{"@id":"https:\/\/villa-albertine.org\/va\/events\/roses-film-cabaret-italian-cultural-institute-of-chicago\/#breadcrumb"},"inLanguage":"en-US","potentialAction":[{"@type":"ReadAction","target":["https:\/\/villa-albertine.org\/va\/events\/roses-film-cabaret-italian-cultural-institute-of-chicago\/"]}]},{"@type":"ImageObject","inLanguage":"en-US","@id":"https:\/\/villa-albertine.org\/va\/events\/roses-film-cabaret-italian-cultural-institute-of-chicago\/#primaryimage","url":"https:\/\/villa-albertine.org\/wp-content\/uploads\/2023\/09\/ROSES.-Film-cabaret-2_credit-@OLEKSANDRA-KRAVCHENKO1.png","contentUrl":"https:\/\/villa-albertine.org\/wp-content\/uploads\/2023\/09\/ROSES.-Film-cabaret-2_credit-@OLEKSANDRA-KRAVCHENKO1.png","width":1920,"height":1080,"caption":"Roses. Film-Cabaret by Irena Stetsenko @ Kravchenko Oleksandra"},{"@type":"BreadcrumbList","@id":"https:\/\/villa-albertine.org\/va\/events\/roses-film-cabaret-italian-cultural-institute-of-chicago\/#breadcrumb","itemListElement":[{"@type":"ListItem","position":1,"name":"Home","item":"https:\/\/villa-albertine.org\/va\/"},{"@type":"ListItem","position":2,"name":"Roses. Film-Cabaret | Italian Cultural Institute of Chicago"}]},{"@type":"WebSite","@id":"https:\/\/villa-albertine.org\/va\/#website","url":"https:\/\/villa-albertine.org\/va\/","name":"Villa Albertine","description":"","potentialAction":[{"@type":"SearchAction","target":{"@type":"EntryPoint","urlTemplate":"https:\/\/villa-albertine.org\/va\/?s={search_term_string}"},"query-input":{"@type":"PropertyValueSpecification","valueRequired":true,"valueName":"search_term_string"}}],"inLanguage":"en-US"}]}},"_links":{"self":[{"href":"https:\/\/villa-albertine.org\/va\/wp-json\/wp\/v2\/app_event\/274978","targetHints":{"allow":["GET"]}}],"collection":[{"href":"https:\/\/villa-albertine.org\/va\/wp-json\/wp\/v2\/app_event"}],"about":[{"href":"https:\/\/villa-albertine.org\/va\/wp-json\/wp\/v2\/types\/app_event"}],"wp:featuredmedia":[{"embeddable":true,"href":"https:\/\/villa-albertine.org\/va\/wp-json\/wp\/v2\/media\/275440"}],"wp:attachment":[{"href":"https:\/\/villa-albertine.org\/va\/wp-json\/wp\/v2\/media?parent=274978"}],"wp:term":[{"taxonomy":"app_discipline","embeddable":true,"href":"https:\/\/villa-albertine.org\/va\/wp-json\/wp\/v2\/app_discipline?post=274978"},{"taxonomy":"app_city_tax","embeddable":true,"href":"https:\/\/villa-albertine.org\/va\/wp-json\/wp\/v2\/app_city_tax?post=274978"},{"taxonomy":"app_event_type","embeddable":true,"href":"https:\/\/villa-albertine.org\/va\/wp-json\/wp\/v2\/app_event_type?post=274978"}],"curies":[{"name":"wp","href":"https:\/\/api.w.org\/{rel}","templated":true}]}}