{"id":2343189,"date":"2025-01-30T19:25:26","date_gmt":"2025-01-30T19:25:26","guid":{"rendered":"https:\/\/villa-albertine.org\/va\/?post_type=app_event&#038;p=2343189"},"modified":"2025-02-28T22:43:38","modified_gmt":"2025-02-28T22:43:38","slug":"tv5monde-program-highlights-february-2025","status":"publish","type":"app_event","link":"https:\/\/villa-albertine.org\/va\/events\/tv5monde-program-highlights-february-2025\/","title":{"rendered":"TV5MONDE Program Highlights \u2013 February 2025"},"content":{"rendered":"\n<p>Throughout February, the international French-language network TV5 Monde offers a rich lineup of entertaining films, series, and variety shows.<\/p>\n\n\n\n<p>Discover our round-up of the must-see programs this month below. <\/p>\n\n\n\n<p><\/p>\n\n\n\n<h1 class=\"wp-block-heading\"><span style=\"text-decoration: underline;\">TV5 Monde<\/span><\/h1>\n\n\n\n<p><\/p>\n\n\n\n<h2 class=\"wp-block-heading\"><span style=\"text-decoration: underline;\">Films<\/span><\/h2>\n\n\n\n<p><strong>12 ans, 7 mois et 11 jours<\/strong>\u2014February 7 at 8:30pm ET\/5:30pm PT (English ST)<\/p>\n\n\n\n<p>Despite being judged innocent in the accident that killed Rapha\u00ebl, In\u00e8s continues to feel guilty. She is convinced that Rapha\u00ebl&#8217;s mother will take revenge on her own son as he reaches the same age. When the day comes, she runs away with him, without warning her husband.<\/p>\n\n\n\n<p><strong>Director<\/strong>: Alexandre Coffre (France, 2023)<br><strong>Cast<\/strong>: Marie Denarnaud, Julie Gayet, Hubert Delattre, Mhamed Arezki, and Anton Alluin<br><strong>Genre<\/strong>: Drama, TV-Movie<\/p>\n\n\n\n<p><\/p>\n\n\n\n<p><strong>Sira<\/strong>\u2014February 9 at 8:30pm ET\/5:30pm PT\/ February 17 at 11:30pm ET\/8:30pm PT (English ST)<\/p>\n\n\n\n<p><em>In celebration Berlinale and FESPACO<\/em><\/p>\n\n\n\n<p><em>Also streaming on TV5MONDEplus beginning February 5<\/em><\/p>\n\n\n\n<p>On the way to join her future husband, Sira and her family are attacked by terrorists in the desert. Raped and left for dead, she finds herself alone having to rely on her survival instinct. Between grief and desire for revenge, Sira does everything to thwart the attackers&#8217; plans.<\/p>\n\n\n\n<p><strong>Director<\/strong>: Apolline Traor\u00e9 (Burkina Faso, France, Germany, Senegal, 2022)<br><strong>Cast<\/strong>: Nafissatou Ciss\u00e9, Mike Danon, Lazare Minoungou, Nathalie Vairac, Ruth Werner, and Abdramane Barry<br><strong>Genre<\/strong>: Drama<br><strong>Awards<\/strong>: Audience Award and Amnesty International Film Award at Berlinale (Germany, 2023), five awards, including the Gold Award at FESPACO (Burkina Faso, 2023), Grand Prix World Cinema Exchange Award (Amsterdam, 2023)<\/p>\n\n\n\n<p><\/p>\n\n\n\n<p><strong>Une histoire d&#8217;amour<\/strong>\u2014February 16 at 8:30pm ET\/5:30pm PT\/ February 24 at 11:30pm ET\/8:30pm PT (English ST)<\/p>\n\n\n\n<p><em>In celebration of Valentine&#8217;s Day<\/em><\/p>\n\n\n\n<p>Two women fall in love and decide to have a child, leaving it to chance to decide who will carry the baby.<\/p>\n\n\n\n<p><strong>Director<\/strong>: Alexis Michalik (France, 2022)<br><strong>Cast<\/strong>: Alexis Michalik, Juliette Delacroix, and Marica Soyer<br><strong>Genre<\/strong>: Drama<\/p>\n\n\n\n<p><\/p>\n\n\n\n<p><strong>Trois couleurs : Rouge<\/strong>\u2014February 18 at 8:30pm ET\/5:30pm PT (English ST)<\/p>\n\n\n\n<p><em>In celebration of the 50th C\u00e9sar Awards<\/em><\/p>\n\n\n\n<p>Valentine, a student and model, runs over a dog. She brings the wounded animal back to its owner, a retired judge. The embittered man spends his evenings spying on his neighbors&#8217; telephone conversations. In time, their initially turbulent relationship evolves into a deep friendship.<\/p>\n\n\n\n<p><strong>Director<\/strong>: Krzysztof Kieslowski (France, Poland, Switzerland, 1994)<br><strong>Cast<\/strong>: Ir\u00e8ne Jacob, Jean-Louis Trintignant, Juliette Binoche, Julie Delpy, Jean-Pierre Lorit, and Samuel Le Bihan<br><strong>Genre<\/strong>: Dramedy<br><strong>Awards<\/strong>: BAFTA Award for Best Foreign Film (1995), C\u00e9sar Award for Best Music (1995), official selection at Cannes (1994)<\/p>\n\n\n\n<p><\/p>\n\n\n\n<p><strong>L&#8217;exercice de l&#8217;Etat<\/strong>\u2014February 20 at 8:30pm ET\/5:30pm PT (English ST)<\/p>\n\n\n\n<p><em>In celebration of the 50th C\u00e9sar Awards<\/em><\/p>\n\n\n\n<p><em>Also streaming on TV5MONDEplus beginning February 5<\/em><\/p>\n\n\n\n<p>Bertrand Saint-Jean, Minister for Transport, is woken in the middle of the night by his chief of staff. A coach has plunged into a ravine. He has no choice, he must go on site. And so the statesman is drawn into an ever more complex and hostile world of intrigue.<\/p>\n\n\n\n<p><strong>Director<\/strong>: Pierre Schoeller (France, Belgium, 2010)<br><strong>Cast<\/strong>: Michel Blanc, Olivier Gourmet, Zabou Breitman, Laurent Sttocker, and Didier Bezace<br><strong>Genre<\/strong>: Dramedy<br><strong>Awards<\/strong>: In comp\u00e9tition at the Cannes Film Festival 2011, 3 C\u00e9sars (supporting role for Michel Blanc, sound, script) in 2012<\/p>\n\n\n\n<p><\/p>\n\n\n\n<p><strong>Les secrets du finist\u00e8re &#8211; le chant des sir\u00e8nes<\/strong>\u2014February 21 at 8:30pm ET\/5:30pm PT (English ST)<\/p>\n\n\n\n<p>The body of a woman dressed as a mermaid is found on the beach. Laubier calls on Le Dantec to help out on the case. The investigation leads them to a small fishing boat that has been seen drifting and on which the victim&#8217;s DNA has been found.<\/p>\n\n\n\n<p><strong>Director<\/strong>: Jean-Marc Th\u00e9rin (France, 2024)<br><strong>Cast<\/strong>: \u00c9velyne Bouix, J\u00e9r\u00e9my Banster, Antoine Chappey, Karina Marimon, and Patxi Garat<br><strong>Genre<\/strong>: Thriller, TV-Movie<\/p>\n\n\n\n<p><\/p>\n\n\n\n<p><strong>Ashkal, l&#8217;enqu\u00eate de Tunis<\/strong>\u2014February 23 at 8:30pm ET\/5:30pm PT (English ST)<\/p>\n\n\n\n<p><em>In celebration of FESPACO<\/em><\/p>\n\n\n\n<p><em>Also streaming on TV5MONDEplus beginning February 5<\/em><\/p>\n\n\n\n<p>A charred body is discovered in a building in Jardins de Carthage, an abandoned property project, in Tunis. Two police officers, Fatma and Batal, are put in charge of investigating this mysterious death. Other immolations then follow, using the same modus operandi.<\/p>\n\n\n\n<p><strong>Director<\/strong>: Youssef Chebbi (France, Tunisia, 2022)<br><strong>Cast<\/strong>: Fatma Oussaifi, Mohamed Graya\u00e2, Rami Harrabi, Bahri Rahali, Hichem Riahi, and Oumayma Meherzi<br><strong>Genre<\/strong>: Thriller<br><strong>Awards<\/strong>: Three awards at Montpellier Mediterranean Film Festival (France, 2022), Gold Award at FESPACO (Burkina Faso, 2023), selected at the Directors&#8217; Fortnight at Cannes Festival (France, 2022)<\/p>\n\n\n\n<p><\/p>\n\n\n\n<p><strong>La derni\u00e8re tentation des belges<\/strong>\u2014February 25 at 8:30pm ET\/5:30pm PT (English ST)<\/p>\n\n\n\n<p><em>In celebration of Les Magritte du Cin\u00e9ma<\/em><\/p>\n\n\n\n<p>It&#8217;s the story of a father, Jan, a cultural leader in a hostile environment, and his daughter Marie, an occasional stripper, who are on the edge of the precipice. She wants to jump and he tries to hold her back.<\/p>\n\n\n\n<p><strong>Director<\/strong>: Jan Bucquoy (Belgium, 2022)<br><strong>Cast<\/strong>: Alice Dutoit, Wim Willaert, Alex Vizorek, and Alice Moons<br><strong>Genre<\/strong>: Comedy<\/p>\n\n\n\n<p><\/p>\n\n\n\n<p><strong>Terrible jungle<\/strong>\u2014February 27 at 8:30pm ET\/5:30pm PT (English ST)<\/p>\n\n\n\n<p><em>In celebration of the 50th C\u00e9sar Awards hosted by Catherine Deneuve<\/em><\/p>\n\n\n\n<p>Eliott, a na\u00efve young researcher, heads off to study a mysterious tribe in Amazonia: the Otopis. An opportunity for him to escape his stiflingly possessive mother, Chantal de Bellabre! But worried about her son, she decides to go in search of him, deep in the jungle\u2026<\/p>\n\n\n\n<p><strong>Director<\/strong>: Hugo Benamozig, David Caviglioli (France, Belgium, Switzerland, 2019)<br><strong>Cast<\/strong>: Catherine Deneuve, Vincent Dedienne, Alice Bela\u00efdi, and Jonathan Cohen<br><strong>Genre<\/strong>: Comedy<br><strong>Awards<\/strong>: Official selection (Alpe d&#8217;Huez 2020)<\/p>\n\n\n\n<p><\/p>\n\n\n\n<h2 class=\"wp-block-heading\"><span style=\"text-decoration: underline;\"><span style=\"text-decoration: underline;\">Series<\/span><\/span><\/h2>\n\n\n\n<p><strong>Disparition inqui\u00e9tante<\/strong>\u2014February 4 at 11:30pm ET\/8:30pm PT (English ST)<\/p>\n\n\n\n<p>Ep 6. Fear on the campus: Lyon University campus is buzzing with the news: a student has disappeared. Despite having only just arrived, Superintendent Julia Sanchez, leads the investigation. And she is all the more determined to succeed as her daughter, Oriana, has begun studying on the same campus and could also be in danger.<\/p>\n\n\n\n<p><strong>Director<\/strong>: Sandra Coppola, F\u00e9lix T\u00e9treault (Canada, 2021)<br><strong>Cast<\/strong>: Claudia Tagbo, Bruno Solo, Julien Boisselier, Natalia Dontcheva, and Aaliyah Lexilus<br><strong>Genre<\/strong>: Drama, crime, miniseries<\/p>\n\n\n\n<p><\/p>\n\n\n\n<p><strong>Lou et Sophie<\/strong>\u2014 Wednesdays starting February 12 at 11:30pm ET\/8:30pm PT (French ST)<\/p>\n\n\n\n<p><em>Season premiere<\/em><\/p>\n\n\n\n<p><em>Also streaming on TV5MONDEplus<\/em><\/p>\n\n\n\n<p>Lou and Sophie, true best friends forever, have just finished high school. On the threshold of adulthood, they yearn for freedom and adventure. All summer in their run-down neighborhood? No way! Instead, they&#8217;re in search of an old car to buy, ready to head off on a road trip.<\/p>\n\n\n\n<p><strong>Director<\/strong>: Sandra Coppola, F\u00e9lix T\u00e9treault (Canada, 2021)<br><strong>Cast<\/strong>: Jade Charbonneau, Zeneb Blanchet, Sophie Cadieux, Hubert Proulx, and \u00c9tienne Galloy<br><strong>Genre<\/strong>: Drama<\/p>\n\n\n\n<p><\/p>\n\n\n\n<h2 class=\"wp-block-heading\"><span style=\"text-decoration: underline;\"><span style=\"text-decoration: underline;\">Documentaries<\/span><\/span><\/h2>\n\n\n\n<p><strong>Jean Yanne, Tendre Provocateur<\/strong>\u2014February 3 at 3:00pm ET\/12:00pm PT (English ST)<\/p>\n\n\n\n<p>In film, television, radio or his cabaret performances, Jean Yanne (1933-2003), through his portrayal of surly characters and low-life crooks, relentlessly attacked all that was wrong in society. Portrait of a debonair entertainer, who, with his caustic sense of humour and cheeky irreverence, respected no boundaries.<\/p>\n\n\n\n<p><strong>Director<\/strong>: Marc Clouet d&#8217;Orval (France, 2022)<br><strong>Genre<\/strong>: Documentary<\/p>\n\n\n\n<p><\/p>\n\n\n\n<p><strong>Refuges de montagne<\/strong>\u2014Thursdays, starting February 6 at 3:00pm ET\/12:00pm PT (English ST)<\/p>\n\n\n\n<p><em>Season 9 premiere <\/em><\/p>\n\n\n\n<p><em>Previous seasons also streaming on TV5MONDEplus<\/em><\/p>\n\n\n\n<p>A summertime visit to the Swiss Alps to discover mountain refugees and the people who look after them.<\/p>\n\n\n\n<p>Nik Hartmann heads for the Oberaletsch mountain refuge to meet Debi and Peter Schwitter and their two daughters. At the Gelmerh\u00fctte, in the canton of Berne, he catches up with Peter Schl\u00e4ppi who has taken over the reins from his parents, Ruth and Walter.<\/p>\n\n\n\n<p>Nik Hartmann has joined Walter and Peter Schl\u00e4ppi at the Gelmer hut. Father and son take advantage of a quiet moment to climb to the top together. At the Rotondo mountain refuge, he meets up with Jeanne Richenberger and her friend Tanja Pfammater who share their impressions after three seasons.<\/p>\n\n\n\n<p><strong>Director<\/strong>: Sabine Grossrieder, Matthias H\u00e4mmerly, and Bettina Muller-Hendry (Switzerland, 2020)<br><strong>Genre:<\/strong> Documentary series<\/p>\n\n\n\n<p><\/p>\n\n\n\n<p><strong>Les ch\u00e8vres de ma m\u00e8re<\/strong>\u2014February 11 at 8:30pm ET\/5:30pm PT (English ST)<\/p>\n\n\n\n<p><em>In celebration of the 50th C\u00e9sar Awards<\/em><\/p>\n\n\n\n<p>Maguy has been producing goat cheese with respect for nature and animals for 40 years. She will soon be retiring and must sell her herd. She is training Anne-Sophie, a young farmer, who will be taking over. A tough handover process for both of them.<\/p>\n\n\n\n<p><strong>Director<\/strong>: Sophie Audier (France, 2013)<br><strong>Genre<\/strong>: Documentary<br><strong>Awards<\/strong>: C\u00e9sar Award for the Best Documentary Film (France, 2015), selected at Hamburg Film Festival (Germany, 2014)<\/p>\n\n\n\n<p><\/p>\n\n\n\n<p><strong>Vietnam, l&#8217;amour est au bout du voyage<\/strong>\u2014February 12 at 8:30pm ET\/5:30pm PT (English ST)<\/p>\n\n\n\n<p><em>Also streaming on TV5MONDEplus beginning February 5<\/em><\/p>\n\n\n\n<p>\u201cWhether I wanted it or not Vietnam has forever accompanied me, every step along my path through life.\u201d Mei-Chen Chalais retraces her childhood in Vietnam at war, from Hanoi to Saigon, until her exile in France alongside a courageous mother.<\/p>\n\n\n\n<p><strong>Director<\/strong>: Sophie Agacinski and Marc Clouet d&#8217;Orval (France, 2024)<br><strong>Genre<\/strong>: Documentary<\/p>\n\n\n\n<p><\/p>\n\n\n\n<h1 class=\"wp-block-heading\"><span style=\"text-decoration: underline;\">TV5 Monde Plus<\/span><\/h1>\n\n\n\n<h2 class=\"wp-block-heading\"><span style=\"text-decoration: underline;\">Films<\/span><\/h2>\n\n\n\n<p><strong>I love Greece<\/strong>\u2014Streaming beginning February 5 (English ST)<\/p>\n\n\n\n<p><em>In celebration of Valentine&#8217;s Day<\/em><\/p>\n\n\n\n<p>Jean and Marina, a Franco-Greek couple, go to Athens for summer vacation. There they find Marina&#8217;s exuberant family and a Greece in crisis. While they plan to spend a few romantic days on a small island in the Cyclades, the whole family decides to accompany them.<\/p>\n\n\n\n<p><strong>Director<\/strong>: Nafsika Guerry-Karamaounas (France, Greece, 2022)<br><strong>Genre<\/strong>: Romantic comedy<br><strong>Cast<\/strong>: Stacy Martin, Vincent Dedienne, Maria Apostolakea<\/p>\n\n\n\n<p><\/p>\n\n\n\n<p><strong>Timgad<\/strong>\u2014Streaming beginning February 5 (English ST)<\/p>\n\n\n\n<p><em>In honor of Ramadan<\/em><\/p>\n\n\n\n<p>In 1996, in Timgad, Algeria, twelve babies are born on the same night. Twelve years later, their teacher Mokhtar dreams of forming a football team with them called Juventus of Timgad. Jamel, an archaeologist and former footballer, returning to the country to carry out excavations, lends a hand.<\/p>\n\n\n\n<p><strong>Director<\/strong>: Fabrice Benchaouche (France, Belgium, Alergia, 2016)<br><strong>Cast<\/strong>: Sid Ahmed Agoumi, Mounir Margoum, Myriem Akheddiou<br><strong>Genre<\/strong>: Comedy<br><strong>Awards<\/strong>: Audience award at Cinemed in Montpellier (2016)<\/p>\n\n\n\n<p><\/p>\n\n\n\n<p><strong>La fianc\u00e9e du po\u00e8te<\/strong>\u2014Now streaming (English ST)<\/p>\n\n\n\n<p><em>In celebration of Valentine&#8217;s Day<\/em><\/p>\n\n\n\n<p><em>In celebration of Les Magrittes du Cin\u00e9ma<\/em><\/p>\n\n\n\n<p>A fan of painting and poetry, Mireille combines her job as a waitress at the Caf\u00e9 des Beaux-Arts in Charleville with a bit of petty theft and an illegal cigarette trade. Not able to maintain the large family home that she inherits, she decides to take on three lodgers\u2026<\/p>\n\n\n\n<p><strong>Director<\/strong>: Yolande Moreau (France, 2022)<br><strong>Cast<\/strong>: Yolande Moreau, Sergi L\u00f3pez, Gr\u00e9gory Gadebois, and Est\u00e9ban<br><strong>Genre<\/strong>: Dramedy<br><strong>Awards<\/strong>: Magritte Awards Best Actress Nomination (Yolande Moreau, 2024)<\/p>\n\n\n\n<p><\/p>\n\n\n\n<p><strong>Perdrix<\/strong>\u2014Now streaming (English ST)<\/p>\n\n\n\n<p><em>In celebration of Valentine&#8217;s Day<\/em><\/p>\n\n\n\n<p>Pierre Perdrix has been enjoying an enchanted though restless existence since the enigmatic Juliette Webb burst into his life. A stranger who landed in his family&#8217;s unique world like a meteorite, and who by her presence alone will force this tight-knit microcosm to redefine their boundaries and, finally begins to fully live their lives.<\/p>\n\n\n\n<p><strong>Director<\/strong>: Erwan Le Duc (France, 2019)<br><strong>Cast<\/strong>: Swann Arlaud, Maud Wyler, Fanny Ardant, and Nicolas Maury<br><strong>Genre<\/strong>: Comedy<br><strong>Awards<\/strong>: Cannes Film Festival Golden Camera Nominee (2019), Bayard d\u2019Or for Best First Work (2019)<\/p>\n\n\n\n<p><\/p>\n\n\n\n<h2 class=\"wp-block-heading\"><span style=\"text-decoration: underline;\">Series<\/span><\/h2>\n\n\n\n<p><strong>En r\u00e9sidence<\/strong>\u2014 Streaming beginning February 5 (English ST)<\/p>\n\n\n\n<p><em>Season 1 premiere<\/em><\/p>\n\n\n\n<p>Residents of a retirement home must accommodate a group of university students after their dormitory burns down.<\/p>\n\n\n\n<p><strong>Director<\/strong>: Christian Essiambre (Canada, 2024)<br><strong>Cast<\/strong>: France Castel, Germain Houde, and Roc Lafortune<br><strong>Genre<\/strong>: Comedy<\/p>\n\n\n\n<p><\/p>\n\n\n\n<h2 class=\"wp-block-heading\"><span style=\"text-decoration: underline;\">TV5 Monde Cinema<\/span><\/h2>\n\n\n\n<p><strong>Theme: Love\/Valentine&#8217;s Day<\/strong><\/p>\n\n\n\n<p><strong>Mal de pierres<\/strong>\u2014 available beginning February 7 (English ST)<\/p>\n\n\n\n<p>The cynical boss of a big insurance agency invites his top-salary employees to spend a weekend in his country house.<\/p>\n\n\n\n<p><strong>Director<\/strong>: Nicole Garcia (2016)<br><strong>Cast<\/strong>: Marion Cotillard, Louis Garrel, and Alex Brendem\u00fchl<br><strong>Genre<\/strong>: Drama<br><strong>Awards<\/strong>: 2016 Cannes Film Festival Palme d\u2019Or Nominee<\/p>\n\n\n\n<p><\/p>\n\n\n\n<p><strong>Les petits flocons<\/strong>\u2014 available beginning February 7 (English ST)<\/p>\n\n\n\n<p>On holiday in the mountains, a woman is suddenly unable to ski due to phlebitis. While her husband and children enjoy the slopes, she finds solace in caring for her guest, who has just been released from prison.<\/p>\n\n\n\n<p><strong>Director<\/strong>: Jos\u00e9phine de Meaux (2019)<br><strong>Cast<\/strong>: Jos\u00e9phine de Meaux, Gr\u00e9goire Ludig, and Gustave Kervern<br><strong>Genre<\/strong>: Comedy<\/p>\n\n\n\n<p><\/p>\n\n\n\n<p><strong>La d\u00e9gustation<\/strong>\u2014 available beginning February 7 (English ST)<\/p>\n\n\n\n<p>A single woman determined not to end up alone meets a divorced man who runs a wine cellar on the verge of bankruptcy.<\/p>\n\n\n\n<p><strong>Director<\/strong>: Ivan Calb\u00e9rac (2022)<br><strong>Cast<\/strong>: Isabelle Carr\u00e9, Bernard Campan, and Mounir Amamra<br><strong>Genre<\/strong>: Comedy<\/p>\n\n\n\n<p><\/p>\n\n\n\n<p><strong>Juliette au printemps<\/strong>\u2014 available beginning February 14 (English ST)<\/p>\n\n\n\n<p>A children\u2019s book editor returns to her hometown to reconnect with her family.<\/p>\n\n\n\n<p><strong>Director<\/strong>: Blandine Lenoir (2024)<br><strong>Cast<\/strong>: Iz\u00efa Higelin, Sophie Guillemin, and Jean-Pierre Darroussin<br><strong>Genre<\/strong>: Dramedy<\/p>\n\n\n\n<p><\/p>\n\n\n\n<p><strong>Une ann\u00e9e difficile<\/strong>\u2014 available beginning February 14 (English ST)<\/p>\n\n\n\n<p>Two compulsive spenders infiltrate a group of climate activists to get free food and drinks.<\/p>\n\n\n\n<p><strong>Director<\/strong>: \u00c9ric Toledano, Olivier Nakache (2023)<br><strong>Cast<\/strong>: Pio Marma\u00ef, No\u00e9mie Merlant, and Jonathan Cohen<br><strong>Genre<\/strong>: Comedy<\/p>\n\n\n\n<p><\/p>\n\n\n\n<p><strong>Tristesse club<\/strong>\u2014 available beginning February 21 (English ST)<\/p>\n\n\n\n<p>Two brothers and a woman, who may be their sister, embark on a journey to find their supposedly dead father.<\/p>\n\n\n\n<p><strong>Director<\/strong>: Vincent Mariette (2014)<br><strong>Cast<\/strong>: Roschdy Zem, Doria Tillier, and Guillaume Gallienne<br><strong>Genre<\/strong>: Historical drama<\/p>\n\n\n\n<p><\/p>\n\n\n\n<p><strong>Elle l&#8217;adore<\/strong>\u2014 available beginning February 21 (English ST)<\/p>\n\n\n\n<p>A beautician who loves telling fanciful tales is shocked when her celebrity crush knocks on her door asking for help.<\/p>\n\n\n\n<p><strong>Director<\/strong>: Jeanne Herry (2014)<br><strong>Cast<\/strong>: Sandrine Kiberlain, Laurent Lafitte, and Pascal Demolon<br><strong>Genre<\/strong>: Comedy<\/p>\n\n\n\n<p><\/p>\n\n\n\n<p><strong>Hors-saison<\/strong>\u2014 available beginning February 28 (English ST)<\/p>\n\n\n\n<p>A middle-aged, well-known actor reconnects with a past love.<\/p>\n\n\n\n<p><strong>Director<\/strong>: St\u00e9phane Briz\u00e9 (2023)<br><strong>Cast<\/strong>: Guillaume Canet, Alba Rohrwacher, and Sharif Andoura<br><strong>Genre<\/strong>: Dramedy<\/p>\n\n\n\n<p><\/p>\n\n\n\n<p><strong>Et la f\u00eate continue !<\/strong>\u2014 available beginning February 28 (English ST)<\/p>\n\n\n\n<p>In the working-class district of Marseilles, a woman nearing retirement feels disillusioned until she meets a man who inspires her to pursue her dreams.<\/p>\n\n\n\n<p><strong>Director<\/strong>: Robert Gu\u00e9diguian (2023)<br><strong>Cast<\/strong>: Ariane Ascaride, Jean-Pierre Darroussin, Lola Naymark<br><strong>Genre<\/strong>: Dramedy<\/p>\n","protected":false},"featured_media":2345164,"menu_order":0,"template":"","app_discipline":[231,219],"app_city_tax":[235,221,214,223,222,216,224,225],"app_event_type":[239,313],"class_list":["post-2343189","app_event","type-app_event","status-publish","has-post-thumbnail","hentry","app_discipline-audiovisual","app_discipline-cinema","app_city_tax-all-cities","app_city_tax-atl","app_city_tax-bos","app_city_tax-chi","app_city_tax-hou","app_city_tax-mia","app_city_tax-nola","app_city_tax-sf","app_event_type-film","app_event_type-film-series"],"acf":[],"yoast_head":"<!-- This site is optimized with the Yoast SEO plugin v27.3 - https:\/\/yoast.com\/product\/yoast-seo-wordpress\/ -->\n<title>TV5MONDE Program Highlights \u2013 February 2025 - Villa Albertine<\/title>\n<meta name=\"robots\" content=\"index, follow, max-snippet:-1, max-image-preview:large, max-video-preview:-1\" \/>\n<link rel=\"canonical\" href=\"https:\/\/villa-albertine.org\/va\/events\/tv5monde-program-highlights-february-2025\/\" \/>\n<meta property=\"og:locale\" content=\"en_US\" \/>\n<meta property=\"og:type\" content=\"article\" \/>\n<meta property=\"og:title\" content=\"TV5MONDE Program Highlights \u2013 February 2025 - Villa Albertine\" \/>\n<meta property=\"og:description\" content=\"Throughout February, the international French-language network TV5 Monde offers a rich lineup of entertaining films, series, and variety shows. Discover our round-up of the must-see programs this month below. TV5 Monde Films 12 ans, 7 mois et 11 jours\u2014February 7 at 8:30pm ET\/5:30pm PT (English ST) Despite being judged innocent in the accident that killed...\" \/>\n<meta property=\"og:url\" content=\"https:\/\/villa-albertine.org\/va\/events\/tv5monde-program-highlights-february-2025\/\" \/>\n<meta property=\"og:site_name\" content=\"Villa Albertine\" \/>\n<meta property=\"article:modified_time\" content=\"2025-02-28T22:43:38+00:00\" \/>\n<meta property=\"og:image\" content=\"https:\/\/villa-albertine.org\/wp-content\/uploads\/2025\/01\/Juliette-au-printemps.jpg\" \/>\n\t<meta property=\"og:image:width\" content=\"1280\" \/>\n\t<meta property=\"og:image:height\" content=\"721\" \/>\n\t<meta property=\"og:image:type\" content=\"image\/jpeg\" \/>\n<meta name=\"twitter:card\" content=\"summary_large_image\" \/>\n<meta name=\"twitter:label1\" content=\"Est. reading time\" \/>\n\t<meta name=\"twitter:data1\" content=\"11 minutes\" \/>\n<script type=\"application\/ld+json\" class=\"yoast-schema-graph\">{\"@context\":\"https:\\\/\\\/schema.org\",\"@graph\":[{\"@type\":\"WebPage\",\"@id\":\"https:\\\/\\\/villa-albertine.org\\\/va\\\/events\\\/tv5monde-program-highlights-february-2025\\\/\",\"url\":\"https:\\\/\\\/villa-albertine.org\\\/va\\\/events\\\/tv5monde-program-highlights-february-2025\\\/\",\"name\":\"TV5MONDE Program Highlights \u2013 February 2025 - Villa Albertine\",\"isPartOf\":{\"@id\":\"https:\\\/\\\/villa-albertine.org\\\/va\\\/#website\"},\"primaryImageOfPage\":{\"@id\":\"https:\\\/\\\/villa-albertine.org\\\/va\\\/events\\\/tv5monde-program-highlights-february-2025\\\/#primaryimage\"},\"image\":{\"@id\":\"https:\\\/\\\/villa-albertine.org\\\/va\\\/events\\\/tv5monde-program-highlights-february-2025\\\/#primaryimage\"},\"thumbnailUrl\":\"https:\\\/\\\/villa-albertine.org\\\/wp-content\\\/uploads\\\/2025\\\/01\\\/Juliette-au-printemps.jpg\",\"datePublished\":\"2025-01-30T19:25:26+00:00\",\"dateModified\":\"2025-02-28T22:43:38+00:00\",\"breadcrumb\":{\"@id\":\"https:\\\/\\\/villa-albertine.org\\\/va\\\/events\\\/tv5monde-program-highlights-february-2025\\\/#breadcrumb\"},\"inLanguage\":\"en-US\",\"potentialAction\":[{\"@type\":\"ReadAction\",\"target\":[\"https:\\\/\\\/villa-albertine.org\\\/va\\\/events\\\/tv5monde-program-highlights-february-2025\\\/\"]}]},{\"@type\":\"ImageObject\",\"inLanguage\":\"en-US\",\"@id\":\"https:\\\/\\\/villa-albertine.org\\\/va\\\/events\\\/tv5monde-program-highlights-february-2025\\\/#primaryimage\",\"url\":\"https:\\\/\\\/villa-albertine.org\\\/wp-content\\\/uploads\\\/2025\\\/01\\\/Juliette-au-printemps.jpg\",\"contentUrl\":\"https:\\\/\\\/villa-albertine.org\\\/wp-content\\\/uploads\\\/2025\\\/01\\\/Juliette-au-printemps.jpg\",\"width\":1280,\"height\":721},{\"@type\":\"BreadcrumbList\",\"@id\":\"https:\\\/\\\/villa-albertine.org\\\/va\\\/events\\\/tv5monde-program-highlights-february-2025\\\/#breadcrumb\",\"itemListElement\":[{\"@type\":\"ListItem\",\"position\":1,\"name\":\"Home\",\"item\":\"https:\\\/\\\/villa-albertine.org\\\/va\\\/\"},{\"@type\":\"ListItem\",\"position\":2,\"name\":\"TV5MONDE Program Highlights \u2013 February 2025\"}]},{\"@type\":\"WebSite\",\"@id\":\"https:\\\/\\\/villa-albertine.org\\\/va\\\/#website\",\"url\":\"https:\\\/\\\/villa-albertine.org\\\/va\\\/\",\"name\":\"Villa Albertine\",\"description\":\"\",\"potentialAction\":[{\"@type\":\"SearchAction\",\"target\":{\"@type\":\"EntryPoint\",\"urlTemplate\":\"https:\\\/\\\/villa-albertine.org\\\/va\\\/?s={search_term_string}\"},\"query-input\":{\"@type\":\"PropertyValueSpecification\",\"valueRequired\":true,\"valueName\":\"search_term_string\"}}],\"inLanguage\":\"en-US\"}]}<\/script>\n<!-- \/ Yoast SEO plugin. -->","yoast_head_json":{"title":"TV5MONDE Program Highlights \u2013 February 2025 - Villa Albertine","robots":{"index":"index","follow":"follow","max-snippet":"max-snippet:-1","max-image-preview":"max-image-preview:large","max-video-preview":"max-video-preview:-1"},"canonical":"https:\/\/villa-albertine.org\/va\/events\/tv5monde-program-highlights-february-2025\/","og_locale":"en_US","og_type":"article","og_title":"TV5MONDE Program Highlights \u2013 February 2025 - Villa Albertine","og_description":"Throughout February, the international French-language network TV5 Monde offers a rich lineup of entertaining films, series, and variety shows. Discover our round-up of the must-see programs this month below. TV5 Monde Films 12 ans, 7 mois et 11 jours\u2014February 7 at 8:30pm ET\/5:30pm PT (English ST) Despite being judged innocent in the accident that killed...","og_url":"https:\/\/villa-albertine.org\/va\/events\/tv5monde-program-highlights-february-2025\/","og_site_name":"Villa Albertine","article_modified_time":"2025-02-28T22:43:38+00:00","og_image":[{"width":1280,"height":721,"url":"https:\/\/villa-albertine.org\/wp-content\/uploads\/2025\/01\/Juliette-au-printemps.jpg","type":"image\/jpeg"}],"twitter_card":"summary_large_image","twitter_misc":{"Est. reading time":"11 minutes"},"schema":{"@context":"https:\/\/schema.org","@graph":[{"@type":"WebPage","@id":"https:\/\/villa-albertine.org\/va\/events\/tv5monde-program-highlights-february-2025\/","url":"https:\/\/villa-albertine.org\/va\/events\/tv5monde-program-highlights-february-2025\/","name":"TV5MONDE Program Highlights \u2013 February 2025 - Villa Albertine","isPartOf":{"@id":"https:\/\/villa-albertine.org\/va\/#website"},"primaryImageOfPage":{"@id":"https:\/\/villa-albertine.org\/va\/events\/tv5monde-program-highlights-february-2025\/#primaryimage"},"image":{"@id":"https:\/\/villa-albertine.org\/va\/events\/tv5monde-program-highlights-february-2025\/#primaryimage"},"thumbnailUrl":"https:\/\/villa-albertine.org\/wp-content\/uploads\/2025\/01\/Juliette-au-printemps.jpg","datePublished":"2025-01-30T19:25:26+00:00","dateModified":"2025-02-28T22:43:38+00:00","breadcrumb":{"@id":"https:\/\/villa-albertine.org\/va\/events\/tv5monde-program-highlights-february-2025\/#breadcrumb"},"inLanguage":"en-US","potentialAction":[{"@type":"ReadAction","target":["https:\/\/villa-albertine.org\/va\/events\/tv5monde-program-highlights-february-2025\/"]}]},{"@type":"ImageObject","inLanguage":"en-US","@id":"https:\/\/villa-albertine.org\/va\/events\/tv5monde-program-highlights-february-2025\/#primaryimage","url":"https:\/\/villa-albertine.org\/wp-content\/uploads\/2025\/01\/Juliette-au-printemps.jpg","contentUrl":"https:\/\/villa-albertine.org\/wp-content\/uploads\/2025\/01\/Juliette-au-printemps.jpg","width":1280,"height":721},{"@type":"BreadcrumbList","@id":"https:\/\/villa-albertine.org\/va\/events\/tv5monde-program-highlights-february-2025\/#breadcrumb","itemListElement":[{"@type":"ListItem","position":1,"name":"Home","item":"https:\/\/villa-albertine.org\/va\/"},{"@type":"ListItem","position":2,"name":"TV5MONDE Program Highlights \u2013 February 2025"}]},{"@type":"WebSite","@id":"https:\/\/villa-albertine.org\/va\/#website","url":"https:\/\/villa-albertine.org\/va\/","name":"Villa Albertine","description":"","potentialAction":[{"@type":"SearchAction","target":{"@type":"EntryPoint","urlTemplate":"https:\/\/villa-albertine.org\/va\/?s={search_term_string}"},"query-input":{"@type":"PropertyValueSpecification","valueRequired":true,"valueName":"search_term_string"}}],"inLanguage":"en-US"}]}},"_links":{"self":[{"href":"https:\/\/villa-albertine.org\/va\/wp-json\/wp\/v2\/app_event\/2343189","targetHints":{"allow":["GET"]}}],"collection":[{"href":"https:\/\/villa-albertine.org\/va\/wp-json\/wp\/v2\/app_event"}],"about":[{"href":"https:\/\/villa-albertine.org\/va\/wp-json\/wp\/v2\/types\/app_event"}],"wp:featuredmedia":[{"embeddable":true,"href":"https:\/\/villa-albertine.org\/va\/wp-json\/wp\/v2\/media\/2345164"}],"wp:attachment":[{"href":"https:\/\/villa-albertine.org\/va\/wp-json\/wp\/v2\/media?parent=2343189"}],"wp:term":[{"taxonomy":"app_discipline","embeddable":true,"href":"https:\/\/villa-albertine.org\/va\/wp-json\/wp\/v2\/app_discipline?post=2343189"},{"taxonomy":"app_city_tax","embeddable":true,"href":"https:\/\/villa-albertine.org\/va\/wp-json\/wp\/v2\/app_city_tax?post=2343189"},{"taxonomy":"app_event_type","embeddable":true,"href":"https:\/\/villa-albertine.org\/va\/wp-json\/wp\/v2\/app_event_type?post=2343189"}],"curies":[{"name":"wp","href":"https:\/\/api.w.org\/{rel}","templated":true}]}}