{"version":"1.0","provider_name":"Villa Albertine","provider_url":"https:\/\/villa-albertine.org\/va","author_name":"Villa Albertine","author_url":"https:\/\/villa-albertine.org\/va","title":"Bennewitz Quartet at La Maison Fran\u00e7aise - Villa Albertine","type":"rich","width":600,"height":338,"html":"<blockquote class=\"wp-embedded-content\" data-secret=\"wHg0BWL17s\"><a href=\"https:\/\/villa-albertine.org\/va\/events\/bennewitz-quartet-maison\/\">Bennewitz Quartet at La Maison Fran\u00e7aise<\/a><\/blockquote><iframe sandbox=\"allow-scripts\" security=\"restricted\" src=\"https:\/\/villa-albertine.org\/va\/events\/bennewitz-quartet-maison\/embed\/#?secret=wHg0BWL17s\" width=\"600\" height=\"338\" title=\"&#8220;Bennewitz Quartet at La Maison Fran\u00e7aise&#8221; &#8212; Villa Albertine\" data-secret=\"wHg0BWL17s\" frameborder=\"0\" marginwidth=\"0\" marginheight=\"0\" scrolling=\"no\" class=\"wp-embedded-content\"><\/iframe><script type=\"text\/javascript\">\n\/* <![CDATA[ *\/\n\/*! This file is auto-generated *\/\n!function(d,l){\"use strict\";l.querySelector&&d.addEventListener&&\"undefined\"!=typeof URL&&(d.wp=d.wp||{},d.wp.receiveEmbedMessage||(d.wp.receiveEmbedMessage=function(e){var t=e.data;if((t||t.secret||t.message||t.value)&&!\/[^a-zA-Z0-9]\/.test(t.secret)){for(var s,r,n,a=l.querySelectorAll('iframe[data-secret=\"'+t.secret+'\"]'),o=l.querySelectorAll('blockquote[data-secret=\"'+t.secret+'\"]'),c=new RegExp(\"^https?:$\",\"i\"),i=0;i<o.length;i++)o[i].style.display=\"none\";for(i=0;i<a.length;i++)s=a[i],e.source===s.contentWindow&&(s.removeAttribute(\"style\"),\"height\"===t.message?(1e3<(r=parseInt(t.value,10))?r=1e3:~~r<200&&(r=200),s.height=r):\"link\"===t.message&&(r=new URL(s.getAttribute(\"src\")),n=new URL(t.value),c.test(n.protocol))&&n.host===r.host&&l.activeElement===s&&(d.top.location.href=t.value))}},d.addEventListener(\"message\",d.wp.receiveEmbedMessage,!1),l.addEventListener(\"DOMContentLoaded\",function(){for(var e,t,s=l.querySelectorAll(\"iframe.wp-embedded-content\"),r=0;r<s.length;r++)(t=(e=s[r]).getAttribute(\"data-secret\"))||(t=Math.random().toString(36).substring(2,12),e.src+=\"#?secret=\"+t,e.setAttribute(\"data-secret\",t)),e.contentWindow.postMessage({message:\"ready\",secret:t},\"*\")},!1)))}(window,document);\n\/\/# sourceURL=https:\/\/villa-albertine.org\/wp-includes\/js\/wp-embed.min.js\n\/* ]]> *\/\n<\/script>\n","thumbnail_url":"https:\/\/villa-albertine.org\/wp-content\/uploads\/2023\/08\/BENMost2B4_0.jpg","thumbnail_width":1392,"thumbnail_height":928,"description":"About Bennewitz quartet Jakub Fi\u0161er and \u0160t\u011bp\u00e1n Je\u017eek,violins; Ji\u0159\u00ed Pinkas,viola; \u0160t\u011bp\u00e1n Dole\u017eal, violoncello \u201cThe Bennewitz will soon have established itself at the very top of the international quartet world\u201d wrote the Stuttgarter Zeitung, while the Frankfurter Allgemeine raved \u201cOnly very rarely does one experience such skillfully crafted and powerful harmonies\u2026Great art!\u201d Founded in 1998 in..."}