{"id":792051,"date":"2024-09-30T15:26:43","date_gmt":"2024-09-30T15:26:43","guid":{"rendered":"https:\/\/villa-albertine.org\/va\/?post_type=app_professional&#038;p=792051"},"modified":"2024-10-23T14:12:55","modified_gmt":"2024-10-23T14:12:55","slug":"appel-a-candidatures-residences-maritimes-2025","status":"publish","type":"app_professional","link":"https:\/\/villa-albertine.org\/va\/fr\/professionals\/appel-a-candidatures-residences-maritimes-2025\/","title":{"rendered":"Appel \u00e0 candidatures : r\u00e9sidences maritimes 2025"},"content":{"rendered":"\n<p>Alors que la France accueillera en 2025 la Conf\u00e9rence des Nations Unies sur l\u2019Oc\u00e9an, la Villa Albertine offrira \u00e0 des artistes et \u00e9crivains passionn\u00e9s l\u2019opportunit\u00e9 d&rsquo;effectuer une travers\u00e9e au sein de l\u2019\u00e9quipage du MARIUS, un porte-conteneurs de 195 m\u00e8tres qui relie l\u2019Hexagone aux territoires fran\u00e7ais du Pacifique en passant par les Etats-Unis.<\/p>\n\n\n\n<p>Au cours de leur travers\u00e9e, les artistes ou \u00e9crivains s\u00e9lectionn\u00e9s d\u00e9velopperont une r\u00e9flexion cr\u00e9ative originale sur le monde contemporain, contribuant ainsi \u00e0 rendre visible et sensible l&rsquo;importance des enjeux maritimes dans notre vie quotidienne, tout en enrichissant les liens entre la France et les \u00c9tats-Unis.<\/p>\n\n\n\n<p>Ce programme participe \u00e0 l\u2019engagement de la Villa Albertine en faveur de la cr\u00e9ation sur les grands espaces et la question du vivant.<\/p>\n\n\n\n<p><\/p>\n\n\n\n<h4 class=\"wp-block-heading\"><strong><u>Un s\u00e9jour de recherche intellectuelle ou artistique sur un porte-conteneurs<\/u><\/strong><\/h4>\n\n\n\n<p>Apr\u00e8s le succ\u00e8s de la toute premi\u00e8re \u00e9dition des r\u00e9sidences maritimes de la Villa Albertine en 2023\/2024, le MARIUS accueillera successivement trois artistes ou \u00e9crivains au cours de l\u2019ann\u00e9e 2025.<\/p>\n\n\n\n<p>\u00c0 l\u2019aller, le MARIUS reliera Le Havre \u00e0 Papeete et Noum\u00e9a en passant par les \u00c9tats-Unis (New York), la Jama\u00efque (Kingston) et le canal de Panama en cinq semaines. Au retour, Papeete et Noum\u00e9a seront reli\u00e9s au Havre via l\u2019Australie, la Nouvelle-Z\u00e9lande, le Panama, les \u00c9tats-Unis (Philadelphie) et les ports du Nord de l\u2019Europe, en sept semaines.<\/p>\n\n\n\n<p>Ouvert du 2 octobre au 12 novembre 2024, l\u2019appel \u00e0 candidatures s\u2019adresse \u00e0 des cr\u00e9ateurs de toutes disciplines d\u00e9sireux d\u2019effectuer une r\u00e9sidence d\u2019exploration au sein de l\u2019\u00e9quipage du MARIUS entre le mars et d\u00e9cembre 2025. Cette r\u00e9sidence embarqu\u00e9e s\u2019adresse autant \u00e0 des cr\u00e9ateurs de l\u2019Hexagone et territoires fran\u00e7ais d\u2019outre-mer qu\u2019\u00e0 des artistes r\u00e9sidant aux \u00c9tats-Unis.<\/p>\n\n\n\n<p>La direction op\u00e9rationnelle des r\u00e9sidences maritimes est assur\u00e9e par MARFRET ; sa direction artistique est assur\u00e9e par la Villa Albertine ; les modalit\u00e9s d\u2019une restitution de l\u2019exp\u00e9rience seront abord\u00e9es avec le Mus\u00e9e national de la Marine.<\/p>\n\n\n\n<p><\/p>\n\n\n\n<h4 class=\"wp-block-heading\">L\u2019immersion peut durer plusieurs jours ou plusieurs semaines, selon les pr\u00e9f\u00e9rences exprim\u00e9es par le r\u00e9sident. La dur\u00e9e maximale d\u2019une r\u00e9sidence maritime est de six semaines.<\/h4>\n\n\n\n<p>Dans le cadre de leur candidature, les candidats seront invit\u00e9s \u00e0 identifier des segments de navigation conform\u00e9ment au plan de navigation du porte-conteneurs, en les classant par ordre de pr\u00e9f\u00e9rence.<\/p>\n\n\n\n<p>L\u2019embarquement sera pr\u00e9c\u00e9d\u00e9 ou suivi de 2 \u00e0 3 jours au sein d\u2019une agence de MARFRET \u00e0 terre, en France ou aux Etats-Unis, pour appr\u00e9hender l\u2019univers du transport maritime dans leur globalit\u00e9.<\/p>\n\n\n\n<p>Seules les candidatures individuelles sont accept\u00e9es, en raison des contraintes d\u2019espace \u00e0 bord. Pour les m\u00eames raisons pratiques, cette r\u00e9sidence ne peut pas int\u00e9grer d\u2019accompagnateurs, par exemple de membres de sa famille, de collaborateurs ou de partenaires professionnels.<\/p>\n\n\n\n<p>Ce format de r\u00e9sidence pr\u00e9sente des contraintes particuli\u00e8res \u00e0 lire attentivement par tous les candidats (cf. infra).<\/p>\n\n\n\n<figure class=\"wp-block-image size-large\"><img loading=\"lazy\" decoding=\"async\" width=\"1024\" height=\"380\" src=\"https:\/\/villa-albertine.org\/wp-content\/uploads\/2024\/09\/ligne-nasp-1024x380.jpg\" alt=\"\" class=\"wp-image-792101\" srcset=\"https:\/\/villa-albertine.org\/wp-content\/uploads\/2024\/09\/ligne-nasp-1024x380.jpg 1024w, https:\/\/villa-albertine.org\/wp-content\/uploads\/2024\/09\/ligne-nasp-300x111.jpg 300w, https:\/\/villa-albertine.org\/wp-content\/uploads\/2024\/09\/ligne-nasp-768x285.jpg 768w, https:\/\/villa-albertine.org\/wp-content\/uploads\/2024\/09\/ligne-nasp-1536x571.jpg 1536w, https:\/\/villa-albertine.org\/wp-content\/uploads\/2024\/09\/ligne-nasp.jpg 1825w\" sizes=\"auto, (max-width: 1024px) 100vw, 1024px\" \/><\/figure>\n\n\n\n<h6 class=\"wp-block-heading\">Ligne North Atlantic South Pacific<\/h6>\n\n\n\n<p><\/p>\n\n\n\n<h4 class=\"wp-block-heading\"><strong><u>Accompagnement par la Villa Albertine et Marfret<\/u><\/strong><\/h4>\n\n\n\n<p>Seront pris en charge des frais aff\u00e9rents \u00e0 la r\u00e9sidence, \u00e0 savoir :<\/p>\n\n\n\n<ul class=\"wp-block-list\">\n<li>Le s\u00e9jour portuaire avant ou apr\u00e8s l\u2019embarquement. Un s\u00e9jour de deux \u00e0 trois jours est organis\u00e9 pour le r\u00e9sident dans l\u2019une des agences portuaires de MARFRET, afin de d\u00e9couvrir le quotidien, les m\u00e9tiers et la logistique des ports. Sont pris en charge les transports, le logement et les repas du r\u00e9sident.<\/li>\n\n\n\n<li>Le s\u00e9jour \u00e0 bord : le co\u00fbt de la vie \u00e0 bord est pris en charge (cabine individuelle avec salle de bain priv\u00e9e, repas, pr\u00eat de tenues adapt\u00e9es).<\/li>\n\n\n\n<li>L\u2019assurance sant\u00e9, responsabilit\u00e9 civile et rapatriement.<\/li>\n\n\n\n<li>Les transports qui pr\u00e9c\u00e8dent et suivent imm\u00e9diatement la r\u00e9sidence embarqu\u00e9e.<\/li>\n<\/ul>\n\n\n\n<p>Sont pris en charge \u00e0 ce titre :<\/p>\n\n\n\n<ul class=\"wp-block-list\">\n<li>Les voyages int\u00e9rieurs jusqu\u2019aux ports si n\u00e9cessaire ;<\/li>\n\n\n\n<li>Le logement \u00e0 l\u2019arriv\u00e9e et\/ou au d\u00e9part, en fonction du segment de navigation concern\u00e9, pour une dur\u00e9e de 7 jours maximum ;<\/li>\n\n\n\n<li>Une allocation journali\u00e8re pendant le s\u00e9jour sur le territoire des \u00c9tats-Unis, permettant de couvrir les frais du quotidien sur le territoire concern\u00e9 (repas, frais t\u00e9l\u00e9phoniques et bancaires, etc.), ainsi que les frais de visa ;<\/li>\n\n\n\n<li>Les voyages internationaux additionnels \u00e0 la travers\u00e9e maritime \u00e0 bord du MARIUS.<\/li>\n<\/ul>\n\n\n\n<p>\u00c0 titre d\u2019exemple, pour un r\u00e9sident qui effectuerait une r\u00e9sidence embarqu\u00e9e entre le Havre et New York, seraient pris en charge son transport depuis son lieu de vie habituel jusqu\u2019au port du Havre ; son logement et ses repas au Havre dans le cadre d\u2019un s\u00e9jour portuaire de deux \u00e0 trois jours, en pr\u00e9paration de sa r\u00e9sidence ; son s\u00e9jour \u00e0 bord du MARIUS d\u00e8s l\u2019embarquement au Havre ; son s\u00e9jour \u00e0 New York pour quelques jours \u00e0 son arriv\u00e9e ; son vol retour vers son lieu de vie habituel.<\/p>\n\n\n\n<p>Ni la Villa Albertine, ni Marfret ne pourront s\u2019engager \u00e0 couvrir d\u2019autres d\u00e9penses que les frais de d\u00e9placement et de s\u00e9jour mentionn\u00e9s ci-dessus. Pour tout d\u00e9barquement, le r\u00e9sident devra se conformer aux obligations juridiques propres \u00e0 chaque pays. IMPORTANT : dans le cas d\u2019un d\u00e9barquement aux \u00c9tats-Unis depuis le porte-conteneurs, un ESTA (<em>Electronic System For Travel Authorization<\/em>) ne suffit pas. Le r\u00e9sident devra effectuer lui-m\u00eame les d\u00e9marches n\u00e9cessaires \u00e0 l\u2019obtention d\u2019un visa B1 ou B1\/B2. La Villa Albertine fournira les documents justificatifs n\u00e9cessaires \u00e0 la compl\u00e9tude du dossier de demande de visa.<\/p>\n\n\n\n<figure class=\"wp-block-image size-large\"><img loading=\"lazy\" decoding=\"async\" width=\"1024\" height=\"732\" src=\"https:\/\/villa-albertine.org\/wp-content\/uploads\/2024\/09\/Facing-the-sea_17-1024x732.jpg\" alt=\"\" class=\"wp-image-792104\" srcset=\"https:\/\/villa-albertine.org\/wp-content\/uploads\/2024\/09\/Facing-the-sea_17-1024x732.jpg 1024w, https:\/\/villa-albertine.org\/wp-content\/uploads\/2024\/09\/Facing-the-sea_17-300x214.jpg 300w, https:\/\/villa-albertine.org\/wp-content\/uploads\/2024\/09\/Facing-the-sea_17-768x549.jpg 768w, https:\/\/villa-albertine.org\/wp-content\/uploads\/2024\/09\/Facing-the-sea_17.jpg 1524w\" sizes=\"auto, (max-width: 1024px) 100vw, 1024px\" \/><\/figure>\n\n\n\n<h6 class=\"wp-block-heading\"><strong>\u00a9<\/strong> Gr\u00e9goire Korganow<\/h6>\n\n\n\n<p><\/p>\n\n\n\n<h4 class=\"wp-block-heading\"><strong><u>Dossier de candidature<\/u><\/strong><\/h4>\n\n\n\n<p><strong>Les candidats devront pr\u00e9senter un dossier de candidature comprenant les \u00e9l\u00e9ments suivants :<\/strong><\/p>\n\n\n\n<ul class=\"wp-block-list\">\n<li>(A) \u00ab Fiche d\u2019information Candidat \u00bb compl\u00e9t\u00e9e. Elle est \u00e0 t\u00e9l\u00e9charger via <a href=\"https:\/\/frenchcultural.sharepoint.com\/:b:\/s\/VILLAALBERTINE\/Eb2IeASgRi5NqpJK_Ur8iUQBSUIYD9MIqod4RXNpn28VNw?e=6gzlMQ\">ce lien<\/a> ;<\/li>\n\n\n\n<li>(B) Dossier de pr\u00e9sentation du parcours du candidat et de son travail en format PDF, de moins de 10 pages et de 8 Mo maximum (ex. CV et pr\u00e9sentation d\u2019un nombre limit\u00e9 de projets r\u00e9alis\u00e9s). Ce document permettra d\u2019appr\u00e9cier le parcours et le travail du candidat et justifiera de la pratique professionnelle de son activit\u00e9 dans son champ de cr\u00e9ation artistique ou intellectuelle.<\/li>\n\n\n\n<li>(C) Texte de pr\u00e9sentation du projet de r\u00e9sidence embarqu\u00e9e en format PDF, de moins de 3 pages. Le projet peut proposer une recherche artistique nouvelle ou prolonger une recherche d\u00e9j\u00e0 en cours. Il devra pleinement s\u2019inscrire dans le format de la r\u00e9sidence. Il proposera un regard r\u00e9flexif et cr\u00e9atif sur le monde contemporain vu depuis les Oc\u00e9ans, en lien avec l\u2019univers maritime et les relations transatlantiques. La forme d\u2019aboutissement vis\u00e9e par le candidat \u00e0 l\u2019issue de la r\u00e9sidence doit \u00eatre pr\u00e9sent\u00e9e dans le dossier.<\/li>\n\n\n\n<li>(D) Justification de l\u2019aptitude du candidat \u00e0 embarquer pour une r\u00e9sidence \u00e0 bord du MARIUS, au format pdf et d\u2019une page maximum. Le candidat explicitera les raisons pour lesquelles il s\u2019estime pr\u00eat \u00e0 accomplir une r\u00e9sidence \u00e0 bord du MARIUS, qui demande notamment d\u2019\u00eatre en excellente sant\u00e9 (pas de m\u00e9decin \u00e0 bord pendant les travers\u00e9es, n\u00e9cessit\u00e9 de monter plusieurs \u00e9tages plusieurs fois par jour), d\u2019avoir de bonnes dispositions relationnelles (isolement vis-\u00e0-vis du monde ext\u00e9rieur, environnement social restreint et codifi\u00e9). Justifier d\u2019une ou plusieurs exp\u00e9riences en mer constitue une plus-value. Les candidats doivent tenir compte du fait que certaines travers\u00e9es sont tr\u00e8s agit\u00e9es, notamment durant la p\u00e9riode hivernale.<\/li>\n\n\n\n<li>(E) Le\/les segments de navigation envisag\u00e9(s), en compl\u00e9tant la fiche disponible <a href=\"https:\/\/frenchcultural.sharepoint.com\/:b:\/s\/VILLAALBERTINE\/ESbtgm5oxQZBvOTS9Yf_A2sBAJgzhENho-ShpNqkFj3YMA?e=j3fYCs\"><em>ici<\/em><\/a>. Nous attirons l\u2019attention sur le fait que les dates sont susceptibles d\u2019\u00eatre ajust\u00e9es, le transport maritime \u00e9tant soumis aux al\u00e9as de la navigation.<\/li>\n\n\n\n<li>(F) Vid\u00e9o de 3 minutes dans laquelle le candidat s\u2019exprime en anglais, langue de communication \u00e0 bord du MARIUS. Le lien vid\u00e9o doit \u00eatre indiqu\u00e9 sur un document PDF. Le candidat est invit\u00e9 \u00e0 se pr\u00e9senter, \u00e0 \u00e9voquer son projet, sans lire un texte pr\u00e9par\u00e9. La vid\u00e9o est \u00e0 d\u00e9poser sur une plateforme telle que YouTube ou Vimeo, en mode \u00ab non r\u00e9f\u00e9renc\u00e9e \u00bb (\u00ab unlisted \u00bb) pour qu\u2019elle soit accessible seulement aux personnes qui disposent du lien de visionnage. Si votre vid\u00e9o est prot\u00e9g\u00e9e par un mot de passe, merci de nous le communiquer en l\u2019indiquant \u00e9galement sur le document PDF d\u00e9di\u00e9.<\/li>\n<\/ul>\n\n\n\n<p><\/p>\n\n\n\n<h4 class=\"wp-block-heading\"><strong><u>Crit\u00e8res de s\u00e9lection<\/u><\/strong><\/h4>\n\n\n\n<ul class=\"wp-block-list\">\n<li>La qualit\u00e9 du parcours du candidat, \u00e9valu\u00e9e sur la base de son document de pr\u00e9sentation (B) ;<\/li>\n\n\n\n<li>La qualit\u00e9 du projet, appr\u00e9ci\u00e9 sur la base de son document descriptif (C) : le projet est clair et les axes artistiques, culturels, intellectuels qu\u2019il d\u00e9veloppe sont pertinents ; le projet propose une r\u00e9flexion en lien avec le monde contemporain, en particulier sous l\u2019angle des enjeux maritimes et\/ou des liens transatlantiques ; le projet doit int\u00e9grer une r\u00e9flexion sur les possibilit\u00e9s de restitution \u00e0 l\u2019issue de la r\u00e9sidence ;<\/li>\n\n\n\n<li>La faisabilit\u00e9 du projet, \u00e9valu\u00e9e notamment sur la base des documents et renseignements (A), (D), (E) et (F).<\/li>\n<\/ul>\n\n\n\n<p>Le candidat devra \u00eatre \u00e2g\u00e9 de plus de 21 ans avant la date de d\u00e9part envisag\u00e9e en r\u00e9sidence.<\/p>\n\n\n\n<p><strong>Les candidatures sont \u00e0 transmettre d\u2019ici le 12 novembre 2024, 23h59 heure de Paris (UTC+1), \u00e0 l\u2019adresse suivante :<\/strong> <a href=\"mailto:candidatures@villa-albertine.org\"><strong>candidatures@villa-albertine.org<\/strong><\/a><\/p>\n\n\n\n<p><\/p>\n\n\n\n<h4 class=\"wp-block-heading\"><strong><u>Annonce des r\u00e9sultats<\/u><\/strong><\/h4>\n\n\n\n<p>Tous les candidats recevront un mail leur indiquant s\u2019ils ont \u00e9t\u00e9, ou non, retenus, au plus tard mi-janvier. Les laur\u00e9ats seront annonc\u00e9s publiquement au cours du premier trimestre 2025.<\/p>\n\n\n\n<p><\/p>\n\n\n\n<h4 class=\"wp-block-heading\"><strong><u>Retour sur l\u2019\u00e9dition 2023\/2024 des r\u00e9sidences maritimes de la Villa Albertine<\/u><\/strong><\/h4>\n\n\n\n<p>En 2023 et 2024, huit r\u00e9sidents ont embarqu\u00e9 sur le MARIUS, dans le cadre d\u2019une carte blanche pour le magazine <em>States <\/em>de la Villa Albertineou en tant que laur\u00e9ats du premier appel \u00e0 candidatures pour les r\u00e9sidences maritimes de la Villa Albertine :<\/p>\n\n\n\n<p><strong>Pierre Buttin<\/strong>, <a href=\"http:\/\/www.pierrebuttin.com\/\">illustrateur<\/a>&nbsp; fran\u00e7ais bas\u00e9 \u00e0 Londres, collaborateur r\u00e9gulier du <em>New York Times<\/em> et du <em>New Yorker<\/em>, a embarqu\u00e9 au Havre en ao\u00fbt 2023, \u00e0 destination de New York. De sa travers\u00e9e sont n\u00e9es des illustrations, pour partie publi\u00e9es dans le magazine <em>States<\/em>.<\/p>\n\n\n\n<p>Auteur d\u2019une vingtaine d\u2019ouvrages, romans, essais biographiques, livres jeunesse ou de photographie, <strong>Arno Bertina <\/strong>a embarqu\u00e9 \u00e0 Savannah en&nbsp; ao\u00fbt 2023 pour rejoindre Papeete au terme d\u2019une navigation de 3 semaines \u00e0 travers la Cara\u00efbe, le canal de Panama et le Pacifique. Le fruit de ses r\u00e9flexions a fait l\u2019objet d\u2019une publication dans le magazine <em>States<\/em>.&nbsp;<\/p>\n\n\n\n<p><strong>Gr\u00e9goire Korganow<\/strong>, photographe, a tir\u00e9 de sa r\u00e9sidence de l\u2019Hexagone \u00e0 l\u2019Australie un travail photographique, <em>Facing the Sea, <\/em>qui fera l\u2019objet d\u2019expositions et d\u2019une publication.<\/p>\n\n\n\n<p>De Savannah \u00e0 Dunkerque, la designeuse <strong>Mathilde Pell\u00e9<\/strong> a men\u00e9 une enqu\u00eate sur les objets sans usage op\u00e9rationnel embarqu\u00e9s sur le MARIUS : les objets personnels des membres de l\u2019\u00e9quipage, d\u2019une part, et les marchandises transport\u00e9es dans les conteneurs, d\u2019autre part (<em>Non-Operational On Board Objects<\/em>). Elle a travaill\u00e9 sur les significations associ\u00e9es \u00e0 ces objets, interrogeant ainsi la notion de besoin et les environnements mat\u00e9riels produits par nos soci\u00e9t\u00e9s.<\/p>\n\n\n\n<p>En mars, entre New York et Papeete, la r\u00e9alisatrice de podcasts <strong>Florence de Schlichting<\/strong> a explor\u00e9 l\u2019univers du transport maritime \u00e0 travers les sons et voix \u00e0 bord du MARIUS ; son travail fera l\u2019objet de nouveaux \u00e9pisodes d\u2019un podcast d\u00e9di\u00e9 \u00e0 sa travers\u00e9e<\/p>\n\n\n\n<p>Nourrie par une longue pratique artistique consacr\u00e9e aux univers maritimes (installations, vid\u00e9os, dessins, sculptures), l\u2019artiste <strong>Elsa Guillaume<\/strong> a profit\u00e9 du vaste espace offert par le porte-conteneurs pour travailler \u00e0 la fois sur le dessin en carnet, propice au t\u00e9moignage sur la vie quotidienne \u00e0 bord, et sur de plus grands formats qui lui permettront de pousser cette exp\u00e9rience graphique.<\/p>\n\n\n\n<p>De Papeete \u00e0 Savannah, <strong>Cl\u00e9ment Verger<\/strong> a d\u00e9velopp\u00e9 ses r\u00e9flexions sur l\u2019influence de l\u2019homme sur son environnement, en coh\u00e9rence et en continuit\u00e9 avec son projet artistique et scientifique <em>Circumnavigations, <\/em>amorc\u00e9 en 2016 et consacr\u00e9 \u00e0 l\u2019influence des voyages du Capitaine James Cook sur le paysage mondial.<\/p>\n\n\n\n<p>En 2024, <strong>Julia Bourdet<\/strong> a effectu\u00e9 un voyage sans avion, sous la forme d\u2019une travers\u00e9e des Etats-Unis \u00e0 v\u00e9lo et en train, \u00e0 la rencontre d\u2019Am\u00e9ricains dont le rapport \u00e0 l\u2019\u00e9cologie pourra inspirer un livre illustr\u00e9. A l\u2019aller et au retour, elle a travers\u00e9 l\u2019Atlantique \u00e0 bord du MARIUS, dessinant et interrogeant la perception de ceux qui vivent au rythme de la mer. En d\u00e9cembre 2024, la r\u00e9sidence embarqu\u00e9e de <strong>Pierre Ducrozet<\/strong> inspirera son projet de roman, dont l\u2019intrigue, inscrite dans la double tradition du roman d\u2019aventures et d\u2019apprentissage, se d\u00e9roulera en grande partie sur les oc\u00e9ans, \u00e0 bord d\u2019un porte-conteneurs rejoignant une \u00eele perdue du Pacifique.<\/p>\n\n\n\n<p><\/p>\n\n\n\n<h4 class=\"wp-block-heading\"><strong><u>Conditions de s\u00e9jour \u00e0 bord du MARIUS :<\/u><\/strong><\/h4>\n\n\n\n<p><strong>Cabine :<\/strong> le r\u00e9sident sera log\u00e9 \u00e0 bord dans une cabine individuelle confortable, avec une salle de bain privative.<\/p>\n\n\n\n<p><strong>\u00c9quipement \u00e9lectrique de la cabine :<\/strong> la cabine est \u00e9quip\u00e9e de prises fran\u00e7aises, ainsi que d\u2019une prise rasoir dans la salle de bain. Elle est \u00e9quip\u00e9e d\u2019une lampe de chevet murale, d\u2019une lampe de bureau et d\u2019un r\u00e9frig\u00e9rateur.<\/p>\n\n\n\n<p><strong>Repas : <\/strong>les repas du r\u00e9sident sont assur\u00e9s. Certains repas peuvent \u00eatre pris avec le capitaine, en particulier le petit-d\u00e9jeuner et le d\u00eener.<\/p>\n\n\n\n<p><strong>Achats :<\/strong> il est recommand\u00e9 au r\u00e9sident de se munir de dollars am\u00e9ricains en liquide, pour le paiement de biens \u00e0 bord, notamment en-cas (chips, chocolat, etc.), boissons (vin, bi\u00e8re), cigarettes et recharges internet.<\/p>\n\n\n\n<p><strong>Internet :<\/strong> le r\u00e9sident peut avoir acc\u00e8s \u00e0 une liaison internet \u00e0 bord, \u00e0 l\u2019exception de quelques portions limit\u00e9es de la rotation du MARIUS, avec toutefois un d\u00e9bit tr\u00e8s limit\u00e9 qui ne permet que l\u2019envoi et la r\u00e9ception de textes, \u00e0 l\u2019exclusion des images.<\/p>\n\n\n\n<p><strong>V\u00eatements et chaussures :<\/strong> une buanderie gratuite est disponible \u00e0 bord. Pour toutes les sorties sur le pont, le r\u00e9sident doit s\u2019\u00e9quiper d\u2019une combinaison et de chaussures de s\u00e9curit\u00e9, qui lui seront pr\u00eat\u00e9es. A l\u2019int\u00e9rieur, le port de chaussures de s\u00e9curit\u00e9 n\u2019est pas indispensable, mais le port de chaussures ferm\u00e9es reste n\u00e9cessaire en dehors de la cabine.<\/p>\n\n\n\n<p><strong>Mal de mer :<\/strong> les conditions de navigation sont \u00e9volutives, et peuvent donner lieu \u00e0 des moments de perturbation. Par pr\u00e9caution, il est recommand\u00e9 de pr\u00e9voir des pastilles contre le mal de mer.<\/p>\n\n\n\n<p><strong>Bruit :<\/strong> par pr\u00e9caution, il est recommand\u00e9 de pr\u00e9voir des bouchons d\u2019oreille, en particulier en cas de sensibilit\u00e9 aux bruits (moteur, vent, oc\u00e9an, bruits de la coque, ventilation, etc.).<\/p>\n\n\n\n<p><\/p>\n\n\n\n<h4 class=\"wp-block-heading\"><strong><u>FAQ<\/u><\/strong><\/h4>\n\n\n\n<p><strong>Puis-je postuler \u00e0 l\u2019appel si je ne suis pas de nationalit\u00e9 fran\u00e7aise ?<\/strong><br>&nbsp;Seuls les citoyens ou r\u00e9sidents de France ou des Etats-Unis peuvent postuler \u00e0 l\u2019appel.<\/p>\n\n\n\n<p><strong>Je remarque sur le site de MARFRET que le MARIUS effectue des segments de navigation qui ne sont pas indiqu\u00e9s dans le formulaire. Puis-je postuler sur ces segments ?<\/strong><br>&nbsp;<br>Les segments de navigation qui ne figurent pas dans le formulaire ne sont pas ouverts dans le cadre de cet appel \u00e0 candidatures.<\/p>\n\n\n\n<p><strong>De qui le jury de s\u00e9lection est-il compos\u00e9, et quand se tiendra-t-il ?<\/strong><br>\u00a0<br>Le jury sera compos\u00e9 d\u2019un(e) repr\u00e9sentant(e) de chaque institution partenaire (Villa Albertine, MARFRET, Mus\u00e9e national de la Marine). Le jury se tiendra dans les semaines suivant la cl\u00f4ture de l\u2019appel \u00e0 candidatures. <\/p>\n\n\n\n<p><strong>Dans quelle langue dois-je soumettre ma candidature pour la r\u00e9sidence maritime ?<\/strong><\/p>\n\n\n\n<p>Les documents de candidature (les documents (A), (B), (C), (D), (E)) peuvent \u00eatre soumis en anglais ou en fran\u00e7ais, au choix du candidat. Le jury \u00e9tant francophone, il est tout \u00e0 fait possible de compl\u00e9ter les documents en fran\u00e7ais. Toutefois, une vid\u00e9o de 3 minutes en anglais est demand\u00e9e, principalement pour \u00e9valuer le niveau d&rsquo;anglais du candidat.<\/p>\n\n\n\n<p><\/p>\n","protected":false},"featured_media":792181,"menu_order":0,"template":"","app_discipline":[284],"app_city_tax":[276],"app_professional_category":[],"app_professional_content_type":[302],"class_list":["post-792051","app_professional","type-app_professional","status-publish","has-post-thumbnail","hentry","app_discipline-toutes-disciplines-fr","app_city_tax-toutes-les-villes-fr","app_professional_content_type-news-fr"],"acf":[],"yoast_head":"<!-- This site is optimized with the Yoast SEO plugin v27.3 - https:\/\/yoast.com\/product\/yoast-seo-wordpress\/ -->\n<title>Appel \u00e0 candidatures : r\u00e9sidences maritimes 2025 - Villa Albertine<\/title>\n<meta name=\"robots\" content=\"index, follow, max-snippet:-1, max-image-preview:large, max-video-preview:-1\" \/>\n<link rel=\"canonical\" href=\"https:\/\/villa-albertine.org\/va\/fr\/professionals\/appel-a-candidatures-residences-maritimes-2025\/\" \/>\n<meta property=\"og:locale\" content=\"fr_FR\" \/>\n<meta property=\"og:type\" content=\"article\" \/>\n<meta property=\"og:title\" content=\"Appel \u00e0 candidatures : r\u00e9sidences maritimes 2025 - Villa Albertine\" \/>\n<meta property=\"og:description\" content=\"Alors que la France accueillera en 2025 la Conf\u00e9rence des Nations Unies sur l\u2019Oc\u00e9an, la Villa Albertine offrira \u00e0 des artistes et \u00e9crivains passionn\u00e9s l\u2019opportunit\u00e9 d&rsquo;effectuer une travers\u00e9e au sein de l\u2019\u00e9quipage du MARIUS, un porte-conteneurs de 195 m\u00e8tres qui relie l\u2019Hexagone aux territoires fran\u00e7ais du Pacifique en passant par les Etats-Unis. Au cours de...\" \/>\n<meta property=\"og:url\" content=\"https:\/\/villa-albertine.org\/va\/fr\/professionals\/appel-a-candidatures-residences-maritimes-2025\/\" \/>\n<meta property=\"og:site_name\" content=\"Villa Albertine\" \/>\n<meta property=\"article:modified_time\" content=\"2024-10-23T14:12:55+00:00\" \/>\n<meta property=\"og:image\" content=\"https:\/\/villa-albertine.org\/wp-content\/uploads\/2024\/09\/Facing-the-Sea-High-res-1-scaled.jpg\" \/>\n\t<meta property=\"og:image:width\" content=\"2560\" \/>\n\t<meta property=\"og:image:height\" content=\"1828\" \/>\n\t<meta property=\"og:image:type\" content=\"image\/jpeg\" \/>\n<meta name=\"twitter:card\" content=\"summary_large_image\" \/>\n<meta name=\"twitter:label1\" content=\"Dur\u00e9e de lecture estim\u00e9e\" \/>\n\t<meta name=\"twitter:data1\" content=\"13 minutes\" \/>\n<script type=\"application\/ld+json\" class=\"yoast-schema-graph\">{\"@context\":\"https:\\\/\\\/schema.org\",\"@graph\":[{\"@type\":\"WebPage\",\"@id\":\"https:\\\/\\\/villa-albertine.org\\\/va\\\/fr\\\/professionals\\\/appel-a-candidatures-residences-maritimes-2025\\\/\",\"url\":\"https:\\\/\\\/villa-albertine.org\\\/va\\\/fr\\\/professionals\\\/appel-a-candidatures-residences-maritimes-2025\\\/\",\"name\":\"Appel \u00e0 candidatures : r\u00e9sidences maritimes 2025 - Villa Albertine\",\"isPartOf\":{\"@id\":\"https:\\\/\\\/villa-albertine.org\\\/va\\\/fr\\\/#website\"},\"primaryImageOfPage\":{\"@id\":\"https:\\\/\\\/villa-albertine.org\\\/va\\\/fr\\\/professionals\\\/appel-a-candidatures-residences-maritimes-2025\\\/#primaryimage\"},\"image\":{\"@id\":\"https:\\\/\\\/villa-albertine.org\\\/va\\\/fr\\\/professionals\\\/appel-a-candidatures-residences-maritimes-2025\\\/#primaryimage\"},\"thumbnailUrl\":\"https:\\\/\\\/villa-albertine.org\\\/wp-content\\\/uploads\\\/2024\\\/09\\\/Facing-the-Sea-High-res-1-scaled.jpg\",\"datePublished\":\"2024-09-30T15:26:43+00:00\",\"dateModified\":\"2024-10-23T14:12:55+00:00\",\"breadcrumb\":{\"@id\":\"https:\\\/\\\/villa-albertine.org\\\/va\\\/fr\\\/professionals\\\/appel-a-candidatures-residences-maritimes-2025\\\/#breadcrumb\"},\"inLanguage\":\"fr-FR\",\"potentialAction\":[{\"@type\":\"ReadAction\",\"target\":[\"https:\\\/\\\/villa-albertine.org\\\/va\\\/fr\\\/professionals\\\/appel-a-candidatures-residences-maritimes-2025\\\/\"]}]},{\"@type\":\"ImageObject\",\"inLanguage\":\"fr-FR\",\"@id\":\"https:\\\/\\\/villa-albertine.org\\\/va\\\/fr\\\/professionals\\\/appel-a-candidatures-residences-maritimes-2025\\\/#primaryimage\",\"url\":\"https:\\\/\\\/villa-albertine.org\\\/wp-content\\\/uploads\\\/2024\\\/09\\\/Facing-the-Sea-High-res-1-scaled.jpg\",\"contentUrl\":\"https:\\\/\\\/villa-albertine.org\\\/wp-content\\\/uploads\\\/2024\\\/09\\\/Facing-the-Sea-High-res-1-scaled.jpg\",\"width\":2560,\"height\":1828},{\"@type\":\"BreadcrumbList\",\"@id\":\"https:\\\/\\\/villa-albertine.org\\\/va\\\/fr\\\/professionals\\\/appel-a-candidatures-residences-maritimes-2025\\\/#breadcrumb\",\"itemListElement\":[{\"@type\":\"ListItem\",\"position\":1,\"name\":\"Home\",\"item\":\"https:\\\/\\\/villa-albertine.org\\\/va\\\/fr\\\/home\\\/\"},{\"@type\":\"ListItem\",\"position\":2,\"name\":\"Appel \u00e0 candidatures : r\u00e9sidences maritimes 2025\"}]},{\"@type\":\"WebSite\",\"@id\":\"https:\\\/\\\/villa-albertine.org\\\/va\\\/fr\\\/#website\",\"url\":\"https:\\\/\\\/villa-albertine.org\\\/va\\\/fr\\\/\",\"name\":\"Villa Albertine\",\"description\":\"\",\"potentialAction\":[{\"@type\":\"SearchAction\",\"target\":{\"@type\":\"EntryPoint\",\"urlTemplate\":\"https:\\\/\\\/villa-albertine.org\\\/va\\\/fr\\\/?s={search_term_string}\"},\"query-input\":{\"@type\":\"PropertyValueSpecification\",\"valueRequired\":true,\"valueName\":\"search_term_string\"}}],\"inLanguage\":\"fr-FR\"}]}<\/script>\n<!-- \/ Yoast SEO plugin. -->","yoast_head_json":{"title":"Appel \u00e0 candidatures : r\u00e9sidences maritimes 2025 - Villa Albertine","robots":{"index":"index","follow":"follow","max-snippet":"max-snippet:-1","max-image-preview":"max-image-preview:large","max-video-preview":"max-video-preview:-1"},"canonical":"https:\/\/villa-albertine.org\/va\/fr\/professionals\/appel-a-candidatures-residences-maritimes-2025\/","og_locale":"fr_FR","og_type":"article","og_title":"Appel \u00e0 candidatures : r\u00e9sidences maritimes 2025 - Villa Albertine","og_description":"Alors que la France accueillera en 2025 la Conf\u00e9rence des Nations Unies sur l\u2019Oc\u00e9an, la Villa Albertine offrira \u00e0 des artistes et \u00e9crivains passionn\u00e9s l\u2019opportunit\u00e9 d&rsquo;effectuer une travers\u00e9e au sein de l\u2019\u00e9quipage du MARIUS, un porte-conteneurs de 195 m\u00e8tres qui relie l\u2019Hexagone aux territoires fran\u00e7ais du Pacifique en passant par les Etats-Unis. Au cours de...","og_url":"https:\/\/villa-albertine.org\/va\/fr\/professionals\/appel-a-candidatures-residences-maritimes-2025\/","og_site_name":"Villa Albertine","article_modified_time":"2024-10-23T14:12:55+00:00","og_image":[{"width":2560,"height":1828,"url":"https:\/\/villa-albertine.org\/wp-content\/uploads\/2024\/09\/Facing-the-Sea-High-res-1-scaled.jpg","type":"image\/jpeg"}],"twitter_card":"summary_large_image","twitter_misc":{"Dur\u00e9e de lecture estim\u00e9e":"13 minutes"},"schema":{"@context":"https:\/\/schema.org","@graph":[{"@type":"WebPage","@id":"https:\/\/villa-albertine.org\/va\/fr\/professionals\/appel-a-candidatures-residences-maritimes-2025\/","url":"https:\/\/villa-albertine.org\/va\/fr\/professionals\/appel-a-candidatures-residences-maritimes-2025\/","name":"Appel \u00e0 candidatures : r\u00e9sidences maritimes 2025 - Villa Albertine","isPartOf":{"@id":"https:\/\/villa-albertine.org\/va\/fr\/#website"},"primaryImageOfPage":{"@id":"https:\/\/villa-albertine.org\/va\/fr\/professionals\/appel-a-candidatures-residences-maritimes-2025\/#primaryimage"},"image":{"@id":"https:\/\/villa-albertine.org\/va\/fr\/professionals\/appel-a-candidatures-residences-maritimes-2025\/#primaryimage"},"thumbnailUrl":"https:\/\/villa-albertine.org\/wp-content\/uploads\/2024\/09\/Facing-the-Sea-High-res-1-scaled.jpg","datePublished":"2024-09-30T15:26:43+00:00","dateModified":"2024-10-23T14:12:55+00:00","breadcrumb":{"@id":"https:\/\/villa-albertine.org\/va\/fr\/professionals\/appel-a-candidatures-residences-maritimes-2025\/#breadcrumb"},"inLanguage":"fr-FR","potentialAction":[{"@type":"ReadAction","target":["https:\/\/villa-albertine.org\/va\/fr\/professionals\/appel-a-candidatures-residences-maritimes-2025\/"]}]},{"@type":"ImageObject","inLanguage":"fr-FR","@id":"https:\/\/villa-albertine.org\/va\/fr\/professionals\/appel-a-candidatures-residences-maritimes-2025\/#primaryimage","url":"https:\/\/villa-albertine.org\/wp-content\/uploads\/2024\/09\/Facing-the-Sea-High-res-1-scaled.jpg","contentUrl":"https:\/\/villa-albertine.org\/wp-content\/uploads\/2024\/09\/Facing-the-Sea-High-res-1-scaled.jpg","width":2560,"height":1828},{"@type":"BreadcrumbList","@id":"https:\/\/villa-albertine.org\/va\/fr\/professionals\/appel-a-candidatures-residences-maritimes-2025\/#breadcrumb","itemListElement":[{"@type":"ListItem","position":1,"name":"Home","item":"https:\/\/villa-albertine.org\/va\/fr\/home\/"},{"@type":"ListItem","position":2,"name":"Appel \u00e0 candidatures : r\u00e9sidences maritimes 2025"}]},{"@type":"WebSite","@id":"https:\/\/villa-albertine.org\/va\/fr\/#website","url":"https:\/\/villa-albertine.org\/va\/fr\/","name":"Villa Albertine","description":"","potentialAction":[{"@type":"SearchAction","target":{"@type":"EntryPoint","urlTemplate":"https:\/\/villa-albertine.org\/va\/fr\/?s={search_term_string}"},"query-input":{"@type":"PropertyValueSpecification","valueRequired":true,"valueName":"search_term_string"}}],"inLanguage":"fr-FR"}]}},"_links":{"self":[{"href":"https:\/\/villa-albertine.org\/va\/fr\/wp-json\/wp\/v2\/app_professional\/792051","targetHints":{"allow":["GET"]}}],"collection":[{"href":"https:\/\/villa-albertine.org\/va\/fr\/wp-json\/wp\/v2\/app_professional"}],"about":[{"href":"https:\/\/villa-albertine.org\/va\/fr\/wp-json\/wp\/v2\/types\/app_professional"}],"wp:featuredmedia":[{"embeddable":true,"href":"https:\/\/villa-albertine.org\/va\/fr\/wp-json\/wp\/v2\/media\/792181"}],"wp:attachment":[{"href":"https:\/\/villa-albertine.org\/va\/fr\/wp-json\/wp\/v2\/media?parent=792051"}],"wp:term":[{"taxonomy":"app_discipline","embeddable":true,"href":"https:\/\/villa-albertine.org\/va\/fr\/wp-json\/wp\/v2\/app_discipline?post=792051"},{"taxonomy":"app_city_tax","embeddable":true,"href":"https:\/\/villa-albertine.org\/va\/fr\/wp-json\/wp\/v2\/app_city_tax?post=792051"},{"taxonomy":"app_professional_category","embeddable":true,"href":"https:\/\/villa-albertine.org\/va\/fr\/wp-json\/wp\/v2\/app_professional_category?post=792051"},{"taxonomy":"app_professional_content_type","embeddable":true,"href":"https:\/\/villa-albertine.org\/va\/fr\/wp-json\/wp\/v2\/app_professional_content_type?post=792051"}],"curies":[{"name":"wp","href":"https:\/\/api.w.org\/{rel}","templated":true}]}}