{"id":7599116,"date":"2026-01-09T22:01:12","date_gmt":"2026-01-09T22:01:12","guid":{"rendered":"https:\/\/villa-albertine.org\/va\/?post_type=app_professional&#038;p=7599116"},"modified":"2026-01-09T22:17:53","modified_gmt":"2026-01-09T22:17:53","slug":"presentation-des-laureats-francais-2026-de-museums-next-generation","status":"publish","type":"app_professional","link":"https:\/\/villa-albertine.org\/va\/fr\/professionals\/presentation-des-laureats-francais-2026-de-museums-next-generation\/","title":{"rendered":"Pr\u00e9sentation des laur\u00e9ats fran\u00e7ais 2026 de\u00a0Museums\u00a0Next\u00a0Generation\u00a0"},"content":{"rendered":"\n<p>Lanc\u00e9 en 2023,&nbsp;<strong>Museums&nbsp;Next&nbsp;Generation<\/strong>&nbsp;est un programme d\u2019immersion et d\u2019acc\u00e9l\u00e9ration professionnelles con\u00e7u pour favoriser le dialogue et la collaboration entre conservateurs fran\u00e7ais et am\u00e9ricains. Chaque ann\u00e9e, le programme propose aux participants fran\u00e7ais une exp\u00e9rience immersive de deux semaines aux \u00c9tats-Unis, tandis que des conservateurs am\u00e9ricains prennent part \u00e0 un \u00e9change de dix jours en France, \u00e0 la rencontre de professionnels de premier plan dans chacun des deux pays.&nbsp;<\/p>\n\n\n\n<p>Pour l\u2019\u00e9dition 2026, le jury de s\u00e9lection s\u2019est r\u00e9uni le 18 d\u00e9cembre et a retenu sept laur\u00e9ats fran\u00e7ais. Repr\u00e9sentant six villes \u00e0 travers la France, cette promotion r\u00e9unit des expertises vari\u00e9es, allant de l\u2019Antiquit\u00e9 \u00e0 l\u2019art contemporain.&nbsp;<\/p>\n\n\n\n<p>Les participants s\u00e9lectionn\u00e9s se rendront aux \u00c9tats-Unis du 29 mars au 11 avril, avec des visites pr\u00e9vues \u00e0&nbsp;Williamstown, New York, Toledo, Detroit et Chicago. Tout au long du programme, ils participeront \u00e0 des visites de terrain au sein de certaines des institutions les plus dynamiques et innovantes du pays, \u00e9changeront avec des responsables de mus\u00e9es et approfondiront leur compr\u00e9hension des enjeux et des sp\u00e9cificit\u00e9s du paysage mus\u00e9al am\u00e9ricain. Le voyage comprendra \u00e9galement des temps de mise en r\u00e9seau avec des professionnels am\u00e9ricains, favorisant des collaborations internationales durables.&nbsp;<\/p>\n\n\n\n<p>Le jury de s\u00e9lection \u00e9tait compos\u00e9 d\u2019Olivia&nbsp;Bourrat,&nbsp;attach\u00e9e culturelle- directrice Mus\u00e9es et&nbsp;Patrimoine \u00e0 la Villa Albertine&nbsp;; Fran\u00e7ois Bridey,&nbsp;conservateur au mus\u00e9e du Louvre, d\u00e9partement des Antiquit\u00e9s orientales&nbsp;; \u00c9milie Girard,&nbsp;directrice des mus\u00e9es de Strasbourg et pr\u00e9sidente ICOM France&nbsp;; Olivier Meslay,&nbsp;directeur du Clark Art Institute de&nbsp;Williamstown&nbsp;&nbsp;; Charles&nbsp;Personnaz,&nbsp;directeur de l\u2019Institut national du patrimoine&nbsp;; et \u00c9milie&nbsp;Vanhesbrook,&nbsp;directrice ex\u00e9cutive de FRAME France.&nbsp;<\/p>\n\n\n\n<p>Museums&nbsp;Next&nbsp;Generation&nbsp;est organis\u00e9 en partenariat avec la Fondation&nbsp;Albertine.&nbsp;&nbsp;<\/p>\n\n\n\n<p>(Re)d\u00e9couvrez <a href=\"https:\/\/villa-albertine.org\/va\/fr\/professionals\/annonce-des-laureats-francais-du-programme-museum-next-generation-2025\/\">ici<\/a> le parcours de la promotion 2025 et apprenez-en davantage ci-dessous sur les laur\u00e9ats fran\u00e7ais de\u00a0<strong>Museums\u00a0Next\u00a0Generation\u00a02026<\/strong>.\u00a0<\/p>\n\n\n\n<p><\/p>\n\n\n\n<p><strong>La promotion fran\u00e7aise 2026<\/strong>&nbsp;<\/p>\n\n\n\n<p><strong>Val\u00e9rie Carpentier, conservatrice du patrimoine en charge de la sculpture fran\u00e7aise et europ\u00e9enne du XVII\u00e8me si\u00e8cle au d\u00e9partement des Sculptures du mus\u00e9e du Louvre&nbsp;\u00e0 Paris<\/strong>&nbsp;<\/p>\n\n\n\n<p>Val\u00e9rie Carpentier-Vanhaverbeke&nbsp;est archiviste pal\u00e9ographe et docteur de l\u2019\u00e9cole pratique des hautes \u00e9tudes. Conservatrice du Patrimoine, elle&nbsp;est en charge&nbsp;de la sculpture fran\u00e7aise et europ\u00e9enne du XVIIe si\u00e8cle au d\u00e9partement des Sculptures du mus\u00e9e du Louvre depuis 2015. Elle a \u00e9t\u00e9 pr\u00e9c\u00e9demment conservatrice au ch\u00e2teau de Fontainebleau.&nbsp;<\/p>\n\n\n\n<p><\/p>\n\n\n\n<p><strong>Aby Gaye-Duparc, curatrice \u00e0 la Fondation Cartier pour l\u2019art contemporain \u00e0 Paris&nbsp;<\/strong>&nbsp;<\/p>\n\n\n\n<p>Aby Gaye-Duparc est curatrice \u00e0 la Fondation Cartier pour l&rsquo;art contemporain, o\u00f9 elle travaille sur la premi\u00e8re exposition d\u2019Ibrahim&nbsp;Mahama&nbsp;\u00e0 Paris (2026), apr\u00e8s avoir travaill\u00e9 notamment sur la r\u00e9trospective de l\u2019artiste textile Olga de Amaral (2024-2025). Doctorante en histoire de l\u2019art \u00e0 l\u2019Ecole des hautes \u00e9tudes en sciences sociales (EHESS), sa recherche porte sur les artistes femmes au S\u00e9n\u00e9gal entre les ann\u00e9es 1960 et 1990, \u00e0 l\u2019aune de l\u2019\u00e9tablissement d\u2019un art national apr\u00e8s l\u2019ind\u00e9pendance du pays et des mouvements f\u00e9ministes et panafricains.&nbsp;<\/p>\n\n\n\n<p><\/p>\n\n\n\n<p><strong>Nicolas&nbsp;Hatot, conservateur du patrimoine charg\u00e9 des collections m\u00e9di\u00e9vales et Renaissance au mus\u00e9e des Antiquit\u00e9s de Rouen<\/strong>&nbsp;<\/p>\n\n\n\n<p>Dipl\u00f4m\u00e9 de l&rsquo;universit\u00e9 Paris-Sorbonne et de l&rsquo;INP, Nicolas&nbsp;Hatot&nbsp;est conservateur du patrimoine en charge des collections m\u00e9di\u00e9vales et Renaissance du mus\u00e9e des Antiquit\u00e9s de Rouen. Sp\u00e9cialiste des objets d&rsquo;arts du Moyen \u00c2ge, il a \u00e0 son actif de nombreuses publications sur l&rsquo;orf\u00e8vrerie, les \u00e9maux, le verre et les ivoires. Il a re\u00e7u en 2016 le&nbsp;Student&nbsp;Essay&nbsp;Award&nbsp;de l&rsquo;ICMA (New York) pour ses recherches sur le cristal carolingien du Bapt\u00eame du Christ, conserv\u00e9 \u00e0 Rouen. Il enseigne en outre \u00e0 l&rsquo;Ecole du Louvre l&rsquo;histoire de l&rsquo;art du Moyen \u00c2ge et de Byzance. Il fut \u00e9galement commissaire des expositions&nbsp;<em>Tr\u00e9sors enlumin\u00e9s de Normandie en<\/em>&nbsp;partenariat avec l&rsquo;INHA et l&rsquo;IRHT,&nbsp;<em>Savants et Croyants. Les juifs d&rsquo;Europe du Nord au Moyen \u00c2ge<\/em>, en partenariat avec l&rsquo;EPHE, ou encore&nbsp;<em>Normands. Migrants. Conqu\u00e9rants. Innovateurs<\/em>, en partenariat avec le&nbsp;Reiss-Engelhorn-Museen&nbsp;de Mannheim.&nbsp;&nbsp;&nbsp;<\/p>\n\n\n\n<p><\/p>\n\n\n\n<p><strong>Claire&nbsp;Leboss\u00e9, directrice conservatrice du mus\u00e9e des Beaux-Arts de Caen et directrice adjointe du site du Ch\u00e2teau&nbsp;<\/strong>&nbsp;<\/p>\n\n\n\n<p>Claire&nbsp;Leboss\u00e9&nbsp;est directrice conservatrice du mus\u00e9e des Beaux-arts de Caen et directrice adjointe du site du Ch\u00e2teau depuis novembre 2025. Elle \u00e9tait auparavant conservatrice responsable des collections d\u2019art moderne du Mus\u00e9e d\u2019arts de Nantes depuis 2011. Durant ces 14 ann\u00e9es, elle a notamment jou\u00e9 un r\u00f4le clef dans la red\u00e9finition du mus\u00e9e \u00e0 l\u2019occasion de ses travaux d\u2019extension et de r\u00e9novation, men\u00e9 une ambitieuse politique d\u2019acquisition en particulier en direction des artistes femmes associ\u00e9es au surr\u00e9alisme, et con\u00e7u et coordonn\u00e9 des expositions de grande envergure, associant rigueur scientifique et souci des publics.&nbsp;<\/p>\n\n\n\n<p><\/p>\n\n\n\n<p><strong>Florent Molle, conservateur en chef du patrimoine et directeur du mus\u00e9e de la Coutellerie \u00e0 Thiers<\/strong>&nbsp;<\/p>\n\n\n\n<p>Conservateur en chef du patrimoine, Florent Molle est directeur du mus\u00e9e de la Coutellerie de Thiers (Puy-de-D\u00f4me). Anthropologue de formation, il a exerc\u00e9 au&nbsp;Mucem&nbsp;(mus\u00e9e des civilisations de l\u2019Europe et de la M\u00e9diterran\u00e9e) puis au mus\u00e9e d\u2019art moderne et contemporain de Saint-\u00c9tienne M\u00e9tropole. Il a soutenu en 2023 une th\u00e8se consacr\u00e9e \u00e0 la participation des communaut\u00e9s et \u00e0 l\u2019universalisme des mus\u00e9es. Depuis 2025, il est membre du bureau de la F\u00e9d\u00e9ration des \u00e9comus\u00e9es et mus\u00e9es de soci\u00e9t\u00e9 (FEMS).&nbsp;<\/p>\n\n\n\n<p><\/p>\n\n\n\n<p><strong>Andr\u00e9a Pares, directrice conservatrice du mus\u00e9um d&rsquo;histoire naturelle du d\u00e9partement du Var&nbsp;\u00e0 Toulon<\/strong>&nbsp;<\/p>\n\n\n\n<p>Andr\u00e9a Pares occupe actuellement le poste de directrice du Mus\u00e9um d\u2019histoire naturelle du d\u00e9partement du Var, \u00e0 Toulon, o\u00f9 elle pilote le projet de r\u00e9novation et d\u2019agrandissement du parcours de visite ainsi que le chantier des collections. Titulaire d\u2019un doctorat en arch\u00e9ologie et environnement de l\u2019universit\u00e9 Paris 1 \/ MNHN, elle s\u2019est sp\u00e9cialis\u00e9e en conservation du patrimoine scientifique via l\u2019INP (promotion Sarah Bernhardt). Souhaitant s\u2019impliquer davantage dans les probl\u00e9matiques de conservation des objets de sciences naturelles, de recherche et de patrimoine, elle anime le r\u00e9seau de l\u2019ICOM NATHIST et participe \u00e0 des programmes de recherche pilot\u00e9s par le MNHN.&nbsp;<\/p>\n\n\n\n<p><\/p>\n\n\n\n<p><strong>Romy&nbsp;Wyche, directrice du mus\u00e9e d\u00e9partemental Arles Antique<\/strong>&nbsp;<\/p>\n\n\n\n<p>Romy&nbsp;Wyche&nbsp;est historienne de l\u2019art et arch\u00e9ologue, sp\u00e9cialiste de l\u2019Antiquit\u00e9 romaine. Apr\u00e8s une carri\u00e8re de chercheuse au sein d\u2019institutions universitaires internationales, elle dirige aujourd\u2019hui le Mus\u00e9e d\u00e9partemental Arles antique. Son parcours s\u2019inscrit \u00e0 la crois\u00e9e de la recherche, des mus\u00e9es et de la transmission des savoirs.&nbsp;<\/p>\n\n\n\n<p><\/p>\n\n\n\n<p><\/p>\n","protected":false},"featured_media":7653723,"menu_order":0,"template":"","app_discipline":[280],"app_city_tax":[268,271,270,272,267,264,273,276,274],"app_professional_category":[304],"app_professional_content_type":[302],"class_list":["post-7599116","app_professional","type-app_professional","status-publish","has-post-thumbnail","hentry","app_discipline-musees-fr","app_city_tax-atl-fr","app_city_tax-chi-fr","app_city_tax-hou-fr","app_city_tax-nola-fr","app_city_tax-la-fr","app_city_tax-nyc-fr","app_city_tax-sf-fr","app_city_tax-toutes-les-villes-fr","app_city_tax-dc-fr","app_professional_category-musees-patrimoine-fr","app_professional_content_type-news-fr"],"acf":[],"yoast_head":"<!-- This site is optimized with the Yoast SEO plugin v27.3 - https:\/\/yoast.com\/product\/yoast-seo-wordpress\/ -->\n<title>Pr\u00e9sentation des laur\u00e9ats fran\u00e7ais 2026 de\u00a0Museums\u00a0Next\u00a0Generation\u00a0 - Villa Albertine<\/title>\n<meta name=\"robots\" content=\"index, follow, max-snippet:-1, max-image-preview:large, max-video-preview:-1\" \/>\n<link rel=\"canonical\" href=\"https:\/\/villa-albertine.org\/va\/fr\/professionals\/presentation-des-laureats-francais-2026-de-museums-next-generation\/\" \/>\n<meta property=\"og:locale\" content=\"fr_FR\" \/>\n<meta property=\"og:type\" content=\"article\" \/>\n<meta property=\"og:title\" content=\"Pr\u00e9sentation des laur\u00e9ats fran\u00e7ais 2026 de\u00a0Museums\u00a0Next\u00a0Generation\u00a0 - Villa Albertine\" \/>\n<meta property=\"og:description\" content=\"Lanc\u00e9 en 2023,&nbsp;Museums&nbsp;Next&nbsp;Generation&nbsp;est un programme d\u2019immersion et d\u2019acc\u00e9l\u00e9ration professionnelles con\u00e7u pour favoriser le dialogue et la collaboration entre conservateurs fran\u00e7ais et am\u00e9ricains. Chaque ann\u00e9e, le programme propose aux participants fran\u00e7ais une exp\u00e9rience immersive de deux semaines aux \u00c9tats-Unis, tandis que des conservateurs am\u00e9ricains prennent part \u00e0 un \u00e9change de dix jours en France, \u00e0 la...\" \/>\n<meta property=\"og:url\" content=\"https:\/\/villa-albertine.org\/va\/fr\/professionals\/presentation-des-laureats-francais-2026-de-museums-next-generation\/\" \/>\n<meta property=\"og:site_name\" content=\"Villa Albertine\" \/>\n<meta property=\"article:modified_time\" content=\"2026-01-09T22:17:53+00:00\" \/>\n<meta property=\"og:image\" content=\"https:\/\/villa-albertine.org\/wp-content\/uploads\/2026\/01\/MNG-French-Laureates-Article2-e1767995982920-1024x721.png\" \/>\n\t<meta property=\"og:image:width\" content=\"1024\" \/>\n\t<meta property=\"og:image:height\" content=\"721\" \/>\n\t<meta property=\"og:image:type\" content=\"image\/png\" \/>\n<meta name=\"twitter:card\" content=\"summary_large_image\" \/>\n<meta name=\"twitter:label1\" content=\"Dur\u00e9e de lecture estim\u00e9e\" \/>\n\t<meta name=\"twitter:data1\" content=\"5 minutes\" \/>\n<script type=\"application\/ld+json\" class=\"yoast-schema-graph\">{\"@context\":\"https:\\\/\\\/schema.org\",\"@graph\":[{\"@type\":\"WebPage\",\"@id\":\"https:\\\/\\\/villa-albertine.org\\\/va\\\/fr\\\/professionals\\\/presentation-des-laureats-francais-2026-de-museums-next-generation\\\/\",\"url\":\"https:\\\/\\\/villa-albertine.org\\\/va\\\/fr\\\/professionals\\\/presentation-des-laureats-francais-2026-de-museums-next-generation\\\/\",\"name\":\"Pr\u00e9sentation des laur\u00e9ats fran\u00e7ais 2026 de\u00a0Museums\u00a0Next\u00a0Generation\u00a0 - Villa Albertine\",\"isPartOf\":{\"@id\":\"https:\\\/\\\/villa-albertine.org\\\/va\\\/fr\\\/#website\"},\"primaryImageOfPage\":{\"@id\":\"https:\\\/\\\/villa-albertine.org\\\/va\\\/fr\\\/professionals\\\/presentation-des-laureats-francais-2026-de-museums-next-generation\\\/#primaryimage\"},\"image\":{\"@id\":\"https:\\\/\\\/villa-albertine.org\\\/va\\\/fr\\\/professionals\\\/presentation-des-laureats-francais-2026-de-museums-next-generation\\\/#primaryimage\"},\"thumbnailUrl\":\"https:\\\/\\\/villa-albertine.org\\\/wp-content\\\/uploads\\\/2026\\\/01\\\/Teemu008-WikiCommons-1.jpg\",\"datePublished\":\"2026-01-09T22:01:12+00:00\",\"dateModified\":\"2026-01-09T22:17:53+00:00\",\"breadcrumb\":{\"@id\":\"https:\\\/\\\/villa-albertine.org\\\/va\\\/fr\\\/professionals\\\/presentation-des-laureats-francais-2026-de-museums-next-generation\\\/#breadcrumb\"},\"inLanguage\":\"fr-FR\",\"potentialAction\":[{\"@type\":\"ReadAction\",\"target\":[\"https:\\\/\\\/villa-albertine.org\\\/va\\\/fr\\\/professionals\\\/presentation-des-laureats-francais-2026-de-museums-next-generation\\\/\"]}]},{\"@type\":\"ImageObject\",\"inLanguage\":\"fr-FR\",\"@id\":\"https:\\\/\\\/villa-albertine.org\\\/va\\\/fr\\\/professionals\\\/presentation-des-laureats-francais-2026-de-museums-next-generation\\\/#primaryimage\",\"url\":\"https:\\\/\\\/villa-albertine.org\\\/wp-content\\\/uploads\\\/2026\\\/01\\\/Teemu008-WikiCommons-1.jpg\",\"contentUrl\":\"https:\\\/\\\/villa-albertine.org\\\/wp-content\\\/uploads\\\/2026\\\/01\\\/Teemu008-WikiCommons-1.jpg\",\"width\":912,\"height\":458},{\"@type\":\"BreadcrumbList\",\"@id\":\"https:\\\/\\\/villa-albertine.org\\\/va\\\/fr\\\/professionals\\\/presentation-des-laureats-francais-2026-de-museums-next-generation\\\/#breadcrumb\",\"itemListElement\":[{\"@type\":\"ListItem\",\"position\":1,\"name\":\"Home\",\"item\":\"https:\\\/\\\/villa-albertine.org\\\/va\\\/fr\\\/home\\\/\"},{\"@type\":\"ListItem\",\"position\":2,\"name\":\"Pr\u00e9sentation des laur\u00e9ats fran\u00e7ais 2026 de\u00a0Museums\u00a0Next\u00a0Generation\u00a0\"}]},{\"@type\":\"WebSite\",\"@id\":\"https:\\\/\\\/villa-albertine.org\\\/va\\\/fr\\\/#website\",\"url\":\"https:\\\/\\\/villa-albertine.org\\\/va\\\/fr\\\/\",\"name\":\"Villa Albertine\",\"description\":\"\",\"potentialAction\":[{\"@type\":\"SearchAction\",\"target\":{\"@type\":\"EntryPoint\",\"urlTemplate\":\"https:\\\/\\\/villa-albertine.org\\\/va\\\/fr\\\/?s={search_term_string}\"},\"query-input\":{\"@type\":\"PropertyValueSpecification\",\"valueRequired\":true,\"valueName\":\"search_term_string\"}}],\"inLanguage\":\"fr-FR\"}]}<\/script>\n<!-- \/ Yoast SEO plugin. -->","yoast_head_json":{"title":"Pr\u00e9sentation des laur\u00e9ats fran\u00e7ais 2026 de\u00a0Museums\u00a0Next\u00a0Generation\u00a0 - Villa Albertine","robots":{"index":"index","follow":"follow","max-snippet":"max-snippet:-1","max-image-preview":"max-image-preview:large","max-video-preview":"max-video-preview:-1"},"canonical":"https:\/\/villa-albertine.org\/va\/fr\/professionals\/presentation-des-laureats-francais-2026-de-museums-next-generation\/","og_locale":"fr_FR","og_type":"article","og_title":"Pr\u00e9sentation des laur\u00e9ats fran\u00e7ais 2026 de\u00a0Museums\u00a0Next\u00a0Generation\u00a0 - Villa Albertine","og_description":"Lanc\u00e9 en 2023,&nbsp;Museums&nbsp;Next&nbsp;Generation&nbsp;est un programme d\u2019immersion et d\u2019acc\u00e9l\u00e9ration professionnelles con\u00e7u pour favoriser le dialogue et la collaboration entre conservateurs fran\u00e7ais et am\u00e9ricains. Chaque ann\u00e9e, le programme propose aux participants fran\u00e7ais une exp\u00e9rience immersive de deux semaines aux \u00c9tats-Unis, tandis que des conservateurs am\u00e9ricains prennent part \u00e0 un \u00e9change de dix jours en France, \u00e0 la...","og_url":"https:\/\/villa-albertine.org\/va\/fr\/professionals\/presentation-des-laureats-francais-2026-de-museums-next-generation\/","og_site_name":"Villa Albertine","article_modified_time":"2026-01-09T22:17:53+00:00","og_image":[{"width":1024,"height":721,"url":"https:\/\/villa-albertine.org\/wp-content\/uploads\/2026\/01\/MNG-French-Laureates-Article2-e1767995982920-1024x721.png","type":"image\/png"}],"twitter_card":"summary_large_image","twitter_misc":{"Dur\u00e9e de lecture estim\u00e9e":"5 minutes"},"schema":{"@context":"https:\/\/schema.org","@graph":[{"@type":"WebPage","@id":"https:\/\/villa-albertine.org\/va\/fr\/professionals\/presentation-des-laureats-francais-2026-de-museums-next-generation\/","url":"https:\/\/villa-albertine.org\/va\/fr\/professionals\/presentation-des-laureats-francais-2026-de-museums-next-generation\/","name":"Pr\u00e9sentation des laur\u00e9ats fran\u00e7ais 2026 de\u00a0Museums\u00a0Next\u00a0Generation\u00a0 - Villa Albertine","isPartOf":{"@id":"https:\/\/villa-albertine.org\/va\/fr\/#website"},"primaryImageOfPage":{"@id":"https:\/\/villa-albertine.org\/va\/fr\/professionals\/presentation-des-laureats-francais-2026-de-museums-next-generation\/#primaryimage"},"image":{"@id":"https:\/\/villa-albertine.org\/va\/fr\/professionals\/presentation-des-laureats-francais-2026-de-museums-next-generation\/#primaryimage"},"thumbnailUrl":"https:\/\/villa-albertine.org\/wp-content\/uploads\/2026\/01\/Teemu008-WikiCommons-1.jpg","datePublished":"2026-01-09T22:01:12+00:00","dateModified":"2026-01-09T22:17:53+00:00","breadcrumb":{"@id":"https:\/\/villa-albertine.org\/va\/fr\/professionals\/presentation-des-laureats-francais-2026-de-museums-next-generation\/#breadcrumb"},"inLanguage":"fr-FR","potentialAction":[{"@type":"ReadAction","target":["https:\/\/villa-albertine.org\/va\/fr\/professionals\/presentation-des-laureats-francais-2026-de-museums-next-generation\/"]}]},{"@type":"ImageObject","inLanguage":"fr-FR","@id":"https:\/\/villa-albertine.org\/va\/fr\/professionals\/presentation-des-laureats-francais-2026-de-museums-next-generation\/#primaryimage","url":"https:\/\/villa-albertine.org\/wp-content\/uploads\/2026\/01\/Teemu008-WikiCommons-1.jpg","contentUrl":"https:\/\/villa-albertine.org\/wp-content\/uploads\/2026\/01\/Teemu008-WikiCommons-1.jpg","width":912,"height":458},{"@type":"BreadcrumbList","@id":"https:\/\/villa-albertine.org\/va\/fr\/professionals\/presentation-des-laureats-francais-2026-de-museums-next-generation\/#breadcrumb","itemListElement":[{"@type":"ListItem","position":1,"name":"Home","item":"https:\/\/villa-albertine.org\/va\/fr\/home\/"},{"@type":"ListItem","position":2,"name":"Pr\u00e9sentation des laur\u00e9ats fran\u00e7ais 2026 de\u00a0Museums\u00a0Next\u00a0Generation\u00a0"}]},{"@type":"WebSite","@id":"https:\/\/villa-albertine.org\/va\/fr\/#website","url":"https:\/\/villa-albertine.org\/va\/fr\/","name":"Villa Albertine","description":"","potentialAction":[{"@type":"SearchAction","target":{"@type":"EntryPoint","urlTemplate":"https:\/\/villa-albertine.org\/va\/fr\/?s={search_term_string}"},"query-input":{"@type":"PropertyValueSpecification","valueRequired":true,"valueName":"search_term_string"}}],"inLanguage":"fr-FR"}]}},"_links":{"self":[{"href":"https:\/\/villa-albertine.org\/va\/fr\/wp-json\/wp\/v2\/app_professional\/7599116","targetHints":{"allow":["GET"]}}],"collection":[{"href":"https:\/\/villa-albertine.org\/va\/fr\/wp-json\/wp\/v2\/app_professional"}],"about":[{"href":"https:\/\/villa-albertine.org\/va\/fr\/wp-json\/wp\/v2\/types\/app_professional"}],"wp:featuredmedia":[{"embeddable":true,"href":"https:\/\/villa-albertine.org\/va\/fr\/wp-json\/wp\/v2\/media\/7653723"}],"wp:attachment":[{"href":"https:\/\/villa-albertine.org\/va\/fr\/wp-json\/wp\/v2\/media?parent=7599116"}],"wp:term":[{"taxonomy":"app_discipline","embeddable":true,"href":"https:\/\/villa-albertine.org\/va\/fr\/wp-json\/wp\/v2\/app_discipline?post=7599116"},{"taxonomy":"app_city_tax","embeddable":true,"href":"https:\/\/villa-albertine.org\/va\/fr\/wp-json\/wp\/v2\/app_city_tax?post=7599116"},{"taxonomy":"app_professional_category","embeddable":true,"href":"https:\/\/villa-albertine.org\/va\/fr\/wp-json\/wp\/v2\/app_professional_category?post=7599116"},{"taxonomy":"app_professional_content_type","embeddable":true,"href":"https:\/\/villa-albertine.org\/va\/fr\/wp-json\/wp\/v2\/app_professional_content_type?post=7599116"}],"curies":[{"name":"wp","href":"https:\/\/api.w.org\/{rel}","templated":true}]}}