{"id":64019,"date":"2023-04-12T18:22:43","date_gmt":"2023-04-12T18:22:43","guid":{"rendered":"https:\/\/villa-albertine.org\/professionals\/2023-grantees-fused-2\/"},"modified":"2023-08-23T08:11:18","modified_gmt":"2023-08-23T08:11:18","slug":"2023-grantees-fused","status":"publish","type":"app_professional","link":"https:\/\/villa-albertine.org\/va\/fr\/professionals\/2023-grantees-fused\/","title":{"rendered":"Les laur\u00e9ats 2023 du programme FUSED annonc\u00e9s"},"content":{"rendered":"<p>Le programme FUSED favorise le dialogue, renforce les relations entre professionnels du secteur et stimule la cr\u00e9ativit\u00e9 artistique en mettant en relation et en soutenant des institutions de renom et des chor\u00e9graphes et interpr\u00e8tes contemporains de France, du continent africain, des Cara\u00efbes et du Moyen-Orient.\u00a0Les bourses soutiennent \u00e0 la fois la cr\u00e9ation et la diffusion de nouvelles productions.<\/p>\n<p>Cette ann\u00e9e, 206 000 dollars ont \u00e9t\u00e9 allou\u00e9s \u00e0 16 projets comme suit :<\/p>\n<ul>\n<li>\n<h3><strong>\u00a0CCN Ballet de Lorraine\u00a0\u00a0<\/strong><\/h3>\n<\/li>\n<\/ul>\n<p>NYU Skirball, New York\u00a0<\/p>\n<p>21-22 avril 2023<\/p>\n<ul>\n<li>\n<h3><strong>Pixel &#8211; Compagnie K\u00e4fig &#8211; Mourad Merzouki en collaboration avec Adrien M &amp; Claire B\u00a0<\/strong><\/h3>\n<\/li>\n<\/ul>\n<p>Jacob&rsquo;s Pillow Dance Festival, Lenox, MA\u00a0<\/p>\n<p>24-27 ao\u00fbt, 2023\u00a0\u00a0<\/p>\n<p>John F. Kennedy Center for the Performing Arts, Kennedy Center\u00a0<\/p>\n<p>30 ao\u00fbt\u00a0 \u2013 1er septembre\u00a0 2023\u00a0<\/p>\n<ul>\n<li>\n<h3><strong>Fusion Concept: France &#8211; USA Dance Exchange Program\u00a0\u00a0<\/strong><\/h3>\n<\/li>\n<\/ul>\n<p>Ghetto Style Movement\u00a0<\/p>\n<p>En ao\u00fbt \u00e0 Paris et en novembre \u00e0 Atlanta\u00a0<\/p>\n<ul>\n<li>\n<h3><strong>The White Project &#8211; Thierry Thieu Niang et Anne Mourier\u00a0<\/strong><\/h3>\n<\/li>\n<\/ul>\n<p>The Invisible Dog Art Center, Brooklyn, NY\u00a0\u00a0<\/p>\n<p>Ao\u00fbt-Septembre 2023\u00a0<\/p>\n<ul>\n<li>\n<h3>\u00a0Pode Ser\u00a0|\u00a0C\u2019est toi qu&rsquo;on adore\u00a0| Bouff\u00e9es<strong>\u00a0&#8211; Le\u00efla Ka\u00a0\u00a0<\/strong><\/h3>\n<\/li>\n<\/ul>\n<p>University of Rochester, Program of Dance and Movement\u00a0<\/p>\n<p>9-17 septembre 2023\u00a0<\/p>\n<ul>\n<li>\n<h3><strong>An Immigrant\u2019s Story &#8211; Wanjiru Kamuyu\u00a0<\/strong><\/h3>\n<\/li>\n<\/ul>\n<p>CaminAktion for WK Collective\u00a0\u00a0<\/p>\n<p>En tourn\u00e9e: Princeton University-Seul en sc\u00e8ne Festival, PS21 Chatham, The Chocolate Factory Theater, NY\u00a0<\/p>\n<p>Septembre 2023\u00a0<\/p>\n<ul>\n<li>\n<h3><strong>Sourci\u00e8res &#8211; for an environmental and feminist history of dance \u2013 Anne Collod\u00a0<\/strong><\/h3>\n<\/li>\n<\/ul>\n<p>&#8230; &amp; Alters Company en partenariat avec PS21, Chatham, NY pour une r\u00e9sidence cr\u00e9ative<\/p>\n<p>Octobre 2023\u00a0<\/p>\n<ul>\n<li>\n<h3><strong>Nevertwentyone &#8211;\u00a0 Sma\u00efl Kanout\u00e9 &#8211; Compagnie Vivons\u00a0<\/strong><\/h3>\n<\/li>\n<\/ul>\n<p>En tourn\u00e9e dans 5 villes: FIAF, New York, PS21, Chatham, MIFA, Holyoke, et Duke U., Durham\u00a0<\/p>\n<p>Septembre-Octobre 2023\u00a0<\/p>\n<ul>\n<li>\n<h3><strong>L&rsquo;Etang &#8211; Gisele Vienne \u00a0<\/strong><\/h3>\n<\/li>\n<\/ul>\n<p>PS21, Chatham, NY\u00a0<\/p>\n<p>12-16 octobre 2023<\/p>\n<ul>\n<li>\n<h3><strong>Corps Extr\u00eames &#8211; Rachid Ouramdane and Cie XY\u00a0<\/strong><\/h3>\n<\/li>\n<\/ul>\n<p>Brooklyn Academy of Music (BAM)\u00a0<\/p>\n<p>Octobre 2023\u00a0<\/p>\n<ul>\n<li>\n<h3><strong>L\u2019onde &#8211; Nacera Belaza\u00a0\u00a0<\/strong><\/h3>\n<\/li>\n<\/ul>\n<p>Tourn\u00e9e dans trois villes incluant une date au Wesleyan Center for the Arts &#8211; Wesleyan University\u00a0<\/p>\n<p>Octobre 2023\u00a0<\/p>\n<ul>\n<li>\n<h3><strong>O Samba Do Crioulo Doido &#8211; Calixto Neto \u2013 Luiz de Abreu\u00a0<\/strong><\/h3>\n<\/li>\n<\/ul>\n<p>NYU, Department of Performance Studies, New York\u00a0<\/p>\n<p>9-13 octobre 2023<\/p>\n<ul>\n<li>\n<h3><strong>Takemehome &#8211; Dimitri Chamblas et Kim Gordon\u00a0<\/strong><\/h3>\n<\/li>\n<\/ul>\n<p>En tourn\u00e9e: RedCat, Los Angeles &#8211; Fort Mason, San Francisco<\/p>\n<p>Novembre 2023<\/p>\n<ul>\n<li>\n<h3><strong>Unisson and Rush &#8211; Ashley Chen \u2013 Compagnie Kashyl\u00a0<\/strong><\/h3>\n<\/li>\n<\/ul>\n<p>La Mama Theater, New York, NY\u00a0<\/p>\n<p>14 novembre &#8211; 9 d\u00e9cembre 2023\u00a0<\/p>\n<p>\u00a0<\/p>\n<p>\u00a0<\/p>\n","protected":false},"featured_media":61765,"menu_order":0,"template":"","app_discipline":[275],"app_city_tax":[264,276],"app_professional_category":[303],"app_professional_content_type":[302],"class_list":["post-64019","app_professional","type-app_professional","status-publish","has-post-thumbnail","hentry","app_discipline-arts-de-la-scene-fr","app_city_tax-nyc-fr","app_city_tax-toutes-les-villes-fr","app_professional_category-arts-de-la-scene-fr","app_professional_content_type-news-fr"],"acf":[],"yoast_head":"<!-- This site is optimized with the Yoast SEO plugin v27.3 - https:\/\/yoast.com\/product\/yoast-seo-wordpress\/ -->\n<title>Les laur\u00e9ats 2023 du programme FUSED annonc\u00e9s - Villa Albertine<\/title>\n<meta name=\"robots\" content=\"index, follow, max-snippet:-1, max-image-preview:large, max-video-preview:-1\" \/>\n<link rel=\"canonical\" href=\"https:\/\/villa-albertine.org\/va\/fr\/professionals\/2023-grantees-fused\/\" \/>\n<meta property=\"og:locale\" content=\"fr_FR\" \/>\n<meta property=\"og:type\" content=\"article\" \/>\n<meta property=\"og:title\" content=\"Les laur\u00e9ats 2023 du programme FUSED annonc\u00e9s - Villa Albertine\" \/>\n<meta property=\"og:description\" content=\"Le programme FUSED favorise le dialogue, renforce les relations entre professionnels du secteur et stimule la cr\u00e9ativit\u00e9 artistique en mettant en relation et en soutenant des institutions de renom et des chor\u00e9graphes et interpr\u00e8tes contemporains de France, du continent africain, des Cara\u00efbes et du Moyen-Orient.\u00a0Les bourses soutiennent \u00e0 la fois la cr\u00e9ation et la diffusion...\" \/>\n<meta property=\"og:url\" content=\"https:\/\/villa-albertine.org\/va\/fr\/professionals\/2023-grantees-fused\/\" \/>\n<meta property=\"og:site_name\" content=\"Villa Albertine\" \/>\n<meta property=\"article:modified_time\" content=\"2023-08-23T08:11:18+00:00\" \/>\n<meta property=\"og:image\" content=\"https:\/\/villa-albertine.org\/wp-content\/uploads\/2023\/08\/Pixel20-20Compagnie20KC3A4fig20C2A920Laurent20Philippe.jpg\" \/>\n\t<meta property=\"og:image:width\" content=\"1257\" \/>\n\t<meta property=\"og:image:height\" content=\"836\" \/>\n\t<meta property=\"og:image:type\" content=\"image\/jpeg\" \/>\n<meta name=\"twitter:card\" content=\"summary_large_image\" \/>\n<meta name=\"twitter:label1\" content=\"Dur\u00e9e de lecture estim\u00e9e\" \/>\n\t<meta name=\"twitter:data1\" content=\"2 minutes\" \/>\n<script type=\"application\/ld+json\" class=\"yoast-schema-graph\">{\"@context\":\"https:\\\/\\\/schema.org\",\"@graph\":[{\"@type\":\"WebPage\",\"@id\":\"https:\\\/\\\/villa-albertine.org\\\/va\\\/fr\\\/professionals\\\/2023-grantees-fused\\\/\",\"url\":\"https:\\\/\\\/villa-albertine.org\\\/va\\\/fr\\\/professionals\\\/2023-grantees-fused\\\/\",\"name\":\"Les laur\u00e9ats 2023 du programme FUSED annonc\u00e9s - Villa Albertine\",\"isPartOf\":{\"@id\":\"https:\\\/\\\/villa-albertine.org\\\/va\\\/fr\\\/#website\"},\"primaryImageOfPage\":{\"@id\":\"https:\\\/\\\/villa-albertine.org\\\/va\\\/fr\\\/professionals\\\/2023-grantees-fused\\\/#primaryimage\"},\"image\":{\"@id\":\"https:\\\/\\\/villa-albertine.org\\\/va\\\/fr\\\/professionals\\\/2023-grantees-fused\\\/#primaryimage\"},\"thumbnailUrl\":\"https:\\\/\\\/villa-albertine.org\\\/wp-content\\\/uploads\\\/2023\\\/08\\\/Pixel20-20Compagnie20KC3A4fig20C2A920Laurent20Philippe.jpg\",\"datePublished\":\"2023-04-12T18:22:43+00:00\",\"dateModified\":\"2023-08-23T08:11:18+00:00\",\"breadcrumb\":{\"@id\":\"https:\\\/\\\/villa-albertine.org\\\/va\\\/fr\\\/professionals\\\/2023-grantees-fused\\\/#breadcrumb\"},\"inLanguage\":\"fr-FR\",\"potentialAction\":[{\"@type\":\"ReadAction\",\"target\":[\"https:\\\/\\\/villa-albertine.org\\\/va\\\/fr\\\/professionals\\\/2023-grantees-fused\\\/\"]}]},{\"@type\":\"ImageObject\",\"inLanguage\":\"fr-FR\",\"@id\":\"https:\\\/\\\/villa-albertine.org\\\/va\\\/fr\\\/professionals\\\/2023-grantees-fused\\\/#primaryimage\",\"url\":\"https:\\\/\\\/villa-albertine.org\\\/wp-content\\\/uploads\\\/2023\\\/08\\\/Pixel20-20Compagnie20KC3A4fig20C2A920Laurent20Philippe.jpg\",\"contentUrl\":\"https:\\\/\\\/villa-albertine.org\\\/wp-content\\\/uploads\\\/2023\\\/08\\\/Pixel20-20Compagnie20KC3A4fig20C2A920Laurent20Philippe.jpg\",\"width\":1257,\"height\":836},{\"@type\":\"BreadcrumbList\",\"@id\":\"https:\\\/\\\/villa-albertine.org\\\/va\\\/fr\\\/professionals\\\/2023-grantees-fused\\\/#breadcrumb\",\"itemListElement\":[{\"@type\":\"ListItem\",\"position\":1,\"name\":\"Home\",\"item\":\"https:\\\/\\\/villa-albertine.org\\\/va\\\/fr\\\/home\\\/\"},{\"@type\":\"ListItem\",\"position\":2,\"name\":\"Les laur\u00e9ats 2023 du programme FUSED annonc\u00e9s\"}]},{\"@type\":\"WebSite\",\"@id\":\"https:\\\/\\\/villa-albertine.org\\\/va\\\/fr\\\/#website\",\"url\":\"https:\\\/\\\/villa-albertine.org\\\/va\\\/fr\\\/\",\"name\":\"Villa Albertine\",\"description\":\"\",\"potentialAction\":[{\"@type\":\"SearchAction\",\"target\":{\"@type\":\"EntryPoint\",\"urlTemplate\":\"https:\\\/\\\/villa-albertine.org\\\/va\\\/fr\\\/?s={search_term_string}\"},\"query-input\":{\"@type\":\"PropertyValueSpecification\",\"valueRequired\":true,\"valueName\":\"search_term_string\"}}],\"inLanguage\":\"fr-FR\"}]}<\/script>\n<!-- \/ Yoast SEO plugin. -->","yoast_head_json":{"title":"Les laur\u00e9ats 2023 du programme FUSED annonc\u00e9s - Villa Albertine","robots":{"index":"index","follow":"follow","max-snippet":"max-snippet:-1","max-image-preview":"max-image-preview:large","max-video-preview":"max-video-preview:-1"},"canonical":"https:\/\/villa-albertine.org\/va\/fr\/professionals\/2023-grantees-fused\/","og_locale":"fr_FR","og_type":"article","og_title":"Les laur\u00e9ats 2023 du programme FUSED annonc\u00e9s - Villa Albertine","og_description":"Le programme FUSED favorise le dialogue, renforce les relations entre professionnels du secteur et stimule la cr\u00e9ativit\u00e9 artistique en mettant en relation et en soutenant des institutions de renom et des chor\u00e9graphes et interpr\u00e8tes contemporains de France, du continent africain, des Cara\u00efbes et du Moyen-Orient.\u00a0Les bourses soutiennent \u00e0 la fois la cr\u00e9ation et la diffusion...","og_url":"https:\/\/villa-albertine.org\/va\/fr\/professionals\/2023-grantees-fused\/","og_site_name":"Villa Albertine","article_modified_time":"2023-08-23T08:11:18+00:00","og_image":[{"width":1257,"height":836,"url":"https:\/\/villa-albertine.org\/wp-content\/uploads\/2023\/08\/Pixel20-20Compagnie20KC3A4fig20C2A920Laurent20Philippe.jpg","type":"image\/jpeg"}],"twitter_card":"summary_large_image","twitter_misc":{"Dur\u00e9e de lecture estim\u00e9e":"2 minutes"},"schema":{"@context":"https:\/\/schema.org","@graph":[{"@type":"WebPage","@id":"https:\/\/villa-albertine.org\/va\/fr\/professionals\/2023-grantees-fused\/","url":"https:\/\/villa-albertine.org\/va\/fr\/professionals\/2023-grantees-fused\/","name":"Les laur\u00e9ats 2023 du programme FUSED annonc\u00e9s - Villa Albertine","isPartOf":{"@id":"https:\/\/villa-albertine.org\/va\/fr\/#website"},"primaryImageOfPage":{"@id":"https:\/\/villa-albertine.org\/va\/fr\/professionals\/2023-grantees-fused\/#primaryimage"},"image":{"@id":"https:\/\/villa-albertine.org\/va\/fr\/professionals\/2023-grantees-fused\/#primaryimage"},"thumbnailUrl":"https:\/\/villa-albertine.org\/wp-content\/uploads\/2023\/08\/Pixel20-20Compagnie20KC3A4fig20C2A920Laurent20Philippe.jpg","datePublished":"2023-04-12T18:22:43+00:00","dateModified":"2023-08-23T08:11:18+00:00","breadcrumb":{"@id":"https:\/\/villa-albertine.org\/va\/fr\/professionals\/2023-grantees-fused\/#breadcrumb"},"inLanguage":"fr-FR","potentialAction":[{"@type":"ReadAction","target":["https:\/\/villa-albertine.org\/va\/fr\/professionals\/2023-grantees-fused\/"]}]},{"@type":"ImageObject","inLanguage":"fr-FR","@id":"https:\/\/villa-albertine.org\/va\/fr\/professionals\/2023-grantees-fused\/#primaryimage","url":"https:\/\/villa-albertine.org\/wp-content\/uploads\/2023\/08\/Pixel20-20Compagnie20KC3A4fig20C2A920Laurent20Philippe.jpg","contentUrl":"https:\/\/villa-albertine.org\/wp-content\/uploads\/2023\/08\/Pixel20-20Compagnie20KC3A4fig20C2A920Laurent20Philippe.jpg","width":1257,"height":836},{"@type":"BreadcrumbList","@id":"https:\/\/villa-albertine.org\/va\/fr\/professionals\/2023-grantees-fused\/#breadcrumb","itemListElement":[{"@type":"ListItem","position":1,"name":"Home","item":"https:\/\/villa-albertine.org\/va\/fr\/home\/"},{"@type":"ListItem","position":2,"name":"Les laur\u00e9ats 2023 du programme FUSED annonc\u00e9s"}]},{"@type":"WebSite","@id":"https:\/\/villa-albertine.org\/va\/fr\/#website","url":"https:\/\/villa-albertine.org\/va\/fr\/","name":"Villa Albertine","description":"","potentialAction":[{"@type":"SearchAction","target":{"@type":"EntryPoint","urlTemplate":"https:\/\/villa-albertine.org\/va\/fr\/?s={search_term_string}"},"query-input":{"@type":"PropertyValueSpecification","valueRequired":true,"valueName":"search_term_string"}}],"inLanguage":"fr-FR"}]}},"_links":{"self":[{"href":"https:\/\/villa-albertine.org\/va\/fr\/wp-json\/wp\/v2\/app_professional\/64019","targetHints":{"allow":["GET"]}}],"collection":[{"href":"https:\/\/villa-albertine.org\/va\/fr\/wp-json\/wp\/v2\/app_professional"}],"about":[{"href":"https:\/\/villa-albertine.org\/va\/fr\/wp-json\/wp\/v2\/types\/app_professional"}],"wp:featuredmedia":[{"embeddable":true,"href":"https:\/\/villa-albertine.org\/va\/fr\/wp-json\/wp\/v2\/media\/61765"}],"wp:attachment":[{"href":"https:\/\/villa-albertine.org\/va\/fr\/wp-json\/wp\/v2\/media?parent=64019"}],"wp:term":[{"taxonomy":"app_discipline","embeddable":true,"href":"https:\/\/villa-albertine.org\/va\/fr\/wp-json\/wp\/v2\/app_discipline?post=64019"},{"taxonomy":"app_city_tax","embeddable":true,"href":"https:\/\/villa-albertine.org\/va\/fr\/wp-json\/wp\/v2\/app_city_tax?post=64019"},{"taxonomy":"app_professional_category","embeddable":true,"href":"https:\/\/villa-albertine.org\/va\/fr\/wp-json\/wp\/v2\/app_professional_category?post=64019"},{"taxonomy":"app_professional_content_type","embeddable":true,"href":"https:\/\/villa-albertine.org\/va\/fr\/wp-json\/wp\/v2\/app_professional_content_type?post=64019"}],"curies":[{"name":"wp","href":"https:\/\/api.w.org\/{rel}","templated":true}]}}