{"id":63996,"date":"2021-10-11T16:30:53","date_gmt":"2021-10-11T16:30:53","guid":{"rendered":"https:\/\/villa-albertine.org\/professionals\/portrait-fouad-boussouf-2\/"},"modified":"2023-08-23T08:11:17","modified_gmt":"2023-08-23T08:11:17","slug":"portrait-fouad-boussouf","status":"publish","type":"app_professional","link":"https:\/\/villa-albertine.org\/va\/fr\/professionals\/portrait-fouad-boussouf\/","title":{"rendered":"Portrait : Fouad Boussouf"},"content":{"rendered":"<p>Le chor\u00e9graphe\u00a0<strong>Fouad\u00a0Boussouf<\/strong>\u00a0et sa <strong>Compagnie Massala<\/strong> ont \u00e9t\u00e9 invit\u00e9s pour leur pi\u00e8ce transculturelle\u00a0<em>N\u00e4ss<\/em>\u00a0(le peuple en arabe) par le Joyce Theater de New York et le Global Arts Live de Boston o\u00f9 ils pourront, nous l&rsquo;esp\u00e9rons, se produire en 2021, tous deux avec le soutien d&rsquo;une subvention du programme FUSED 2020. Cr\u00e9\u00e9 en 2018 au P\u00f4le Culturel d&rsquo;Alfortville,\u00a0<em>N\u00e4ss<\/em>\u00a0a depuis tourn\u00e9 dans le monde entier dans des pays comme la Bulgarie (Aerowaves\u00a0Spring\u00a0Forward\u00a0Festival), les Pays-Bas (Festival Moving-Futures), l&rsquo;Allemagne (Festival Perspectives &amp;\u00a0Tanzfestival\u00a0Rhein-Main), le Royaume-Uni (Riley\u00a0Theatre), la Su\u00e8de (Norrlandsoperan\u00a0&amp; tourn\u00e9e avec\u00a0Dancenet\u00a0Sweden), la Norv\u00e8ge (Dansens\u00a0Hus) et la Chine (Beijing Dance Festival).\u00a0\u00a0<\/p>\n<p><strong><em>N\u00e4ss<\/em>\u00a0: Entre danses traditionnelles et cultures urbaines\u00a0\u00a0<\/strong><\/p>\n<blockquote>\n<p>\u00ab\u00a0La soci\u00e9t\u00e9 marocaine comme une forme d&rsquo;effervescence permanente, c&rsquo;est ce que je vis \u00e0 chaque fois que je retourne au Maroc, une soci\u00e9t\u00e9 qui a trouv\u00e9 une voix unique entre la modernit\u00e9 et l&rsquo;ancrage dans une tradition immuable. Ce contraste m&rsquo;attire et lib\u00e8re une force que je cherche \u00e0 saisir, en osant m&rsquo;y confronter dans la danse\u00a0\u00bb. &#8211;\u00a0Fouad\u00a0Boussouf\u00a0\u00a0<\/p>\n<\/blockquote>\n<p>Cr\u00e9\u00e9e pour sept interpr\u00e8tes masculins,\u00a0N\u00e4ss\u00a0est une pi\u00e8ce \u00e0 la crois\u00e9e des chemins entre tradition et modernit\u00e9.\u00a0Fouad\u00a0Boussouf, originaire du Maroc, ose confronter les cultures et les g\u00e9n\u00e9rations en cr\u00e9ant des chor\u00e9graphies intenses et acrobatiques. Inspir\u00e9 par les traditions\u00a0Gnawa\u00a0et les danses marocaines\u00a0taskiouine,\u00a0regadda\u00a0ainsi que\u00a0ahidous,\u00a0Fouad\u00a0Boussouf\u00a0interroge ses propres racines en les combinant avec le hip-hop, le modern-jazz et le cirque contemporain. Cette revendication identitaire est port\u00e9e par les corps des danseurs dont la fluidit\u00e9 des mouvements transcende les fronti\u00e8res culturelles.\u00a0\u00a0<\/p>\n<p><u><strong><em>N\u00e4ss<\/em>\u00a0: De l&rsquo;influence r\u00e9gionale \u00e0 la qu\u00eate d&rsquo;universalit\u00e9<\/strong><\/u><\/p>\n<blockquote>\n<p>\u00a0\u00ab\u00a0J&rsquo;ai compos\u00e9\u00a0N\u00c4SS\u00a0comme une respiration, \u00e0 la fois physique et mystique, qui nous rappelle combien il est important d&rsquo;\u00eatre solidement ancr\u00e9 dans le sol et dans sa terre pour en ressentir les vibrations.\u00a0\u00bb &#8211;\u00a0Fouad\u00a0Boussouf\u00a0\u00a0<\/p>\n<\/blockquote>\n<p>\u00a0La cr\u00e9ation artistique de\u00a0Fouad\u00a0Boussouf\u00a0est un symbole d&rsquo;harmonie et d&rsquo;\u00e9quilibre. Ayant des parcours diff\u00e9rents et des formations techniques vari\u00e9es allant du ballet au kung-fu, les artistes effectuent des gestes puissants et \u00e9nergiques comme s&rsquo;ils ne faisaient qu&rsquo;un. La musique compos\u00e9e par Roman Bestion et l&rsquo;influence du groupe\u00a0Nass\u00a0el\u00a0Ghiwane\u00a0rythment les corps et portent le dialogue franco-marocain. La simplicit\u00e9 et la rigueur de la mise en sc\u00e8ne mettent en valeur les danseurs pieds nus et habill\u00e9s \u00e0 l&rsquo;identique qui \u00e9voluent avec libert\u00e9 et extase. L&rsquo;\u0153uvre de\u00a0Fouad\u00a0Boussouf\u00a0est une succession de rapports puissants entre des moments de vivacit\u00e9 et de r\u00e9pit, des moments de mouvements individuels et collectifs. Au bord de l&rsquo;\u00e9puisement, les artistes continuent \u00e0 danser et \u00e0 sauter, comme envo\u00fbt\u00e9s par la musique.\u00a0\u00a0<\/p>\n<p><u><strong><em>N\u00e4ss<\/em>\u00a0: Deuxi\u00e8me pi\u00e8ce de la trilogie de\u00a0Fouad\u00a0Boussouf\u00a0<\/strong><\/u><\/p>\n<p>\u00a0Apr\u00e8s <em>Transe<\/em> en 2013,\u00a0Fouad\u00a0Boussouf\u00a0a cr\u00e9\u00e9\u00a0<em>N\u00e4ss<\/em>\u00a0en 2018 et\u00a0<em>O\u00fcm<\/em>\u00a0en 2020.\u00a0\u00a0<\/p>\n<p>L&rsquo;artiste a mis en place une s\u00e9rie de chor\u00e9graphies bas\u00e9es sur le monde arabe en suivant un parcours g\u00e9ographique pr\u00e9cis : Transe se situe au Moyen-Orient et est influenc\u00e9 par les po\u00e8mes de Mahmoud\u00a0Darwich,\u00a0N\u00e4ss\u00a0se d\u00e9roule en Afrique du Nord et rend hommage au groupe hippie\u00a0Nass\u00a0el\u00a0Ghiwane, et enfin\u00a0O\u00fcm\u00a0se produit en \u00c9gypte o\u00f9 a v\u00e9cu la chanteuse et actrice Oum\u00a0Khaltoum. \u00c0 travers ces spectacles,\u00a0Fouad\u00a0Boussouf\u00a0aborde diff\u00e9rents th\u00e8mes tels que la qu\u00eate d&rsquo;identit\u00e9, les bouleversements sociaux et le m\u00e9tissage culturel dans une atmosph\u00e8re chaleureuse et intense.\u00a0\u00a0\u00a0<\/p>\n<p><u><strong>\u00c0 propos de\u00a0Fouad\u00a0Boussouf\u00a0\u00a0<\/strong><\/u><\/p>\n<p>Chor\u00e9graphe, danseur et enseignant,\u00a0Fouad\u00a0Boussouf\u00a0a suivi une formation de danseur hip-hop &#8211; son style pr\u00e9f\u00e9r\u00e9 &#8211; mais s&rsquo;inspire de diff\u00e9rentes formes de danse, notamment la danse contemporaine. N\u00e9 au Maroc,\u00a0Fouad\u00a0Boussouf\u00a0s&rsquo;est install\u00e9 en France en 1983. Il est titulaire d&rsquo;une ma\u00eetrise et d&rsquo;un master en sciences sociales \u00e0 l&rsquo;universit\u00e9 de Paris XII, Cr\u00e9teil, o\u00f9 il enseigne \u00e9galement pour le module \u00ab\u00a0Danse et culture du monde\u00a0\u00bb. Il a travaill\u00e9 dans diff\u00e9rents conservatoires de danse en Ile-de-France et s&rsquo;est produit pour Ahmed Lahcen, Farid\u00a0Berki, Pierre\u00a0Doussaint, Trick\u00a0Nasty\u00a0Crew, et\u00a0Megajam. Son parcours pluridisciplinaire et son exp\u00e9rience d&rsquo;interpr\u00e8te se traduisent par une approche r\u00e9solument moderne de la chor\u00e9graphie et de la danse, o\u00f9 le hip-hop rencontre et fusionne avec l&rsquo;expression contemporaine, les danses traditionnelles nord-africaines et le nouveau cirque. Difficile \u00e0 classer, son travail fusionne ces influences et aborde des sujets contemporains urgents \u00e0 travers les performances de ses danseurs.\u00a0\u00a0<\/p>\n<p><u><strong>\u00c0 propos de la Compagnie Massala\u00a0\u00a0<\/strong><\/u><\/p>\n<p>Cr\u00e9\u00e9e par le danseur et chor\u00e9graphe\u00a0Fouad\u00a0Boussouf\u00a0en 2010, la Compagnie Massala m\u00eale des styles et des pratiques artistiques aussi divers que le hip-hop, la danse contemporaine et le nouveau cirque, ainsi que des formes de danse et des musiques traditionnelles du Maroc et du monde arabe. Au c\u0153ur du d\u00e9veloppement artistique de la compagnie se trouve le rapport sensuel et physique \u00e0 ses racines et \u00e0 ses cultures m\u00e9tiss\u00e9es.\u00a0Fouad\u00a0Boussouf\u00a0a cr\u00e9\u00e9 plusieurs pi\u00e8ces avec la Compagnie Massala dont\u00a0<em>\u00c0 Condition<\/em>\u00a0(2011),\u00a0<em>Afflux<\/em>\u00a0(2012),\u00a0<em>Concept Lavoir<\/em>\u00a0(2013),\u00a0<em>Transe<\/em>\u00a0(2013),\u00a0<em>Les \u00c9l\u00e9ments<\/em>\u00a0(2013),\u00a0<em>Esperluette<\/em>\u00a0(2014),\u00a0<em>Le Moulin du Diable<\/em>\u00a0(2015),\u00a0<em>N\u00e4ss<\/em>\u00a0(2018) et\u00a0<em>O\u00fcm<\/em>\u00a0(2020).\u00a0<\/p>\n","protected":false},"featured_media":61613,"menu_order":0,"template":"","app_discipline":[275],"app_city_tax":[268,269,271,270,272,267,262,264,273,274],"app_professional_category":[303],"app_professional_content_type":[300],"class_list":["post-63996","app_professional","type-app_professional","status-publish","has-post-thumbnail","hentry","app_discipline-arts-de-la-scene-fr","app_city_tax-atl-fr","app_city_tax-bos-fr","app_city_tax-chi-fr","app_city_tax-hou-fr","app_city_tax-nola-fr","app_city_tax-la-fr","app_city_tax-mia-fr","app_city_tax-nyc-fr","app_city_tax-sf-fr","app_city_tax-dc-fr","app_professional_category-arts-de-la-scene-fr","app_professional_content_type-resources-fr"],"acf":[],"yoast_head":"<!-- This site is optimized with the Yoast SEO plugin v27.3 - https:\/\/yoast.com\/product\/yoast-seo-wordpress\/ -->\n<title>Portrait : Fouad Boussouf - Villa Albertine<\/title>\n<meta name=\"robots\" content=\"index, follow, max-snippet:-1, max-image-preview:large, max-video-preview:-1\" \/>\n<link rel=\"canonical\" href=\"https:\/\/villa-albertine.org\/va\/fr\/professionals\/portrait-fouad-boussouf\/\" \/>\n<meta property=\"og:locale\" content=\"fr_FR\" \/>\n<meta property=\"og:type\" content=\"article\" \/>\n<meta property=\"og:title\" content=\"Portrait : Fouad Boussouf - Villa Albertine\" \/>\n<meta property=\"og:description\" content=\"Le chor\u00e9graphe\u00a0Fouad\u00a0Boussouf\u00a0et sa Compagnie Massala ont \u00e9t\u00e9 invit\u00e9s pour leur pi\u00e8ce transculturelle\u00a0N\u00e4ss\u00a0(le peuple en arabe) par le Joyce Theater de New York et le Global Arts Live de Boston o\u00f9 ils pourront, nous l&rsquo;esp\u00e9rons, se produire en 2021, tous deux avec le soutien d&rsquo;une subvention du programme FUSED 2020. Cr\u00e9\u00e9 en 2018 au P\u00f4le Culturel...\" \/>\n<meta property=\"og:url\" content=\"https:\/\/villa-albertine.org\/va\/fr\/professionals\/portrait-fouad-boussouf\/\" \/>\n<meta property=\"og:site_name\" content=\"Villa Albertine\" \/>\n<meta property=\"article:modified_time\" content=\"2023-08-23T08:11:17+00:00\" \/>\n<meta property=\"og:image\" content=\"https:\/\/villa-albertine.org\/wp-content\/uploads\/2023\/08\/e0a2a51f-d309-44f8-881b-c3342c58ec33.jpeg\" \/>\n\t<meta property=\"og:image:width\" content=\"1232\" \/>\n\t<meta property=\"og:image:height\" content=\"821\" \/>\n\t<meta property=\"og:image:type\" content=\"image\/jpeg\" \/>\n<meta name=\"twitter:card\" content=\"summary_large_image\" \/>\n<meta name=\"twitter:label1\" content=\"Dur\u00e9e de lecture estim\u00e9e\" \/>\n\t<meta name=\"twitter:data1\" content=\"4 minutes\" \/>\n<script type=\"application\/ld+json\" class=\"yoast-schema-graph\">{\"@context\":\"https:\\\/\\\/schema.org\",\"@graph\":[{\"@type\":\"WebPage\",\"@id\":\"https:\\\/\\\/villa-albertine.org\\\/va\\\/fr\\\/professionals\\\/portrait-fouad-boussouf\\\/\",\"url\":\"https:\\\/\\\/villa-albertine.org\\\/va\\\/fr\\\/professionals\\\/portrait-fouad-boussouf\\\/\",\"name\":\"Portrait : Fouad Boussouf - Villa Albertine\",\"isPartOf\":{\"@id\":\"https:\\\/\\\/villa-albertine.org\\\/va\\\/fr\\\/#website\"},\"primaryImageOfPage\":{\"@id\":\"https:\\\/\\\/villa-albertine.org\\\/va\\\/fr\\\/professionals\\\/portrait-fouad-boussouf\\\/#primaryimage\"},\"image\":{\"@id\":\"https:\\\/\\\/villa-albertine.org\\\/va\\\/fr\\\/professionals\\\/portrait-fouad-boussouf\\\/#primaryimage\"},\"thumbnailUrl\":\"https:\\\/\\\/villa-albertine.org\\\/wp-content\\\/uploads\\\/2023\\\/08\\\/e0a2a51f-d309-44f8-881b-c3342c58ec33.jpeg\",\"datePublished\":\"2021-10-11T16:30:53+00:00\",\"dateModified\":\"2023-08-23T08:11:17+00:00\",\"breadcrumb\":{\"@id\":\"https:\\\/\\\/villa-albertine.org\\\/va\\\/fr\\\/professionals\\\/portrait-fouad-boussouf\\\/#breadcrumb\"},\"inLanguage\":\"fr-FR\",\"potentialAction\":[{\"@type\":\"ReadAction\",\"target\":[\"https:\\\/\\\/villa-albertine.org\\\/va\\\/fr\\\/professionals\\\/portrait-fouad-boussouf\\\/\"]}]},{\"@type\":\"ImageObject\",\"inLanguage\":\"fr-FR\",\"@id\":\"https:\\\/\\\/villa-albertine.org\\\/va\\\/fr\\\/professionals\\\/portrait-fouad-boussouf\\\/#primaryimage\",\"url\":\"https:\\\/\\\/villa-albertine.org\\\/wp-content\\\/uploads\\\/2023\\\/08\\\/e0a2a51f-d309-44f8-881b-c3342c58ec33.jpeg\",\"contentUrl\":\"https:\\\/\\\/villa-albertine.org\\\/wp-content\\\/uploads\\\/2023\\\/08\\\/e0a2a51f-d309-44f8-881b-c3342c58ec33.jpeg\",\"width\":1232,\"height\":821},{\"@type\":\"BreadcrumbList\",\"@id\":\"https:\\\/\\\/villa-albertine.org\\\/va\\\/fr\\\/professionals\\\/portrait-fouad-boussouf\\\/#breadcrumb\",\"itemListElement\":[{\"@type\":\"ListItem\",\"position\":1,\"name\":\"Home\",\"item\":\"https:\\\/\\\/villa-albertine.org\\\/va\\\/fr\\\/home\\\/\"},{\"@type\":\"ListItem\",\"position\":2,\"name\":\"Portrait : Fouad Boussouf\"}]},{\"@type\":\"WebSite\",\"@id\":\"https:\\\/\\\/villa-albertine.org\\\/va\\\/fr\\\/#website\",\"url\":\"https:\\\/\\\/villa-albertine.org\\\/va\\\/fr\\\/\",\"name\":\"Villa Albertine\",\"description\":\"\",\"potentialAction\":[{\"@type\":\"SearchAction\",\"target\":{\"@type\":\"EntryPoint\",\"urlTemplate\":\"https:\\\/\\\/villa-albertine.org\\\/va\\\/fr\\\/?s={search_term_string}\"},\"query-input\":{\"@type\":\"PropertyValueSpecification\",\"valueRequired\":true,\"valueName\":\"search_term_string\"}}],\"inLanguage\":\"fr-FR\"}]}<\/script>\n<!-- \/ Yoast SEO plugin. -->","yoast_head_json":{"title":"Portrait : Fouad Boussouf - Villa Albertine","robots":{"index":"index","follow":"follow","max-snippet":"max-snippet:-1","max-image-preview":"max-image-preview:large","max-video-preview":"max-video-preview:-1"},"canonical":"https:\/\/villa-albertine.org\/va\/fr\/professionals\/portrait-fouad-boussouf\/","og_locale":"fr_FR","og_type":"article","og_title":"Portrait : Fouad Boussouf - Villa Albertine","og_description":"Le chor\u00e9graphe\u00a0Fouad\u00a0Boussouf\u00a0et sa Compagnie Massala ont \u00e9t\u00e9 invit\u00e9s pour leur pi\u00e8ce transculturelle\u00a0N\u00e4ss\u00a0(le peuple en arabe) par le Joyce Theater de New York et le Global Arts Live de Boston o\u00f9 ils pourront, nous l&rsquo;esp\u00e9rons, se produire en 2021, tous deux avec le soutien d&rsquo;une subvention du programme FUSED 2020. Cr\u00e9\u00e9 en 2018 au P\u00f4le Culturel...","og_url":"https:\/\/villa-albertine.org\/va\/fr\/professionals\/portrait-fouad-boussouf\/","og_site_name":"Villa Albertine","article_modified_time":"2023-08-23T08:11:17+00:00","og_image":[{"width":1232,"height":821,"url":"https:\/\/villa-albertine.org\/wp-content\/uploads\/2023\/08\/e0a2a51f-d309-44f8-881b-c3342c58ec33.jpeg","type":"image\/jpeg"}],"twitter_card":"summary_large_image","twitter_misc":{"Dur\u00e9e de lecture estim\u00e9e":"4 minutes"},"schema":{"@context":"https:\/\/schema.org","@graph":[{"@type":"WebPage","@id":"https:\/\/villa-albertine.org\/va\/fr\/professionals\/portrait-fouad-boussouf\/","url":"https:\/\/villa-albertine.org\/va\/fr\/professionals\/portrait-fouad-boussouf\/","name":"Portrait : Fouad Boussouf - Villa Albertine","isPartOf":{"@id":"https:\/\/villa-albertine.org\/va\/fr\/#website"},"primaryImageOfPage":{"@id":"https:\/\/villa-albertine.org\/va\/fr\/professionals\/portrait-fouad-boussouf\/#primaryimage"},"image":{"@id":"https:\/\/villa-albertine.org\/va\/fr\/professionals\/portrait-fouad-boussouf\/#primaryimage"},"thumbnailUrl":"https:\/\/villa-albertine.org\/wp-content\/uploads\/2023\/08\/e0a2a51f-d309-44f8-881b-c3342c58ec33.jpeg","datePublished":"2021-10-11T16:30:53+00:00","dateModified":"2023-08-23T08:11:17+00:00","breadcrumb":{"@id":"https:\/\/villa-albertine.org\/va\/fr\/professionals\/portrait-fouad-boussouf\/#breadcrumb"},"inLanguage":"fr-FR","potentialAction":[{"@type":"ReadAction","target":["https:\/\/villa-albertine.org\/va\/fr\/professionals\/portrait-fouad-boussouf\/"]}]},{"@type":"ImageObject","inLanguage":"fr-FR","@id":"https:\/\/villa-albertine.org\/va\/fr\/professionals\/portrait-fouad-boussouf\/#primaryimage","url":"https:\/\/villa-albertine.org\/wp-content\/uploads\/2023\/08\/e0a2a51f-d309-44f8-881b-c3342c58ec33.jpeg","contentUrl":"https:\/\/villa-albertine.org\/wp-content\/uploads\/2023\/08\/e0a2a51f-d309-44f8-881b-c3342c58ec33.jpeg","width":1232,"height":821},{"@type":"BreadcrumbList","@id":"https:\/\/villa-albertine.org\/va\/fr\/professionals\/portrait-fouad-boussouf\/#breadcrumb","itemListElement":[{"@type":"ListItem","position":1,"name":"Home","item":"https:\/\/villa-albertine.org\/va\/fr\/home\/"},{"@type":"ListItem","position":2,"name":"Portrait : Fouad Boussouf"}]},{"@type":"WebSite","@id":"https:\/\/villa-albertine.org\/va\/fr\/#website","url":"https:\/\/villa-albertine.org\/va\/fr\/","name":"Villa Albertine","description":"","potentialAction":[{"@type":"SearchAction","target":{"@type":"EntryPoint","urlTemplate":"https:\/\/villa-albertine.org\/va\/fr\/?s={search_term_string}"},"query-input":{"@type":"PropertyValueSpecification","valueRequired":true,"valueName":"search_term_string"}}],"inLanguage":"fr-FR"}]}},"_links":{"self":[{"href":"https:\/\/villa-albertine.org\/va\/fr\/wp-json\/wp\/v2\/app_professional\/63996","targetHints":{"allow":["GET"]}}],"collection":[{"href":"https:\/\/villa-albertine.org\/va\/fr\/wp-json\/wp\/v2\/app_professional"}],"about":[{"href":"https:\/\/villa-albertine.org\/va\/fr\/wp-json\/wp\/v2\/types\/app_professional"}],"wp:featuredmedia":[{"embeddable":true,"href":"https:\/\/villa-albertine.org\/va\/fr\/wp-json\/wp\/v2\/media\/61613"}],"wp:attachment":[{"href":"https:\/\/villa-albertine.org\/va\/fr\/wp-json\/wp\/v2\/media?parent=63996"}],"wp:term":[{"taxonomy":"app_discipline","embeddable":true,"href":"https:\/\/villa-albertine.org\/va\/fr\/wp-json\/wp\/v2\/app_discipline?post=63996"},{"taxonomy":"app_city_tax","embeddable":true,"href":"https:\/\/villa-albertine.org\/va\/fr\/wp-json\/wp\/v2\/app_city_tax?post=63996"},{"taxonomy":"app_professional_category","embeddable":true,"href":"https:\/\/villa-albertine.org\/va\/fr\/wp-json\/wp\/v2\/app_professional_category?post=63996"},{"taxonomy":"app_professional_content_type","embeddable":true,"href":"https:\/\/villa-albertine.org\/va\/fr\/wp-json\/wp\/v2\/app_professional_content_type?post=63996"}],"curies":[{"name":"wp","href":"https:\/\/api.w.org\/{rel}","templated":true}]}}