{"id":63991,"date":"2021-10-07T19:30:45","date_gmt":"2021-10-07T19:30:45","guid":{"rendered":"https:\/\/villa-albertine.org\/professionals\/boulevard-des-series-la-fabrique-los-angeles-11-29-octobre-2021\/"},"modified":"2023-08-23T08:11:16","modified_gmt":"2023-08-23T08:11:16","slug":"boulevard-des-series-la-fabrique-los-angeles-11-29-octobre-2021","status":"publish","type":"app_professional","link":"https:\/\/villa-albertine.org\/va\/fr\/professionals\/boulevard-des-series-la-fabrique-los-angeles-11-29-octobre-2021\/","title":{"rendered":"Boulevard des S\u00e9ries &#8211; La Fabrique, Los Angeles \u2013 11-29 octobre 2021\u202f"},"content":{"rendered":"<p>La Villa Albertine, le Centre national du cin\u00e9ma et de l\u2019image anim\u00e9e (CNC), la SACD et la Writers Guild Foundation lancent \u00e0 l\u2019automne 2021 une fabrique de projets de s\u00e9ries fran\u00e7aises \u00e0 Los Angeles, haut-lieu de la cr\u00e9ation audiovisuelle et cin\u00e9matographique. Ce nouveau programme vise \u00e0 accompagner des auteurs dans le d\u00e9veloppement de projets de s\u00e9ries fran\u00e7aises \u00e0 haut potentiel international.\u202f\u00a0<\/p>\n<p>Le programme accueillera \u00e0 Los Angeles sept auteurs fran\u00e7ais, qui, pendant trois semaines cons\u00e9cutives, seront accompagn\u00e9s, de mani\u00e8re individualis\u00e9e et en anglais, par des auteurs et showrunners reconnus, des sp\u00e9cialistes du sc\u00e9nario, des coachs en prise de parole en public, des agents et des professionnels de la production, de la distribution et de la r\u00e9glementation. Chaque auteur r\u00e9sident\/autrice r\u00e9sidente sera associ\u00e9 \u00e0 un mentor hollywoodien avec lequel il ou elle travaillera en t\u00eate-\u00e0-t\u00eate pour d\u00e9velopper son projet. Des visites group\u00e9es de studios et de soci\u00e9t\u00e9 de production ainsi que des moments de networking seront au programme. A l\u2019issue de la r\u00e9sidence, les projets seront pr\u00eats \u00e0 \u00eatre pr\u00e9sent\u00e9s \u00e0 des partenaires am\u00e9ricains potentiels (producteurs, diffuseurs, distributeurs).\u202f\u00a0<\/p>\n<p>Gr\u00e2ce \u00e0 l\u2019accompagnement personnalis\u00e9 de showrunners, de producteurs et de professionnels exp\u00e9riment\u00e9s, la r\u00e9sidence a pour objectif d\u2019offrir aux auteurs et autrices r\u00e9sidents les outils n\u00e9cessaires pour aboutir \u00e0 un pilote dialogu\u00e9 qui r\u00e9ponde aux exigences des standards internationaux et s\u2019accompagne d\u2019une direction artistique \u00e9tay\u00e9e. En outre, le programme vise \u00e0 soutenir la carri\u00e8re internationale des auteurs r\u00e9sidents en les pr\u00e9sentant aux acteurs cl\u00e9s de l&rsquo;industrie hollywoodienne, qui pourront les conseiller \u00e0 la fois sur le processus cr\u00e9atif et sur les bons proc\u00e9d\u00e9s en mati\u00e8re de business.\u202f<\/p>\n<p><strong><u lang=\"EN-GB\" xml:lang=\"EN-GB\" xml:lang=\"EN-GB\">Le comit\u00e9 de s\u00e9lection de la saison 1<\/u>\u00a0\u00a0<\/strong><\/p>\n<p>Pour cette premi\u00e8re \u00e9dition, l&rsquo;appel \u00e0 candidatures lanc\u00e9 du 20 avril au 20 mai 2021, a suscit\u00e9 <strong lang=\"EN-US\" xml:lang=\"EN-US\" xml:lang=\"EN-US\">58 candidatures<\/strong>. La commission, compos\u00e9e de <strong lang=\"EN-US\" xml:lang=\"EN-US\" xml:lang=\"EN-US\">Katie Buckland<\/strong>, directrice G\u00e9n\u00e9rale de The Writers Guild Foundation, <strong lang=\"EN-US\" xml:lang=\"EN-US\" xml:lang=\"EN-US\">Kymber Allen<\/strong>, consultante ex\u00e9cutive pour la Writers Guild of America West, <strong lang=\"EN-US\" xml:lang=\"EN-US\" xml:lang=\"EN-US\">Emmanuelle Guilbart<\/strong>, pr\u00e9sidente co-fondatrice de About Premium Content, <strong lang=\"EN-US\" xml:lang=\"EN-US\" xml:lang=\"EN-US\">Emmanuelle Bouilhaguet<\/strong>, pr\u00e9sidente de TOP-The Oligarchs Productions et des auteurs<strong lang=\"EN-US\" xml:lang=\"EN-US\" xml:lang=\"EN-US\"> Olivier Pouponneau<\/strong> et <strong lang=\"EN-US\" xml:lang=\"EN-US\" xml:lang=\"EN-US\">Djiby Badiane<\/strong>, a \u00e9tudi\u00e9 l\u2019ensemble des dossiers de candidatures et a s\u00e9lectionn\u00e9<strong lang=\"EN-US\" xml:lang=\"EN-US\" xml:lang=\"EN-US\"> 6 projets <\/strong>pour le programme de r\u00e9sidence \u00e0 Los Angeles.<\/p>\n<p>\u00a0<\/p>\n<p><strong><u lang=\"EN-GB\" xml:lang=\"EN-GB\" xml:lang=\"EN-GB\">Les participants de la saison 1 (11-29 octobre 2021)<\/u>\u202f\u00a0<\/p>\n<p><em lang=\"FR-FR\" xml:lang=\"FR-FR\" xml:lang=\"FR-FR\">Bien bien \u00e0 vous \/ Yours Truly<\/em>, Chlo\u00e9 Marcais <\/strong><br \/><strong lang=\"FR-FR\" xml:lang=\"FR-FR\" xml:lang=\"FR-FR\">Chlo\u00e9 Mar\u00e7ais<\/strong> est sc\u00e9nariste et directrice de collection pour la t\u00e9l\u00e9vision fran\u00e7aise depuis 20 ans. Elle a \u00e9crit ou co\u00e9crit des dizaines de fictions pour le \u00ab prime time \u00bb des grandes cha\u00eenes hertziennes, dans le genre du thriller comme dans celui de la com\u00e9die. Elle a dirig\u00e9 l\u2019\u00e9criture des saisons 3 et 4 de \u00ab\u202f<em lang=\"FR-FR\" xml:lang=\"FR-FR\" xml:lang=\"FR-FR\">Fais pas ci, Fais pas \u00e7a<\/em>\u202f\u00bb sur France 2, et plus r\u00e9cemment de la saison 2 de \u00ab\u202fMunch\u202f\u00bb sur TF1. Elle est intervenue plusieurs fois \u00e0 la FEMIS aupr\u00e8s des \u00e9tudiants du <em lang=\"FR-FR\" xml:lang=\"FR-FR\" xml:lang=\"FR-FR\">Cursus Ecriture et Cr\u00e9ation de S\u00e9ries<\/em>. Elle a cocr\u00e9\u00e9 la s\u00e9rie <em lang=\"FR-FR\" xml:lang=\"FR-FR\" xml:lang=\"FR-FR\">Le Rempla\u00e7ant<\/em> qui a fait un tr\u00e8s bon d\u00e9marrage sur TF1 au printemps. Elle a adapt\u00e9 pour la France, avec le r\u00e9alisateur Fred Scotlande, la s\u00e9rie anglaise \u00ab\u202f<em lang=\"FR-FR\" xml:lang=\"FR-FR\" xml:lang=\"FR-FR\">The Wrong ManS<\/em>\u202f\u00bb, actuellement en tournage en Belgique, en France et au Maroc. Chlo\u00e9 Mar\u00e7ais vient d\u2019achever l\u2019\u00e9criture du Pilote et des Arches de la s\u00e9rie \u00ab\u202f<em lang=\"FR-FR\" xml:lang=\"FR-FR\" xml:lang=\"FR-FR\">Une Famille Fran\u00e7aise<\/em>\u202f\u00bb dont elle est la cr\u00e9atrice et coproductrice avec HAUT &amp; COURT TV.<\/p>\n<p><strong><em lang=\"EN-US\" xml:lang=\"EN-US\" xml:lang=\"EN-US\">Encha\u00een\u00e9s \/ Chains<\/em>, Alain Moreau <\/strong><br \/>\nApr\u00e8s des \u00e9tudes de cin\u00e9ma et une br\u00e8ve exp\u00e9rience dans la distribution, <strong lang=\"FR-FR\" xml:lang=\"FR-FR\" xml:lang=\"FR-FR\">Alain Moreau<\/strong> se tourne vers le sc\u00e9nario. Entre 2015 et 2017, il signe plusieurs sketches pour la com\u00e9die <em lang=\"FR-FR\" xml:lang=\"FR-FR\" xml:lang=\"FR-FR\">Parents Mode d\u2019Emploi <\/em>sur France 2 et obtient des bourses d\u2019\u00e9criture pour des projets d\u2019unitaire ou de s\u00e9rie TV. En 2018\/2019, il se sp\u00e9cialise sur l\u2019\u00e9criture s\u00e9rielle en int\u00e9grant le cursus Cr\u00e9ation S\u00e9rie TV de la F\u00e9mis, une formation intensive en un an. Il travaille ensuite un an comme dialoguiste sur un feuilleton quotidien puis est sollicit\u00e9 pour co-\u00e9crire une mini-s\u00e9rie franco-russe se d\u00e9roulant pendant la Seconde Guerre Mondiale. Il a \u00e9galement rejoint r\u00e9cemment l\u2019\u00e9quipe d\u2019\u00e9criture de <em lang=\"FR-FR\" xml:lang=\"FR-FR\" xml:lang=\"FR-FR\">Parall\u00e8les <\/em>saison 2, un <em lang=\"FR-FR\" xml:lang=\"FR-FR\" xml:lang=\"FR-FR\">teen drama <\/em>fantastique pour Disney +. Et il a deux projets de s\u00e9rie actuellement en lecture chez des diffuseurs\u202f: <em lang=\"FR-FR\" xml:lang=\"FR-FR\" xml:lang=\"FR-FR\">Encha\u00een\u00e9s<\/em>, un drame historique sur l\u2019esclavage en 8&#215;52\u2019\u202f; et <em lang=\"FR-FR\" xml:lang=\"FR-FR\" xml:lang=\"FR-FR\">Agn\u00e8s &amp; Luis<\/em>, une dram\u00e9die romantique en 10&#215;30\u2019.<\/p>\n<p><strong><em lang=\"EN-US\" xml:lang=\"EN-US\" xml:lang=\"EN-US\">Friendly<\/em>,<em lang=\"EN-US\" xml:lang=\"EN-US\" xml:lang=\"EN-US\">\u202f<\/em>Julien Anscutter &amp; Maxime Berthemy\u00a0 <\/strong><br \/><strong lang=\"FR-FR\" xml:lang=\"FR-FR\" xml:lang=\"FR-FR\">Julien Anscutter<\/strong> est n\u00e9 \u00e0 Lyon en 1985. Dipl\u00f4m\u00e9 d\u2019une \u00e9cole de commerce, il a v\u00e9cu pendant un an aux Etats-Unis et en Australie pendant ses \u00e9tudes, puis a travaill\u00e9 plusieurs ann\u00e9es dans l\u2019\u00e9dition en France en tant que responsable marketing. Passionn\u00e9 de s\u00e9ries t\u00e9l\u00e9 depuis l\u2019adolescence, Julien entre en 2014 au d\u00e9partement S\u00e9ries TV de la F\u00e9mis. Depuis, il a travaill\u00e9 sur plusieurs s\u00e9ries fran\u00e7aises, comme Ch\u00e9rif, Tropiques Criminels, Double Je ou Profilage. R\u00e9cemment, il a particip\u00e9 \u00e0 l\u2019\u00e9criture de la premi\u00e8re saison d\u2019OVNI(s) (com\u00e9die fantastique sur Canal+) et co-\u00e9crit plusieurs \u00e9pisodes de la com\u00e9die polici\u00e8re HPI sur TF1. En 2020, Julien s\u2019est lanc\u00e9 avec son co-auteur et ami Maxime Berthemy dans l\u2019\u00e9criture de Friendly, une com\u00e9die qui explore les probl\u00e9matiques et questionnements des personnes LGBT d\u2019aujourd\u2019hui. Julien travaille actuellement sur l\u2019\u00e9criture de la saison 2 de HPI et sur plusieurs projets personnels, dont Friendly.<br \/><strong lang=\"FR-FR\" xml:lang=\"FR-FR\" xml:lang=\"FR-FR\">Maxime Berthemy<\/strong> a obtenu un Master en Anglais et \u00c9tudes des M\u00e9dias Am\u00e9ricains, pour lequel il a pass\u00e9 une ann\u00e9e \u00e0 la <em lang=\"FR-FR\" xml:lang=\"FR-FR\" xml:lang=\"FR-FR\">New York University<\/em>. De retour en France, il a int\u00e9gr\u00e9 <em lang=\"FR-FR\" xml:lang=\"FR-FR\" xml:lang=\"FR-FR\">La Femis<\/em> quand l\u2019\u00e9cole a ouvert une formation \u00ab\u202fCr\u00e9ation de s\u00e9ries TV\u202f\u00bb.\u00a0 Apr\u00e8s l\u2019\u00e9cole, Maxime a \u00e9crit pour plusieurs s\u00e9ries (<em lang=\"FR-FR\" xml:lang=\"FR-FR\" xml:lang=\"FR-FR\">Nina <\/em>sur<em lang=\"FR-FR\" xml:lang=\"FR-FR\" xml:lang=\"FR-FR\"> <\/em>France 2, <em lang=\"FR-FR\" xml:lang=\"FR-FR\" xml:lang=\"FR-FR\">Irresponsable <\/em>sur<em lang=\"FR-FR\" xml:lang=\"FR-FR\" xml:lang=\"FR-FR\"> <\/em>OCS), et surtout pour <em lang=\"FR-FR\" xml:lang=\"FR-FR\" xml:lang=\"FR-FR\">Profilage <\/em>(TF1). Apr\u00e8s avoir \u00e9t\u00e9 auteur sur les saisons 6 et 7, Maxime a pris la direction de l\u2019\u00e9criture et la production artistique de la s\u00e9rie pour les saisons 8, 9, et 10. D\u00e9but 2020, Maxime a rejoint la s\u00e9rie <em lang=\"FR-FR\" xml:lang=\"FR-FR\" xml:lang=\"FR-FR\">OVNI(s) <\/em>de Canal+. Il a co-\u00e9crit les 12 \u00e9pisodes de la seconde saison avec les deux cr\u00e9ateurs de la s\u00e9rie. En parall\u00e8le, il a co-\u00e9crit le court-m\u00e9trage <em lang=\"FR-FR\" xml:lang=\"FR-FR\" xml:lang=\"FR-FR\">Un Adieu<\/em> avec la r\u00e9alisatrice Mathilde Profit, qui a re\u00e7u plusieurs prix (dont le prix Jean Vigo) et a \u00e9t\u00e9 nomm\u00e9 aux C\u00e9sar.\u00a0<\/p>\n<p><strong><em lang=\"EN-US\" xml:lang=\"EN-US\" xml:lang=\"EN-US\">Les Morts \/ The Dead<\/em>, Mathieu Leblanc\u00a0<\/strong><br \/>\nD&rsquo;abord producteur pour le digital, j&rsquo;ai d\u00e9velopp\u00e9 et produit la s\u00e9rie 12*7&prime; Kontainer Kats pour le Studio 4.0 de FTV, ainsi que 100 vid\u00e9os humour pour Dailymotion. Sc\u00e9nariste \u00e0 temps plein depuis 2015, j&rsquo;ai travaill\u00e9 sur les s\u00e9ries En Famille (saisons 4 \u00e0 7 &#8211; M6) ; Demain Nous Appartient (10 \u00e9p. &#8211; TF1) ; Ca\u00efn (1 *52&prime; &#8211; F2), Astrid et Rapha\u00eb\u00efle (4*52&prime; &#8211; F2) et Les \u00ab\u00a0Rivi\u00e8res Pourpres (4*52&prime;- F2). Je travaille actuellement sur 3 d\u00e9veloppements conventionn\u00e9s &#8211; pour Canal Plus, TF1 et Slash FTV Mes projets de polar historique 6*52&prime; Les Morts et de saga familiale 6*52&prime; Les D\u00e9cennies ont tous deux re\u00e7u l&rsquo;aide \u00e0 l&rsquo;\u00e9criture du FAIA du CNC en 2017 et 2019 ; puis l&rsquo;aide au d\u00e9veloppement du FAIA du CNC en 2020 et 2021.\u00a0<\/p>\n<p><strong><em lang=\"EN-US\" xml:lang=\"EN-US\" xml:lang=\"EN-US\">Sweet Sixty<\/em>, No\u00e9mie Saglio &amp; Julien Teisseire\u00a0\u00a0 <\/strong><br \/>\nApr\u00e8s avoir travaill\u00e9 cinq and en marketing (parfums), <strong lang=\"FR-FR\" xml:lang=\"FR-FR\" xml:lang=\"FR-FR\">Julien Teisseire<\/strong> a finalement d\u00e9cid\u00e9 de se consacrer pleinement \u00e0 sa passion de l\u2019\u00e9criture, et plus pr\u00e9cis\u00e9ment du sc\u00e9nario. Il fait ses armes sur la s\u00e9rie <em lang=\"FR-FR\" xml:lang=\"FR-FR\" xml:lang=\"FR-FR\">Profilage<\/em> (TF1), dont il est devient auteur-cadre, et sur d\u2019autres projets thrillers (<em lang=\"FR-FR\" xml:lang=\"FR-FR\" xml:lang=\"FR-FR\">Pi\u00e9g\u00e9s<\/em> &#8211; TF1), avant d\u2019avoir la chance de croiser la route de No\u00e9mie Saglio. Ensemble, ils cr\u00e9ent la s\u00e9rie \u00ab\u202fPlan C\u0153ur\u202f\u00bb (Com\u00e9die romantique, <em lang=\"FR-FR\" xml:lang=\"FR-FR\" xml:lang=\"FR-FR\">Netflix Original<\/em>\u202f: troisi\u00e8me \u2013 et derni\u00e8re \u2013 saison pr\u00e9vue l\u2019hiver prochain. Ils ont m\u00eame co-r\u00e9alis\u00e9 l\u2019\u00e9pisode final. Julien se concentre d\u00e9sormais sur la cr\u00e9ation de s\u00e9ries (entre autres\u202f: une com\u00e9die, une s\u00e9rie fantastique, et une mini-s\u00e9rie biopic). Il a \u00e9galement collabor\u00e9 en tant que Consultant Fran\u00e7ais \u00e0 la saison 2 d\u2019\u202f<em lang=\"FR-FR\" xml:lang=\"FR-FR\" xml:lang=\"FR-FR\">Emily in Paris<\/em> (Darren Star). C\u2019est donc naturellement qu\u2019il fait de nouveau \u00e9quipe avec No\u00e9mie. <em lang=\"FR-FR\" xml:lang=\"FR-FR\" xml:lang=\"FR-FR\">Sweet Sixty<\/em> est l\u2019un de leurs nouveaux projets.<br \/><strong lang=\"FR-FR\" xml:lang=\"FR-FR\" xml:lang=\"FR-FR\">No\u00e9mie Saglio<\/strong> est, avec Elo\u00efse Lang, la co-cr\u00e9atrice et co-r\u00e9alisatrice de la shortcom \u00ab\u202fConnasse\u202f\u00bb (cam\u00e9ra cach\u00e9e, avec Camille Cottin), pour Canal Plus. Le succ\u00e8s fut tel, qu\u2019elle d\u00e9cid\u00e8rent d\u2019en \u00e9crire et r\u00e9aliser la version long m\u00e9trage <em lang=\"FR-FR\" xml:lang=\"FR-FR\" xml:lang=\"FR-FR\">Connasse, Princesse des C\u0153urs<\/em>, bas\u00e9e sur le concept d\u2019origine. Apr\u00e8s l\u2019aventure \u00ab\u202fConnasse\u202f\u00bb, No\u00e9mie a co-\u00e9crit et r\u00e9alis\u00e9 trois longs m\u00e9trages (<em lang=\"FR-FR\" xml:lang=\"FR-FR\" xml:lang=\"FR-FR\">Toute Premi\u00e8re Fois<\/em>, \u202f<em lang=\"FR-FR\" xml:lang=\"FR-FR\" xml:lang=\"FR-FR\">Telle M\u00e8re, Telle Fille<\/em> et plus r\u00e9cemment <em lang=\"FR-FR\" xml:lang=\"FR-FR\" xml:lang=\"FR-FR\">Parents d\u2019\u00c9l\u00e8ves<\/em>), avant d\u2019avoir la chance de croiser la route de Julien Teisseire. Ensemble, ils cr\u00e9ent la s\u00e9rie <em lang=\"FR-FR\" xml:lang=\"FR-FR\" xml:lang=\"FR-FR\">Plan C\u0153ur<\/em> (Com\u00e9die romantique, <em lang=\"FR-FR\" xml:lang=\"FR-FR\" xml:lang=\"FR-FR\">Netflix Original<\/em>\u202f: troisi\u00e8me \u2013 et derni\u00e8re \u2013 saison pr\u00e9vue l\u2019hiver prochain. No\u00e9mie est la r\u00e9alisatrice principale de la s\u00e9rie. No\u00e9mie se concentre d\u00e9sormais sur la cr\u00e9ation de s\u00e9ries. C\u2019est donc naturellement qu\u2019elle fait de nouveau \u00e9quipe avec Julien. <em lang=\"FR-FR\" xml:lang=\"FR-FR\" xml:lang=\"FR-FR\">Sweet Sixty<\/em> est l\u2019un de leurs nouveaux projets.<\/p>\n<p><strong><em lang=\"FR-FR\" xml:lang=\"FR-FR\" xml:lang=\"FR-FR\">Sarajevo, un si\u00e8ge \/ Sarajevo, a Si\u00e8ge<\/em>, Jean-Baptiste Delafon<\/strong><br \/><strong lang=\"FR-FR\" xml:lang=\"FR-FR\" xml:lang=\"FR-FR\">Jean-Baptiste Delafon<\/strong> a co-cr\u00e9e, co-\u00e9crit et co-produit la s\u00e9rie <em lang=\"FR-FR\" xml:lang=\"FR-FR\" xml:lang=\"FR-FR\">Baron noir<\/em> (Canal +, 2016-2020) qui a notamment \u00e9t\u00e9 s\u00e9lectionn\u00e9e aux Emmys Award et est actuellement diffus\u00e9e par Amazon Prime aux USA et au UK. Toujours pour la cr\u00e9ation originale de Canal +, il a aussi \u00e9crit la s\u00e9rie <em lang=\"FR-FR\" xml:lang=\"FR-FR\" xml:lang=\"FR-FR\">Maison Close<\/em> (2010) ainsi que, cette ann\u00e9e, l\u2019histoire de l\u2019arnaque \u00e0 la taxe carbone avec et pour le r\u00e9alisateur Xavier Giannoli. Cette mini-s\u00e9rie de huit fois 52\u2019 sera tourn\u00e9e \u00e0 partir de novembre avec Vincent Lindon et Gaspard Ulliel. Jean-Baptiste a \u00e9galement \u00e9crit deux films de cin\u00e9ma, un teen movie qui est aussi une satire d\u2019un certain type de militant politique \u00e0 la fran\u00e7aise (<em lang=\"FR-FR\" xml:lang=\"FR-FR\" xml:lang=\"FR-FR\">16 ans ou presque<\/em>, r\u00e9alis\u00e9 par Tristan S\u00e9gu\u00e9la) et, plus r\u00e9cemment, <em lang=\"FR-FR\" xml:lang=\"FR-FR\" xml:lang=\"FR-FR\">Les Promesses<\/em>, r\u00e9alis\u00e9 par Thomas Kruithof. Ce film dans lequel Isabelle Huppert incarne une maire de banlieue a \u00e9t\u00e9 s\u00e9lectionn\u00e9 \u00e0 la Mostra de Venise et sortira d\u00e9but 2022.<\/p>\n<p><strong>Contact : Lucie Carette, attach\u00e9e audiovisuelle et directrice de Villa Albertine LA\u202f\u202f\u00a0<br \/><a href=\"mailto:lucie.carette@frenchculture.org\">lucie.carette@frenchculture.org<\/a><\/strong><\/p>\n<p>\u00a0<\/p>\n","protected":false},"featured_media":61660,"menu_order":0,"template":"","app_discipline":[283],"app_city_tax":[267],"app_professional_category":[301],"app_professional_content_type":[],"class_list":["post-63991","app_professional","type-app_professional","status-publish","has-post-thumbnail","hentry","app_discipline-audiovisuel-fr","app_city_tax-la-fr","app_professional_category-cinema-series-fr"],"acf":[],"yoast_head":"<!-- This site is optimized with the Yoast SEO plugin v27.3 - https:\/\/yoast.com\/product\/yoast-seo-wordpress\/ -->\n<title>Boulevard des S\u00e9ries - La Fabrique, Los Angeles \u2013 11-29 octobre 2021\u202f - Villa Albertine<\/title>\n<meta name=\"robots\" content=\"index, follow, max-snippet:-1, max-image-preview:large, max-video-preview:-1\" \/>\n<link rel=\"canonical\" href=\"https:\/\/villa-albertine.org\/va\/fr\/professionals\/boulevard-des-series-la-fabrique-los-angeles-11-29-octobre-2021\/\" \/>\n<meta property=\"og:locale\" content=\"fr_FR\" \/>\n<meta property=\"og:type\" content=\"article\" \/>\n<meta property=\"og:title\" content=\"Boulevard des S\u00e9ries - La Fabrique, Los Angeles \u2013 11-29 octobre 2021\u202f - Villa Albertine\" \/>\n<meta property=\"og:description\" content=\"La Villa Albertine, le Centre national du cin\u00e9ma et de l\u2019image anim\u00e9e (CNC), la SACD et la Writers Guild Foundation lancent \u00e0 l\u2019automne 2021 une fabrique de projets de s\u00e9ries fran\u00e7aises \u00e0 Los Angeles, haut-lieu de la cr\u00e9ation audiovisuelle et cin\u00e9matographique. Ce nouveau programme vise \u00e0 accompagner des auteurs dans le d\u00e9veloppement de projets de...\" \/>\n<meta property=\"og:url\" content=\"https:\/\/villa-albertine.org\/va\/fr\/professionals\/boulevard-des-series-la-fabrique-los-angeles-11-29-octobre-2021\/\" \/>\n<meta property=\"og:site_name\" content=\"Villa Albertine\" \/>\n<meta property=\"article:modified_time\" content=\"2023-08-23T08:11:16+00:00\" \/>\n<meta property=\"og:image\" content=\"https:\/\/villa-albertine.org\/wp-content\/uploads\/2023\/08\/residents20BdS202021.jpg\" \/>\n\t<meta property=\"og:image:width\" content=\"970\" \/>\n\t<meta property=\"og:image:height\" content=\"551\" \/>\n\t<meta property=\"og:image:type\" content=\"image\/jpeg\" \/>\n<meta name=\"twitter:card\" content=\"summary_large_image\" \/>\n<meta name=\"twitter:label1\" content=\"Dur\u00e9e de lecture estim\u00e9e\" \/>\n\t<meta name=\"twitter:data1\" content=\"9 minutes\" \/>\n<script type=\"application\/ld+json\" class=\"yoast-schema-graph\">{\"@context\":\"https:\\\/\\\/schema.org\",\"@graph\":[{\"@type\":\"WebPage\",\"@id\":\"https:\\\/\\\/villa-albertine.org\\\/va\\\/fr\\\/professionals\\\/boulevard-des-series-la-fabrique-los-angeles-11-29-octobre-2021\\\/\",\"url\":\"https:\\\/\\\/villa-albertine.org\\\/va\\\/fr\\\/professionals\\\/boulevard-des-series-la-fabrique-los-angeles-11-29-octobre-2021\\\/\",\"name\":\"Boulevard des S\u00e9ries - La Fabrique, Los Angeles \u2013 11-29 octobre 2021\u202f - Villa Albertine\",\"isPartOf\":{\"@id\":\"https:\\\/\\\/villa-albertine.org\\\/va\\\/fr\\\/#website\"},\"primaryImageOfPage\":{\"@id\":\"https:\\\/\\\/villa-albertine.org\\\/va\\\/fr\\\/professionals\\\/boulevard-des-series-la-fabrique-los-angeles-11-29-octobre-2021\\\/#primaryimage\"},\"image\":{\"@id\":\"https:\\\/\\\/villa-albertine.org\\\/va\\\/fr\\\/professionals\\\/boulevard-des-series-la-fabrique-los-angeles-11-29-octobre-2021\\\/#primaryimage\"},\"thumbnailUrl\":\"https:\\\/\\\/villa-albertine.org\\\/wp-content\\\/uploads\\\/2023\\\/08\\\/residents20BdS202021.jpg\",\"datePublished\":\"2021-10-07T19:30:45+00:00\",\"dateModified\":\"2023-08-23T08:11:16+00:00\",\"breadcrumb\":{\"@id\":\"https:\\\/\\\/villa-albertine.org\\\/va\\\/fr\\\/professionals\\\/boulevard-des-series-la-fabrique-los-angeles-11-29-octobre-2021\\\/#breadcrumb\"},\"inLanguage\":\"fr-FR\",\"potentialAction\":[{\"@type\":\"ReadAction\",\"target\":[\"https:\\\/\\\/villa-albertine.org\\\/va\\\/fr\\\/professionals\\\/boulevard-des-series-la-fabrique-los-angeles-11-29-octobre-2021\\\/\"]}]},{\"@type\":\"ImageObject\",\"inLanguage\":\"fr-FR\",\"@id\":\"https:\\\/\\\/villa-albertine.org\\\/va\\\/fr\\\/professionals\\\/boulevard-des-series-la-fabrique-los-angeles-11-29-octobre-2021\\\/#primaryimage\",\"url\":\"https:\\\/\\\/villa-albertine.org\\\/wp-content\\\/uploads\\\/2023\\\/08\\\/residents20BdS202021.jpg\",\"contentUrl\":\"https:\\\/\\\/villa-albertine.org\\\/wp-content\\\/uploads\\\/2023\\\/08\\\/residents20BdS202021.jpg\",\"width\":970,\"height\":551},{\"@type\":\"BreadcrumbList\",\"@id\":\"https:\\\/\\\/villa-albertine.org\\\/va\\\/fr\\\/professionals\\\/boulevard-des-series-la-fabrique-los-angeles-11-29-octobre-2021\\\/#breadcrumb\",\"itemListElement\":[{\"@type\":\"ListItem\",\"position\":1,\"name\":\"Home\",\"item\":\"https:\\\/\\\/villa-albertine.org\\\/va\\\/fr\\\/home\\\/\"},{\"@type\":\"ListItem\",\"position\":2,\"name\":\"Boulevard des S\u00e9ries &#8211; La Fabrique, Los Angeles \u2013 11-29 octobre 2021\u202f\"}]},{\"@type\":\"WebSite\",\"@id\":\"https:\\\/\\\/villa-albertine.org\\\/va\\\/fr\\\/#website\",\"url\":\"https:\\\/\\\/villa-albertine.org\\\/va\\\/fr\\\/\",\"name\":\"Villa Albertine\",\"description\":\"\",\"potentialAction\":[{\"@type\":\"SearchAction\",\"target\":{\"@type\":\"EntryPoint\",\"urlTemplate\":\"https:\\\/\\\/villa-albertine.org\\\/va\\\/fr\\\/?s={search_term_string}\"},\"query-input\":{\"@type\":\"PropertyValueSpecification\",\"valueRequired\":true,\"valueName\":\"search_term_string\"}}],\"inLanguage\":\"fr-FR\"}]}<\/script>\n<!-- \/ Yoast SEO plugin. -->","yoast_head_json":{"title":"Boulevard des S\u00e9ries - La Fabrique, Los Angeles \u2013 11-29 octobre 2021\u202f - Villa Albertine","robots":{"index":"index","follow":"follow","max-snippet":"max-snippet:-1","max-image-preview":"max-image-preview:large","max-video-preview":"max-video-preview:-1"},"canonical":"https:\/\/villa-albertine.org\/va\/fr\/professionals\/boulevard-des-series-la-fabrique-los-angeles-11-29-octobre-2021\/","og_locale":"fr_FR","og_type":"article","og_title":"Boulevard des S\u00e9ries - La Fabrique, Los Angeles \u2013 11-29 octobre 2021\u202f - Villa Albertine","og_description":"La Villa Albertine, le Centre national du cin\u00e9ma et de l\u2019image anim\u00e9e (CNC), la SACD et la Writers Guild Foundation lancent \u00e0 l\u2019automne 2021 une fabrique de projets de s\u00e9ries fran\u00e7aises \u00e0 Los Angeles, haut-lieu de la cr\u00e9ation audiovisuelle et cin\u00e9matographique. Ce nouveau programme vise \u00e0 accompagner des auteurs dans le d\u00e9veloppement de projets de...","og_url":"https:\/\/villa-albertine.org\/va\/fr\/professionals\/boulevard-des-series-la-fabrique-los-angeles-11-29-octobre-2021\/","og_site_name":"Villa Albertine","article_modified_time":"2023-08-23T08:11:16+00:00","og_image":[{"width":970,"height":551,"url":"https:\/\/villa-albertine.org\/wp-content\/uploads\/2023\/08\/residents20BdS202021.jpg","type":"image\/jpeg"}],"twitter_card":"summary_large_image","twitter_misc":{"Dur\u00e9e de lecture estim\u00e9e":"9 minutes"},"schema":{"@context":"https:\/\/schema.org","@graph":[{"@type":"WebPage","@id":"https:\/\/villa-albertine.org\/va\/fr\/professionals\/boulevard-des-series-la-fabrique-los-angeles-11-29-octobre-2021\/","url":"https:\/\/villa-albertine.org\/va\/fr\/professionals\/boulevard-des-series-la-fabrique-los-angeles-11-29-octobre-2021\/","name":"Boulevard des S\u00e9ries - La Fabrique, Los Angeles \u2013 11-29 octobre 2021\u202f - Villa Albertine","isPartOf":{"@id":"https:\/\/villa-albertine.org\/va\/fr\/#website"},"primaryImageOfPage":{"@id":"https:\/\/villa-albertine.org\/va\/fr\/professionals\/boulevard-des-series-la-fabrique-los-angeles-11-29-octobre-2021\/#primaryimage"},"image":{"@id":"https:\/\/villa-albertine.org\/va\/fr\/professionals\/boulevard-des-series-la-fabrique-los-angeles-11-29-octobre-2021\/#primaryimage"},"thumbnailUrl":"https:\/\/villa-albertine.org\/wp-content\/uploads\/2023\/08\/residents20BdS202021.jpg","datePublished":"2021-10-07T19:30:45+00:00","dateModified":"2023-08-23T08:11:16+00:00","breadcrumb":{"@id":"https:\/\/villa-albertine.org\/va\/fr\/professionals\/boulevard-des-series-la-fabrique-los-angeles-11-29-octobre-2021\/#breadcrumb"},"inLanguage":"fr-FR","potentialAction":[{"@type":"ReadAction","target":["https:\/\/villa-albertine.org\/va\/fr\/professionals\/boulevard-des-series-la-fabrique-los-angeles-11-29-octobre-2021\/"]}]},{"@type":"ImageObject","inLanguage":"fr-FR","@id":"https:\/\/villa-albertine.org\/va\/fr\/professionals\/boulevard-des-series-la-fabrique-los-angeles-11-29-octobre-2021\/#primaryimage","url":"https:\/\/villa-albertine.org\/wp-content\/uploads\/2023\/08\/residents20BdS202021.jpg","contentUrl":"https:\/\/villa-albertine.org\/wp-content\/uploads\/2023\/08\/residents20BdS202021.jpg","width":970,"height":551},{"@type":"BreadcrumbList","@id":"https:\/\/villa-albertine.org\/va\/fr\/professionals\/boulevard-des-series-la-fabrique-los-angeles-11-29-octobre-2021\/#breadcrumb","itemListElement":[{"@type":"ListItem","position":1,"name":"Home","item":"https:\/\/villa-albertine.org\/va\/fr\/home\/"},{"@type":"ListItem","position":2,"name":"Boulevard des S\u00e9ries &#8211; La Fabrique, Los Angeles \u2013 11-29 octobre 2021\u202f"}]},{"@type":"WebSite","@id":"https:\/\/villa-albertine.org\/va\/fr\/#website","url":"https:\/\/villa-albertine.org\/va\/fr\/","name":"Villa Albertine","description":"","potentialAction":[{"@type":"SearchAction","target":{"@type":"EntryPoint","urlTemplate":"https:\/\/villa-albertine.org\/va\/fr\/?s={search_term_string}"},"query-input":{"@type":"PropertyValueSpecification","valueRequired":true,"valueName":"search_term_string"}}],"inLanguage":"fr-FR"}]}},"_links":{"self":[{"href":"https:\/\/villa-albertine.org\/va\/fr\/wp-json\/wp\/v2\/app_professional\/63991","targetHints":{"allow":["GET"]}}],"collection":[{"href":"https:\/\/villa-albertine.org\/va\/fr\/wp-json\/wp\/v2\/app_professional"}],"about":[{"href":"https:\/\/villa-albertine.org\/va\/fr\/wp-json\/wp\/v2\/types\/app_professional"}],"wp:featuredmedia":[{"embeddable":true,"href":"https:\/\/villa-albertine.org\/va\/fr\/wp-json\/wp\/v2\/media\/61660"}],"wp:attachment":[{"href":"https:\/\/villa-albertine.org\/va\/fr\/wp-json\/wp\/v2\/media?parent=63991"}],"wp:term":[{"taxonomy":"app_discipline","embeddable":true,"href":"https:\/\/villa-albertine.org\/va\/fr\/wp-json\/wp\/v2\/app_discipline?post=63991"},{"taxonomy":"app_city_tax","embeddable":true,"href":"https:\/\/villa-albertine.org\/va\/fr\/wp-json\/wp\/v2\/app_city_tax?post=63991"},{"taxonomy":"app_professional_category","embeddable":true,"href":"https:\/\/villa-albertine.org\/va\/fr\/wp-json\/wp\/v2\/app_professional_category?post=63991"},{"taxonomy":"app_professional_content_type","embeddable":true,"href":"https:\/\/villa-albertine.org\/va\/fr\/wp-json\/wp\/v2\/app_professional_content_type?post=63991"}],"curies":[{"name":"wp","href":"https:\/\/api.w.org\/{rel}","templated":true}]}}