{"id":63990,"date":"2022-03-31T14:18:16","date_gmt":"2022-03-31T14:18:16","guid":{"rendered":"https:\/\/villa-albertine.org\/professionals\/appel-candidatures-prix-pisar-2\/"},"modified":"2023-08-23T08:11:16","modified_gmt":"2023-08-23T08:11:16","slug":"appel-candidatures-prix-pisar","status":"publish","type":"app_professional","link":"https:\/\/villa-albertine.org\/va\/fr\/professionals\/appel-candidatures-prix-pisar\/","title":{"rendered":"Appel \u00e0 candidatures : Prix Pisar"},"content":{"rendered":"<p>Un laur\u00e9at, alternativement d\u00e9sign\u00e9 par le Th\u00e9\u00e2tre des Champs-Elys\u00e9es\/Villa Albertine et The Juilliard School, b\u00e9n\u00e9ficiera d\u2019un soutien \u00e0 la composition d\u2019une \u0153uvre nouvelle qui sera cr\u00e9\u00e9e au Th\u00e9\u00e2tre des Champs-Elys\u00e9es par Fran\u00e7ois-Xavier Roth et l\u2019orchestre <em>Les Si\u00e8cles<\/em>.<\/p>\n<p>\u00a0<\/p>\n<p><u><strong>Profils et projets recherch\u00e9s pour l\u2019\u00e9dition 2022<\/strong><\/u><\/p>\n<p>Pour sa premi\u00e8re \u00e9dition, le <strong>PRIX<\/strong> <strong>PISAR<\/strong> propose \u00e0<\/p>\n<ul>\n<li>un compositeur \u00e2g\u00e9 de <strong>21 \u00e0<\/strong> <strong>35 ans, sans condition de nationalit\u00e9<\/strong><\/li>\n<li>de d\u00e9velopper une <strong>\u0153uvre orchestrale d\u2019une dur\u00e9e de 10 \u00e0 <\/strong><strong>15 <\/strong><strong>minutes<\/strong><\/li>\n<li>s\u2019inspirant d\u2019un lieu, d\u2019un imaginaire ou d\u2019une tradition am\u00e9ricaine et<\/li>\n<li>n\u00e9cessitant <strong>un s\u00e9jour d\u2019immersion aux Etats-Unis<\/strong>.<\/li>\n<\/ul>\n<p>\u00a0<\/p>\n<p>Le projet pr\u00e9sentera un lien avec les enjeux du territoire explor\u00e9 et s\u2019efforcera d\u2019ouvrir un dialogue actif avec les acteurs locaux rencontr\u00e9s.<\/p>\n<p>\u00a0\u00a0<\/p>\n<p><u><strong>R\u00e9sidence Villa Albertine \/ The Juilliard School au cours du premier semestre 2023<\/strong><\/u><\/p>\n<p>La r\u00e9sidence offerte au laur\u00e9at s\u2019articulera en deux temps\u00a0:<\/p>\n<ul>\n<li><strong>Une r\u00e9sidence de 3 \u00e0 5 semaines dans une ville am\u00e9ricaine <\/strong>au cours de laquelle le r\u00e9sident d\u00e9veloppera son projet. Ce s\u00e9jour est r\u00e9alis\u00e9 en partenariat avec Villa Albertine dont les antennes permanentes sont situ\u00e9es \u00e0\u00a0: Atlanta, Boston, Chicago, Houston, Los Angeles, Miami, New York, La Nouvelle-Orl\u00e9ans, San Francisco et Washington D.C.<\/li>\n<li><strong>Une r\u00e9sidence de 2 \u00e0 3 semaines \u00e0 The Juilliard School<\/strong>\u00a0au cours de laquelle le r\u00e9sident pr\u00e9sentera son travail au sein du d\u00e9partement de composition et b\u00e9n\u00e9ficiera d\u2019ateliers lui permettant de compl\u00e9ter son \u0153uvre en lien avec les musiciens de l\u2019\u00e9cole.<\/li>\n<\/ul>\n<p>\u00a0<\/p>\n<p><u><strong>Cr\u00e9ation mondiale au Th\u00e9\u00e2tre des Champs-Elys\u00e9es<\/strong><\/u><\/p>\n<p>L\u2019\u0153uvre sera donn\u00e9e en cr\u00e9ation mondiale au cours de la saison 2023-2024 au Th\u00e9\u00e2tre des Champs-Elys\u00e9es, au sein d\u2019un concert de l\u2019orchestre <em>Les Si\u00e8cles<\/em> dirig\u00e9 par Fran\u00e7ois-Xavier Roth, auquel le laur\u00e9at sera invit\u00e9 \u00e0 assister.<\/p>\n<p>\u00a0<\/p>\n<p><u><strong>Dotation du prix Pisar<\/strong><\/u><\/p>\n<p>En compl\u00e9ment de la r\u00e9sidence et de la cr\u00e9ation de son \u0153uvre, le laur\u00e9at recevra un prix de <strong>10.000 euros<\/strong><\/p>\n<p>\u00a0<\/p>\n<p><u><strong>Crit\u00e8res d\u2019\u00e9ligibilit\u00e9\u00a0<\/strong><\/u><\/p>\n<p>Les candidats doivent justifier :\u00a0<\/p>\n<ul>\n<li>De la pratique professionnelle de leur activit\u00e9 dans les champs de la composition musicale,\u00a0\u00e0 travers\u00a0l&rsquo;envoi d&rsquo;un dossier de pr\u00e9sentation de leur parcours et de leur travail de moins de 10 pages.<\/li>\n<li>D\u2019une pratique courante de l\u2019anglais, \u00e0 travers l\u2019envoi d\u2019une courte vid\u00e9o qui sera notamment destin\u00e9e aux membres am\u00e9ricains des comit\u00e9s de s\u00e9lection (vid\u00e9o d\u00e9j\u00e0 r\u00e9alis\u00e9e et disponible en ligne, ou enregistr\u00e9e pour l\u2019occasion ; dans ce cas, le candidat pourra, en 3 minutes maximum, se pr\u00e9senter simplement et dire quelques mots de son projet)\u202f;\u00a0<\/li>\n<li>Le candidat devra \u00eatre \u00e2g\u00e9 de plus de 21 ans et de moins de 35 ans avant la date de d\u00e9part envisag\u00e9e en r\u00e9sidence.\u00a0<\/li>\n<li>Le candidat doit pouvoir s\u2019adapter aux \u00e9ventuelles contraintes du territoire o\u00f9 il envisage une r\u00e9sidence. Par exemple, il est fortement recommand\u00e9 d\u2019avoir le permis de conduire dans des villes \u00e9tendues comme Los Angeles ou San Francisco.\u00a0<\/li>\n<\/ul>\n<p>\u00a0<\/p>\n<p><u><strong>Accompagnement de la Villa\u00a0Albertine<\/strong><\/u><\/p>\n<p>La Villa Albertine accompagnera le r\u00e9sident dans l\u2019analyse des besoins mat\u00e9riels et logistiques n\u00e9cessaires \u00e0 la bonne r\u00e9alisation de son projet, et organisera sa venue et son s\u00e9jour. Elle couvrira\u202fles\u202ffrais de\u202fd\u00e9placement et de\u202fs\u00e9jour\u202faff\u00e9rents \u00e0 la r\u00e9sidence, \u00e0 savoir :\u202f\u202f\u00a0<\/p>\n<ul>\n<li>une\u202fallocation de r\u00e9sidence, permettant de couvrir les frais du quotidien (repas, transports locaux&#8230;).\u202fA titre indicatif, cette allocation est de 100 $ par jour \u00e0 New York\u202f;\u00a0<\/li>\n<li>les\u202fvoyages internationaux et int\u00e9rieurs\u202f;\u00a0<\/li>\n<li>le\u202flogement\u202f;\u00a0<\/li>\n<li>la\u202flocation d\u2019une voiture (dans des villes tr\u00e8s \u00e9tendues\u202fou si le projet le n\u00e9cessite)\u202f;\u00a0<\/li>\n<li>l\u2019assurance\u202fsant\u00e9,\u202fresponsabilit\u00e9 civile et rapatriement.\u00a0<\/li>\n<\/ul>\n<p>\u00a0<\/p>\n<p>La Villa Albertine ne\u202fpourra pas\u202fs\u2019engager\u202f\u00e0 couvrir d\u2019autres d\u00e9penses que les frais de d\u00e9placement et de s\u00e9jour mentionn\u00e9s ci-avant.<\/p>\n<p>Si le candidat identifie des besoins sp\u00e9cifiques (mat\u00e9riel technique, espace de travail\u2026), des solutions doivent \u00eatre pr\u00e9sent\u00e9es par le candidat pour d\u00e9montrer la viabilit\u00e9 du projet (partenariats, soutiens financiers compl\u00e9mentaires).\u00a0<\/p>\n<p>Aussi, la Villa Albertine ne pourra accueillir de r\u00e9sidents qui souhaiteraient venir avec leur famille.\u00a0<\/p>\n<p>\u00a0<\/p>\n<p><u><strong>D\u00e9p\u00f4t de candidature<\/strong><\/u><\/p>\n<p>Les dossiers de candidatures comportant dossier, CV, lettre de motivation, video en anglais et enregistrements d\u2019\u0153uvres ant\u00e9rieures sont \u00e0 adresser \u00e0\u00a0:<\/p>\n<p><a href=\"mailto:PrixPisarPrize@gmail.com\">PrixPisarPrize@gmail.com<\/a><\/p>\n<p>\u00a0<\/p>\n<p>La date limite de d\u00e9p\u00f4t est le<\/p>\n<p><strong>31 mai 2022<\/strong><\/p>\n<p>\u00a0<\/p>\n<p>Les r\u00e9sultats seront annonc\u00e9s en 30 juin 2022.<\/p>\n<p>\u00a0<\/p>\n<p>\u00a0<\/p>\n<p><u><strong>Le <\/strong><strong>PRIX PISAR, en m\u00e9moire de John Cage et Merce Cunningham<\/strong><\/u><\/p>\n<p>Ce prix est instaur\u00e9 par Judith Pisar afin de contribuer au renforcement les liens entre la France et les \u00c9tats-Unis par la promotion de la culture. Ce faisant, Judith Pisar prolonge l\u2019action qu\u2019elle a men\u00e9e tout au long de sa carri\u00e8re\u00a0: b\u00e2tir des ponts culturels transatlantiques.<\/p>\n<p>A New York, encourag\u00e9e par Leonard Bernstein et Lukas Foss, elle cr\u00e9e <em>The Composer Speaks<\/em> qui invite l\u2019avant-garde des compositeurs europ\u00e9ens \u00e0 pr\u00e9senter leur travail aux \u00c9tats-Unis. Parmi eux, Pierre Boulez, Karl-Heinz Stockhausen, Luciano Berio, Iannis Xenakis.<\/p>\n<p>Elle rencontre le compositeur John Cage et le chor\u00e9graphe Merce Cunningham \u2013 ce dernier lui demande de devenir la directrice ex\u00e9cutive de sa compagnie \u2013 qui deviennent ses mentors et amis.<\/p>\n<p>Mari\u00e9e \u00e0 Samuel Pisar et install\u00e9e \u00e0 Paris, elle pr\u00e9side pendant 17 ans l\u2019American Center de Paris, o\u00f9 elle invite Bob Wilson, et y retrouve John Cage et Merce Cunningham. En 1988, elle demande \u00e0 Frank Gehry de concevoir le nouveau b\u00e2timent de l\u2019institution (d\u00e9sormais la Cin\u00e9math\u00e8que fran\u00e7aise) et propose \u00e0 la Ville de Paris de nommer le square attenant Place Leonard Bernstein.<\/p>\n<p>En tant que Pr\u00e9sidente d\u2019Arts France-USA, elle rend hommage \u00e0 George Gershwin, Duke Ellington, Louis Armstrong, Gene Kelly, Leonard Bernstein.<\/p>\n<p>Elle a fait ses \u00e9tudes \u00e0 Vassar College, \u00e0 la New York University et The Juilliard School. Elle est Commandeur de la L\u00e9gion d\u2019Honneur et Chevalier des Arts et Lettres. Pour son action, elle a \u00e9t\u00e9 nomm\u00e9e Envoy\u00e9e sp\u00e9ciale de l&rsquo;UNESCO pour la diplomatie culturelle. Elle est \u00e9galement l\u2019ambassadrice des \u00e9changes artistiques entre la France et les \u00c9tats-Unis du Th\u00e9\u00e2tre des Champs-Elys\u00e9es.<\/p>\n","protected":false},"featured_media":61655,"menu_order":0,"template":"","app_discipline":[281],"app_city_tax":[264,276],"app_professional_category":[307],"app_professional_content_type":[302],"class_list":["post-63990","app_professional","type-app_professional","status-publish","has-post-thumbnail","hentry","app_discipline-musique-fr","app_city_tax-nyc-fr","app_city_tax-toutes-les-villes-fr","app_professional_category-musique-fr","app_professional_content_type-news-fr"],"acf":[],"yoast_head":"<!-- This site is optimized with the Yoast SEO plugin v27.3 - https:\/\/yoast.com\/product\/yoast-seo-wordpress\/ -->\n<title>Appel \u00e0 candidatures : Prix Pisar - Villa Albertine<\/title>\n<meta name=\"robots\" content=\"index, follow, max-snippet:-1, max-image-preview:large, max-video-preview:-1\" \/>\n<link rel=\"canonical\" href=\"https:\/\/villa-albertine.org\/va\/fr\/professionals\/appel-candidatures-prix-pisar\/\" \/>\n<meta property=\"og:locale\" content=\"fr_FR\" \/>\n<meta property=\"og:type\" content=\"article\" \/>\n<meta property=\"og:title\" content=\"Appel \u00e0 candidatures : Prix Pisar - Villa Albertine\" \/>\n<meta property=\"og:description\" content=\"Un laur\u00e9at, alternativement d\u00e9sign\u00e9 par le Th\u00e9\u00e2tre des Champs-Elys\u00e9es\/Villa Albertine et The Juilliard School, b\u00e9n\u00e9ficiera d\u2019un soutien \u00e0 la composition d\u2019une \u0153uvre nouvelle qui sera cr\u00e9\u00e9e au Th\u00e9\u00e2tre des Champs-Elys\u00e9es par Fran\u00e7ois-Xavier Roth et l\u2019orchestre Les Si\u00e8cles. \u00a0 Profils et projets recherch\u00e9s pour l\u2019\u00e9dition 2022 Pour sa premi\u00e8re \u00e9dition, le PRIX PISAR propose \u00e0 un...\" \/>\n<meta property=\"og:url\" content=\"https:\/\/villa-albertine.org\/va\/fr\/professionals\/appel-candidatures-prix-pisar\/\" \/>\n<meta property=\"og:site_name\" content=\"Villa Albertine\" \/>\n<meta property=\"article:modified_time\" content=\"2023-08-23T08:11:16+00:00\" \/>\n<meta property=\"og:image\" content=\"https:\/\/villa-albertine.org\/wp-content\/uploads\/2023\/08\/sigmund-rMW9us4NCzU-unsplash.jpeg\" \/>\n\t<meta property=\"og:image:width\" content=\"1392\" \/>\n\t<meta property=\"og:image:height\" content=\"928\" \/>\n\t<meta property=\"og:image:type\" content=\"image\/jpeg\" \/>\n<meta name=\"twitter:card\" content=\"summary_large_image\" \/>\n<meta name=\"twitter:label1\" content=\"Dur\u00e9e de lecture estim\u00e9e\" \/>\n\t<meta name=\"twitter:data1\" content=\"5 minutes\" \/>\n<script type=\"application\/ld+json\" class=\"yoast-schema-graph\">{\"@context\":\"https:\\\/\\\/schema.org\",\"@graph\":[{\"@type\":\"WebPage\",\"@id\":\"https:\\\/\\\/villa-albertine.org\\\/va\\\/fr\\\/professionals\\\/appel-candidatures-prix-pisar\\\/\",\"url\":\"https:\\\/\\\/villa-albertine.org\\\/va\\\/fr\\\/professionals\\\/appel-candidatures-prix-pisar\\\/\",\"name\":\"Appel \u00e0 candidatures : Prix Pisar - Villa Albertine\",\"isPartOf\":{\"@id\":\"https:\\\/\\\/villa-albertine.org\\\/va\\\/fr\\\/#website\"},\"primaryImageOfPage\":{\"@id\":\"https:\\\/\\\/villa-albertine.org\\\/va\\\/fr\\\/professionals\\\/appel-candidatures-prix-pisar\\\/#primaryimage\"},\"image\":{\"@id\":\"https:\\\/\\\/villa-albertine.org\\\/va\\\/fr\\\/professionals\\\/appel-candidatures-prix-pisar\\\/#primaryimage\"},\"thumbnailUrl\":\"https:\\\/\\\/villa-albertine.org\\\/wp-content\\\/uploads\\\/2023\\\/08\\\/sigmund-rMW9us4NCzU-unsplash.jpeg\",\"datePublished\":\"2022-03-31T14:18:16+00:00\",\"dateModified\":\"2023-08-23T08:11:16+00:00\",\"breadcrumb\":{\"@id\":\"https:\\\/\\\/villa-albertine.org\\\/va\\\/fr\\\/professionals\\\/appel-candidatures-prix-pisar\\\/#breadcrumb\"},\"inLanguage\":\"fr-FR\",\"potentialAction\":[{\"@type\":\"ReadAction\",\"target\":[\"https:\\\/\\\/villa-albertine.org\\\/va\\\/fr\\\/professionals\\\/appel-candidatures-prix-pisar\\\/\"]}]},{\"@type\":\"ImageObject\",\"inLanguage\":\"fr-FR\",\"@id\":\"https:\\\/\\\/villa-albertine.org\\\/va\\\/fr\\\/professionals\\\/appel-candidatures-prix-pisar\\\/#primaryimage\",\"url\":\"https:\\\/\\\/villa-albertine.org\\\/wp-content\\\/uploads\\\/2023\\\/08\\\/sigmund-rMW9us4NCzU-unsplash.jpeg\",\"contentUrl\":\"https:\\\/\\\/villa-albertine.org\\\/wp-content\\\/uploads\\\/2023\\\/08\\\/sigmund-rMW9us4NCzU-unsplash.jpeg\",\"width\":1392,\"height\":928},{\"@type\":\"BreadcrumbList\",\"@id\":\"https:\\\/\\\/villa-albertine.org\\\/va\\\/fr\\\/professionals\\\/appel-candidatures-prix-pisar\\\/#breadcrumb\",\"itemListElement\":[{\"@type\":\"ListItem\",\"position\":1,\"name\":\"Home\",\"item\":\"https:\\\/\\\/villa-albertine.org\\\/va\\\/fr\\\/home\\\/\"},{\"@type\":\"ListItem\",\"position\":2,\"name\":\"Appel \u00e0 candidatures : Prix Pisar\"}]},{\"@type\":\"WebSite\",\"@id\":\"https:\\\/\\\/villa-albertine.org\\\/va\\\/fr\\\/#website\",\"url\":\"https:\\\/\\\/villa-albertine.org\\\/va\\\/fr\\\/\",\"name\":\"Villa Albertine\",\"description\":\"\",\"potentialAction\":[{\"@type\":\"SearchAction\",\"target\":{\"@type\":\"EntryPoint\",\"urlTemplate\":\"https:\\\/\\\/villa-albertine.org\\\/va\\\/fr\\\/?s={search_term_string}\"},\"query-input\":{\"@type\":\"PropertyValueSpecification\",\"valueRequired\":true,\"valueName\":\"search_term_string\"}}],\"inLanguage\":\"fr-FR\"}]}<\/script>\n<!-- \/ Yoast SEO plugin. -->","yoast_head_json":{"title":"Appel \u00e0 candidatures : Prix Pisar - Villa Albertine","robots":{"index":"index","follow":"follow","max-snippet":"max-snippet:-1","max-image-preview":"max-image-preview:large","max-video-preview":"max-video-preview:-1"},"canonical":"https:\/\/villa-albertine.org\/va\/fr\/professionals\/appel-candidatures-prix-pisar\/","og_locale":"fr_FR","og_type":"article","og_title":"Appel \u00e0 candidatures : Prix Pisar - Villa Albertine","og_description":"Un laur\u00e9at, alternativement d\u00e9sign\u00e9 par le Th\u00e9\u00e2tre des Champs-Elys\u00e9es\/Villa Albertine et The Juilliard School, b\u00e9n\u00e9ficiera d\u2019un soutien \u00e0 la composition d\u2019une \u0153uvre nouvelle qui sera cr\u00e9\u00e9e au Th\u00e9\u00e2tre des Champs-Elys\u00e9es par Fran\u00e7ois-Xavier Roth et l\u2019orchestre Les Si\u00e8cles. \u00a0 Profils et projets recherch\u00e9s pour l\u2019\u00e9dition 2022 Pour sa premi\u00e8re \u00e9dition, le PRIX PISAR propose \u00e0 un...","og_url":"https:\/\/villa-albertine.org\/va\/fr\/professionals\/appel-candidatures-prix-pisar\/","og_site_name":"Villa Albertine","article_modified_time":"2023-08-23T08:11:16+00:00","og_image":[{"width":1392,"height":928,"url":"https:\/\/villa-albertine.org\/wp-content\/uploads\/2023\/08\/sigmund-rMW9us4NCzU-unsplash.jpeg","type":"image\/jpeg"}],"twitter_card":"summary_large_image","twitter_misc":{"Dur\u00e9e de lecture estim\u00e9e":"5 minutes"},"schema":{"@context":"https:\/\/schema.org","@graph":[{"@type":"WebPage","@id":"https:\/\/villa-albertine.org\/va\/fr\/professionals\/appel-candidatures-prix-pisar\/","url":"https:\/\/villa-albertine.org\/va\/fr\/professionals\/appel-candidatures-prix-pisar\/","name":"Appel \u00e0 candidatures : Prix Pisar - Villa Albertine","isPartOf":{"@id":"https:\/\/villa-albertine.org\/va\/fr\/#website"},"primaryImageOfPage":{"@id":"https:\/\/villa-albertine.org\/va\/fr\/professionals\/appel-candidatures-prix-pisar\/#primaryimage"},"image":{"@id":"https:\/\/villa-albertine.org\/va\/fr\/professionals\/appel-candidatures-prix-pisar\/#primaryimage"},"thumbnailUrl":"https:\/\/villa-albertine.org\/wp-content\/uploads\/2023\/08\/sigmund-rMW9us4NCzU-unsplash.jpeg","datePublished":"2022-03-31T14:18:16+00:00","dateModified":"2023-08-23T08:11:16+00:00","breadcrumb":{"@id":"https:\/\/villa-albertine.org\/va\/fr\/professionals\/appel-candidatures-prix-pisar\/#breadcrumb"},"inLanguage":"fr-FR","potentialAction":[{"@type":"ReadAction","target":["https:\/\/villa-albertine.org\/va\/fr\/professionals\/appel-candidatures-prix-pisar\/"]}]},{"@type":"ImageObject","inLanguage":"fr-FR","@id":"https:\/\/villa-albertine.org\/va\/fr\/professionals\/appel-candidatures-prix-pisar\/#primaryimage","url":"https:\/\/villa-albertine.org\/wp-content\/uploads\/2023\/08\/sigmund-rMW9us4NCzU-unsplash.jpeg","contentUrl":"https:\/\/villa-albertine.org\/wp-content\/uploads\/2023\/08\/sigmund-rMW9us4NCzU-unsplash.jpeg","width":1392,"height":928},{"@type":"BreadcrumbList","@id":"https:\/\/villa-albertine.org\/va\/fr\/professionals\/appel-candidatures-prix-pisar\/#breadcrumb","itemListElement":[{"@type":"ListItem","position":1,"name":"Home","item":"https:\/\/villa-albertine.org\/va\/fr\/home\/"},{"@type":"ListItem","position":2,"name":"Appel \u00e0 candidatures : Prix Pisar"}]},{"@type":"WebSite","@id":"https:\/\/villa-albertine.org\/va\/fr\/#website","url":"https:\/\/villa-albertine.org\/va\/fr\/","name":"Villa Albertine","description":"","potentialAction":[{"@type":"SearchAction","target":{"@type":"EntryPoint","urlTemplate":"https:\/\/villa-albertine.org\/va\/fr\/?s={search_term_string}"},"query-input":{"@type":"PropertyValueSpecification","valueRequired":true,"valueName":"search_term_string"}}],"inLanguage":"fr-FR"}]}},"_links":{"self":[{"href":"https:\/\/villa-albertine.org\/va\/fr\/wp-json\/wp\/v2\/app_professional\/63990","targetHints":{"allow":["GET"]}}],"collection":[{"href":"https:\/\/villa-albertine.org\/va\/fr\/wp-json\/wp\/v2\/app_professional"}],"about":[{"href":"https:\/\/villa-albertine.org\/va\/fr\/wp-json\/wp\/v2\/types\/app_professional"}],"wp:featuredmedia":[{"embeddable":true,"href":"https:\/\/villa-albertine.org\/va\/fr\/wp-json\/wp\/v2\/media\/61655"}],"wp:attachment":[{"href":"https:\/\/villa-albertine.org\/va\/fr\/wp-json\/wp\/v2\/media?parent=63990"}],"wp:term":[{"taxonomy":"app_discipline","embeddable":true,"href":"https:\/\/villa-albertine.org\/va\/fr\/wp-json\/wp\/v2\/app_discipline?post=63990"},{"taxonomy":"app_city_tax","embeddable":true,"href":"https:\/\/villa-albertine.org\/va\/fr\/wp-json\/wp\/v2\/app_city_tax?post=63990"},{"taxonomy":"app_professional_category","embeddable":true,"href":"https:\/\/villa-albertine.org\/va\/fr\/wp-json\/wp\/v2\/app_professional_category?post=63990"},{"taxonomy":"app_professional_content_type","embeddable":true,"href":"https:\/\/villa-albertine.org\/va\/fr\/wp-json\/wp\/v2\/app_professional_content_type?post=63990"}],"curies":[{"name":"wp","href":"https:\/\/api.w.org\/{rel}","templated":true}]}}